{"id":13583,"date":"2024-05-24T00:01:53","date_gmt":"2024-05-23T23:01:53","guid":{"rendered":"http:\/\/travelsmartcampaign.org\/?post_type=library&#038;p=13583"},"modified":"2025-05-14T11:41:30","modified_gmt":"2025-05-14T10:41:30","slug":"die-emissionen-groser-franzosischer-geschaftsreisekonzerne-sind-im-vergleich-zu-2019-um-ein-drittel-gesunken","status":"publish","type":"library","link":"https:\/\/travelsmartcampaign.org\/de\/library\/business-travel-emissions-by-major-french-groups-down-by-a-third-compared-with-2019\/","title":{"rendered":"Gesch\u00e4ftsreisen: Emissionen gro\u00dfer franz\u00f6sischer Konzerne im Vergleich zu 2019 um ein Drittel gesunken"},"content":{"rendered":"<p><span style=\"font-weight: 400;\">Eine neue T&amp;E-Analyse der Gesch\u00e4ftsreiseemissionen von 18 franz\u00f6sischen Unternehmen im Jahr 2023 zeigt, dass sie ihre Emissionen im Jahr 2023 im Vergleich zu 2019 im Durchschnitt um ein Drittel (-33%) gesenkt haben. Einige von ihnen n\u00e4hern sich jedoch schnell dem Niveau von 2019. Unter ihnen sind Forvia (ehemals Faurecia), Sanofi und Air Liquide wieder bei fast 90% ihrer Emissionen von 2019. Und das, obwohl die Unternehmen seit COVID gelernt haben, mit Online-Kollaborationstools und weniger Fl\u00fcgen zu arbeiten, und die meisten von ihnen sich verpflichtet haben, ihren CO2-Fu\u00dfabdruck zu reduzieren.<\/span><\/p>\n<p><span style=\"font-weight: 400;\">Ein Unternehmen, bioM\u00e9rieux, hat sein Flugniveau von 2019 \u00fcberschritten (+9%). Gleichzeitig hat es sich f\u00fcr 2023 ein internes Reduktionsziel von -10% im Vergleich zu den Reiseemissionen von 2022 gesetzt, eine positive Entwicklung, die dazu beitragen sollte, den Kurs zu korrigieren.<\/span><\/p>\n<p><span style=\"font-weight: 400;\">9 der 18 analysierten Unternehmen haben sich Ziele zur Reduzierung der Emissionen durch Gesch\u00e4ftsreisen gesetzt, und zwei Unternehmen ist es gelungen, ihre Fl\u00fcge, die den gr\u00f6\u00dften Teil der Emissionen durch Gesch\u00e4ftsreisen ausmachen, deutlich zu reduzieren und die niedrigen Emissionswerte, die am Ende der Pandemie beobachtet wurden, beizubehalten. Die Emissionen durch Gesch\u00e4ftsreisen von Dassault liegen 2023 bei -60% des Niveaus von 2019 und die von Amundi bei -51%. Im Jahr 2022 hatten neun Unternehmen diese Leistung erreicht, gr\u00f6\u00dftenteils aufgrund von COVID-Beschr\u00e4nkungen. Dassault und Amundi haben Ziele zur Reduzierung ihrer Emissionen durch Gesch\u00e4ftsreisen.<\/span><\/p>\n<p><img loading=\"lazy\" decoding=\"async\" class=\"alignnone size-full wp-image-16611\" src=\"http:\/\/travelsmartcampaign.org\/wp-content\/uploads\/2-6.png\" alt=\"\" width=\"768\" height=\"1100\" srcset=\"https:\/\/travelsmartcampaign.org\/wp-content\/uploads\/2-6.png 768w, https:\/\/travelsmartcampaign.org\/wp-content\/uploads\/2-6-209x300.png 209w, https:\/\/travelsmartcampaign.org\/wp-content\/uploads\/2-6-715x1024.png 715w, https:\/\/travelsmartcampaign.org\/wp-content\/uploads\/2-6-8x12.png 8w\" sizes=\"auto, (max-width: 768px) 100vw, 768px\" \/><\/p>\n<p><span style=\"font-weight: 400;\">J\u00e9r\u00f4me du Boucher, France Aviation Manager, erkl\u00e4rt: <\/span><i><span style=\"font-weight: 400;\">\u201eWir erleben in Frankreich eine besorgniserregende R\u00fcckkehr zu einem Anstieg der Emissionen durch Gesch\u00e4ftsreisen. Es scheint, als seien die Lehren aus der Pandemie nicht gezogen worden. Und doch ist der Weg in die Zukunft vorgezeichnet: mehr Online-Zusammenarbeit, mehr Reisen mit der Bahn und weniger mit dem Flugzeug. Leider kehren zu viele Unternehmen zu exzessiven Fluggewohnheiten zur\u00fcck, ohne R\u00fccksicht auf den Planeten.\u201c<\/span><\/i><\/p>\n<p><span style=\"font-weight: 400;\">Die franz\u00f6sische Regierung hat k\u00fcrzlich einige ermutigende Ma\u00dfnahmen bez\u00fcglich Gesch\u00e4ftsreisen ergriffen. Im Rahmen ihrer <\/span><a href=\"https:\/\/www.ecologie.gouv.fr\/sites\/default\/files\/22152_Plan-sobriete_DP-2023-if-2.pdf\"><span style=\"font-weight: 400;\">Energiesparplan<\/span><\/a><span style=\"font-weight: 400;\">, forderte sie Unternehmen und Regierungsangestellte auf, ab Januar 2024 f\u00fcr Reisen, die in weniger als vier Stunden zur\u00fcckgelegt werden k\u00f6nnen, mit dem Zug statt mit dem Flugzeug zu reisen. Die Regierung erkennt auch die enormen Klimaauswirkungen des Verkehrs an. Und deshalb die anschlie\u00dfende <\/span><a href=\"https:\/\/www.legifrance.gouv.fr\/download\/pdf\/circ?id=45511\"><span style=\"font-weight: 400;\">Memorandum zum Engagement des Staates f\u00fcr die \u00f6kologische Transformation<\/span><\/a><span style=\"font-weight: 400;\"> beinhaltet das Ziel, die Flugreisen der Mitarbeiter im Jahr 2024 um 20% im Vergleich zu 2019 zu reduzieren und dieses Ziel f\u00fcr 2027 auf -30% zu erh\u00f6hen.<\/span><\/p>\n<p><span style=\"font-weight: 400;\">T&amp;E fordert franz\u00f6sische Unternehmen auf, dasselbe zu tun und sich Ziele zu setzen, um die Emissionen von Gesch\u00e4ftsreisen bis 2025 um 501T56T oder mehr zu reduzieren. Dieses Ziel wurde auf der Grundlage der <\/span><a href=\"https:\/\/www.transportenvironment.org\/assets\/files\/TE-aviation-decarbonisation-roadmap-FINAL.pdf\"><span style=\"font-weight: 400;\">Roadmap zur klimaneutralen Luftfahrt<\/span><\/a><span style=\"font-weight: 400;\">, was zeigt, dass eine allgemeine Reduzierung der Emissionen aus Gesch\u00e4ftsreisen im Laufe dieses Jahrzehnts erforderlich ist, um die Luftfahrt auf einem 1,5\u00b0C-kompatiblen Kurs zu halten.<\/span><\/p>\n<p>&nbsp;<\/p>","protected":false},"excerpt":{"rendered":"<p>17 der 18 franz\u00f6sischen Unternehmen, die in einer neuen Studie der Transport &amp; Environment-Kampagne \"Travel Smart\" untersucht wurden, haben ihre Gesch\u00e4ftsreise-Emissionen gegen\u00fcber der Zeit vor der COVID auf einem niedrigeren Niveau gehalten, obwohl viele von ihnen schnell wieder ansteigen.<\/p>","protected":false},"featured_media":17863,"template":"","topic":[96,191,190,203],"visibility":[],"post-country":[31],"language":[27],"category-post-type":[28],"class_list":["post-13583","library","type-library","status-publish","has-post-thumbnail","hentry","topic-business-travel","topic-corporate-reporting","topic-emission-tracker","topic-emissions-reduction","post-country-france","language-english","category-post-type-press-release"],"yoast_head":"<!-- This site is optimized with the Yoast SEO plugin v27.5 - https:\/\/yoast.com\/product\/yoast-seo-wordpress\/ -->\n<title>Business travel: emissions by major French groups down by a third compared with 2019 - Travel Smart Campaign<\/title>\n<meta name=\"robots\" content=\"index, follow, max-snippet:-1, max-image-preview:large, max-video-preview:-1\" \/>\n<link rel=\"canonical\" href=\"https:\/\/travelsmartcampaign.org\/de\/bibliothek\/die-emissionen-groser-franzosischer-geschaftsreisekonzerne-sind-im-vergleich-zu-2019-um-ein-drittel-gesunken\/\" \/>\n<meta property=\"og:locale\" content=\"de_DE\" \/>\n<meta property=\"og:type\" content=\"article\" \/>\n<meta property=\"og:title\" content=\"Business travel: emissions by major French groups down by a third compared with 2019 - Travel Smart Campaign\" \/>\n<meta property=\"og:description\" content=\"17 of the 18 French companies analysed in a new study by Transport &amp; Environment&#039;s &#039;Travel Smart&#039; campaign have kept their business travel emissions lower than before COVID, although many are quickly creeping back up.\" \/>\n<meta property=\"og:url\" content=\"https:\/\/travelsmartcampaign.org\/de\/bibliothek\/die-emissionen-groser-franzosischer-geschaftsreisekonzerne-sind-im-vergleich-zu-2019-um-ein-drittel-gesunken\/\" \/>\n<meta property=\"og:site_name\" content=\"Travel Smart Campaign\" \/>\n<meta property=\"article:modified_time\" content=\"2025-05-14T10:41:30+00:00\" \/>\n<meta property=\"og:image\" content=\"https:\/\/travelsmartcampaign.org\/wp-content\/uploads\/aircraft-475409_1280.jpg\" \/>\n\t<meta property=\"og:image:width\" content=\"1280\" \/>\n\t<meta property=\"og:image:height\" content=\"854\" \/>\n\t<meta property=\"og:image:type\" content=\"image\/jpeg\" \/>\n<meta name=\"twitter:card\" content=\"summary_large_image\" \/>\n<meta name=\"twitter:label1\" content=\"Gesch\u00e4tzte Lesezeit\" \/>\n\t<meta name=\"twitter:data1\" content=\"3\u00a0Minuten\" \/>\n<script type=\"application\/ld+json\" class=\"yoast-schema-graph\">{\"@context\":\"https:\\\/\\\/schema.org\",\"@graph\":[{\"@type\":\"WebPage\",\"@id\":\"https:\\\/\\\/travelsmartcampaign.org\\\/library\\\/business-travel-emissions-by-major-french-groups-down-by-a-third-compared-with-2019\\\/\",\"url\":\"https:\\\/\\\/travelsmartcampaign.org\\\/library\\\/business-travel-emissions-by-major-french-groups-down-by-a-third-compared-with-2019\\\/\",\"name\":\"Business travel: emissions by major French groups down by a third compared with 2019 - Travel Smart Campaign\",\"isPartOf\":{\"@id\":\"https:\\\/\\\/travelsmartcampaign.org\\\/#website\"},\"primaryImageOfPage\":{\"@id\":\"https:\\\/\\\/travelsmartcampaign.org\\\/library\\\/business-travel-emissions-by-major-french-groups-down-by-a-third-compared-with-2019\\\/#primaryimage\"},\"image\":{\"@id\":\"https:\\\/\\\/travelsmartcampaign.org\\\/library\\\/business-travel-emissions-by-major-french-groups-down-by-a-third-compared-with-2019\\\/#primaryimage\"},\"thumbnailUrl\":\"https:\\\/\\\/travelsmartcampaign.org\\\/wp-content\\\/uploads\\\/aircraft-475409_1280.jpg\",\"datePublished\":\"2024-05-23T23:01:53+00:00\",\"dateModified\":\"2025-05-14T10:41:30+00:00\",\"breadcrumb\":{\"@id\":\"https:\\\/\\\/travelsmartcampaign.org\\\/library\\\/business-travel-emissions-by-major-french-groups-down-by-a-third-compared-with-2019\\\/#breadcrumb\"},\"inLanguage\":\"de\",\"potentialAction\":[{\"@type\":\"ReadAction\",\"target\":[\"https:\\\/\\\/travelsmartcampaign.org\\\/library\\\/business-travel-emissions-by-major-french-groups-down-by-a-third-compared-with-2019\\\/\"]}]},{\"@type\":\"ImageObject\",\"inLanguage\":\"de\",\"@id\":\"https:\\\/\\\/travelsmartcampaign.org\\\/library\\\/business-travel-emissions-by-major-french-groups-down-by-a-third-compared-with-2019\\\/#primaryimage\",\"url\":\"https:\\\/\\\/travelsmartcampaign.org\\\/wp-content\\\/uploads\\\/aircraft-475409_1280.jpg\",\"contentUrl\":\"https:\\\/\\\/travelsmartcampaign.org\\\/wp-content\\\/uploads\\\/aircraft-475409_1280.jpg\",\"width\":1280,\"height\":854},{\"@type\":\"BreadcrumbList\",\"@id\":\"https:\\\/\\\/travelsmartcampaign.org\\\/library\\\/business-travel-emissions-by-major-french-groups-down-by-a-third-compared-with-2019\\\/#breadcrumb\",\"itemListElement\":[{\"@type\":\"ListItem\",\"position\":1,\"name\":\"Home\",\"item\":\"https:\\\/\\\/travelsmartcampaign.org\\\/\"},{\"@type\":\"ListItem\",\"position\":2,\"name\":\"Business travel: emissions by major French groups down by a third compared with 2019\"}]},{\"@type\":\"WebSite\",\"@id\":\"https:\\\/\\\/travelsmartcampaign.org\\\/#website\",\"url\":\"https:\\\/\\\/travelsmartcampaign.org\\\/\",\"name\":\"Travel Smart\",\"description\":\"\",\"publisher\":{\"@id\":\"https:\\\/\\\/travelsmartcampaign.org\\\/#organization\"},\"potentialAction\":[{\"@type\":\"SearchAction\",\"target\":{\"@type\":\"EntryPoint\",\"urlTemplate\":\"https:\\\/\\\/travelsmartcampaign.org\\\/?s={search_term_string}\"},\"query-input\":{\"@type\":\"PropertyValueSpecification\",\"valueRequired\":true,\"valueName\":\"search_term_string\"}}],\"inLanguage\":\"de\"},{\"@type\":\"Organization\",\"@id\":\"https:\\\/\\\/travelsmartcampaign.org\\\/#organization\",\"name\":\"Travel Smart\",\"url\":\"https:\\\/\\\/travelsmartcampaign.org\\\/\",\"logo\":{\"@type\":\"ImageObject\",\"inLanguage\":\"de\",\"@id\":\"https:\\\/\\\/travelsmartcampaign.org\\\/#\\\/schema\\\/logo\\\/image\\\/\",\"url\":\"https:\\\/\\\/travelsmartcampaign.org\\\/wp-content\\\/uploads\\\/travel-smart-min.jpeg\",\"contentUrl\":\"https:\\\/\\\/travelsmartcampaign.org\\\/wp-content\\\/uploads\\\/travel-smart-min.jpeg\",\"width\":1200,\"height\":690,\"caption\":\"Travel Smart\"},\"image\":{\"@id\":\"https:\\\/\\\/travelsmartcampaign.org\\\/#\\\/schema\\\/logo\\\/image\\\/\"}}]}<\/script>\n<!-- \/ Yoast SEO plugin. -->","yoast_head_json":{"title":"Gesch\u00e4ftsreisen: Emissionen gro\u00dfer franz\u00f6sischer Konzerne um ein Drittel gegen\u00fcber 2019 gesunken \u2013 Kampagne \u201eTravel Smart\u201c","robots":{"index":"index","follow":"follow","max-snippet":"max-snippet:-1","max-image-preview":"max-image-preview:large","max-video-preview":"max-video-preview:-1"},"canonical":"https:\/\/travelsmartcampaign.org\/de\/bibliothek\/die-emissionen-groser-franzosischer-geschaftsreisekonzerne-sind-im-vergleich-zu-2019-um-ein-drittel-gesunken\/","og_locale":"de_DE","og_type":"article","og_title":"Business travel: emissions by major French groups down by a third compared with 2019 - Travel Smart Campaign","og_description":"17 of the 18 French companies analysed in a new study by Transport & Environment's 'Travel Smart' campaign have kept their business travel emissions lower than before COVID, although many are quickly creeping back up.","og_url":"https:\/\/travelsmartcampaign.org\/de\/bibliothek\/die-emissionen-groser-franzosischer-geschaftsreisekonzerne-sind-im-vergleich-zu-2019-um-ein-drittel-gesunken\/","og_site_name":"Travel Smart Campaign","article_modified_time":"2025-05-14T10:41:30+00:00","og_image":[{"width":1280,"height":854,"url":"https:\/\/travelsmartcampaign.org\/wp-content\/uploads\/aircraft-475409_1280.jpg","type":"image\/jpeg"}],"twitter_card":"summary_large_image","twitter_misc":{"Gesch\u00e4tzte Lesezeit":"3\u00a0Minuten"},"schema":{"@context":"https:\/\/schema.org","@graph":[{"@type":"WebPage","@id":"https:\/\/travelsmartcampaign.org\/library\/business-travel-emissions-by-major-french-groups-down-by-a-third-compared-with-2019\/","url":"https:\/\/travelsmartcampaign.org\/library\/business-travel-emissions-by-major-french-groups-down-by-a-third-compared-with-2019\/","name":"Gesch\u00e4ftsreisen: Emissionen gro\u00dfer franz\u00f6sischer Konzerne um ein Drittel gegen\u00fcber 2019 gesunken \u2013 Kampagne \u201eTravel Smart\u201c","isPartOf":{"@id":"https:\/\/travelsmartcampaign.org\/#website"},"primaryImageOfPage":{"@id":"https:\/\/travelsmartcampaign.org\/library\/business-travel-emissions-by-major-french-groups-down-by-a-third-compared-with-2019\/#primaryimage"},"image":{"@id":"https:\/\/travelsmartcampaign.org\/library\/business-travel-emissions-by-major-french-groups-down-by-a-third-compared-with-2019\/#primaryimage"},"thumbnailUrl":"https:\/\/travelsmartcampaign.org\/wp-content\/uploads\/aircraft-475409_1280.jpg","datePublished":"2024-05-23T23:01:53+00:00","dateModified":"2025-05-14T10:41:30+00:00","breadcrumb":{"@id":"https:\/\/travelsmartcampaign.org\/library\/business-travel-emissions-by-major-french-groups-down-by-a-third-compared-with-2019\/#breadcrumb"},"inLanguage":"de","potentialAction":[{"@type":"ReadAction","target":["https:\/\/travelsmartcampaign.org\/library\/business-travel-emissions-by-major-french-groups-down-by-a-third-compared-with-2019\/"]}]},{"@type":"ImageObject","inLanguage":"de","@id":"https:\/\/travelsmartcampaign.org\/library\/business-travel-emissions-by-major-french-groups-down-by-a-third-compared-with-2019\/#primaryimage","url":"https:\/\/travelsmartcampaign.org\/wp-content\/uploads\/aircraft-475409_1280.jpg","contentUrl":"https:\/\/travelsmartcampaign.org\/wp-content\/uploads\/aircraft-475409_1280.jpg","width":1280,"height":854},{"@type":"BreadcrumbList","@id":"https:\/\/travelsmartcampaign.org\/library\/business-travel-emissions-by-major-french-groups-down-by-a-third-compared-with-2019\/#breadcrumb","itemListElement":[{"@type":"ListItem","position":1,"name":"Home","item":"https:\/\/travelsmartcampaign.org\/"},{"@type":"ListItem","position":2,"name":"Business travel: emissions by major French groups down by a third compared with 2019"}]},{"@type":"WebSite","@id":"https:\/\/travelsmartcampaign.org\/#website","url":"https:\/\/travelsmartcampaign.org\/","name":"Travel Smart","description":"","publisher":{"@id":"https:\/\/travelsmartcampaign.org\/#organization"},"potentialAction":[{"@type":"SearchAction","target":{"@type":"EntryPoint","urlTemplate":"https:\/\/travelsmartcampaign.org\/?s={search_term_string}"},"query-input":{"@type":"PropertyValueSpecification","valueRequired":true,"valueName":"search_term_string"}}],"inLanguage":"de"},{"@type":"Organization","@id":"https:\/\/travelsmartcampaign.org\/#organization","name":"Travel Smart","url":"https:\/\/travelsmartcampaign.org\/","logo":{"@type":"ImageObject","inLanguage":"de","@id":"https:\/\/travelsmartcampaign.org\/#\/schema\/logo\/image\/","url":"https:\/\/travelsmartcampaign.org\/wp-content\/uploads\/travel-smart-min.jpeg","contentUrl":"https:\/\/travelsmartcampaign.org\/wp-content\/uploads\/travel-smart-min.jpeg","width":1200,"height":690,"caption":"Travel Smart"},"image":{"@id":"https:\/\/travelsmartcampaign.org\/#\/schema\/logo\/image\/"}}]}},"_links":{"self":[{"href":"https:\/\/travelsmartcampaign.org\/de\/wp-json\/wp\/v2\/library\/13583","targetHints":{"allow":["GET"]}}],"collection":[{"href":"https:\/\/travelsmartcampaign.org\/de\/wp-json\/wp\/v2\/library"}],"about":[{"href":"https:\/\/travelsmartcampaign.org\/de\/wp-json\/wp\/v2\/types\/library"}],"version-history":[{"count":0,"href":"https:\/\/travelsmartcampaign.org\/de\/wp-json\/wp\/v2\/library\/13583\/revisions"}],"wp:featuredmedia":[{"embeddable":true,"href":"https:\/\/travelsmartcampaign.org\/de\/wp-json\/wp\/v2\/media\/17863"}],"wp:attachment":[{"href":"https:\/\/travelsmartcampaign.org\/de\/wp-json\/wp\/v2\/media?parent=13583"}],"wp:term":[{"taxonomy":"topic","embeddable":true,"href":"https:\/\/travelsmartcampaign.org\/de\/wp-json\/wp\/v2\/topic?post=13583"},{"taxonomy":"visibility","embeddable":true,"href":"https:\/\/travelsmartcampaign.org\/de\/wp-json\/wp\/v2\/visibility?post=13583"},{"taxonomy":"post-country","embeddable":true,"href":"https:\/\/travelsmartcampaign.org\/de\/wp-json\/wp\/v2\/post-country?post=13583"},{"taxonomy":"language","embeddable":true,"href":"https:\/\/travelsmartcampaign.org\/de\/wp-json\/wp\/v2\/language?post=13583"},{"taxonomy":"category-post-type","embeddable":true,"href":"https:\/\/travelsmartcampaign.org\/de\/wp-json\/wp\/v2\/category-post-type?post=13583"}],"curies":[{"name":"wp","href":"https:\/\/api.w.org\/{rel}","templated":true}]}}