{"id":17225,"date":"2025-04-01T00:01:06","date_gmt":"2025-03-31T23:01:06","guid":{"rendered":"http:\/\/travelsmartcampaign.org\/?post_type=library&#038;p=17225"},"modified":"2025-04-01T09:34:34","modified_gmt":"2025-04-01T08:34:34","slug":"vols-daffaires-un-classement-international-couronne-swiss-re-et-zurich","status":"publish","type":"library","link":"https:\/\/travelsmartcampaign.org\/de\/library\/vols-daffaires-un-classement-international-couronne-swiss-re-et-zurich\/","title":{"rendered":"Gesch\u00e4ftsbl\u00e4tter: Internationaler Geheimdienst Swiss Re und Z\u00fcrich"},"content":{"rendered":"<p><span style=\"font-weight: 400;\">TravelSmart bewertet jedes Jahr 326 gro\u00dfe Unternehmen aus den USA, Europa und Indien nach ihren Emissionen im Zusammenhang mit Gesch\u00e4ftsreisen. Die Einstufung basiert auf Indikatoren wie den Reduktionszielen, der angewandten Transparenz und den ergriffenen konkreten Ma\u00dfnahmen. Die Klassifizierung wird von der europ\u00e4ischen Vereinigung Transport &amp; Environment T&amp;E durchgef\u00fchrt.\u00a0<\/span><\/p>\n<p><span style=\"font-weight: 400;\">Was die Schweizer Unternehmen betrifft, so vergibt das Klassement die Note A an Swiss Re und Zurich Insurance. \"Elles prouvent une fois de plus que moins prendre l'avion ne se fait pas au d\u00e9triment de la r\u00e9ussite commerciale\", estime Yves Chatton, expert en transport a\u00e9rien \u00e0 l'ATE. \"Swiss Re und Z\u00fcrich haben sich vor f\u00fcnf Jahren ein klares Ziel gesetzt und ihre Emissionen im Zusammenhang mit Gesch\u00e4ftsreisen um etwa zwei Tausend Tonnen gesenkt. Elles misent donc principalement sur les budgets voyages et \u00e9missions.\"<\/span><\/p>\n<p>&nbsp;<\/p>\n<h4><b>Ein wichtiger Bedarf an Rattrapage<\/b><\/h4>\n<p><span style=\"font-weight: 400;\">Aber alle Schweizer Unternehmen sind noch nicht bereit, sich auf den Weg zu machen: Der Zementhersteller Holcim hat noch keine Ziele f\u00fcr die Begrenzung des Flugverkehrs definiert. Glencore h\u00e4lt sich bedeckt und weigert sich sogar, seine Daten zu diesem Thema zu ver\u00f6ffentlichen. ABB und Nestl\u00e9 haben ihr Niveau von 2019 fast wieder erreicht, w\u00e4hrend die internationalen Unternehmen ihre Emissionen in denselben Zeitr\u00e4umen um eine Tonne reduziert haben.<\/span><\/p>\n<p><span style=\"font-weight: 400;\">\"Konkrete Ziele zu haben ist wichtig, insbesondere f\u00fcr multinationale Unternehmen, um die Klimaziele einzuhalten und als Unternehmen verantwortungsvoll zu handeln\", so Yves Chatton abschlie\u00dfend. Die Einstufung in die TravelSmart-Kategorie macht deutlich: Unternehmen, die sich konkrete Ziele setzen, k\u00f6nnen ihre Emissionen deutlich reduzieren. Les entreprises suisses pourraient avoir un r\u00f4le d'exemple. \"Certaines jouent d\u00e9j\u00e0 ce r\u00f4le, d'autres doivent agir rapidement.\"<\/span><\/p>\n<p><span style=\"font-weight: 400;\">ATE und T&amp;E appellieren an die Unternehmen, sich klare und ehrgeizige Ziele f\u00fcr die Verringerung der Emissionen im Bereich der Gesch\u00e4ftsreisen zu setzen und diese koh\u00e4rent umzusetzen. Nach Ansicht der beiden Verb\u00e4nde ist das Reisen mit der Bahn statt mit dem Flugzeug besonders effizient. Die Videokonferenz ist dar\u00fcber hinaus eine sinnvolle Alternative, um lange Flugreisen vollst\u00e4ndig zu vermeiden.<\/span><\/p>\n<p>&nbsp;<\/p>\n<p><span style=\"font-weight: 400;\">Le classement TravelSmart de 326 entreprises internationales peut \u00eatre consult\u00e9 ici : <\/span><a href=\"http:\/\/travelsmartcampaign.org\/de\/ranking\/\"><span style=\"font-weight: 400;\">www.travelsmartcampaign.org\/ranking. <\/span><\/a><span style=\"font-weight: 400;\">\u00a0<\/span><\/p>\n<p>&nbsp;<\/p>\n<h4><b>Schweizer Unternehmen in der Krise des TravelSmart-Rankings<\/b><\/h4>\n<p><span style=\"font-weight: 400;\">Anmerkung A:<\/span><\/p>\n<ul>\n<li style=\"font-weight: 400;\" aria-level=\"1\"><span style=\"font-weight: 400;\">Schweizer R\u00fcck<\/span><\/li>\n<li style=\"font-weight: 400;\" aria-level=\"1\"><span style=\"font-weight: 400;\">Z\u00fcrich Versicherungsgruppe<\/span><\/li>\n<\/ul>\n<p>&nbsp;<\/p>\n<p><span style=\"font-weight: 400;\">Anmerkung B:<\/span><\/p>\n<ul>\n<li style=\"font-weight: 400;\" aria-level=\"1\"><span style=\"font-weight: 400;\">Adecco Group AG<\/span><\/li>\n<li style=\"font-weight: 400;\" aria-level=\"1\"><span style=\"font-weight: 400;\">Roche<\/span><\/li>\n<li style=\"font-weight: 400;\" aria-level=\"1\"><span style=\"font-weight: 400;\">SGS SA<\/span><\/li>\n<\/ul>\n<p>&nbsp;<\/p>\n<p><span style=\"font-weight: 400;\">Anmerkung C:<\/span><\/p>\n<ul>\n<li style=\"font-weight: 400;\" aria-level=\"1\"><span style=\"font-weight: 400;\">ABB<\/span><\/li>\n<li style=\"font-weight: 400;\" aria-level=\"1\"><span style=\"font-weight: 400;\">Holcim<\/span><\/li>\n<li style=\"font-weight: 400;\" aria-level=\"1\"><span style=\"font-weight: 400;\">Lonza<\/span><\/li>\n<li style=\"font-weight: 400;\" aria-level=\"1\"><span style=\"font-weight: 400;\">Nestl\u00e9<\/span><\/li>\n<li style=\"font-weight: 400;\" aria-level=\"1\"><span style=\"font-weight: 400;\">Novartis<\/span><\/li>\n<li style=\"font-weight: 400;\" aria-level=\"1\"><span style=\"font-weight: 400;\">Oriflame Kosmetik<\/span><\/li>\n<li style=\"font-weight: 400;\" aria-level=\"1\"><span style=\"font-weight: 400;\">Richemont<\/span><\/li>\n<li style=\"font-weight: 400;\" aria-level=\"1\"><span style=\"font-weight: 400;\">Sonova<\/span><\/li>\n<li style=\"font-weight: 400;\" aria-level=\"1\"><span style=\"font-weight: 400;\">Syngenta AG<\/span><\/li>\n<li style=\"font-weight: 400;\" aria-level=\"1\"><span style=\"font-weight: 400;\">UBS<\/span><\/li>\n<\/ul>\n<p>&nbsp;<\/p>\n<p><span style=\"font-weight: 400;\">Anmerkung D:<\/span><\/p>\n<ul>\n<li style=\"font-weight: 400;\" aria-level=\"1\"><span style=\"font-weight: 400;\">Glencore<\/span><\/li>\n<\/ul>","protected":false},"excerpt":{"rendered":"<p>Die neue Klasse TravelSmart zeigt: Im Bereich der Gesch\u00e4ftsreisen reduzieren die Unternehmen der Welt ihre Emissionen. W\u00e4hrend die schweizerischen Konzerne Swiss Re und Zurich Insurance zu den Vorreitern geh\u00f6ren, sind Nestl\u00e9, ABB und Holcim nicht ganz so weit. L'ATE weist die Konzerne auf ihre Verantwortung hin.<\/p>","protected":false},"featured_media":17213,"template":"","topic":[],"visibility":[],"post-country":[36],"language":[38],"category-post-type":[28],"class_list":["post-17225","library","type-library","status-publish","has-post-thumbnail","hentry","post-country-switzerland","language-french","category-post-type-press-release"],"yoast_head":"<!-- This site is optimized with the Yoast SEO plugin v27.5 - https:\/\/yoast.com\/product\/yoast-seo-wordpress\/ -->\n<title>Vols d\u2019affaires: un classement international couronne Swiss Re et Zurich - Travel Smart Campaign<\/title>\n<meta name=\"robots\" content=\"index, follow, max-snippet:-1, max-image-preview:large, max-video-preview:-1\" \/>\n<link rel=\"canonical\" href=\"https:\/\/travelsmartcampaign.org\/de\/bibliothek\/vols-daffaires-un-classement-international-couronne-swiss-re-et-zurich\/\" \/>\n<meta property=\"og:locale\" content=\"de_DE\" \/>\n<meta property=\"og:type\" content=\"article\" \/>\n<meta property=\"og:title\" content=\"Vols d\u2019affaires: un classement international couronne Swiss Re et Zurich - Travel Smart Campaign\" \/>\n<meta property=\"og:description\" content=\"Le nouveau classement TravelSmart le montre: en mati\u00e8re de voyages d\u2019affaires, les entreprises du monde entier r\u00e9duisent leurs \u00e9missions. Si les groupes suisses Swiss Re et Zurich Insurance font partie des pr\u00e9curseurs, Nestl\u00e9, ABB et Holcim n\u2019en font pas assez. L\u2019ATE rappelle les groupes \u00e0 leur responsabilit\u00e9.\" \/>\n<meta property=\"og:url\" content=\"https:\/\/travelsmartcampaign.org\/de\/bibliothek\/vols-daffaires-un-classement-international-couronne-swiss-re-et-zurich\/\" \/>\n<meta property=\"og:site_name\" content=\"Travel Smart Campaign\" \/>\n<meta property=\"article:modified_time\" content=\"2025-04-01T08:34:34+00:00\" \/>\n<meta property=\"og:image\" content=\"https:\/\/travelsmartcampaign.org\/wp-content\/uploads\/2-8.png\" \/>\n\t<meta property=\"og:image:width\" content=\"1080\" \/>\n\t<meta property=\"og:image:height\" content=\"1080\" \/>\n\t<meta property=\"og:image:type\" content=\"image\/png\" \/>\n<meta name=\"twitter:card\" content=\"summary_large_image\" \/>\n<meta name=\"twitter:label1\" content=\"Gesch\u00e4tzte Lesezeit\" \/>\n\t<meta name=\"twitter:data1\" content=\"2\u00a0Minuten\" \/>\n<script type=\"application\/ld+json\" class=\"yoast-schema-graph\">{\"@context\":\"https:\\\/\\\/schema.org\",\"@graph\":[{\"@type\":\"WebPage\",\"@id\":\"https:\\\/\\\/travelsmartcampaign.org\\\/library\\\/vols-daffaires-un-classement-international-couronne-swiss-re-et-zurich\\\/\",\"url\":\"https:\\\/\\\/travelsmartcampaign.org\\\/library\\\/vols-daffaires-un-classement-international-couronne-swiss-re-et-zurich\\\/\",\"name\":\"Vols d\u2019affaires: un classement international couronne Swiss Re et Zurich - Travel Smart Campaign\",\"isPartOf\":{\"@id\":\"https:\\\/\\\/travelsmartcampaign.org\\\/#website\"},\"primaryImageOfPage\":{\"@id\":\"https:\\\/\\\/travelsmartcampaign.org\\\/library\\\/vols-daffaires-un-classement-international-couronne-swiss-re-et-zurich\\\/#primaryimage\"},\"image\":{\"@id\":\"https:\\\/\\\/travelsmartcampaign.org\\\/library\\\/vols-daffaires-un-classement-international-couronne-swiss-re-et-zurich\\\/#primaryimage\"},\"thumbnailUrl\":\"https:\\\/\\\/travelsmartcampaign.org\\\/wp-content\\\/uploads\\\/2-8.png\",\"datePublished\":\"2025-03-31T23:01:06+00:00\",\"dateModified\":\"2025-04-01T08:34:34+00:00\",\"breadcrumb\":{\"@id\":\"https:\\\/\\\/travelsmartcampaign.org\\\/library\\\/vols-daffaires-un-classement-international-couronne-swiss-re-et-zurich\\\/#breadcrumb\"},\"inLanguage\":\"de\",\"potentialAction\":[{\"@type\":\"ReadAction\",\"target\":[\"https:\\\/\\\/travelsmartcampaign.org\\\/library\\\/vols-daffaires-un-classement-international-couronne-swiss-re-et-zurich\\\/\"]}]},{\"@type\":\"ImageObject\",\"inLanguage\":\"de\",\"@id\":\"https:\\\/\\\/travelsmartcampaign.org\\\/library\\\/vols-daffaires-un-classement-international-couronne-swiss-re-et-zurich\\\/#primaryimage\",\"url\":\"https:\\\/\\\/travelsmartcampaign.org\\\/wp-content\\\/uploads\\\/2-8.png\",\"contentUrl\":\"https:\\\/\\\/travelsmartcampaign.org\\\/wp-content\\\/uploads\\\/2-8.png\",\"width\":1080,\"height\":1080},{\"@type\":\"BreadcrumbList\",\"@id\":\"https:\\\/\\\/travelsmartcampaign.org\\\/library\\\/vols-daffaires-un-classement-international-couronne-swiss-re-et-zurich\\\/#breadcrumb\",\"itemListElement\":[{\"@type\":\"ListItem\",\"position\":1,\"name\":\"Home\",\"item\":\"https:\\\/\\\/travelsmartcampaign.org\\\/\"},{\"@type\":\"ListItem\",\"position\":2,\"name\":\"Vols d\u2019affaires: un classement international couronne Swiss Re et Zurich\"}]},{\"@type\":\"WebSite\",\"@id\":\"https:\\\/\\\/travelsmartcampaign.org\\\/#website\",\"url\":\"https:\\\/\\\/travelsmartcampaign.org\\\/\",\"name\":\"Travel Smart\",\"description\":\"\",\"publisher\":{\"@id\":\"https:\\\/\\\/travelsmartcampaign.org\\\/#organization\"},\"potentialAction\":[{\"@type\":\"SearchAction\",\"target\":{\"@type\":\"EntryPoint\",\"urlTemplate\":\"https:\\\/\\\/travelsmartcampaign.org\\\/?s={search_term_string}\"},\"query-input\":{\"@type\":\"PropertyValueSpecification\",\"valueRequired\":true,\"valueName\":\"search_term_string\"}}],\"inLanguage\":\"de\"},{\"@type\":\"Organization\",\"@id\":\"https:\\\/\\\/travelsmartcampaign.org\\\/#organization\",\"name\":\"Travel Smart\",\"url\":\"https:\\\/\\\/travelsmartcampaign.org\\\/\",\"logo\":{\"@type\":\"ImageObject\",\"inLanguage\":\"de\",\"@id\":\"https:\\\/\\\/travelsmartcampaign.org\\\/#\\\/schema\\\/logo\\\/image\\\/\",\"url\":\"https:\\\/\\\/travelsmartcampaign.org\\\/wp-content\\\/uploads\\\/travel-smart-min.jpeg\",\"contentUrl\":\"https:\\\/\\\/travelsmartcampaign.org\\\/wp-content\\\/uploads\\\/travel-smart-min.jpeg\",\"width\":1200,\"height\":690,\"caption\":\"Travel Smart\"},\"image\":{\"@id\":\"https:\\\/\\\/travelsmartcampaign.org\\\/#\\\/schema\\\/logo\\\/image\\\/\"}}]}<\/script>\n<!-- \/ Yoast SEO plugin. -->","yoast_head_json":{"title":"Gesch\u00e4ftsfl\u00fcge: Eine internationale Rangliste k\u00fcrt Swiss Re und Z\u00fcrich \u2013 Travel Smart-Kampagne","robots":{"index":"index","follow":"follow","max-snippet":"max-snippet:-1","max-image-preview":"max-image-preview:large","max-video-preview":"max-video-preview:-1"},"canonical":"https:\/\/travelsmartcampaign.org\/de\/bibliothek\/vols-daffaires-un-classement-international-couronne-swiss-re-et-zurich\/","og_locale":"de_DE","og_type":"article","og_title":"Vols d\u2019affaires: un classement international couronne Swiss Re et Zurich - Travel Smart Campaign","og_description":"Le nouveau classement TravelSmart le montre: en mati\u00e8re de voyages d\u2019affaires, les entreprises du monde entier r\u00e9duisent leurs \u00e9missions. Si les groupes suisses Swiss Re et Zurich Insurance font partie des pr\u00e9curseurs, Nestl\u00e9, ABB et Holcim n\u2019en font pas assez. L\u2019ATE rappelle les groupes \u00e0 leur responsabilit\u00e9.","og_url":"https:\/\/travelsmartcampaign.org\/de\/bibliothek\/vols-daffaires-un-classement-international-couronne-swiss-re-et-zurich\/","og_site_name":"Travel Smart Campaign","article_modified_time":"2025-04-01T08:34:34+00:00","og_image":[{"width":1080,"height":1080,"url":"https:\/\/travelsmartcampaign.org\/wp-content\/uploads\/2-8.png","type":"image\/png"}],"twitter_card":"summary_large_image","twitter_misc":{"Gesch\u00e4tzte Lesezeit":"2\u00a0Minuten"},"schema":{"@context":"https:\/\/schema.org","@graph":[{"@type":"WebPage","@id":"https:\/\/travelsmartcampaign.org\/library\/vols-daffaires-un-classement-international-couronne-swiss-re-et-zurich\/","url":"https:\/\/travelsmartcampaign.org\/library\/vols-daffaires-un-classement-international-couronne-swiss-re-et-zurich\/","name":"Gesch\u00e4ftsfl\u00fcge: Eine internationale Rangliste k\u00fcrt Swiss Re und Z\u00fcrich \u2013 Travel Smart-Kampagne","isPartOf":{"@id":"https:\/\/travelsmartcampaign.org\/#website"},"primaryImageOfPage":{"@id":"https:\/\/travelsmartcampaign.org\/library\/vols-daffaires-un-classement-international-couronne-swiss-re-et-zurich\/#primaryimage"},"image":{"@id":"https:\/\/travelsmartcampaign.org\/library\/vols-daffaires-un-classement-international-couronne-swiss-re-et-zurich\/#primaryimage"},"thumbnailUrl":"https:\/\/travelsmartcampaign.org\/wp-content\/uploads\/2-8.png","datePublished":"2025-03-31T23:01:06+00:00","dateModified":"2025-04-01T08:34:34+00:00","breadcrumb":{"@id":"https:\/\/travelsmartcampaign.org\/library\/vols-daffaires-un-classement-international-couronne-swiss-re-et-zurich\/#breadcrumb"},"inLanguage":"de","potentialAction":[{"@type":"ReadAction","target":["https:\/\/travelsmartcampaign.org\/library\/vols-daffaires-un-classement-international-couronne-swiss-re-et-zurich\/"]}]},{"@type":"ImageObject","inLanguage":"de","@id":"https:\/\/travelsmartcampaign.org\/library\/vols-daffaires-un-classement-international-couronne-swiss-re-et-zurich\/#primaryimage","url":"https:\/\/travelsmartcampaign.org\/wp-content\/uploads\/2-8.png","contentUrl":"https:\/\/travelsmartcampaign.org\/wp-content\/uploads\/2-8.png","width":1080,"height":1080},{"@type":"BreadcrumbList","@id":"https:\/\/travelsmartcampaign.org\/library\/vols-daffaires-un-classement-international-couronne-swiss-re-et-zurich\/#breadcrumb","itemListElement":[{"@type":"ListItem","position":1,"name":"Home","item":"https:\/\/travelsmartcampaign.org\/"},{"@type":"ListItem","position":2,"name":"Vols d\u2019affaires: un classement international couronne Swiss Re et Zurich"}]},{"@type":"WebSite","@id":"https:\/\/travelsmartcampaign.org\/#website","url":"https:\/\/travelsmartcampaign.org\/","name":"Travel Smart","description":"","publisher":{"@id":"https:\/\/travelsmartcampaign.org\/#organization"},"potentialAction":[{"@type":"SearchAction","target":{"@type":"EntryPoint","urlTemplate":"https:\/\/travelsmartcampaign.org\/?s={search_term_string}"},"query-input":{"@type":"PropertyValueSpecification","valueRequired":true,"valueName":"search_term_string"}}],"inLanguage":"de"},{"@type":"Organization","@id":"https:\/\/travelsmartcampaign.org\/#organization","name":"Travel Smart","url":"https:\/\/travelsmartcampaign.org\/","logo":{"@type":"ImageObject","inLanguage":"de","@id":"https:\/\/travelsmartcampaign.org\/#\/schema\/logo\/image\/","url":"https:\/\/travelsmartcampaign.org\/wp-content\/uploads\/travel-smart-min.jpeg","contentUrl":"https:\/\/travelsmartcampaign.org\/wp-content\/uploads\/travel-smart-min.jpeg","width":1200,"height":690,"caption":"Travel Smart"},"image":{"@id":"https:\/\/travelsmartcampaign.org\/#\/schema\/logo\/image\/"}}]}},"_links":{"self":[{"href":"https:\/\/travelsmartcampaign.org\/de\/wp-json\/wp\/v2\/library\/17225","targetHints":{"allow":["GET"]}}],"collection":[{"href":"https:\/\/travelsmartcampaign.org\/de\/wp-json\/wp\/v2\/library"}],"about":[{"href":"https:\/\/travelsmartcampaign.org\/de\/wp-json\/wp\/v2\/types\/library"}],"version-history":[{"count":0,"href":"https:\/\/travelsmartcampaign.org\/de\/wp-json\/wp\/v2\/library\/17225\/revisions"}],"wp:featuredmedia":[{"embeddable":true,"href":"https:\/\/travelsmartcampaign.org\/de\/wp-json\/wp\/v2\/media\/17213"}],"wp:attachment":[{"href":"https:\/\/travelsmartcampaign.org\/de\/wp-json\/wp\/v2\/media?parent=17225"}],"wp:term":[{"taxonomy":"topic","embeddable":true,"href":"https:\/\/travelsmartcampaign.org\/de\/wp-json\/wp\/v2\/topic?post=17225"},{"taxonomy":"visibility","embeddable":true,"href":"https:\/\/travelsmartcampaign.org\/de\/wp-json\/wp\/v2\/visibility?post=17225"},{"taxonomy":"post-country","embeddable":true,"href":"https:\/\/travelsmartcampaign.org\/de\/wp-json\/wp\/v2\/post-country?post=17225"},{"taxonomy":"language","embeddable":true,"href":"https:\/\/travelsmartcampaign.org\/de\/wp-json\/wp\/v2\/language?post=17225"},{"taxonomy":"category-post-type","embeddable":true,"href":"https:\/\/travelsmartcampaign.org\/de\/wp-json\/wp\/v2\/category-post-type?post=17225"}],"curies":[{"name":"wp","href":"https:\/\/api.w.org\/{rel}","templated":true}]}}