{"id":3598,"date":"2022-11-06T00:01:07","date_gmt":"2022-11-05T23:01:07","guid":{"rendered":"http:\/\/travelsmartcampaign.org\/?post_type=library&#038;p=3598"},"modified":"2022-11-05T17:52:31","modified_gmt":"2022-11-05T16:52:31","slug":"die-meisten-funktionare-hoffen-dass-die-oberen-fuhrungskrafte-ihre-unternehmen-auf-die-reduzierung-ihrer-gehalter-vorbereiten","status":"publish","type":"library","link":"https:\/\/travelsmartcampaign.org\/de\/library\/a-maioria-dos-funcionarios-espera-que-os-altos-executivos-estabelecam-metas-corporativas-de-reducao-de-voos\/","title":{"rendered":"Das neue Studium in 5 L\u00e4ndern fordert uns auf, zu best\u00e4tigen, dass die meisten Funktion\u00e4re darauf warten, dass die F\u00fchrungskr\u00e4fte in kleinere Unternehmen eintreten, um ihre Mitarbeiter zu reduzieren"},"content":{"rendered":"<p><b>Sehr gut in allen f\u00fcnf Funktionen<\/b><span style=\"font-weight: 400;\"> von Unternehmen, die mit der Luftfahrt zu tun haben <\/span><b>Reduzieren Sie die Reisemenge als Folge einer Pandemie<\/b><span style=\"font-weight: 400;\">, demonstrieren Sie eine neue Studie im Rahmen der Kampagne \u201eReisen mit Verantwortung\u201c (<\/span><i><span style=\"font-weight: 400;\">Travel Smart<\/span><\/i><span style=\"font-weight: 400;\">), weil NULL davon \u00fcbrig ist.<\/span><\/p>\n<p><span style=\"font-weight: 400;\">Andere Schlussfolgerung, die durch das Studium demonstriert wird, ist, dass die meisten der Funktion\u00e4re der Unternehmen <\/span><b>Ich weise darauf hin, dass Ihre Aussagen ein wichtiges Dokument sind, um die Klimakrise zu bew\u00e4ltigen<\/b><span style=\"font-weight: 400;\"> \u2013 77% von \u00fcber 2.500 Befragten in den Vereinigten Staaten (USA), dem Vereinigten K\u00f6nigreich, Frankreich, Deutschland und Spanien \u00e4u\u00dferten diese Meinung. Um die erforderliche Leistung f\u00fcr die durchgef\u00fchrte Suche zu erbringen, m\u00fcssen die Interviews in vollem Umfang durchgef\u00fchrt werden, und zwar in einer Organisation mit weniger als 50 Mitarbeitern und einer Laufzeit zwischen 18 und 74 Jahren.<\/span><\/p>\n<p><span style=\"font-weight: 400;\">Die meisten Ermittler geben zu, dass sie in der Lage sind, ihre Reisev\u00e4ter auf der Grundlage nachhaltiger Ver\u00e4nderungen und Umweltparametern zu bewegen und sie auch zu w\u00fcrdigen, dass sie bei der Definition der Innenpolitik des Reisens zwischen den Arbeitsorten ein wichtiges Papier f\u00fcr wichtig erachten. Ich habe noch immer die Meinung, dass <\/span><b>wie Unternehmen Meta-Corporations zur Reduzierung von Voos gr\u00fcnden m\u00fcssen<\/b><span style=\"font-weight: 400;\"> (74% nach den Interviews) Ich finde, dies ist ein wichtiger Faktor zur Reduzierung des jeweiligen Kohlenstoffdioxid-Aussto\u00dfes, ein gemeinsames Ergebnis f\u00fcr alle europ\u00e4ischen L\u00e4nder.<\/span><\/p>\n<p><span style=\"font-weight: 400;\">Die Europ\u00e4ische Transport- und Umweltvereinigung (T&amp;E), die in ZERO integriert und neu ist, ist der Ansicht, dass die Verantwortlichen der Unternehmen ein neues Paradigma entwickeln, in dem sich die Ziele und die Politik der Unternehmen <\/span><b>klar und deutlich als Erwartung der Funktion\u00e4re<\/b><span style=\"font-weight: 400;\">Denken Sie, dies ist ein Faktor, der Unternehmen dabei hilft, Talente anzuwerben und zu halten.<\/span><\/p>\n<p><span style=\"font-weight: 400;\">Dieses Studium hat eine H\u00f6he erreicht, in der es ein steigendes Gef\u00fchl daf\u00fcr gibt, wie niedrig die Niveaus Ihrer Unternehmen sind, um erfolgreich zu sein. Was sie \u00fcber die aktuelle Arbeit oder vor der Pandemie sagen, <\/span><b>63% weniger als<\/b><span style=\"font-weight: 400;\"> Als Folge der Pandemie sagte 27%, dass sie mit der gleichen Frequenz reisen w\u00fcrden, und 11% gab zu, jetzt weiter zu reisen.<\/span><\/p>\n<p><img loading=\"lazy\" decoding=\"async\" class=\"alignnone size-large wp-image-3694\" src=\"http:\/\/travelsmartcampaign.org\/wp-content\/uploads\/PT-Travel-Smart-Poll-Infographics-1-1024x576.png\" alt=\"\" width=\"800\" height=\"450\" srcset=\"https:\/\/travelsmartcampaign.org\/wp-content\/uploads\/PT-Travel-Smart-Poll-Infographics-1-1024x576.png 1024w, https:\/\/travelsmartcampaign.org\/wp-content\/uploads\/PT-Travel-Smart-Poll-Infographics-1-300x169.png 300w, https:\/\/travelsmartcampaign.org\/wp-content\/uploads\/PT-Travel-Smart-Poll-Infographics-1-768x432.png 768w, https:\/\/travelsmartcampaign.org\/wp-content\/uploads\/PT-Travel-Smart-Poll-Infographics-1-1536x864.png 1536w, https:\/\/travelsmartcampaign.org\/wp-content\/uploads\/PT-Travel-Smart-Poll-Infographics-1-18x10.png 18w, https:\/\/travelsmartcampaign.org\/wp-content\/uploads\/PT-Travel-Smart-Poll-Infographics-1.png 1920w\" sizes=\"auto, (max-width: 800px) 100vw, 800px\" \/><\/p>\n<p><span style=\"font-weight: 400;\">Die Pandemie hat es den Funktion\u00e4ren erleichtert, ihre Unternehmen zu entlasten und Alternativen f\u00fcr geringere Kohlendioxidemissionen anzubieten. Wenn Sie sich \u00fcber Ihre Pr\u00e4ferenz Gedanken machen, wie Sie die Umweltauswirkungen von Flugreisen reduzieren k\u00f6nnen, werden die Mitarbeiter dieser Suche wahrscheinlich eher dazu neigen, <\/span><b>Technologien und <\/b><b><i>Software<\/i><\/b><b> der virtuellen Zusammenarbeit<\/b><span style=\"font-weight: 400;\"> (53% nach Interviews). <\/span><b>Mit geringerer H\u00e4ufigkeit vorr\u00fccken<\/b><span style=\"font-weight: 400;\"> (36%) e <\/span><b>W\u00e4hlen Sie weitere Transportmittel aus<\/b><span style=\"font-weight: 400;\"> (32%) Erhalte ungef\u00e4hr eine der dritten Absichten.\u00a0<\/span><\/p>\n<p><span style=\"font-weight: 400;\">Bedenken Sie, dass der Wandel zu einer Form der Remote-Zusammenarbeit einen gro\u00dfen Einfluss auf die Zeit der internen Unternehmenszusammenk\u00fcnfte hatte. Die meisten anfragenden Mitarbeiter (72%) sagen, <\/span><b>ich bin bereit, weniger f\u00fcr internationale Treffen zu reisen<\/b><span style=\"font-weight: 400;\">, mit 67% sind die Standorte der Treffen nach der Gegen\u00fcberstellung mit den weltweiten Treffen benannt und k\u00f6nnen daher m\u00f6glicherweise durch einen langen Kurs vermieden werden.<\/span><\/p>\n<p><span style=\"font-weight: 400;\">Die F\u00f6deration der Transporte und der Umwelt hat NULL verstanden, dass die Konferenz der Vereinigten Staaten, die am 6. November in \u00c4gypten begann, der ideale Zeitpunkt daf\u00fcr ist. <\/span><b>f\u00fchrende Unternehmer machen sich Sorgen \u00fcber das Klima<\/b><span style=\"font-weight: 400;\">, versuchen Sie es anhand eines Beispiels und untersuchen Sie Ihre eigenen Gewohnheiten. Ich muss auch den Moment akzeptieren, in dem ich mich verliere <\/span><b>Reduzieren Sie die Anzahl der Flugreisen von Unternehmen auf weniger als 50%<\/b><span style=\"font-weight: 400;\">, im Zusammenhang mit dem Wetter vor der Pandemie.<\/span><\/p>\n<p style=\"text-align: center;\"><a href=\"http:\/\/travelsmartcampaign.org\/wp-content\/uploads\/Travel-Smart-Topline-101922_USPA.docx.pdf\">Laden Sie die Ipsos-Ergebnisse herunter<\/a><\/p>\n<p><b>Hinweise an die Herausgeber:<\/b><\/p>\n<p><span style=\"font-weight: 400;\">Die Suche wurde online von Ipsos durchgef\u00fchrt und umfasste einen Test von 2.506 Erwachsenen aus f\u00fcnf L\u00e4ndern \u2013 USA, Gro\u00dfbritannien, Frankreich, Deutschland und Spanien. Um f\u00fcr die Suche qualifiziert zu sein, bestehen die Interviews darauf, dass die Einstellung innerhalb eines Zeitraums von mindestens 50 Mitarbeitern erfolgt und zwischen 18 und 74 Jahren liegt. Die Mitarbeiter haben sich immer noch darauf konzentriert, die wenigen Mitarbeiter zu ber\u00fccksichtigen, die w\u00e4hrend ihrer Arbeit mit der Luftfahrt zu tun haben. Die in dieser Studie besch\u00e4ftigten Flugbegleiter sind Personen, die meinen, sie seien vor COVID zur Arbeit gegangen oder h\u00e4tten aktuell gearbeitet. Die Zahl der Flugg\u00e4ste, die am Arbeitsplatz unterwegs waren, belief sich auf 1.279. Die Feldarbeit wurde zwischen dem 6. und 10. Oktober 2022 durchgef\u00fchrt. Die demografischen Entwicklungen gelten f\u00fcr die gesamte L\u00e4nderebene. Die Suche ergab ein Glaubw\u00fcrdigkeitsintervall von mehr als 2,4 Prozent f\u00fcr alle Interviews. Bei der Suche gab es auch eine Glaubw\u00fcrdigkeitsspanne von mehr als 3,4 Prozent f\u00fcr die beruflich reisenden Flugbegleiter.<\/span><\/p>\n<p>&nbsp;<\/p>","protected":false},"excerpt":{"rendered":"<p>Drei bis f\u00fcnf Unternehmen, die aufgrund der Pandemie weniger Fl\u00fcge anbieten, reduzieren die Zahl der Reisen<\/p>","protected":false},"featured_media":3622,"template":"","topic":[],"visibility":[],"post-country":[34],"language":[40],"category-post-type":[28],"class_list":["post-3598","library","type-library","status-publish","has-post-thumbnail","hentry","post-country-portugal","language-portuguese","category-post-type-press-release"],"yoast_head":"<!-- This site is optimized with the Yoast SEO plugin v27.5 - https:\/\/yoast.com\/product\/yoast-seo-wordpress\/ -->\n<title>Novo estudo em 5 pa\u00edses chave vem confirmar que a maioria dos funcion\u00e1rios espera que os altos executivos estabele\u00e7am metas corporativas de redu\u00e7\u00e3o de voos - Travel Smart Campaign<\/title>\n<meta name=\"robots\" content=\"index, follow, max-snippet:-1, max-image-preview:large, max-video-preview:-1\" \/>\n<link rel=\"canonical\" href=\"https:\/\/travelsmartcampaign.org\/de\/bibliothek\/die-meisten-funktionare-hoffen-dass-die-oberen-fuhrungskrafte-ihre-unternehmen-auf-die-reduzierung-ihrer-gehalter-vorbereiten\/\" \/>\n<meta property=\"og:locale\" content=\"de_DE\" \/>\n<meta property=\"og:type\" content=\"article\" \/>\n<meta property=\"og:title\" content=\"Novo estudo em 5 pa\u00edses chave vem confirmar que a maioria dos funcion\u00e1rios espera que os altos executivos estabele\u00e7am metas corporativas de redu\u00e7\u00e3o de voos - Travel Smart Campaign\" \/>\n<meta property=\"og:description\" content=\"Tr\u00eas em cada cinco funcion\u00e1rios de empresas que viajam de avi\u00e3o em trabalho reduziram a quantidade de viagens como resultado da pandemia\" \/>\n<meta property=\"og:url\" content=\"https:\/\/travelsmartcampaign.org\/de\/bibliothek\/die-meisten-funktionare-hoffen-dass-die-oberen-fuhrungskrafte-ihre-unternehmen-auf-die-reduzierung-ihrer-gehalter-vorbereiten\/\" \/>\n<meta property=\"og:site_name\" content=\"Travel Smart Campaign\" \/>\n<meta property=\"og:image\" content=\"https:\/\/travelsmartcampaign.org\/wp-content\/uploads\/pexels-tima-miroshnichenko-5725432-scaled.jpg\" \/>\n\t<meta property=\"og:image:width\" content=\"2560\" \/>\n\t<meta property=\"og:image:height\" content=\"1707\" \/>\n\t<meta property=\"og:image:type\" content=\"image\/jpeg\" \/>\n<meta name=\"twitter:card\" content=\"summary_large_image\" \/>\n<meta name=\"twitter:label1\" content=\"Gesch\u00e4tzte Lesezeit\" \/>\n\t<meta name=\"twitter:data1\" content=\"4\u00a0Minuten\" \/>\n<script type=\"application\/ld+json\" class=\"yoast-schema-graph\">{\"@context\":\"https:\\\/\\\/schema.org\",\"@graph\":[{\"@type\":\"WebPage\",\"@id\":\"https:\\\/\\\/travelsmartcampaign.org\\\/library\\\/a-maioria-dos-funcionarios-espera-que-os-altos-executivos-estabelecam-metas-corporativas-de-reducao-de-voos\\\/\",\"url\":\"https:\\\/\\\/travelsmartcampaign.org\\\/library\\\/a-maioria-dos-funcionarios-espera-que-os-altos-executivos-estabelecam-metas-corporativas-de-reducao-de-voos\\\/\",\"name\":\"Novo estudo em 5 pa\u00edses chave vem confirmar que a maioria dos funcion\u00e1rios espera que os altos executivos estabele\u00e7am metas corporativas de redu\u00e7\u00e3o de voos - Travel Smart Campaign\",\"isPartOf\":{\"@id\":\"https:\\\/\\\/travelsmartcampaign.org\\\/#website\"},\"primaryImageOfPage\":{\"@id\":\"https:\\\/\\\/travelsmartcampaign.org\\\/library\\\/a-maioria-dos-funcionarios-espera-que-os-altos-executivos-estabelecam-metas-corporativas-de-reducao-de-voos\\\/#primaryimage\"},\"image\":{\"@id\":\"https:\\\/\\\/travelsmartcampaign.org\\\/library\\\/a-maioria-dos-funcionarios-espera-que-os-altos-executivos-estabelecam-metas-corporativas-de-reducao-de-voos\\\/#primaryimage\"},\"thumbnailUrl\":\"https:\\\/\\\/travelsmartcampaign.org\\\/wp-content\\\/uploads\\\/pexels-tima-miroshnichenko-5725432-scaled.jpg\",\"datePublished\":\"2022-11-05T23:01:07+00:00\",\"breadcrumb\":{\"@id\":\"https:\\\/\\\/travelsmartcampaign.org\\\/library\\\/a-maioria-dos-funcionarios-espera-que-os-altos-executivos-estabelecam-metas-corporativas-de-reducao-de-voos\\\/#breadcrumb\"},\"inLanguage\":\"de\",\"potentialAction\":[{\"@type\":\"ReadAction\",\"target\":[\"https:\\\/\\\/travelsmartcampaign.org\\\/library\\\/a-maioria-dos-funcionarios-espera-que-os-altos-executivos-estabelecam-metas-corporativas-de-reducao-de-voos\\\/\"]}]},{\"@type\":\"ImageObject\",\"inLanguage\":\"de\",\"@id\":\"https:\\\/\\\/travelsmartcampaign.org\\\/library\\\/a-maioria-dos-funcionarios-espera-que-os-altos-executivos-estabelecam-metas-corporativas-de-reducao-de-voos\\\/#primaryimage\",\"url\":\"https:\\\/\\\/travelsmartcampaign.org\\\/wp-content\\\/uploads\\\/pexels-tima-miroshnichenko-5725432-scaled.jpg\",\"contentUrl\":\"https:\\\/\\\/travelsmartcampaign.org\\\/wp-content\\\/uploads\\\/pexels-tima-miroshnichenko-5725432-scaled.jpg\",\"width\":2560,\"height\":1707},{\"@type\":\"BreadcrumbList\",\"@id\":\"https:\\\/\\\/travelsmartcampaign.org\\\/library\\\/a-maioria-dos-funcionarios-espera-que-os-altos-executivos-estabelecam-metas-corporativas-de-reducao-de-voos\\\/#breadcrumb\",\"itemListElement\":[{\"@type\":\"ListItem\",\"position\":1,\"name\":\"Home\",\"item\":\"https:\\\/\\\/travelsmartcampaign.org\\\/\"},{\"@type\":\"ListItem\",\"position\":2,\"name\":\"Novo estudo em 5 pa\u00edses chave vem confirmar que a maioria dos funcion\u00e1rios espera que os altos executivos estabele\u00e7am metas corporativas de redu\u00e7\u00e3o de voos\"}]},{\"@type\":\"WebSite\",\"@id\":\"https:\\\/\\\/travelsmartcampaign.org\\\/#website\",\"url\":\"https:\\\/\\\/travelsmartcampaign.org\\\/\",\"name\":\"Travel Smart\",\"description\":\"\",\"publisher\":{\"@id\":\"https:\\\/\\\/travelsmartcampaign.org\\\/#organization\"},\"potentialAction\":[{\"@type\":\"SearchAction\",\"target\":{\"@type\":\"EntryPoint\",\"urlTemplate\":\"https:\\\/\\\/travelsmartcampaign.org\\\/?s={search_term_string}\"},\"query-input\":{\"@type\":\"PropertyValueSpecification\",\"valueRequired\":true,\"valueName\":\"search_term_string\"}}],\"inLanguage\":\"de\"},{\"@type\":\"Organization\",\"@id\":\"https:\\\/\\\/travelsmartcampaign.org\\\/#organization\",\"name\":\"Travel Smart\",\"url\":\"https:\\\/\\\/travelsmartcampaign.org\\\/\",\"logo\":{\"@type\":\"ImageObject\",\"inLanguage\":\"de\",\"@id\":\"https:\\\/\\\/travelsmartcampaign.org\\\/#\\\/schema\\\/logo\\\/image\\\/\",\"url\":\"https:\\\/\\\/travelsmartcampaign.org\\\/wp-content\\\/uploads\\\/travel-smart-min.jpeg\",\"contentUrl\":\"https:\\\/\\\/travelsmartcampaign.org\\\/wp-content\\\/uploads\\\/travel-smart-min.jpeg\",\"width\":1200,\"height\":690,\"caption\":\"Travel Smart\"},\"image\":{\"@id\":\"https:\\\/\\\/travelsmartcampaign.org\\\/#\\\/schema\\\/logo\\\/image\\\/\"}}]}<\/script>\n<!-- \/ Yoast SEO plugin. -->","yoast_head_json":{"title":"Eine neue Studie in f\u00fcnf wichtigen L\u00e4ndern best\u00e4tigt, dass die Mehrheit der Mitarbeiter von F\u00fchrungskr\u00e4ften erwartet, dass diese Unternehmensziele zur Reduzierung von Flugreisen festlegen \u2013 Travel Smart-Kampagne","robots":{"index":"index","follow":"follow","max-snippet":"max-snippet:-1","max-image-preview":"max-image-preview:large","max-video-preview":"max-video-preview:-1"},"canonical":"https:\/\/travelsmartcampaign.org\/de\/bibliothek\/die-meisten-funktionare-hoffen-dass-die-oberen-fuhrungskrafte-ihre-unternehmen-auf-die-reduzierung-ihrer-gehalter-vorbereiten\/","og_locale":"de_DE","og_type":"article","og_title":"Novo estudo em 5 pa\u00edses chave vem confirmar que a maioria dos funcion\u00e1rios espera que os altos executivos estabele\u00e7am metas corporativas de redu\u00e7\u00e3o de voos - Travel Smart Campaign","og_description":"Tr\u00eas em cada cinco funcion\u00e1rios de empresas que viajam de avi\u00e3o em trabalho reduziram a quantidade de viagens como resultado da pandemia","og_url":"https:\/\/travelsmartcampaign.org\/de\/bibliothek\/die-meisten-funktionare-hoffen-dass-die-oberen-fuhrungskrafte-ihre-unternehmen-auf-die-reduzierung-ihrer-gehalter-vorbereiten\/","og_site_name":"Travel Smart Campaign","og_image":[{"width":2560,"height":1707,"url":"https:\/\/travelsmartcampaign.org\/wp-content\/uploads\/pexels-tima-miroshnichenko-5725432-scaled.jpg","type":"image\/jpeg"}],"twitter_card":"summary_large_image","twitter_misc":{"Gesch\u00e4tzte Lesezeit":"4\u00a0Minuten"},"schema":{"@context":"https:\/\/schema.org","@graph":[{"@type":"WebPage","@id":"https:\/\/travelsmartcampaign.org\/library\/a-maioria-dos-funcionarios-espera-que-os-altos-executivos-estabelecam-metas-corporativas-de-reducao-de-voos\/","url":"https:\/\/travelsmartcampaign.org\/library\/a-maioria-dos-funcionarios-espera-que-os-altos-executivos-estabelecam-metas-corporativas-de-reducao-de-voos\/","name":"Eine neue Studie in f\u00fcnf wichtigen L\u00e4ndern best\u00e4tigt, dass die Mehrheit der Mitarbeiter von F\u00fchrungskr\u00e4ften erwartet, dass diese Unternehmensziele zur Reduzierung von Flugreisen festlegen \u2013 Travel Smart-Kampagne","isPartOf":{"@id":"https:\/\/travelsmartcampaign.org\/#website"},"primaryImageOfPage":{"@id":"https:\/\/travelsmartcampaign.org\/library\/a-maioria-dos-funcionarios-espera-que-os-altos-executivos-estabelecam-metas-corporativas-de-reducao-de-voos\/#primaryimage"},"image":{"@id":"https:\/\/travelsmartcampaign.org\/library\/a-maioria-dos-funcionarios-espera-que-os-altos-executivos-estabelecam-metas-corporativas-de-reducao-de-voos\/#primaryimage"},"thumbnailUrl":"https:\/\/travelsmartcampaign.org\/wp-content\/uploads\/pexels-tima-miroshnichenko-5725432-scaled.jpg","datePublished":"2022-11-05T23:01:07+00:00","breadcrumb":{"@id":"https:\/\/travelsmartcampaign.org\/library\/a-maioria-dos-funcionarios-espera-que-os-altos-executivos-estabelecam-metas-corporativas-de-reducao-de-voos\/#breadcrumb"},"inLanguage":"de","potentialAction":[{"@type":"ReadAction","target":["https:\/\/travelsmartcampaign.org\/library\/a-maioria-dos-funcionarios-espera-que-os-altos-executivos-estabelecam-metas-corporativas-de-reducao-de-voos\/"]}]},{"@type":"ImageObject","inLanguage":"de","@id":"https:\/\/travelsmartcampaign.org\/library\/a-maioria-dos-funcionarios-espera-que-os-altos-executivos-estabelecam-metas-corporativas-de-reducao-de-voos\/#primaryimage","url":"https:\/\/travelsmartcampaign.org\/wp-content\/uploads\/pexels-tima-miroshnichenko-5725432-scaled.jpg","contentUrl":"https:\/\/travelsmartcampaign.org\/wp-content\/uploads\/pexels-tima-miroshnichenko-5725432-scaled.jpg","width":2560,"height":1707},{"@type":"BreadcrumbList","@id":"https:\/\/travelsmartcampaign.org\/library\/a-maioria-dos-funcionarios-espera-que-os-altos-executivos-estabelecam-metas-corporativas-de-reducao-de-voos\/#breadcrumb","itemListElement":[{"@type":"ListItem","position":1,"name":"Home","item":"https:\/\/travelsmartcampaign.org\/"},{"@type":"ListItem","position":2,"name":"Novo estudo em 5 pa\u00edses chave vem confirmar que a maioria dos funcion\u00e1rios espera que os altos executivos estabele\u00e7am metas corporativas de redu\u00e7\u00e3o de voos"}]},{"@type":"WebSite","@id":"https:\/\/travelsmartcampaign.org\/#website","url":"https:\/\/travelsmartcampaign.org\/","name":"Travel Smart","description":"","publisher":{"@id":"https:\/\/travelsmartcampaign.org\/#organization"},"potentialAction":[{"@type":"SearchAction","target":{"@type":"EntryPoint","urlTemplate":"https:\/\/travelsmartcampaign.org\/?s={search_term_string}"},"query-input":{"@type":"PropertyValueSpecification","valueRequired":true,"valueName":"search_term_string"}}],"inLanguage":"de"},{"@type":"Organization","@id":"https:\/\/travelsmartcampaign.org\/#organization","name":"Travel Smart","url":"https:\/\/travelsmartcampaign.org\/","logo":{"@type":"ImageObject","inLanguage":"de","@id":"https:\/\/travelsmartcampaign.org\/#\/schema\/logo\/image\/","url":"https:\/\/travelsmartcampaign.org\/wp-content\/uploads\/travel-smart-min.jpeg","contentUrl":"https:\/\/travelsmartcampaign.org\/wp-content\/uploads\/travel-smart-min.jpeg","width":1200,"height":690,"caption":"Travel Smart"},"image":{"@id":"https:\/\/travelsmartcampaign.org\/#\/schema\/logo\/image\/"}}]}},"_links":{"self":[{"href":"https:\/\/travelsmartcampaign.org\/de\/wp-json\/wp\/v2\/library\/3598","targetHints":{"allow":["GET"]}}],"collection":[{"href":"https:\/\/travelsmartcampaign.org\/de\/wp-json\/wp\/v2\/library"}],"about":[{"href":"https:\/\/travelsmartcampaign.org\/de\/wp-json\/wp\/v2\/types\/library"}],"version-history":[{"count":0,"href":"https:\/\/travelsmartcampaign.org\/de\/wp-json\/wp\/v2\/library\/3598\/revisions"}],"wp:featuredmedia":[{"embeddable":true,"href":"https:\/\/travelsmartcampaign.org\/de\/wp-json\/wp\/v2\/media\/3622"}],"wp:attachment":[{"href":"https:\/\/travelsmartcampaign.org\/de\/wp-json\/wp\/v2\/media?parent=3598"}],"wp:term":[{"taxonomy":"topic","embeddable":true,"href":"https:\/\/travelsmartcampaign.org\/de\/wp-json\/wp\/v2\/topic?post=3598"},{"taxonomy":"visibility","embeddable":true,"href":"https:\/\/travelsmartcampaign.org\/de\/wp-json\/wp\/v2\/visibility?post=3598"},{"taxonomy":"post-country","embeddable":true,"href":"https:\/\/travelsmartcampaign.org\/de\/wp-json\/wp\/v2\/post-country?post=3598"},{"taxonomy":"language","embeddable":true,"href":"https:\/\/travelsmartcampaign.org\/de\/wp-json\/wp\/v2\/language?post=3598"},{"taxonomy":"category-post-type","embeddable":true,"href":"https:\/\/travelsmartcampaign.org\/de\/wp-json\/wp\/v2\/category-post-type?post=3598"}],"curies":[{"name":"wp","href":"https:\/\/api.w.org\/{rel}","templated":true}]}}