{"id":6539,"date":"2023-03-15T00:01:50","date_gmt":"2023-03-14T23:01:50","guid":{"rendered":"http:\/\/travelsmartcampaign.org\/?post_type=library&#038;p=6539"},"modified":"2023-03-15T10:26:18","modified_gmt":"2023-03-15T09:26:18","slug":"die-belgischen-multinationalen-konzerne-schlagen-keine-glaubwurdigen-plane-zur-emissionsreduzierung-ihrer-geschafte-vor","status":"publish","type":"library","link":"https:\/\/travelsmartcampaign.org\/de\/library\/les-multinationales-belges-ne-proposent-pas-de-plans-credibles-relatifs-a-la-reduction-des-emissions-de-leurs-vols-daffaires\/","title":{"rendered":"Belgische Multis schlagen keine glaubw\u00fcrdigen Pl\u00e4ne zur Reduzierung der Emissionen ihrer Gesch\u00e4ftsbereiche vor"},"content":{"rendered":"<p><strong>Kein belgisches Unternehmen in der zweiten Ausgabe eines <a href=\"http:\/\/travelsmartcampaign.org\/de\/ranking\/\">Klassifizierung<\/a> auf den Reisen von\u00a0<\/strong><em><b>Die Travel Smart-Kampagne<\/b><\/em><strong>, kein festes Ziel der Reduzierung seiner mit Gesch\u00e4ftsreisen verbundenen Emissionen. Die Mehrheit der belgischen Unternehmen verfehlt nicht den \u201eTeil des Eisbergs\u201c der Emissionen \u201eohne CO<\/strong><strong>2<\/strong><strong>\u201eMit ihren Flugobjekten verbunden. Erl\u00e4uterungen.<\/strong><\/p>\n<p><img loading=\"lazy\" decoding=\"async\" class=\"alignnone size-large wp-image-6545\" src=\"http:\/\/travelsmartcampaign.org\/wp-content\/uploads\/Original_Infographic-2-Ranking-card-for-companies-11-1-1024x576.png\" alt=\"\" width=\"800\" height=\"450\" srcset=\"https:\/\/travelsmartcampaign.org\/wp-content\/uploads\/Original_Infographic-2-Ranking-card-for-companies-11-1-1024x576.png 1024w, https:\/\/travelsmartcampaign.org\/wp-content\/uploads\/Original_Infographic-2-Ranking-card-for-companies-11-1-300x169.png 300w, https:\/\/travelsmartcampaign.org\/wp-content\/uploads\/Original_Infographic-2-Ranking-card-for-companies-11-1-768x432.png 768w, https:\/\/travelsmartcampaign.org\/wp-content\/uploads\/Original_Infographic-2-Ranking-card-for-companies-11-1-1536x864.png 1536w, https:\/\/travelsmartcampaign.org\/wp-content\/uploads\/Original_Infographic-2-Ranking-card-for-companies-11-1-18x10.png 18w, https:\/\/travelsmartcampaign.org\/wp-content\/uploads\/Original_Infographic-2-Ranking-card-for-companies-11-1.png 1920w\" sizes=\"auto, (max-width: 800px) 100vw, 800px\" \/><\/p>\n<p>Auf weltweiter Ebene haben nur 50 Unternehmen in der Kategorie 322 das Ziel, die mit Gesch\u00e4ftsreisen verbundenen Emissionen zu reduzieren. Parmi die Unternehmen, die ein Ziel festgelegt haben, nur vier von ihnen erhalten die \u201eGoldnorm\u201c, das hei\u00dft, sie erkl\u00e4ren ihre Emissionen im Luftverkehr und engagieren sich f\u00fcr die Verringerung von 50 % oder mehr, hier bis 2025 oder sp\u00e4ter. Es handelt sich um Novo Nordisk (Pharmaindustrie, D\u00e4nemark), Swiss Re (Finanzen, Schweiz), Fidelity International (Finanzen, Gro\u00dfbritannien) und ABN Amro (Finanzen, Niederlande).<\/p>\n<p>In ihrer erstmals erstellten Bilanz der zu Unternehmenszwecken abgegebenen Erkl\u00e4rungen zu \u201eNicht-CO2-Emissionen\u201c stellt sich die Frage, ob zwei belgische Unternehmen den Weg weisen, um alle mit Unternehmenszwecken verbundenen Gasemissionen durch Treibhausgasemissionen zu erkl\u00e4ren: das Pharmaunternehmen UCB und das Technologieunternehmen Barco NV, die in ihren Berichten ein Beispiel f\u00fcr die Gesamtauswirkung der Treibhausgase angef\u00fchrt haben.<\/p>\n<p>Tats\u00e4chlich werden die CO2-Emissionen durch die Klimaauswirkungen der Luftverschmutzung nicht begrenzt. Zus\u00e4tzlich zu CO2 werden die Flugzeugmotoren mit anderen Gasen \u2013 Ammoniakoxiden, Kohlendioxid und Wasser \u2013 sowie (Schweine-)Partikeln versetzt. Diese Emissionen werden gemeinhin als \u201eNicht-CO2-Emissionen\u201c bezeichnet, und\u00a0<a href=\"https:\/\/www.canopea.be\/?mailpoet_router&amp;endpoint=track&amp;action=click&amp;data=WyI5NzAxIiwiNzc0NTM1IiwiNDA3IiwiNGM0OTAyZGI0ZDIyIixmYWxzZV0\" data-saferedirecturl=\"https:\/\/www.google.com\/url?q=https:\/\/www.canopea.be?mailpoet_router%26endpoint%3Dtrack%26action%3Dclick%26data%3DWyI5NzAxIiwiNzc0NTM1IiwiNDA3IiwiNGM0OTAyZGI0ZDIyIixmYWxzZV0&amp;source=gmail&amp;ust=1678876078942000&amp;usg=AOvVaw1D-kn5JxnJV3LPfFciBtqA\">auf Sch\u00e4tzung<\/a>\u00a0Sie sind auf beiden Seiten f\u00fcr die totale Klimaverschlechterung aufgrund der Luftverschmutzung verantwortlich. Allerdings ber\u00fccksichtigen sehr wenige Unternehmen die Gesamtauswirkungen der Gesch\u00e4ftst\u00e4tigkeit im Hinblick auf die Nicht-CO2-Emissionen.<\/p>\n<p>Marie Spaey, Missionsbeauftragte Tourismus bei\u00a0<a href=\"https:\/\/www.canopea.be\/?mailpoet_router&amp;endpoint=track&amp;action=click&amp;data=WyI5NzAxIiwiNzc0NTM1IiwiNDA3IiwiZThmMDkyYzRlYTI2IixmYWxzZV0\" target=\"_blank\" rel=\"noopener\" data-saferedirecturl=\"https:\/\/www.google.com\/url?q=https:\/\/www.canopea.be?mailpoet_router%26endpoint%3Dtrack%26action%3Dclick%26data%3DWyI5NzAxIiwiNzc0NTM1IiwiNDA3IiwiZThmMDkyYzRlYTI2IixmYWxzZV0&amp;source=gmail&amp;ust=1678876078942000&amp;usg=AOvVaw2AqvLip28ijPGYxXA4ypvj\">Canopea<\/a>, erkl\u00e4ren: \u201e<em>Die Emissionen aus Gesch\u00e4ftsreisen sind zum gro\u00dfen Teil f\u00fcr die Klimaauswirkungen eines Unternehmens verantwortlich. Durch die Reduzierung k\u00f6nnten Unternehmen im Zuge der Klimaverschlechterung tats\u00e4chlich Fortschritte machen. Zahlreiche Unternehmen verf\u00fcgen jedoch nicht \u00fcber ein genaues Wissen \u00fcber die Klimaauswirkungen ihrer Gesch\u00e4ftsreisen. Nur wenige Spitzenreiter der Klasse orientieren sich an der Wissenschaft und erkl\u00e4ren die Emissionen anderer L\u00e4nder, die die<\/em><em>2<\/em><em>\u00a0\u2013 der eingetauchte Teil des Eisbergs durch den Totaleinschlag der Luftfahrt auf das Klima.<\/em>&#8221;<\/p>\n<p>Volkswagen, KPMG und Johnson &amp; Johnson sind die drei Spitzenreiter der Klassifizierung\u00a0<em>Travel Smart<\/em>, es bestehen keine festen Ziele zur Emissionsreduzierung im Gesch\u00e4ftsverkehr. Die Analyse zeigt jedoch, dass es m\u00f6glich und notwendig ist, bestimmte Zielvorgaben festzulegen, wie es bei Unternehmen \u00e4hnlicher Gr\u00f6\u00dfe und Branchen wie Deloitte und AstraZeneca der Fall ist.<\/p>\n<p><a href=\"http:\/\/travelsmartcampaign.org\/de\/bibliothek\/reise-smart-briefing-2023\/\">Die Studie<\/a> Wenn 10 Unternehmen \u2013 die gr\u00f6\u00dften Emittenten der Kategorie \u2013 das Ziel einer Reduzierung um 50 % verfolgen, erm\u00f6glicht dies, die M\u00f6glichkeit des Erreichens des Weltziels von -50 % der Emissionen im Luftverkehr ab 2025 zu nutzen. Die Reduzierung der Luftfahrtemissionen ist heute die entscheidende Frage, wenn wir die Klimaerw\u00e4rmung auf 1,5 \u00b0C begrenzen wollen.<\/p>\n<p>Angesichts der jahrzehntelangen Kritik, die wir bis 2030 \u00e4u\u00dfern, besteht das beste Mittel zur Reduzierung der Luftfahrtemissionen darin, weniger Flugzeuge zu verbrauchen, da die Versorgung mit langlebigen Treibstoffen und Null-Emissionsflugzeugen derzeit nicht m\u00f6glich ist. \u201eIch erwarte nach 2030, dass die Emissionsreduzierung nicht durch Kompensationen ersetzt werden kann\u201c, hei\u00dft es in einer Erkl\u00e4rung.<\/p>\n<p>Die Kampagne\u00a0<em>Travel Smart<\/em>\u00a0Fordern Sie Unternehmen auf, sich ehrgeizige Ziele zu setzen, um die mit Gesch\u00e4ftsreisen verbundenen Emissionen zu verringern, das Flugzeug, wenn m\u00f6glich, auf die Bahn zu versetzen und per Videokonferenz die Fernfl\u00fcge zu ersetzen.<\/p>\n<p>Marie Spaey kommt zu dem Schluss: \u00ab <em>Eine Politik der dauerhaften Reisen, die den Charakter von Online-Treffen und von Orten der Begegnung in der N\u00e4he ber\u00fccksichtigt, pr\u00e4sentiert von\u00a0<a href=\"https:\/\/www.canopea.be\/?mailpoet_router&amp;endpoint=track&amp;action=click&amp;data=WyI5NzAxIiwiNzc0NTM1IiwiNDA3IiwiODQ3ZDE5MDJjYTc3IixmYWxzZV0\" data-saferedirecturl=\"https:\/\/www.google.com\/url?q=https:\/\/www.canopea.be?mailpoet_router%26endpoint%3Dtrack%26action%3Dclick%26data%3DWyI5NzAxIiwiNzc0NTM1IiwiNDA3IiwiODQ3ZDE5MDJjYTc3IixmYWxzZV0&amp;source=gmail&amp;ust=1678876078942000&amp;usg=AOvVaw0l50lRnppMDJhXeyc3bndt\">viele Vorteile f\u00fcr ein Unternehmen<\/a>\u00a0: nicht nur ein schwacher Kohlenstoff-Einsatz, sondern auch ein Zeitgewinn, ein Vorteil des Wohlbefindens und eine Kostensenkung<\/em>\u00a0\u00bb.<\/p>\n<p><strong>\u00dcber die Kampagne <\/strong><em><strong>Travel Smart<\/strong><\/em><strong>\u00a0und deine Einstufung:<\/strong>\u00a0<a href=\"https:\/\/www.canopea.be\/?mailpoet_router&amp;endpoint=track&amp;action=click&amp;data=WyI5NzAxIiwiNzc0NTM1IiwiNDA3IiwiOGVjZjJjYmI3MmQyIixmYWxzZV0\" data-saferedirecturl=\"https:\/\/www.google.com\/url?q=https:\/\/www.canopea.be?mailpoet_router%26endpoint%3Dtrack%26action%3Dclick%26data%3DWyI5NzAxIiwiNzc0NTM1IiwiNDA3IiwiOGVjZjJjYmI3MmQyIixmYWxzZV0&amp;source=gmail&amp;ust=1678876078942000&amp;usg=AOvVaw0L_CWmQa5HJUbFMBbkB7J_\">Transport &amp; Environment<\/a>, in Zusammenarbeit mit einer Koalition von Partnern im Rahmen des Internationalen Plans, startete die Kampagne Travel Smart im Jahr 2022 mit der j\u00e4hrlichen Ausgabe einer Klassifizierung von Unternehmen nach langlebigen Gebrauchsg\u00fctern im Gesch\u00e4ftsleben. Die Kampagne richtet sich an Unternehmen, deren Ziel es ist, ihre Gesch\u00e4ftsemissionen ab 2025 oder dar\u00fcber hinaus auf 50 % oder mehr zu reduzieren, und zwar im Hinblick auf die j\u00fcngsten Entwicklungen in der Covid-Krise.<\/p>\n<p>Le\u00a0<em>Travel Smart Ranking<\/em>\u00a0Klasse 322 amerikanische, europ\u00e4ische und indische Unternehmen anhand von 10 Indikatoren im Zusammenhang mit Flugreise-Emissionen, mit den Zielen der Reduzierung dieser Emissionen und der Berichterstattung. In den 17 L\u00e4ndern der Welt sind Unternehmen, deren Personal mehr im Flugzeug reist, f\u00fcr einen wichtigen Teil der Gesch\u00e4ftsreisen weltweit verantwortlich. Die Analyse hat wichtige Anstrengungen aufgezeigt, die bestimmte internationale Unternehmen unternehmen m\u00fcssen, um die Auswirkungen ihrer Gesch\u00e4ftst\u00e4tigkeit zu verringern. Den Unternehmen werden die Noten A, B, C oder D zugewiesen. In der Ausgabe dieses Jahres erhielten 11 Unternehmen die Note A, 3 die Note B, w\u00e4hrend die Mehrheit (212) die Note erhielt. Diese und sechs Unternehmen erhielten die Note D unter ihrem Namen.<\/p>\n<p>Um den Wandel im Gesch\u00e4ftsleben zu beschleunigen, beteiligt sich Canopea an der Entwicklung einer Koalition f\u00fcr nachhaltiges Reisen in Belgien, in der sich Avantgarde-Organisationen zusammenschlie\u00dfen, die sich f\u00fcr die Minimierung der Umwelt- und Klimaauswirkungen ihrer Gesch\u00e4ftsreisen. Derzeit sind die meisten der in dieser Koalition engagierten Organisationen Universit\u00e4ten und Hohe Schulen. Diese liefern Beispiele und k\u00f6nnen Unternehmen durch bestimmte Praktiken inspirieren. Unternehmensverb\u00e4nde oder Reiseagenturen haben beim Spielen eine Schl\u00fcsselrolle. Der belgische Reiseverband (F\u00f6deration aller im Reisesektor t\u00e4tigen belgischen Vereinigungen) beispielsweise erkennt die Bedeutung der Begleitung von Reiseagenturen darin, ihre Praktiken schrittweise zu \u00e4ndern, um angesichts des Klimas und der Umwelt w\u00e4hrend der Gesch\u00e4ftsreisen.<\/p>\n<table style=\"font-weight: 400;\" width=\"100%\">\n<tbody>\n<tr>\n<td><\/td>\n<\/tr>\n<\/tbody>\n<\/table>","protected":false},"excerpt":{"rendered":"<p>Aucune entreprise belge figurant dans la deuxi\u00e8me \u00e9dition d&#8217;un classement sur les voyages d&#8217;affaires r\u00e9alis\u00e9 par The Travel Smart Campaign, n&#8217;a fix\u00e9 d&#8217;objectif de r\u00e9duction de ses \u00e9missions li\u00e9es aux voyages d&#8217;affaires.<\/p>","protected":false},"featured_media":3318,"template":"","topic":[],"visibility":[],"post-country":[30],"language":[38],"category-post-type":[28],"class_list":["post-6539","library","type-library","status-publish","has-post-thumbnail","hentry","post-country-belgium","language-french","category-post-type-press-release"],"yoast_head":"<!-- This site is optimized with the Yoast SEO plugin v27.5 - https:\/\/yoast.com\/product\/yoast-seo-wordpress\/ -->\n<title>Les multinationales belges ne proposent pas de plans cr\u00e9dibles relatifs \u00e0 la r\u00e9duction des \u00e9missions de leurs vols d&#039;affaires - Travel Smart Campaign<\/title>\n<meta name=\"robots\" content=\"index, follow, max-snippet:-1, max-image-preview:large, max-video-preview:-1\" \/>\n<link rel=\"canonical\" href=\"https:\/\/travelsmartcampaign.org\/de\/bibliothek\/die-belgischen-multinationalen-konzerne-schlagen-keine-glaubwurdigen-plane-zur-emissionsreduzierung-ihrer-geschafte-vor\/\" \/>\n<meta property=\"og:locale\" content=\"de_DE\" \/>\n<meta property=\"og:type\" content=\"article\" \/>\n<meta property=\"og:title\" content=\"Les multinationales belges ne proposent pas de plans cr\u00e9dibles relatifs \u00e0 la r\u00e9duction des \u00e9missions de leurs vols d&#039;affaires - Travel Smart Campaign\" \/>\n<meta property=\"og:description\" content=\"Aucune entreprise belge figurant dans la deuxi\u00e8me \u00e9dition d&#039;un classement sur les voyages d&#039;affaires r\u00e9alis\u00e9 par The Travel Smart Campaign, n&#039;a fix\u00e9 d&#039;objectif de r\u00e9duction de ses \u00e9missions li\u00e9es aux voyages d&#039;affaires.\" \/>\n<meta property=\"og:url\" content=\"https:\/\/travelsmartcampaign.org\/de\/bibliothek\/die-belgischen-multinationalen-konzerne-schlagen-keine-glaubwurdigen-plane-zur-emissionsreduzierung-ihrer-geschafte-vor\/\" \/>\n<meta property=\"og:site_name\" content=\"Travel Smart Campaign\" \/>\n<meta property=\"article:modified_time\" content=\"2023-03-15T09:26:18+00:00\" \/>\n<meta property=\"og:image\" content=\"https:\/\/travelsmartcampaign.org\/wp-content\/uploads\/airplane-at-the-airport-scaled.jpg\" \/>\n\t<meta property=\"og:image:width\" content=\"2560\" \/>\n\t<meta property=\"og:image:height\" content=\"1707\" \/>\n\t<meta property=\"og:image:type\" content=\"image\/jpeg\" \/>\n<meta name=\"twitter:card\" content=\"summary_large_image\" \/>\n<meta name=\"twitter:label1\" content=\"Gesch\u00e4tzte Lesezeit\" \/>\n\t<meta name=\"twitter:data1\" content=\"5\u00a0Minuten\" \/>\n<script type=\"application\/ld+json\" class=\"yoast-schema-graph\">{\"@context\":\"https:\\\/\\\/schema.org\",\"@graph\":[{\"@type\":\"WebPage\",\"@id\":\"https:\\\/\\\/travelsmartcampaign.org\\\/nl\\\/bibliotheek\\\/belgische-multinationals-hebben-geen-geloofwaardige-plannen-voorgesteld-met-betrekking-tot-de-vermindering-van-de-uitstoot-van-hun-vols-zaken\\\/\",\"url\":\"https:\\\/\\\/travelsmartcampaign.org\\\/nl\\\/bibliotheek\\\/belgische-multinationals-hebben-geen-geloofwaardige-plannen-voorgesteld-met-betrekking-tot-de-vermindering-van-de-uitstoot-van-hun-vols-zaken\\\/\",\"name\":\"Les multinationales belges ne proposent pas de plans cr\u00e9dibles relatifs \u00e0 la r\u00e9duction des \u00e9missions de leurs vols d'affaires - Travel Smart Campaign\",\"isPartOf\":{\"@id\":\"https:\\\/\\\/travelsmartcampaign.org\\\/#website\"},\"primaryImageOfPage\":{\"@id\":\"https:\\\/\\\/travelsmartcampaign.org\\\/nl\\\/bibliotheek\\\/belgische-multinationals-hebben-geen-geloofwaardige-plannen-voorgesteld-met-betrekking-tot-de-vermindering-van-de-uitstoot-van-hun-vols-zaken\\\/#primaryimage\"},\"image\":{\"@id\":\"https:\\\/\\\/travelsmartcampaign.org\\\/nl\\\/bibliotheek\\\/belgische-multinationals-hebben-geen-geloofwaardige-plannen-voorgesteld-met-betrekking-tot-de-vermindering-van-de-uitstoot-van-hun-vols-zaken\\\/#primaryimage\"},\"thumbnailUrl\":\"https:\\\/\\\/travelsmartcampaign.org\\\/wp-content\\\/uploads\\\/airplane-at-the-airport-scaled.jpg\",\"datePublished\":\"2023-03-14T23:01:50+00:00\",\"dateModified\":\"2023-03-15T09:26:18+00:00\",\"breadcrumb\":{\"@id\":\"https:\\\/\\\/travelsmartcampaign.org\\\/nl\\\/bibliotheek\\\/belgische-multinationals-hebben-geen-geloofwaardige-plannen-voorgesteld-met-betrekking-tot-de-vermindering-van-de-uitstoot-van-hun-vols-zaken\\\/#breadcrumb\"},\"inLanguage\":\"de\",\"potentialAction\":[{\"@type\":\"ReadAction\",\"target\":[\"https:\\\/\\\/travelsmartcampaign.org\\\/nl\\\/bibliotheek\\\/belgische-multinationals-hebben-geen-geloofwaardige-plannen-voorgesteld-met-betrekking-tot-de-vermindering-van-de-uitstoot-van-hun-vols-zaken\\\/\"]}]},{\"@type\":\"ImageObject\",\"inLanguage\":\"de\",\"@id\":\"https:\\\/\\\/travelsmartcampaign.org\\\/nl\\\/bibliotheek\\\/belgische-multinationals-hebben-geen-geloofwaardige-plannen-voorgesteld-met-betrekking-tot-de-vermindering-van-de-uitstoot-van-hun-vols-zaken\\\/#primaryimage\",\"url\":\"https:\\\/\\\/travelsmartcampaign.org\\\/wp-content\\\/uploads\\\/airplane-at-the-airport-scaled.jpg\",\"contentUrl\":\"https:\\\/\\\/travelsmartcampaign.org\\\/wp-content\\\/uploads\\\/airplane-at-the-airport-scaled.jpg\",\"width\":2560,\"height\":1707,\"caption\":\"Airplane at the airport\"},{\"@type\":\"BreadcrumbList\",\"@id\":\"https:\\\/\\\/travelsmartcampaign.org\\\/nl\\\/bibliotheek\\\/belgische-multinationals-hebben-geen-geloofwaardige-plannen-voorgesteld-met-betrekking-tot-de-vermindering-van-de-uitstoot-van-hun-vols-zaken\\\/#breadcrumb\",\"itemListElement\":[{\"@type\":\"ListItem\",\"position\":1,\"name\":\"Home\",\"item\":\"https:\\\/\\\/travelsmartcampaign.org\\\/\"},{\"@type\":\"ListItem\",\"position\":2,\"name\":\"Les multinationales belges ne proposent pas de plans cr\u00e9dibles relatifs \u00e0 la r\u00e9duction des \u00e9missions de leurs vols d&#8217;affaires\"}]},{\"@type\":\"WebSite\",\"@id\":\"https:\\\/\\\/travelsmartcampaign.org\\\/#website\",\"url\":\"https:\\\/\\\/travelsmartcampaign.org\\\/\",\"name\":\"Travel Smart\",\"description\":\"\",\"publisher\":{\"@id\":\"https:\\\/\\\/travelsmartcampaign.org\\\/#organization\"},\"potentialAction\":[{\"@type\":\"SearchAction\",\"target\":{\"@type\":\"EntryPoint\",\"urlTemplate\":\"https:\\\/\\\/travelsmartcampaign.org\\\/?s={search_term_string}\"},\"query-input\":{\"@type\":\"PropertyValueSpecification\",\"valueRequired\":true,\"valueName\":\"search_term_string\"}}],\"inLanguage\":\"de\"},{\"@type\":\"Organization\",\"@id\":\"https:\\\/\\\/travelsmartcampaign.org\\\/#organization\",\"name\":\"Travel Smart\",\"url\":\"https:\\\/\\\/travelsmartcampaign.org\\\/\",\"logo\":{\"@type\":\"ImageObject\",\"inLanguage\":\"de\",\"@id\":\"https:\\\/\\\/travelsmartcampaign.org\\\/#\\\/schema\\\/logo\\\/image\\\/\",\"url\":\"https:\\\/\\\/travelsmartcampaign.org\\\/wp-content\\\/uploads\\\/travel-smart-min.jpeg\",\"contentUrl\":\"https:\\\/\\\/travelsmartcampaign.org\\\/wp-content\\\/uploads\\\/travel-smart-min.jpeg\",\"width\":1200,\"height\":690,\"caption\":\"Travel Smart\"},\"image\":{\"@id\":\"https:\\\/\\\/travelsmartcampaign.org\\\/#\\\/schema\\\/logo\\\/image\\\/\"}}]}<\/script>\n<!-- \/ Yoast SEO plugin. -->","yoast_head_json":{"title":"Belgische multinationale Unternehmen legen keine glaubw\u00fcrdigen Pl\u00e4ne zur Reduzierung der Emissionen ihrer Gesch\u00e4ftsfl\u00fcge vor \u2013 Travel Smart-Kampagne","robots":{"index":"index","follow":"follow","max-snippet":"max-snippet:-1","max-image-preview":"max-image-preview:large","max-video-preview":"max-video-preview:-1"},"canonical":"https:\/\/travelsmartcampaign.org\/de\/bibliothek\/die-belgischen-multinationalen-konzerne-schlagen-keine-glaubwurdigen-plane-zur-emissionsreduzierung-ihrer-geschafte-vor\/","og_locale":"de_DE","og_type":"article","og_title":"Les multinationales belges ne proposent pas de plans cr\u00e9dibles relatifs \u00e0 la r\u00e9duction des \u00e9missions de leurs vols d'affaires - Travel Smart Campaign","og_description":"Aucune entreprise belge figurant dans la deuxi\u00e8me \u00e9dition d'un classement sur les voyages d'affaires r\u00e9alis\u00e9 par The Travel Smart Campaign, n'a fix\u00e9 d'objectif de r\u00e9duction de ses \u00e9missions li\u00e9es aux voyages d'affaires.","og_url":"https:\/\/travelsmartcampaign.org\/de\/bibliothek\/die-belgischen-multinationalen-konzerne-schlagen-keine-glaubwurdigen-plane-zur-emissionsreduzierung-ihrer-geschafte-vor\/","og_site_name":"Travel Smart Campaign","article_modified_time":"2023-03-15T09:26:18+00:00","og_image":[{"width":2560,"height":1707,"url":"https:\/\/travelsmartcampaign.org\/wp-content\/uploads\/airplane-at-the-airport-scaled.jpg","type":"image\/jpeg"}],"twitter_card":"summary_large_image","twitter_misc":{"Gesch\u00e4tzte Lesezeit":"5\u00a0Minuten"},"schema":{"@context":"https:\/\/schema.org","@graph":[{"@type":"WebPage","@id":"https:\/\/travelsmartcampaign.org\/nl\/bibliotheek\/belgische-multinationals-hebben-geen-geloofwaardige-plannen-voorgesteld-met-betrekking-tot-de-vermindering-van-de-uitstoot-van-hun-vols-zaken\/","url":"https:\/\/travelsmartcampaign.org\/nl\/bibliotheek\/belgische-multinationals-hebben-geen-geloofwaardige-plannen-voorgesteld-met-betrekking-tot-de-vermindering-van-de-uitstoot-van-hun-vols-zaken\/","name":"Belgische multinationale Unternehmen legen keine glaubw\u00fcrdigen Pl\u00e4ne zur Reduzierung der Emissionen ihrer Gesch\u00e4ftsfl\u00fcge vor \u2013 Travel Smart-Kampagne","isPartOf":{"@id":"https:\/\/travelsmartcampaign.org\/#website"},"primaryImageOfPage":{"@id":"https:\/\/travelsmartcampaign.org\/nl\/bibliotheek\/belgische-multinationals-hebben-geen-geloofwaardige-plannen-voorgesteld-met-betrekking-tot-de-vermindering-van-de-uitstoot-van-hun-vols-zaken\/#primaryimage"},"image":{"@id":"https:\/\/travelsmartcampaign.org\/nl\/bibliotheek\/belgische-multinationals-hebben-geen-geloofwaardige-plannen-voorgesteld-met-betrekking-tot-de-vermindering-van-de-uitstoot-van-hun-vols-zaken\/#primaryimage"},"thumbnailUrl":"https:\/\/travelsmartcampaign.org\/wp-content\/uploads\/airplane-at-the-airport-scaled.jpg","datePublished":"2023-03-14T23:01:50+00:00","dateModified":"2023-03-15T09:26:18+00:00","breadcrumb":{"@id":"https:\/\/travelsmartcampaign.org\/nl\/bibliotheek\/belgische-multinationals-hebben-geen-geloofwaardige-plannen-voorgesteld-met-betrekking-tot-de-vermindering-van-de-uitstoot-van-hun-vols-zaken\/#breadcrumb"},"inLanguage":"de","potentialAction":[{"@type":"ReadAction","target":["https:\/\/travelsmartcampaign.org\/nl\/bibliotheek\/belgische-multinationals-hebben-geen-geloofwaardige-plannen-voorgesteld-met-betrekking-tot-de-vermindering-van-de-uitstoot-van-hun-vols-zaken\/"]}]},{"@type":"ImageObject","inLanguage":"de","@id":"https:\/\/travelsmartcampaign.org\/nl\/bibliotheek\/belgische-multinationals-hebben-geen-geloofwaardige-plannen-voorgesteld-met-betrekking-tot-de-vermindering-van-de-uitstoot-van-hun-vols-zaken\/#primaryimage","url":"https:\/\/travelsmartcampaign.org\/wp-content\/uploads\/airplane-at-the-airport-scaled.jpg","contentUrl":"https:\/\/travelsmartcampaign.org\/wp-content\/uploads\/airplane-at-the-airport-scaled.jpg","width":2560,"height":1707,"caption":"Airplane at the airport"},{"@type":"BreadcrumbList","@id":"https:\/\/travelsmartcampaign.org\/nl\/bibliotheek\/belgische-multinationals-hebben-geen-geloofwaardige-plannen-voorgesteld-met-betrekking-tot-de-vermindering-van-de-uitstoot-van-hun-vols-zaken\/#breadcrumb","itemListElement":[{"@type":"ListItem","position":1,"name":"Home","item":"https:\/\/travelsmartcampaign.org\/"},{"@type":"ListItem","position":2,"name":"Les multinationales belges ne proposent pas de plans cr\u00e9dibles relatifs \u00e0 la r\u00e9duction des \u00e9missions de leurs vols d&#8217;affaires"}]},{"@type":"WebSite","@id":"https:\/\/travelsmartcampaign.org\/#website","url":"https:\/\/travelsmartcampaign.org\/","name":"Travel Smart","description":"","publisher":{"@id":"https:\/\/travelsmartcampaign.org\/#organization"},"potentialAction":[{"@type":"SearchAction","target":{"@type":"EntryPoint","urlTemplate":"https:\/\/travelsmartcampaign.org\/?s={search_term_string}"},"query-input":{"@type":"PropertyValueSpecification","valueRequired":true,"valueName":"search_term_string"}}],"inLanguage":"de"},{"@type":"Organization","@id":"https:\/\/travelsmartcampaign.org\/#organization","name":"Travel Smart","url":"https:\/\/travelsmartcampaign.org\/","logo":{"@type":"ImageObject","inLanguage":"de","@id":"https:\/\/travelsmartcampaign.org\/#\/schema\/logo\/image\/","url":"https:\/\/travelsmartcampaign.org\/wp-content\/uploads\/travel-smart-min.jpeg","contentUrl":"https:\/\/travelsmartcampaign.org\/wp-content\/uploads\/travel-smart-min.jpeg","width":1200,"height":690,"caption":"Travel Smart"},"image":{"@id":"https:\/\/travelsmartcampaign.org\/#\/schema\/logo\/image\/"}}]}},"_links":{"self":[{"href":"https:\/\/travelsmartcampaign.org\/de\/wp-json\/wp\/v2\/library\/6539","targetHints":{"allow":["GET"]}}],"collection":[{"href":"https:\/\/travelsmartcampaign.org\/de\/wp-json\/wp\/v2\/library"}],"about":[{"href":"https:\/\/travelsmartcampaign.org\/de\/wp-json\/wp\/v2\/types\/library"}],"version-history":[{"count":0,"href":"https:\/\/travelsmartcampaign.org\/de\/wp-json\/wp\/v2\/library\/6539\/revisions"}],"wp:featuredmedia":[{"embeddable":true,"href":"https:\/\/travelsmartcampaign.org\/de\/wp-json\/wp\/v2\/media\/3318"}],"wp:attachment":[{"href":"https:\/\/travelsmartcampaign.org\/de\/wp-json\/wp\/v2\/media?parent=6539"}],"wp:term":[{"taxonomy":"topic","embeddable":true,"href":"https:\/\/travelsmartcampaign.org\/de\/wp-json\/wp\/v2\/topic?post=6539"},{"taxonomy":"visibility","embeddable":true,"href":"https:\/\/travelsmartcampaign.org\/de\/wp-json\/wp\/v2\/visibility?post=6539"},{"taxonomy":"post-country","embeddable":true,"href":"https:\/\/travelsmartcampaign.org\/de\/wp-json\/wp\/v2\/post-country?post=6539"},{"taxonomy":"language","embeddable":true,"href":"https:\/\/travelsmartcampaign.org\/de\/wp-json\/wp\/v2\/language?post=6539"},{"taxonomy":"category-post-type","embeddable":true,"href":"https:\/\/travelsmartcampaign.org\/de\/wp-json\/wp\/v2\/category-post-type?post=6539"}],"curies":[{"name":"wp","href":"https:\/\/api.w.org\/{rel}","templated":true}]}}