{"id":9008,"date":"2023-07-04T16:06:32","date_gmt":"2023-07-04T15:06:32","guid":{"rendered":"http:\/\/travelsmartcampaign.org\/?post_type=library&#038;p=9008"},"modified":"2024-12-16T18:02:57","modified_gmt":"2024-12-16T17:02:57","slug":"in-schweizer-unternehmen-auf-weniger-lavion-verzichten","status":"publish","type":"library","link":"https:\/\/travelsmartcampaign.org\/de\/library\/dans-les-entreprises-suisses-on-veut-moins-prendre-lavion\/","title":{"rendered":"Als Schweizer Unternehmen haben Sie mir nur wenig Zeit zum Fliegen gegeben"},"content":{"rendered":"<div class=\"beside-right hf-grid hf-margin-bottom-xl\">\n<div class=\"col-8_xs-12\">\n<p class=\"teaser-text\">Einer neuen Untersuchung zufolge unternehmen drei Viertel der Mitarbeiter gro\u00dfer Schweizer Unternehmen weniger Anstrengungen, um das Klima zu sch\u00fctzen. Dieses Ergebnis hat die ATE Association Transports et Environnement in ihrem Engagement \u00fcberzeugt. Die Reduzierung der Gesch\u00e4ftszahlen ist eine einfache M\u00f6glichkeit, die Gasemissionen schnell und effizient zu reduzieren und so das Ziel einer Netto-Null-Emission zu erreichen. Diese Meldung wurde im Rahmen der Kampagne \u201eTravel Smart\u201c der bestehenden Organisation Transport &amp; Environment ver\u00f6ffentlicht, ATE ist kein Mitglied.<\/p>\n<\/div>\n<\/div>\n<div class=\"beside-left hf-grid\">\n<div class=\"col-12\">\n<div class=\"ce-bodytext\">\n<p>Aus der Sondierung geht hervor, dass sich das Personal von zwei Ebenen gro\u00dfer Schweizer Unternehmen auf die Durchf\u00fchrung von Gesch\u00e4ftstransaktionen konzentriert. Der Trend geht jedoch dahin: Paroli zu bieten und diejenigen, die sich um die Angelegenheiten k\u00fcmmern, sollten sich aufgrund der COVID-Pandemie weniger Sorgen um das Flugzeug machen.<\/p>\n<p>Weitere Konstanten: Drei Viertel der Personen untersuchen, wie die Reduzierung der Gesch\u00e4ftszahlen ein wichtiger Faktor f\u00fcr die Verbesserung des Kohlenstoffaussto\u00dfes in Unternehmen ist. Die Mehrheit der Unternehmen ist \u00fcberzeugt, dass ihre Ziele im Kern festgeschrieben sind.<\/p>\n<p>Laut Yves Chatton, Projektverantwortlicher der Verkehrspolitik in der AT, \u201ewird diese Meldung deutlich machen, dass eine Reduzierung der Gesch\u00e4ftszahlen vom Personal gefordert wird.\u201c Die Unternehmen m\u00fcssen auf diese Aufmerksamkeit reagieren, indem sie die Ziele im Auge behalten. Die Pandemie zeigt, dass Unternehmen m\u00f6glicherweise genauso wirksam sind wie mit einem geringeren Flugzeug. Dies ist sowohl f\u00fcr den Klimaschutz als auch f\u00fcr die Lebensqualit\u00e4t ihres Personals von gro\u00dfem Nutzen.\u00bb F\u00fcr les\u00a0<a class=\"external-link\" href=\"https:\/\/www.europeentrain.ch\/\" target=\"_blank\" rel=\"noopener noreferrer\">Europ\u00e4ische Reiseziele<\/a>\u00a0Insbesondere wird der Zug als Alternative eingesetzt, um das Klima zu respektieren. Eine \u00dcberweisung soll dazu beitragen, das im Klimagesetz verankerte Null-Emissionsziel zu erreichen, das von der Bev\u00f6lkerung gebilligt wird.<\/p>\n<p>60% Der befragte Mitarbeiter dachte dar\u00fcber nach, ob er gro\u00dfen Einfluss auf die Reisepolitik seines Unternehmens habe. Diese Ergebnisse entsprechen einigen anderen europ\u00e4ischen L\u00e4ndern und wurden im letzten Jahr im Rahmen der internationalen Kampagne \u201eTravel Smart\u201c abgefragt. Dies fordert die Unternehmen auf, ihre Ver\u00f6ffentlichungen innerhalb von mindestens 50 Tagen nach Bekanntgabe des Datums von 2019 bzw. 2025 zu verlangsamen.<\/p>\n<p>Diese Untersuchung wurde vom Unternehmen Ipsos durchgef\u00fchrt und befragte 500 in Schweizer Unternehmen arbeitende Personen, die mindestens 50 Angestellte haben. Die vollst\u00e4ndigen Untersuchungsergebnisse k\u00f6nnen abgerufen werden\u00a0<a class=\"download-link\" href=\"https:\/\/www.ate.ch\/fileadmin\/user_upload\/65_medien\/Travel_Smart_Topline_-_Switzerland_with_summary.pdf\" target=\"_blank\" rel=\"noopener\">hier<\/a>.<\/p>\n<\/div>\n<div class=\"hf-margin-top-l news-contact\">\n<p>\u2013 Yves Chatton, Verantwortlicher f\u00fcr verkehrspolitische Projekte, 031 328 58 64<\/p>\n<p>\u2013 Service m\u00e9dias ATE, 079 708 05 36, medias@ate.ch<\/p>\n<\/div>\n<\/div>\n<\/div>","protected":false},"excerpt":{"rendered":"<p>Selon un nouveau sondage, trois quarts du personnel des grandes entreprises suisses veulent moins de vols d\u2019affaires pour prot\u00e9ger le climat. Ce r\u00e9sultat conforte l\u2019ATE Association transports et environnement dans son engagement. La r\u00e9duction des vols d\u2019affaires est un moyen simple de couper rapidement les \u00e9missions de gaz \u00e0 effet de serre, contribuant ainsi \u00e0 [&hellip;]<\/p>\n","protected":false},"featured_media":8851,"template":"","topic":[],"visibility":[55],"post-country":[36],"language":[38],"category-post-type":[232],"class_list":["post-9008","library","type-library","status-publish","has-post-thumbnail","hentry","visibility-open","post-country-switzerland","language-french","category-post-type-survey"],"yoast_head":"<!-- This site is optimized with the Yoast SEO plugin v27.5 - https:\/\/yoast.com\/product\/yoast-seo-wordpress\/ -->\n<title>Dans les entreprises suisses, on veut moins prendre l&#039;avion - Travel Smart Campaign<\/title>\n<meta name=\"robots\" content=\"index, follow, max-snippet:-1, max-image-preview:large, max-video-preview:-1\" \/>\n<link rel=\"canonical\" href=\"https:\/\/travelsmartcampaign.org\/de\/bibliothek\/in-schweizer-unternehmen-auf-weniger-lavion-verzichten\/\" \/>\n<meta property=\"og:locale\" content=\"de_DE\" \/>\n<meta property=\"og:type\" content=\"article\" \/>\n<meta property=\"og:title\" content=\"Dans les entreprises suisses, on veut moins prendre l&#039;avion - Travel Smart Campaign\" \/>\n<meta property=\"og:description\" content=\"Selon un nouveau sondage, trois quarts du personnel des grandes entreprises suisses veulent moins de vols d\u2019affaires pour prot\u00e9ger le climat. Ce r\u00e9sultat conforte l\u2019ATE Association transports et environnement dans son engagement. La r\u00e9duction des vols d\u2019affaires est un moyen simple de couper rapidement les \u00e9missions de gaz \u00e0 effet de serre, contribuant ainsi \u00e0 [&hellip;]\" \/>\n<meta property=\"og:url\" content=\"https:\/\/travelsmartcampaign.org\/de\/bibliothek\/in-schweizer-unternehmen-auf-weniger-lavion-verzichten\/\" \/>\n<meta property=\"og:site_name\" content=\"Travel Smart Campaign\" \/>\n<meta property=\"article:modified_time\" content=\"2024-12-16T17:02:57+00:00\" \/>\n<meta property=\"og:image\" content=\"https:\/\/travelsmartcampaign.org\/wp-content\/uploads\/pexels-thirdman-5256692-scaled.jpg\" \/>\n\t<meta property=\"og:image:width\" content=\"1707\" \/>\n\t<meta property=\"og:image:height\" content=\"2560\" \/>\n\t<meta property=\"og:image:type\" content=\"image\/jpeg\" \/>\n<meta name=\"twitter:card\" content=\"summary_large_image\" \/>\n<meta name=\"twitter:label1\" content=\"Gesch\u00e4tzte Lesezeit\" \/>\n\t<meta name=\"twitter:data1\" content=\"2\u00a0Minuten\" \/>\n<script type=\"application\/ld+json\" class=\"yoast-schema-graph\">{\"@context\":\"https:\\\/\\\/schema.org\",\"@graph\":[{\"@type\":\"WebPage\",\"@id\":\"https:\\\/\\\/travelsmartcampaign.org\\\/library\\\/dans-les-entreprises-suisses-on-veut-moins-prendre-lavion\\\/\",\"url\":\"https:\\\/\\\/travelsmartcampaign.org\\\/library\\\/dans-les-entreprises-suisses-on-veut-moins-prendre-lavion\\\/\",\"name\":\"Dans les entreprises suisses, on veut moins prendre l'avion - Travel Smart Campaign\",\"isPartOf\":{\"@id\":\"https:\\\/\\\/travelsmartcampaign.org\\\/#website\"},\"primaryImageOfPage\":{\"@id\":\"https:\\\/\\\/travelsmartcampaign.org\\\/library\\\/dans-les-entreprises-suisses-on-veut-moins-prendre-lavion\\\/#primaryimage\"},\"image\":{\"@id\":\"https:\\\/\\\/travelsmartcampaign.org\\\/library\\\/dans-les-entreprises-suisses-on-veut-moins-prendre-lavion\\\/#primaryimage\"},\"thumbnailUrl\":\"https:\\\/\\\/travelsmartcampaign.org\\\/wp-content\\\/uploads\\\/pexels-thirdman-5256692-scaled.jpg\",\"datePublished\":\"2023-07-04T15:06:32+00:00\",\"dateModified\":\"2024-12-16T17:02:57+00:00\",\"breadcrumb\":{\"@id\":\"https:\\\/\\\/travelsmartcampaign.org\\\/library\\\/dans-les-entreprises-suisses-on-veut-moins-prendre-lavion\\\/#breadcrumb\"},\"inLanguage\":\"de\",\"potentialAction\":[{\"@type\":\"ReadAction\",\"target\":[\"https:\\\/\\\/travelsmartcampaign.org\\\/library\\\/dans-les-entreprises-suisses-on-veut-moins-prendre-lavion\\\/\"]}]},{\"@type\":\"ImageObject\",\"inLanguage\":\"de\",\"@id\":\"https:\\\/\\\/travelsmartcampaign.org\\\/library\\\/dans-les-entreprises-suisses-on-veut-moins-prendre-lavion\\\/#primaryimage\",\"url\":\"https:\\\/\\\/travelsmartcampaign.org\\\/wp-content\\\/uploads\\\/pexels-thirdman-5256692-scaled.jpg\",\"contentUrl\":\"https:\\\/\\\/travelsmartcampaign.org\\\/wp-content\\\/uploads\\\/pexels-thirdman-5256692-scaled.jpg\",\"width\":1707,\"height\":2560},{\"@type\":\"BreadcrumbList\",\"@id\":\"https:\\\/\\\/travelsmartcampaign.org\\\/library\\\/dans-les-entreprises-suisses-on-veut-moins-prendre-lavion\\\/#breadcrumb\",\"itemListElement\":[{\"@type\":\"ListItem\",\"position\":1,\"name\":\"Home\",\"item\":\"https:\\\/\\\/travelsmartcampaign.org\\\/\"},{\"@type\":\"ListItem\",\"position\":2,\"name\":\"Dans les entreprises suisses, on veut moins prendre l&#8217;avion\"}]},{\"@type\":\"WebSite\",\"@id\":\"https:\\\/\\\/travelsmartcampaign.org\\\/#website\",\"url\":\"https:\\\/\\\/travelsmartcampaign.org\\\/\",\"name\":\"Travel Smart\",\"description\":\"\",\"publisher\":{\"@id\":\"https:\\\/\\\/travelsmartcampaign.org\\\/#organization\"},\"potentialAction\":[{\"@type\":\"SearchAction\",\"target\":{\"@type\":\"EntryPoint\",\"urlTemplate\":\"https:\\\/\\\/travelsmartcampaign.org\\\/?s={search_term_string}\"},\"query-input\":{\"@type\":\"PropertyValueSpecification\",\"valueRequired\":true,\"valueName\":\"search_term_string\"}}],\"inLanguage\":\"de\"},{\"@type\":\"Organization\",\"@id\":\"https:\\\/\\\/travelsmartcampaign.org\\\/#organization\",\"name\":\"Travel Smart\",\"url\":\"https:\\\/\\\/travelsmartcampaign.org\\\/\",\"logo\":{\"@type\":\"ImageObject\",\"inLanguage\":\"de\",\"@id\":\"https:\\\/\\\/travelsmartcampaign.org\\\/#\\\/schema\\\/logo\\\/image\\\/\",\"url\":\"https:\\\/\\\/travelsmartcampaign.org\\\/wp-content\\\/uploads\\\/travel-smart-min.jpeg\",\"contentUrl\":\"https:\\\/\\\/travelsmartcampaign.org\\\/wp-content\\\/uploads\\\/travel-smart-min.jpeg\",\"width\":1200,\"height\":690,\"caption\":\"Travel Smart\"},\"image\":{\"@id\":\"https:\\\/\\\/travelsmartcampaign.org\\\/#\\\/schema\\\/logo\\\/image\\\/\"}}]}<\/script>\n<!-- \/ Yoast SEO plugin. -->","yoast_head_json":{"title":"In Schweizer Unternehmen will man weniger fliegen \u2013 Kampagne Travel Smart","robots":{"index":"index","follow":"follow","max-snippet":"max-snippet:-1","max-image-preview":"max-image-preview:large","max-video-preview":"max-video-preview:-1"},"canonical":"https:\/\/travelsmartcampaign.org\/de\/bibliothek\/in-schweizer-unternehmen-auf-weniger-lavion-verzichten\/","og_locale":"de_DE","og_type":"article","og_title":"Dans les entreprises suisses, on veut moins prendre l'avion - Travel Smart Campaign","og_description":"Selon un nouveau sondage, trois quarts du personnel des grandes entreprises suisses veulent moins de vols d\u2019affaires pour prot\u00e9ger le climat. Ce r\u00e9sultat conforte l\u2019ATE Association transports et environnement dans son engagement. La r\u00e9duction des vols d\u2019affaires est un moyen simple de couper rapidement les \u00e9missions de gaz \u00e0 effet de serre, contribuant ainsi \u00e0 [&hellip;]","og_url":"https:\/\/travelsmartcampaign.org\/de\/bibliothek\/in-schweizer-unternehmen-auf-weniger-lavion-verzichten\/","og_site_name":"Travel Smart Campaign","article_modified_time":"2024-12-16T17:02:57+00:00","og_image":[{"width":1707,"height":2560,"url":"https:\/\/travelsmartcampaign.org\/wp-content\/uploads\/pexels-thirdman-5256692-scaled.jpg","type":"image\/jpeg"}],"twitter_card":"summary_large_image","twitter_misc":{"Gesch\u00e4tzte Lesezeit":"2\u00a0Minuten"},"schema":{"@context":"https:\/\/schema.org","@graph":[{"@type":"WebPage","@id":"https:\/\/travelsmartcampaign.org\/library\/dans-les-entreprises-suisses-on-veut-moins-prendre-lavion\/","url":"https:\/\/travelsmartcampaign.org\/library\/dans-les-entreprises-suisses-on-veut-moins-prendre-lavion\/","name":"In Schweizer Unternehmen will man weniger fliegen \u2013 Kampagne Travel Smart","isPartOf":{"@id":"https:\/\/travelsmartcampaign.org\/#website"},"primaryImageOfPage":{"@id":"https:\/\/travelsmartcampaign.org\/library\/dans-les-entreprises-suisses-on-veut-moins-prendre-lavion\/#primaryimage"},"image":{"@id":"https:\/\/travelsmartcampaign.org\/library\/dans-les-entreprises-suisses-on-veut-moins-prendre-lavion\/#primaryimage"},"thumbnailUrl":"https:\/\/travelsmartcampaign.org\/wp-content\/uploads\/pexels-thirdman-5256692-scaled.jpg","datePublished":"2023-07-04T15:06:32+00:00","dateModified":"2024-12-16T17:02:57+00:00","breadcrumb":{"@id":"https:\/\/travelsmartcampaign.org\/library\/dans-les-entreprises-suisses-on-veut-moins-prendre-lavion\/#breadcrumb"},"inLanguage":"de","potentialAction":[{"@type":"ReadAction","target":["https:\/\/travelsmartcampaign.org\/library\/dans-les-entreprises-suisses-on-veut-moins-prendre-lavion\/"]}]},{"@type":"ImageObject","inLanguage":"de","@id":"https:\/\/travelsmartcampaign.org\/library\/dans-les-entreprises-suisses-on-veut-moins-prendre-lavion\/#primaryimage","url":"https:\/\/travelsmartcampaign.org\/wp-content\/uploads\/pexels-thirdman-5256692-scaled.jpg","contentUrl":"https:\/\/travelsmartcampaign.org\/wp-content\/uploads\/pexels-thirdman-5256692-scaled.jpg","width":1707,"height":2560},{"@type":"BreadcrumbList","@id":"https:\/\/travelsmartcampaign.org\/library\/dans-les-entreprises-suisses-on-veut-moins-prendre-lavion\/#breadcrumb","itemListElement":[{"@type":"ListItem","position":1,"name":"Home","item":"https:\/\/travelsmartcampaign.org\/"},{"@type":"ListItem","position":2,"name":"Dans les entreprises suisses, on veut moins prendre l&#8217;avion"}]},{"@type":"WebSite","@id":"https:\/\/travelsmartcampaign.org\/#website","url":"https:\/\/travelsmartcampaign.org\/","name":"Travel Smart","description":"","publisher":{"@id":"https:\/\/travelsmartcampaign.org\/#organization"},"potentialAction":[{"@type":"SearchAction","target":{"@type":"EntryPoint","urlTemplate":"https:\/\/travelsmartcampaign.org\/?s={search_term_string}"},"query-input":{"@type":"PropertyValueSpecification","valueRequired":true,"valueName":"search_term_string"}}],"inLanguage":"de"},{"@type":"Organization","@id":"https:\/\/travelsmartcampaign.org\/#organization","name":"Travel Smart","url":"https:\/\/travelsmartcampaign.org\/","logo":{"@type":"ImageObject","inLanguage":"de","@id":"https:\/\/travelsmartcampaign.org\/#\/schema\/logo\/image\/","url":"https:\/\/travelsmartcampaign.org\/wp-content\/uploads\/travel-smart-min.jpeg","contentUrl":"https:\/\/travelsmartcampaign.org\/wp-content\/uploads\/travel-smart-min.jpeg","width":1200,"height":690,"caption":"Travel Smart"},"image":{"@id":"https:\/\/travelsmartcampaign.org\/#\/schema\/logo\/image\/"}}]}},"_links":{"self":[{"href":"https:\/\/travelsmartcampaign.org\/de\/wp-json\/wp\/v2\/library\/9008","targetHints":{"allow":["GET"]}}],"collection":[{"href":"https:\/\/travelsmartcampaign.org\/de\/wp-json\/wp\/v2\/library"}],"about":[{"href":"https:\/\/travelsmartcampaign.org\/de\/wp-json\/wp\/v2\/types\/library"}],"version-history":[{"count":0,"href":"https:\/\/travelsmartcampaign.org\/de\/wp-json\/wp\/v2\/library\/9008\/revisions"}],"wp:featuredmedia":[{"embeddable":true,"href":"https:\/\/travelsmartcampaign.org\/de\/wp-json\/wp\/v2\/media\/8851"}],"wp:attachment":[{"href":"https:\/\/travelsmartcampaign.org\/de\/wp-json\/wp\/v2\/media?parent=9008"}],"wp:term":[{"taxonomy":"topic","embeddable":true,"href":"https:\/\/travelsmartcampaign.org\/de\/wp-json\/wp\/v2\/topic?post=9008"},{"taxonomy":"visibility","embeddable":true,"href":"https:\/\/travelsmartcampaign.org\/de\/wp-json\/wp\/v2\/visibility?post=9008"},{"taxonomy":"post-country","embeddable":true,"href":"https:\/\/travelsmartcampaign.org\/de\/wp-json\/wp\/v2\/post-country?post=9008"},{"taxonomy":"language","embeddable":true,"href":"https:\/\/travelsmartcampaign.org\/de\/wp-json\/wp\/v2\/language?post=9008"},{"taxonomy":"category-post-type","embeddable":true,"href":"https:\/\/travelsmartcampaign.org\/de\/wp-json\/wp\/v2\/category-post-type?post=9008"}],"curies":[{"name":"wp","href":"https:\/\/api.w.org\/{rel}","templated":true}]}}