{"id":13496,"date":"2024-05-24T00:01:35","date_gmt":"2024-05-23T23:01:35","guid":{"rendered":"http:\/\/travelsmartcampaign.org\/?post_type=library&#038;p=13496"},"modified":"2025-05-14T11:40:28","modified_gmt":"2025-05-14T10:40:28","slug":"viajes-de-negocios-les-emisiones-de-los-grandes-grupos-franceses-ont-diminue-dun-tiers-par-rapport-a-2019","status":"publish","type":"library","link":"https:\/\/travelsmartcampaign.org\/es\/library\/voyages-daffaires-les-emissions-des-grands-groupes-francais-ont-diminue-dun-tiers-par-rapport-a-2019\/","title":{"rendered":"Viajes de negocios: las emisiones de los grandes grupos franceses han disminuido en un nivel seg\u00fan la relaci\u00f3n de 2019"},"content":{"rendered":"<p><span style=\"font-weight: 400;\">Une nouvelle analyse de T&amp;E sur les<\/span> <span style=\"font-weight: 400;\">Las emisiones de viajes de negocios de 18 empresas francesas en 2023 revelan lo que es moyenne, elles ont r\u00e9duit leurs \u00e9missions d&#039;un tiers (-33 %) en 2023 par rapport \u00e0 2019. Mais surees d&#039;entre ellos se acercan r\u00e1pidamente a los niveles de 2019. Parmi elles, Forvia (anciennement Faurecia), Sanofi y Air Liquide son ingresos de casi 90 % de leurs niveaux d&#039;\u00e9missions de 2019. Ceci, malgr\u00e9 le fait que les entreprises ont appris \u00e0 travailler avec les outils de visioconf\u00e9rence et avec Moins de vols depuis le Covid, et alors que la plupart d&#039;entre elles se sont engag\u00e9es \u00e0 r\u00e9duire leur empreinte carbone.<\/span><\/p>\n<p><span style=\"font-weight: 400;\">Una empresa, bioM\u00e9rieux, a super\u00f3 sus niveles de vols de 2019 (+9%). Al mismo tiempo, lograr\u00e1 establecer en 2023 un objetivo de reducci\u00f3n interna de -10% en relaci\u00f3n con las emisiones de viaje de 2022, una evoluci\u00f3n positiva que deber\u00e1 ayudar a corregir la trayectoria.\u00a0<\/span><\/p>\n<p><span style=\"font-weight: 400;\">9 de las 18 empresas analizadas se fijan en los objetivos de reducci\u00f3n de los viajes de negocios, y dos empresas reducen significativamente sus vol\u00famenes, que representan lo esencial de las emisiones de los viajes de negocios, y mantienen los niveles d\u00e9biles de Emisiones observadas en la salida de la pandemia. Las emisiones de 2023 de los viajes de negocios de Dassault sont \u00e0 -60 % de los niveles de 2019 y c\u00e9lulas de Amundi \u00e0 -51 %. En 2022, nuevas empresas aprovechar\u00e1n este rendimiento, en gran parte debido a las restricciones impuestas por el Covid. Dassault y Amundi tienen como objetivo la reducci\u00f3n de emisiones en sus viajes de negocios.\u00a0<\/span><\/p>\n<p><img loading=\"lazy\" decoding=\"async\" class=\"alignnone size-full wp-image-16609\" src=\"http:\/\/travelsmartcampaign.org\/wp-content\/uploads\/1-4.png\" alt=\"\" width=\"768\" height=\"1100\" srcset=\"https:\/\/travelsmartcampaign.org\/wp-content\/uploads\/1-4.png 768w, https:\/\/travelsmartcampaign.org\/wp-content\/uploads\/1-4-209x300.png 209w, https:\/\/travelsmartcampaign.org\/wp-content\/uploads\/1-4-715x1024.png 715w, https:\/\/travelsmartcampaign.org\/wp-content\/uploads\/1-4-8x12.png 8w\" sizes=\"auto, (max-width: 768px) 100vw, 768px\" \/><\/p>\n<p><span style=\"font-weight: 400;\">J\u00e9r\u00f4me du Boucher, responsable de aviaci\u00f3n Francia explique, <\/span><i><span style=\"font-weight: 400;\">\u201cOn note un retour pr\u00e9occupant de la hausse des \u00e9missions des voyages d&#039;affaires en France. Parece que las lecciones de la pandemia no est\u00e1n retenidas. Pourtant la voie \u00e0 suivre a \u00e9t\u00e9 trac\u00e9e: ventajas de reuniones en l\u00ednea, adem\u00e1s de viajes en tren y menos en avi\u00f3n. Malheureusement, trop d&#039;entreprises reprennent des habitudes de d\u00e9placements en avion excesivos, sans aucune consid\u00e9ration pour la plan\u00e8te.\u201d<\/span><\/i><\/p>\n<p><span style=\"font-weight: 400;\">Con las reducciones acumuladas de vols de 18 empresas, el estudio asciende a 425 000 toneladas de CO<\/span><span style=\"font-weight: 400;\">2 <\/span><span style=\"font-weight: 400;\">Son econom\u00edas econ\u00f3micas en 2023 en comparaci\u00f3n con 2019, equivalentes a emisiones de 215 000 veh\u00edculos de gasolina en un a\u00f1o. En primer lugar, las 18 empresas redujeron sus emisiones de un nivel (-33 %) en 2023 en relaci\u00f3n con 2019. Todo esto es una recuperaci\u00f3n significativa en relaci\u00f3n con 2022, en el a\u00f1o 2022, en las emisiones de las 18 empresas restadas. \u00e0 la moiti\u00e9 (-50 %) de los niveles de 2019. Si las 18 empresas mantienen su actividad en 2023 a 50 % de los niveles de 2019, 245 000 toneladas de CO<\/span><span style=\"font-weight: 400;\">2 <\/span><span style=\"font-weight: 400;\">Se incluyen suplementos que son econ\u00f3micos.\u00a0<\/span><\/p>\n<p><span style=\"font-weight: 400;\">El gobierno franc\u00e9s est\u00e1 recemment pris des medidas alienantes relativas a los viajes de negocios. En el cuadro de son <\/span><a href=\"https:\/\/www.ecologie.gouv.fr\/sites\/default\/files\/22152_Plan-sobriete_DP-2023-if-2.pdf\"><span style=\"font-weight: 400;\">Plan de Sobri\u00e9t\u00e9 Energ\u00e9tique<\/span><\/a><span style=\"font-weight: 400;\">, la demanda de las empresas adem\u00e1s de sus servicios de privilegiar el tren en lugar del avi\u00f3n para los trajes puede realizarse en menos de cuatro horas a partir de enero de 2024. El gobierno reconoce igualmente el enorme impacto clim\u00e1tico de los transportes. . Et c&#039;est pour cela que la<\/span><a href=\"https:\/\/www.legifrance.gouv.fr\/download\/pdf\/circ?id=45511\"><span style=\"font-weight: 400;\"> Circular Ult\u00e9rieure relativa al compromiso para la transformaci\u00f3n ecol\u00f3gica del Estado.<\/span><\/a> <span style=\"font-weight: 400;\">Incluye un objetivo de reducci\u00f3n de viajes a\u00e9reos de 20% en 2024 seg\u00fan el informe de 2019, con una ambici\u00f3n aumentada de -30 % en 2027.\u00a0<\/span><\/p>\n<p><span style=\"font-weight: 400;\">T&amp;E llama a las empresas francesas a hacer lo mismo, y se fijan los objetivos de reducci\u00f3n de emisiones en los viajes de negocios a 50% o m\u00e1s de aqu\u00ed 2025. <\/span><span style=\"font-weight: 400;\">Este objetivo est\u00e1 fijo en la base de la <\/span><a href=\"https:\/\/www.transportenvironment.org\/wp-content\/uploads\/2022\/03\/TE-aviation-decarbonisation-roadmap-FINAL.pdf\"><span style=\"font-weight: 400;\">hoja de ruta<\/span><\/a><span style=\"font-weight: 400;\"> de T&amp;E, cuyo reloj tiene una reducci\u00f3n de 50 % del conjunto de emisiones en viajes de negocios es necesario en 2030, para mantener la aviaci\u00f3n en una trayectoria compatible con un planeta a 1,5\u00b0C .<\/span><\/p>\n<p>&nbsp;<\/p>\n<p>&nbsp;<\/p>\n<p>&nbsp;<\/p>\n<p>&nbsp;<\/p>","protected":false},"excerpt":{"rendered":"<p>17 de 18 empresas francesas analizadas en un nuevo estudio de la campa\u00f1a &#039;Travel Smart&#039; de Transport &amp; Environment mantienen sus niveles de viajes de negocios m\u00e1s bas qu&#039;avant le Covid, incluso si beaucoup d&#039;entre elles remontent vite la pente. <\/p>","protected":false},"featured_media":17863,"template":"","topic":[190],"visibility":[],"post-country":[31],"language":[38],"category-post-type":[28],"class_list":["post-13496","library","type-library","status-publish","has-post-thumbnail","hentry","topic-emission-tracker","post-country-france","language-french","category-post-type-press-release"],"yoast_head":"<!-- This site is optimized with the Yoast SEO plugin v27.5 - https:\/\/yoast.com\/product\/yoast-seo-wordpress\/ -->\n<title>Voyages d\u2019affaires : les \u00e9missions des grands groupes fran\u00e7ais ont diminu\u00e9 d\u2019un tiers par rapport \u00e0 2019 - Travel Smart Campaign<\/title>\n<meta name=\"robots\" content=\"index, follow, max-snippet:-1, max-image-preview:large, max-video-preview:-1\" \/>\n<link rel=\"canonical\" href=\"https:\/\/travelsmartcampaign.org\/es\/biblioteca\/viajes-de-negocios-les-emisiones-de-los-grandes-grupos-franceses-ont-diminue-dun-tiers-par-rapport-a-2019\/\" \/>\n<meta property=\"og:locale\" content=\"es_ES\" \/>\n<meta property=\"og:type\" content=\"article\" \/>\n<meta property=\"og:title\" content=\"Voyages d\u2019affaires : les \u00e9missions des grands groupes fran\u00e7ais ont diminu\u00e9 d\u2019un tiers par rapport \u00e0 2019 - Travel Smart Campaign\" \/>\n<meta property=\"og:description\" content=\"17 des 18 entreprises fran\u00e7aises analys\u00e9es dans une nouvelle \u00e9tude de la campagne \u2018Travel Smart\u2019 de Transport &amp; Environment maintiennent leurs niveaux de voyages d\u2019affaires plus bas qu\u2019avant le Covid, m\u00eame si beaucoup d\u2019entre elles remontent vite la pente.\" \/>\n<meta property=\"og:url\" content=\"https:\/\/travelsmartcampaign.org\/es\/biblioteca\/viajes-de-negocios-les-emisiones-de-los-grandes-grupos-franceses-ont-diminue-dun-tiers-par-rapport-a-2019\/\" \/>\n<meta property=\"og:site_name\" content=\"Travel Smart Campaign\" \/>\n<meta property=\"article:modified_time\" content=\"2025-05-14T10:40:28+00:00\" \/>\n<meta property=\"og:image\" content=\"https:\/\/travelsmartcampaign.org\/wp-content\/uploads\/aircraft-475409_1280.jpg\" \/>\n\t<meta property=\"og:image:width\" content=\"1280\" \/>\n\t<meta property=\"og:image:height\" content=\"854\" \/>\n\t<meta property=\"og:image:type\" content=\"image\/jpeg\" \/>\n<meta name=\"twitter:card\" content=\"summary_large_image\" \/>\n<meta name=\"twitter:label1\" content=\"Tiempo de lectura\" \/>\n\t<meta name=\"twitter:data1\" content=\"4 minutos\" \/>\n<script type=\"application\/ld+json\" class=\"yoast-schema-graph\">{\"@context\":\"https:\\\/\\\/schema.org\",\"@graph\":[{\"@type\":\"WebPage\",\"@id\":\"https:\\\/\\\/travelsmartcampaign.org\\\/library\\\/voyages-daffaires-les-emissions-des-grands-groupes-francais-ont-diminue-dun-tiers-par-rapport-a-2019\\\/\",\"url\":\"https:\\\/\\\/travelsmartcampaign.org\\\/library\\\/voyages-daffaires-les-emissions-des-grands-groupes-francais-ont-diminue-dun-tiers-par-rapport-a-2019\\\/\",\"name\":\"Voyages d\u2019affaires : les \u00e9missions des grands groupes fran\u00e7ais ont diminu\u00e9 d\u2019un tiers par rapport \u00e0 2019 - Travel Smart Campaign\",\"isPartOf\":{\"@id\":\"https:\\\/\\\/travelsmartcampaign.org\\\/#website\"},\"primaryImageOfPage\":{\"@id\":\"https:\\\/\\\/travelsmartcampaign.org\\\/library\\\/voyages-daffaires-les-emissions-des-grands-groupes-francais-ont-diminue-dun-tiers-par-rapport-a-2019\\\/#primaryimage\"},\"image\":{\"@id\":\"https:\\\/\\\/travelsmartcampaign.org\\\/library\\\/voyages-daffaires-les-emissions-des-grands-groupes-francais-ont-diminue-dun-tiers-par-rapport-a-2019\\\/#primaryimage\"},\"thumbnailUrl\":\"https:\\\/\\\/travelsmartcampaign.org\\\/wp-content\\\/uploads\\\/aircraft-475409_1280.jpg\",\"datePublished\":\"2024-05-23T23:01:35+00:00\",\"dateModified\":\"2025-05-14T10:40:28+00:00\",\"breadcrumb\":{\"@id\":\"https:\\\/\\\/travelsmartcampaign.org\\\/library\\\/voyages-daffaires-les-emissions-des-grands-groupes-francais-ont-diminue-dun-tiers-par-rapport-a-2019\\\/#breadcrumb\"},\"inLanguage\":\"es\",\"potentialAction\":[{\"@type\":\"ReadAction\",\"target\":[\"https:\\\/\\\/travelsmartcampaign.org\\\/library\\\/voyages-daffaires-les-emissions-des-grands-groupes-francais-ont-diminue-dun-tiers-par-rapport-a-2019\\\/\"]}]},{\"@type\":\"ImageObject\",\"inLanguage\":\"es\",\"@id\":\"https:\\\/\\\/travelsmartcampaign.org\\\/library\\\/voyages-daffaires-les-emissions-des-grands-groupes-francais-ont-diminue-dun-tiers-par-rapport-a-2019\\\/#primaryimage\",\"url\":\"https:\\\/\\\/travelsmartcampaign.org\\\/wp-content\\\/uploads\\\/aircraft-475409_1280.jpg\",\"contentUrl\":\"https:\\\/\\\/travelsmartcampaign.org\\\/wp-content\\\/uploads\\\/aircraft-475409_1280.jpg\",\"width\":1280,\"height\":854},{\"@type\":\"BreadcrumbList\",\"@id\":\"https:\\\/\\\/travelsmartcampaign.org\\\/library\\\/voyages-daffaires-les-emissions-des-grands-groupes-francais-ont-diminue-dun-tiers-par-rapport-a-2019\\\/#breadcrumb\",\"itemListElement\":[{\"@type\":\"ListItem\",\"position\":1,\"name\":\"Home\",\"item\":\"https:\\\/\\\/travelsmartcampaign.org\\\/\"},{\"@type\":\"ListItem\",\"position\":2,\"name\":\"Voyages d\u2019affaires : les \u00e9missions des grands groupes fran\u00e7ais ont diminu\u00e9 d\u2019un tiers par rapport \u00e0 2019\"}]},{\"@type\":\"WebSite\",\"@id\":\"https:\\\/\\\/travelsmartcampaign.org\\\/#website\",\"url\":\"https:\\\/\\\/travelsmartcampaign.org\\\/\",\"name\":\"Travel Smart\",\"description\":\"\",\"publisher\":{\"@id\":\"https:\\\/\\\/travelsmartcampaign.org\\\/#organization\"},\"potentialAction\":[{\"@type\":\"SearchAction\",\"target\":{\"@type\":\"EntryPoint\",\"urlTemplate\":\"https:\\\/\\\/travelsmartcampaign.org\\\/?s={search_term_string}\"},\"query-input\":{\"@type\":\"PropertyValueSpecification\",\"valueRequired\":true,\"valueName\":\"search_term_string\"}}],\"inLanguage\":\"es\"},{\"@type\":\"Organization\",\"@id\":\"https:\\\/\\\/travelsmartcampaign.org\\\/#organization\",\"name\":\"Travel Smart\",\"url\":\"https:\\\/\\\/travelsmartcampaign.org\\\/\",\"logo\":{\"@type\":\"ImageObject\",\"inLanguage\":\"es\",\"@id\":\"https:\\\/\\\/travelsmartcampaign.org\\\/#\\\/schema\\\/logo\\\/image\\\/\",\"url\":\"https:\\\/\\\/travelsmartcampaign.org\\\/wp-content\\\/uploads\\\/travel-smart-min.jpeg\",\"contentUrl\":\"https:\\\/\\\/travelsmartcampaign.org\\\/wp-content\\\/uploads\\\/travel-smart-min.jpeg\",\"width\":1200,\"height\":690,\"caption\":\"Travel Smart\"},\"image\":{\"@id\":\"https:\\\/\\\/travelsmartcampaign.org\\\/#\\\/schema\\\/logo\\\/image\\\/\"}}]}<\/script>\n<!-- \/ Yoast SEO plugin. -->","yoast_head_json":{"title":"Viajes de negocios: las emisiones de los grandes grupos franceses se han reducido en un tercio con respecto a 2019 - Campa\u00f1a Travel Smart","robots":{"index":"index","follow":"follow","max-snippet":"max-snippet:-1","max-image-preview":"max-image-preview:large","max-video-preview":"max-video-preview:-1"},"canonical":"https:\/\/travelsmartcampaign.org\/es\/biblioteca\/viajes-de-negocios-les-emisiones-de-los-grandes-grupos-franceses-ont-diminue-dun-tiers-par-rapport-a-2019\/","og_locale":"es_ES","og_type":"article","og_title":"Voyages d\u2019affaires : les \u00e9missions des grands groupes fran\u00e7ais ont diminu\u00e9 d\u2019un tiers par rapport \u00e0 2019 - Travel Smart Campaign","og_description":"17 des 18 entreprises fran\u00e7aises analys\u00e9es dans une nouvelle \u00e9tude de la campagne \u2018Travel Smart\u2019 de Transport & Environment maintiennent leurs niveaux de voyages d\u2019affaires plus bas qu\u2019avant le Covid, m\u00eame si beaucoup d\u2019entre elles remontent vite la pente.","og_url":"https:\/\/travelsmartcampaign.org\/es\/biblioteca\/viajes-de-negocios-les-emisiones-de-los-grandes-grupos-franceses-ont-diminue-dun-tiers-par-rapport-a-2019\/","og_site_name":"Travel Smart Campaign","article_modified_time":"2025-05-14T10:40:28+00:00","og_image":[{"width":1280,"height":854,"url":"https:\/\/travelsmartcampaign.org\/wp-content\/uploads\/aircraft-475409_1280.jpg","type":"image\/jpeg"}],"twitter_card":"summary_large_image","twitter_misc":{"Tiempo de lectura":"4 minutos"},"schema":{"@context":"https:\/\/schema.org","@graph":[{"@type":"WebPage","@id":"https:\/\/travelsmartcampaign.org\/library\/voyages-daffaires-les-emissions-des-grands-groupes-francais-ont-diminue-dun-tiers-par-rapport-a-2019\/","url":"https:\/\/travelsmartcampaign.org\/library\/voyages-daffaires-les-emissions-des-grands-groupes-francais-ont-diminue-dun-tiers-par-rapport-a-2019\/","name":"Viajes de negocios: las emisiones de los grandes grupos franceses se han reducido en un tercio con respecto a 2019 - Campa\u00f1a Travel Smart","isPartOf":{"@id":"https:\/\/travelsmartcampaign.org\/#website"},"primaryImageOfPage":{"@id":"https:\/\/travelsmartcampaign.org\/library\/voyages-daffaires-les-emissions-des-grands-groupes-francais-ont-diminue-dun-tiers-par-rapport-a-2019\/#primaryimage"},"image":{"@id":"https:\/\/travelsmartcampaign.org\/library\/voyages-daffaires-les-emissions-des-grands-groupes-francais-ont-diminue-dun-tiers-par-rapport-a-2019\/#primaryimage"},"thumbnailUrl":"https:\/\/travelsmartcampaign.org\/wp-content\/uploads\/aircraft-475409_1280.jpg","datePublished":"2024-05-23T23:01:35+00:00","dateModified":"2025-05-14T10:40:28+00:00","breadcrumb":{"@id":"https:\/\/travelsmartcampaign.org\/library\/voyages-daffaires-les-emissions-des-grands-groupes-francais-ont-diminue-dun-tiers-par-rapport-a-2019\/#breadcrumb"},"inLanguage":"es","potentialAction":[{"@type":"ReadAction","target":["https:\/\/travelsmartcampaign.org\/library\/voyages-daffaires-les-emissions-des-grands-groupes-francais-ont-diminue-dun-tiers-par-rapport-a-2019\/"]}]},{"@type":"ImageObject","inLanguage":"es","@id":"https:\/\/travelsmartcampaign.org\/library\/voyages-daffaires-les-emissions-des-grands-groupes-francais-ont-diminue-dun-tiers-par-rapport-a-2019\/#primaryimage","url":"https:\/\/travelsmartcampaign.org\/wp-content\/uploads\/aircraft-475409_1280.jpg","contentUrl":"https:\/\/travelsmartcampaign.org\/wp-content\/uploads\/aircraft-475409_1280.jpg","width":1280,"height":854},{"@type":"BreadcrumbList","@id":"https:\/\/travelsmartcampaign.org\/library\/voyages-daffaires-les-emissions-des-grands-groupes-francais-ont-diminue-dun-tiers-par-rapport-a-2019\/#breadcrumb","itemListElement":[{"@type":"ListItem","position":1,"name":"Home","item":"https:\/\/travelsmartcampaign.org\/"},{"@type":"ListItem","position":2,"name":"Voyages d\u2019affaires : les \u00e9missions des grands groupes fran\u00e7ais ont diminu\u00e9 d\u2019un tiers par rapport \u00e0 2019"}]},{"@type":"WebSite","@id":"https:\/\/travelsmartcampaign.org\/#website","url":"https:\/\/travelsmartcampaign.org\/","name":"Travel Smart","description":"","publisher":{"@id":"https:\/\/travelsmartcampaign.org\/#organization"},"potentialAction":[{"@type":"SearchAction","target":{"@type":"EntryPoint","urlTemplate":"https:\/\/travelsmartcampaign.org\/?s={search_term_string}"},"query-input":{"@type":"PropertyValueSpecification","valueRequired":true,"valueName":"search_term_string"}}],"inLanguage":"es"},{"@type":"Organization","@id":"https:\/\/travelsmartcampaign.org\/#organization","name":"Travel Smart","url":"https:\/\/travelsmartcampaign.org\/","logo":{"@type":"ImageObject","inLanguage":"es","@id":"https:\/\/travelsmartcampaign.org\/#\/schema\/logo\/image\/","url":"https:\/\/travelsmartcampaign.org\/wp-content\/uploads\/travel-smart-min.jpeg","contentUrl":"https:\/\/travelsmartcampaign.org\/wp-content\/uploads\/travel-smart-min.jpeg","width":1200,"height":690,"caption":"Travel Smart"},"image":{"@id":"https:\/\/travelsmartcampaign.org\/#\/schema\/logo\/image\/"}}]}},"_links":{"self":[{"href":"https:\/\/travelsmartcampaign.org\/es\/wp-json\/wp\/v2\/library\/13496","targetHints":{"allow":["GET"]}}],"collection":[{"href":"https:\/\/travelsmartcampaign.org\/es\/wp-json\/wp\/v2\/library"}],"about":[{"href":"https:\/\/travelsmartcampaign.org\/es\/wp-json\/wp\/v2\/types\/library"}],"version-history":[{"count":0,"href":"https:\/\/travelsmartcampaign.org\/es\/wp-json\/wp\/v2\/library\/13496\/revisions"}],"wp:featuredmedia":[{"embeddable":true,"href":"https:\/\/travelsmartcampaign.org\/es\/wp-json\/wp\/v2\/media\/17863"}],"wp:attachment":[{"href":"https:\/\/travelsmartcampaign.org\/es\/wp-json\/wp\/v2\/media?parent=13496"}],"wp:term":[{"taxonomy":"topic","embeddable":true,"href":"https:\/\/travelsmartcampaign.org\/es\/wp-json\/wp\/v2\/topic?post=13496"},{"taxonomy":"visibility","embeddable":true,"href":"https:\/\/travelsmartcampaign.org\/es\/wp-json\/wp\/v2\/visibility?post=13496"},{"taxonomy":"post-country","embeddable":true,"href":"https:\/\/travelsmartcampaign.org\/es\/wp-json\/wp\/v2\/post-country?post=13496"},{"taxonomy":"language","embeddable":true,"href":"https:\/\/travelsmartcampaign.org\/es\/wp-json\/wp\/v2\/language?post=13496"},{"taxonomy":"category-post-type","embeddable":true,"href":"https:\/\/travelsmartcampaign.org\/es\/wp-json\/wp\/v2\/category-post-type?post=13496"}],"curies":[{"name":"wp","href":"https:\/\/api.w.org\/{rel}","templated":true}]}}