{"id":13583,"date":"2024-05-24T00:01:53","date_gmt":"2024-05-23T23:01:53","guid":{"rendered":"http:\/\/travelsmartcampaign.org\/?post_type=library&#038;p=13583"},"modified":"2025-05-14T11:41:30","modified_gmt":"2025-05-14T10:41:30","slug":"las-emisiones-de-los-viajes-de-negocios-de-los-principales-grupos-franceses-disminuyeron-un-tercio-en-comparacion-con-2019","status":"publish","type":"library","link":"https:\/\/travelsmartcampaign.org\/es\/library\/business-travel-emissions-by-major-french-groups-down-by-a-third-compared-with-2019\/","title":{"rendered":"Viajes de negocios: las emisiones de los grandes grupos franceses disminuyen un tercio con respecto a 2019"},"content":{"rendered":"<p><span style=\"font-weight: 400;\">Un nuevo an\u00e1lisis de T&amp;E de las emisiones de los viajes de negocios de 18 empresas francesas en 2023 revela que, en promedio, han reducido sus emisiones en un tercio (-33%) en 2023 en comparaci\u00f3n con 2019. Pero algunas de ellas se est\u00e1n acercando r\u00e1pidamente a los niveles de 2019. Entre ellos, Forvia (anteriormente Faurecia), Sanofi y Air Liquide han vuelto a registrar casi 90% de sus emisiones de 2019. Y esto a pesar de que las empresas han aprendido a trabajar con herramientas de colaboraci\u00f3n online y menos vuelos desde la COVID, y la mayor\u00eda de ellas se han comprometido a reducir su huella de carbono.<\/span><\/p>\n<p><span style=\"font-weight: 400;\">Una empresa, bioM\u00e9rieux, super\u00f3 sus niveles de vuelo de 2019 (+9%). Al mismo tiempo, dice que en 2023 se fij\u00f3 un objetivo de reducci\u00f3n interna de -10% en comparaci\u00f3n con las emisiones de viajes de 2022, un avance positivo que deber\u00eda ayudar a corregir su trayectoria.<\/span><\/p>\n<p><span style=\"font-weight: 400;\">9 de las 18 empresas analizadas se han fijado objetivos de reducci\u00f3n de emisiones de los viajes de negocios, y dos compa\u00f1\u00edas han logrado reducir significativamente sus vuelos, que representan la mayor parte de las emisiones de los viajes de negocios, y han mantenido los bajos niveles de emisiones observados al final de la pandemia. . Las emisiones de viajes de negocios de Dassault en 2023 est\u00e1n en -60% de los niveles de 2019, y las de Amundi en -51%. En 2022, nueve empresas hab\u00edan logrado este desempe\u00f1o, en gran parte debido a las restricciones de COVID. Dassault y Amundi tienen objetivos para reducir las emisiones de sus viajes de negocios.<\/span><\/p>\n<p><img loading=\"lazy\" decoding=\"async\" class=\"alignnone size-full wp-image-16611\" src=\"http:\/\/travelsmartcampaign.org\/wp-content\/uploads\/2-6.png\" alt=\"\" width=\"768\" height=\"1100\" srcset=\"https:\/\/travelsmartcampaign.org\/wp-content\/uploads\/2-6.png 768w, https:\/\/travelsmartcampaign.org\/wp-content\/uploads\/2-6-209x300.png 209w, https:\/\/travelsmartcampaign.org\/wp-content\/uploads\/2-6-715x1024.png 715w, https:\/\/travelsmartcampaign.org\/wp-content\/uploads\/2-6-8x12.png 8w\" sizes=\"auto, (max-width: 768px) 100vw, 768px\" \/><\/p>\n<p><span style=\"font-weight: 400;\">J\u00e9r\u00f4me du Boucher, director de aviaci\u00f3n de Francia, explica: <\/span><i><span style=\"font-weight: 400;\">\u201cEstamos viendo un preocupante retorno del aumento de las emisiones de los viajes de negocios en Francia. Parece que no se han aprendido las lecciones de la pandemia. Y, sin embargo, el camino a seguir ya est\u00e1 trazado: m\u00e1s colaboraci\u00f3n en l\u00ednea, m\u00e1s viajes en tren y menos en avi\u00f3n. Desafortunadamente, demasiadas empresas est\u00e1n volviendo a h\u00e1bitos de vuelo excesivos, sin tener en cuenta al planeta\u201d.<\/span><\/i><\/p>\n<p><span style=\"font-weight: 400;\">El gobierno franc\u00e9s ha tomado recientemente algunas medidas alentadoras con respecto a los viajes de negocios. Como parte de su <\/span><a href=\"https:\/\/www.ecologie.gouv.fr\/sites\/default\/files\/22152_Plan-sobriete_DP-2023-if-2.pdf\"><span style=\"font-weight: 400;\">plan de ahorro de energ\u00eda<\/span><\/a><span style=\"font-weight: 400;\">, ha pedido a las empresas y a los empleados p\u00fablicos que, a partir de enero de 2024, viajen en tren en lugar de avi\u00f3n para viajes que puedan realizarse en menos de cuatro horas. El gobierno tambi\u00e9n reconoce el enorme impacto clim\u00e1tico del transporte. Y es por eso que la siguiente <\/span><a href=\"https:\/\/www.legifrance.gouv.fr\/download\/pdf\/circ?id=45511\"><span style=\"font-weight: 400;\">Memor\u00e1ndum sobre el compromiso del Estado con la transformaci\u00f3n ecol\u00f3gica.<\/span><\/a><span style=\"font-weight: 400;\"> incluye el objetivo de reducir los viajes a\u00e9reos de los empleados en 20% en 2024 en comparaci\u00f3n con 2019, y aumentar su ambici\u00f3n a -30% para 2027.<\/span><\/p>\n<p><span style=\"font-weight: 400;\">T&amp;E pide a las empresas francesas que hagan lo mismo y establezcan objetivos para reducir las emisiones de los viajes de negocios en 50% o m\u00e1s para 2025. Este objetivo se ha definido sobre la base de los objetivos de T&amp;E. <\/span><a href=\"https:\/\/www.transportenvironment.org\/assets\/files\/TE-aviation-decarbonisation-roadmap-FINAL.pdf\"><span style=\"font-weight: 400;\">Hoja de ruta hacia una aviaci\u00f3n clim\u00e1ticamente neutra<\/span><\/a><span style=\"font-weight: 400;\">, que muestra que se necesita una reducci\u00f3n general de 50% en las emisiones de los viajes de negocios durante esta d\u00e9cada, para mantener la aviaci\u00f3n en una trayectoria compatible con 1,5\u00b0C.<\/span><\/p>\n<p>&nbsp;<\/p>","protected":false},"excerpt":{"rendered":"<p>17 de las 18 empresas francesas analizadas en un nuevo estudio de la campa\u00f1a \"Travel Smart\" de Transport &amp; Environment han mantenido sus emisiones de viajes de negocios en niveles m\u00e1s bajos que antes de COVID, aunque muchas est\u00e1n volviendo a subir r\u00e1pidamente.<\/p>","protected":false},"featured_media":17863,"template":"","topic":[96,191,190,203],"visibility":[],"post-country":[31],"language":[27],"category-post-type":[28],"class_list":["post-13583","library","type-library","status-publish","has-post-thumbnail","hentry","topic-business-travel","topic-corporate-reporting","topic-emission-tracker","topic-emissions-reduction","post-country-france","language-english","category-post-type-press-release"],"yoast_head":"<!-- This site is optimized with the Yoast SEO plugin v27.5 - https:\/\/yoast.com\/product\/yoast-seo-wordpress\/ -->\n<title>Business travel: emissions by major French groups down by a third compared with 2019 - Travel Smart Campaign<\/title>\n<meta name=\"robots\" content=\"index, follow, max-snippet:-1, max-image-preview:large, max-video-preview:-1\" \/>\n<link rel=\"canonical\" href=\"https:\/\/travelsmartcampaign.org\/es\/biblioteca\/las-emisiones-de-los-viajes-de-negocios-de-los-principales-grupos-franceses-disminuyeron-un-tercio-en-comparacion-con-2019\/\" \/>\n<meta property=\"og:locale\" content=\"es_ES\" \/>\n<meta property=\"og:type\" content=\"article\" \/>\n<meta property=\"og:title\" content=\"Business travel: emissions by major French groups down by a third compared with 2019 - Travel Smart Campaign\" \/>\n<meta property=\"og:description\" content=\"17 of the 18 French companies analysed in a new study by Transport &amp; Environment&#039;s &#039;Travel Smart&#039; campaign have kept their business travel emissions lower than before COVID, although many are quickly creeping back up.\" \/>\n<meta property=\"og:url\" content=\"https:\/\/travelsmartcampaign.org\/es\/biblioteca\/las-emisiones-de-los-viajes-de-negocios-de-los-principales-grupos-franceses-disminuyeron-un-tercio-en-comparacion-con-2019\/\" \/>\n<meta property=\"og:site_name\" content=\"Travel Smart Campaign\" \/>\n<meta property=\"article:modified_time\" content=\"2025-05-14T10:41:30+00:00\" \/>\n<meta property=\"og:image\" content=\"https:\/\/travelsmartcampaign.org\/wp-content\/uploads\/aircraft-475409_1280.jpg\" \/>\n\t<meta property=\"og:image:width\" content=\"1280\" \/>\n\t<meta property=\"og:image:height\" content=\"854\" \/>\n\t<meta property=\"og:image:type\" content=\"image\/jpeg\" \/>\n<meta name=\"twitter:card\" content=\"summary_large_image\" \/>\n<meta name=\"twitter:label1\" content=\"Tiempo de lectura\" \/>\n\t<meta name=\"twitter:data1\" content=\"3 minutos\" \/>\n<script type=\"application\/ld+json\" class=\"yoast-schema-graph\">{\"@context\":\"https:\\\/\\\/schema.org\",\"@graph\":[{\"@type\":\"WebPage\",\"@id\":\"https:\\\/\\\/travelsmartcampaign.org\\\/library\\\/business-travel-emissions-by-major-french-groups-down-by-a-third-compared-with-2019\\\/\",\"url\":\"https:\\\/\\\/travelsmartcampaign.org\\\/library\\\/business-travel-emissions-by-major-french-groups-down-by-a-third-compared-with-2019\\\/\",\"name\":\"Business travel: emissions by major French groups down by a third compared with 2019 - Travel Smart Campaign\",\"isPartOf\":{\"@id\":\"https:\\\/\\\/travelsmartcampaign.org\\\/#website\"},\"primaryImageOfPage\":{\"@id\":\"https:\\\/\\\/travelsmartcampaign.org\\\/library\\\/business-travel-emissions-by-major-french-groups-down-by-a-third-compared-with-2019\\\/#primaryimage\"},\"image\":{\"@id\":\"https:\\\/\\\/travelsmartcampaign.org\\\/library\\\/business-travel-emissions-by-major-french-groups-down-by-a-third-compared-with-2019\\\/#primaryimage\"},\"thumbnailUrl\":\"https:\\\/\\\/travelsmartcampaign.org\\\/wp-content\\\/uploads\\\/aircraft-475409_1280.jpg\",\"datePublished\":\"2024-05-23T23:01:53+00:00\",\"dateModified\":\"2025-05-14T10:41:30+00:00\",\"breadcrumb\":{\"@id\":\"https:\\\/\\\/travelsmartcampaign.org\\\/library\\\/business-travel-emissions-by-major-french-groups-down-by-a-third-compared-with-2019\\\/#breadcrumb\"},\"inLanguage\":\"es\",\"potentialAction\":[{\"@type\":\"ReadAction\",\"target\":[\"https:\\\/\\\/travelsmartcampaign.org\\\/library\\\/business-travel-emissions-by-major-french-groups-down-by-a-third-compared-with-2019\\\/\"]}]},{\"@type\":\"ImageObject\",\"inLanguage\":\"es\",\"@id\":\"https:\\\/\\\/travelsmartcampaign.org\\\/library\\\/business-travel-emissions-by-major-french-groups-down-by-a-third-compared-with-2019\\\/#primaryimage\",\"url\":\"https:\\\/\\\/travelsmartcampaign.org\\\/wp-content\\\/uploads\\\/aircraft-475409_1280.jpg\",\"contentUrl\":\"https:\\\/\\\/travelsmartcampaign.org\\\/wp-content\\\/uploads\\\/aircraft-475409_1280.jpg\",\"width\":1280,\"height\":854},{\"@type\":\"BreadcrumbList\",\"@id\":\"https:\\\/\\\/travelsmartcampaign.org\\\/library\\\/business-travel-emissions-by-major-french-groups-down-by-a-third-compared-with-2019\\\/#breadcrumb\",\"itemListElement\":[{\"@type\":\"ListItem\",\"position\":1,\"name\":\"Home\",\"item\":\"https:\\\/\\\/travelsmartcampaign.org\\\/\"},{\"@type\":\"ListItem\",\"position\":2,\"name\":\"Business travel: emissions by major French groups down by a third compared with 2019\"}]},{\"@type\":\"WebSite\",\"@id\":\"https:\\\/\\\/travelsmartcampaign.org\\\/#website\",\"url\":\"https:\\\/\\\/travelsmartcampaign.org\\\/\",\"name\":\"Travel Smart\",\"description\":\"\",\"publisher\":{\"@id\":\"https:\\\/\\\/travelsmartcampaign.org\\\/#organization\"},\"potentialAction\":[{\"@type\":\"SearchAction\",\"target\":{\"@type\":\"EntryPoint\",\"urlTemplate\":\"https:\\\/\\\/travelsmartcampaign.org\\\/?s={search_term_string}\"},\"query-input\":{\"@type\":\"PropertyValueSpecification\",\"valueRequired\":true,\"valueName\":\"search_term_string\"}}],\"inLanguage\":\"es\"},{\"@type\":\"Organization\",\"@id\":\"https:\\\/\\\/travelsmartcampaign.org\\\/#organization\",\"name\":\"Travel Smart\",\"url\":\"https:\\\/\\\/travelsmartcampaign.org\\\/\",\"logo\":{\"@type\":\"ImageObject\",\"inLanguage\":\"es\",\"@id\":\"https:\\\/\\\/travelsmartcampaign.org\\\/#\\\/schema\\\/logo\\\/image\\\/\",\"url\":\"https:\\\/\\\/travelsmartcampaign.org\\\/wp-content\\\/uploads\\\/travel-smart-min.jpeg\",\"contentUrl\":\"https:\\\/\\\/travelsmartcampaign.org\\\/wp-content\\\/uploads\\\/travel-smart-min.jpeg\",\"width\":1200,\"height\":690,\"caption\":\"Travel Smart\"},\"image\":{\"@id\":\"https:\\\/\\\/travelsmartcampaign.org\\\/#\\\/schema\\\/logo\\\/image\\\/\"}}]}<\/script>\n<!-- \/ Yoast SEO plugin. -->","yoast_head_json":{"title":"Viajes de negocios: las emisiones de los principales grupos franceses se reducen en un tercio con respecto a 2019 - Campa\u00f1a Travel Smart","robots":{"index":"index","follow":"follow","max-snippet":"max-snippet:-1","max-image-preview":"max-image-preview:large","max-video-preview":"max-video-preview:-1"},"canonical":"https:\/\/travelsmartcampaign.org\/es\/biblioteca\/las-emisiones-de-los-viajes-de-negocios-de-los-principales-grupos-franceses-disminuyeron-un-tercio-en-comparacion-con-2019\/","og_locale":"es_ES","og_type":"article","og_title":"Business travel: emissions by major French groups down by a third compared with 2019 - Travel Smart Campaign","og_description":"17 of the 18 French companies analysed in a new study by Transport & Environment's 'Travel Smart' campaign have kept their business travel emissions lower than before COVID, although many are quickly creeping back up.","og_url":"https:\/\/travelsmartcampaign.org\/es\/biblioteca\/las-emisiones-de-los-viajes-de-negocios-de-los-principales-grupos-franceses-disminuyeron-un-tercio-en-comparacion-con-2019\/","og_site_name":"Travel Smart Campaign","article_modified_time":"2025-05-14T10:41:30+00:00","og_image":[{"width":1280,"height":854,"url":"https:\/\/travelsmartcampaign.org\/wp-content\/uploads\/aircraft-475409_1280.jpg","type":"image\/jpeg"}],"twitter_card":"summary_large_image","twitter_misc":{"Tiempo de lectura":"3 minutos"},"schema":{"@context":"https:\/\/schema.org","@graph":[{"@type":"WebPage","@id":"https:\/\/travelsmartcampaign.org\/library\/business-travel-emissions-by-major-french-groups-down-by-a-third-compared-with-2019\/","url":"https:\/\/travelsmartcampaign.org\/library\/business-travel-emissions-by-major-french-groups-down-by-a-third-compared-with-2019\/","name":"Viajes de negocios: las emisiones de los principales grupos franceses se reducen en un tercio con respecto a 2019 - Campa\u00f1a Travel Smart","isPartOf":{"@id":"https:\/\/travelsmartcampaign.org\/#website"},"primaryImageOfPage":{"@id":"https:\/\/travelsmartcampaign.org\/library\/business-travel-emissions-by-major-french-groups-down-by-a-third-compared-with-2019\/#primaryimage"},"image":{"@id":"https:\/\/travelsmartcampaign.org\/library\/business-travel-emissions-by-major-french-groups-down-by-a-third-compared-with-2019\/#primaryimage"},"thumbnailUrl":"https:\/\/travelsmartcampaign.org\/wp-content\/uploads\/aircraft-475409_1280.jpg","datePublished":"2024-05-23T23:01:53+00:00","dateModified":"2025-05-14T10:41:30+00:00","breadcrumb":{"@id":"https:\/\/travelsmartcampaign.org\/library\/business-travel-emissions-by-major-french-groups-down-by-a-third-compared-with-2019\/#breadcrumb"},"inLanguage":"es","potentialAction":[{"@type":"ReadAction","target":["https:\/\/travelsmartcampaign.org\/library\/business-travel-emissions-by-major-french-groups-down-by-a-third-compared-with-2019\/"]}]},{"@type":"ImageObject","inLanguage":"es","@id":"https:\/\/travelsmartcampaign.org\/library\/business-travel-emissions-by-major-french-groups-down-by-a-third-compared-with-2019\/#primaryimage","url":"https:\/\/travelsmartcampaign.org\/wp-content\/uploads\/aircraft-475409_1280.jpg","contentUrl":"https:\/\/travelsmartcampaign.org\/wp-content\/uploads\/aircraft-475409_1280.jpg","width":1280,"height":854},{"@type":"BreadcrumbList","@id":"https:\/\/travelsmartcampaign.org\/library\/business-travel-emissions-by-major-french-groups-down-by-a-third-compared-with-2019\/#breadcrumb","itemListElement":[{"@type":"ListItem","position":1,"name":"Home","item":"https:\/\/travelsmartcampaign.org\/"},{"@type":"ListItem","position":2,"name":"Business travel: emissions by major French groups down by a third compared with 2019"}]},{"@type":"WebSite","@id":"https:\/\/travelsmartcampaign.org\/#website","url":"https:\/\/travelsmartcampaign.org\/","name":"Travel Smart","description":"","publisher":{"@id":"https:\/\/travelsmartcampaign.org\/#organization"},"potentialAction":[{"@type":"SearchAction","target":{"@type":"EntryPoint","urlTemplate":"https:\/\/travelsmartcampaign.org\/?s={search_term_string}"},"query-input":{"@type":"PropertyValueSpecification","valueRequired":true,"valueName":"search_term_string"}}],"inLanguage":"es"},{"@type":"Organization","@id":"https:\/\/travelsmartcampaign.org\/#organization","name":"Travel Smart","url":"https:\/\/travelsmartcampaign.org\/","logo":{"@type":"ImageObject","inLanguage":"es","@id":"https:\/\/travelsmartcampaign.org\/#\/schema\/logo\/image\/","url":"https:\/\/travelsmartcampaign.org\/wp-content\/uploads\/travel-smart-min.jpeg","contentUrl":"https:\/\/travelsmartcampaign.org\/wp-content\/uploads\/travel-smart-min.jpeg","width":1200,"height":690,"caption":"Travel Smart"},"image":{"@id":"https:\/\/travelsmartcampaign.org\/#\/schema\/logo\/image\/"}}]}},"_links":{"self":[{"href":"https:\/\/travelsmartcampaign.org\/es\/wp-json\/wp\/v2\/library\/13583","targetHints":{"allow":["GET"]}}],"collection":[{"href":"https:\/\/travelsmartcampaign.org\/es\/wp-json\/wp\/v2\/library"}],"about":[{"href":"https:\/\/travelsmartcampaign.org\/es\/wp-json\/wp\/v2\/types\/library"}],"version-history":[{"count":0,"href":"https:\/\/travelsmartcampaign.org\/es\/wp-json\/wp\/v2\/library\/13583\/revisions"}],"wp:featuredmedia":[{"embeddable":true,"href":"https:\/\/travelsmartcampaign.org\/es\/wp-json\/wp\/v2\/media\/17863"}],"wp:attachment":[{"href":"https:\/\/travelsmartcampaign.org\/es\/wp-json\/wp\/v2\/media?parent=13583"}],"wp:term":[{"taxonomy":"topic","embeddable":true,"href":"https:\/\/travelsmartcampaign.org\/es\/wp-json\/wp\/v2\/topic?post=13583"},{"taxonomy":"visibility","embeddable":true,"href":"https:\/\/travelsmartcampaign.org\/es\/wp-json\/wp\/v2\/visibility?post=13583"},{"taxonomy":"post-country","embeddable":true,"href":"https:\/\/travelsmartcampaign.org\/es\/wp-json\/wp\/v2\/post-country?post=13583"},{"taxonomy":"language","embeddable":true,"href":"https:\/\/travelsmartcampaign.org\/es\/wp-json\/wp\/v2\/language?post=13583"},{"taxonomy":"category-post-type","embeddable":true,"href":"https:\/\/travelsmartcampaign.org\/es\/wp-json\/wp\/v2\/category-post-type?post=13583"}],"curies":[{"name":"wp","href":"https:\/\/api.w.org\/{rel}","templated":true}]}}