{"id":3598,"date":"2022-11-06T00:01:07","date_gmt":"2022-11-05T23:01:07","guid":{"rendered":"http:\/\/travelsmartcampaign.org\/?post_type=library&#038;p=3598"},"modified":"2022-11-05T17:52:31","modified_gmt":"2022-11-05T16:52:31","slug":"a-maioria-dos-funcionarios-espera-que-os-altos-ejecutivos-establezcan-metas-corporativas-de-reduccion-de-votos","status":"publish","type":"library","link":"https:\/\/travelsmartcampaign.org\/es\/library\/a-maioria-dos-funcionarios-espera-que-os-altos-executivos-estabelecam-metas-corporativas-de-reducao-de-voos\/","title":{"rendered":"Novo estudio en 5 pa\u00edses chave vem confirmar que la mayor\u00eda de los funcionarios esperan que los altos ejecutivos establezcan metas corporativas de reducci\u00f3n de votos"},"content":{"rendered":"<p><b>Tres en cada cinco funciones<\/b><span style=\"font-weight: 400;\"> de empresas que viajan de avi\u00e3o em trabalho <\/span><b>Reduziram a quantidade de viagens como resultado de la pandemia<\/b><span style=\"font-weight: 400;\">, demonstra um novo estudo no \u00e2mbito da campanha Viajar Responsavelmente (<\/span><i><span style=\"font-weight: 400;\">Travel Smart<\/span><\/i><span style=\"font-weight: 400;\">), de lo que ZERO hace parte.<\/span><\/p>\n<p><span style=\"font-weight: 400;\">Otra conclusi\u00f3n demostrada por el estudio es que la mayor parte de los funcionarios de las empresas <\/span><b>Creo que sus entidades tienen un papel importante a desempe\u00f1ar en la lucha contra la crisis clim\u00e1tica.<\/b><span style=\"font-weight: 400;\"> \u2013 77% dos 2 500 funcionarios entrevistados en Estados Unidos (EUA), Reino Unido, Francia, Alemania y Espa\u00f1a son esta opini\u00f3n. Para ser calificados para una investigaci\u00f3n realizada, los entrevistados deber\u00e1n estar empleados en tiempo integral, numa organizaci\u00f3n con pelo menos 50 funcion\u00e1rios y ter entre 18 y 74 a\u00f1os.<\/span><\/p>\n<p><span style=\"font-weight: 400;\">La mayor\u00eda de las consultas admiten estar disponibles para hacer cambios en sus padres de viaje en prol de sustentabilidad, no en par\u00e1metros ambientales, acreditando tambi\u00e9n que consideran un papel importante en la definici\u00f3n de las pol\u00edticas internas de viajes en lugares donde se trabaja. Partilham todav\u00eda da la opini\u00f3n que <\/span><b>as empresas deben establecer metas corporativas de reducci\u00f3n de votos<\/b><span style=\"font-weight: 400;\"> (74% dos entrevistados), siendo un factor importante para reducir las respectivas pegadas de carbono, un resultado com\u00fan a todos los pa\u00edses europeos.<\/span><\/p>\n<p><span style=\"font-weight: 400;\">La Federa\u00e7\u00e3o Europeia de Transportes e Ambiente (T&amp;E), que a ZERO integra e segundo, considera que los funcion\u00e1rios das empresas desean un nuevo paradigma, en que as metas y pol\u00edticas corporativas devem ser <\/span><b>claras y alinhadas com as expectativas dos funcion\u00e1rios<\/b><span style=\"font-weight: 400;\">, sendo que esto es un factor que j\u00e1 est\u00e1 a ayudar como empresas a reclutar y reter talento.<\/span><\/p>\n<p><span style=\"font-weight: 400;\">Este estudo chega numa altura em que h\u00e1 uma sensa\u00e7\u00e3o crescente de que os n\u00edveis mais baixos de voos empresariais vieram para ficar. Daqueles que relataram voar em trabalho atualmente ou antes da pandemia, <\/span><b>63% viajamos menos<\/b><span style=\"font-weight: 400;\"> Como resultado de la pandemia, el 27% dice que viaja con la misma frecuencia y el 11% admite viajar m\u00e1s ahora.<\/span><\/p>\n<p><img loading=\"lazy\" decoding=\"async\" class=\"alignnone size-large wp-image-3694\" src=\"http:\/\/travelsmartcampaign.org\/wp-content\/uploads\/PT-Travel-Smart-Poll-Infographics-1-1024x576.png\" alt=\"\" width=\"800\" height=\"450\" srcset=\"https:\/\/travelsmartcampaign.org\/wp-content\/uploads\/PT-Travel-Smart-Poll-Infographics-1-1024x576.png 1024w, https:\/\/travelsmartcampaign.org\/wp-content\/uploads\/PT-Travel-Smart-Poll-Infographics-1-300x169.png 300w, https:\/\/travelsmartcampaign.org\/wp-content\/uploads\/PT-Travel-Smart-Poll-Infographics-1-768x432.png 768w, https:\/\/travelsmartcampaign.org\/wp-content\/uploads\/PT-Travel-Smart-Poll-Infographics-1-1536x864.png 1536w, https:\/\/travelsmartcampaign.org\/wp-content\/uploads\/PT-Travel-Smart-Poll-Infographics-1-18x10.png 18w, https:\/\/travelsmartcampaign.org\/wp-content\/uploads\/PT-Travel-Smart-Poll-Infographics-1.png 1920w\" sizes=\"auto, (max-width: 800px) 100vw, 800px\" \/><\/p>\n<p><span style=\"font-weight: 400;\">La pandemia mostr\u00f3 una facilidad con la que los funcionarios podr\u00edan reducir sus empresas, recordando alternativas de menores emisiones de carbono. Quando perguntados sobre su preferencia sobre como reducir el impacto ambiental de los viajes a\u00e9reos empresariales, los funcionarios nesta pesquisa foram mais propensos a decir que prefieren <\/span><b>tecnolog\u00edas y <\/b><b><i>programas inform\u00e1ticos<\/i><\/b><b> de colaboraci\u00f3n virtual<\/b><span style=\"font-weight: 400;\"> (53% dos entrevistados). <\/span><b>Hablar con menos frecuencia<\/b><span style=\"font-weight: 400;\"> (36%) y <\/span><b>optar por otros medios de transporte<\/b><span style=\"font-weight: 400;\"> (32%) reciba cerca de un tercer nivel de intensidad.\u00a0<\/span><\/p>\n<p><span style=\"font-weight: 400;\">Prev\u00ea-se que a mudan\u00e7a para um modo de colabora\u00e7\u00e3o remoto tenha um gran impacto em termos de reuni\u00f5es internas empresariais. A grande maioria dos colaboradores inquiridos (72%) dizem que <\/span><b>est\u00e1n disponibles para viajar menos para reuniones internas<\/b><span style=\"font-weight: 400;\">, con 67% deles dispostos a planear mais reuni\u00f5es locais por oposici\u00f3n a reuni\u00f5es globalis, e, portanto, potencialmente imposibilitando voos de longo curso.<\/span><\/p>\n<p><span style=\"font-weight: 400;\">A Federa\u00e7\u00e3o de Transportes e Ambiente ea ZERO entendem que a Confer\u00eancia das Partes das Na\u00e7\u00f5es Unidas, que se inicia no dia 6 de noviembre en Egipto, \u00e9 o momento ideal para os <\/span><b>l\u00edderes empresariais preocupados com o clima<\/b><span style=\"font-weight: 400;\">, darem o exemplo, examinando os seus propios h\u00e1bitos de voo. Devem aproveitar tamb\u00e9m o momento para se comprometerem a <\/span><b>disminuir el n\u00famero de viajes a\u00e9reos empresariais en pelo menos 50%<\/b><span style=\"font-weight: 400;\">, em rela\u00e7\u00e3o aos n\u00edveis pr\u00e9-pandemia.<\/span><\/p>\n<p style=\"text-align: center;\"><a href=\"http:\/\/travelsmartcampaign.org\/wp-content\/uploads\/Travel-Smart-Topline-101922_USPA.docx.pdf\">Descargar los resultados de Ipsos<\/a><\/p>\n<p><b>Notas del editor:<\/b><\/p>\n<p><span style=\"font-weight: 400;\">Una investigaci\u00f3n realizada de forma online por Ipsos, utilizando una muestra de 2.506 adultos de cinco pa\u00edses: EUA, Reino Unido, Francia, Alemania y Espa\u00f1a. Para calificar para una investigaci\u00f3n, los entrevistados deben estar empleados en un per\u00edodo integral de una organizaci\u00f3n con menos de 50 funcionarios y entre 18 y 74 a\u00f1os. Amostra de funcion\u00e1rios foi ainda dividida para reflejar apenas los funcion\u00e1rios que viajan de avi\u00f3n en trabajo. Os funcion\u00e1rios que viajan de avi\u00e3o em trabalho neste estudo referem-se \u00e0queles que dizem que voaram em trabalho antes do COVID ou que voam atualmente em trabalho. Amostra de funcion\u00e1rios que viajam de avi\u00e3o em trabalho foi de 1 279 personas. El trabajo de campo se realiz\u00f3 entre el 6 y el 10 de octubre de 2022. Los pesos demogr\u00e1ficos para los aplicados en el nivel del pa\u00eds. A pesquisa tem um intervalo de credibilidade de mais ou menos 2,4 puntos porcentuales para todos los entrevistados. La investigaci\u00f3n tambi\u00e9n tiene un intervalo de credibilidad de m\u00e1s o menos 3,4 puntos porcentuales para los funcionarios que viajan de avi\u00f3n en el trabajo.<\/span><\/p>\n<p>&nbsp;<\/p>","protected":false},"excerpt":{"rendered":"<p>Tres en cada cinco funciones de empresas que viajan de avi\u00f3n en trabajo reducen la cantidad de viajes como resultado de la pandemia<\/p>","protected":false},"featured_media":3622,"template":"","topic":[],"visibility":[],"post-country":[34],"language":[40],"category-post-type":[28],"class_list":["post-3598","library","type-library","status-publish","has-post-thumbnail","hentry","post-country-portugal","language-portuguese","category-post-type-press-release"],"yoast_head":"<!-- This site is optimized with the Yoast SEO plugin v27.5 - https:\/\/yoast.com\/product\/yoast-seo-wordpress\/ -->\n<title>Novo estudo em 5 pa\u00edses chave vem confirmar que a maioria dos funcion\u00e1rios espera que os altos executivos estabele\u00e7am metas corporativas de redu\u00e7\u00e3o de voos - Travel Smart Campaign<\/title>\n<meta name=\"robots\" content=\"index, follow, max-snippet:-1, max-image-preview:large, max-video-preview:-1\" \/>\n<link rel=\"canonical\" href=\"https:\/\/travelsmartcampaign.org\/es\/biblioteca\/a-maioria-dos-funcionarios-espera-que-os-altos-ejecutivos-establezcan-metas-corporativas-de-reduccion-de-votos\/\" \/>\n<meta property=\"og:locale\" content=\"es_ES\" \/>\n<meta property=\"og:type\" content=\"article\" \/>\n<meta property=\"og:title\" content=\"Novo estudo em 5 pa\u00edses chave vem confirmar que a maioria dos funcion\u00e1rios espera que os altos executivos estabele\u00e7am metas corporativas de redu\u00e7\u00e3o de voos - Travel Smart Campaign\" \/>\n<meta property=\"og:description\" content=\"Tr\u00eas em cada cinco funcion\u00e1rios de empresas que viajam de avi\u00e3o em trabalho reduziram a quantidade de viagens como resultado da pandemia\" \/>\n<meta property=\"og:url\" content=\"https:\/\/travelsmartcampaign.org\/es\/biblioteca\/a-maioria-dos-funcionarios-espera-que-os-altos-ejecutivos-establezcan-metas-corporativas-de-reduccion-de-votos\/\" \/>\n<meta property=\"og:site_name\" content=\"Travel Smart Campaign\" \/>\n<meta property=\"og:image\" content=\"https:\/\/travelsmartcampaign.org\/wp-content\/uploads\/pexels-tima-miroshnichenko-5725432-scaled.jpg\" \/>\n\t<meta property=\"og:image:width\" content=\"2560\" \/>\n\t<meta property=\"og:image:height\" content=\"1707\" \/>\n\t<meta property=\"og:image:type\" content=\"image\/jpeg\" \/>\n<meta name=\"twitter:card\" content=\"summary_large_image\" \/>\n<meta name=\"twitter:label1\" content=\"Tiempo de lectura\" \/>\n\t<meta name=\"twitter:data1\" content=\"4 minutos\" \/>\n<script type=\"application\/ld+json\" class=\"yoast-schema-graph\">{\"@context\":\"https:\\\/\\\/schema.org\",\"@graph\":[{\"@type\":\"WebPage\",\"@id\":\"https:\\\/\\\/travelsmartcampaign.org\\\/library\\\/a-maioria-dos-funcionarios-espera-que-os-altos-executivos-estabelecam-metas-corporativas-de-reducao-de-voos\\\/\",\"url\":\"https:\\\/\\\/travelsmartcampaign.org\\\/library\\\/a-maioria-dos-funcionarios-espera-que-os-altos-executivos-estabelecam-metas-corporativas-de-reducao-de-voos\\\/\",\"name\":\"Novo estudo em 5 pa\u00edses chave vem confirmar que a maioria dos funcion\u00e1rios espera que os altos executivos estabele\u00e7am metas corporativas de redu\u00e7\u00e3o de voos - Travel Smart Campaign\",\"isPartOf\":{\"@id\":\"https:\\\/\\\/travelsmartcampaign.org\\\/#website\"},\"primaryImageOfPage\":{\"@id\":\"https:\\\/\\\/travelsmartcampaign.org\\\/library\\\/a-maioria-dos-funcionarios-espera-que-os-altos-executivos-estabelecam-metas-corporativas-de-reducao-de-voos\\\/#primaryimage\"},\"image\":{\"@id\":\"https:\\\/\\\/travelsmartcampaign.org\\\/library\\\/a-maioria-dos-funcionarios-espera-que-os-altos-executivos-estabelecam-metas-corporativas-de-reducao-de-voos\\\/#primaryimage\"},\"thumbnailUrl\":\"https:\\\/\\\/travelsmartcampaign.org\\\/wp-content\\\/uploads\\\/pexels-tima-miroshnichenko-5725432-scaled.jpg\",\"datePublished\":\"2022-11-05T23:01:07+00:00\",\"breadcrumb\":{\"@id\":\"https:\\\/\\\/travelsmartcampaign.org\\\/library\\\/a-maioria-dos-funcionarios-espera-que-os-altos-executivos-estabelecam-metas-corporativas-de-reducao-de-voos\\\/#breadcrumb\"},\"inLanguage\":\"es\",\"potentialAction\":[{\"@type\":\"ReadAction\",\"target\":[\"https:\\\/\\\/travelsmartcampaign.org\\\/library\\\/a-maioria-dos-funcionarios-espera-que-os-altos-executivos-estabelecam-metas-corporativas-de-reducao-de-voos\\\/\"]}]},{\"@type\":\"ImageObject\",\"inLanguage\":\"es\",\"@id\":\"https:\\\/\\\/travelsmartcampaign.org\\\/library\\\/a-maioria-dos-funcionarios-espera-que-os-altos-executivos-estabelecam-metas-corporativas-de-reducao-de-voos\\\/#primaryimage\",\"url\":\"https:\\\/\\\/travelsmartcampaign.org\\\/wp-content\\\/uploads\\\/pexels-tima-miroshnichenko-5725432-scaled.jpg\",\"contentUrl\":\"https:\\\/\\\/travelsmartcampaign.org\\\/wp-content\\\/uploads\\\/pexels-tima-miroshnichenko-5725432-scaled.jpg\",\"width\":2560,\"height\":1707},{\"@type\":\"BreadcrumbList\",\"@id\":\"https:\\\/\\\/travelsmartcampaign.org\\\/library\\\/a-maioria-dos-funcionarios-espera-que-os-altos-executivos-estabelecam-metas-corporativas-de-reducao-de-voos\\\/#breadcrumb\",\"itemListElement\":[{\"@type\":\"ListItem\",\"position\":1,\"name\":\"Home\",\"item\":\"https:\\\/\\\/travelsmartcampaign.org\\\/\"},{\"@type\":\"ListItem\",\"position\":2,\"name\":\"Novo estudo em 5 pa\u00edses chave vem confirmar que a maioria dos funcion\u00e1rios espera que os altos executivos estabele\u00e7am metas corporativas de redu\u00e7\u00e3o de voos\"}]},{\"@type\":\"WebSite\",\"@id\":\"https:\\\/\\\/travelsmartcampaign.org\\\/#website\",\"url\":\"https:\\\/\\\/travelsmartcampaign.org\\\/\",\"name\":\"Travel Smart\",\"description\":\"\",\"publisher\":{\"@id\":\"https:\\\/\\\/travelsmartcampaign.org\\\/#organization\"},\"potentialAction\":[{\"@type\":\"SearchAction\",\"target\":{\"@type\":\"EntryPoint\",\"urlTemplate\":\"https:\\\/\\\/travelsmartcampaign.org\\\/?s={search_term_string}\"},\"query-input\":{\"@type\":\"PropertyValueSpecification\",\"valueRequired\":true,\"valueName\":\"search_term_string\"}}],\"inLanguage\":\"es\"},{\"@type\":\"Organization\",\"@id\":\"https:\\\/\\\/travelsmartcampaign.org\\\/#organization\",\"name\":\"Travel Smart\",\"url\":\"https:\\\/\\\/travelsmartcampaign.org\\\/\",\"logo\":{\"@type\":\"ImageObject\",\"inLanguage\":\"es\",\"@id\":\"https:\\\/\\\/travelsmartcampaign.org\\\/#\\\/schema\\\/logo\\\/image\\\/\",\"url\":\"https:\\\/\\\/travelsmartcampaign.org\\\/wp-content\\\/uploads\\\/travel-smart-min.jpeg\",\"contentUrl\":\"https:\\\/\\\/travelsmartcampaign.org\\\/wp-content\\\/uploads\\\/travel-smart-min.jpeg\",\"width\":1200,\"height\":690,\"caption\":\"Travel Smart\"},\"image\":{\"@id\":\"https:\\\/\\\/travelsmartcampaign.org\\\/#\\\/schema\\\/logo\\\/image\\\/\"}}]}<\/script>\n<!-- \/ Yoast SEO plugin. -->","yoast_head_json":{"title":"Un nuevo estudio realizado en cinco pa\u00edses clave confirma que la mayor\u00eda de los empleados espera que los altos ejecutivos establezcan objetivos corporativos para reducir los vuelos. - Campa\u00f1a Travel Smart","robots":{"index":"index","follow":"follow","max-snippet":"max-snippet:-1","max-image-preview":"max-image-preview:large","max-video-preview":"max-video-preview:-1"},"canonical":"https:\/\/travelsmartcampaign.org\/es\/biblioteca\/a-maioria-dos-funcionarios-espera-que-os-altos-ejecutivos-establezcan-metas-corporativas-de-reduccion-de-votos\/","og_locale":"es_ES","og_type":"article","og_title":"Novo estudo em 5 pa\u00edses chave vem confirmar que a maioria dos funcion\u00e1rios espera que os altos executivos estabele\u00e7am metas corporativas de redu\u00e7\u00e3o de voos - Travel Smart Campaign","og_description":"Tr\u00eas em cada cinco funcion\u00e1rios de empresas que viajam de avi\u00e3o em trabalho reduziram a quantidade de viagens como resultado da pandemia","og_url":"https:\/\/travelsmartcampaign.org\/es\/biblioteca\/a-maioria-dos-funcionarios-espera-que-os-altos-ejecutivos-establezcan-metas-corporativas-de-reduccion-de-votos\/","og_site_name":"Travel Smart Campaign","og_image":[{"width":2560,"height":1707,"url":"https:\/\/travelsmartcampaign.org\/wp-content\/uploads\/pexels-tima-miroshnichenko-5725432-scaled.jpg","type":"image\/jpeg"}],"twitter_card":"summary_large_image","twitter_misc":{"Tiempo de lectura":"4 minutos"},"schema":{"@context":"https:\/\/schema.org","@graph":[{"@type":"WebPage","@id":"https:\/\/travelsmartcampaign.org\/library\/a-maioria-dos-funcionarios-espera-que-os-altos-executivos-estabelecam-metas-corporativas-de-reducao-de-voos\/","url":"https:\/\/travelsmartcampaign.org\/library\/a-maioria-dos-funcionarios-espera-que-os-altos-executivos-estabelecam-metas-corporativas-de-reducao-de-voos\/","name":"Un nuevo estudio realizado en cinco pa\u00edses clave confirma que la mayor\u00eda de los empleados espera que los altos ejecutivos establezcan objetivos corporativos para reducir los vuelos. - Campa\u00f1a Travel Smart","isPartOf":{"@id":"https:\/\/travelsmartcampaign.org\/#website"},"primaryImageOfPage":{"@id":"https:\/\/travelsmartcampaign.org\/library\/a-maioria-dos-funcionarios-espera-que-os-altos-executivos-estabelecam-metas-corporativas-de-reducao-de-voos\/#primaryimage"},"image":{"@id":"https:\/\/travelsmartcampaign.org\/library\/a-maioria-dos-funcionarios-espera-que-os-altos-executivos-estabelecam-metas-corporativas-de-reducao-de-voos\/#primaryimage"},"thumbnailUrl":"https:\/\/travelsmartcampaign.org\/wp-content\/uploads\/pexels-tima-miroshnichenko-5725432-scaled.jpg","datePublished":"2022-11-05T23:01:07+00:00","breadcrumb":{"@id":"https:\/\/travelsmartcampaign.org\/library\/a-maioria-dos-funcionarios-espera-que-os-altos-executivos-estabelecam-metas-corporativas-de-reducao-de-voos\/#breadcrumb"},"inLanguage":"es","potentialAction":[{"@type":"ReadAction","target":["https:\/\/travelsmartcampaign.org\/library\/a-maioria-dos-funcionarios-espera-que-os-altos-executivos-estabelecam-metas-corporativas-de-reducao-de-voos\/"]}]},{"@type":"ImageObject","inLanguage":"es","@id":"https:\/\/travelsmartcampaign.org\/library\/a-maioria-dos-funcionarios-espera-que-os-altos-executivos-estabelecam-metas-corporativas-de-reducao-de-voos\/#primaryimage","url":"https:\/\/travelsmartcampaign.org\/wp-content\/uploads\/pexels-tima-miroshnichenko-5725432-scaled.jpg","contentUrl":"https:\/\/travelsmartcampaign.org\/wp-content\/uploads\/pexels-tima-miroshnichenko-5725432-scaled.jpg","width":2560,"height":1707},{"@type":"BreadcrumbList","@id":"https:\/\/travelsmartcampaign.org\/library\/a-maioria-dos-funcionarios-espera-que-os-altos-executivos-estabelecam-metas-corporativas-de-reducao-de-voos\/#breadcrumb","itemListElement":[{"@type":"ListItem","position":1,"name":"Home","item":"https:\/\/travelsmartcampaign.org\/"},{"@type":"ListItem","position":2,"name":"Novo estudo em 5 pa\u00edses chave vem confirmar que a maioria dos funcion\u00e1rios espera que os altos executivos estabele\u00e7am metas corporativas de redu\u00e7\u00e3o de voos"}]},{"@type":"WebSite","@id":"https:\/\/travelsmartcampaign.org\/#website","url":"https:\/\/travelsmartcampaign.org\/","name":"Travel Smart","description":"","publisher":{"@id":"https:\/\/travelsmartcampaign.org\/#organization"},"potentialAction":[{"@type":"SearchAction","target":{"@type":"EntryPoint","urlTemplate":"https:\/\/travelsmartcampaign.org\/?s={search_term_string}"},"query-input":{"@type":"PropertyValueSpecification","valueRequired":true,"valueName":"search_term_string"}}],"inLanguage":"es"},{"@type":"Organization","@id":"https:\/\/travelsmartcampaign.org\/#organization","name":"Travel Smart","url":"https:\/\/travelsmartcampaign.org\/","logo":{"@type":"ImageObject","inLanguage":"es","@id":"https:\/\/travelsmartcampaign.org\/#\/schema\/logo\/image\/","url":"https:\/\/travelsmartcampaign.org\/wp-content\/uploads\/travel-smart-min.jpeg","contentUrl":"https:\/\/travelsmartcampaign.org\/wp-content\/uploads\/travel-smart-min.jpeg","width":1200,"height":690,"caption":"Travel Smart"},"image":{"@id":"https:\/\/travelsmartcampaign.org\/#\/schema\/logo\/image\/"}}]}},"_links":{"self":[{"href":"https:\/\/travelsmartcampaign.org\/es\/wp-json\/wp\/v2\/library\/3598","targetHints":{"allow":["GET"]}}],"collection":[{"href":"https:\/\/travelsmartcampaign.org\/es\/wp-json\/wp\/v2\/library"}],"about":[{"href":"https:\/\/travelsmartcampaign.org\/es\/wp-json\/wp\/v2\/types\/library"}],"version-history":[{"count":0,"href":"https:\/\/travelsmartcampaign.org\/es\/wp-json\/wp\/v2\/library\/3598\/revisions"}],"wp:featuredmedia":[{"embeddable":true,"href":"https:\/\/travelsmartcampaign.org\/es\/wp-json\/wp\/v2\/media\/3622"}],"wp:attachment":[{"href":"https:\/\/travelsmartcampaign.org\/es\/wp-json\/wp\/v2\/media?parent=3598"}],"wp:term":[{"taxonomy":"topic","embeddable":true,"href":"https:\/\/travelsmartcampaign.org\/es\/wp-json\/wp\/v2\/topic?post=3598"},{"taxonomy":"visibility","embeddable":true,"href":"https:\/\/travelsmartcampaign.org\/es\/wp-json\/wp\/v2\/visibility?post=3598"},{"taxonomy":"post-country","embeddable":true,"href":"https:\/\/travelsmartcampaign.org\/es\/wp-json\/wp\/v2\/post-country?post=3598"},{"taxonomy":"language","embeddable":true,"href":"https:\/\/travelsmartcampaign.org\/es\/wp-json\/wp\/v2\/language?post=3598"},{"taxonomy":"category-post-type","embeddable":true,"href":"https:\/\/travelsmartcampaign.org\/es\/wp-json\/wp\/v2\/category-post-type?post=3598"}],"curies":[{"name":"wp","href":"https:\/\/api.w.org\/{rel}","templated":true}]}}