{"id":6539,"date":"2023-03-15T00:01:50","date_gmt":"2023-03-14T23:01:50","guid":{"rendered":"http:\/\/travelsmartcampaign.org\/?post_type=library&#038;p=6539"},"modified":"2023-03-15T10:26:18","modified_gmt":"2023-03-15T09:26:18","slug":"las-multinacionales-belgas-no-proponen-planes-creibles-relativos-a-la-reduccion-de-emisiones-de-leurs-vols-daffaires","status":"publish","type":"library","link":"https:\/\/travelsmartcampaign.org\/es\/library\/les-multinationales-belges-ne-proposent-pas-de-plans-credibles-relatifs-a-la-reduction-des-emissions-de-leurs-vols-daffaires\/","title":{"rendered":"Las multinacionales belgas no proponen planes cre\u00edbles relacionados con la reducci\u00f3n de emisiones de leurs vols d&#039;affaires"},"content":{"rendered":"<p><strong>Aucune entreprise belge figurant dans la deuxi\u00e8me \u00e9dition d&#039;un <a href=\"http:\/\/travelsmartcampaign.org\/es\/ranking\/\">clasificaci\u00f3n<\/a> en los viajes de negocios realizados por\u00a0<\/strong><em><b>La campa\u00f1a Travel Smart<\/b><\/em><strong>, n&#039;a fix\u00e9 d&#039;objectif de reducci\u00f3n de ses \u00e9missions li\u00e9es aux travel d&#039;affaires. La mayor\u00eda de las empresas belgas no superan la \u201cparte sumergida del iceberg\u201d de emisiones \u201cno CO\u201d<\/strong><strong>2<\/strong><strong>\u201d asociados a sus desplazamientos a\u00e9reos. Explicaciones.<\/strong><\/p>\n<p><img loading=\"lazy\" decoding=\"async\" class=\"alignnone size-large wp-image-6545\" src=\"http:\/\/travelsmartcampaign.org\/wp-content\/uploads\/Original_Infographic-2-Ranking-card-for-companies-11-1-1024x576.png\" alt=\"\" width=\"800\" height=\"450\" srcset=\"https:\/\/travelsmartcampaign.org\/wp-content\/uploads\/Original_Infographic-2-Ranking-card-for-companies-11-1-1024x576.png 1024w, https:\/\/travelsmartcampaign.org\/wp-content\/uploads\/Original_Infographic-2-Ranking-card-for-companies-11-1-300x169.png 300w, https:\/\/travelsmartcampaign.org\/wp-content\/uploads\/Original_Infographic-2-Ranking-card-for-companies-11-1-768x432.png 768w, https:\/\/travelsmartcampaign.org\/wp-content\/uploads\/Original_Infographic-2-Ranking-card-for-companies-11-1-1536x864.png 1536w, https:\/\/travelsmartcampaign.org\/wp-content\/uploads\/Original_Infographic-2-Ranking-card-for-companies-11-1-18x10.png 18w, https:\/\/travelsmartcampaign.org\/wp-content\/uploads\/Original_Infographic-2-Ranking-card-for-companies-11-1.png 1920w\" sizes=\"auto, (max-width: 800px) 100vw, 800px\" \/><\/p>\n<p>En el nivel mundial, solo 50 empresas de las 322 de la clasificaci\u00f3n tienen como objetivo la reducci\u00f3n de emisiones en los viajes de negocios. Parmi les entreprises qui se sont fix\u00e9 un objectif, solos quatre d&#039;entre elles obtiennent la \u201cnorme d&#039;or\u201d, c&#039;est-\u00e0-dire qu&#039;elles declarant leurs \u00e9missions li\u00e9es au transport a\u00e9rien et s&#039;engagent \u00e0 les r\u00e9duire de 50 % o m\u00e1s, de aqu\u00ed a 2025 o antes. Se trata de Novo Nordisk (industria farmac\u00e9utica, Dinamarca), Swiss Re (finanzas, Suiza), Fidelity International (finanzas, Royaume-Uni) y ABN Amro (finanzas, Pays-Bas).<\/p>\n<p>Dans leur bilan \u2013 r\u00e9alis\u00e9 pour la premiere fois \u2013 des declarations des \u00e9missions \u201cnon CO2\u201d liees aux vols d&#039;affaires, le classement r\u00e9v\u00e8le que dos empresas belgas montant la voie en declarant toutes les \u00e9missions de gaz \u00e0 effet de serre associ\u00e9es aux vols d &#039;asuntos: la empresa farmac\u00e9utica UCB y la empresa tecnol\u00f3gica Barco NV, que mont\u00f3 el ejemplo en inquilino cuenta del impacto total de los vols dans leurs rapports.<\/p>\n<p>En efecto, el impacto clim\u00e1tico de los negocios no se limita a las emisiones de CO2. Adem\u00e1s del CO2, los motores de avi\u00f3n emiten otros gases (\u00f3xidos de azote, di\u00f3xido de azufre y agua), adem\u00e1s de part\u00edculas (suero). Estas emisiones son emisiones comunitarias apeladas \u00abno CO2\u00bb, y\u00a0<a href=\"https:\/\/www.canopea.be\/?mailpoet_router&amp;endpoint=track&amp;action=click&amp;data=WyI5NzAxIiwiNzc0NTM1IiwiNDA3IiwiNGM0OTAyZGI0ZDIyIixmYWxzZV0\" data-saferedirecturl=\"https:\/\/www.google.com\/url?q=https:\/\/www.canopea.be?mailpoet_router%26endpoint%3Dtrack%26action%3Dclick%26data%3DWyI5NzAxIiwiNzc0NTM1IiwiNDA3IiwiNGM0OTAyZGI0ZDIyIixmYWxzZV0&amp;source=gmail&amp;ust=1678876078942000&amp;usg=AOvVaw1D-kn5JxnJV3LPfFciBtqA\">en tiempo estimado<\/a>\u00a0qu&#039;elles sont responsables des deux tiers du d\u00e9r\u00e8glement climatique total d\u00fb aux vols. Sin embargo, muchas empresas reflejan el impacto total de sus negocios al compensar los efectos del \u00abno CO2\u00bb.<\/p>\n<p>Marie Spaey, encargada de misi\u00f3n Tourisme chez\u00a0<a href=\"https:\/\/www.canopea.be\/?mailpoet_router&amp;endpoint=track&amp;action=click&amp;data=WyI5NzAxIiwiNzc0NTM1IiwiNDA3IiwiZThmMDkyYzRlYTI2IixmYWxzZV0\" target=\"_blank\" rel=\"noopener\" data-saferedirecturl=\"https:\/\/www.google.com\/url?q=https:\/\/www.canopea.be?mailpoet_router%26endpoint%3Dtrack%26action%3Dclick%26data%3DWyI5NzAxIiwiNzc0NTM1IiwiNDA3IiwiZThmMDkyYzRlYTI2IixmYWxzZV0&amp;source=gmail&amp;ust=1678876078942000&amp;usg=AOvVaw2AqvLip28ijPGYxXA4ypvj\">canopea<\/a>, declara: \u201c<em>Las emisiones debidas a los viajes de negocios son muy responsables de una gran parte del impacto clim\u00e1tico de una empresa. En caso de reducci\u00f3n, las empresas pueden progresar r\u00e1pidamente en la lucha contra el cambio clim\u00e1tico. Sin embargo, muchas empresas no tienen a\u00fan un conocimiento preciso del impacto clim\u00e1tico de sus viajes de negocios. Los mismos l\u00edderes de la clasificaci\u00f3n se alinean con la ciencia y declaran las emisiones diferentes del CO<\/em><em>2<\/em><em>\u00a0\u2013 la parte sumergida del iceberg del impacto total de la aviaci\u00f3n sobre el clima.<\/em>&#8221;<\/p>\n<p>Volkswagen, KPMG y Johnson &amp; Johnson son los tres principales emisores de clase\u00a0<em>Travel Smart<\/em>, n&#039;ayant pas fix\u00e9 d&#039;objectifs de r\u00e9duction des \u00e9missions li\u00e9es aux travel d&#039;affaires. M\u00e1s el an\u00e1lisis de los relojes que es posible y necesario para fijar los objetivos, como lo hacen las empresas de tama\u00f1o y sectores similares a los Deloitte y AstraZeneca.<\/p>\n<p><a href=\"http:\/\/travelsmartcampaign.org\/es\/biblioteca\/sesion-informativa-sobre-viajes-inteligentes-2023\/\">El estudio<\/a> Montre que si 10 % des entreprises \u2013 les plus gros \u00e9metteurs du classement \u2013 se fixaient des objectifs de r\u00e9duction de 50 %, esto permite hacer la moiti\u00e9 du chemin para atteindre l&#039;objectif mondial de -50 % des \u00e9missions li\u00e9es aux voyages d&#039; Asuntos en Aviaci\u00f3n de 2025. La reducci\u00f3n de las emisiones de la aviaci\u00f3n es a\u00fan m\u00e1s crucial para el invierno, si queremos limitar el calentamiento clim\u00e1tico a 1,5\u00b0C.<\/p>\n<p>Para la cr\u00edtica de la d\u00e9cada que nos separa de 2030, el mejor momento para reducir las emisiones de la aviaci\u00f3n es reducir menos las emisiones de aviaci\u00f3n, el avance de los carburantes duraderos y las emisiones de aviones nulas en la hora Actualmente \u00bb esperamos que apr\u00e8s 2030, tandis qu&#039;il est claro que la compensaci\u00f3n no puede sustituir a la reducci\u00f3n de emisiones.<\/p>\n<p>La campa\u00f1a\u00a0<em>Travel Smart<\/em>\u00a0Invite a las empresas a fijar objetivos ambiciosos para reducir las emisiones en los viajes de negocios, a reemplazar el avi\u00f3n por tren cuando sea posible y a privilegiar la videoconferencia para reemplazar los vuelos de larga distancia.<\/p>\n<p>Marie Spaey concluye: \u00ab <em>Una pol\u00edtica de viajes duraderos, que integra la tenue de reuniones en l\u00ednea y los lugares de reuni\u00f3n de proximidad, presente en\u00a0<a href=\"https:\/\/www.canopea.be\/?mailpoet_router&amp;endpoint=track&amp;action=click&amp;data=WyI5NzAxIiwiNzc0NTM1IiwiNDA3IiwiODQ3ZDE5MDJjYTc3IixmYWxzZV0\" data-saferedirecturl=\"https:\/\/www.google.com\/url?q=https:\/\/www.canopea.be?mailpoet_router%26endpoint%3Dtrack%26action%3Dclick%26data%3DWyI5NzAxIiwiNzc0NTM1IiwiNDA3IiwiODQ3ZDE5MDJjYTc3IixmYWxzZV0&amp;source=gmail&amp;ust=1678876078942000&amp;usg=AOvVaw0l50lRnppMDJhXeyc3bndt\">muchas ventajas para una empresa<\/a>\u00a0: non solo une empreinte carbone plus faible, mais aussi un win de temps, davantage de bien-\u00eatre et unae r\u00e9duction des co\u00fbts<\/em>\u00a0\u00bb.<\/p>\n<p><strong>A prop\u00f3sito de la campa\u00f1a <\/strong><em><strong>Travel Smart<\/strong><\/em><strong>\u00a0y de la clasificaci\u00f3n:<\/strong>\u00a0<a href=\"https:\/\/www.canopea.be\/?mailpoet_router&amp;endpoint=track&amp;action=click&amp;data=WyI5NzAxIiwiNzc0NTM1IiwiNDA3IiwiOGVjZjJjYmI3MmQyIixmYWxzZV0\" data-saferedirecturl=\"https:\/\/www.google.com\/url?q=https:\/\/www.canopea.be?mailpoet_router%26endpoint%3Dtrack%26action%3Dclick%26data%3DWyI5NzAxIiwiNzc0NTM1IiwiNDA3IiwiOGVjZjJjYmI3MmQyIixmYWxzZV0&amp;source=gmail&amp;ust=1678876078942000&amp;usg=AOvVaw0L_CWmQa5HJUbFMBbkB7J_\">Transport &amp; Environment<\/a>, en colaboraci\u00f3n con una coalici\u00f3n de partenaires sur le plan international, lanz\u00f3 la campa\u00f1a Travel Smart en 2022 con la edici\u00f3n anual de una clasificaci\u00f3n de empresas sobre pr\u00e1cticas duraderas en materia de viajes de negocios. La campa\u00f1a est\u00e1 dirigida a las empresas, el objetivo es reducir las emisiones en viajes de negocios de 50 % o m\u00e1s, de aqu\u00ed a 2025 o m\u00e1s, par rapport aux niveaux ant\u00e9rieurs \u00e0 la crisis de Covid.<\/p>\n<p>le\u00a0<em>El ranking Travel Smart<\/em>\u00a0clase 322 empresas americanas, europeas e indias en funci\u00f3n de 10 indicadores relativos a las emisiones de viajes a\u00e9reos, a los objetivos de reducci\u00f3n de estas emisiones y a los informes. Au sein des 17 pays du classement, las empresas no le personal viaje le plus en avi\u00f3n sont responsables de una parte importante de los viajes de negocios en el mundo. El an\u00e1lisis reuni\u00f3 en iluminar los esfuerzos importantes que ciertas empresas internacionales deben consentir nuevamente para reducir las emisiones de sus viajes de negocios. Las empresas se voient attribuer una nota de A, B, C o D. En la edici\u00f3n de este a\u00f1o, 11 empresas obtuvieron la nota A, 3 la nota B, tandis que l&#039;\u00e9crasante majorit\u00e9 (212) a re\u00e7u la nota C et 6 entreprises ont vu la note D accol\u00e9e \u00e0 leur nom.<\/p>\n<p>Para acelerar la transici\u00f3n en materia de viajes de negocios, Canopea participa en el desarrollo de una Coalici\u00f3n para los viajes de negocios duraderos en B\u00e9lgica, reuni\u00f3n de organizaciones de vanguardia que se comprometen a minimizar el impacto ambiental y clim\u00e1tico de la vida. viajes de negocios. Actualmente, la mayor\u00eda de las organizaciones involucradas en esta coalici\u00f3n son universidades o altas escuelas, son muchos ejemplos y pueden inspirar a las empresas por ciertas pr\u00e1cticas. Las federaciones de empresas o agencias de viaje desempe\u00f1an un papel clave en el viaje. La Confederaci\u00f3n Belga de Viajes (federaci\u00f3n de todas las asociaciones belgas activas en el sector de viajes), por ejemplo, por la importancia de acompa\u00f1ar a las agencias de viajes para cambiar progresivamente las pr\u00e1cticas para un mejor premio en la cuenta del clima y de l&#039;environnement lors des voyages d&#039;affaires.<\/p>\n<table style=\"font-weight: 400;\" width=\"100%\">\n<tbody>\n<tr>\n<td><\/td>\n<\/tr>\n<\/tbody>\n<\/table>","protected":false},"excerpt":{"rendered":"<p>Aucune entreprise belge figurant dans la deuxi\u00e8me \u00e9dition d&#8217;un classement sur les voyages d&#8217;affaires r\u00e9alis\u00e9 par The Travel Smart Campaign, n&#8217;a fix\u00e9 d&#8217;objectif de r\u00e9duction de ses \u00e9missions li\u00e9es aux voyages d&#8217;affaires.<\/p>","protected":false},"featured_media":3318,"template":"","topic":[],"visibility":[],"post-country":[30],"language":[38],"category-post-type":[28],"class_list":["post-6539","library","type-library","status-publish","has-post-thumbnail","hentry","post-country-belgium","language-french","category-post-type-press-release"],"yoast_head":"<!-- This site is optimized with the Yoast SEO plugin v27.5 - https:\/\/yoast.com\/product\/yoast-seo-wordpress\/ -->\n<title>Les multinationales belges ne proposent pas de plans cr\u00e9dibles relatifs \u00e0 la r\u00e9duction des \u00e9missions de leurs vols d&#039;affaires - Travel Smart Campaign<\/title>\n<meta name=\"robots\" content=\"index, follow, max-snippet:-1, max-image-preview:large, max-video-preview:-1\" \/>\n<link rel=\"canonical\" href=\"https:\/\/travelsmartcampaign.org\/es\/biblioteca\/las-multinacionales-belgas-no-proponen-planes-creibles-relativos-a-la-reduccion-de-emisiones-de-leurs-vols-daffaires\/\" \/>\n<meta property=\"og:locale\" content=\"es_ES\" \/>\n<meta property=\"og:type\" content=\"article\" \/>\n<meta property=\"og:title\" content=\"Les multinationales belges ne proposent pas de plans cr\u00e9dibles relatifs \u00e0 la r\u00e9duction des \u00e9missions de leurs vols d&#039;affaires - Travel Smart Campaign\" \/>\n<meta property=\"og:description\" content=\"Aucune entreprise belge figurant dans la deuxi\u00e8me \u00e9dition d&#039;un classement sur les voyages d&#039;affaires r\u00e9alis\u00e9 par The Travel Smart Campaign, n&#039;a fix\u00e9 d&#039;objectif de r\u00e9duction de ses \u00e9missions li\u00e9es aux voyages d&#039;affaires.\" \/>\n<meta property=\"og:url\" content=\"https:\/\/travelsmartcampaign.org\/es\/biblioteca\/las-multinacionales-belgas-no-proponen-planes-creibles-relativos-a-la-reduccion-de-emisiones-de-leurs-vols-daffaires\/\" \/>\n<meta property=\"og:site_name\" content=\"Travel Smart Campaign\" \/>\n<meta property=\"article:modified_time\" content=\"2023-03-15T09:26:18+00:00\" \/>\n<meta property=\"og:image\" content=\"https:\/\/travelsmartcampaign.org\/wp-content\/uploads\/airplane-at-the-airport-scaled.jpg\" \/>\n\t<meta property=\"og:image:width\" content=\"2560\" \/>\n\t<meta property=\"og:image:height\" content=\"1707\" \/>\n\t<meta property=\"og:image:type\" content=\"image\/jpeg\" \/>\n<meta name=\"twitter:card\" content=\"summary_large_image\" \/>\n<meta name=\"twitter:label1\" content=\"Tiempo de lectura\" \/>\n\t<meta name=\"twitter:data1\" content=\"5 minutos\" \/>\n<script type=\"application\/ld+json\" class=\"yoast-schema-graph\">{\"@context\":\"https:\\\/\\\/schema.org\",\"@graph\":[{\"@type\":\"WebPage\",\"@id\":\"https:\\\/\\\/travelsmartcampaign.org\\\/nl\\\/bibliotheek\\\/belgische-multinationals-hebben-geen-geloofwaardige-plannen-voorgesteld-met-betrekking-tot-de-vermindering-van-de-uitstoot-van-hun-vols-zaken\\\/\",\"url\":\"https:\\\/\\\/travelsmartcampaign.org\\\/nl\\\/bibliotheek\\\/belgische-multinationals-hebben-geen-geloofwaardige-plannen-voorgesteld-met-betrekking-tot-de-vermindering-van-de-uitstoot-van-hun-vols-zaken\\\/\",\"name\":\"Les multinationales belges ne proposent pas de plans cr\u00e9dibles relatifs \u00e0 la r\u00e9duction des \u00e9missions de leurs vols d'affaires - Travel Smart Campaign\",\"isPartOf\":{\"@id\":\"https:\\\/\\\/travelsmartcampaign.org\\\/#website\"},\"primaryImageOfPage\":{\"@id\":\"https:\\\/\\\/travelsmartcampaign.org\\\/nl\\\/bibliotheek\\\/belgische-multinationals-hebben-geen-geloofwaardige-plannen-voorgesteld-met-betrekking-tot-de-vermindering-van-de-uitstoot-van-hun-vols-zaken\\\/#primaryimage\"},\"image\":{\"@id\":\"https:\\\/\\\/travelsmartcampaign.org\\\/nl\\\/bibliotheek\\\/belgische-multinationals-hebben-geen-geloofwaardige-plannen-voorgesteld-met-betrekking-tot-de-vermindering-van-de-uitstoot-van-hun-vols-zaken\\\/#primaryimage\"},\"thumbnailUrl\":\"https:\\\/\\\/travelsmartcampaign.org\\\/wp-content\\\/uploads\\\/airplane-at-the-airport-scaled.jpg\",\"datePublished\":\"2023-03-14T23:01:50+00:00\",\"dateModified\":\"2023-03-15T09:26:18+00:00\",\"breadcrumb\":{\"@id\":\"https:\\\/\\\/travelsmartcampaign.org\\\/nl\\\/bibliotheek\\\/belgische-multinationals-hebben-geen-geloofwaardige-plannen-voorgesteld-met-betrekking-tot-de-vermindering-van-de-uitstoot-van-hun-vols-zaken\\\/#breadcrumb\"},\"inLanguage\":\"es\",\"potentialAction\":[{\"@type\":\"ReadAction\",\"target\":[\"https:\\\/\\\/travelsmartcampaign.org\\\/nl\\\/bibliotheek\\\/belgische-multinationals-hebben-geen-geloofwaardige-plannen-voorgesteld-met-betrekking-tot-de-vermindering-van-de-uitstoot-van-hun-vols-zaken\\\/\"]}]},{\"@type\":\"ImageObject\",\"inLanguage\":\"es\",\"@id\":\"https:\\\/\\\/travelsmartcampaign.org\\\/nl\\\/bibliotheek\\\/belgische-multinationals-hebben-geen-geloofwaardige-plannen-voorgesteld-met-betrekking-tot-de-vermindering-van-de-uitstoot-van-hun-vols-zaken\\\/#primaryimage\",\"url\":\"https:\\\/\\\/travelsmartcampaign.org\\\/wp-content\\\/uploads\\\/airplane-at-the-airport-scaled.jpg\",\"contentUrl\":\"https:\\\/\\\/travelsmartcampaign.org\\\/wp-content\\\/uploads\\\/airplane-at-the-airport-scaled.jpg\",\"width\":2560,\"height\":1707,\"caption\":\"Airplane at the airport\"},{\"@type\":\"BreadcrumbList\",\"@id\":\"https:\\\/\\\/travelsmartcampaign.org\\\/nl\\\/bibliotheek\\\/belgische-multinationals-hebben-geen-geloofwaardige-plannen-voorgesteld-met-betrekking-tot-de-vermindering-van-de-uitstoot-van-hun-vols-zaken\\\/#breadcrumb\",\"itemListElement\":[{\"@type\":\"ListItem\",\"position\":1,\"name\":\"Home\",\"item\":\"https:\\\/\\\/travelsmartcampaign.org\\\/\"},{\"@type\":\"ListItem\",\"position\":2,\"name\":\"Les multinationales belges ne proposent pas de plans cr\u00e9dibles relatifs \u00e0 la r\u00e9duction des \u00e9missions de leurs vols d&#8217;affaires\"}]},{\"@type\":\"WebSite\",\"@id\":\"https:\\\/\\\/travelsmartcampaign.org\\\/#website\",\"url\":\"https:\\\/\\\/travelsmartcampaign.org\\\/\",\"name\":\"Travel Smart\",\"description\":\"\",\"publisher\":{\"@id\":\"https:\\\/\\\/travelsmartcampaign.org\\\/#organization\"},\"potentialAction\":[{\"@type\":\"SearchAction\",\"target\":{\"@type\":\"EntryPoint\",\"urlTemplate\":\"https:\\\/\\\/travelsmartcampaign.org\\\/?s={search_term_string}\"},\"query-input\":{\"@type\":\"PropertyValueSpecification\",\"valueRequired\":true,\"valueName\":\"search_term_string\"}}],\"inLanguage\":\"es\"},{\"@type\":\"Organization\",\"@id\":\"https:\\\/\\\/travelsmartcampaign.org\\\/#organization\",\"name\":\"Travel Smart\",\"url\":\"https:\\\/\\\/travelsmartcampaign.org\\\/\",\"logo\":{\"@type\":\"ImageObject\",\"inLanguage\":\"es\",\"@id\":\"https:\\\/\\\/travelsmartcampaign.org\\\/#\\\/schema\\\/logo\\\/image\\\/\",\"url\":\"https:\\\/\\\/travelsmartcampaign.org\\\/wp-content\\\/uploads\\\/travel-smart-min.jpeg\",\"contentUrl\":\"https:\\\/\\\/travelsmartcampaign.org\\\/wp-content\\\/uploads\\\/travel-smart-min.jpeg\",\"width\":1200,\"height\":690,\"caption\":\"Travel Smart\"},\"image\":{\"@id\":\"https:\\\/\\\/travelsmartcampaign.org\\\/#\\\/schema\\\/logo\\\/image\\\/\"}}]}<\/script>\n<!-- \/ Yoast SEO plugin. -->","yoast_head_json":{"title":"Las multinacionales belgas no proponen planes cre\u00edbles para reducir las emisiones de sus vuelos de negocios - Campa\u00f1a Travel Smart","robots":{"index":"index","follow":"follow","max-snippet":"max-snippet:-1","max-image-preview":"max-image-preview:large","max-video-preview":"max-video-preview:-1"},"canonical":"https:\/\/travelsmartcampaign.org\/es\/biblioteca\/las-multinacionales-belgas-no-proponen-planes-creibles-relativos-a-la-reduccion-de-emisiones-de-leurs-vols-daffaires\/","og_locale":"es_ES","og_type":"article","og_title":"Les multinationales belges ne proposent pas de plans cr\u00e9dibles relatifs \u00e0 la r\u00e9duction des \u00e9missions de leurs vols d'affaires - Travel Smart Campaign","og_description":"Aucune entreprise belge figurant dans la deuxi\u00e8me \u00e9dition d'un classement sur les voyages d'affaires r\u00e9alis\u00e9 par The Travel Smart Campaign, n'a fix\u00e9 d'objectif de r\u00e9duction de ses \u00e9missions li\u00e9es aux voyages d'affaires.","og_url":"https:\/\/travelsmartcampaign.org\/es\/biblioteca\/las-multinacionales-belgas-no-proponen-planes-creibles-relativos-a-la-reduccion-de-emisiones-de-leurs-vols-daffaires\/","og_site_name":"Travel Smart Campaign","article_modified_time":"2023-03-15T09:26:18+00:00","og_image":[{"width":2560,"height":1707,"url":"https:\/\/travelsmartcampaign.org\/wp-content\/uploads\/airplane-at-the-airport-scaled.jpg","type":"image\/jpeg"}],"twitter_card":"summary_large_image","twitter_misc":{"Tiempo de lectura":"5 minutos"},"schema":{"@context":"https:\/\/schema.org","@graph":[{"@type":"WebPage","@id":"https:\/\/travelsmartcampaign.org\/nl\/bibliotheek\/belgische-multinationals-hebben-geen-geloofwaardige-plannen-voorgesteld-met-betrekking-tot-de-vermindering-van-de-uitstoot-van-hun-vols-zaken\/","url":"https:\/\/travelsmartcampaign.org\/nl\/bibliotheek\/belgische-multinationals-hebben-geen-geloofwaardige-plannen-voorgesteld-met-betrekking-tot-de-vermindering-van-de-uitstoot-van-hun-vols-zaken\/","name":"Las multinacionales belgas no proponen planes cre\u00edbles para reducir las emisiones de sus vuelos de negocios - Campa\u00f1a Travel Smart","isPartOf":{"@id":"https:\/\/travelsmartcampaign.org\/#website"},"primaryImageOfPage":{"@id":"https:\/\/travelsmartcampaign.org\/nl\/bibliotheek\/belgische-multinationals-hebben-geen-geloofwaardige-plannen-voorgesteld-met-betrekking-tot-de-vermindering-van-de-uitstoot-van-hun-vols-zaken\/#primaryimage"},"image":{"@id":"https:\/\/travelsmartcampaign.org\/nl\/bibliotheek\/belgische-multinationals-hebben-geen-geloofwaardige-plannen-voorgesteld-met-betrekking-tot-de-vermindering-van-de-uitstoot-van-hun-vols-zaken\/#primaryimage"},"thumbnailUrl":"https:\/\/travelsmartcampaign.org\/wp-content\/uploads\/airplane-at-the-airport-scaled.jpg","datePublished":"2023-03-14T23:01:50+00:00","dateModified":"2023-03-15T09:26:18+00:00","breadcrumb":{"@id":"https:\/\/travelsmartcampaign.org\/nl\/bibliotheek\/belgische-multinationals-hebben-geen-geloofwaardige-plannen-voorgesteld-met-betrekking-tot-de-vermindering-van-de-uitstoot-van-hun-vols-zaken\/#breadcrumb"},"inLanguage":"es","potentialAction":[{"@type":"ReadAction","target":["https:\/\/travelsmartcampaign.org\/nl\/bibliotheek\/belgische-multinationals-hebben-geen-geloofwaardige-plannen-voorgesteld-met-betrekking-tot-de-vermindering-van-de-uitstoot-van-hun-vols-zaken\/"]}]},{"@type":"ImageObject","inLanguage":"es","@id":"https:\/\/travelsmartcampaign.org\/nl\/bibliotheek\/belgische-multinationals-hebben-geen-geloofwaardige-plannen-voorgesteld-met-betrekking-tot-de-vermindering-van-de-uitstoot-van-hun-vols-zaken\/#primaryimage","url":"https:\/\/travelsmartcampaign.org\/wp-content\/uploads\/airplane-at-the-airport-scaled.jpg","contentUrl":"https:\/\/travelsmartcampaign.org\/wp-content\/uploads\/airplane-at-the-airport-scaled.jpg","width":2560,"height":1707,"caption":"Airplane at the airport"},{"@type":"BreadcrumbList","@id":"https:\/\/travelsmartcampaign.org\/nl\/bibliotheek\/belgische-multinationals-hebben-geen-geloofwaardige-plannen-voorgesteld-met-betrekking-tot-de-vermindering-van-de-uitstoot-van-hun-vols-zaken\/#breadcrumb","itemListElement":[{"@type":"ListItem","position":1,"name":"Home","item":"https:\/\/travelsmartcampaign.org\/"},{"@type":"ListItem","position":2,"name":"Les multinationales belges ne proposent pas de plans cr\u00e9dibles relatifs \u00e0 la r\u00e9duction des \u00e9missions de leurs vols d&#8217;affaires"}]},{"@type":"WebSite","@id":"https:\/\/travelsmartcampaign.org\/#website","url":"https:\/\/travelsmartcampaign.org\/","name":"Travel Smart","description":"","publisher":{"@id":"https:\/\/travelsmartcampaign.org\/#organization"},"potentialAction":[{"@type":"SearchAction","target":{"@type":"EntryPoint","urlTemplate":"https:\/\/travelsmartcampaign.org\/?s={search_term_string}"},"query-input":{"@type":"PropertyValueSpecification","valueRequired":true,"valueName":"search_term_string"}}],"inLanguage":"es"},{"@type":"Organization","@id":"https:\/\/travelsmartcampaign.org\/#organization","name":"Travel Smart","url":"https:\/\/travelsmartcampaign.org\/","logo":{"@type":"ImageObject","inLanguage":"es","@id":"https:\/\/travelsmartcampaign.org\/#\/schema\/logo\/image\/","url":"https:\/\/travelsmartcampaign.org\/wp-content\/uploads\/travel-smart-min.jpeg","contentUrl":"https:\/\/travelsmartcampaign.org\/wp-content\/uploads\/travel-smart-min.jpeg","width":1200,"height":690,"caption":"Travel Smart"},"image":{"@id":"https:\/\/travelsmartcampaign.org\/#\/schema\/logo\/image\/"}}]}},"_links":{"self":[{"href":"https:\/\/travelsmartcampaign.org\/es\/wp-json\/wp\/v2\/library\/6539","targetHints":{"allow":["GET"]}}],"collection":[{"href":"https:\/\/travelsmartcampaign.org\/es\/wp-json\/wp\/v2\/library"}],"about":[{"href":"https:\/\/travelsmartcampaign.org\/es\/wp-json\/wp\/v2\/types\/library"}],"version-history":[{"count":0,"href":"https:\/\/travelsmartcampaign.org\/es\/wp-json\/wp\/v2\/library\/6539\/revisions"}],"wp:featuredmedia":[{"embeddable":true,"href":"https:\/\/travelsmartcampaign.org\/es\/wp-json\/wp\/v2\/media\/3318"}],"wp:attachment":[{"href":"https:\/\/travelsmartcampaign.org\/es\/wp-json\/wp\/v2\/media?parent=6539"}],"wp:term":[{"taxonomy":"topic","embeddable":true,"href":"https:\/\/travelsmartcampaign.org\/es\/wp-json\/wp\/v2\/topic?post=6539"},{"taxonomy":"visibility","embeddable":true,"href":"https:\/\/travelsmartcampaign.org\/es\/wp-json\/wp\/v2\/visibility?post=6539"},{"taxonomy":"post-country","embeddable":true,"href":"https:\/\/travelsmartcampaign.org\/es\/wp-json\/wp\/v2\/post-country?post=6539"},{"taxonomy":"language","embeddable":true,"href":"https:\/\/travelsmartcampaign.org\/es\/wp-json\/wp\/v2\/language?post=6539"},{"taxonomy":"category-post-type","embeddable":true,"href":"https:\/\/travelsmartcampaign.org\/es\/wp-json\/wp\/v2\/category-post-type?post=6539"}],"curies":[{"name":"wp","href":"https:\/\/api.w.org\/{rel}","templated":true}]}}