{"id":9004,"date":"2023-07-04T15:46:38","date_gmt":"2023-07-04T14:46:38","guid":{"rendered":"http:\/\/travelsmartcampaign.org\/?post_type=library&#038;p=9004"},"modified":"2024-12-16T18:05:34","modified_gmt":"2024-12-16T17:05:34","slug":"viajes-de-negocios-voler-moins-travailler-mieux","status":"publish","type":"library","link":"https:\/\/travelsmartcampaign.org\/es\/library\/voyages-daffaires-voler-moins-travailler-mieux\/","title":{"rendered":"Viajes de negocios: voler moins, travailler mieux"},"content":{"rendered":"<p><b>Un nuevo sondeo que, en B\u00e9lgica, incluye a las personas que viajan actualmente para asuntos, m\u00e1s tres de cinco meses antes de la pandemia, con muchos efectos positivos en el plan profesional como en el plan privado.<\/b><\/p>\n<p><span style=\"font-weight: 400;\">\u00bfCu\u00e1l es el impacto de la pandemia en los cambios de negocios en aviaci\u00f3n? \u00bfLas evoluciones observadas son beneficiosas o no? \u00bfQu\u00e9 piensas en los empleados.es? \u00bfQu\u00e9 recomiendan-ils.elles aux entreprises? Para saber, la federaci\u00f3n europea Transport &amp; Environment (T&amp;E), no Canopea es miembro, un encargado Ipsos de realizar una sondage dans plusieurs pays europ\u00e9ens, dont la Belgique. Para participar en la consulta, las personas interrogadas deben ser empleadas a tiempo completo en una organizaci\u00f3n con menos de 50 salarios y entre 18 y 74 a\u00f1os.<\/span><\/p>\n<p><span style=\"font-weight: 400;\">La mayor\u00eda de los adultos que trabajan en grandes empresas no voyagent pas pour des raisons professionnelles. Parmi ceux qui sont consid\u00e9r\u00e9s comme des voyageurs d&#039;affaires (ayant voyag\u00e9 avant la pand\u00e9mie de COVID ou voyageant actuellement), la plupart voyagent moins en avion qu&#039;avant la pand\u00e9mie de COVID (62% des voyageurs d&#039;affaires, <\/span><b>Figura 1<\/b><span style=\"font-weight: 400;\">).<\/span><\/p>\n<p><span style=\"font-weight: 400;\">Esta disminuci\u00f3n de los recursos de aviaci\u00f3n, seg\u00fan los empleados.es concern\u00e9.es, produce impactos positivos en el equilibrio de la vida privada\/vieja profesional (64%), en la salud (60%), en la productividad (58%), en su motivaci\u00f3n en el trabajo (56%) \u2013 y su empreinte ecol\u00f3gico (66%).<\/span><\/p>\n<p><b>La opci\u00f3n preferida de los empleados.es: los cambios de comportamiento<\/b><\/p>\n<p><span style=\"font-weight: 400;\">L&#039;enqu\u00eate r\u00e9v\u00e8le qu&#039;une forte majorit\u00e9 des personnes interrog\u00e9es estime que les entreprises doivent jouer un r\u00f4le importante dans la lutte contra el changement climatique, notamment en fixant des objectifs et en adoptant des politiques visant \u00e0 r\u00e9duire les niveaux d&#039;utilisation de l&#039; Aviones para desplazamientos profesionales.<\/span><\/p>\n<p><span style=\"font-weight: 400;\">Frente a una serie de opciones para reducir el impacto ambiental de los viajes en avi\u00f3n, los adultos empleados en las grandes empresas eligen preferentemente las c\u00e9lulas relativas a los cambios de comportamiento plut\u00f4t que las c\u00e9lulas centradas en la tecnolog\u00eda (uso de carburantes \u00abduraderos\u00bb) pour d\u00e9carboner les vols) o \u00e0 la compensaci\u00f3n carbone (<\/span><b>Figura 2<\/b><span style=\"font-weight: 400;\">).<\/span><\/p>\n<p><span style=\"font-weight: 400;\">Enfin, seul un cuarto de entre eux estime que los empleados.es juegan un papel extremo o tr\u00e8s importante lorsqu&#039;il s&#039;agit de modificar la politique de voyage d&#039;une entreprise. La balle est donc clairement dans le camp des empleaeurs\u2026<\/span><\/p>\n<p>Figura 1<\/p>\n<p><img loading=\"lazy\" decoding=\"async\" class=\"alignnone size-large wp-image-9005\" src=\"http:\/\/travelsmartcampaign.org\/wp-content\/uploads\/visual-1-FR-1024x576.png\" alt=\"\" width=\"800\" height=\"450\" srcset=\"https:\/\/travelsmartcampaign.org\/wp-content\/uploads\/visual-1-FR-1024x576.png 1024w, https:\/\/travelsmartcampaign.org\/wp-content\/uploads\/visual-1-FR-300x169.png 300w, https:\/\/travelsmartcampaign.org\/wp-content\/uploads\/visual-1-FR-768x432.png 768w, https:\/\/travelsmartcampaign.org\/wp-content\/uploads\/visual-1-FR-1536x864.png 1536w, https:\/\/travelsmartcampaign.org\/wp-content\/uploads\/visual-1-FR-18x10.png 18w, https:\/\/travelsmartcampaign.org\/wp-content\/uploads\/visual-1-FR.png 1920w\" sizes=\"auto, (max-width: 800px) 100vw, 800px\" \/><\/p>\n<p>&nbsp;<\/p>\n<p>Figura 2<\/p>\n<p><img loading=\"lazy\" decoding=\"async\" class=\"alignnone size-large wp-image-9006\" src=\"http:\/\/travelsmartcampaign.org\/wp-content\/uploads\/visual-3-FR-1024x576.png\" alt=\"\" width=\"800\" height=\"450\" srcset=\"https:\/\/travelsmartcampaign.org\/wp-content\/uploads\/visual-3-FR-1024x576.png 1024w, https:\/\/travelsmartcampaign.org\/wp-content\/uploads\/visual-3-FR-300x169.png 300w, https:\/\/travelsmartcampaign.org\/wp-content\/uploads\/visual-3-FR-768x432.png 768w, https:\/\/travelsmartcampaign.org\/wp-content\/uploads\/visual-3-FR-1536x864.png 1536w, https:\/\/travelsmartcampaign.org\/wp-content\/uploads\/visual-3-FR-18x10.png 18w, https:\/\/travelsmartcampaign.org\/wp-content\/uploads\/visual-3-FR.png 1920w\" sizes=\"auto, (max-width: 800px) 100vw, 800px\" \/><\/p>","protected":false},"excerpt":{"rendered":"<p>Un nouveau sondage montre que, en Belgique, parmi les personnes qui voyagent actuellement pour affaires, plus de trois sur cinq prennent moins l&#8217;avion qu&#8217;avant la pand\u00e9mie, avec de nombreux effets positifs sur le plan professionnel comme sur le plan priv\u00e9. Quel est l\u2019impact de la pand\u00e9mie sur les d\u00e9placements d\u2019affaires en avion? Les \u00e9volutions observ\u00e9es [&hellip;]<\/p>\n","protected":false},"featured_media":8995,"template":"","topic":[],"visibility":[55],"post-country":[30],"language":[38],"category-post-type":[232],"class_list":["post-9004","library","type-library","status-publish","has-post-thumbnail","hentry","visibility-open","post-country-belgium","language-french","category-post-type-survey"],"yoast_head":"<!-- This site is optimized with the Yoast SEO plugin v27.5 - https:\/\/yoast.com\/product\/yoast-seo-wordpress\/ -->\n<title>Voyages d\u2019affaires: voler moins, travailler mieux - Travel Smart Campaign<\/title>\n<meta name=\"robots\" content=\"index, follow, max-snippet:-1, max-image-preview:large, max-video-preview:-1\" \/>\n<link rel=\"canonical\" href=\"https:\/\/travelsmartcampaign.org\/es\/biblioteca\/viajes-de-negocios-voler-moins-travailler-mieux\/\" \/>\n<meta property=\"og:locale\" content=\"es_ES\" \/>\n<meta property=\"og:type\" content=\"article\" \/>\n<meta property=\"og:title\" content=\"Voyages d\u2019affaires: voler moins, travailler mieux - Travel Smart Campaign\" \/>\n<meta property=\"og:description\" content=\"Un nouveau sondage montre que, en Belgique, parmi les personnes qui voyagent actuellement pour affaires, plus de trois sur cinq prennent moins l&#8217;avion qu&#8217;avant la pand\u00e9mie, avec de nombreux effets positifs sur le plan professionnel comme sur le plan priv\u00e9. Quel est l\u2019impact de la pand\u00e9mie sur les d\u00e9placements d\u2019affaires en avion? Les \u00e9volutions observ\u00e9es [&hellip;]\" \/>\n<meta property=\"og:url\" content=\"https:\/\/travelsmartcampaign.org\/es\/biblioteca\/viajes-de-negocios-voler-moins-travailler-mieux\/\" \/>\n<meta property=\"og:site_name\" content=\"Travel Smart Campaign\" \/>\n<meta property=\"article:modified_time\" content=\"2024-12-16T17:05:34+00:00\" \/>\n<meta property=\"og:image\" content=\"https:\/\/travelsmartcampaign.org\/wp-content\/uploads\/pexels-nappy-1058959-scaled.jpg\" \/>\n\t<meta property=\"og:image:width\" content=\"2560\" \/>\n\t<meta property=\"og:image:height\" content=\"1707\" \/>\n\t<meta property=\"og:image:type\" content=\"image\/jpeg\" \/>\n<meta name=\"twitter:card\" content=\"summary_large_image\" \/>\n<meta name=\"twitter:label1\" content=\"Tiempo de lectura\" \/>\n\t<meta name=\"twitter:data1\" content=\"3 minutos\" \/>\n<script type=\"application\/ld+json\" class=\"yoast-schema-graph\">{\"@context\":\"https:\\\/\\\/schema.org\",\"@graph\":[{\"@type\":\"WebPage\",\"@id\":\"https:\\\/\\\/travelsmartcampaign.org\\\/library\\\/voyages-daffaires-voler-moins-travailler-mieux\\\/\",\"url\":\"https:\\\/\\\/travelsmartcampaign.org\\\/library\\\/voyages-daffaires-voler-moins-travailler-mieux\\\/\",\"name\":\"Voyages d\u2019affaires: voler moins, travailler mieux - Travel Smart Campaign\",\"isPartOf\":{\"@id\":\"https:\\\/\\\/travelsmartcampaign.org\\\/#website\"},\"primaryImageOfPage\":{\"@id\":\"https:\\\/\\\/travelsmartcampaign.org\\\/library\\\/voyages-daffaires-voler-moins-travailler-mieux\\\/#primaryimage\"},\"image\":{\"@id\":\"https:\\\/\\\/travelsmartcampaign.org\\\/library\\\/voyages-daffaires-voler-moins-travailler-mieux\\\/#primaryimage\"},\"thumbnailUrl\":\"https:\\\/\\\/travelsmartcampaign.org\\\/wp-content\\\/uploads\\\/pexels-nappy-1058959-scaled.jpg\",\"datePublished\":\"2023-07-04T14:46:38+00:00\",\"dateModified\":\"2024-12-16T17:05:34+00:00\",\"breadcrumb\":{\"@id\":\"https:\\\/\\\/travelsmartcampaign.org\\\/library\\\/voyages-daffaires-voler-moins-travailler-mieux\\\/#breadcrumb\"},\"inLanguage\":\"es\",\"potentialAction\":[{\"@type\":\"ReadAction\",\"target\":[\"https:\\\/\\\/travelsmartcampaign.org\\\/library\\\/voyages-daffaires-voler-moins-travailler-mieux\\\/\"]}]},{\"@type\":\"ImageObject\",\"inLanguage\":\"es\",\"@id\":\"https:\\\/\\\/travelsmartcampaign.org\\\/library\\\/voyages-daffaires-voler-moins-travailler-mieux\\\/#primaryimage\",\"url\":\"https:\\\/\\\/travelsmartcampaign.org\\\/wp-content\\\/uploads\\\/pexels-nappy-1058959-scaled.jpg\",\"contentUrl\":\"https:\\\/\\\/travelsmartcampaign.org\\\/wp-content\\\/uploads\\\/pexels-nappy-1058959-scaled.jpg\",\"width\":2560,\"height\":1707},{\"@type\":\"BreadcrumbList\",\"@id\":\"https:\\\/\\\/travelsmartcampaign.org\\\/library\\\/voyages-daffaires-voler-moins-travailler-mieux\\\/#breadcrumb\",\"itemListElement\":[{\"@type\":\"ListItem\",\"position\":1,\"name\":\"Home\",\"item\":\"https:\\\/\\\/travelsmartcampaign.org\\\/\"},{\"@type\":\"ListItem\",\"position\":2,\"name\":\"Voyages d\u2019affaires: voler moins, travailler mieux\"}]},{\"@type\":\"WebSite\",\"@id\":\"https:\\\/\\\/travelsmartcampaign.org\\\/#website\",\"url\":\"https:\\\/\\\/travelsmartcampaign.org\\\/\",\"name\":\"Travel Smart\",\"description\":\"\",\"publisher\":{\"@id\":\"https:\\\/\\\/travelsmartcampaign.org\\\/#organization\"},\"potentialAction\":[{\"@type\":\"SearchAction\",\"target\":{\"@type\":\"EntryPoint\",\"urlTemplate\":\"https:\\\/\\\/travelsmartcampaign.org\\\/?s={search_term_string}\"},\"query-input\":{\"@type\":\"PropertyValueSpecification\",\"valueRequired\":true,\"valueName\":\"search_term_string\"}}],\"inLanguage\":\"es\"},{\"@type\":\"Organization\",\"@id\":\"https:\\\/\\\/travelsmartcampaign.org\\\/#organization\",\"name\":\"Travel Smart\",\"url\":\"https:\\\/\\\/travelsmartcampaign.org\\\/\",\"logo\":{\"@type\":\"ImageObject\",\"inLanguage\":\"es\",\"@id\":\"https:\\\/\\\/travelsmartcampaign.org\\\/#\\\/schema\\\/logo\\\/image\\\/\",\"url\":\"https:\\\/\\\/travelsmartcampaign.org\\\/wp-content\\\/uploads\\\/travel-smart-min.jpeg\",\"contentUrl\":\"https:\\\/\\\/travelsmartcampaign.org\\\/wp-content\\\/uploads\\\/travel-smart-min.jpeg\",\"width\":1200,\"height\":690,\"caption\":\"Travel Smart\"},\"image\":{\"@id\":\"https:\\\/\\\/travelsmartcampaign.org\\\/#\\\/schema\\\/logo\\\/image\\\/\"}}]}<\/script>\n<!-- \/ Yoast SEO plugin. -->","yoast_head_json":{"title":"Viajes de negocios: volar menos, trabajar mejor - Campa\u00f1a Travel Smart","robots":{"index":"index","follow":"follow","max-snippet":"max-snippet:-1","max-image-preview":"max-image-preview:large","max-video-preview":"max-video-preview:-1"},"canonical":"https:\/\/travelsmartcampaign.org\/es\/biblioteca\/viajes-de-negocios-voler-moins-travailler-mieux\/","og_locale":"es_ES","og_type":"article","og_title":"Voyages d\u2019affaires: voler moins, travailler mieux - Travel Smart Campaign","og_description":"Un nouveau sondage montre que, en Belgique, parmi les personnes qui voyagent actuellement pour affaires, plus de trois sur cinq prennent moins l&#8217;avion qu&#8217;avant la pand\u00e9mie, avec de nombreux effets positifs sur le plan professionnel comme sur le plan priv\u00e9. Quel est l\u2019impact de la pand\u00e9mie sur les d\u00e9placements d\u2019affaires en avion? Les \u00e9volutions observ\u00e9es [&hellip;]","og_url":"https:\/\/travelsmartcampaign.org\/es\/biblioteca\/viajes-de-negocios-voler-moins-travailler-mieux\/","og_site_name":"Travel Smart Campaign","article_modified_time":"2024-12-16T17:05:34+00:00","og_image":[{"width":2560,"height":1707,"url":"https:\/\/travelsmartcampaign.org\/wp-content\/uploads\/pexels-nappy-1058959-scaled.jpg","type":"image\/jpeg"}],"twitter_card":"summary_large_image","twitter_misc":{"Tiempo de lectura":"3 minutos"},"schema":{"@context":"https:\/\/schema.org","@graph":[{"@type":"WebPage","@id":"https:\/\/travelsmartcampaign.org\/library\/voyages-daffaires-voler-moins-travailler-mieux\/","url":"https:\/\/travelsmartcampaign.org\/library\/voyages-daffaires-voler-moins-travailler-mieux\/","name":"Viajes de negocios: volar menos, trabajar mejor - Campa\u00f1a Travel Smart","isPartOf":{"@id":"https:\/\/travelsmartcampaign.org\/#website"},"primaryImageOfPage":{"@id":"https:\/\/travelsmartcampaign.org\/library\/voyages-daffaires-voler-moins-travailler-mieux\/#primaryimage"},"image":{"@id":"https:\/\/travelsmartcampaign.org\/library\/voyages-daffaires-voler-moins-travailler-mieux\/#primaryimage"},"thumbnailUrl":"https:\/\/travelsmartcampaign.org\/wp-content\/uploads\/pexels-nappy-1058959-scaled.jpg","datePublished":"2023-07-04T14:46:38+00:00","dateModified":"2024-12-16T17:05:34+00:00","breadcrumb":{"@id":"https:\/\/travelsmartcampaign.org\/library\/voyages-daffaires-voler-moins-travailler-mieux\/#breadcrumb"},"inLanguage":"es","potentialAction":[{"@type":"ReadAction","target":["https:\/\/travelsmartcampaign.org\/library\/voyages-daffaires-voler-moins-travailler-mieux\/"]}]},{"@type":"ImageObject","inLanguage":"es","@id":"https:\/\/travelsmartcampaign.org\/library\/voyages-daffaires-voler-moins-travailler-mieux\/#primaryimage","url":"https:\/\/travelsmartcampaign.org\/wp-content\/uploads\/pexels-nappy-1058959-scaled.jpg","contentUrl":"https:\/\/travelsmartcampaign.org\/wp-content\/uploads\/pexels-nappy-1058959-scaled.jpg","width":2560,"height":1707},{"@type":"BreadcrumbList","@id":"https:\/\/travelsmartcampaign.org\/library\/voyages-daffaires-voler-moins-travailler-mieux\/#breadcrumb","itemListElement":[{"@type":"ListItem","position":1,"name":"Home","item":"https:\/\/travelsmartcampaign.org\/"},{"@type":"ListItem","position":2,"name":"Voyages d\u2019affaires: voler moins, travailler mieux"}]},{"@type":"WebSite","@id":"https:\/\/travelsmartcampaign.org\/#website","url":"https:\/\/travelsmartcampaign.org\/","name":"Travel Smart","description":"","publisher":{"@id":"https:\/\/travelsmartcampaign.org\/#organization"},"potentialAction":[{"@type":"SearchAction","target":{"@type":"EntryPoint","urlTemplate":"https:\/\/travelsmartcampaign.org\/?s={search_term_string}"},"query-input":{"@type":"PropertyValueSpecification","valueRequired":true,"valueName":"search_term_string"}}],"inLanguage":"es"},{"@type":"Organization","@id":"https:\/\/travelsmartcampaign.org\/#organization","name":"Travel Smart","url":"https:\/\/travelsmartcampaign.org\/","logo":{"@type":"ImageObject","inLanguage":"es","@id":"https:\/\/travelsmartcampaign.org\/#\/schema\/logo\/image\/","url":"https:\/\/travelsmartcampaign.org\/wp-content\/uploads\/travel-smart-min.jpeg","contentUrl":"https:\/\/travelsmartcampaign.org\/wp-content\/uploads\/travel-smart-min.jpeg","width":1200,"height":690,"caption":"Travel Smart"},"image":{"@id":"https:\/\/travelsmartcampaign.org\/#\/schema\/logo\/image\/"}}]}},"_links":{"self":[{"href":"https:\/\/travelsmartcampaign.org\/es\/wp-json\/wp\/v2\/library\/9004","targetHints":{"allow":["GET"]}}],"collection":[{"href":"https:\/\/travelsmartcampaign.org\/es\/wp-json\/wp\/v2\/library"}],"about":[{"href":"https:\/\/travelsmartcampaign.org\/es\/wp-json\/wp\/v2\/types\/library"}],"version-history":[{"count":0,"href":"https:\/\/travelsmartcampaign.org\/es\/wp-json\/wp\/v2\/library\/9004\/revisions"}],"wp:featuredmedia":[{"embeddable":true,"href":"https:\/\/travelsmartcampaign.org\/es\/wp-json\/wp\/v2\/media\/8995"}],"wp:attachment":[{"href":"https:\/\/travelsmartcampaign.org\/es\/wp-json\/wp\/v2\/media?parent=9004"}],"wp:term":[{"taxonomy":"topic","embeddable":true,"href":"https:\/\/travelsmartcampaign.org\/es\/wp-json\/wp\/v2\/topic?post=9004"},{"taxonomy":"visibility","embeddable":true,"href":"https:\/\/travelsmartcampaign.org\/es\/wp-json\/wp\/v2\/visibility?post=9004"},{"taxonomy":"post-country","embeddable":true,"href":"https:\/\/travelsmartcampaign.org\/es\/wp-json\/wp\/v2\/post-country?post=9004"},{"taxonomy":"language","embeddable":true,"href":"https:\/\/travelsmartcampaign.org\/es\/wp-json\/wp\/v2\/language?post=9004"},{"taxonomy":"category-post-type","embeddable":true,"href":"https:\/\/travelsmartcampaign.org\/es\/wp-json\/wp\/v2\/category-post-type?post=9004"}],"curies":[{"name":"wp","href":"https:\/\/api.w.org\/{rel}","templated":true}]}}