{"id":9705,"date":"2023-09-19T12:32:19","date_gmt":"2023-09-19T11:32:19","guid":{"rendered":"http:\/\/travelsmartcampaign.org\/?post_type=library&#038;p=9705"},"modified":"2023-10-19T09:19:27","modified_gmt":"2023-10-19T08:19:27","slug":"estan-las-empresas-en-camino-de-reducir-los-vuelos","status":"publish","type":"library","link":"https:\/\/travelsmartcampaign.org\/es\/library\/are-compnaies-on-track-to-reduce-flights\/","title":{"rendered":"De vuelta al negocio: \u00bfEst\u00e1n las empresas en camino de reducir los vuelos corporativos?"},"content":{"rendered":"<p><span style=\"font-weight: 400;\">Entre un grupo de cuarenta multinacionales de ocho pa\u00edses, nuestro nuevo rastreador de emisiones Travel Smart no ha descubierto que ninguna empresa haya vuelto a los niveles de vuelos anteriores a la COVID. Estos datos muestran que las empresas han aprendido a operar con menos vuelos y medios de viaje y colaboraci\u00f3n m\u00e1s sostenibles. <\/span><a href=\"https:\/\/www.ft.com\/content\/ea564d48-6dfd-4c7f-b28b-c2028bbc2fe8?accessToken=zwAGBRKg8LookdPqVk1Ibf1Mf9Oyi8ICi7wv6A.MEUCICJST4OXcntSkco7kj_Yq8S_sjre01wwoVlCBblZiJbIAiEAt5m94tdg-q3eFtLUAskTYOtC1cfqLCKCTmmSsqCRE_4&amp;sharetype=gift&amp;token=d527ffd6-5cac-4d18-99b2-230acc1c9b94\"><span style=\"font-weight: 400;\">analistas<\/span><\/a><span style=\"font-weight: 400;\"> Los expertos sostienen que la recuperaci\u00f3n de los viajes de negocios se ha estancado debido al aumento de los precios de los vuelos y a la creciente presi\u00f3n para cumplir los objetivos clim\u00e1ticos de toda la empresa. Pero tambi\u00e9n podr\u00eda verse como un aprendizaje positivo de la crisis de la COVID-19.<\/span><\/p>\n<p><span style=\"font-weight: 400;\">Si la aviaci\u00f3n quiere alcanzar su objetivo de cero emisiones netas para 2050, Transport &amp; Environment <\/span><a href=\"https:\/\/www.transportenvironment.org\/wp-content\/uploads\/2022\/03\/TE-aviation-decarbonisation-roadmap-FINAL.pdf\"><span style=\"font-weight: 400;\">investigaci\u00f3n<\/span><\/a><span style=\"font-weight: 400;\"> Seg\u00fan un estudio, los viajes de negocios deben reducirse en un 50% con respecto a los niveles de 2019 en esta d\u00e9cada, y es necesario realizar recortes inmediatos para 2025 en vista de la intensificaci\u00f3n de la crisis clim\u00e1tica. \u00bfSe trata de otro objetivo clim\u00e1tico poco realista para las empresas? No lo parece, ya que m\u00e1s de 25 de las empresas de la lista est\u00e1n en v\u00edas de cumplir este objetivo.\u00a0<\/span><\/p>\n<p><span style=\"font-weight: 400;\">SAP encabeza la lista, con una reducci\u00f3n de -86% en vuelos corporativos en 2022. Otras historias de \u00e9xito incluyen al gigante de la consultor\u00eda como PricewaterhouseCoopers (PwC), que ha reducido sus vuelos comerciales en 76% y 75% respectivamente. Si bien la rama de consultor\u00eda es conocida por sus vuelos excesivos, estas reducciones son una se\u00f1al positiva de cambio. Por otro lado, empresas como Shell, L&#039;Or\u00e9al, PepsiCo y Johnson &amp; Johnson ya se est\u00e1n acercando a sus niveles de vuelos de 2019.\u00a0<\/span><\/p>\n<p><span style=\"font-weight: 400;\">Las empresas que deseen reducir su huella clim\u00e1tica y, en especial, la de sus viajes corporativos, deber\u00edan seguir los pasos de las empresas l\u00edderes en sus objetivos. <\/span><a href=\"http:\/\/travelsmartcampaign.org\/es\/ranking\/\"><span style=\"font-weight: 400;\">Clasificaci\u00f3n Travel Smart<\/span><\/a><span style=\"font-weight: 400;\"> \u2013con un an\u00e1lisis de 320 empresas de todo el mundo\u2013 descubri\u00f3 que m\u00e1s de 50 empresas se han fijado objetivos para reducir las emisiones de los viajes de negocios. Entre estas empresas pioneras se encuentra ahora Michelin, el principal fabricante de neum\u00e1ticos de Francia, con un objetivo de reducci\u00f3n de 30% para 2025. Otras empresas globales son a\u00fan m\u00e1s ambiciosas y ya planean mantener las emisiones reducidas a la mitad este a\u00f1o y el pr\u00f3ximo.\u00a0<\/span><\/p>\n<p><span style=\"font-weight: 400;\">Esto deber\u00eda ser una prioridad, especialmente para aquellas empresas que han logrado reducir con \u00e9xito sus vuelos, como SAP, IBM y Siemens, entre otras, que deber\u00edan seguir el ejemplo de algunas de sus pares, como Pfizer y Swiss Re, que se han marcado metas ambiciosas.\u00a0<\/span><\/p>\n<p><span style=\"font-weight: 400;\">Abordar el problema de los viajes de negocios, ya sean una fuente grande o peque\u00f1a de emisiones para las empresas, es importante. Se enmarca en el objetivo m\u00e1s amplio de reducir las emisiones del muy contaminante sector de la aviaci\u00f3n, donde a\u00fan no se dispone de la tecnolog\u00eda necesaria para reducir las emisiones. Los viajes de negocios representan cerca del 20% de los viajes a\u00e9reos mundiales y las empresas deber\u00edan actuar como una palanca positiva para el cambio en el sector.\u00a0<\/span><\/p>\n<p>&nbsp;<\/p>","protected":false},"excerpt":{"rendered":"<p>La temporada de informes anuales ha terminado y los informes de emisiones est\u00e1n llegando. Los datos sobre las emisiones de los viajes de negocios sugieren que las tendencias est\u00e1n cambiando. \u00bfHan vuelto las empresas a los niveles de vuelo anteriores a la COVID? \u00bfEst\u00e1n cumpliendo las empresas sus objetivos de reducci\u00f3n de viajes de negocios? <\/p>","protected":false},"featured_media":9703,"template":"","topic":[],"visibility":[],"post-country":[26],"language":[27],"category-post-type":[43],"class_list":["post-9705","library","type-library","status-publish","has-post-thumbnail","hentry","post-country-global","language-english","category-post-type-opinion"],"yoast_head":"<!-- This site is optimized with the Yoast SEO plugin v27.5 - https:\/\/yoast.com\/product\/yoast-seo-wordpress\/ -->\n<title>Back in business: Are companies on track to reduce corporate flights? - Travel Smart Campaign<\/title>\n<meta name=\"robots\" content=\"index, follow, max-snippet:-1, max-image-preview:large, max-video-preview:-1\" \/>\n<link rel=\"canonical\" href=\"https:\/\/travelsmartcampaign.org\/es\/biblioteca\/estan-las-empresas-en-camino-de-reducir-los-vuelos\/\" \/>\n<meta property=\"og:locale\" content=\"es_ES\" \/>\n<meta property=\"og:type\" content=\"article\" \/>\n<meta property=\"og:title\" content=\"Back in business: Are companies on track to reduce corporate flights? - Travel Smart Campaign\" \/>\n<meta property=\"og:description\" content=\"Annual report season is over and emissions reporting is trickling through. Data on business travel emissions suggests that trends are changing. Have companies bounced back to pre-COVID levels of flying? Are companies meeting their business travel reduction targets?\" \/>\n<meta property=\"og:url\" content=\"https:\/\/travelsmartcampaign.org\/es\/biblioteca\/estan-las-empresas-en-camino-de-reducir-los-vuelos\/\" \/>\n<meta property=\"og:site_name\" content=\"Travel Smart Campaign\" \/>\n<meta property=\"article:modified_time\" content=\"2023-10-19T08:19:27+00:00\" \/>\n<meta property=\"og:image\" content=\"https:\/\/travelsmartcampaign.org\/wp-content\/uploads\/AdobeStock_121803139-scaled.jpeg\" \/>\n\t<meta property=\"og:image:width\" content=\"2560\" \/>\n\t<meta property=\"og:image:height\" content=\"1660\" \/>\n\t<meta property=\"og:image:type\" content=\"image\/jpeg\" \/>\n<meta name=\"twitter:card\" content=\"summary_large_image\" \/>\n<meta name=\"twitter:label1\" content=\"Tiempo de lectura\" \/>\n\t<meta name=\"twitter:data1\" content=\"2 minutos\" \/>\n<script type=\"application\/ld+json\" class=\"yoast-schema-graph\">{\"@context\":\"https:\\\/\\\/schema.org\",\"@graph\":[{\"@type\":\"WebPage\",\"@id\":\"https:\\\/\\\/travelsmartcampaign.org\\\/library\\\/are-compnaies-on-track-to-reduce-flights\\\/\",\"url\":\"https:\\\/\\\/travelsmartcampaign.org\\\/library\\\/are-compnaies-on-track-to-reduce-flights\\\/\",\"name\":\"Back in business: Are companies on track to reduce corporate flights? - Travel Smart Campaign\",\"isPartOf\":{\"@id\":\"https:\\\/\\\/travelsmartcampaign.org\\\/#website\"},\"primaryImageOfPage\":{\"@id\":\"https:\\\/\\\/travelsmartcampaign.org\\\/library\\\/are-compnaies-on-track-to-reduce-flights\\\/#primaryimage\"},\"image\":{\"@id\":\"https:\\\/\\\/travelsmartcampaign.org\\\/library\\\/are-compnaies-on-track-to-reduce-flights\\\/#primaryimage\"},\"thumbnailUrl\":\"https:\\\/\\\/travelsmartcampaign.org\\\/wp-content\\\/uploads\\\/AdobeStock_121803139-scaled.jpeg\",\"datePublished\":\"2023-09-19T11:32:19+00:00\",\"dateModified\":\"2023-10-19T08:19:27+00:00\",\"breadcrumb\":{\"@id\":\"https:\\\/\\\/travelsmartcampaign.org\\\/library\\\/are-compnaies-on-track-to-reduce-flights\\\/#breadcrumb\"},\"inLanguage\":\"es\",\"potentialAction\":[{\"@type\":\"ReadAction\",\"target\":[\"https:\\\/\\\/travelsmartcampaign.org\\\/library\\\/are-compnaies-on-track-to-reduce-flights\\\/\"]}]},{\"@type\":\"ImageObject\",\"inLanguage\":\"es\",\"@id\":\"https:\\\/\\\/travelsmartcampaign.org\\\/library\\\/are-compnaies-on-track-to-reduce-flights\\\/#primaryimage\",\"url\":\"https:\\\/\\\/travelsmartcampaign.org\\\/wp-content\\\/uploads\\\/AdobeStock_121803139-scaled.jpeg\",\"contentUrl\":\"https:\\\/\\\/travelsmartcampaign.org\\\/wp-content\\\/uploads\\\/AdobeStock_121803139-scaled.jpeg\",\"width\":2560,\"height\":1660},{\"@type\":\"BreadcrumbList\",\"@id\":\"https:\\\/\\\/travelsmartcampaign.org\\\/library\\\/are-compnaies-on-track-to-reduce-flights\\\/#breadcrumb\",\"itemListElement\":[{\"@type\":\"ListItem\",\"position\":1,\"name\":\"Home\",\"item\":\"https:\\\/\\\/travelsmartcampaign.org\\\/\"},{\"@type\":\"ListItem\",\"position\":2,\"name\":\"Back in business: Are companies on track to reduce corporate flights?\"}]},{\"@type\":\"WebSite\",\"@id\":\"https:\\\/\\\/travelsmartcampaign.org\\\/#website\",\"url\":\"https:\\\/\\\/travelsmartcampaign.org\\\/\",\"name\":\"Travel Smart\",\"description\":\"\",\"publisher\":{\"@id\":\"https:\\\/\\\/travelsmartcampaign.org\\\/#organization\"},\"potentialAction\":[{\"@type\":\"SearchAction\",\"target\":{\"@type\":\"EntryPoint\",\"urlTemplate\":\"https:\\\/\\\/travelsmartcampaign.org\\\/?s={search_term_string}\"},\"query-input\":{\"@type\":\"PropertyValueSpecification\",\"valueRequired\":true,\"valueName\":\"search_term_string\"}}],\"inLanguage\":\"es\"},{\"@type\":\"Organization\",\"@id\":\"https:\\\/\\\/travelsmartcampaign.org\\\/#organization\",\"name\":\"Travel Smart\",\"url\":\"https:\\\/\\\/travelsmartcampaign.org\\\/\",\"logo\":{\"@type\":\"ImageObject\",\"inLanguage\":\"es\",\"@id\":\"https:\\\/\\\/travelsmartcampaign.org\\\/#\\\/schema\\\/logo\\\/image\\\/\",\"url\":\"https:\\\/\\\/travelsmartcampaign.org\\\/wp-content\\\/uploads\\\/travel-smart-min.jpeg\",\"contentUrl\":\"https:\\\/\\\/travelsmartcampaign.org\\\/wp-content\\\/uploads\\\/travel-smart-min.jpeg\",\"width\":1200,\"height\":690,\"caption\":\"Travel Smart\"},\"image\":{\"@id\":\"https:\\\/\\\/travelsmartcampaign.org\\\/#\\\/schema\\\/logo\\\/image\\\/\"}}]}<\/script>\n<!-- \/ Yoast SEO plugin. -->","yoast_head_json":{"title":"De vuelta al trabajo: \u00bfEst\u00e1n las empresas en camino de reducir los vuelos corporativos? - Campa\u00f1a Travel Smart","robots":{"index":"index","follow":"follow","max-snippet":"max-snippet:-1","max-image-preview":"max-image-preview:large","max-video-preview":"max-video-preview:-1"},"canonical":"https:\/\/travelsmartcampaign.org\/es\/biblioteca\/estan-las-empresas-en-camino-de-reducir-los-vuelos\/","og_locale":"es_ES","og_type":"article","og_title":"Back in business: Are companies on track to reduce corporate flights? - Travel Smart Campaign","og_description":"Annual report season is over and emissions reporting is trickling through. Data on business travel emissions suggests that trends are changing. Have companies bounced back to pre-COVID levels of flying? Are companies meeting their business travel reduction targets?","og_url":"https:\/\/travelsmartcampaign.org\/es\/biblioteca\/estan-las-empresas-en-camino-de-reducir-los-vuelos\/","og_site_name":"Travel Smart Campaign","article_modified_time":"2023-10-19T08:19:27+00:00","og_image":[{"width":2560,"height":1660,"url":"https:\/\/travelsmartcampaign.org\/wp-content\/uploads\/AdobeStock_121803139-scaled.jpeg","type":"image\/jpeg"}],"twitter_card":"summary_large_image","twitter_misc":{"Tiempo de lectura":"2 minutos"},"schema":{"@context":"https:\/\/schema.org","@graph":[{"@type":"WebPage","@id":"https:\/\/travelsmartcampaign.org\/library\/are-compnaies-on-track-to-reduce-flights\/","url":"https:\/\/travelsmartcampaign.org\/library\/are-compnaies-on-track-to-reduce-flights\/","name":"De vuelta al trabajo: \u00bfEst\u00e1n las empresas en camino de reducir los vuelos corporativos? - Campa\u00f1a Travel Smart","isPartOf":{"@id":"https:\/\/travelsmartcampaign.org\/#website"},"primaryImageOfPage":{"@id":"https:\/\/travelsmartcampaign.org\/library\/are-compnaies-on-track-to-reduce-flights\/#primaryimage"},"image":{"@id":"https:\/\/travelsmartcampaign.org\/library\/are-compnaies-on-track-to-reduce-flights\/#primaryimage"},"thumbnailUrl":"https:\/\/travelsmartcampaign.org\/wp-content\/uploads\/AdobeStock_121803139-scaled.jpeg","datePublished":"2023-09-19T11:32:19+00:00","dateModified":"2023-10-19T08:19:27+00:00","breadcrumb":{"@id":"https:\/\/travelsmartcampaign.org\/library\/are-compnaies-on-track-to-reduce-flights\/#breadcrumb"},"inLanguage":"es","potentialAction":[{"@type":"ReadAction","target":["https:\/\/travelsmartcampaign.org\/library\/are-compnaies-on-track-to-reduce-flights\/"]}]},{"@type":"ImageObject","inLanguage":"es","@id":"https:\/\/travelsmartcampaign.org\/library\/are-compnaies-on-track-to-reduce-flights\/#primaryimage","url":"https:\/\/travelsmartcampaign.org\/wp-content\/uploads\/AdobeStock_121803139-scaled.jpeg","contentUrl":"https:\/\/travelsmartcampaign.org\/wp-content\/uploads\/AdobeStock_121803139-scaled.jpeg","width":2560,"height":1660},{"@type":"BreadcrumbList","@id":"https:\/\/travelsmartcampaign.org\/library\/are-compnaies-on-track-to-reduce-flights\/#breadcrumb","itemListElement":[{"@type":"ListItem","position":1,"name":"Home","item":"https:\/\/travelsmartcampaign.org\/"},{"@type":"ListItem","position":2,"name":"Back in business: Are companies on track to reduce corporate flights?"}]},{"@type":"WebSite","@id":"https:\/\/travelsmartcampaign.org\/#website","url":"https:\/\/travelsmartcampaign.org\/","name":"Travel Smart","description":"","publisher":{"@id":"https:\/\/travelsmartcampaign.org\/#organization"},"potentialAction":[{"@type":"SearchAction","target":{"@type":"EntryPoint","urlTemplate":"https:\/\/travelsmartcampaign.org\/?s={search_term_string}"},"query-input":{"@type":"PropertyValueSpecification","valueRequired":true,"valueName":"search_term_string"}}],"inLanguage":"es"},{"@type":"Organization","@id":"https:\/\/travelsmartcampaign.org\/#organization","name":"Travel Smart","url":"https:\/\/travelsmartcampaign.org\/","logo":{"@type":"ImageObject","inLanguage":"es","@id":"https:\/\/travelsmartcampaign.org\/#\/schema\/logo\/image\/","url":"https:\/\/travelsmartcampaign.org\/wp-content\/uploads\/travel-smart-min.jpeg","contentUrl":"https:\/\/travelsmartcampaign.org\/wp-content\/uploads\/travel-smart-min.jpeg","width":1200,"height":690,"caption":"Travel Smart"},"image":{"@id":"https:\/\/travelsmartcampaign.org\/#\/schema\/logo\/image\/"}}]}},"_links":{"self":[{"href":"https:\/\/travelsmartcampaign.org\/es\/wp-json\/wp\/v2\/library\/9705","targetHints":{"allow":["GET"]}}],"collection":[{"href":"https:\/\/travelsmartcampaign.org\/es\/wp-json\/wp\/v2\/library"}],"about":[{"href":"https:\/\/travelsmartcampaign.org\/es\/wp-json\/wp\/v2\/types\/library"}],"version-history":[{"count":0,"href":"https:\/\/travelsmartcampaign.org\/es\/wp-json\/wp\/v2\/library\/9705\/revisions"}],"wp:featuredmedia":[{"embeddable":true,"href":"https:\/\/travelsmartcampaign.org\/es\/wp-json\/wp\/v2\/media\/9703"}],"wp:attachment":[{"href":"https:\/\/travelsmartcampaign.org\/es\/wp-json\/wp\/v2\/media?parent=9705"}],"wp:term":[{"taxonomy":"topic","embeddable":true,"href":"https:\/\/travelsmartcampaign.org\/es\/wp-json\/wp\/v2\/topic?post=9705"},{"taxonomy":"visibility","embeddable":true,"href":"https:\/\/travelsmartcampaign.org\/es\/wp-json\/wp\/v2\/visibility?post=9705"},{"taxonomy":"post-country","embeddable":true,"href":"https:\/\/travelsmartcampaign.org\/es\/wp-json\/wp\/v2\/post-country?post=9705"},{"taxonomy":"language","embeddable":true,"href":"https:\/\/travelsmartcampaign.org\/es\/wp-json\/wp\/v2\/language?post=9705"},{"taxonomy":"category-post-type","embeddable":true,"href":"https:\/\/travelsmartcampaign.org\/es\/wp-json\/wp\/v2\/category-post-type?post=9705"}],"curies":[{"name":"wp","href":"https:\/\/api.w.org\/{rel}","templated":true}]}}