{"id":13496,"date":"2024-05-24T00:01:35","date_gmt":"2024-05-23T23:01:35","guid":{"rendered":"http:\/\/travelsmartcampaign.org\/?post_type=library&#038;p=13496"},"modified":"2025-05-14T11:40:28","modified_gmt":"2025-05-14T10:40:28","slug":"voyages-daffaires-les-emissions-des-grands-groupes-francais-ont-diminue-dun-tiers-par-rapport-a-2019","status":"publish","type":"library","link":"https:\/\/travelsmartcampaign.org\/fr\/library\/voyages-daffaires-les-emissions-des-grands-groupes-francais-ont-diminue-dun-tiers-par-rapport-a-2019\/","title":{"rendered":"Voyages d&#039;affaires : les \u00e9missions des grands groupes fran\u00e7ais ont diminu\u00e9 d&#039;un tiers par rapport \u00e0 2019"},"content":{"rendered":"<p><span style=\"font-weight: 400;\">Une nouvelle analyse de T&amp;E sur les<\/span> <span style=\"font-weight: 400;\">les \u00e9missions de voyages d&#039;affaires de 18 entreprises fran\u00e7aises en 2023 r\u00e9v\u00e8lent qu&#039;en moyenne, elles ont r\u00e9duit leurs \u00e9missions d&#039;un tiers (-33 %) en 2023 par rapport \u00e0 2019. Mais certaines d&#039;entre elles se rapprochent rapidement des niveaux de 2019. Parmi elles, Forvia (anciennement Faurecia), Sanofi et Air Liquide sont des revenus \u00e0 quasiment 90 % de leurs niveaux d&#039;\u00e9missions de 2019. Ceci, malgr\u00e9 le fait que les entreprises ont appris \u00e0 travailler avec les outils de visioconf\u00e9rence et avec moins de vols depuis le Covid, et alors que la plupart d&#039;entre elles se sont engag\u00e9es \u00e0 r\u00e9duire leur empreinte carbone.<\/span><\/p>\n<p><span style=\"font-weight: 400;\">Une entreprise, bioM\u00e9rieux, a d\u00e9pass\u00e9 ses niveaux de vols de 2019 (+9%). En m\u00eame temps, elle dit avoir \u00e9tabli en 2023 un objectif de r\u00e9duction interne de -10% par rapport aux \u00e9missions de voyage de 2022, une \u00e9volution positive qui devrait aider \u00e0 corriger la trajectoire.\u00a0<\/span><\/p>\n<p><span style=\"font-weight: 400;\">9 des 18 entreprises analys\u00e9es se sont fix\u00e9es des objectifs de r\u00e9duction des voyages d&#039;affaires, et deux entreprises ont r\u00e9ussi \u00e0 r\u00e9duire significativement leurs vols, qui repr\u00e9sentent l&#039;essentiel des \u00e9missions de voyages d&#039;affaires, et ont maintenu les faibles niveaux d&#039; \u00e9missions observ\u00e9es \u00e0 la sortie de la pand\u00e9mie. Les \u00e9missions 2023 de voyages d&#039;affaires de Dassault sont \u00e0 -60 % des niveaux de 2019 et celles d&#039;Amundi \u00e0 -51 %. En 2022, neuf entreprises avaient r\u00e9ussi cette performance, en grande partie \u00e0 cause des restrictions dues au Covid. Dassault et Amundi ont des objectifs de r\u00e9duction de leurs \u00e9missions li\u00e9es aux voyages d&#039;affaires.\u00a0<\/span><\/p>\n<p><img loading=\"lazy\" decoding=\"async\" class=\"alignnone size-full wp-image-16609\" src=\"http:\/\/travelsmartcampaign.org\/wp-content\/uploads\/1-4.png\" alt=\"\" width=\"768\" height=\"1100\" srcset=\"https:\/\/travelsmartcampaign.org\/wp-content\/uploads\/1-4.png 768w, https:\/\/travelsmartcampaign.org\/wp-content\/uploads\/1-4-209x300.png 209w, https:\/\/travelsmartcampaign.org\/wp-content\/uploads\/1-4-715x1024.png 715w, https:\/\/travelsmartcampaign.org\/wp-content\/uploads\/1-4-8x12.png 8w\" sizes=\"auto, (max-width: 768px) 100vw, 768px\" \/><\/p>\n<p><span style=\"font-weight: 400;\">J\u00e9r\u00f4me du Boucher, responsable aviation France explique, <\/span><i><span style=\"font-weight: 400;\">\u00abOn note un retour pr\u00e9occupant de la hausse des \u00e9missions des voyages d&#039;affaires en France. Il semble que les le\u00e7ons de la pand\u00e9mie n\u2019ont pas \u00e9t\u00e9 retenues. Pourtant la voie \u00e0 suivre a \u00e9t\u00e9 trac\u00e9e : davantage de r\u00e9unions en ligne, plus de voyages en train et moins en avion. Malheureusement, trop d&#039;entreprises reprennent des habitudes de d\u00e9placements en avion excessives, sans aucune consid\u00e9ration pour la plan\u00e8te.<\/span><\/i><\/p>\n<p><span style=\"font-weight: 400;\">En cumulant les r\u00e9ductions de vols des 18 entreprises, l&#039;\u00e9tude montre que 425 000 tonnes de CO<\/span><span style=\"font-weight: 400;\">2 <\/span><span style=\"font-weight: 400;\">ont \u00e9t\u00e9 \u00e9conomis\u00e9es en 2023 par rapport \u00e0 2019, \u00e9quivalent aux \u00e9missions de 215 000 voitures p\u00e9troli\u00e8res en un an. En moyenne, les 18 entreprises ont r\u00e9duit leurs \u00e9missions d&#039;un tiers (-33 %) en 2023 par rapport \u00e0 2019. Il s&#039;agit cependant d&#039;un rebond significatif par rapport \u00e0 2022, ann\u00e9e o\u00f9 les \u00e9missions des 18 entreprises \u00e9taient conserv\u00e9es. \u00e0 la moiti\u00e9 (-50 %) des niveaux de 2019. Si les 18 entreprises avaient maintenu leur activit\u00e9 en 2023 \u00e0 50 % des niveaux de 2019, 245 000 tonnes de CO<\/span><span style=\"font-weight: 400;\">2 <\/span><span style=\"font-weight: 400;\">suppl\u00e9mentaires pourraient \u00eatre \u00e9conomis\u00e9s.\u00a0<\/span><\/p>\n<p><span style=\"font-weight: 400;\">Le gouvernement fran\u00e7ais a r\u00e9cemment pris des mesures encourageantes concernant les voyages d&#039;affaires. Dans le cadre de son <\/span><a href=\"https:\/\/www.ecologie.gouv.fr\/sites\/default\/files\/22152_Plan-sobriete_DP-2023-if-2.pdf\"><span style=\"font-weight: 400;\">Plan de Sobri\u00e9t\u00e9 \u00c9nerg\u00e9tique<\/span><\/a><span style=\"font-weight: 400;\">, il a demand\u00e9 aux entreprises ainsi qu&#039;\u00e0 ses services de privil\u00e9gier le train au lieu de l&#039;avion pour les voyages pouvant \u00eatre effectu\u00e9s en moins de quatre heures \u00e0 partir de janvier 2024. Le gouvernement reconna\u00eet \u00e9galement l&#039;\u00e9norme impact climatique des transports . Et c&#039;est pour cela que la<\/span><a href=\"https:\/\/www.legifrance.gouv.fr\/download\/pdf\/circ?id=45511\"><span style=\"font-weight: 400;\"> ult\u00e9rieure circulaire relative \u00e0 l&#039;engagement pour la transformation \u00e9cologique de l&#039;\u00c9tat<\/span><\/a> <span style=\"font-weight: 400;\">inclut un objectif de r\u00e9duction des voyages a\u00e9riens de 20% en 2024 par rapport \u00e0 2019, avec une ambition augment\u00e9e \u00e0 -30 % en 2027.\u00a0<\/span><\/p>\n<p><span style=\"font-weight: 400;\">T&amp;E appelle les entreprises fran\u00e7aises \u00e0 faire de m\u00eame, en se fixant des objectifs de r\u00e9duction des \u00e9missions li\u00e9es aux voyages d&#039;affaires \u00e0 50% ou plus d&#039;ici 2025. <\/span><span style=\"font-weight: 400;\">Cet objectif a \u00e9t\u00e9 fix\u00e9 sur la base de la <\/span><a href=\"https:\/\/www.transportenvironment.org\/wp-content\/uploads\/2022\/03\/TE-aviation-decarbonisation-roadmap-FINAL.pdf\"><span style=\"font-weight: 400;\">feuille de route<\/span><\/a><span style=\"font-weight: 400;\"> de T&amp;E, qui montre qu&#039;une r\u00e9duction de 50 % de l&#039;ensemble des \u00e9missions li\u00e9es aux voyages d&#039;affaires est n\u00e9cessaire d&#039;ici 2030, afin de maintenir l&#039;aviation dans une trajectoire compatible avec une plan\u00e8te \u00e0 1,5\u00b0C .<\/span><\/p>\n<p>&nbsp;<\/p>\n<p>&nbsp;<\/p>\n<p>&nbsp;<\/p>\n<p>&nbsp;<\/p>","protected":false},"excerpt":{"rendered":"<p>17 des 18 entreprises fran\u00e7aises analys\u00e9es dans une nouvelle \u00e9tude de la campagne &#039;Travel Smart&#039; de Transport &amp; Environment maintiennent leurs niveaux de voyages d&#039;affaires plus bas qu&#039;avant le Covid, m\u00eame si beaucoup d&#039;entre elles remontent vite la pente. <\/p>","protected":false},"featured_media":17863,"template":"","topic":[190],"visibility":[],"post-country":[31],"language":[38],"category-post-type":[28],"class_list":["post-13496","library","type-library","status-publish","has-post-thumbnail","hentry","topic-emission-tracker","post-country-france","language-french","category-post-type-press-release"],"yoast_head":"<!-- This site is optimized with the Yoast SEO plugin v27.5 - https:\/\/yoast.com\/product\/yoast-seo-wordpress\/ -->\n<title>Voyages d\u2019affaires : les \u00e9missions des grands groupes fran\u00e7ais ont diminu\u00e9 d\u2019un tiers par rapport \u00e0 2019 - Travel Smart Campaign<\/title>\n<meta name=\"robots\" content=\"index, follow, max-snippet:-1, max-image-preview:large, max-video-preview:-1\" \/>\n<link rel=\"canonical\" href=\"https:\/\/travelsmartcampaign.org\/fr\/bibliotheque\/voyages-daffaires-les-emissions-des-grands-groupes-francais-ont-diminue-dun-tiers-par-rapport-a-2019\/\" \/>\n<meta property=\"og:locale\" content=\"fr_FR\" \/>\n<meta property=\"og:type\" content=\"article\" \/>\n<meta property=\"og:title\" content=\"Voyages d\u2019affaires : les \u00e9missions des grands groupes fran\u00e7ais ont diminu\u00e9 d\u2019un tiers par rapport \u00e0 2019 - Travel Smart Campaign\" \/>\n<meta property=\"og:description\" content=\"17 des 18 entreprises fran\u00e7aises analys\u00e9es dans une nouvelle \u00e9tude de la campagne \u2018Travel Smart\u2019 de Transport &amp; Environment maintiennent leurs niveaux de voyages d\u2019affaires plus bas qu\u2019avant le Covid, m\u00eame si beaucoup d\u2019entre elles remontent vite la pente.\" \/>\n<meta property=\"og:url\" content=\"https:\/\/travelsmartcampaign.org\/fr\/bibliotheque\/voyages-daffaires-les-emissions-des-grands-groupes-francais-ont-diminue-dun-tiers-par-rapport-a-2019\/\" \/>\n<meta property=\"og:site_name\" content=\"Travel Smart Campaign\" \/>\n<meta property=\"article:modified_time\" content=\"2025-05-14T10:40:28+00:00\" \/>\n<meta property=\"og:image\" content=\"https:\/\/travelsmartcampaign.org\/wp-content\/uploads\/aircraft-475409_1280.jpg\" \/>\n\t<meta property=\"og:image:width\" content=\"1280\" \/>\n\t<meta property=\"og:image:height\" content=\"854\" \/>\n\t<meta property=\"og:image:type\" content=\"image\/jpeg\" \/>\n<meta name=\"twitter:card\" content=\"summary_large_image\" \/>\n<meta name=\"twitter:label1\" content=\"Dur\u00e9e de lecture estim\u00e9e\" \/>\n\t<meta name=\"twitter:data1\" content=\"4 minutes\" \/>\n<script type=\"application\/ld+json\" class=\"yoast-schema-graph\">{\"@context\":\"https:\\\/\\\/schema.org\",\"@graph\":[{\"@type\":\"WebPage\",\"@id\":\"https:\\\/\\\/travelsmartcampaign.org\\\/library\\\/voyages-daffaires-les-emissions-des-grands-groupes-francais-ont-diminue-dun-tiers-par-rapport-a-2019\\\/\",\"url\":\"https:\\\/\\\/travelsmartcampaign.org\\\/library\\\/voyages-daffaires-les-emissions-des-grands-groupes-francais-ont-diminue-dun-tiers-par-rapport-a-2019\\\/\",\"name\":\"Voyages d\u2019affaires : les \u00e9missions des grands groupes fran\u00e7ais ont diminu\u00e9 d\u2019un tiers par rapport \u00e0 2019 - Travel Smart Campaign\",\"isPartOf\":{\"@id\":\"https:\\\/\\\/travelsmartcampaign.org\\\/#website\"},\"primaryImageOfPage\":{\"@id\":\"https:\\\/\\\/travelsmartcampaign.org\\\/library\\\/voyages-daffaires-les-emissions-des-grands-groupes-francais-ont-diminue-dun-tiers-par-rapport-a-2019\\\/#primaryimage\"},\"image\":{\"@id\":\"https:\\\/\\\/travelsmartcampaign.org\\\/library\\\/voyages-daffaires-les-emissions-des-grands-groupes-francais-ont-diminue-dun-tiers-par-rapport-a-2019\\\/#primaryimage\"},\"thumbnailUrl\":\"https:\\\/\\\/travelsmartcampaign.org\\\/wp-content\\\/uploads\\\/aircraft-475409_1280.jpg\",\"datePublished\":\"2024-05-23T23:01:35+00:00\",\"dateModified\":\"2025-05-14T10:40:28+00:00\",\"breadcrumb\":{\"@id\":\"https:\\\/\\\/travelsmartcampaign.org\\\/library\\\/voyages-daffaires-les-emissions-des-grands-groupes-francais-ont-diminue-dun-tiers-par-rapport-a-2019\\\/#breadcrumb\"},\"inLanguage\":\"fr-FR\",\"potentialAction\":[{\"@type\":\"ReadAction\",\"target\":[\"https:\\\/\\\/travelsmartcampaign.org\\\/library\\\/voyages-daffaires-les-emissions-des-grands-groupes-francais-ont-diminue-dun-tiers-par-rapport-a-2019\\\/\"]}]},{\"@type\":\"ImageObject\",\"inLanguage\":\"fr-FR\",\"@id\":\"https:\\\/\\\/travelsmartcampaign.org\\\/library\\\/voyages-daffaires-les-emissions-des-grands-groupes-francais-ont-diminue-dun-tiers-par-rapport-a-2019\\\/#primaryimage\",\"url\":\"https:\\\/\\\/travelsmartcampaign.org\\\/wp-content\\\/uploads\\\/aircraft-475409_1280.jpg\",\"contentUrl\":\"https:\\\/\\\/travelsmartcampaign.org\\\/wp-content\\\/uploads\\\/aircraft-475409_1280.jpg\",\"width\":1280,\"height\":854},{\"@type\":\"BreadcrumbList\",\"@id\":\"https:\\\/\\\/travelsmartcampaign.org\\\/library\\\/voyages-daffaires-les-emissions-des-grands-groupes-francais-ont-diminue-dun-tiers-par-rapport-a-2019\\\/#breadcrumb\",\"itemListElement\":[{\"@type\":\"ListItem\",\"position\":1,\"name\":\"Home\",\"item\":\"https:\\\/\\\/travelsmartcampaign.org\\\/\"},{\"@type\":\"ListItem\",\"position\":2,\"name\":\"Voyages d\u2019affaires : les \u00e9missions des grands groupes fran\u00e7ais ont diminu\u00e9 d\u2019un tiers par rapport \u00e0 2019\"}]},{\"@type\":\"WebSite\",\"@id\":\"https:\\\/\\\/travelsmartcampaign.org\\\/#website\",\"url\":\"https:\\\/\\\/travelsmartcampaign.org\\\/\",\"name\":\"Travel Smart\",\"description\":\"\",\"publisher\":{\"@id\":\"https:\\\/\\\/travelsmartcampaign.org\\\/#organization\"},\"potentialAction\":[{\"@type\":\"SearchAction\",\"target\":{\"@type\":\"EntryPoint\",\"urlTemplate\":\"https:\\\/\\\/travelsmartcampaign.org\\\/?s={search_term_string}\"},\"query-input\":{\"@type\":\"PropertyValueSpecification\",\"valueRequired\":true,\"valueName\":\"search_term_string\"}}],\"inLanguage\":\"fr-FR\"},{\"@type\":\"Organization\",\"@id\":\"https:\\\/\\\/travelsmartcampaign.org\\\/#organization\",\"name\":\"Travel Smart\",\"url\":\"https:\\\/\\\/travelsmartcampaign.org\\\/\",\"logo\":{\"@type\":\"ImageObject\",\"inLanguage\":\"fr-FR\",\"@id\":\"https:\\\/\\\/travelsmartcampaign.org\\\/#\\\/schema\\\/logo\\\/image\\\/\",\"url\":\"https:\\\/\\\/travelsmartcampaign.org\\\/wp-content\\\/uploads\\\/travel-smart-min.jpeg\",\"contentUrl\":\"https:\\\/\\\/travelsmartcampaign.org\\\/wp-content\\\/uploads\\\/travel-smart-min.jpeg\",\"width\":1200,\"height\":690,\"caption\":\"Travel Smart\"},\"image\":{\"@id\":\"https:\\\/\\\/travelsmartcampaign.org\\\/#\\\/schema\\\/logo\\\/image\\\/\"}}]}<\/script>\n<!-- \/ Yoast SEO plugin. -->","yoast_head_json":{"title":"Voyages d\u2019affaires : les \u00e9missions des grands groupes fran\u00e7ais ont diminu\u00e9 d\u2019un tiers par rapport \u00e0 2019 - Campagne Travel Smart","robots":{"index":"index","follow":"follow","max-snippet":"max-snippet:-1","max-image-preview":"max-image-preview:large","max-video-preview":"max-video-preview:-1"},"canonical":"https:\/\/travelsmartcampaign.org\/fr\/bibliotheque\/voyages-daffaires-les-emissions-des-grands-groupes-francais-ont-diminue-dun-tiers-par-rapport-a-2019\/","og_locale":"fr_FR","og_type":"article","og_title":"Voyages d\u2019affaires : les \u00e9missions des grands groupes fran\u00e7ais ont diminu\u00e9 d\u2019un tiers par rapport \u00e0 2019 - Travel Smart Campaign","og_description":"17 des 18 entreprises fran\u00e7aises analys\u00e9es dans une nouvelle \u00e9tude de la campagne \u2018Travel Smart\u2019 de Transport & Environment maintiennent leurs niveaux de voyages d\u2019affaires plus bas qu\u2019avant le Covid, m\u00eame si beaucoup d\u2019entre elles remontent vite la pente.","og_url":"https:\/\/travelsmartcampaign.org\/fr\/bibliotheque\/voyages-daffaires-les-emissions-des-grands-groupes-francais-ont-diminue-dun-tiers-par-rapport-a-2019\/","og_site_name":"Travel Smart Campaign","article_modified_time":"2025-05-14T10:40:28+00:00","og_image":[{"width":1280,"height":854,"url":"https:\/\/travelsmartcampaign.org\/wp-content\/uploads\/aircraft-475409_1280.jpg","type":"image\/jpeg"}],"twitter_card":"summary_large_image","twitter_misc":{"Dur\u00e9e de lecture estim\u00e9e":"4 minutes"},"schema":{"@context":"https:\/\/schema.org","@graph":[{"@type":"WebPage","@id":"https:\/\/travelsmartcampaign.org\/library\/voyages-daffaires-les-emissions-des-grands-groupes-francais-ont-diminue-dun-tiers-par-rapport-a-2019\/","url":"https:\/\/travelsmartcampaign.org\/library\/voyages-daffaires-les-emissions-des-grands-groupes-francais-ont-diminue-dun-tiers-par-rapport-a-2019\/","name":"Voyages d\u2019affaires : les \u00e9missions des grands groupes fran\u00e7ais ont diminu\u00e9 d\u2019un tiers par rapport \u00e0 2019 - Campagne Travel Smart","isPartOf":{"@id":"https:\/\/travelsmartcampaign.org\/#website"},"primaryImageOfPage":{"@id":"https:\/\/travelsmartcampaign.org\/library\/voyages-daffaires-les-emissions-des-grands-groupes-francais-ont-diminue-dun-tiers-par-rapport-a-2019\/#primaryimage"},"image":{"@id":"https:\/\/travelsmartcampaign.org\/library\/voyages-daffaires-les-emissions-des-grands-groupes-francais-ont-diminue-dun-tiers-par-rapport-a-2019\/#primaryimage"},"thumbnailUrl":"https:\/\/travelsmartcampaign.org\/wp-content\/uploads\/aircraft-475409_1280.jpg","datePublished":"2024-05-23T23:01:35+00:00","dateModified":"2025-05-14T10:40:28+00:00","breadcrumb":{"@id":"https:\/\/travelsmartcampaign.org\/library\/voyages-daffaires-les-emissions-des-grands-groupes-francais-ont-diminue-dun-tiers-par-rapport-a-2019\/#breadcrumb"},"inLanguage":"fr-FR","potentialAction":[{"@type":"ReadAction","target":["https:\/\/travelsmartcampaign.org\/library\/voyages-daffaires-les-emissions-des-grands-groupes-francais-ont-diminue-dun-tiers-par-rapport-a-2019\/"]}]},{"@type":"ImageObject","inLanguage":"fr-FR","@id":"https:\/\/travelsmartcampaign.org\/library\/voyages-daffaires-les-emissions-des-grands-groupes-francais-ont-diminue-dun-tiers-par-rapport-a-2019\/#primaryimage","url":"https:\/\/travelsmartcampaign.org\/wp-content\/uploads\/aircraft-475409_1280.jpg","contentUrl":"https:\/\/travelsmartcampaign.org\/wp-content\/uploads\/aircraft-475409_1280.jpg","width":1280,"height":854},{"@type":"BreadcrumbList","@id":"https:\/\/travelsmartcampaign.org\/library\/voyages-daffaires-les-emissions-des-grands-groupes-francais-ont-diminue-dun-tiers-par-rapport-a-2019\/#breadcrumb","itemListElement":[{"@type":"ListItem","position":1,"name":"Home","item":"https:\/\/travelsmartcampaign.org\/"},{"@type":"ListItem","position":2,"name":"Voyages d\u2019affaires : les \u00e9missions des grands groupes fran\u00e7ais ont diminu\u00e9 d\u2019un tiers par rapport \u00e0 2019"}]},{"@type":"WebSite","@id":"https:\/\/travelsmartcampaign.org\/#website","url":"https:\/\/travelsmartcampaign.org\/","name":"Classement","description":"","publisher":{"@id":"https:\/\/travelsmartcampaign.org\/#organization"},"potentialAction":[{"@type":"SearchAction","target":{"@type":"EntryPoint","urlTemplate":"https:\/\/travelsmartcampaign.org\/?s={search_term_string}"},"query-input":{"@type":"PropertyValueSpecification","valueRequired":true,"valueName":"search_term_string"}}],"inLanguage":"fr-FR"},{"@type":"Organization","@id":"https:\/\/travelsmartcampaign.org\/#organization","name":"Classement","url":"https:\/\/travelsmartcampaign.org\/","logo":{"@type":"ImageObject","inLanguage":"fr-FR","@id":"https:\/\/travelsmartcampaign.org\/#\/schema\/logo\/image\/","url":"https:\/\/travelsmartcampaign.org\/wp-content\/uploads\/travel-smart-min.jpeg","contentUrl":"https:\/\/travelsmartcampaign.org\/wp-content\/uploads\/travel-smart-min.jpeg","width":1200,"height":690,"caption":"Travel Smart"},"image":{"@id":"https:\/\/travelsmartcampaign.org\/#\/schema\/logo\/image\/"}}]}},"_links":{"self":[{"href":"https:\/\/travelsmartcampaign.org\/fr\/wp-json\/wp\/v2\/library\/13496","targetHints":{"allow":["GET"]}}],"collection":[{"href":"https:\/\/travelsmartcampaign.org\/fr\/wp-json\/wp\/v2\/library"}],"about":[{"href":"https:\/\/travelsmartcampaign.org\/fr\/wp-json\/wp\/v2\/types\/library"}],"version-history":[{"count":0,"href":"https:\/\/travelsmartcampaign.org\/fr\/wp-json\/wp\/v2\/library\/13496\/revisions"}],"wp:featuredmedia":[{"embeddable":true,"href":"https:\/\/travelsmartcampaign.org\/fr\/wp-json\/wp\/v2\/media\/17863"}],"wp:attachment":[{"href":"https:\/\/travelsmartcampaign.org\/fr\/wp-json\/wp\/v2\/media?parent=13496"}],"wp:term":[{"taxonomy":"topic","embeddable":true,"href":"https:\/\/travelsmartcampaign.org\/fr\/wp-json\/wp\/v2\/topic?post=13496"},{"taxonomy":"visibility","embeddable":true,"href":"https:\/\/travelsmartcampaign.org\/fr\/wp-json\/wp\/v2\/visibility?post=13496"},{"taxonomy":"post-country","embeddable":true,"href":"https:\/\/travelsmartcampaign.org\/fr\/wp-json\/wp\/v2\/post-country?post=13496"},{"taxonomy":"language","embeddable":true,"href":"https:\/\/travelsmartcampaign.org\/fr\/wp-json\/wp\/v2\/language?post=13496"},{"taxonomy":"category-post-type","embeddable":true,"href":"https:\/\/travelsmartcampaign.org\/fr\/wp-json\/wp\/v2\/category-post-type?post=13496"}],"curies":[{"name":"wp","href":"https:\/\/api.w.org\/{rel}","templated":true}]}}