{"id":13583,"date":"2024-05-24T00:01:53","date_gmt":"2024-05-23T23:01:53","guid":{"rendered":"http:\/\/travelsmartcampaign.org\/?post_type=library&#038;p=13583"},"modified":"2025-05-14T11:41:30","modified_gmt":"2025-05-14T10:41:30","slug":"les-emissions-des-deplacements-professionnels-des-grands-groupes-francais-en-baisse-dun-tiers-par-rapport-a-2019","status":"publish","type":"library","link":"https:\/\/travelsmartcampaign.org\/fr\/library\/business-travel-emissions-by-major-french-groups-down-by-a-third-compared-with-2019\/","title":{"rendered":"D\u00e9placements professionnels : les \u00e9missions des grands groupes fran\u00e7ais en baisse d&#039;un tiers par rapport \u00e0 2019"},"content":{"rendered":"<p><span style=\"font-weight: 400;\">Une nouvelle analyse T&amp;E des \u00e9missions des d\u00e9placements professionnels de 18 entreprises fran\u00e7aises en 2023 r\u00e9v\u00e8le qu&#039;en moyenne, elles ont r\u00e9duit leurs \u00e9missions d&#039;un tiers (-33%) en 2023 par rapport \u00e0 2019. Mais certaines d&#039;entre elles se rapprochent rapidement des niveaux de 2019. Parmi ceux-ci, Forvia (anciennement Faurecia), Sanofi et Air Liquide reviennent \u00e0 pr\u00e8s de 90% de leurs \u00e9missions 2019. Et ce malgr\u00e9 le fait que les entreprises ont appris \u00e0 travailler avec des outils de collaboration en ligne et \u00e0 r\u00e9duire le nombre de vols depuis le COVID, et que la plupart d\u2019entre elles se sont engag\u00e9es \u00e0 r\u00e9duire leur empreinte carbone.<\/span><\/p>\n<p><span style=\"font-weight: 400;\">Une soci\u00e9t\u00e9, bioM\u00e9rieux, a d\u00e9pass\u00e9 ses niveaux de vol de 2019 (+9%). Dans le m\u00eame temps, il indique qu&#039;il s&#039;est fix\u00e9 en 2023 un objectif de r\u00e9duction interne de -10% par rapport aux \u00e9missions li\u00e9es aux voyages de 2022, une \u00e9volution positive qui devrait contribuer \u00e0 corriger sa trajectoire.<\/span><\/p>\n<p><span style=\"font-weight: 400;\">9 des 18 entreprises analys\u00e9es se sont fix\u00e9 des objectifs de r\u00e9duction des \u00e9missions des voyages d&#039;affaires, et deux entreprises ont r\u00e9ussi \u00e0 r\u00e9duire significativement leurs vols, qui repr\u00e9sentent l&#039;essentiel des \u00e9missions des voyages d&#039;affaires, et ont maintenu les faibles niveaux d&#039;\u00e9missions observ\u00e9s \u00e0 la fin de la pand\u00e9mie. . Les \u00e9missions des voyages d&#039;affaires de Dassault en 2023 sont \u00e0 -60% par rapport aux niveaux de 2019, et celles d&#039;Amundi \u00e0 -51%. En 2022, neuf entreprises avaient r\u00e9alis\u00e9 cette performance, en grande partie gr\u00e2ce aux restrictions li\u00e9es au COVID. Dassault et Amundi ont des objectifs de r\u00e9duction des \u00e9missions de leurs d\u00e9placements professionnels.<\/span><\/p>\n<p><img loading=\"lazy\" decoding=\"async\" class=\"alignnone size-full wp-image-16611\" src=\"http:\/\/travelsmartcampaign.org\/wp-content\/uploads\/2-6.png\" alt=\"\" width=\"768\" height=\"1100\" srcset=\"https:\/\/travelsmartcampaign.org\/wp-content\/uploads\/2-6.png 768w, https:\/\/travelsmartcampaign.org\/wp-content\/uploads\/2-6-209x300.png 209w, https:\/\/travelsmartcampaign.org\/wp-content\/uploads\/2-6-715x1024.png 715w, https:\/\/travelsmartcampaign.org\/wp-content\/uploads\/2-6-8x12.png 8w\" sizes=\"auto, (max-width: 768px) 100vw, 768px\" \/><\/p>\n<p><span style=\"font-weight: 400;\">J\u00e9r\u00f4me du Boucher, Responsable France Aviation explique, <\/span><i><span style=\"font-weight: 400;\">\u00ab On assiste \u00e0 un retour inqui\u00e9tant d&#039;une hausse des \u00e9missions des d\u00e9placements professionnels en France. Il semble que les le\u00e7ons de la pand\u00e9mie n\u2019aient pas \u00e9t\u00e9 tir\u00e9es. Et pourtant, la voie \u00e0 suivre est trac\u00e9e\u00a0: davantage de collaboration en ligne, davantage de voyages en train et moins en avion. Malheureusement, trop d\u2019entreprises reviennent \u00e0 des habitudes de vol excessives, sans grand respect pour la plan\u00e8te. \u00bb<\/span><\/i><\/p>\n<p><span style=\"font-weight: 400;\">Le gouvernement fran\u00e7ais a r\u00e9cemment pris des mesures encourageantes concernant les voyages d&#039;affaires. Dans le cadre de son <\/span><a href=\"https:\/\/www.ecologie.gouv.fr\/sites\/default\/files\/22152_Plan-sobriete_DP-2023-if-2.pdf\"><span style=\"font-weight: 400;\">plan d&#039;\u00e9conomies d&#039;\u00e9nergie<\/span><\/a><span style=\"font-weight: 400;\">, il a demand\u00e9 aux entreprises ainsi qu&#039;aux fonctionnaires de voyager en train au lieu de l&#039;avion pour les trajets pouvant \u00eatre effectu\u00e9s en moins de quatre heures, \u00e0 partir de janvier 2024. Le gouvernement reconna\u00eet \u00e9galement l&#039;\u00e9norme impact climatique des transports. Et c&#039;est pourquoi la suite <\/span><a href=\"https:\/\/www.legifrance.gouv.fr\/download\/pdf\/circ?id=45511\"><span style=\"font-weight: 400;\">note d&#039;engagement de l&#039;\u00c9tat dans la transformation \u00e9cologique<\/span><\/a><span style=\"font-weight: 400;\"> comprend un objectif de r\u00e9duction des d\u00e9placements a\u00e9riens des salari\u00e9s de 20% en 2024 par rapport \u00e0 2019, et de relever son ambition \u00e0 -30% pour 2027.<\/span><\/p>\n<p><span style=\"font-weight: 400;\">T&amp;E appelle les entreprises fran\u00e7aises \u00e0 faire de m\u00eame et \u00e0 se fixer des objectifs de r\u00e9duction des \u00e9missions des d\u00e9placements professionnels de 50% ou plus d&#039;ici 2025. Cet objectif a \u00e9t\u00e9 d\u00e9fini sur la base des recommandations de T&amp;E. <\/span><a href=\"https:\/\/www.transportenvironment.org\/assets\/files\/TE-aviation-decarbonisation-roadmap-FINAL.pdf\"><span style=\"font-weight: 400;\">Feuille de route pour une aviation neutre sur le plan climatique<\/span><\/a><span style=\"font-weight: 400;\">, qui montre qu&#039;une r\u00e9duction globale des \u00e9missions des voyages d&#039;affaires est n\u00e9cessaire au cours de cette d\u00e9cennie, pour maintenir l&#039;aviation sur une trajectoire compatible avec 1,5\u00b0C.<\/span><\/p>\n<p>&nbsp;<\/p>","protected":false},"excerpt":{"rendered":"<p>17 des 18 entreprises fran\u00e7aises analys\u00e9es dans une nouvelle \u00e9tude r\u00e9alis\u00e9e dans le cadre de la campagne \"Travel Smart\" de Transport &amp; Environment ont maintenu leurs \u00e9missions li\u00e9es aux d\u00e9placements professionnels \u00e0 un niveau inf\u00e9rieur \u00e0 celui d'avant COVID, bien que nombre d'entre elles soient rapidement en train de remonter la pente.<\/p>","protected":false},"featured_media":17863,"template":"","topic":[96,191,190,203],"visibility":[],"post-country":[31],"language":[27],"category-post-type":[28],"class_list":["post-13583","library","type-library","status-publish","has-post-thumbnail","hentry","topic-business-travel","topic-corporate-reporting","topic-emission-tracker","topic-emissions-reduction","post-country-france","language-english","category-post-type-press-release"],"yoast_head":"<!-- This site is optimized with the Yoast SEO plugin v27.5 - https:\/\/yoast.com\/product\/yoast-seo-wordpress\/ -->\n<title>Business travel: emissions by major French groups down by a third compared with 2019 - Travel Smart Campaign<\/title>\n<meta name=\"robots\" content=\"index, follow, max-snippet:-1, max-image-preview:large, max-video-preview:-1\" \/>\n<link rel=\"canonical\" href=\"https:\/\/travelsmartcampaign.org\/fr\/bibliotheque\/les-emissions-des-deplacements-professionnels-des-grands-groupes-francais-en-baisse-dun-tiers-par-rapport-a-2019\/\" \/>\n<meta property=\"og:locale\" content=\"fr_FR\" \/>\n<meta property=\"og:type\" content=\"article\" \/>\n<meta property=\"og:title\" content=\"Business travel: emissions by major French groups down by a third compared with 2019 - Travel Smart Campaign\" \/>\n<meta property=\"og:description\" content=\"17 of the 18 French companies analysed in a new study by Transport &amp; Environment&#039;s &#039;Travel Smart&#039; campaign have kept their business travel emissions lower than before COVID, although many are quickly creeping back up.\" \/>\n<meta property=\"og:url\" content=\"https:\/\/travelsmartcampaign.org\/fr\/bibliotheque\/les-emissions-des-deplacements-professionnels-des-grands-groupes-francais-en-baisse-dun-tiers-par-rapport-a-2019\/\" \/>\n<meta property=\"og:site_name\" content=\"Travel Smart Campaign\" \/>\n<meta property=\"article:modified_time\" content=\"2025-05-14T10:41:30+00:00\" \/>\n<meta property=\"og:image\" content=\"https:\/\/travelsmartcampaign.org\/wp-content\/uploads\/aircraft-475409_1280.jpg\" \/>\n\t<meta property=\"og:image:width\" content=\"1280\" \/>\n\t<meta property=\"og:image:height\" content=\"854\" \/>\n\t<meta property=\"og:image:type\" content=\"image\/jpeg\" \/>\n<meta name=\"twitter:card\" content=\"summary_large_image\" \/>\n<meta name=\"twitter:label1\" content=\"Dur\u00e9e de lecture estim\u00e9e\" \/>\n\t<meta name=\"twitter:data1\" content=\"3 minutes\" \/>\n<script type=\"application\/ld+json\" class=\"yoast-schema-graph\">{\"@context\":\"https:\\\/\\\/schema.org\",\"@graph\":[{\"@type\":\"WebPage\",\"@id\":\"https:\\\/\\\/travelsmartcampaign.org\\\/library\\\/business-travel-emissions-by-major-french-groups-down-by-a-third-compared-with-2019\\\/\",\"url\":\"https:\\\/\\\/travelsmartcampaign.org\\\/library\\\/business-travel-emissions-by-major-french-groups-down-by-a-third-compared-with-2019\\\/\",\"name\":\"Business travel: emissions by major French groups down by a third compared with 2019 - Travel Smart Campaign\",\"isPartOf\":{\"@id\":\"https:\\\/\\\/travelsmartcampaign.org\\\/#website\"},\"primaryImageOfPage\":{\"@id\":\"https:\\\/\\\/travelsmartcampaign.org\\\/library\\\/business-travel-emissions-by-major-french-groups-down-by-a-third-compared-with-2019\\\/#primaryimage\"},\"image\":{\"@id\":\"https:\\\/\\\/travelsmartcampaign.org\\\/library\\\/business-travel-emissions-by-major-french-groups-down-by-a-third-compared-with-2019\\\/#primaryimage\"},\"thumbnailUrl\":\"https:\\\/\\\/travelsmartcampaign.org\\\/wp-content\\\/uploads\\\/aircraft-475409_1280.jpg\",\"datePublished\":\"2024-05-23T23:01:53+00:00\",\"dateModified\":\"2025-05-14T10:41:30+00:00\",\"breadcrumb\":{\"@id\":\"https:\\\/\\\/travelsmartcampaign.org\\\/library\\\/business-travel-emissions-by-major-french-groups-down-by-a-third-compared-with-2019\\\/#breadcrumb\"},\"inLanguage\":\"fr-FR\",\"potentialAction\":[{\"@type\":\"ReadAction\",\"target\":[\"https:\\\/\\\/travelsmartcampaign.org\\\/library\\\/business-travel-emissions-by-major-french-groups-down-by-a-third-compared-with-2019\\\/\"]}]},{\"@type\":\"ImageObject\",\"inLanguage\":\"fr-FR\",\"@id\":\"https:\\\/\\\/travelsmartcampaign.org\\\/library\\\/business-travel-emissions-by-major-french-groups-down-by-a-third-compared-with-2019\\\/#primaryimage\",\"url\":\"https:\\\/\\\/travelsmartcampaign.org\\\/wp-content\\\/uploads\\\/aircraft-475409_1280.jpg\",\"contentUrl\":\"https:\\\/\\\/travelsmartcampaign.org\\\/wp-content\\\/uploads\\\/aircraft-475409_1280.jpg\",\"width\":1280,\"height\":854},{\"@type\":\"BreadcrumbList\",\"@id\":\"https:\\\/\\\/travelsmartcampaign.org\\\/library\\\/business-travel-emissions-by-major-french-groups-down-by-a-third-compared-with-2019\\\/#breadcrumb\",\"itemListElement\":[{\"@type\":\"ListItem\",\"position\":1,\"name\":\"Home\",\"item\":\"https:\\\/\\\/travelsmartcampaign.org\\\/\"},{\"@type\":\"ListItem\",\"position\":2,\"name\":\"Business travel: emissions by major French groups down by a third compared with 2019\"}]},{\"@type\":\"WebSite\",\"@id\":\"https:\\\/\\\/travelsmartcampaign.org\\\/#website\",\"url\":\"https:\\\/\\\/travelsmartcampaign.org\\\/\",\"name\":\"Travel Smart\",\"description\":\"\",\"publisher\":{\"@id\":\"https:\\\/\\\/travelsmartcampaign.org\\\/#organization\"},\"potentialAction\":[{\"@type\":\"SearchAction\",\"target\":{\"@type\":\"EntryPoint\",\"urlTemplate\":\"https:\\\/\\\/travelsmartcampaign.org\\\/?s={search_term_string}\"},\"query-input\":{\"@type\":\"PropertyValueSpecification\",\"valueRequired\":true,\"valueName\":\"search_term_string\"}}],\"inLanguage\":\"fr-FR\"},{\"@type\":\"Organization\",\"@id\":\"https:\\\/\\\/travelsmartcampaign.org\\\/#organization\",\"name\":\"Travel Smart\",\"url\":\"https:\\\/\\\/travelsmartcampaign.org\\\/\",\"logo\":{\"@type\":\"ImageObject\",\"inLanguage\":\"fr-FR\",\"@id\":\"https:\\\/\\\/travelsmartcampaign.org\\\/#\\\/schema\\\/logo\\\/image\\\/\",\"url\":\"https:\\\/\\\/travelsmartcampaign.org\\\/wp-content\\\/uploads\\\/travel-smart-min.jpeg\",\"contentUrl\":\"https:\\\/\\\/travelsmartcampaign.org\\\/wp-content\\\/uploads\\\/travel-smart-min.jpeg\",\"width\":1200,\"height\":690,\"caption\":\"Travel Smart\"},\"image\":{\"@id\":\"https:\\\/\\\/travelsmartcampaign.org\\\/#\\\/schema\\\/logo\\\/image\\\/\"}}]}<\/script>\n<!-- \/ Yoast SEO plugin. -->","yoast_head_json":{"title":"D\u00e9placements professionnels : les \u00e9missions des grands groupes fran\u00e7ais ont baiss\u00e9 d'un tiers par rapport \u00e0 2019 - Campagne Travel Smart","robots":{"index":"index","follow":"follow","max-snippet":"max-snippet:-1","max-image-preview":"max-image-preview:large","max-video-preview":"max-video-preview:-1"},"canonical":"https:\/\/travelsmartcampaign.org\/fr\/bibliotheque\/les-emissions-des-deplacements-professionnels-des-grands-groupes-francais-en-baisse-dun-tiers-par-rapport-a-2019\/","og_locale":"fr_FR","og_type":"article","og_title":"Business travel: emissions by major French groups down by a third compared with 2019 - Travel Smart Campaign","og_description":"17 of the 18 French companies analysed in a new study by Transport & Environment's 'Travel Smart' campaign have kept their business travel emissions lower than before COVID, although many are quickly creeping back up.","og_url":"https:\/\/travelsmartcampaign.org\/fr\/bibliotheque\/les-emissions-des-deplacements-professionnels-des-grands-groupes-francais-en-baisse-dun-tiers-par-rapport-a-2019\/","og_site_name":"Travel Smart Campaign","article_modified_time":"2025-05-14T10:41:30+00:00","og_image":[{"width":1280,"height":854,"url":"https:\/\/travelsmartcampaign.org\/wp-content\/uploads\/aircraft-475409_1280.jpg","type":"image\/jpeg"}],"twitter_card":"summary_large_image","twitter_misc":{"Dur\u00e9e de lecture estim\u00e9e":"3 minutes"},"schema":{"@context":"https:\/\/schema.org","@graph":[{"@type":"WebPage","@id":"https:\/\/travelsmartcampaign.org\/library\/business-travel-emissions-by-major-french-groups-down-by-a-third-compared-with-2019\/","url":"https:\/\/travelsmartcampaign.org\/library\/business-travel-emissions-by-major-french-groups-down-by-a-third-compared-with-2019\/","name":"D\u00e9placements professionnels : les \u00e9missions des grands groupes fran\u00e7ais ont baiss\u00e9 d'un tiers par rapport \u00e0 2019 - Campagne Travel Smart","isPartOf":{"@id":"https:\/\/travelsmartcampaign.org\/#website"},"primaryImageOfPage":{"@id":"https:\/\/travelsmartcampaign.org\/library\/business-travel-emissions-by-major-french-groups-down-by-a-third-compared-with-2019\/#primaryimage"},"image":{"@id":"https:\/\/travelsmartcampaign.org\/library\/business-travel-emissions-by-major-french-groups-down-by-a-third-compared-with-2019\/#primaryimage"},"thumbnailUrl":"https:\/\/travelsmartcampaign.org\/wp-content\/uploads\/aircraft-475409_1280.jpg","datePublished":"2024-05-23T23:01:53+00:00","dateModified":"2025-05-14T10:41:30+00:00","breadcrumb":{"@id":"https:\/\/travelsmartcampaign.org\/library\/business-travel-emissions-by-major-french-groups-down-by-a-third-compared-with-2019\/#breadcrumb"},"inLanguage":"fr-FR","potentialAction":[{"@type":"ReadAction","target":["https:\/\/travelsmartcampaign.org\/library\/business-travel-emissions-by-major-french-groups-down-by-a-third-compared-with-2019\/"]}]},{"@type":"ImageObject","inLanguage":"fr-FR","@id":"https:\/\/travelsmartcampaign.org\/library\/business-travel-emissions-by-major-french-groups-down-by-a-third-compared-with-2019\/#primaryimage","url":"https:\/\/travelsmartcampaign.org\/wp-content\/uploads\/aircraft-475409_1280.jpg","contentUrl":"https:\/\/travelsmartcampaign.org\/wp-content\/uploads\/aircraft-475409_1280.jpg","width":1280,"height":854},{"@type":"BreadcrumbList","@id":"https:\/\/travelsmartcampaign.org\/library\/business-travel-emissions-by-major-french-groups-down-by-a-third-compared-with-2019\/#breadcrumb","itemListElement":[{"@type":"ListItem","position":1,"name":"Home","item":"https:\/\/travelsmartcampaign.org\/"},{"@type":"ListItem","position":2,"name":"Business travel: emissions by major French groups down by a third compared with 2019"}]},{"@type":"WebSite","@id":"https:\/\/travelsmartcampaign.org\/#website","url":"https:\/\/travelsmartcampaign.org\/","name":"Classement","description":"","publisher":{"@id":"https:\/\/travelsmartcampaign.org\/#organization"},"potentialAction":[{"@type":"SearchAction","target":{"@type":"EntryPoint","urlTemplate":"https:\/\/travelsmartcampaign.org\/?s={search_term_string}"},"query-input":{"@type":"PropertyValueSpecification","valueRequired":true,"valueName":"search_term_string"}}],"inLanguage":"fr-FR"},{"@type":"Organization","@id":"https:\/\/travelsmartcampaign.org\/#organization","name":"Classement","url":"https:\/\/travelsmartcampaign.org\/","logo":{"@type":"ImageObject","inLanguage":"fr-FR","@id":"https:\/\/travelsmartcampaign.org\/#\/schema\/logo\/image\/","url":"https:\/\/travelsmartcampaign.org\/wp-content\/uploads\/travel-smart-min.jpeg","contentUrl":"https:\/\/travelsmartcampaign.org\/wp-content\/uploads\/travel-smart-min.jpeg","width":1200,"height":690,"caption":"Travel Smart"},"image":{"@id":"https:\/\/travelsmartcampaign.org\/#\/schema\/logo\/image\/"}}]}},"_links":{"self":[{"href":"https:\/\/travelsmartcampaign.org\/fr\/wp-json\/wp\/v2\/library\/13583","targetHints":{"allow":["GET"]}}],"collection":[{"href":"https:\/\/travelsmartcampaign.org\/fr\/wp-json\/wp\/v2\/library"}],"about":[{"href":"https:\/\/travelsmartcampaign.org\/fr\/wp-json\/wp\/v2\/types\/library"}],"version-history":[{"count":0,"href":"https:\/\/travelsmartcampaign.org\/fr\/wp-json\/wp\/v2\/library\/13583\/revisions"}],"wp:featuredmedia":[{"embeddable":true,"href":"https:\/\/travelsmartcampaign.org\/fr\/wp-json\/wp\/v2\/media\/17863"}],"wp:attachment":[{"href":"https:\/\/travelsmartcampaign.org\/fr\/wp-json\/wp\/v2\/media?parent=13583"}],"wp:term":[{"taxonomy":"topic","embeddable":true,"href":"https:\/\/travelsmartcampaign.org\/fr\/wp-json\/wp\/v2\/topic?post=13583"},{"taxonomy":"visibility","embeddable":true,"href":"https:\/\/travelsmartcampaign.org\/fr\/wp-json\/wp\/v2\/visibility?post=13583"},{"taxonomy":"post-country","embeddable":true,"href":"https:\/\/travelsmartcampaign.org\/fr\/wp-json\/wp\/v2\/post-country?post=13583"},{"taxonomy":"language","embeddable":true,"href":"https:\/\/travelsmartcampaign.org\/fr\/wp-json\/wp\/v2\/language?post=13583"},{"taxonomy":"category-post-type","embeddable":true,"href":"https:\/\/travelsmartcampaign.org\/fr\/wp-json\/wp\/v2\/category-post-type?post=13583"}],"curies":[{"name":"wp","href":"https:\/\/api.w.org\/{rel}","templated":true}]}}