{"id":17225,"date":"2025-04-01T00:01:06","date_gmt":"2025-03-31T23:01:06","guid":{"rendered":"http:\/\/travelsmartcampaign.org\/?post_type=library&#038;p=17225"},"modified":"2025-04-01T09:34:34","modified_gmt":"2025-04-01T08:34:34","slug":"vols-daffaires-un-classement-international-couronne-swiss-re-et-zurich","status":"publish","type":"library","link":"https:\/\/travelsmartcampaign.org\/fr\/library\/vols-daffaires-un-classement-international-couronne-swiss-re-et-zurich\/","title":{"rendered":"Vols d&#039;affaires: un classement international couronne Swiss Re et Zurich"},"content":{"rendered":"<p><span style=\"font-weight: 400;\">TravelSmart \u00e9value chaque ann\u00e9e 326 grandes entreprises des \u00c9tats-Unis, d'Europe et d'Inde en fonction de leurs \u00e9missions li\u00e9es aux voyages d'affaires. Le classement se base sur des indicateurs tels les objectifs de r\u00e9duction, la transparence appliqu\u00e9e et les mesures concr\u00e8tes prises. Le classement est \u00e9tabli par l'association europ\u00e9enne Transport &amp; Environment T&amp;E.\u00a0<\/span><\/p>\n<p><span style=\"font-weight: 400;\">Concernant les entreprises suisses, le classement attribue la note A \u00e0 Swiss Re et Zurich Insurance. \"Elles prouvent une fois de plus que moins prendre l'avion ne se fait pas au d\u00e9triment de la r\u00e9ussite commerciale\", estime Yves Chatton, expert en transport a\u00e9rien \u00e0 l'ATE. \"Swiss Re et Zurich se sont fix\u00e9 un objectif clair il y a cinq ans et ont r\u00e9duit depuis leurs \u00e9missions li\u00e9es aux voyages d'affaires d'environ deux tiers. Elles misent donc principalement sur les budgets voyages et \u00e9missions.\"<\/span><\/p>\n<p>&nbsp;<\/p>\n<h4><b>Un important besoin de rattrapage<\/b><\/h4>\n<p><span style=\"font-weight: 400;\">Mais toutes les entreprises suisses sont loin de leur embo\u00eeter le pas : le cimentier Holcim n'a toujours pas d\u00e9fini d'objectifs pour limiter les trajets en avion. Glencore garde son opacit\u00e9, refusant m\u00eame de publier ses donn\u00e9es en la mati\u00e8re. Et ABB et Nestl\u00e9 ont quasiment retrouv\u00e9 leur niveau de 2019, alors que les entreprises mondiales ont r\u00e9duit leurs \u00e9missions d'un tiers en moyenne dans le m\u00eame laps de temps.<\/span><\/p>\n<p><span style=\"font-weight: 400;\">\"Disposer d'objectifs cr\u00e9dibles est essentiel, en particulier pour les multinationales, pour respecter les objectifs climatiques et agir de mani\u00e8re responsable en tant qu'entreprise\", conclut Yves Chatton. Le classement TravelSmart le montre clairement : les entreprises qui se fixent des objectifs concrets r\u00e9duisent nettement plus leurs \u00e9missions. Les entreprises suisses pourraient avoir un r\u00f4le d'exemple. \"Certaines jouent d\u00e9j\u00e0 ce r\u00f4le, d'autres doivent agir rapidement.<\/span><\/p>\n<p><span style=\"font-weight: 400;\">L'ATE et T&amp;E appellent les entreprises \u00e0 se fixer des objectifs clairs et ambitieux de r\u00e9duction des \u00e9missions dans le domaine des voyages d'affaires et \u00e0 les appliquer avec coh\u00e9rence. Selon les deux associations, voyager par le rail plut\u00f4t que par avion est particuli\u00e8rement efficace. La vid\u00e9oconf\u00e9rence constitue en outre une alternative judicieuse pour \u00e9viter enti\u00e8rement les longs trajets en avion.<\/span><\/p>\n<p>&nbsp;<\/p>\n<p><span style=\"font-weight: 400;\">Le classement TravelSmart de 326 entreprises internationales peut \u00eatre consult\u00e9 ici : <\/span><a href=\"http:\/\/travelsmartcampaign.org\/fr\/ranking\/\"><span style=\"font-weight: 400;\">www.travelsmartcampaign.org\/ranking. <\/span><\/a><span style=\"font-weight: 400;\">\u00a0<\/span><\/p>\n<p>&nbsp;<\/p>\n<h4><b>Les entreprises bas\u00e9es en Suisse au crible du TravelSmart-Ranking<\/b><\/h4>\n<p><span style=\"font-weight: 400;\">Note A :<\/span><\/p>\n<ul>\n<li style=\"font-weight: 400;\" aria-level=\"1\"><span style=\"font-weight: 400;\">Swiss Re<\/span><\/li>\n<li style=\"font-weight: 400;\" aria-level=\"1\"><span style=\"font-weight: 400;\">Groupe d&#039;assurances Zurich<\/span><\/li>\n<\/ul>\n<p>&nbsp;<\/p>\n<p><span style=\"font-weight: 400;\">Note B :<\/span><\/p>\n<ul>\n<li style=\"font-weight: 400;\" aria-level=\"1\"><span style=\"font-weight: 400;\">Groupe Adecco SA<\/span><\/li>\n<li style=\"font-weight: 400;\" aria-level=\"1\"><span style=\"font-weight: 400;\">Roche<\/span><\/li>\n<li style=\"font-weight: 400;\" aria-level=\"1\"><span style=\"font-weight: 400;\">SGS SA<\/span><\/li>\n<\/ul>\n<p>&nbsp;<\/p>\n<p><span style=\"font-weight: 400;\">Note C :<\/span><\/p>\n<ul>\n<li style=\"font-weight: 400;\" aria-level=\"1\"><span style=\"font-weight: 400;\">ABB<\/span><\/li>\n<li style=\"font-weight: 400;\" aria-level=\"1\"><span style=\"font-weight: 400;\">Holcim<\/span><\/li>\n<li style=\"font-weight: 400;\" aria-level=\"1\"><span style=\"font-weight: 400;\">Lonza<\/span><\/li>\n<li style=\"font-weight: 400;\" aria-level=\"1\"><span style=\"font-weight: 400;\">Nestl\u00e9<\/span><\/li>\n<li style=\"font-weight: 400;\" aria-level=\"1\"><span style=\"font-weight: 400;\">Novartis<\/span><\/li>\n<li style=\"font-weight: 400;\" aria-level=\"1\"><span style=\"font-weight: 400;\">Cosm\u00e9tiques Oriflame<\/span><\/li>\n<li style=\"font-weight: 400;\" aria-level=\"1\"><span style=\"font-weight: 400;\">Richemont<\/span><\/li>\n<li style=\"font-weight: 400;\" aria-level=\"1\"><span style=\"font-weight: 400;\">Sonova<\/span><\/li>\n<li style=\"font-weight: 400;\" aria-level=\"1\"><span style=\"font-weight: 400;\">Syngenta SA<\/span><\/li>\n<li style=\"font-weight: 400;\" aria-level=\"1\"><span style=\"font-weight: 400;\">UBS<\/span><\/li>\n<\/ul>\n<p>&nbsp;<\/p>\n<p><span style=\"font-weight: 400;\">Note D :<\/span><\/p>\n<ul>\n<li style=\"font-weight: 400;\" aria-level=\"1\"><span style=\"font-weight: 400;\">Glencore<\/span><\/li>\n<\/ul>","protected":false},"excerpt":{"rendered":"<p>Le nouveau classement TravelSmart le montre : en mati\u00e8re de voyages d'affaires, les entreprises du monde entier r\u00e9duisent leurs \u00e9missions. Si les groupes suisses Swiss Re et Zurich Insurance font partie des pr\u00e9curseurs, Nestl\u00e9, ABB et Holcim n'en font pas assez. L'ATE rappelle les groupes \u00e0 leur responsabilit\u00e9.<\/p>","protected":false},"featured_media":17213,"template":"","topic":[],"visibility":[],"post-country":[36],"language":[38],"category-post-type":[28],"class_list":["post-17225","library","type-library","status-publish","has-post-thumbnail","hentry","post-country-switzerland","language-french","category-post-type-press-release"],"yoast_head":"<!-- This site is optimized with the Yoast SEO plugin v27.5 - https:\/\/yoast.com\/product\/yoast-seo-wordpress\/ -->\n<title>Vols d\u2019affaires: un classement international couronne Swiss Re et Zurich - Travel Smart Campaign<\/title>\n<meta name=\"robots\" content=\"index, follow, max-snippet:-1, max-image-preview:large, max-video-preview:-1\" \/>\n<link rel=\"canonical\" href=\"https:\/\/travelsmartcampaign.org\/fr\/bibliotheque\/vols-daffaires-un-classement-international-couronne-swiss-re-et-zurich\/\" \/>\n<meta property=\"og:locale\" content=\"fr_FR\" \/>\n<meta property=\"og:type\" content=\"article\" \/>\n<meta property=\"og:title\" content=\"Vols d\u2019affaires: un classement international couronne Swiss Re et Zurich - Travel Smart Campaign\" \/>\n<meta property=\"og:description\" content=\"Le nouveau classement TravelSmart le montre: en mati\u00e8re de voyages d\u2019affaires, les entreprises du monde entier r\u00e9duisent leurs \u00e9missions. Si les groupes suisses Swiss Re et Zurich Insurance font partie des pr\u00e9curseurs, Nestl\u00e9, ABB et Holcim n\u2019en font pas assez. L\u2019ATE rappelle les groupes \u00e0 leur responsabilit\u00e9.\" \/>\n<meta property=\"og:url\" content=\"https:\/\/travelsmartcampaign.org\/fr\/bibliotheque\/vols-daffaires-un-classement-international-couronne-swiss-re-et-zurich\/\" \/>\n<meta property=\"og:site_name\" content=\"Travel Smart Campaign\" \/>\n<meta property=\"article:modified_time\" content=\"2025-04-01T08:34:34+00:00\" \/>\n<meta property=\"og:image\" content=\"https:\/\/travelsmartcampaign.org\/wp-content\/uploads\/2-8.png\" \/>\n\t<meta property=\"og:image:width\" content=\"1080\" \/>\n\t<meta property=\"og:image:height\" content=\"1080\" \/>\n\t<meta property=\"og:image:type\" content=\"image\/png\" \/>\n<meta name=\"twitter:card\" content=\"summary_large_image\" \/>\n<meta name=\"twitter:label1\" content=\"Dur\u00e9e de lecture estim\u00e9e\" \/>\n\t<meta name=\"twitter:data1\" content=\"2 minutes\" \/>\n<script type=\"application\/ld+json\" class=\"yoast-schema-graph\">{\"@context\":\"https:\\\/\\\/schema.org\",\"@graph\":[{\"@type\":\"WebPage\",\"@id\":\"https:\\\/\\\/travelsmartcampaign.org\\\/library\\\/vols-daffaires-un-classement-international-couronne-swiss-re-et-zurich\\\/\",\"url\":\"https:\\\/\\\/travelsmartcampaign.org\\\/library\\\/vols-daffaires-un-classement-international-couronne-swiss-re-et-zurich\\\/\",\"name\":\"Vols d\u2019affaires: un classement international couronne Swiss Re et Zurich - Travel Smart Campaign\",\"isPartOf\":{\"@id\":\"https:\\\/\\\/travelsmartcampaign.org\\\/#website\"},\"primaryImageOfPage\":{\"@id\":\"https:\\\/\\\/travelsmartcampaign.org\\\/library\\\/vols-daffaires-un-classement-international-couronne-swiss-re-et-zurich\\\/#primaryimage\"},\"image\":{\"@id\":\"https:\\\/\\\/travelsmartcampaign.org\\\/library\\\/vols-daffaires-un-classement-international-couronne-swiss-re-et-zurich\\\/#primaryimage\"},\"thumbnailUrl\":\"https:\\\/\\\/travelsmartcampaign.org\\\/wp-content\\\/uploads\\\/2-8.png\",\"datePublished\":\"2025-03-31T23:01:06+00:00\",\"dateModified\":\"2025-04-01T08:34:34+00:00\",\"breadcrumb\":{\"@id\":\"https:\\\/\\\/travelsmartcampaign.org\\\/library\\\/vols-daffaires-un-classement-international-couronne-swiss-re-et-zurich\\\/#breadcrumb\"},\"inLanguage\":\"fr-FR\",\"potentialAction\":[{\"@type\":\"ReadAction\",\"target\":[\"https:\\\/\\\/travelsmartcampaign.org\\\/library\\\/vols-daffaires-un-classement-international-couronne-swiss-re-et-zurich\\\/\"]}]},{\"@type\":\"ImageObject\",\"inLanguage\":\"fr-FR\",\"@id\":\"https:\\\/\\\/travelsmartcampaign.org\\\/library\\\/vols-daffaires-un-classement-international-couronne-swiss-re-et-zurich\\\/#primaryimage\",\"url\":\"https:\\\/\\\/travelsmartcampaign.org\\\/wp-content\\\/uploads\\\/2-8.png\",\"contentUrl\":\"https:\\\/\\\/travelsmartcampaign.org\\\/wp-content\\\/uploads\\\/2-8.png\",\"width\":1080,\"height\":1080},{\"@type\":\"BreadcrumbList\",\"@id\":\"https:\\\/\\\/travelsmartcampaign.org\\\/library\\\/vols-daffaires-un-classement-international-couronne-swiss-re-et-zurich\\\/#breadcrumb\",\"itemListElement\":[{\"@type\":\"ListItem\",\"position\":1,\"name\":\"Home\",\"item\":\"https:\\\/\\\/travelsmartcampaign.org\\\/\"},{\"@type\":\"ListItem\",\"position\":2,\"name\":\"Vols d\u2019affaires: un classement international couronne Swiss Re et Zurich\"}]},{\"@type\":\"WebSite\",\"@id\":\"https:\\\/\\\/travelsmartcampaign.org\\\/#website\",\"url\":\"https:\\\/\\\/travelsmartcampaign.org\\\/\",\"name\":\"Travel Smart\",\"description\":\"\",\"publisher\":{\"@id\":\"https:\\\/\\\/travelsmartcampaign.org\\\/#organization\"},\"potentialAction\":[{\"@type\":\"SearchAction\",\"target\":{\"@type\":\"EntryPoint\",\"urlTemplate\":\"https:\\\/\\\/travelsmartcampaign.org\\\/?s={search_term_string}\"},\"query-input\":{\"@type\":\"PropertyValueSpecification\",\"valueRequired\":true,\"valueName\":\"search_term_string\"}}],\"inLanguage\":\"fr-FR\"},{\"@type\":\"Organization\",\"@id\":\"https:\\\/\\\/travelsmartcampaign.org\\\/#organization\",\"name\":\"Travel Smart\",\"url\":\"https:\\\/\\\/travelsmartcampaign.org\\\/\",\"logo\":{\"@type\":\"ImageObject\",\"inLanguage\":\"fr-FR\",\"@id\":\"https:\\\/\\\/travelsmartcampaign.org\\\/#\\\/schema\\\/logo\\\/image\\\/\",\"url\":\"https:\\\/\\\/travelsmartcampaign.org\\\/wp-content\\\/uploads\\\/travel-smart-min.jpeg\",\"contentUrl\":\"https:\\\/\\\/travelsmartcampaign.org\\\/wp-content\\\/uploads\\\/travel-smart-min.jpeg\",\"width\":1200,\"height\":690,\"caption\":\"Travel Smart\"},\"image\":{\"@id\":\"https:\\\/\\\/travelsmartcampaign.org\\\/#\\\/schema\\\/logo\\\/image\\\/\"}}]}<\/script>\n<!-- \/ Yoast SEO plugin. -->","yoast_head_json":{"title":"Business flights: international ranking crowns Swiss Re and Zurich - Travel Smart Campaign","robots":{"index":"index","follow":"follow","max-snippet":"max-snippet:-1","max-image-preview":"max-image-preview:large","max-video-preview":"max-video-preview:-1"},"canonical":"https:\/\/travelsmartcampaign.org\/fr\/bibliotheque\/vols-daffaires-un-classement-international-couronne-swiss-re-et-zurich\/","og_locale":"fr_FR","og_type":"article","og_title":"Vols d\u2019affaires: un classement international couronne Swiss Re et Zurich - Travel Smart Campaign","og_description":"Le nouveau classement TravelSmart le montre: en mati\u00e8re de voyages d\u2019affaires, les entreprises du monde entier r\u00e9duisent leurs \u00e9missions. Si les groupes suisses Swiss Re et Zurich Insurance font partie des pr\u00e9curseurs, Nestl\u00e9, ABB et Holcim n\u2019en font pas assez. L\u2019ATE rappelle les groupes \u00e0 leur responsabilit\u00e9.","og_url":"https:\/\/travelsmartcampaign.org\/fr\/bibliotheque\/vols-daffaires-un-classement-international-couronne-swiss-re-et-zurich\/","og_site_name":"Travel Smart Campaign","article_modified_time":"2025-04-01T08:34:34+00:00","og_image":[{"width":1080,"height":1080,"url":"https:\/\/travelsmartcampaign.org\/wp-content\/uploads\/2-8.png","type":"image\/png"}],"twitter_card":"summary_large_image","twitter_misc":{"Dur\u00e9e de lecture estim\u00e9e":"2 minutes"},"schema":{"@context":"https:\/\/schema.org","@graph":[{"@type":"WebPage","@id":"https:\/\/travelsmartcampaign.org\/library\/vols-daffaires-un-classement-international-couronne-swiss-re-et-zurich\/","url":"https:\/\/travelsmartcampaign.org\/library\/vols-daffaires-un-classement-international-couronne-swiss-re-et-zurich\/","name":"Business flights: international ranking crowns Swiss Re and Zurich - Travel Smart Campaign","isPartOf":{"@id":"https:\/\/travelsmartcampaign.org\/#website"},"primaryImageOfPage":{"@id":"https:\/\/travelsmartcampaign.org\/library\/vols-daffaires-un-classement-international-couronne-swiss-re-et-zurich\/#primaryimage"},"image":{"@id":"https:\/\/travelsmartcampaign.org\/library\/vols-daffaires-un-classement-international-couronne-swiss-re-et-zurich\/#primaryimage"},"thumbnailUrl":"https:\/\/travelsmartcampaign.org\/wp-content\/uploads\/2-8.png","datePublished":"2025-03-31T23:01:06+00:00","dateModified":"2025-04-01T08:34:34+00:00","breadcrumb":{"@id":"https:\/\/travelsmartcampaign.org\/library\/vols-daffaires-un-classement-international-couronne-swiss-re-et-zurich\/#breadcrumb"},"inLanguage":"fr-FR","potentialAction":[{"@type":"ReadAction","target":["https:\/\/travelsmartcampaign.org\/library\/vols-daffaires-un-classement-international-couronne-swiss-re-et-zurich\/"]}]},{"@type":"ImageObject","inLanguage":"fr-FR","@id":"https:\/\/travelsmartcampaign.org\/library\/vols-daffaires-un-classement-international-couronne-swiss-re-et-zurich\/#primaryimage","url":"https:\/\/travelsmartcampaign.org\/wp-content\/uploads\/2-8.png","contentUrl":"https:\/\/travelsmartcampaign.org\/wp-content\/uploads\/2-8.png","width":1080,"height":1080},{"@type":"BreadcrumbList","@id":"https:\/\/travelsmartcampaign.org\/library\/vols-daffaires-un-classement-international-couronne-swiss-re-et-zurich\/#breadcrumb","itemListElement":[{"@type":"ListItem","position":1,"name":"Home","item":"https:\/\/travelsmartcampaign.org\/"},{"@type":"ListItem","position":2,"name":"Vols d\u2019affaires: un classement international couronne Swiss Re et Zurich"}]},{"@type":"WebSite","@id":"https:\/\/travelsmartcampaign.org\/#website","url":"https:\/\/travelsmartcampaign.org\/","name":"Classement","description":"","publisher":{"@id":"https:\/\/travelsmartcampaign.org\/#organization"},"potentialAction":[{"@type":"SearchAction","target":{"@type":"EntryPoint","urlTemplate":"https:\/\/travelsmartcampaign.org\/?s={search_term_string}"},"query-input":{"@type":"PropertyValueSpecification","valueRequired":true,"valueName":"search_term_string"}}],"inLanguage":"fr-FR"},{"@type":"Organization","@id":"https:\/\/travelsmartcampaign.org\/#organization","name":"Classement","url":"https:\/\/travelsmartcampaign.org\/","logo":{"@type":"ImageObject","inLanguage":"fr-FR","@id":"https:\/\/travelsmartcampaign.org\/#\/schema\/logo\/image\/","url":"https:\/\/travelsmartcampaign.org\/wp-content\/uploads\/travel-smart-min.jpeg","contentUrl":"https:\/\/travelsmartcampaign.org\/wp-content\/uploads\/travel-smart-min.jpeg","width":1200,"height":690,"caption":"Travel Smart"},"image":{"@id":"https:\/\/travelsmartcampaign.org\/#\/schema\/logo\/image\/"}}]}},"_links":{"self":[{"href":"https:\/\/travelsmartcampaign.org\/fr\/wp-json\/wp\/v2\/library\/17225","targetHints":{"allow":["GET"]}}],"collection":[{"href":"https:\/\/travelsmartcampaign.org\/fr\/wp-json\/wp\/v2\/library"}],"about":[{"href":"https:\/\/travelsmartcampaign.org\/fr\/wp-json\/wp\/v2\/types\/library"}],"version-history":[{"count":0,"href":"https:\/\/travelsmartcampaign.org\/fr\/wp-json\/wp\/v2\/library\/17225\/revisions"}],"wp:featuredmedia":[{"embeddable":true,"href":"https:\/\/travelsmartcampaign.org\/fr\/wp-json\/wp\/v2\/media\/17213"}],"wp:attachment":[{"href":"https:\/\/travelsmartcampaign.org\/fr\/wp-json\/wp\/v2\/media?parent=17225"}],"wp:term":[{"taxonomy":"topic","embeddable":true,"href":"https:\/\/travelsmartcampaign.org\/fr\/wp-json\/wp\/v2\/topic?post=17225"},{"taxonomy":"visibility","embeddable":true,"href":"https:\/\/travelsmartcampaign.org\/fr\/wp-json\/wp\/v2\/visibility?post=17225"},{"taxonomy":"post-country","embeddable":true,"href":"https:\/\/travelsmartcampaign.org\/fr\/wp-json\/wp\/v2\/post-country?post=17225"},{"taxonomy":"language","embeddable":true,"href":"https:\/\/travelsmartcampaign.org\/fr\/wp-json\/wp\/v2\/language?post=17225"},{"taxonomy":"category-post-type","embeddable":true,"href":"https:\/\/travelsmartcampaign.org\/fr\/wp-json\/wp\/v2\/category-post-type?post=17225"}],"curies":[{"name":"wp","href":"https:\/\/api.w.org\/{rel}","templated":true}]}}