{"id":17757,"date":"2025-05-13T00:01:25","date_gmt":"2025-05-12T23:01:25","guid":{"rendered":"http:\/\/travelsmartcampaign.org\/?post_type=library&#038;p=17757"},"modified":"2025-07-16T16:26:11","modified_gmt":"2025-07-16T15:26:11","slug":"voyages-daffaires-les-emissions-des-grands-groupes-francais-ont-diminue-de-18-par-rapport-a-2019","status":"publish","type":"library","link":"https:\/\/travelsmartcampaign.org\/fr\/library\/voyages-daffaires-les-emissions-des-grands-groupes-francais-ont-diminue-de-18-par-rapport-a-2019\/","title":{"rendered":"Voyages d'affaires : les \u00e9missions des grands groupes fran\u00e7ais ont diminu\u00e9 de 18% par rapport \u00e0 2019"},"content":{"rendered":"<p><span style=\"font-weight: 400;\">Une nouvelle analyse de T&amp;E sur les \u00e9missions des voyages d'affaires de 25 grandes entreprises fran\u00e7aises en 2024 r\u00e9v\u00e8le qu'en moyenne, elles ont r\u00e9duit leurs \u00e9missions de presque un cinqui\u00e8me (-18%) en 2024 par rapport \u00e0 2019.<\/span><\/p>\n<p><span style=\"font-weight: 400;\">Globalement, la tendance positive de r\u00e9duction des \u00e9missions li\u00e9es aux voyages d'affaires est confirm\u00e9e. Cependant, cette tendance cache de grandes disparit\u00e9s entre les entreprises : certaines r\u00e9duisent \u00e9norm\u00e9ment leurs \u00e9missions, alors que d'autres sont sur une tendance plus pr\u00e9occupante.<\/span><\/p>\n<p><span style=\"font-weight: 400;\">Les 25 entreprises fran\u00e7aises du <\/span><a href=\"http:\/\/travelsmartcampaign.org\/fr\/bibliotheque\/voyages-daffaires-les-emissions-des-grandes-entreprises-mondiales-ont-recule-dun-tiers-entre-2019-et-2023\/\"><span style=\"font-weight: 400;\">classement Travel Smart 2025<\/span><\/a><span style=\"font-weight: 400;\"> ont \u00e9t\u00e9 analys\u00e9es \u00e0 partir des donn\u00e9es 2024 provenant du document d'enregistrement universel. Gr\u00e2ce \u00e0 la directive <\/span><span style=\"font-weight: 400;\">sur la publication d'informations en mati\u00e8re de durabilit\u00e9<\/span><span style=\"font-weight: 400;\"> (<\/span><a href=\"https:\/\/travelsmartcampaign.org\/fr\/evolutions-politiques\/directive-sur-les-rapports-de-developpement-durable-des-entreprises-csrd\/\"><span style=\"font-weight: 400;\">CSRD<\/span><\/a><span style=\"font-weight: 400;\">), plusieurs entreprises d\u00e9clarent d\u00e9sormais leurs \u00e9missions de voyages d'affaires dans leur rapport annuel, ce qui permet de les \u00e9valuer.\u00a0<\/span><\/p>\n<p><span style=\"font-weight: 400;\">Sur 25 entreprises analys\u00e9es, 9 se sont fix\u00e9es des objectifs sp\u00e9cifiques de r\u00e9duction des \u00e9missions de leurs voyages d'affaires. 16 n'ont pas d'objectif ou seulement des objectifs de r\u00e9duction g\u00e9n\u00e9raux, qui englobent de nombreuses activit\u00e9s de l'entreprise sans distinction particuli\u00e8re. L'analyse globale de T&amp;E pour le classement Travel Smart 2025 montre que les entreprises avec des objectifs d\u00e9di\u00e9s aux voyages d'affaires r\u00e9duisent plus leurs \u00e9missions. Cela est confirm\u00e9 pour les entreprises fran\u00e7aises : les 9 ayant un objectif sp\u00e9cifique ont collectivement r\u00e9duit leurs \u00e9missions de 41% entre 2019 et 2024, tandis que les autres ont r\u00e9duit leurs \u00e9missions de seulement 9% en moyenne.<\/span><\/p>\n<p><span style=\"font-weight: 400;\">Deux tiers des entreprises analys\u00e9es maintiennent leurs niveaux de voyages plus bas qu'en 2019. Six d'entre elles, soit un quart, ont maintenu des r\u00e9ductions de 50 % ou plus. La soci\u00e9t\u00e9 de conseil Capgemini, qui a un objectif d\u00e9di\u00e9 de r\u00e9duction des \u00e9missions li\u00e9es aux voyages d'affaires, a r\u00e9duit celles-ci de 7% entre 2023 et 2024, et affiche d\u00e9sormais une r\u00e9duction de 51% par rapport \u00e0 2019, tout en ayant augment\u00e9 son nombre d'employ\u00e9s. Sopria Steria, Amundi, L'Or\u00e9al et Forvia ont aussi fait plus d'efforts, chacune mettant en place de nouvelles mesures : limitation des voyages a\u00e9riens en pr\u00e9f\u00e9rant les <\/span><a href=\"https:\/\/travelsmartcampaign.org\/fr\/le-rail-en-premier\/\"><span style=\"font-weight: 400;\">alternatives de train<\/span><\/a><span style=\"font-weight: 400;\">, utilisation d'outils digitaux pour les r\u00e9unions, ou obligation d'obtenir l'autorisation pr\u00e9alable d'un membre de l'encadrement sup\u00e9rieur pour les voyages \u00e0 l'\u00e9tranger.<\/span><\/p>\n<p><span style=\"font-weight: 400;\">En revanche, le g\u00e9ant pharmaceutique, Sanofi, qui n'a pas d\u00e9fini d'objectif sp\u00e9cifique, a vu ses \u00e9missions li\u00e9es aux voyages augmenter de 10% en 2024 par rapport \u00e0 2019. D'autres entreprises ont augment\u00e9 leurs \u00e9missions sur la m\u00eame p\u00e9riode : LVMH (+23%) et Vinci (+25%).\u00a0<\/span><\/p>\n<p><img loading=\"lazy\" decoding=\"async\" class=\"alignnone size-full wp-image-17769\" src=\"http:\/\/travelsmartcampaign.org\/wp-content\/uploads\/FR-Emission-tracker-in-FREN_2025.png\" alt=\"\" width=\"768\" height=\"1400\" srcset=\"https:\/\/travelsmartcampaign.org\/wp-content\/uploads\/FR-Emission-tracker-in-FREN_2025.png 768w, https:\/\/travelsmartcampaign.org\/wp-content\/uploads\/FR-Emission-tracker-in-FREN_2025-165x300.png 165w, https:\/\/travelsmartcampaign.org\/wp-content\/uploads\/FR-Emission-tracker-in-FREN_2025-562x1024.png 562w, https:\/\/travelsmartcampaign.org\/wp-content\/uploads\/FR-Emission-tracker-in-FREN_2025-7x12.png 7w\" sizes=\"auto, (max-width: 768px) 100vw, 768px\" \/><\/p>\n<p><span style=\"font-weight: 400;\">Le contraste entre les entreprises en t\u00eate et en queue de peloton au sein des secteurs est particuli\u00e8rement frappant. Pour le secteur de la finance, Cr\u00e9dit Agricole et Soci\u00e9t\u00e9 G\u00e9n\u00e9rale ont diminu\u00e9 leurs \u00e9missions respectivement de 33% et 59% ; contrairement \u00e0 BNP Paribas qui se rapproche des niveaux de 2019 avec une diminution de seulement 7%.\u00a0<\/span><\/p>\n<p><span style=\"font-weight: 400;\">Pour le secteur du luxe, Kering a diminu\u00e9 ses \u00e9missions de 44% ; contrairement \u00e0 LVMH qui les a augment\u00e9es de 23%.  Pour le secteur de l'automobile, Renault et Forvia ont diminu\u00e9 leurs \u00e9missions respectivement de 28% et 25% ; contrairement \u00e0 Valeo qui les a augment\u00e9es de 49%.<\/span><\/p>\n<p><span style=\"font-weight: 400;\">Le gouvernement fran\u00e7ais a pris des mesures encourageantes concernant les voyages d'affaires. Dans le cadre de son <\/span><a href=\"http:\/\/travelsmartcampaign.org\/wp-content\/uploads\/dp-plan-sobriete.pdf\"><span style=\"font-weight: 400;\">Plan de Sobri\u00e9t\u00e9 \u00c9nerg\u00e9tique<\/span><\/a><span style=\"font-weight: 400;\">, il a demand\u00e9 aux entreprises ainsi qu'\u00e0 ses services (<\/span><a href=\"http:\/\/travelsmartcampaign.org\/wp-content\/uploads\/22152_Plan-sobriete_DP-2023-if-2.pdf\"><span style=\"font-weight: 400;\">Acte 2<\/span><\/a><span style=\"font-weight: 400;\">) de privil\u00e9gier le train au lieu de l'avion pour les trajets pouvant \u00eatre effectu\u00e9s en moins de quatre heures.\u00a0<\/span><\/p>\n<p><span style=\"font-weight: 400;\">Le gouvernement reconna\u00eet l'\u00e9norme impact climatique des transports. C'est pour cela que la <\/span><a href=\"https:\/\/www.legifrance.gouv.fr\/download\/pdf\/circ?id=45511\"><span style=\"font-weight: 400;\">circulaire<\/span><\/a><span style=\"font-weight: 400;\"> ult\u00e9rieure relative \u00e0 l'engagement pour la transformation \u00e9cologique de l'\u00c9tat inclut un objectif de r\u00e9duction des voyages a\u00e9riens de 20% en 2024 par rapport \u00e0 2019, avec une ambition augment\u00e9e \u00e0 -30 % en 2027.\u00a0<\/span><\/p>\n<p><span style=\"font-weight: 400;\"><a href=\"http:\/\/travelsmartcampaign.org\/fr\/bibliotheque\/les-entreprises-doivent-se-fixer-des-objectifs-sur-lusage-de-lavion-pour-les-deplacements-de-leurs-salaries\/\">Dans une tribune publi\u00e9e dans Le Monde<\/a>, T&amp;E et plus d'une centaine d'\u00e9tudiants et de jeunes dipl\u00f4m\u00e9s, se pla\u00e7ant sous la banni\u00e8re du collectif Pour un r\u00e9veil \u00e9cologique, appelle les entreprises fran\u00e7aises \u00e0 faire de m\u00eame, en se fixant des objectifs de r\u00e9duction des \u00e9missions li\u00e9es aux voyages d'affaires \u00e0 50% des niveaux de 2019, entre 2025 et 2030.<\/span><\/p>\n<p><span style=\"font-weight: 400;\">Cet objectif a \u00e9t\u00e9 fix\u00e9 sur la base de la <\/span><a href=\"https:\/\/www.transportenvironment.org\/articles\/2050roadmap\"><span style=\"font-weight: 400;\">feuille de route<\/span><\/a><span style=\"font-weight: 400;\"> de T&amp;E, qui montre qu'une r\u00e9duction de 50 % de l'ensemble des \u00e9missions li\u00e9es aux voyages d'affaires est n\u00e9cessaire d'ici 2030, afin de maintenir l'aviation dans une trajectoire compatible avec une plan\u00e8te \u00e0 1,5\u00b0C.<\/span><\/p>\n<p><span style=\"font-weight: 400;\">En 2024, le secteur europ\u00e9en de l'aviation a presque enti\u00e8rement retrouv\u00e9 ses niveaux d'avant Covid, atteignant 96% du nombre de vols de 2019 et 98% des \u00e9missions CO2, selon <\/span><a href=\"https:\/\/www.transportenvironment.org\/te-france\/articles\/laviation-europeenne-emet-presque-autant-de-co2-quavant-le-covid\"><span style=\"font-weight: 400;\">l'analyse<\/span><\/a><span style=\"font-weight: 400;\"> de T&amp;E. Sans les r\u00e9ductions des vols d'affaires, l'augmentation europ\u00e9enne serait plus importante.<\/span><\/p>","protected":false},"excerpt":{"rendered":"<p>Parmi les entreprises fran\u00e7aises \u00e9valu\u00e9es, Capgemini tire son \u00e9pingle du jeu en r\u00e9duisant ses \u00e9missions entre 2023 et 2024. En revanche, Sanofi laisse filer ses \u00e9missions \u00e0 la hausse.<\/p>","protected":false},"featured_media":17863,"template":"","topic":[249],"visibility":[],"post-country":[31],"language":[38],"category-post-type":[242],"class_list":["post-17757","library","type-library","status-publish","has-post-thumbnail","hentry","topic-french-emission-tracker","post-country-france","language-french","category-post-type-analysis"],"yoast_head":"<!-- This site is optimized with the Yoast SEO plugin v27.5 - https:\/\/yoast.com\/product\/yoast-seo-wordpress\/ -->\n<title>Voyages d\u2019affaires : les \u00e9missions des grands groupes fran\u00e7ais ont diminu\u00e9 de 18% par rapport \u00e0 2019 - Travel Smart Campaign<\/title>\n<meta name=\"robots\" content=\"index, follow, max-snippet:-1, max-image-preview:large, max-video-preview:-1\" \/>\n<link rel=\"canonical\" href=\"https:\/\/travelsmartcampaign.org\/fr\/bibliotheque\/voyages-daffaires-les-emissions-des-grands-groupes-francais-ont-diminue-de-18-par-rapport-a-2019\/\" \/>\n<meta property=\"og:locale\" content=\"fr_FR\" \/>\n<meta property=\"og:type\" content=\"article\" \/>\n<meta property=\"og:title\" content=\"Voyages d\u2019affaires : les \u00e9missions des grands groupes fran\u00e7ais ont diminu\u00e9 de 18% par rapport \u00e0 2019 - Travel Smart Campaign\" \/>\n<meta property=\"og:description\" content=\"Parmi les entreprises fran\u00e7aises \u00e9valu\u00e9es, Capgemini tire son \u00e9pingle du jeu en r\u00e9duisant ses \u00e9missions entre 2023 et 2024. En revanche, Sanofi laisse filer ses \u00e9missions \u00e0 la hausse.\" \/>\n<meta property=\"og:url\" content=\"https:\/\/travelsmartcampaign.org\/fr\/bibliotheque\/voyages-daffaires-les-emissions-des-grands-groupes-francais-ont-diminue-de-18-par-rapport-a-2019\/\" \/>\n<meta property=\"og:site_name\" content=\"Travel Smart Campaign\" \/>\n<meta property=\"article:modified_time\" content=\"2025-07-16T15:26:11+00:00\" \/>\n<meta property=\"og:image\" content=\"https:\/\/travelsmartcampaign.org\/wp-content\/uploads\/aircraft-475409_1280.jpg\" \/>\n\t<meta property=\"og:image:width\" content=\"1280\" \/>\n\t<meta property=\"og:image:height\" content=\"854\" \/>\n\t<meta property=\"og:image:type\" content=\"image\/jpeg\" \/>\n<meta name=\"twitter:card\" content=\"summary_large_image\" \/>\n<meta name=\"twitter:label1\" content=\"Dur\u00e9e de lecture estim\u00e9e\" \/>\n\t<meta name=\"twitter:data1\" content=\"4 minutes\" \/>\n<script type=\"application\/ld+json\" class=\"yoast-schema-graph\">{\"@context\":\"https:\\\/\\\/schema.org\",\"@graph\":[{\"@type\":\"WebPage\",\"@id\":\"https:\\\/\\\/travelsmartcampaign.org\\\/de\\\/bibliothek\\\/voyages-daffaires-les-emissions-des-grands-groupes-francais-ont-diminue-de-18-par-rapport-a-2019\\\/\",\"url\":\"https:\\\/\\\/travelsmartcampaign.org\\\/de\\\/bibliothek\\\/voyages-daffaires-les-emissions-des-grands-groupes-francais-ont-diminue-de-18-par-rapport-a-2019\\\/\",\"name\":\"Voyages d\u2019affaires : les \u00e9missions des grands groupes fran\u00e7ais ont diminu\u00e9 de 18% par rapport \u00e0 2019 - Travel Smart Campaign\",\"isPartOf\":{\"@id\":\"https:\\\/\\\/travelsmartcampaign.org\\\/#website\"},\"primaryImageOfPage\":{\"@id\":\"https:\\\/\\\/travelsmartcampaign.org\\\/de\\\/bibliothek\\\/voyages-daffaires-les-emissions-des-grands-groupes-francais-ont-diminue-de-18-par-rapport-a-2019\\\/#primaryimage\"},\"image\":{\"@id\":\"https:\\\/\\\/travelsmartcampaign.org\\\/de\\\/bibliothek\\\/voyages-daffaires-les-emissions-des-grands-groupes-francais-ont-diminue-de-18-par-rapport-a-2019\\\/#primaryimage\"},\"thumbnailUrl\":\"https:\\\/\\\/travelsmartcampaign.org\\\/wp-content\\\/uploads\\\/aircraft-475409_1280.jpg\",\"datePublished\":\"2025-05-12T23:01:25+00:00\",\"dateModified\":\"2025-07-16T15:26:11+00:00\",\"breadcrumb\":{\"@id\":\"https:\\\/\\\/travelsmartcampaign.org\\\/de\\\/bibliothek\\\/voyages-daffaires-les-emissions-des-grands-groupes-francais-ont-diminue-de-18-par-rapport-a-2019\\\/#breadcrumb\"},\"inLanguage\":\"fr-FR\",\"potentialAction\":[{\"@type\":\"ReadAction\",\"target\":[\"https:\\\/\\\/travelsmartcampaign.org\\\/de\\\/bibliothek\\\/voyages-daffaires-les-emissions-des-grands-groupes-francais-ont-diminue-de-18-par-rapport-a-2019\\\/\"]}]},{\"@type\":\"ImageObject\",\"inLanguage\":\"fr-FR\",\"@id\":\"https:\\\/\\\/travelsmartcampaign.org\\\/de\\\/bibliothek\\\/voyages-daffaires-les-emissions-des-grands-groupes-francais-ont-diminue-de-18-par-rapport-a-2019\\\/#primaryimage\",\"url\":\"https:\\\/\\\/travelsmartcampaign.org\\\/wp-content\\\/uploads\\\/aircraft-475409_1280.jpg\",\"contentUrl\":\"https:\\\/\\\/travelsmartcampaign.org\\\/wp-content\\\/uploads\\\/aircraft-475409_1280.jpg\",\"width\":1280,\"height\":854},{\"@type\":\"BreadcrumbList\",\"@id\":\"https:\\\/\\\/travelsmartcampaign.org\\\/de\\\/bibliothek\\\/voyages-daffaires-les-emissions-des-grands-groupes-francais-ont-diminue-de-18-par-rapport-a-2019\\\/#breadcrumb\",\"itemListElement\":[{\"@type\":\"ListItem\",\"position\":1,\"name\":\"Home\",\"item\":\"https:\\\/\\\/travelsmartcampaign.org\\\/\"},{\"@type\":\"ListItem\",\"position\":2,\"name\":\"Voyages d\u2019affaires : les \u00e9missions des grands groupes fran\u00e7ais ont diminu\u00e9 de 18% par rapport \u00e0 2019\"}]},{\"@type\":\"WebSite\",\"@id\":\"https:\\\/\\\/travelsmartcampaign.org\\\/#website\",\"url\":\"https:\\\/\\\/travelsmartcampaign.org\\\/\",\"name\":\"Travel Smart\",\"description\":\"\",\"publisher\":{\"@id\":\"https:\\\/\\\/travelsmartcampaign.org\\\/#organization\"},\"potentialAction\":[{\"@type\":\"SearchAction\",\"target\":{\"@type\":\"EntryPoint\",\"urlTemplate\":\"https:\\\/\\\/travelsmartcampaign.org\\\/?s={search_term_string}\"},\"query-input\":{\"@type\":\"PropertyValueSpecification\",\"valueRequired\":true,\"valueName\":\"search_term_string\"}}],\"inLanguage\":\"fr-FR\"},{\"@type\":\"Organization\",\"@id\":\"https:\\\/\\\/travelsmartcampaign.org\\\/#organization\",\"name\":\"Travel Smart\",\"url\":\"https:\\\/\\\/travelsmartcampaign.org\\\/\",\"logo\":{\"@type\":\"ImageObject\",\"inLanguage\":\"fr-FR\",\"@id\":\"https:\\\/\\\/travelsmartcampaign.org\\\/#\\\/schema\\\/logo\\\/image\\\/\",\"url\":\"https:\\\/\\\/travelsmartcampaign.org\\\/wp-content\\\/uploads\\\/travel-smart-min.jpeg\",\"contentUrl\":\"https:\\\/\\\/travelsmartcampaign.org\\\/wp-content\\\/uploads\\\/travel-smart-min.jpeg\",\"width\":1200,\"height\":690,\"caption\":\"Travel Smart\"},\"image\":{\"@id\":\"https:\\\/\\\/travelsmartcampaign.org\\\/#\\\/schema\\\/logo\\\/image\\\/\"}}]}<\/script>\n<!-- \/ Yoast SEO plugin. -->","yoast_head_json":{"title":"Voyages d\u2019affaires : les \u00e9missions des grands groupes fran\u00e7ais ont diminu\u00e9 de 18% par rapport \u00e0 2019 - Travel Smart Campaign","robots":{"index":"index","follow":"follow","max-snippet":"max-snippet:-1","max-image-preview":"max-image-preview:large","max-video-preview":"max-video-preview:-1"},"canonical":"https:\/\/travelsmartcampaign.org\/fr\/bibliotheque\/voyages-daffaires-les-emissions-des-grands-groupes-francais-ont-diminue-de-18-par-rapport-a-2019\/","og_locale":"fr_FR","og_type":"article","og_title":"Voyages d\u2019affaires : les \u00e9missions des grands groupes fran\u00e7ais ont diminu\u00e9 de 18% par rapport \u00e0 2019 - Travel Smart Campaign","og_description":"Parmi les entreprises fran\u00e7aises \u00e9valu\u00e9es, Capgemini tire son \u00e9pingle du jeu en r\u00e9duisant ses \u00e9missions entre 2023 et 2024. En revanche, Sanofi laisse filer ses \u00e9missions \u00e0 la hausse.","og_url":"https:\/\/travelsmartcampaign.org\/fr\/bibliotheque\/voyages-daffaires-les-emissions-des-grands-groupes-francais-ont-diminue-de-18-par-rapport-a-2019\/","og_site_name":"Travel Smart Campaign","article_modified_time":"2025-07-16T15:26:11+00:00","og_image":[{"width":1280,"height":854,"url":"https:\/\/travelsmartcampaign.org\/wp-content\/uploads\/aircraft-475409_1280.jpg","type":"image\/jpeg"}],"twitter_card":"summary_large_image","twitter_misc":{"Dur\u00e9e de lecture estim\u00e9e":"4 minutes"},"schema":{"@context":"https:\/\/schema.org","@graph":[{"@type":"WebPage","@id":"https:\/\/travelsmartcampaign.org\/de\/bibliothek\/voyages-daffaires-les-emissions-des-grands-groupes-francais-ont-diminue-de-18-par-rapport-a-2019\/","url":"https:\/\/travelsmartcampaign.org\/de\/bibliothek\/voyages-daffaires-les-emissions-des-grands-groupes-francais-ont-diminue-de-18-par-rapport-a-2019\/","name":"Voyages d\u2019affaires : les \u00e9missions des grands groupes fran\u00e7ais ont diminu\u00e9 de 18% par rapport \u00e0 2019 - Travel Smart Campaign","isPartOf":{"@id":"https:\/\/travelsmartcampaign.org\/#website"},"primaryImageOfPage":{"@id":"https:\/\/travelsmartcampaign.org\/de\/bibliothek\/voyages-daffaires-les-emissions-des-grands-groupes-francais-ont-diminue-de-18-par-rapport-a-2019\/#primaryimage"},"image":{"@id":"https:\/\/travelsmartcampaign.org\/de\/bibliothek\/voyages-daffaires-les-emissions-des-grands-groupes-francais-ont-diminue-de-18-par-rapport-a-2019\/#primaryimage"},"thumbnailUrl":"https:\/\/travelsmartcampaign.org\/wp-content\/uploads\/aircraft-475409_1280.jpg","datePublished":"2025-05-12T23:01:25+00:00","dateModified":"2025-07-16T15:26:11+00:00","breadcrumb":{"@id":"https:\/\/travelsmartcampaign.org\/de\/bibliothek\/voyages-daffaires-les-emissions-des-grands-groupes-francais-ont-diminue-de-18-par-rapport-a-2019\/#breadcrumb"},"inLanguage":"fr-FR","potentialAction":[{"@type":"ReadAction","target":["https:\/\/travelsmartcampaign.org\/de\/bibliothek\/voyages-daffaires-les-emissions-des-grands-groupes-francais-ont-diminue-de-18-par-rapport-a-2019\/"]}]},{"@type":"ImageObject","inLanguage":"fr-FR","@id":"https:\/\/travelsmartcampaign.org\/de\/bibliothek\/voyages-daffaires-les-emissions-des-grands-groupes-francais-ont-diminue-de-18-par-rapport-a-2019\/#primaryimage","url":"https:\/\/travelsmartcampaign.org\/wp-content\/uploads\/aircraft-475409_1280.jpg","contentUrl":"https:\/\/travelsmartcampaign.org\/wp-content\/uploads\/aircraft-475409_1280.jpg","width":1280,"height":854},{"@type":"BreadcrumbList","@id":"https:\/\/travelsmartcampaign.org\/de\/bibliothek\/voyages-daffaires-les-emissions-des-grands-groupes-francais-ont-diminue-de-18-par-rapport-a-2019\/#breadcrumb","itemListElement":[{"@type":"ListItem","position":1,"name":"Home","item":"https:\/\/travelsmartcampaign.org\/"},{"@type":"ListItem","position":2,"name":"Voyages d\u2019affaires : les \u00e9missions des grands groupes fran\u00e7ais ont diminu\u00e9 de 18% par rapport \u00e0 2019"}]},{"@type":"WebSite","@id":"https:\/\/travelsmartcampaign.org\/#website","url":"https:\/\/travelsmartcampaign.org\/","name":"Classement","description":"","publisher":{"@id":"https:\/\/travelsmartcampaign.org\/#organization"},"potentialAction":[{"@type":"SearchAction","target":{"@type":"EntryPoint","urlTemplate":"https:\/\/travelsmartcampaign.org\/?s={search_term_string}"},"query-input":{"@type":"PropertyValueSpecification","valueRequired":true,"valueName":"search_term_string"}}],"inLanguage":"fr-FR"},{"@type":"Organization","@id":"https:\/\/travelsmartcampaign.org\/#organization","name":"Classement","url":"https:\/\/travelsmartcampaign.org\/","logo":{"@type":"ImageObject","inLanguage":"fr-FR","@id":"https:\/\/travelsmartcampaign.org\/#\/schema\/logo\/image\/","url":"https:\/\/travelsmartcampaign.org\/wp-content\/uploads\/travel-smart-min.jpeg","contentUrl":"https:\/\/travelsmartcampaign.org\/wp-content\/uploads\/travel-smart-min.jpeg","width":1200,"height":690,"caption":"Travel Smart"},"image":{"@id":"https:\/\/travelsmartcampaign.org\/#\/schema\/logo\/image\/"}}]}},"_links":{"self":[{"href":"https:\/\/travelsmartcampaign.org\/fr\/wp-json\/wp\/v2\/library\/17757","targetHints":{"allow":["GET"]}}],"collection":[{"href":"https:\/\/travelsmartcampaign.org\/fr\/wp-json\/wp\/v2\/library"}],"about":[{"href":"https:\/\/travelsmartcampaign.org\/fr\/wp-json\/wp\/v2\/types\/library"}],"version-history":[{"count":0,"href":"https:\/\/travelsmartcampaign.org\/fr\/wp-json\/wp\/v2\/library\/17757\/revisions"}],"wp:featuredmedia":[{"embeddable":true,"href":"https:\/\/travelsmartcampaign.org\/fr\/wp-json\/wp\/v2\/media\/17863"}],"wp:attachment":[{"href":"https:\/\/travelsmartcampaign.org\/fr\/wp-json\/wp\/v2\/media?parent=17757"}],"wp:term":[{"taxonomy":"topic","embeddable":true,"href":"https:\/\/travelsmartcampaign.org\/fr\/wp-json\/wp\/v2\/topic?post=17757"},{"taxonomy":"visibility","embeddable":true,"href":"https:\/\/travelsmartcampaign.org\/fr\/wp-json\/wp\/v2\/visibility?post=17757"},{"taxonomy":"post-country","embeddable":true,"href":"https:\/\/travelsmartcampaign.org\/fr\/wp-json\/wp\/v2\/post-country?post=17757"},{"taxonomy":"language","embeddable":true,"href":"https:\/\/travelsmartcampaign.org\/fr\/wp-json\/wp\/v2\/language?post=17757"},{"taxonomy":"category-post-type","embeddable":true,"href":"https:\/\/travelsmartcampaign.org\/fr\/wp-json\/wp\/v2\/category-post-type?post=17757"}],"curies":[{"name":"wp","href":"https:\/\/api.w.org\/{rel}","templated":true}]}}