{"id":20266,"date":"2026-01-27T00:01:03","date_gmt":"2026-01-26T23:01:03","guid":{"rendered":"https:\/\/travelsmartcampaign.org\/?post_type=library&#038;p=20266"},"modified":"2026-03-31T09:29:47","modified_gmt":"2026-03-31T08:29:47","slug":"davos-2026-will-the-world-economic-forum-ever-stop-the-private-jet-surge","status":"publish","type":"library","link":"https:\/\/travelsmartcampaign.org\/fr\/library\/davos-2026-will-the-world-economic-forum-ever-stop-the-private-jet-surge\/","title":{"rendered":"Davos 2026 : le Forum \u00e9conomique mondial mettra-t-il un terme \u00e0 l'essor des jets priv\u00e9s ?"},"content":{"rendered":"<p><a href=\"https:\/\/www.weforum.org\/sustainability\/meetings\/#Annual-meeting\">Le transport est la principale source d'\u00e9missions de carbone<\/a> Le WEF a donc offert une r\u00e9duction de 100% aux participants qui prennent le train depuis l'Europe afin d'encourager les voyages \u00e0 faible \u00e9mission. Il s'agit l\u00e0 d'une mesure appr\u00e9ciable, mais qui n'a pas encore fait bouger les choses.<\/p>\n<p><span style=\"font-weight: 400;\">L'utilisation de jets priv\u00e9s reste tr\u00e8s r\u00e9pandue dans les entreprises. Au cours des deux premiers jours de Davos 2026, plus d'un million de personnes se sont d\u00e9plac\u00e9es en jet priv\u00e9. <\/span><a href=\"https:\/\/www.businessinsider.com\/map-davos-private-jets-rich-powerful-across-the-globe-2026-1?utm_source=chatgpt.com\"><span style=\"font-weight: 400;\">150 jets priv\u00e9s<\/span><\/a><span style=\"font-weight: 400;\"> ont atterri dans les a\u00e9roports desservant la r\u00e9gion, repr\u00e9sentant de grandes entreprises telles que Salesforce, Google et BlackRock, entre autres, en provenance du monde entier. Toutefois, plusieurs entreprises multinationales, dont Nestl\u00e9 et UBS, ont \u00e9galement \u00e9t\u00e9 accueillies dans les a\u00e9roports de la r\u00e9gion, <\/span><a href=\"https:\/\/www.visahq.com\/news\/2026-01-18\/ch\/private-jet-traffic-soars-as-global-elite-converge-on-davos-for-wef-2026\/\"><span style=\"font-weight: 400;\">auraient<\/span><\/a><span style=\"font-weight: 400;\"> encourag\u00e9 les cadres sup\u00e9rieurs \u00e0 voyager sur des vols commerciaux plut\u00f4t qu'en jet priv\u00e9.<\/span><\/p>\n<p><span style=\"font-weight: 400;\">Lors de l'\u00e9dition 2025, 709 vols suppl\u00e9mentaires en jet priv\u00e9 ont \u00e9t\u00e9 recens\u00e9s, soit une augmentation de 10% par rapport \u00e0 2024 et un triplement par rapport \u00e0 2023, ce qui repr\u00e9sente environ <\/span><a href=\"https:\/\/www.greenpeace.org\/international\/press-release\/80642\/one-private-jet-flight-for-every-four-davos-participants-greenpeace-report\/\"><span style=\"font-weight: 400;\">un jet priv\u00e9 pour quatre participants<\/span><\/a><span style=\"font-weight: 400;\">. Cette croissance n'est pas due \u00e0 un plus grand nombre de participants, mais plut\u00f4t \u00e0 des arriv\u00e9es et des d\u00e9parts r\u00e9p\u00e9t\u00e9s, de nombreux jets faisant la navette entre les participants \u00e0 plusieurs reprises.<\/span><\/p>\n<p><span style=\"font-weight: 400;\">Les jets priv\u00e9s sont le mode de transport le plus intensif en carbone, \u00e9mettant dix fois plus de CO\u2082 par passager que les vols commerciaux et jusqu'\u00e0 50 fois plus que les trains. Ils sont principalement utilis\u00e9s par les 1% les plus riches, tels que les dirigeants politiques et les PDG des grandes entreprises mondiales, dont beaucoup ont \u00e9t\u00e9 identifi\u00e9s comme des <\/span><a href=\"https:\/\/travelsmartcampaign.org\/fr\/top-25-flyers\/\"><span style=\"font-weight: 400;\">poss\u00e9der ou affr\u00e9ter ces avions<\/span><\/a><span style=\"font-weight: 400;\">.<\/span><\/p>\n<p><span style=\"font-weight: 400;\">En d\u00e9cembre 2024, la campagne Travel Smart a touch\u00e9 une centaine d'entreprises des secteurs suivants <\/span><a href=\"https:\/\/travelsmartcampaign.org\/fr\/ranking\/\"><span style=\"font-weight: 400;\">le classement<\/span><\/a><span style=\"font-weight: 400;\">, La Commission a demand\u00e9 \u00e0 ses repr\u00e9sentants de s'engager \u00e0 \u00e9viter les avions priv\u00e9s et \u00e0 privil\u00e9gier des modes de transport plus durables, conform\u00e9ment aux lignes directrices du WEF. Deux entreprises ont r\u00e9pondu : le fabricant fran\u00e7ais Saint-Gobain, dont le PDG s'est engag\u00e9 \u00e0 voyager en train, et KPMG, qui a confirm\u00e9 que ses repr\u00e9sentants utiliseraient des vols commerciaux ou le rail plut\u00f4t que des jets priv\u00e9s.<\/span><\/p>\n<p><span style=\"font-weight: 400;\">Nous avons \u00e9galement soumis un <\/span><a href=\"https:\/\/travelsmartcampaign.org\/fr\/bibliotheque\/open-letter-davos-2025-corporate-leaders-should-show-the-way-towards-sustainable-travel\/\"><span style=\"font-weight: 400;\">lettre ouverte<\/span><\/a><span style=\"font-weight: 400;\"> au WEF, demandant instamment au Forum de veiller \u00e0 ce que les participants respectent les normes de durabilit\u00e9 du Forum annuel, qui donnent la priorit\u00e9 au rail par rapport aux autres modes de transport, et d'agir comme un garde-fou pour ses propres recommandations, en imposant le respect de ces normes.\u00a0<\/span><\/p>\n<p><span style=\"font-weight: 400;\">Les voyages durables ne sont pas seulement meilleurs pour le climat, ils sont aussi moins chers pour les utilisateurs de l'avion. Notre <\/span><a href=\"https:\/\/travelsmartcampaign.org\/fr\/bibliotheque\/jets-prives-a-davos-les-entreprises-feront-elles-ce-que-dit-le-fem-et-voyageront-elles-plutot-en-train\/\"><span style=\"font-weight: 400;\">analyse<\/span><\/a><span style=\"font-weight: 400;\"> a constat\u00e9 que l'affr\u00e8tement d'un jet priv\u00e9 de New York ou de Berlin \u00e0 Davos co\u00fbte respectivement plus de 130 000 et 13 000 euros. Des voyages comparables en classe affaires sur des vols commerciaux co\u00fbtent 10 \u00e0 15 fois moins cher.<\/span><\/p>\n<p><span style=\"font-weight: 400;\">Comme nous l'avons fait <\/span><a href=\"https:\/\/travelsmartcampaign.org\/fr\/bibliotheque\/jets-prives-a-davos-les-entreprises-feront-elles-ce-que-dit-le-fem-et-voyageront-elles-plutot-en-train\/\"><span style=\"font-weight: 400;\">l'ann\u00e9e derni\u00e8re<\/span><\/a><span style=\"font-weight: 400;\">, Nous continuons \u00e0 demander au Forum \u00e9conomique mondial de prendre des mesures plus \u00e9nergiques pour r\u00e9duire l'afflux de jets priv\u00e9s. Il devrait appliquer sa norme de durabilit\u00e9, qui consiste \u00e0 donner la priorit\u00e9 au rail sur les autres modes de transport, et assumer sa responsabilit\u00e9 de chien de garde, en veillant \u00e0 ce que l'\u00e9v\u00e9nement ne soit plus consid\u00e9r\u00e9 comme un lieu de pr\u00e9dilection pour les jets priv\u00e9s.\u00a0<\/span><\/p>\n<p><strong>Aiza Rodrigues Akhtar, charg\u00e9e de campagne aviation\u00a0<\/strong><\/p>","protected":false},"excerpt":{"rendered":"<p>Au fil des ans, la concentration de jets priv\u00e9s est devenue une caract\u00e9ristique de plus en plus importante de l'\u00e9v\u00e9nement. Les dirigeants politiques et financiers, ainsi que les chefs d'entreprise, se r\u00e9unissent \u00e0 Davos en pr\u00e9tendant fa\u00e7onner un avenir durable, mais ils continuent d'entrer et de sortir de Davos en jet priv\u00e9, ce qui est en contradiction avec les principes qu'ils promeuvent.<\/p>","protected":false},"featured_media":16467,"template":"","topic":[96,237,236],"visibility":[],"post-country":[26],"language":[27],"category-post-type":[43],"class_list":["post-20266","library","type-library","status-publish","has-post-thumbnail","hentry","topic-business-travel","topic-private-jets","topic-world-economic-forum","post-country-global","language-english","category-post-type-opinion"],"yoast_head":"<!-- This site is optimized with the Yoast SEO plugin v27.5 - https:\/\/yoast.com\/product\/yoast-seo-wordpress\/ -->\n<title>Davos 2026: Will the World Economic Forum Ever Stop the Private Jet Surge? - Travel Smart Campaign<\/title>\n<meta name=\"robots\" content=\"index, follow, max-snippet:-1, max-image-preview:large, max-video-preview:-1\" \/>\n<link rel=\"canonical\" href=\"https:\/\/travelsmartcampaign.org\/fr\/bibliotheque\/davos-2026-will-the-world-economic-forum-ever-stop-the-private-jet-surge\/\" \/>\n<meta property=\"og:locale\" content=\"fr_FR\" \/>\n<meta property=\"og:type\" content=\"article\" \/>\n<meta property=\"og:title\" content=\"Davos 2026: Will the World Economic Forum Ever Stop the Private Jet Surge? - Travel Smart Campaign\" \/>\n<meta property=\"og:description\" content=\"Over the years, the concentration of private jets has increasingly become a prominent feature of the event. Political and financial leaders, and business executives gather in Davos claiming to shape a sustainable future, yet they still fly in and out of Davos by private jet which contradicts the principles they promote.\" \/>\n<meta property=\"og:url\" content=\"https:\/\/travelsmartcampaign.org\/fr\/bibliotheque\/davos-2026-will-the-world-economic-forum-ever-stop-the-private-jet-surge\/\" \/>\n<meta property=\"og:site_name\" content=\"Travel Smart Campaign\" \/>\n<meta property=\"article:modified_time\" content=\"2026-03-31T08:29:47+00:00\" \/>\n<meta property=\"og:image\" content=\"https:\/\/travelsmartcampaign.org\/wp-content\/uploads\/davos-2042711_1280.jpg\" \/>\n\t<meta property=\"og:image:width\" content=\"1280\" \/>\n\t<meta property=\"og:image:height\" content=\"857\" \/>\n\t<meta property=\"og:image:type\" content=\"image\/jpeg\" \/>\n<meta name=\"twitter:card\" content=\"summary_large_image\" \/>\n<meta name=\"twitter:label1\" content=\"Dur\u00e9e de lecture estim\u00e9e\" \/>\n\t<meta name=\"twitter:data1\" content=\"3 minutes\" \/>\n<script type=\"application\/ld+json\" class=\"yoast-schema-graph\">{\"@context\":\"https:\\\/\\\/schema.org\",\"@graph\":[{\"@type\":\"WebPage\",\"@id\":\"https:\\\/\\\/travelsmartcampaign.org\\\/library\\\/davos-2026-will-the-world-economic-forum-ever-stop-the-private-jet-surge\\\/\",\"url\":\"https:\\\/\\\/travelsmartcampaign.org\\\/library\\\/davos-2026-will-the-world-economic-forum-ever-stop-the-private-jet-surge\\\/\",\"name\":\"Davos 2026: Will the World Economic Forum Ever Stop the Private Jet Surge? - Travel Smart Campaign\",\"isPartOf\":{\"@id\":\"https:\\\/\\\/travelsmartcampaign.org\\\/#website\"},\"primaryImageOfPage\":{\"@id\":\"https:\\\/\\\/travelsmartcampaign.org\\\/library\\\/davos-2026-will-the-world-economic-forum-ever-stop-the-private-jet-surge\\\/#primaryimage\"},\"image\":{\"@id\":\"https:\\\/\\\/travelsmartcampaign.org\\\/library\\\/davos-2026-will-the-world-economic-forum-ever-stop-the-private-jet-surge\\\/#primaryimage\"},\"thumbnailUrl\":\"https:\\\/\\\/travelsmartcampaign.org\\\/wp-content\\\/uploads\\\/davos-2042711_1280.jpg\",\"datePublished\":\"2026-01-26T23:01:03+00:00\",\"dateModified\":\"2026-03-31T08:29:47+00:00\",\"breadcrumb\":{\"@id\":\"https:\\\/\\\/travelsmartcampaign.org\\\/library\\\/davos-2026-will-the-world-economic-forum-ever-stop-the-private-jet-surge\\\/#breadcrumb\"},\"inLanguage\":\"fr-FR\",\"potentialAction\":[{\"@type\":\"ReadAction\",\"target\":[\"https:\\\/\\\/travelsmartcampaign.org\\\/library\\\/davos-2026-will-the-world-economic-forum-ever-stop-the-private-jet-surge\\\/\"]}]},{\"@type\":\"ImageObject\",\"inLanguage\":\"fr-FR\",\"@id\":\"https:\\\/\\\/travelsmartcampaign.org\\\/library\\\/davos-2026-will-the-world-economic-forum-ever-stop-the-private-jet-surge\\\/#primaryimage\",\"url\":\"https:\\\/\\\/travelsmartcampaign.org\\\/wp-content\\\/uploads\\\/davos-2042711_1280.jpg\",\"contentUrl\":\"https:\\\/\\\/travelsmartcampaign.org\\\/wp-content\\\/uploads\\\/davos-2042711_1280.jpg\",\"width\":1280,\"height\":857},{\"@type\":\"BreadcrumbList\",\"@id\":\"https:\\\/\\\/travelsmartcampaign.org\\\/library\\\/davos-2026-will-the-world-economic-forum-ever-stop-the-private-jet-surge\\\/#breadcrumb\",\"itemListElement\":[{\"@type\":\"ListItem\",\"position\":1,\"name\":\"Home\",\"item\":\"https:\\\/\\\/travelsmartcampaign.org\\\/\"},{\"@type\":\"ListItem\",\"position\":2,\"name\":\"Davos 2026: Will the World Economic Forum Ever Stop the Private Jet Surge?\"}]},{\"@type\":\"WebSite\",\"@id\":\"https:\\\/\\\/travelsmartcampaign.org\\\/#website\",\"url\":\"https:\\\/\\\/travelsmartcampaign.org\\\/\",\"name\":\"Travel Smart\",\"description\":\"\",\"publisher\":{\"@id\":\"https:\\\/\\\/travelsmartcampaign.org\\\/#organization\"},\"potentialAction\":[{\"@type\":\"SearchAction\",\"target\":{\"@type\":\"EntryPoint\",\"urlTemplate\":\"https:\\\/\\\/travelsmartcampaign.org\\\/?s={search_term_string}\"},\"query-input\":{\"@type\":\"PropertyValueSpecification\",\"valueRequired\":true,\"valueName\":\"search_term_string\"}}],\"inLanguage\":\"fr-FR\"},{\"@type\":\"Organization\",\"@id\":\"https:\\\/\\\/travelsmartcampaign.org\\\/#organization\",\"name\":\"Travel Smart\",\"url\":\"https:\\\/\\\/travelsmartcampaign.org\\\/\",\"logo\":{\"@type\":\"ImageObject\",\"inLanguage\":\"fr-FR\",\"@id\":\"https:\\\/\\\/travelsmartcampaign.org\\\/#\\\/schema\\\/logo\\\/image\\\/\",\"url\":\"https:\\\/\\\/travelsmartcampaign.org\\\/wp-content\\\/uploads\\\/travel-smart-min.jpeg\",\"contentUrl\":\"https:\\\/\\\/travelsmartcampaign.org\\\/wp-content\\\/uploads\\\/travel-smart-min.jpeg\",\"width\":1200,\"height\":690,\"caption\":\"Travel Smart\"},\"image\":{\"@id\":\"https:\\\/\\\/travelsmartcampaign.org\\\/#\\\/schema\\\/logo\\\/image\\\/\"}}]}<\/script>\n<!-- \/ Yoast SEO plugin. -->","yoast_head_json":{"title":"Davos 2026 : le Forum \u00e9conomique mondial parviendra-t-il \u00e0 mettre un terme \u00e0 la d\u00e9ferlante des jets priv\u00e9s ? - Campagne Travel Smart","robots":{"index":"index","follow":"follow","max-snippet":"max-snippet:-1","max-image-preview":"max-image-preview:large","max-video-preview":"max-video-preview:-1"},"canonical":"https:\/\/travelsmartcampaign.org\/fr\/bibliotheque\/davos-2026-will-the-world-economic-forum-ever-stop-the-private-jet-surge\/","og_locale":"fr_FR","og_type":"article","og_title":"Davos 2026: Will the World Economic Forum Ever Stop the Private Jet Surge? - Travel Smart Campaign","og_description":"Over the years, the concentration of private jets has increasingly become a prominent feature of the event. Political and financial leaders, and business executives gather in Davos claiming to shape a sustainable future, yet they still fly in and out of Davos by private jet which contradicts the principles they promote.","og_url":"https:\/\/travelsmartcampaign.org\/fr\/bibliotheque\/davos-2026-will-the-world-economic-forum-ever-stop-the-private-jet-surge\/","og_site_name":"Travel Smart Campaign","article_modified_time":"2026-03-31T08:29:47+00:00","og_image":[{"width":1280,"height":857,"url":"https:\/\/travelsmartcampaign.org\/wp-content\/uploads\/davos-2042711_1280.jpg","type":"image\/jpeg"}],"twitter_card":"summary_large_image","twitter_misc":{"Dur\u00e9e de lecture estim\u00e9e":"3 minutes"},"schema":{"@context":"https:\/\/schema.org","@graph":[{"@type":"WebPage","@id":"https:\/\/travelsmartcampaign.org\/library\/davos-2026-will-the-world-economic-forum-ever-stop-the-private-jet-surge\/","url":"https:\/\/travelsmartcampaign.org\/library\/davos-2026-will-the-world-economic-forum-ever-stop-the-private-jet-surge\/","name":"Davos 2026 : le Forum \u00e9conomique mondial parviendra-t-il \u00e0 mettre un terme \u00e0 la d\u00e9ferlante des jets priv\u00e9s ? - Campagne Travel Smart","isPartOf":{"@id":"https:\/\/travelsmartcampaign.org\/#website"},"primaryImageOfPage":{"@id":"https:\/\/travelsmartcampaign.org\/library\/davos-2026-will-the-world-economic-forum-ever-stop-the-private-jet-surge\/#primaryimage"},"image":{"@id":"https:\/\/travelsmartcampaign.org\/library\/davos-2026-will-the-world-economic-forum-ever-stop-the-private-jet-surge\/#primaryimage"},"thumbnailUrl":"https:\/\/travelsmartcampaign.org\/wp-content\/uploads\/davos-2042711_1280.jpg","datePublished":"2026-01-26T23:01:03+00:00","dateModified":"2026-03-31T08:29:47+00:00","breadcrumb":{"@id":"https:\/\/travelsmartcampaign.org\/library\/davos-2026-will-the-world-economic-forum-ever-stop-the-private-jet-surge\/#breadcrumb"},"inLanguage":"fr-FR","potentialAction":[{"@type":"ReadAction","target":["https:\/\/travelsmartcampaign.org\/library\/davos-2026-will-the-world-economic-forum-ever-stop-the-private-jet-surge\/"]}]},{"@type":"ImageObject","inLanguage":"fr-FR","@id":"https:\/\/travelsmartcampaign.org\/library\/davos-2026-will-the-world-economic-forum-ever-stop-the-private-jet-surge\/#primaryimage","url":"https:\/\/travelsmartcampaign.org\/wp-content\/uploads\/davos-2042711_1280.jpg","contentUrl":"https:\/\/travelsmartcampaign.org\/wp-content\/uploads\/davos-2042711_1280.jpg","width":1280,"height":857},{"@type":"BreadcrumbList","@id":"https:\/\/travelsmartcampaign.org\/library\/davos-2026-will-the-world-economic-forum-ever-stop-the-private-jet-surge\/#breadcrumb","itemListElement":[{"@type":"ListItem","position":1,"name":"Home","item":"https:\/\/travelsmartcampaign.org\/"},{"@type":"ListItem","position":2,"name":"Davos 2026: Will the World Economic Forum Ever Stop the Private Jet Surge?"}]},{"@type":"WebSite","@id":"https:\/\/travelsmartcampaign.org\/#website","url":"https:\/\/travelsmartcampaign.org\/","name":"Classement","description":"","publisher":{"@id":"https:\/\/travelsmartcampaign.org\/#organization"},"potentialAction":[{"@type":"SearchAction","target":{"@type":"EntryPoint","urlTemplate":"https:\/\/travelsmartcampaign.org\/?s={search_term_string}"},"query-input":{"@type":"PropertyValueSpecification","valueRequired":true,"valueName":"search_term_string"}}],"inLanguage":"fr-FR"},{"@type":"Organization","@id":"https:\/\/travelsmartcampaign.org\/#organization","name":"Classement","url":"https:\/\/travelsmartcampaign.org\/","logo":{"@type":"ImageObject","inLanguage":"fr-FR","@id":"https:\/\/travelsmartcampaign.org\/#\/schema\/logo\/image\/","url":"https:\/\/travelsmartcampaign.org\/wp-content\/uploads\/travel-smart-min.jpeg","contentUrl":"https:\/\/travelsmartcampaign.org\/wp-content\/uploads\/travel-smart-min.jpeg","width":1200,"height":690,"caption":"Travel Smart"},"image":{"@id":"https:\/\/travelsmartcampaign.org\/#\/schema\/logo\/image\/"}}]}},"_links":{"self":[{"href":"https:\/\/travelsmartcampaign.org\/fr\/wp-json\/wp\/v2\/library\/20266","targetHints":{"allow":["GET"]}}],"collection":[{"href":"https:\/\/travelsmartcampaign.org\/fr\/wp-json\/wp\/v2\/library"}],"about":[{"href":"https:\/\/travelsmartcampaign.org\/fr\/wp-json\/wp\/v2\/types\/library"}],"version-history":[{"count":4,"href":"https:\/\/travelsmartcampaign.org\/fr\/wp-json\/wp\/v2\/library\/20266\/revisions"}],"predecessor-version":[{"id":20270,"href":"https:\/\/travelsmartcampaign.org\/fr\/wp-json\/wp\/v2\/library\/20266\/revisions\/20270"}],"wp:featuredmedia":[{"embeddable":true,"href":"https:\/\/travelsmartcampaign.org\/fr\/wp-json\/wp\/v2\/media\/16467"}],"wp:attachment":[{"href":"https:\/\/travelsmartcampaign.org\/fr\/wp-json\/wp\/v2\/media?parent=20266"}],"wp:term":[{"taxonomy":"topic","embeddable":true,"href":"https:\/\/travelsmartcampaign.org\/fr\/wp-json\/wp\/v2\/topic?post=20266"},{"taxonomy":"visibility","embeddable":true,"href":"https:\/\/travelsmartcampaign.org\/fr\/wp-json\/wp\/v2\/visibility?post=20266"},{"taxonomy":"post-country","embeddable":true,"href":"https:\/\/travelsmartcampaign.org\/fr\/wp-json\/wp\/v2\/post-country?post=20266"},{"taxonomy":"language","embeddable":true,"href":"https:\/\/travelsmartcampaign.org\/fr\/wp-json\/wp\/v2\/language?post=20266"},{"taxonomy":"category-post-type","embeddable":true,"href":"https:\/\/travelsmartcampaign.org\/fr\/wp-json\/wp\/v2\/category-post-type?post=20266"}],"curies":[{"name":"wp","href":"https:\/\/api.w.org\/{rel}","templated":true}]}}