{"id":8942,"date":"2023-06-30T08:27:08","date_gmt":"2023-06-30T07:27:08","guid":{"rendered":"http:\/\/travelsmartcampaign.org\/?post_type=library&#038;p=8942"},"modified":"2023-07-04T13:58:15","modified_gmt":"2023-07-04T12:58:15","slug":"train-ou-avion-que-veulent-vraiment-les-employes","status":"publish","type":"library","link":"https:\/\/travelsmartcampaign.org\/fr\/library\/train-or-plane-what-do-employees-really-want\/","title":{"rendered":"Train ou avion \u2013 Que veulent vraiment les employ\u00e9s ?"},"content":{"rendered":"<p><span style=\"font-weight: 400;\">\u00ab Au lieu de me lever \u00e0 4 heures du matin pour prendre un vol \u00e0 7 h 30, mes coll\u00e8gues et moi sommes heureux de voyager en train pendant la nuit. On arrive frais et dispos \u00bb. \u00ab Je pr\u00e9f\u00e8re toujours le train \u00e0 l\u2019avion car j\u2019ai l\u2019impression d\u2019\u00eatre vraiment \u00e0 la campagne et de le vivre \u00bb. \u00ab J\u2019aimerais voyager en voiture ou en train n\u2019importe quel jour plut\u00f4t que de prendre l\u2019avion et d\u2019\u00e9mettre plus de carbone \u00bb.<\/span><\/p>\n<p><span style=\"font-weight: 400;\">Qui refuserait un nouveau d\u00e9part, des vues sur la campagne et des voyages \u00e0 faible \u00e9mission de carbone ? Votre auteur ne le ferait certainement pas.\u00a0<\/span><\/p>\n<p><span style=\"font-weight: 400;\">C&#039;est ce qu&#039;ont ressenti les employ\u00e9s interrog\u00e9s par deux artistes, Lola Perrin et Rob La Frenais, dans les trains \u00e0 travers l&#039;Europe. Lors d&#039;un voyage d&#039;\u00e9tude qui a d\u00e9but\u00e9 \u00e0 Londres, en passant par Bruxelles et en direction du Forum \u00e9conomique mondial de Davos, les voyageurs se sont montr\u00e9s enthousiastes \u00e0 l&#039;id\u00e9e de voyager en train \u00e0 des fins professionnelles.\u00a0<\/span><\/p>\n<p><span style=\"font-weight: 400;\">Pour voir si vous vous reconnaissez dans les exp\u00e9riences des employ\u00e9s enregistr\u00e9es, regardez la bande-annonce <\/span><a href=\"https:\/\/youtu.be\/9blNE0ri9Co\"><span style=\"font-weight: 400;\">vid\u00e9o<\/span><\/a><\/p>\n<p><span style=\"font-weight: 400;\">Mais les employ\u00e9s ont-ils toujours la possibilit\u00e9 de prendre le train plut\u00f4t que l&#039;avion pour se rendre \u00e0 une r\u00e9union ? Ce n&#039;est pas si simple. Les employ\u00e9s doivent tenir compte des co\u00fbts et du temps. Et surtout, ce n&#039;est pas toujours leur choix. Mais lorsqu&#039;on demande leur avis aux employ\u00e9s, le consensus semble clair.<\/span><\/p>\n<p><span style=\"font-weight: 400;\">Une majorit\u00e9 des salari\u00e9s interrog\u00e9s souhaitent que leur entreprise se fixe des objectifs pour r\u00e9duire les d\u00e9placements en avion<\/span><span style=\"font-weight: 400;\">Dans le m\u00eame temps, ils sont pr\u00eats \u00e0 prendre des mesures pour r\u00e9duire les impacts de leurs d\u00e9placements. <\/span><b>\u00a0<\/b><span style=\"font-weight: 400;\">Cela passe notamment par une r\u00e9duction du nombre de vols d&#039;affaires pour les r\u00e9unions internes, par une augmentation du nombre de r\u00e9unions locales plut\u00f4t que mondiales ou par l&#039;utilisation d&#039;un mode de transport plus respectueux de l&#039;environnement. Enfin, une forte majorit\u00e9 des voyageurs d&#039;affaires estiment qu&#039;ils ont eux-m\u00eames un r\u00f4le important \u00e0 jouer dans l&#039;\u00e9volution de la politique voyages de leur entreprise.<\/span><\/p>\n<p><span style=\"font-weight: 400;\">Qu\u2019est-ce que cela signifie ? Les employ\u00e9s sont pr\u00eats \u00e0 changer leurs habitudes pour r\u00e9duire l\u2019empreinte carbone de leurs d\u00e9placements. Dans le m\u00eame temps, ils attendent des \u00e9quipes de direction qu\u2019elles fixent des objectifs au niveau de l\u2019entreprise pour r\u00e9duire les d\u00e9placements en avion des employ\u00e9s.\u00a0<\/span><\/p>\n<p><span style=\"font-weight: 400;\">Y a-t-il donc un d\u00e9calage entre les attentes des employ\u00e9s et les pratiques actuelles ? <\/span><a href=\"http:\/\/travelsmartcampaign.org\/fr\/bibliotheque\/85-des-entreprises-mondiales-nont-pas-de-plans-credibles-pour-reduire-les-emissions-des-vols-dentreprise\/\"><span style=\"font-weight: 400;\">Le classement Travel Smart<\/span><\/a><span style=\"font-weight: 400;\"> L\u2019enqu\u00eate r\u00e9v\u00e8le que trop peu d\u2019entreprises se fixent des objectifs de r\u00e9duction des \u00e9missions li\u00e9es aux vols d\u2019affaires. Pourtant, les r\u00e9sultats de notre enqu\u00eate montrent que les employ\u00e9s attendent davantage de leurs dirigeants.\u00a0<\/span><\/p>\n<p><span style=\"font-weight: 400;\">L\u2019\u00e9quation para\u00eet simple \u00e0 r\u00e9soudre : en vous fixant un objectif de r\u00e9duction des \u00e9missions li\u00e9es \u00e0 vos d\u00e9placements professionnels, et en favorisant le recours au train pour les d\u00e9placements r\u00e9gionaux, vos collaborateurs vous remercieront sur le long terme, vous r\u00e9pondrez aux attentes de vos investisseurs tout en assumant votre part de responsabilit\u00e9 envers la plan\u00e8te.\u00a0<\/span><\/p>\n<p><span style=\"font-weight: 400;\">En tant qu\u2019employ\u00e9, vous pouvez prendre diff\u00e9rentes mesures pour favoriser le changement au sein de votre organisation. Pour chaque voyage que vous effectuez, \u00e9valuez la n\u00e9cessit\u00e9 et l\u2019int\u00e9r\u00eat de celui-ci. Pouvez-vous atteindre vos objectifs gr\u00e2ce \u00e0 une r\u00e9union virtuelle ou \u00e0 une autre alternative ? Vous pouvez \u00e9galement plaider en faveur d\u2019une politique de voyages durables au sein de votre entreprise, en encourageant les d\u00e9cideurs et vos coll\u00e8gues \u00e0 soutenir la r\u00e9duction des voyages en avion et \u00e0 opter pour des modes de transport plus \u00e9cologiques.\u00a0<\/span><\/p>\n<p>&nbsp;<\/p>","protected":false},"excerpt":{"rendered":"<p>Une enqu\u00eate men\u00e9e dans huit pays montre qu&#039;une majorit\u00e9 de salari\u00e9s sont pr\u00eats \u00e0 voyager davantage en train pour leur travail. Notre visite sur le terrain \u00e0 Davos le confirme. Mais les chefs d\u2019entreprise sont-ils \u00e0 l\u2019\u00e9coute ?<\/p>","protected":false},"featured_media":8943,"template":"","topic":[],"visibility":[],"post-country":[26],"language":[27],"category-post-type":[43],"class_list":["post-8942","library","type-library","status-publish","has-post-thumbnail","hentry","post-country-global","language-english","category-post-type-opinion"],"yoast_head":"<!-- This site is optimized with the Yoast SEO plugin v27.5 - https:\/\/yoast.com\/product\/yoast-seo-wordpress\/ -->\n<title>Train or plane - What do employees really want? - Travel Smart Campaign<\/title>\n<meta name=\"robots\" content=\"index, follow, max-snippet:-1, max-image-preview:large, max-video-preview:-1\" \/>\n<link rel=\"canonical\" href=\"https:\/\/travelsmartcampaign.org\/fr\/bibliotheque\/train-ou-avion-que-veulent-vraiment-les-employes\/\" \/>\n<meta property=\"og:locale\" content=\"fr_FR\" \/>\n<meta property=\"og:type\" content=\"article\" \/>\n<meta property=\"og:title\" content=\"Train or plane - What do employees really want? - Travel Smart Campaign\" \/>\n<meta property=\"og:description\" content=\"A survey conducted in eight countries shows that a majority of employees are willing to travel more by rail for work. Our field trip to Davos confirms this. But are business leaders listening?\" \/>\n<meta property=\"og:url\" content=\"https:\/\/travelsmartcampaign.org\/fr\/bibliotheque\/train-ou-avion-que-veulent-vraiment-les-employes\/\" \/>\n<meta property=\"og:site_name\" content=\"Travel Smart Campaign\" \/>\n<meta property=\"article:modified_time\" content=\"2023-07-04T12:58:15+00:00\" \/>\n<meta property=\"og:image\" content=\"https:\/\/travelsmartcampaign.org\/wp-content\/uploads\/AdobeStock_381933401-scaled.jpeg\" \/>\n\t<meta property=\"og:image:width\" content=\"2560\" \/>\n\t<meta property=\"og:image:height\" content=\"1621\" \/>\n\t<meta property=\"og:image:type\" content=\"image\/jpeg\" \/>\n<meta name=\"twitter:card\" content=\"summary_large_image\" \/>\n<meta name=\"twitter:label1\" content=\"Dur\u00e9e de lecture estim\u00e9e\" \/>\n\t<meta name=\"twitter:data1\" content=\"3 minutes\" \/>\n<script type=\"application\/ld+json\" class=\"yoast-schema-graph\">{\"@context\":\"https:\\\/\\\/schema.org\",\"@graph\":[{\"@type\":\"WebPage\",\"@id\":\"https:\\\/\\\/travelsmartcampaign.org\\\/nl\\\/bibliotheek\\\/trein-of-vliegtuig-wat-willen-medewerkers-nou-echt\\\/\",\"url\":\"https:\\\/\\\/travelsmartcampaign.org\\\/nl\\\/bibliotheek\\\/trein-of-vliegtuig-wat-willen-medewerkers-nou-echt\\\/\",\"name\":\"Train or plane - What do employees really want? - Travel Smart Campaign\",\"isPartOf\":{\"@id\":\"https:\\\/\\\/travelsmartcampaign.org\\\/#website\"},\"primaryImageOfPage\":{\"@id\":\"https:\\\/\\\/travelsmartcampaign.org\\\/nl\\\/bibliotheek\\\/trein-of-vliegtuig-wat-willen-medewerkers-nou-echt\\\/#primaryimage\"},\"image\":{\"@id\":\"https:\\\/\\\/travelsmartcampaign.org\\\/nl\\\/bibliotheek\\\/trein-of-vliegtuig-wat-willen-medewerkers-nou-echt\\\/#primaryimage\"},\"thumbnailUrl\":\"https:\\\/\\\/travelsmartcampaign.org\\\/wp-content\\\/uploads\\\/AdobeStock_381933401-scaled.jpeg\",\"datePublished\":\"2023-06-30T07:27:08+00:00\",\"dateModified\":\"2023-07-04T12:58:15+00:00\",\"breadcrumb\":{\"@id\":\"https:\\\/\\\/travelsmartcampaign.org\\\/nl\\\/bibliotheek\\\/trein-of-vliegtuig-wat-willen-medewerkers-nou-echt\\\/#breadcrumb\"},\"inLanguage\":\"fr-FR\",\"potentialAction\":[{\"@type\":\"ReadAction\",\"target\":[\"https:\\\/\\\/travelsmartcampaign.org\\\/nl\\\/bibliotheek\\\/trein-of-vliegtuig-wat-willen-medewerkers-nou-echt\\\/\"]}]},{\"@type\":\"ImageObject\",\"inLanguage\":\"fr-FR\",\"@id\":\"https:\\\/\\\/travelsmartcampaign.org\\\/nl\\\/bibliotheek\\\/trein-of-vliegtuig-wat-willen-medewerkers-nou-echt\\\/#primaryimage\",\"url\":\"https:\\\/\\\/travelsmartcampaign.org\\\/wp-content\\\/uploads\\\/AdobeStock_381933401-scaled.jpeg\",\"contentUrl\":\"https:\\\/\\\/travelsmartcampaign.org\\\/wp-content\\\/uploads\\\/AdobeStock_381933401-scaled.jpeg\",\"width\":2560,\"height\":1621,\"caption\":\"Side view of positive ethnic female in casual outfit with smartphone working on laptop and smiling while resting on comfortable armchair near window of train\"},{\"@type\":\"BreadcrumbList\",\"@id\":\"https:\\\/\\\/travelsmartcampaign.org\\\/nl\\\/bibliotheek\\\/trein-of-vliegtuig-wat-willen-medewerkers-nou-echt\\\/#breadcrumb\",\"itemListElement\":[{\"@type\":\"ListItem\",\"position\":1,\"name\":\"Home\",\"item\":\"https:\\\/\\\/travelsmartcampaign.org\\\/\"},{\"@type\":\"ListItem\",\"position\":2,\"name\":\"Train or plane &#8211; What do employees really want?\"}]},{\"@type\":\"WebSite\",\"@id\":\"https:\\\/\\\/travelsmartcampaign.org\\\/#website\",\"url\":\"https:\\\/\\\/travelsmartcampaign.org\\\/\",\"name\":\"Travel Smart\",\"description\":\"\",\"publisher\":{\"@id\":\"https:\\\/\\\/travelsmartcampaign.org\\\/#organization\"},\"potentialAction\":[{\"@type\":\"SearchAction\",\"target\":{\"@type\":\"EntryPoint\",\"urlTemplate\":\"https:\\\/\\\/travelsmartcampaign.org\\\/?s={search_term_string}\"},\"query-input\":{\"@type\":\"PropertyValueSpecification\",\"valueRequired\":true,\"valueName\":\"search_term_string\"}}],\"inLanguage\":\"fr-FR\"},{\"@type\":\"Organization\",\"@id\":\"https:\\\/\\\/travelsmartcampaign.org\\\/#organization\",\"name\":\"Travel Smart\",\"url\":\"https:\\\/\\\/travelsmartcampaign.org\\\/\",\"logo\":{\"@type\":\"ImageObject\",\"inLanguage\":\"fr-FR\",\"@id\":\"https:\\\/\\\/travelsmartcampaign.org\\\/#\\\/schema\\\/logo\\\/image\\\/\",\"url\":\"https:\\\/\\\/travelsmartcampaign.org\\\/wp-content\\\/uploads\\\/travel-smart-min.jpeg\",\"contentUrl\":\"https:\\\/\\\/travelsmartcampaign.org\\\/wp-content\\\/uploads\\\/travel-smart-min.jpeg\",\"width\":1200,\"height\":690,\"caption\":\"Travel Smart\"},\"image\":{\"@id\":\"https:\\\/\\\/travelsmartcampaign.org\\\/#\\\/schema\\\/logo\\\/image\\\/\"}}]}<\/script>\n<!-- \/ Yoast SEO plugin. -->","yoast_head_json":{"title":"Train ou avion - Que veulent vraiment les employ\u00e9s ? - Campagne Travel Smart","robots":{"index":"index","follow":"follow","max-snippet":"max-snippet:-1","max-image-preview":"max-image-preview:large","max-video-preview":"max-video-preview:-1"},"canonical":"https:\/\/travelsmartcampaign.org\/fr\/bibliotheque\/train-ou-avion-que-veulent-vraiment-les-employes\/","og_locale":"fr_FR","og_type":"article","og_title":"Train or plane - What do employees really want? - Travel Smart Campaign","og_description":"A survey conducted in eight countries shows that a majority of employees are willing to travel more by rail for work. Our field trip to Davos confirms this. But are business leaders listening?","og_url":"https:\/\/travelsmartcampaign.org\/fr\/bibliotheque\/train-ou-avion-que-veulent-vraiment-les-employes\/","og_site_name":"Travel Smart Campaign","article_modified_time":"2023-07-04T12:58:15+00:00","og_image":[{"width":2560,"height":1621,"url":"https:\/\/travelsmartcampaign.org\/wp-content\/uploads\/AdobeStock_381933401-scaled.jpeg","type":"image\/jpeg"}],"twitter_card":"summary_large_image","twitter_misc":{"Dur\u00e9e de lecture estim\u00e9e":"3 minutes"},"schema":{"@context":"https:\/\/schema.org","@graph":[{"@type":"WebPage","@id":"https:\/\/travelsmartcampaign.org\/nl\/bibliotheek\/trein-of-vliegtuig-wat-willen-medewerkers-nou-echt\/","url":"https:\/\/travelsmartcampaign.org\/nl\/bibliotheek\/trein-of-vliegtuig-wat-willen-medewerkers-nou-echt\/","name":"Train ou avion - Que veulent vraiment les employ\u00e9s ? - Campagne Travel Smart","isPartOf":{"@id":"https:\/\/travelsmartcampaign.org\/#website"},"primaryImageOfPage":{"@id":"https:\/\/travelsmartcampaign.org\/nl\/bibliotheek\/trein-of-vliegtuig-wat-willen-medewerkers-nou-echt\/#primaryimage"},"image":{"@id":"https:\/\/travelsmartcampaign.org\/nl\/bibliotheek\/trein-of-vliegtuig-wat-willen-medewerkers-nou-echt\/#primaryimage"},"thumbnailUrl":"https:\/\/travelsmartcampaign.org\/wp-content\/uploads\/AdobeStock_381933401-scaled.jpeg","datePublished":"2023-06-30T07:27:08+00:00","dateModified":"2023-07-04T12:58:15+00:00","breadcrumb":{"@id":"https:\/\/travelsmartcampaign.org\/nl\/bibliotheek\/trein-of-vliegtuig-wat-willen-medewerkers-nou-echt\/#breadcrumb"},"inLanguage":"fr-FR","potentialAction":[{"@type":"ReadAction","target":["https:\/\/travelsmartcampaign.org\/nl\/bibliotheek\/trein-of-vliegtuig-wat-willen-medewerkers-nou-echt\/"]}]},{"@type":"ImageObject","inLanguage":"fr-FR","@id":"https:\/\/travelsmartcampaign.org\/nl\/bibliotheek\/trein-of-vliegtuig-wat-willen-medewerkers-nou-echt\/#primaryimage","url":"https:\/\/travelsmartcampaign.org\/wp-content\/uploads\/AdobeStock_381933401-scaled.jpeg","contentUrl":"https:\/\/travelsmartcampaign.org\/wp-content\/uploads\/AdobeStock_381933401-scaled.jpeg","width":2560,"height":1621,"caption":"Side view of positive ethnic female in casual outfit with smartphone working on laptop and smiling while resting on comfortable armchair near window of train"},{"@type":"BreadcrumbList","@id":"https:\/\/travelsmartcampaign.org\/nl\/bibliotheek\/trein-of-vliegtuig-wat-willen-medewerkers-nou-echt\/#breadcrumb","itemListElement":[{"@type":"ListItem","position":1,"name":"Home","item":"https:\/\/travelsmartcampaign.org\/"},{"@type":"ListItem","position":2,"name":"Train or plane &#8211; What do employees really want?"}]},{"@type":"WebSite","@id":"https:\/\/travelsmartcampaign.org\/#website","url":"https:\/\/travelsmartcampaign.org\/","name":"Classement","description":"","publisher":{"@id":"https:\/\/travelsmartcampaign.org\/#organization"},"potentialAction":[{"@type":"SearchAction","target":{"@type":"EntryPoint","urlTemplate":"https:\/\/travelsmartcampaign.org\/?s={search_term_string}"},"query-input":{"@type":"PropertyValueSpecification","valueRequired":true,"valueName":"search_term_string"}}],"inLanguage":"fr-FR"},{"@type":"Organization","@id":"https:\/\/travelsmartcampaign.org\/#organization","name":"Classement","url":"https:\/\/travelsmartcampaign.org\/","logo":{"@type":"ImageObject","inLanguage":"fr-FR","@id":"https:\/\/travelsmartcampaign.org\/#\/schema\/logo\/image\/","url":"https:\/\/travelsmartcampaign.org\/wp-content\/uploads\/travel-smart-min.jpeg","contentUrl":"https:\/\/travelsmartcampaign.org\/wp-content\/uploads\/travel-smart-min.jpeg","width":1200,"height":690,"caption":"Travel Smart"},"image":{"@id":"https:\/\/travelsmartcampaign.org\/#\/schema\/logo\/image\/"}}]}},"_links":{"self":[{"href":"https:\/\/travelsmartcampaign.org\/fr\/wp-json\/wp\/v2\/library\/8942","targetHints":{"allow":["GET"]}}],"collection":[{"href":"https:\/\/travelsmartcampaign.org\/fr\/wp-json\/wp\/v2\/library"}],"about":[{"href":"https:\/\/travelsmartcampaign.org\/fr\/wp-json\/wp\/v2\/types\/library"}],"version-history":[{"count":0,"href":"https:\/\/travelsmartcampaign.org\/fr\/wp-json\/wp\/v2\/library\/8942\/revisions"}],"wp:featuredmedia":[{"embeddable":true,"href":"https:\/\/travelsmartcampaign.org\/fr\/wp-json\/wp\/v2\/media\/8943"}],"wp:attachment":[{"href":"https:\/\/travelsmartcampaign.org\/fr\/wp-json\/wp\/v2\/media?parent=8942"}],"wp:term":[{"taxonomy":"topic","embeddable":true,"href":"https:\/\/travelsmartcampaign.org\/fr\/wp-json\/wp\/v2\/topic?post=8942"},{"taxonomy":"visibility","embeddable":true,"href":"https:\/\/travelsmartcampaign.org\/fr\/wp-json\/wp\/v2\/visibility?post=8942"},{"taxonomy":"post-country","embeddable":true,"href":"https:\/\/travelsmartcampaign.org\/fr\/wp-json\/wp\/v2\/post-country?post=8942"},{"taxonomy":"language","embeddable":true,"href":"https:\/\/travelsmartcampaign.org\/fr\/wp-json\/wp\/v2\/language?post=8942"},{"taxonomy":"category-post-type","embeddable":true,"href":"https:\/\/travelsmartcampaign.org\/fr\/wp-json\/wp\/v2\/category-post-type?post=8942"}],"curies":[{"name":"wp","href":"https:\/\/api.w.org\/{rel}","templated":true}]}}