{"id":9008,"date":"2023-07-04T16:06:32","date_gmt":"2023-07-04T15:06:32","guid":{"rendered":"http:\/\/travelsmartcampaign.org\/?post_type=library&#038;p=9008"},"modified":"2024-12-16T18:02:57","modified_gmt":"2024-12-16T17:02:57","slug":"dans-les-entreprises-suisses-on-veut-moins-prendre-lavion","status":"publish","type":"library","link":"https:\/\/travelsmartcampaign.org\/fr\/library\/dans-les-entreprises-suisses-on-veut-moins-prendre-lavion\/","title":{"rendered":"Dans les entreprises suisses, on veut moins prendre l&#039;avion"},"content":{"rendered":"<div class=\"beside-right hf-grid hf-margin-bottom-xl\">\n<div class=\"col-8_xs-12\">\n<p class=\"teaser-text\">Selon un nouveau sondage, trois quarts du personnel des grandes entreprises suisses veulent moins de vols d&#039;affaires pour prot\u00e9ger le climat. Ce r\u00e9sultat conforte l&#039;ATE Association transports et environnement dans son engagement. La r\u00e9duction des vols d&#039;affaires est un moyen simple de couper rapidement les \u00e9missions de gaz \u00e0 effet de serre, contribuant ainsi \u00e0 atteindre l&#039;objectif z\u00e9ro \u00e9mission nette. Ce sondage a \u00e9t\u00e9 r\u00e9alis\u00e9 dans le cadre de la campagne \u00ab Travel Smart \u00bb de l&#039;organisation faiti\u00e8re Transport &amp; Environment, dont l&#039;ATE est membre.<\/p>\n<\/div>\n<\/div>\n<div class=\"beside-left hf-grid\">\n<div class=\"col-12\">\n<div class=\"ce-bodytext\">\n<p>Le sondage r\u00e9v\u00e8le que pr\u00e8s de deux niveaux du personnel des grandes entreprises suisses effectuent des vols d&#039;affaires. Mais la tendance est \u00e0 la baisse : parmi celles et ceux qui voyagent pour les affaires, 59% disent moins prendre l&#039;avion depuis la pand\u00e9mie du COVID.<\/p>\n<p>Autre constat : trois quarts des personnes sond\u00e9es estiment que r\u00e9duire le nombre de vols d&#039;affaires est un facteur important pour am\u00e9liorer l&#039;empreinte carbone des entreprises. La majorit\u00e9 veut d&#039;ailleurs que les entreprises se fixent des objectifs en la mati\u00e8re.<\/p>\n<p>Pour Yves Chatton, charg\u00e9 de projets de Politique des transports \u00e0 l&#039;ATE, \u00ab ce sondage montre clairement qu&#039;une r\u00e9duction des vols d&#039;affaires est souhait\u00e9e par le personnel. Les entreprises doivent r\u00e9pondre \u00e0 cette attente en fixant des objectifs. La pand\u00e9mie a montr\u00e9 que les entreprises peuvent \u00eatre tout aussi efficaces en empruntant moins l&#039;avion. C&#039;est tant b\u00e9n\u00e9fique pour la protection du climat que pour la qualit\u00e9 de vie de leur personnel.\u00bb Versez les\u00a0<a class=\"external-link\" href=\"https:\/\/www.europeentrain.ch\/\" target=\"_blank\" rel=\"noopener noreferrer\">destinations europ\u00e9ennes<\/a>\u00a0en particulier, le train s&#039;impose comme une alternative respectueuse du climat. Un tel transfert contribuerait \u00e0 atteindre l&#039;objectif z\u00e9ro \u00e9mission nette inscrit dans la loi climatique qui a \u00e9t\u00e9 vot\u00e9e par la population.<\/p>\n<p>60% du personnel pense qu&#039;il a une grande influence sur la politique de voyage de son entreprise. Ces r\u00e9sultats correspondant \u00e0 ceux d&#039;autres pays europ\u00e9ens diffus\u00e9s l&#039;ann\u00e9e derni\u00e8re dans le cadre de la campagne internationale \u00abTravel Smart\u00bb. Celle-ci demande aux entreprises de s&#039;embaucher publiquement \u00e0 r\u00e9duire leurs vols d&#039;affaires d&#039;au moins 50 % par rapport \u00e0 2019 d&#039;ici 2025 au plus tard.<\/p>\n<p>Ce sondage r\u00e9alis\u00e9 par la soci\u00e9t\u00e9 Ipsos a rassembl\u00e9 500 personnes travaillant dans des entreprises suisses qui comptent au moins 50 salari\u00e9s\u00b7es. Les r\u00e9sultats complets du sondage peuvent \u00eatre consult\u00e9s\u00a0<a class=\"download-link\" href=\"https:\/\/www.ate.ch\/fileadmin\/user_upload\/65_medien\/Travel_Smart_Topline_-_Switzerland_with_summary.pdf\" target=\"_blank\" rel=\"noopener\">ici<\/a>.<\/p>\n<\/div>\n<div class=\"hf-margin-top-l news-contact\">\n<p>\u2013 Yves Chatton, charg\u00e9 de projets Politique des transports, 031 328 58 64<\/p>\n<p>\u2013 Service m\u00e9dias ATE, 079 708 05 36, medias@ate.ch<\/p>\n<\/div>\n<\/div>\n<\/div>","protected":false},"excerpt":{"rendered":"<p>Selon un nouveau sondage, trois quarts du personnel des grandes entreprises suisses veulent moins de vols d\u2019affaires pour prot\u00e9ger le climat. Ce r\u00e9sultat conforte l\u2019ATE Association transports et environnement dans son engagement. La r\u00e9duction des vols d\u2019affaires est un moyen simple de couper rapidement les \u00e9missions de gaz \u00e0 effet de serre, contribuant ainsi \u00e0 [&hellip;]<\/p>\n","protected":false},"featured_media":8851,"template":"","topic":[],"visibility":[55],"post-country":[36],"language":[38],"category-post-type":[232],"class_list":["post-9008","library","type-library","status-publish","has-post-thumbnail","hentry","visibility-open","post-country-switzerland","language-french","category-post-type-survey"],"yoast_head":"<!-- This site is optimized with the Yoast SEO plugin v27.5 - https:\/\/yoast.com\/product\/yoast-seo-wordpress\/ -->\n<title>Dans les entreprises suisses, on veut moins prendre l&#039;avion - Travel Smart Campaign<\/title>\n<meta name=\"robots\" content=\"index, follow, max-snippet:-1, max-image-preview:large, max-video-preview:-1\" \/>\n<link rel=\"canonical\" href=\"https:\/\/travelsmartcampaign.org\/fr\/bibliotheque\/dans-les-entreprises-suisses-on-veut-moins-prendre-lavion\/\" \/>\n<meta property=\"og:locale\" content=\"fr_FR\" \/>\n<meta property=\"og:type\" content=\"article\" \/>\n<meta property=\"og:title\" content=\"Dans les entreprises suisses, on veut moins prendre l&#039;avion - Travel Smart Campaign\" \/>\n<meta property=\"og:description\" content=\"Selon un nouveau sondage, trois quarts du personnel des grandes entreprises suisses veulent moins de vols d\u2019affaires pour prot\u00e9ger le climat. Ce r\u00e9sultat conforte l\u2019ATE Association transports et environnement dans son engagement. La r\u00e9duction des vols d\u2019affaires est un moyen simple de couper rapidement les \u00e9missions de gaz \u00e0 effet de serre, contribuant ainsi \u00e0 [&hellip;]\" \/>\n<meta property=\"og:url\" content=\"https:\/\/travelsmartcampaign.org\/fr\/bibliotheque\/dans-les-entreprises-suisses-on-veut-moins-prendre-lavion\/\" \/>\n<meta property=\"og:site_name\" content=\"Travel Smart Campaign\" \/>\n<meta property=\"article:modified_time\" content=\"2024-12-16T17:02:57+00:00\" \/>\n<meta property=\"og:image\" content=\"https:\/\/travelsmartcampaign.org\/wp-content\/uploads\/pexels-thirdman-5256692-scaled.jpg\" \/>\n\t<meta property=\"og:image:width\" content=\"1707\" \/>\n\t<meta property=\"og:image:height\" content=\"2560\" \/>\n\t<meta property=\"og:image:type\" content=\"image\/jpeg\" \/>\n<meta name=\"twitter:card\" content=\"summary_large_image\" \/>\n<meta name=\"twitter:label1\" content=\"Dur\u00e9e de lecture estim\u00e9e\" \/>\n\t<meta name=\"twitter:data1\" content=\"2 minutes\" \/>\n<script type=\"application\/ld+json\" class=\"yoast-schema-graph\">{\"@context\":\"https:\\\/\\\/schema.org\",\"@graph\":[{\"@type\":\"WebPage\",\"@id\":\"https:\\\/\\\/travelsmartcampaign.org\\\/library\\\/dans-les-entreprises-suisses-on-veut-moins-prendre-lavion\\\/\",\"url\":\"https:\\\/\\\/travelsmartcampaign.org\\\/library\\\/dans-les-entreprises-suisses-on-veut-moins-prendre-lavion\\\/\",\"name\":\"Dans les entreprises suisses, on veut moins prendre l'avion - Travel Smart Campaign\",\"isPartOf\":{\"@id\":\"https:\\\/\\\/travelsmartcampaign.org\\\/#website\"},\"primaryImageOfPage\":{\"@id\":\"https:\\\/\\\/travelsmartcampaign.org\\\/library\\\/dans-les-entreprises-suisses-on-veut-moins-prendre-lavion\\\/#primaryimage\"},\"image\":{\"@id\":\"https:\\\/\\\/travelsmartcampaign.org\\\/library\\\/dans-les-entreprises-suisses-on-veut-moins-prendre-lavion\\\/#primaryimage\"},\"thumbnailUrl\":\"https:\\\/\\\/travelsmartcampaign.org\\\/wp-content\\\/uploads\\\/pexels-thirdman-5256692-scaled.jpg\",\"datePublished\":\"2023-07-04T15:06:32+00:00\",\"dateModified\":\"2024-12-16T17:02:57+00:00\",\"breadcrumb\":{\"@id\":\"https:\\\/\\\/travelsmartcampaign.org\\\/library\\\/dans-les-entreprises-suisses-on-veut-moins-prendre-lavion\\\/#breadcrumb\"},\"inLanguage\":\"fr-FR\",\"potentialAction\":[{\"@type\":\"ReadAction\",\"target\":[\"https:\\\/\\\/travelsmartcampaign.org\\\/library\\\/dans-les-entreprises-suisses-on-veut-moins-prendre-lavion\\\/\"]}]},{\"@type\":\"ImageObject\",\"inLanguage\":\"fr-FR\",\"@id\":\"https:\\\/\\\/travelsmartcampaign.org\\\/library\\\/dans-les-entreprises-suisses-on-veut-moins-prendre-lavion\\\/#primaryimage\",\"url\":\"https:\\\/\\\/travelsmartcampaign.org\\\/wp-content\\\/uploads\\\/pexels-thirdman-5256692-scaled.jpg\",\"contentUrl\":\"https:\\\/\\\/travelsmartcampaign.org\\\/wp-content\\\/uploads\\\/pexels-thirdman-5256692-scaled.jpg\",\"width\":1707,\"height\":2560},{\"@type\":\"BreadcrumbList\",\"@id\":\"https:\\\/\\\/travelsmartcampaign.org\\\/library\\\/dans-les-entreprises-suisses-on-veut-moins-prendre-lavion\\\/#breadcrumb\",\"itemListElement\":[{\"@type\":\"ListItem\",\"position\":1,\"name\":\"Home\",\"item\":\"https:\\\/\\\/travelsmartcampaign.org\\\/\"},{\"@type\":\"ListItem\",\"position\":2,\"name\":\"Dans les entreprises suisses, on veut moins prendre l&#8217;avion\"}]},{\"@type\":\"WebSite\",\"@id\":\"https:\\\/\\\/travelsmartcampaign.org\\\/#website\",\"url\":\"https:\\\/\\\/travelsmartcampaign.org\\\/\",\"name\":\"Travel Smart\",\"description\":\"\",\"publisher\":{\"@id\":\"https:\\\/\\\/travelsmartcampaign.org\\\/#organization\"},\"potentialAction\":[{\"@type\":\"SearchAction\",\"target\":{\"@type\":\"EntryPoint\",\"urlTemplate\":\"https:\\\/\\\/travelsmartcampaign.org\\\/?s={search_term_string}\"},\"query-input\":{\"@type\":\"PropertyValueSpecification\",\"valueRequired\":true,\"valueName\":\"search_term_string\"}}],\"inLanguage\":\"fr-FR\"},{\"@type\":\"Organization\",\"@id\":\"https:\\\/\\\/travelsmartcampaign.org\\\/#organization\",\"name\":\"Travel Smart\",\"url\":\"https:\\\/\\\/travelsmartcampaign.org\\\/\",\"logo\":{\"@type\":\"ImageObject\",\"inLanguage\":\"fr-FR\",\"@id\":\"https:\\\/\\\/travelsmartcampaign.org\\\/#\\\/schema\\\/logo\\\/image\\\/\",\"url\":\"https:\\\/\\\/travelsmartcampaign.org\\\/wp-content\\\/uploads\\\/travel-smart-min.jpeg\",\"contentUrl\":\"https:\\\/\\\/travelsmartcampaign.org\\\/wp-content\\\/uploads\\\/travel-smart-min.jpeg\",\"width\":1200,\"height\":690,\"caption\":\"Travel Smart\"},\"image\":{\"@id\":\"https:\\\/\\\/travelsmartcampaign.org\\\/#\\\/schema\\\/logo\\\/image\\\/\"}}]}<\/script>\n<!-- \/ Yoast SEO plugin. -->","yoast_head_json":{"title":"Dans les entreprises suisses, on veut moins prendre l'avion - Campagne Travel Smart","robots":{"index":"index","follow":"follow","max-snippet":"max-snippet:-1","max-image-preview":"max-image-preview:large","max-video-preview":"max-video-preview:-1"},"canonical":"https:\/\/travelsmartcampaign.org\/fr\/bibliotheque\/dans-les-entreprises-suisses-on-veut-moins-prendre-lavion\/","og_locale":"fr_FR","og_type":"article","og_title":"Dans les entreprises suisses, on veut moins prendre l'avion - Travel Smart Campaign","og_description":"Selon un nouveau sondage, trois quarts du personnel des grandes entreprises suisses veulent moins de vols d\u2019affaires pour prot\u00e9ger le climat. Ce r\u00e9sultat conforte l\u2019ATE Association transports et environnement dans son engagement. La r\u00e9duction des vols d\u2019affaires est un moyen simple de couper rapidement les \u00e9missions de gaz \u00e0 effet de serre, contribuant ainsi \u00e0 [&hellip;]","og_url":"https:\/\/travelsmartcampaign.org\/fr\/bibliotheque\/dans-les-entreprises-suisses-on-veut-moins-prendre-lavion\/","og_site_name":"Travel Smart Campaign","article_modified_time":"2024-12-16T17:02:57+00:00","og_image":[{"width":1707,"height":2560,"url":"https:\/\/travelsmartcampaign.org\/wp-content\/uploads\/pexels-thirdman-5256692-scaled.jpg","type":"image\/jpeg"}],"twitter_card":"summary_large_image","twitter_misc":{"Dur\u00e9e de lecture estim\u00e9e":"2 minutes"},"schema":{"@context":"https:\/\/schema.org","@graph":[{"@type":"WebPage","@id":"https:\/\/travelsmartcampaign.org\/library\/dans-les-entreprises-suisses-on-veut-moins-prendre-lavion\/","url":"https:\/\/travelsmartcampaign.org\/library\/dans-les-entreprises-suisses-on-veut-moins-prendre-lavion\/","name":"Dans les entreprises suisses, on veut moins prendre l'avion - Campagne Travel Smart","isPartOf":{"@id":"https:\/\/travelsmartcampaign.org\/#website"},"primaryImageOfPage":{"@id":"https:\/\/travelsmartcampaign.org\/library\/dans-les-entreprises-suisses-on-veut-moins-prendre-lavion\/#primaryimage"},"image":{"@id":"https:\/\/travelsmartcampaign.org\/library\/dans-les-entreprises-suisses-on-veut-moins-prendre-lavion\/#primaryimage"},"thumbnailUrl":"https:\/\/travelsmartcampaign.org\/wp-content\/uploads\/pexels-thirdman-5256692-scaled.jpg","datePublished":"2023-07-04T15:06:32+00:00","dateModified":"2024-12-16T17:02:57+00:00","breadcrumb":{"@id":"https:\/\/travelsmartcampaign.org\/library\/dans-les-entreprises-suisses-on-veut-moins-prendre-lavion\/#breadcrumb"},"inLanguage":"fr-FR","potentialAction":[{"@type":"ReadAction","target":["https:\/\/travelsmartcampaign.org\/library\/dans-les-entreprises-suisses-on-veut-moins-prendre-lavion\/"]}]},{"@type":"ImageObject","inLanguage":"fr-FR","@id":"https:\/\/travelsmartcampaign.org\/library\/dans-les-entreprises-suisses-on-veut-moins-prendre-lavion\/#primaryimage","url":"https:\/\/travelsmartcampaign.org\/wp-content\/uploads\/pexels-thirdman-5256692-scaled.jpg","contentUrl":"https:\/\/travelsmartcampaign.org\/wp-content\/uploads\/pexels-thirdman-5256692-scaled.jpg","width":1707,"height":2560},{"@type":"BreadcrumbList","@id":"https:\/\/travelsmartcampaign.org\/library\/dans-les-entreprises-suisses-on-veut-moins-prendre-lavion\/#breadcrumb","itemListElement":[{"@type":"ListItem","position":1,"name":"Home","item":"https:\/\/travelsmartcampaign.org\/"},{"@type":"ListItem","position":2,"name":"Dans les entreprises suisses, on veut moins prendre l&#8217;avion"}]},{"@type":"WebSite","@id":"https:\/\/travelsmartcampaign.org\/#website","url":"https:\/\/travelsmartcampaign.org\/","name":"Classement","description":"","publisher":{"@id":"https:\/\/travelsmartcampaign.org\/#organization"},"potentialAction":[{"@type":"SearchAction","target":{"@type":"EntryPoint","urlTemplate":"https:\/\/travelsmartcampaign.org\/?s={search_term_string}"},"query-input":{"@type":"PropertyValueSpecification","valueRequired":true,"valueName":"search_term_string"}}],"inLanguage":"fr-FR"},{"@type":"Organization","@id":"https:\/\/travelsmartcampaign.org\/#organization","name":"Classement","url":"https:\/\/travelsmartcampaign.org\/","logo":{"@type":"ImageObject","inLanguage":"fr-FR","@id":"https:\/\/travelsmartcampaign.org\/#\/schema\/logo\/image\/","url":"https:\/\/travelsmartcampaign.org\/wp-content\/uploads\/travel-smart-min.jpeg","contentUrl":"https:\/\/travelsmartcampaign.org\/wp-content\/uploads\/travel-smart-min.jpeg","width":1200,"height":690,"caption":"Travel Smart"},"image":{"@id":"https:\/\/travelsmartcampaign.org\/#\/schema\/logo\/image\/"}}]}},"_links":{"self":[{"href":"https:\/\/travelsmartcampaign.org\/fr\/wp-json\/wp\/v2\/library\/9008","targetHints":{"allow":["GET"]}}],"collection":[{"href":"https:\/\/travelsmartcampaign.org\/fr\/wp-json\/wp\/v2\/library"}],"about":[{"href":"https:\/\/travelsmartcampaign.org\/fr\/wp-json\/wp\/v2\/types\/library"}],"version-history":[{"count":0,"href":"https:\/\/travelsmartcampaign.org\/fr\/wp-json\/wp\/v2\/library\/9008\/revisions"}],"wp:featuredmedia":[{"embeddable":true,"href":"https:\/\/travelsmartcampaign.org\/fr\/wp-json\/wp\/v2\/media\/8851"}],"wp:attachment":[{"href":"https:\/\/travelsmartcampaign.org\/fr\/wp-json\/wp\/v2\/media?parent=9008"}],"wp:term":[{"taxonomy":"topic","embeddable":true,"href":"https:\/\/travelsmartcampaign.org\/fr\/wp-json\/wp\/v2\/topic?post=9008"},{"taxonomy":"visibility","embeddable":true,"href":"https:\/\/travelsmartcampaign.org\/fr\/wp-json\/wp\/v2\/visibility?post=9008"},{"taxonomy":"post-country","embeddable":true,"href":"https:\/\/travelsmartcampaign.org\/fr\/wp-json\/wp\/v2\/post-country?post=9008"},{"taxonomy":"language","embeddable":true,"href":"https:\/\/travelsmartcampaign.org\/fr\/wp-json\/wp\/v2\/language?post=9008"},{"taxonomy":"category-post-type","embeddable":true,"href":"https:\/\/travelsmartcampaign.org\/fr\/wp-json\/wp\/v2\/category-post-type?post=9008"}],"curies":[{"name":"wp","href":"https:\/\/api.w.org\/{rel}","templated":true}]}}