{"id":9705,"date":"2023-09-19T12:32:19","date_gmt":"2023-09-19T11:32:19","guid":{"rendered":"http:\/\/travelsmartcampaign.org\/?post_type=library&#038;p=9705"},"modified":"2023-10-19T09:19:27","modified_gmt":"2023-10-19T08:19:27","slug":"les-entreprises-sont-elles-sur-la-bonne-voie-pour-reduire-les-vols","status":"publish","type":"library","link":"https:\/\/travelsmartcampaign.org\/fr\/library\/are-compnaies-on-track-to-reduce-flights\/","title":{"rendered":"Reprise des affaires : les entreprises sont-elles sur la bonne voie pour r\u00e9duire les vols d\u2019affaires ?"},"content":{"rendered":"<p><span style=\"font-weight: 400;\">Parmi une quarantaine de multinationales de huit pays, notre nouveau syst\u00e8me de suivi des \u00e9missions Travel Smart constate qu&#039;aucune entreprise n&#039;a retrouv\u00e9 le niveau de vol d&#039;avant la COVID. Ces donn\u00e9es montrent que les entreprises ont appris \u00e0 fonctionner avec moins de vols et des moyens de d\u00e9placement et de collaboration plus durables. <\/span><a href=\"https:\/\/www.ft.com\/content\/ea564d48-6dfd-4c7f-b28b-c2028bbc2fe8?accessToken=zwAGBRKg8LookdPqVk1Ibf1Mf9Oyi8ICi7wv6A.MEUCICJST4OXcntSkco7kj_Yq8S_sjre01wwoVlCBblZiJbIAiEAt5m94tdg-q3eFtLUAskTYOtC1cfqLCKCTmmSsqCRE_4&amp;sharetype=gift&amp;token=d527ffd6-5cac-4d18-99b2-230acc1c9b94\"><span style=\"font-weight: 400;\">analystes<\/span><\/a><span style=\"font-weight: 400;\"> Les entreprises ont fait valoir que la reprise des voyages d\u2019affaires avait stagn\u00e9 en raison de la hausse des prix des vols et de la pression croissante pour atteindre les objectifs climatiques de l\u2019entreprise. Mais cela pourrait aussi \u00eatre consid\u00e9r\u00e9 comme un enseignement positif de la crise du Covid.<\/span><\/p>\n<p><span style=\"font-weight: 400;\">Si l&#039;aviation veut atteindre son objectif de z\u00e9ro \u00e9mission nette d&#039;ici 2050, Transport &amp; Environment <\/span><a href=\"https:\/\/www.transportenvironment.org\/wp-content\/uploads\/2022\/03\/TE-aviation-decarbonisation-roadmap-FINAL.pdf\"><span style=\"font-weight: 400;\">recherche<\/span><\/a><span style=\"font-weight: 400;\"> Selon une \u00e9tude, les voyages d&#039;affaires doivent \u00eatre r\u00e9duits de 501 TP56T par rapport aux niveaux de 2019 au cours de cette d\u00e9cennie, avec des r\u00e9ductions imm\u00e9diates n\u00e9cessaires d&#039;ici 2025 \u00e0 la lumi\u00e8re de l&#039;intensification de la crise climatique. S&#039;agit-il d&#039;un autre objectif climatique irr\u00e9aliste pour les entreprises ? Il ne semble pas que ce soit le cas, car plus de 25 des entreprises de la liste sont en voie d&#039;atteindre cet objectif.\u00a0<\/span><\/p>\n<p><span style=\"font-weight: 400;\">SAP arrive en t\u00eate de liste, avec une r\u00e9duction de -86% des vols d&#039;affaires en 2022. Parmi les autres r\u00e9ussites, citons les g\u00e9ants du conseil comme PricewaterhouseCoopers (PwC) qui ont r\u00e9duit leurs vols d&#039;affaires de respectivement 76% et 75%. Si le secteur du conseil est connu pour ses vols excessifs, de telles r\u00e9ductions sont un signe positif de changement. D&#039;un autre c\u00f4t\u00e9, des soci\u00e9t\u00e9s comme Shell, L&#039;Or\u00e9al, PepsiCo et Johnson &amp; Johnson se rapprochent d\u00e9j\u00e0 de leurs niveaux de vols de 2019.\u00a0<\/span><\/p>\n<p><span style=\"font-weight: 400;\">Pour les entreprises souhaitant r\u00e9duire leur empreinte climatique et notamment celle de leurs voyages d&#039;affaires, elles devraient suivre les entreprises leaders en mati\u00e8re d&#039;objectifs. <\/span><a href=\"http:\/\/travelsmartcampaign.org\/fr\/ranking\/\"><span style=\"font-weight: 400;\">Classement Travel Smart<\/span><\/a><span style=\"font-weight: 400;\"> L&#039;\u00e9tude, qui a port\u00e9 sur 320 entreprises du monde entier, a r\u00e9v\u00e9l\u00e9 que plus de 50 d&#039;entre elles se sont fix\u00e9 des objectifs de r\u00e9duction des \u00e9missions li\u00e9es aux d\u00e9placements professionnels. Parmi ces entreprises pionni\u00e8res figure d\u00e9sormais Michelin, premier fabricant fran\u00e7ais de pneumatiques, avec un objectif de r\u00e9duction de 30% d&#039;ici 2025. D&#039;autres entreprises mondiales sont encore plus ambitieuses, pr\u00e9voyant d\u00e9j\u00e0 de maintenir leurs \u00e9missions divis\u00e9es par deux cette ann\u00e9e et l&#039;ann\u00e9e prochaine.\u00a0<\/span><\/p>\n<p><span style=\"font-weight: 400;\">Cela devrait \u00eatre une priorit\u00e9, surtout pour les entreprises qui ont r\u00e9ussi \u00e0 r\u00e9duire leurs d\u00e9placements en avion. C&#039;est le cas de SAP, IBM et Siemens, entre autres. Elles devraient suivre l&#039;exemple de certains de leurs pairs comme Pfizer et Swiss Re qui ont fix\u00e9 des objectifs ambitieux.\u00a0<\/span><\/p>\n<p><span style=\"font-weight: 400;\">Il est important de s\u2019attaquer aux voyages d\u2019affaires, qu\u2019ils repr\u00e9sentent une source importante ou non d\u2019\u00e9missions pour les entreprises. Cela s\u2019inscrit dans l\u2019objectif plus large de r\u00e9duire les \u00e9missions du secteur a\u00e9rien, tr\u00e8s polluant, pour lequel les technologies permettant de r\u00e9duire les \u00e9missions ne sont pas encore disponibles \u00e0 grande \u00e9chelle. Les voyages d\u2019affaires repr\u00e9sentent pr\u00e8s de 20% du trafic a\u00e9rien mondial et les entreprises devraient agir comme un levier positif de changement dans le secteur.\u00a0<\/span><\/p>\n<p>&nbsp;<\/p>","protected":false},"excerpt":{"rendered":"<p>La saison des rapports annuels est termin\u00e9e et les rapports sur les \u00e9missions commencent \u00e0 se faire sentir. Les donn\u00e9es sur les \u00e9missions des voyages d\u2019affaires sugg\u00e8rent que les tendances sont en train de changer. Les entreprises ont-elles retrouv\u00e9 les niveaux de vols d\u2019avant la COVID-19\u00a0? Les entreprises atteignent-elles leurs objectifs de r\u00e9duction des d\u00e9placements professionnels ? <\/p>","protected":false},"featured_media":9703,"template":"","topic":[],"visibility":[],"post-country":[26],"language":[27],"category-post-type":[43],"class_list":["post-9705","library","type-library","status-publish","has-post-thumbnail","hentry","post-country-global","language-english","category-post-type-opinion"],"yoast_head":"<!-- This site is optimized with the Yoast SEO plugin v27.5 - https:\/\/yoast.com\/product\/yoast-seo-wordpress\/ -->\n<title>Back in business: Are companies on track to reduce corporate flights? - Travel Smart Campaign<\/title>\n<meta name=\"robots\" content=\"index, follow, max-snippet:-1, max-image-preview:large, max-video-preview:-1\" \/>\n<link rel=\"canonical\" href=\"https:\/\/travelsmartcampaign.org\/fr\/bibliotheque\/les-entreprises-sont-elles-sur-la-bonne-voie-pour-reduire-les-vols\/\" \/>\n<meta property=\"og:locale\" content=\"fr_FR\" \/>\n<meta property=\"og:type\" content=\"article\" \/>\n<meta property=\"og:title\" content=\"Back in business: Are companies on track to reduce corporate flights? - Travel Smart Campaign\" \/>\n<meta property=\"og:description\" content=\"Annual report season is over and emissions reporting is trickling through. Data on business travel emissions suggests that trends are changing. Have companies bounced back to pre-COVID levels of flying? Are companies meeting their business travel reduction targets?\" \/>\n<meta property=\"og:url\" content=\"https:\/\/travelsmartcampaign.org\/fr\/bibliotheque\/les-entreprises-sont-elles-sur-la-bonne-voie-pour-reduire-les-vols\/\" \/>\n<meta property=\"og:site_name\" content=\"Travel Smart Campaign\" \/>\n<meta property=\"article:modified_time\" content=\"2023-10-19T08:19:27+00:00\" \/>\n<meta property=\"og:image\" content=\"https:\/\/travelsmartcampaign.org\/wp-content\/uploads\/AdobeStock_121803139-scaled.jpeg\" \/>\n\t<meta property=\"og:image:width\" content=\"2560\" \/>\n\t<meta property=\"og:image:height\" content=\"1660\" \/>\n\t<meta property=\"og:image:type\" content=\"image\/jpeg\" \/>\n<meta name=\"twitter:card\" content=\"summary_large_image\" \/>\n<meta name=\"twitter:label1\" content=\"Dur\u00e9e de lecture estim\u00e9e\" \/>\n\t<meta name=\"twitter:data1\" content=\"2 minutes\" \/>\n<script type=\"application\/ld+json\" class=\"yoast-schema-graph\">{\"@context\":\"https:\\\/\\\/schema.org\",\"@graph\":[{\"@type\":\"WebPage\",\"@id\":\"https:\\\/\\\/travelsmartcampaign.org\\\/library\\\/are-compnaies-on-track-to-reduce-flights\\\/\",\"url\":\"https:\\\/\\\/travelsmartcampaign.org\\\/library\\\/are-compnaies-on-track-to-reduce-flights\\\/\",\"name\":\"Back in business: Are companies on track to reduce corporate flights? - Travel Smart Campaign\",\"isPartOf\":{\"@id\":\"https:\\\/\\\/travelsmartcampaign.org\\\/#website\"},\"primaryImageOfPage\":{\"@id\":\"https:\\\/\\\/travelsmartcampaign.org\\\/library\\\/are-compnaies-on-track-to-reduce-flights\\\/#primaryimage\"},\"image\":{\"@id\":\"https:\\\/\\\/travelsmartcampaign.org\\\/library\\\/are-compnaies-on-track-to-reduce-flights\\\/#primaryimage\"},\"thumbnailUrl\":\"https:\\\/\\\/travelsmartcampaign.org\\\/wp-content\\\/uploads\\\/AdobeStock_121803139-scaled.jpeg\",\"datePublished\":\"2023-09-19T11:32:19+00:00\",\"dateModified\":\"2023-10-19T08:19:27+00:00\",\"breadcrumb\":{\"@id\":\"https:\\\/\\\/travelsmartcampaign.org\\\/library\\\/are-compnaies-on-track-to-reduce-flights\\\/#breadcrumb\"},\"inLanguage\":\"fr-FR\",\"potentialAction\":[{\"@type\":\"ReadAction\",\"target\":[\"https:\\\/\\\/travelsmartcampaign.org\\\/library\\\/are-compnaies-on-track-to-reduce-flights\\\/\"]}]},{\"@type\":\"ImageObject\",\"inLanguage\":\"fr-FR\",\"@id\":\"https:\\\/\\\/travelsmartcampaign.org\\\/library\\\/are-compnaies-on-track-to-reduce-flights\\\/#primaryimage\",\"url\":\"https:\\\/\\\/travelsmartcampaign.org\\\/wp-content\\\/uploads\\\/AdobeStock_121803139-scaled.jpeg\",\"contentUrl\":\"https:\\\/\\\/travelsmartcampaign.org\\\/wp-content\\\/uploads\\\/AdobeStock_121803139-scaled.jpeg\",\"width\":2560,\"height\":1660},{\"@type\":\"BreadcrumbList\",\"@id\":\"https:\\\/\\\/travelsmartcampaign.org\\\/library\\\/are-compnaies-on-track-to-reduce-flights\\\/#breadcrumb\",\"itemListElement\":[{\"@type\":\"ListItem\",\"position\":1,\"name\":\"Home\",\"item\":\"https:\\\/\\\/travelsmartcampaign.org\\\/\"},{\"@type\":\"ListItem\",\"position\":2,\"name\":\"Back in business: Are companies on track to reduce corporate flights?\"}]},{\"@type\":\"WebSite\",\"@id\":\"https:\\\/\\\/travelsmartcampaign.org\\\/#website\",\"url\":\"https:\\\/\\\/travelsmartcampaign.org\\\/\",\"name\":\"Travel Smart\",\"description\":\"\",\"publisher\":{\"@id\":\"https:\\\/\\\/travelsmartcampaign.org\\\/#organization\"},\"potentialAction\":[{\"@type\":\"SearchAction\",\"target\":{\"@type\":\"EntryPoint\",\"urlTemplate\":\"https:\\\/\\\/travelsmartcampaign.org\\\/?s={search_term_string}\"},\"query-input\":{\"@type\":\"PropertyValueSpecification\",\"valueRequired\":true,\"valueName\":\"search_term_string\"}}],\"inLanguage\":\"fr-FR\"},{\"@type\":\"Organization\",\"@id\":\"https:\\\/\\\/travelsmartcampaign.org\\\/#organization\",\"name\":\"Travel Smart\",\"url\":\"https:\\\/\\\/travelsmartcampaign.org\\\/\",\"logo\":{\"@type\":\"ImageObject\",\"inLanguage\":\"fr-FR\",\"@id\":\"https:\\\/\\\/travelsmartcampaign.org\\\/#\\\/schema\\\/logo\\\/image\\\/\",\"url\":\"https:\\\/\\\/travelsmartcampaign.org\\\/wp-content\\\/uploads\\\/travel-smart-min.jpeg\",\"contentUrl\":\"https:\\\/\\\/travelsmartcampaign.org\\\/wp-content\\\/uploads\\\/travel-smart-min.jpeg\",\"width\":1200,\"height\":690,\"caption\":\"Travel Smart\"},\"image\":{\"@id\":\"https:\\\/\\\/travelsmartcampaign.org\\\/#\\\/schema\\\/logo\\\/image\\\/\"}}]}<\/script>\n<!-- \/ Yoast SEO plugin. -->","yoast_head_json":{"title":"Retour aux affaires : les entreprises sont-elles en bonne voie pour r\u00e9duire leurs vols d'affaires ? - Campagne Travel Smart","robots":{"index":"index","follow":"follow","max-snippet":"max-snippet:-1","max-image-preview":"max-image-preview:large","max-video-preview":"max-video-preview:-1"},"canonical":"https:\/\/travelsmartcampaign.org\/fr\/bibliotheque\/les-entreprises-sont-elles-sur-la-bonne-voie-pour-reduire-les-vols\/","og_locale":"fr_FR","og_type":"article","og_title":"Back in business: Are companies on track to reduce corporate flights? - Travel Smart Campaign","og_description":"Annual report season is over and emissions reporting is trickling through. Data on business travel emissions suggests that trends are changing. Have companies bounced back to pre-COVID levels of flying? Are companies meeting their business travel reduction targets?","og_url":"https:\/\/travelsmartcampaign.org\/fr\/bibliotheque\/les-entreprises-sont-elles-sur-la-bonne-voie-pour-reduire-les-vols\/","og_site_name":"Travel Smart Campaign","article_modified_time":"2023-10-19T08:19:27+00:00","og_image":[{"width":2560,"height":1660,"url":"https:\/\/travelsmartcampaign.org\/wp-content\/uploads\/AdobeStock_121803139-scaled.jpeg","type":"image\/jpeg"}],"twitter_card":"summary_large_image","twitter_misc":{"Dur\u00e9e de lecture estim\u00e9e":"2 minutes"},"schema":{"@context":"https:\/\/schema.org","@graph":[{"@type":"WebPage","@id":"https:\/\/travelsmartcampaign.org\/library\/are-compnaies-on-track-to-reduce-flights\/","url":"https:\/\/travelsmartcampaign.org\/library\/are-compnaies-on-track-to-reduce-flights\/","name":"Retour aux affaires : les entreprises sont-elles en bonne voie pour r\u00e9duire leurs vols d'affaires ? - Campagne Travel Smart","isPartOf":{"@id":"https:\/\/travelsmartcampaign.org\/#website"},"primaryImageOfPage":{"@id":"https:\/\/travelsmartcampaign.org\/library\/are-compnaies-on-track-to-reduce-flights\/#primaryimage"},"image":{"@id":"https:\/\/travelsmartcampaign.org\/library\/are-compnaies-on-track-to-reduce-flights\/#primaryimage"},"thumbnailUrl":"https:\/\/travelsmartcampaign.org\/wp-content\/uploads\/AdobeStock_121803139-scaled.jpeg","datePublished":"2023-09-19T11:32:19+00:00","dateModified":"2023-10-19T08:19:27+00:00","breadcrumb":{"@id":"https:\/\/travelsmartcampaign.org\/library\/are-compnaies-on-track-to-reduce-flights\/#breadcrumb"},"inLanguage":"fr-FR","potentialAction":[{"@type":"ReadAction","target":["https:\/\/travelsmartcampaign.org\/library\/are-compnaies-on-track-to-reduce-flights\/"]}]},{"@type":"ImageObject","inLanguage":"fr-FR","@id":"https:\/\/travelsmartcampaign.org\/library\/are-compnaies-on-track-to-reduce-flights\/#primaryimage","url":"https:\/\/travelsmartcampaign.org\/wp-content\/uploads\/AdobeStock_121803139-scaled.jpeg","contentUrl":"https:\/\/travelsmartcampaign.org\/wp-content\/uploads\/AdobeStock_121803139-scaled.jpeg","width":2560,"height":1660},{"@type":"BreadcrumbList","@id":"https:\/\/travelsmartcampaign.org\/library\/are-compnaies-on-track-to-reduce-flights\/#breadcrumb","itemListElement":[{"@type":"ListItem","position":1,"name":"Home","item":"https:\/\/travelsmartcampaign.org\/"},{"@type":"ListItem","position":2,"name":"Back in business: Are companies on track to reduce corporate flights?"}]},{"@type":"WebSite","@id":"https:\/\/travelsmartcampaign.org\/#website","url":"https:\/\/travelsmartcampaign.org\/","name":"Classement","description":"","publisher":{"@id":"https:\/\/travelsmartcampaign.org\/#organization"},"potentialAction":[{"@type":"SearchAction","target":{"@type":"EntryPoint","urlTemplate":"https:\/\/travelsmartcampaign.org\/?s={search_term_string}"},"query-input":{"@type":"PropertyValueSpecification","valueRequired":true,"valueName":"search_term_string"}}],"inLanguage":"fr-FR"},{"@type":"Organization","@id":"https:\/\/travelsmartcampaign.org\/#organization","name":"Classement","url":"https:\/\/travelsmartcampaign.org\/","logo":{"@type":"ImageObject","inLanguage":"fr-FR","@id":"https:\/\/travelsmartcampaign.org\/#\/schema\/logo\/image\/","url":"https:\/\/travelsmartcampaign.org\/wp-content\/uploads\/travel-smart-min.jpeg","contentUrl":"https:\/\/travelsmartcampaign.org\/wp-content\/uploads\/travel-smart-min.jpeg","width":1200,"height":690,"caption":"Travel Smart"},"image":{"@id":"https:\/\/travelsmartcampaign.org\/#\/schema\/logo\/image\/"}}]}},"_links":{"self":[{"href":"https:\/\/travelsmartcampaign.org\/fr\/wp-json\/wp\/v2\/library\/9705","targetHints":{"allow":["GET"]}}],"collection":[{"href":"https:\/\/travelsmartcampaign.org\/fr\/wp-json\/wp\/v2\/library"}],"about":[{"href":"https:\/\/travelsmartcampaign.org\/fr\/wp-json\/wp\/v2\/types\/library"}],"version-history":[{"count":0,"href":"https:\/\/travelsmartcampaign.org\/fr\/wp-json\/wp\/v2\/library\/9705\/revisions"}],"wp:featuredmedia":[{"embeddable":true,"href":"https:\/\/travelsmartcampaign.org\/fr\/wp-json\/wp\/v2\/media\/9703"}],"wp:attachment":[{"href":"https:\/\/travelsmartcampaign.org\/fr\/wp-json\/wp\/v2\/media?parent=9705"}],"wp:term":[{"taxonomy":"topic","embeddable":true,"href":"https:\/\/travelsmartcampaign.org\/fr\/wp-json\/wp\/v2\/topic?post=9705"},{"taxonomy":"visibility","embeddable":true,"href":"https:\/\/travelsmartcampaign.org\/fr\/wp-json\/wp\/v2\/visibility?post=9705"},{"taxonomy":"post-country","embeddable":true,"href":"https:\/\/travelsmartcampaign.org\/fr\/wp-json\/wp\/v2\/post-country?post=9705"},{"taxonomy":"language","embeddable":true,"href":"https:\/\/travelsmartcampaign.org\/fr\/wp-json\/wp\/v2\/language?post=9705"},{"taxonomy":"category-post-type","embeddable":true,"href":"https:\/\/travelsmartcampaign.org\/fr\/wp-json\/wp\/v2\/category-post-type?post=9705"}],"curies":[{"name":"wp","href":"https:\/\/api.w.org\/{rel}","templated":true}]}}