{"id":13496,"date":"2024-05-24T00:01:35","date_gmt":"2024-05-23T23:01:35","guid":{"rendered":"http:\/\/travelsmartcampaign.org\/?post_type=library&#038;p=13496"},"modified":"2025-05-14T11:40:28","modified_gmt":"2025-05-14T10:40:28","slug":"viaggi-daffaires-les-emissioni-des-grands-groupes-francais-ont-diminue-dun-tiers-par-rapport-a-2019","status":"publish","type":"library","link":"https:\/\/travelsmartcampaign.org\/it\/library\/voyages-daffaires-les-emissions-des-grands-groupes-francais-ont-diminue-dun-tiers-par-rapport-a-2019\/","title":{"rendered":"Voyages d&#039;affaires: les \u00e9missions des grands groupes fran\u00e7ais ont diminu\u00e9 d&#039;un tiers par rapport \u00e0 2019"},"content":{"rendered":"<p><span style=\"font-weight: 400;\">Una nuova analisi di T&amp;E sur les<\/span> <span style=\"font-weight: 400;\">emissioni di viaggi d&#039;affari di 18 imprese francesi nel 2023 r\u00e9v\u00e8le qu&#039;en moyenne, elles ont r\u00e9duit leurs \u00e9missions d&#039;un tiers (-33 %) nel 2023 par rapport \u00e0 2019. Mais certaines d&#039;entre elles se rapprochent rapidement des niveaux de 2019. Parmi elles, Forvia (anciennement Faurecia), Sanofi et Air Liquide sont revenues \u00e0 quasiment 90 % de leurs niveaux d&#039;\u00e9missions de 2019. Ceci, malgr\u00e9 le fait que les entreprises ont appris \u00e0 travailler avec les outils de visioconf\u00e9rence et avec meno di vols dopo il Covid, e quindi la maggior parte di loro \u00e8 impegnata a ridurre la loro stampa di carbone.<\/span><\/p>\n<p><span style=\"font-weight: 400;\">Un&#039;impresa, bioM\u00e9rieux, che ha superato i suoi livelli nel 2019 (+9%). Nello stesso tempo, ha stabilito nel 2023 un obiettivo di riduzione interna di -10% in rapporto alle emissioni di viaggio del 2022, un&#039;evoluzione positiva che deve aiutare a correggere la traiettoria.\u00a0<\/span><\/p>\n<p><span style=\"font-weight: 400;\">9 delle 18 imprese analizzate hanno obiettivi fissi di riduzione dei viaggi d&#039;affari, e due imprese riescono a ridurre significativamente i loro volumi, che rappresentano l&#039;essenziale delle emissioni di viaggi d&#039;affari, e mantengono i faibles niveaux d&#039; emissioni osservate durante la sortita della pandemia. Le emissioni 2023 dei viaggi d&#039;affari di Dassault sono al -60 % dei livelli del 2019 e le celle d&#039;Amundi al -51 %. Nel 2022, nuove imprese avaient r\u00e9ussi cette performance, in grande partie a causa delle restrizioni dovute al Covid. Dassault et Amundi ont des objectifs de r\u00e9duction de leurs \u00e9missions li\u00e9es aux travels d&#039;affaires.\u00a0<\/span><\/p>\n<p><img loading=\"lazy\" decoding=\"async\" class=\"alignnone size-full wp-image-16609\" src=\"http:\/\/travelsmartcampaign.org\/wp-content\/uploads\/1-4.png\" alt=\"\" width=\"768\" height=\"1100\" srcset=\"https:\/\/travelsmartcampaign.org\/wp-content\/uploads\/1-4.png 768w, https:\/\/travelsmartcampaign.org\/wp-content\/uploads\/1-4-209x300.png 209w, https:\/\/travelsmartcampaign.org\/wp-content\/uploads\/1-4-715x1024.png 715w, https:\/\/travelsmartcampaign.org\/wp-content\/uploads\/1-4-8x12.png 8w\" sizes=\"auto, (max-width: 768px) 100vw, 768px\" \/><\/p>\n<p><span style=\"font-weight: 400;\">J\u00e9r\u00f4me du Boucher, responsabile aviazione Francia explique, <\/span><i><span style=\"font-weight: 400;\">\u201cOn note un retour pr\u00e9occupant de la hausse des \u00e9missions des Voyages d&#039;affaires en France. Sembra che le lezioni della pandemia non siano state trattenute. Pourtant la voie \u00e0 suivre a \u00e9t\u00e9 trac\u00e9e: vantaggio delle riunioni in linea, pi\u00f9 dei viaggi in treno e meno in aereo. Malheureusement, trop d&#039;entreprises reprennent des abitudini di spostamento in volo eccessive, senza alcuna considerazione per la plan\u00e8te.\u201d<\/span><\/i><\/p>\n<p><span style=\"font-weight: 400;\">Cumulando le riduzioni dei volumi di 18 imprese, lo studio prevede 425.000 tonnellate di CO<\/span><span style=\"font-weight: 400;\">2 <\/span><span style=\"font-weight: 400;\">ont \u00e9t\u00e9 \u00e9conomis\u00e9es en 2023 par rapport \u00e0 2019, equivalent aux \u00e9missions de 215 000 voitures p\u00e9trole en un an. In media, le 18 imprese hanno ridotto le loro emissioni di un livello (-33 %) nel 2023 rispetto al rapporto al 2019. Il s&#039;agit toutefois d&#039;un rebond significativo rispetto al rapporto al 2022, anno in cui le emissioni di 18 imprese sono rimaste alla met\u00e0 (-50 %) dei livelli del 2019. Se le 18 imprese manterranno le loro attivit\u00e0 nel 2023 fino al 50 % dei livelli del 2019, 245 000 tonnellate di CO<\/span><span style=\"font-weight: 400;\">2 <\/span><span style=\"font-weight: 400;\">i supplementi auraient possono essere economis\u00e9es.\u00a0<\/span><\/p>\n<p><span style=\"font-weight: 400;\">Le gouvernement fran\u00e7ais a r\u00e9cemment pris des misure incoraggianti concernenti i viaggi d&#039;affari. Nel quadro del figlio <\/span><a href=\"https:\/\/www.ecologie.gouv.fr\/sites\/default\/files\/22152_Plan-sobriete_DP-2023-if-2.pdf\"><span style=\"font-weight: 400;\">Piano di Sobriet\u00e0 Energetica<\/span><\/a><span style=\"font-weight: 400;\">, lo ha richiesto alle imprese cos\u00ec come i loro servizi di privilegio del treno al posto dell&#039;aereo per i viaggi che possono essere effettuati in meno di quattro ore a partire da gennaio 2024. Il governo ha riconosciuto anche l&#039;impatto climatico dei trasporti . E questo \u00e8 per quello che la<\/span><a href=\"https:\/\/www.legifrance.gouv.fr\/download\/pdf\/circ?id=45511\"><span style=\"font-weight: 400;\"> Circolare ulteriore relativa all&#039;impegno per la trasformazione ecologica dello Stato<\/span><\/a> <span style=\"font-weight: 400;\">include un obiettivo di riduzione dei viaggi aerei del 20% nel 2024 rispetto al 2019, con un&#039;ambizione aumentata a -30 % nel 2027.\u00a0<\/span><\/p>\n<p><span style=\"font-weight: 400;\">T&amp;E appelle les entreprises fran\u00e7aises \u00e0 faire de m\u00eame, en se fixant des objectifs de r\u00e9duction des \u00e9missions li\u00e9es aux Voyages d&#039;affaires \u00e0 50% ou plus d&#039;ici 2025. <\/span><span style=\"font-weight: 400;\">Cet objectif a \u00e9t\u00e9 fix\u00e9 sur la base de la <\/span><a href=\"https:\/\/www.transportenvironment.org\/wp-content\/uploads\/2022\/03\/TE-aviation-decarbonisation-roadmap-FINAL.pdf\"><span style=\"font-weight: 400;\">foglio di percorso<\/span><\/a><span style=\"font-weight: 400;\"> de T&amp;E, qui montre qu&#039;une r\u00e9duction de 50 % de l&#039;ensemble des \u00e9missions li\u00e9es aux Voyages d&#039;affaires est n\u00e9cessaire d&#039;ici 2030, afin de maintenir l&#039;aviation dans une trajectoire compatibile con un aereo a 1,5\u00b0C .<\/span><\/p>\n<p>&nbsp;<\/p>\n<p>&nbsp;<\/p>\n<p>&nbsp;<\/p>\n<p>&nbsp;<\/p>","protected":false},"excerpt":{"rendered":"<p>17 delle 18 imprese francesi analizzate in un nuovo studio della campagna &#039;Travel Smart&#039; di Transport &amp; Environment mantengono i loro livelli di viaggio d&#039;affari pi\u00f9 bas qu&#039;avant le Covid, anche se beaucoup d&#039;entre elles remontent vite la pente. <\/p>","protected":false},"featured_media":17863,"template":"","topic":[190],"visibility":[],"post-country":[31],"language":[38],"category-post-type":[28],"class_list":["post-13496","library","type-library","status-publish","has-post-thumbnail","hentry","topic-emission-tracker","post-country-france","language-french","category-post-type-press-release"],"yoast_head":"<!-- This site is optimized with the Yoast SEO plugin v27.5 - https:\/\/yoast.com\/product\/yoast-seo-wordpress\/ -->\n<title>Voyages d\u2019affaires : les \u00e9missions des grands groupes fran\u00e7ais ont diminu\u00e9 d\u2019un tiers par rapport \u00e0 2019 - Travel Smart Campaign<\/title>\n<meta name=\"robots\" content=\"index, follow, max-snippet:-1, max-image-preview:large, max-video-preview:-1\" \/>\n<link rel=\"canonical\" href=\"https:\/\/travelsmartcampaign.org\/it\/biblioteca\/viaggi-daffaires-les-emissioni-des-grands-groupes-francais-ont-diminue-dun-tiers-par-rapport-a-2019\/\" \/>\n<meta property=\"og:locale\" content=\"it_IT\" \/>\n<meta property=\"og:type\" content=\"article\" \/>\n<meta property=\"og:title\" content=\"Voyages d\u2019affaires : les \u00e9missions des grands groupes fran\u00e7ais ont diminu\u00e9 d\u2019un tiers par rapport \u00e0 2019 - Travel Smart Campaign\" \/>\n<meta property=\"og:description\" content=\"17 des 18 entreprises fran\u00e7aises analys\u00e9es dans une nouvelle \u00e9tude de la campagne \u2018Travel Smart\u2019 de Transport &amp; Environment maintiennent leurs niveaux de voyages d\u2019affaires plus bas qu\u2019avant le Covid, m\u00eame si beaucoup d\u2019entre elles remontent vite la pente.\" \/>\n<meta property=\"og:url\" content=\"https:\/\/travelsmartcampaign.org\/it\/biblioteca\/viaggi-daffaires-les-emissioni-des-grands-groupes-francais-ont-diminue-dun-tiers-par-rapport-a-2019\/\" \/>\n<meta property=\"og:site_name\" content=\"Travel Smart Campaign\" \/>\n<meta property=\"article:modified_time\" content=\"2025-05-14T10:40:28+00:00\" \/>\n<meta property=\"og:image\" content=\"https:\/\/travelsmartcampaign.org\/wp-content\/uploads\/aircraft-475409_1280.jpg\" \/>\n\t<meta property=\"og:image:width\" content=\"1280\" \/>\n\t<meta property=\"og:image:height\" content=\"854\" \/>\n\t<meta property=\"og:image:type\" content=\"image\/jpeg\" \/>\n<meta name=\"twitter:card\" content=\"summary_large_image\" \/>\n<meta name=\"twitter:label1\" content=\"Tempo di lettura stimato\" \/>\n\t<meta name=\"twitter:data1\" content=\"4 minuti\" \/>\n<script type=\"application\/ld+json\" class=\"yoast-schema-graph\">{\"@context\":\"https:\\\/\\\/schema.org\",\"@graph\":[{\"@type\":\"WebPage\",\"@id\":\"https:\\\/\\\/travelsmartcampaign.org\\\/library\\\/voyages-daffaires-les-emissions-des-grands-groupes-francais-ont-diminue-dun-tiers-par-rapport-a-2019\\\/\",\"url\":\"https:\\\/\\\/travelsmartcampaign.org\\\/library\\\/voyages-daffaires-les-emissions-des-grands-groupes-francais-ont-diminue-dun-tiers-par-rapport-a-2019\\\/\",\"name\":\"Voyages d\u2019affaires : les \u00e9missions des grands groupes fran\u00e7ais ont diminu\u00e9 d\u2019un tiers par rapport \u00e0 2019 - Travel Smart Campaign\",\"isPartOf\":{\"@id\":\"https:\\\/\\\/travelsmartcampaign.org\\\/#website\"},\"primaryImageOfPage\":{\"@id\":\"https:\\\/\\\/travelsmartcampaign.org\\\/library\\\/voyages-daffaires-les-emissions-des-grands-groupes-francais-ont-diminue-dun-tiers-par-rapport-a-2019\\\/#primaryimage\"},\"image\":{\"@id\":\"https:\\\/\\\/travelsmartcampaign.org\\\/library\\\/voyages-daffaires-les-emissions-des-grands-groupes-francais-ont-diminue-dun-tiers-par-rapport-a-2019\\\/#primaryimage\"},\"thumbnailUrl\":\"https:\\\/\\\/travelsmartcampaign.org\\\/wp-content\\\/uploads\\\/aircraft-475409_1280.jpg\",\"datePublished\":\"2024-05-23T23:01:35+00:00\",\"dateModified\":\"2025-05-14T10:40:28+00:00\",\"breadcrumb\":{\"@id\":\"https:\\\/\\\/travelsmartcampaign.org\\\/library\\\/voyages-daffaires-les-emissions-des-grands-groupes-francais-ont-diminue-dun-tiers-par-rapport-a-2019\\\/#breadcrumb\"},\"inLanguage\":\"it-IT\",\"potentialAction\":[{\"@type\":\"ReadAction\",\"target\":[\"https:\\\/\\\/travelsmartcampaign.org\\\/library\\\/voyages-daffaires-les-emissions-des-grands-groupes-francais-ont-diminue-dun-tiers-par-rapport-a-2019\\\/\"]}]},{\"@type\":\"ImageObject\",\"inLanguage\":\"it-IT\",\"@id\":\"https:\\\/\\\/travelsmartcampaign.org\\\/library\\\/voyages-daffaires-les-emissions-des-grands-groupes-francais-ont-diminue-dun-tiers-par-rapport-a-2019\\\/#primaryimage\",\"url\":\"https:\\\/\\\/travelsmartcampaign.org\\\/wp-content\\\/uploads\\\/aircraft-475409_1280.jpg\",\"contentUrl\":\"https:\\\/\\\/travelsmartcampaign.org\\\/wp-content\\\/uploads\\\/aircraft-475409_1280.jpg\",\"width\":1280,\"height\":854},{\"@type\":\"BreadcrumbList\",\"@id\":\"https:\\\/\\\/travelsmartcampaign.org\\\/library\\\/voyages-daffaires-les-emissions-des-grands-groupes-francais-ont-diminue-dun-tiers-par-rapport-a-2019\\\/#breadcrumb\",\"itemListElement\":[{\"@type\":\"ListItem\",\"position\":1,\"name\":\"Home\",\"item\":\"https:\\\/\\\/travelsmartcampaign.org\\\/\"},{\"@type\":\"ListItem\",\"position\":2,\"name\":\"Voyages d\u2019affaires : les \u00e9missions des grands groupes fran\u00e7ais ont diminu\u00e9 d\u2019un tiers par rapport \u00e0 2019\"}]},{\"@type\":\"WebSite\",\"@id\":\"https:\\\/\\\/travelsmartcampaign.org\\\/#website\",\"url\":\"https:\\\/\\\/travelsmartcampaign.org\\\/\",\"name\":\"Travel Smart\",\"description\":\"\",\"publisher\":{\"@id\":\"https:\\\/\\\/travelsmartcampaign.org\\\/#organization\"},\"potentialAction\":[{\"@type\":\"SearchAction\",\"target\":{\"@type\":\"EntryPoint\",\"urlTemplate\":\"https:\\\/\\\/travelsmartcampaign.org\\\/?s={search_term_string}\"},\"query-input\":{\"@type\":\"PropertyValueSpecification\",\"valueRequired\":true,\"valueName\":\"search_term_string\"}}],\"inLanguage\":\"it-IT\"},{\"@type\":\"Organization\",\"@id\":\"https:\\\/\\\/travelsmartcampaign.org\\\/#organization\",\"name\":\"Travel Smart\",\"url\":\"https:\\\/\\\/travelsmartcampaign.org\\\/\",\"logo\":{\"@type\":\"ImageObject\",\"inLanguage\":\"it-IT\",\"@id\":\"https:\\\/\\\/travelsmartcampaign.org\\\/#\\\/schema\\\/logo\\\/image\\\/\",\"url\":\"https:\\\/\\\/travelsmartcampaign.org\\\/wp-content\\\/uploads\\\/travel-smart-min.jpeg\",\"contentUrl\":\"https:\\\/\\\/travelsmartcampaign.org\\\/wp-content\\\/uploads\\\/travel-smart-min.jpeg\",\"width\":1200,\"height\":690,\"caption\":\"Travel Smart\"},\"image\":{\"@id\":\"https:\\\/\\\/travelsmartcampaign.org\\\/#\\\/schema\\\/logo\\\/image\\\/\"}}]}<\/script>\n<!-- \/ Yoast SEO plugin. -->","yoast_head_json":{"title":"Viaggi d'affari: le emissioni dei grandi gruppi francesi sono diminuite di un terzo rispetto al 2019 - Campagna Travel Smart","robots":{"index":"index","follow":"follow","max-snippet":"max-snippet:-1","max-image-preview":"max-image-preview:large","max-video-preview":"max-video-preview:-1"},"canonical":"https:\/\/travelsmartcampaign.org\/it\/biblioteca\/viaggi-daffaires-les-emissioni-des-grands-groupes-francais-ont-diminue-dun-tiers-par-rapport-a-2019\/","og_locale":"it_IT","og_type":"article","og_title":"Voyages d\u2019affaires : les \u00e9missions des grands groupes fran\u00e7ais ont diminu\u00e9 d\u2019un tiers par rapport \u00e0 2019 - Travel Smart Campaign","og_description":"17 des 18 entreprises fran\u00e7aises analys\u00e9es dans une nouvelle \u00e9tude de la campagne \u2018Travel Smart\u2019 de Transport & Environment maintiennent leurs niveaux de voyages d\u2019affaires plus bas qu\u2019avant le Covid, m\u00eame si beaucoup d\u2019entre elles remontent vite la pente.","og_url":"https:\/\/travelsmartcampaign.org\/it\/biblioteca\/viaggi-daffaires-les-emissioni-des-grands-groupes-francais-ont-diminue-dun-tiers-par-rapport-a-2019\/","og_site_name":"Travel Smart Campaign","article_modified_time":"2025-05-14T10:40:28+00:00","og_image":[{"width":1280,"height":854,"url":"https:\/\/travelsmartcampaign.org\/wp-content\/uploads\/aircraft-475409_1280.jpg","type":"image\/jpeg"}],"twitter_card":"summary_large_image","twitter_misc":{"Tempo di lettura stimato":"4 minuti"},"schema":{"@context":"https:\/\/schema.org","@graph":[{"@type":"WebPage","@id":"https:\/\/travelsmartcampaign.org\/library\/voyages-daffaires-les-emissions-des-grands-groupes-francais-ont-diminue-dun-tiers-par-rapport-a-2019\/","url":"https:\/\/travelsmartcampaign.org\/library\/voyages-daffaires-les-emissions-des-grands-groupes-francais-ont-diminue-dun-tiers-par-rapport-a-2019\/","name":"Viaggi d'affari: le emissioni dei grandi gruppi francesi sono diminuite di un terzo rispetto al 2019 - Campagna Travel Smart","isPartOf":{"@id":"https:\/\/travelsmartcampaign.org\/#website"},"primaryImageOfPage":{"@id":"https:\/\/travelsmartcampaign.org\/library\/voyages-daffaires-les-emissions-des-grands-groupes-francais-ont-diminue-dun-tiers-par-rapport-a-2019\/#primaryimage"},"image":{"@id":"https:\/\/travelsmartcampaign.org\/library\/voyages-daffaires-les-emissions-des-grands-groupes-francais-ont-diminue-dun-tiers-par-rapport-a-2019\/#primaryimage"},"thumbnailUrl":"https:\/\/travelsmartcampaign.org\/wp-content\/uploads\/aircraft-475409_1280.jpg","datePublished":"2024-05-23T23:01:35+00:00","dateModified":"2025-05-14T10:40:28+00:00","breadcrumb":{"@id":"https:\/\/travelsmartcampaign.org\/library\/voyages-daffaires-les-emissions-des-grands-groupes-francais-ont-diminue-dun-tiers-par-rapport-a-2019\/#breadcrumb"},"inLanguage":"it-IT","potentialAction":[{"@type":"ReadAction","target":["https:\/\/travelsmartcampaign.org\/library\/voyages-daffaires-les-emissions-des-grands-groupes-francais-ont-diminue-dun-tiers-par-rapport-a-2019\/"]}]},{"@type":"ImageObject","inLanguage":"it-IT","@id":"https:\/\/travelsmartcampaign.org\/library\/voyages-daffaires-les-emissions-des-grands-groupes-francais-ont-diminue-dun-tiers-par-rapport-a-2019\/#primaryimage","url":"https:\/\/travelsmartcampaign.org\/wp-content\/uploads\/aircraft-475409_1280.jpg","contentUrl":"https:\/\/travelsmartcampaign.org\/wp-content\/uploads\/aircraft-475409_1280.jpg","width":1280,"height":854},{"@type":"BreadcrumbList","@id":"https:\/\/travelsmartcampaign.org\/library\/voyages-daffaires-les-emissions-des-grands-groupes-francais-ont-diminue-dun-tiers-par-rapport-a-2019\/#breadcrumb","itemListElement":[{"@type":"ListItem","position":1,"name":"Home","item":"https:\/\/travelsmartcampaign.org\/"},{"@type":"ListItem","position":2,"name":"Voyages d\u2019affaires : les \u00e9missions des grands groupes fran\u00e7ais ont diminu\u00e9 d\u2019un tiers par rapport \u00e0 2019"}]},{"@type":"WebSite","@id":"https:\/\/travelsmartcampaign.org\/#website","url":"https:\/\/travelsmartcampaign.org\/","name":"Travel Smart","description":"","publisher":{"@id":"https:\/\/travelsmartcampaign.org\/#organization"},"potentialAction":[{"@type":"SearchAction","target":{"@type":"EntryPoint","urlTemplate":"https:\/\/travelsmartcampaign.org\/?s={search_term_string}"},"query-input":{"@type":"PropertyValueSpecification","valueRequired":true,"valueName":"search_term_string"}}],"inLanguage":"it-IT"},{"@type":"Organization","@id":"https:\/\/travelsmartcampaign.org\/#organization","name":"Travel Smart","url":"https:\/\/travelsmartcampaign.org\/","logo":{"@type":"ImageObject","inLanguage":"it-IT","@id":"https:\/\/travelsmartcampaign.org\/#\/schema\/logo\/image\/","url":"https:\/\/travelsmartcampaign.org\/wp-content\/uploads\/travel-smart-min.jpeg","contentUrl":"https:\/\/travelsmartcampaign.org\/wp-content\/uploads\/travel-smart-min.jpeg","width":1200,"height":690,"caption":"Travel Smart"},"image":{"@id":"https:\/\/travelsmartcampaign.org\/#\/schema\/logo\/image\/"}}]}},"_links":{"self":[{"href":"https:\/\/travelsmartcampaign.org\/it\/wp-json\/wp\/v2\/library\/13496","targetHints":{"allow":["GET"]}}],"collection":[{"href":"https:\/\/travelsmartcampaign.org\/it\/wp-json\/wp\/v2\/library"}],"about":[{"href":"https:\/\/travelsmartcampaign.org\/it\/wp-json\/wp\/v2\/types\/library"}],"version-history":[{"count":0,"href":"https:\/\/travelsmartcampaign.org\/it\/wp-json\/wp\/v2\/library\/13496\/revisions"}],"wp:featuredmedia":[{"embeddable":true,"href":"https:\/\/travelsmartcampaign.org\/it\/wp-json\/wp\/v2\/media\/17863"}],"wp:attachment":[{"href":"https:\/\/travelsmartcampaign.org\/it\/wp-json\/wp\/v2\/media?parent=13496"}],"wp:term":[{"taxonomy":"topic","embeddable":true,"href":"https:\/\/travelsmartcampaign.org\/it\/wp-json\/wp\/v2\/topic?post=13496"},{"taxonomy":"visibility","embeddable":true,"href":"https:\/\/travelsmartcampaign.org\/it\/wp-json\/wp\/v2\/visibility?post=13496"},{"taxonomy":"post-country","embeddable":true,"href":"https:\/\/travelsmartcampaign.org\/it\/wp-json\/wp\/v2\/post-country?post=13496"},{"taxonomy":"language","embeddable":true,"href":"https:\/\/travelsmartcampaign.org\/it\/wp-json\/wp\/v2\/language?post=13496"},{"taxonomy":"category-post-type","embeddable":true,"href":"https:\/\/travelsmartcampaign.org\/it\/wp-json\/wp\/v2\/category-post-type?post=13496"}],"curies":[{"name":"wp","href":"https:\/\/api.w.org\/{rel}","templated":true}]}}