{"id":13583,"date":"2024-05-24T00:01:53","date_gmt":"2024-05-23T23:01:53","guid":{"rendered":"http:\/\/travelsmartcampaign.org\/?post_type=library&#038;p=13583"},"modified":"2025-05-14T11:41:30","modified_gmt":"2025-05-14T10:41:30","slug":"emissioni-legate-ai-viaggi-daffari-dei-principali-gruppi-francesi-in-calo-di-un-terzo-rispetto-al-2019","status":"publish","type":"library","link":"https:\/\/travelsmartcampaign.org\/it\/library\/business-travel-emissions-by-major-french-groups-down-by-a-third-compared-with-2019\/","title":{"rendered":"Viaggi d&#039;affari: emissioni dei principali gruppi francesi in calo di un terzo rispetto al 2019"},"content":{"rendered":"<p><span style=\"font-weight: 400;\">Una nuova analisi T&amp;E delle emissioni dei viaggi d&#039;affari di 18 aziende francesi nel 2023 rivela che, in media, hanno ridotto le loro emissioni di un terzo (-33%) nel 2023 rispetto al 2019. Ma alcune di loro si stanno rapidamente avvicinando ai livelli del 2019. Tra queste, Forvia (ex Faurecia), Sanofi e Air Liquide sono tornate a quasi 90% delle loro emissioni del 2019. E questo nonostante il fatto che le aziende abbiano imparato a lavorare con strumenti di collaborazione online e meno voli da quando \u00e8 scoppiato il COVID, e la maggior parte di loro si \u00e8 impegnata a ridurre la propria impronta di carbonio.<\/span><\/p>\n<p><span style=\"font-weight: 400;\">Un&#039;azienda, bioM\u00e9rieux, ha superato i livelli di volo del 2019 (+9%). Allo stesso tempo, afferma che nel 2023 ha fissato un obiettivo di riduzione interna di -10% rispetto alle emissioni di viaggio del 2022, uno sviluppo positivo che dovrebbe aiutare a correggere la sua traiettoria.<\/span><\/p>\n<p><span style=\"font-weight: 400;\">9 delle 18 aziende analizzate hanno fissato obiettivi per ridurre le emissioni dei viaggi d&#039;affari e due aziende sono riuscite a ridurre significativamente i loro voli, che rappresentano la maggior parte delle emissioni dei viaggi d&#039;affari, e hanno mantenuto i bassi livelli di emissioni osservati alla fine della pandemia. Le emissioni dei viaggi d&#039;affari di Dassault nel 2023 sono a -60% rispetto ai livelli del 2019 e quelle di Amundi a -51%. Nel 2022, nove aziende avevano raggiunto questa performance, in gran parte a causa delle restrizioni COVID. Dassault e Amundi hanno obiettivi per ridurre le loro emissioni dei viaggi d&#039;affari.<\/span><\/p>\n<p><img loading=\"lazy\" decoding=\"async\" class=\"alignnone size-full wp-image-16611\" src=\"http:\/\/travelsmartcampaign.org\/wp-content\/uploads\/2-6.png\" alt=\"\" width=\"768\" height=\"1100\" srcset=\"https:\/\/travelsmartcampaign.org\/wp-content\/uploads\/2-6.png 768w, https:\/\/travelsmartcampaign.org\/wp-content\/uploads\/2-6-209x300.png 209w, https:\/\/travelsmartcampaign.org\/wp-content\/uploads\/2-6-715x1024.png 715w, https:\/\/travelsmartcampaign.org\/wp-content\/uploads\/2-6-8x12.png 8w\" sizes=\"auto, (max-width: 768px) 100vw, 768px\" \/><\/p>\n<p><span style=\"font-weight: 400;\">J\u00e9r\u00f4me du Boucher, responsabile dell&#039;aviazione francese, spiega: <\/span><i><span style=\"font-weight: 400;\">&quot;Stiamo assistendo a un preoccupante ritorno di un aumento delle emissioni dei viaggi d&#039;affari in Francia. Sembra che le lezioni della pandemia non siano state apprese. E tuttavia la strada da seguire \u00e8 stata tracciata: pi\u00f9 collaborazione online, pi\u00f9 viaggi in treno e meno in aereo. Sfortunatamente, troppe aziende stanno tornando ad abitudini di volo eccessive, con poca considerazione per il pianeta&quot;.<\/span><\/i><\/p>\n<p><span style=\"font-weight: 400;\">Il governo francese ha recentemente adottato alcune misure incoraggianti per quanto riguarda i viaggi d&#039;affari. Come parte del suo <\/span><a href=\"https:\/\/www.ecologie.gouv.fr\/sites\/default\/files\/22152_Plan-sobriete_DP-2023-if-2.pdf\"><span style=\"font-weight: 400;\">piano di risparmio energetico<\/span><\/a><span style=\"font-weight: 400;\">, ha chiesto alle aziende e ai dipendenti pubblici di viaggiare in treno anzich\u00e9 in aereo per i tragitti che possono essere effettuati in meno di quattro ore, a partire da gennaio 2024. Il governo riconosce anche l&#039;enorme impatto climatico dei trasporti. Ed \u00e8 per questo che la successiva <\/span><a href=\"https:\/\/www.legifrance.gouv.fr\/download\/pdf\/circ?id=45511\"><span style=\"font-weight: 400;\">memorandum sull&#039;impegno dello Stato per la trasformazione ecologica<\/span><\/a><span style=\"font-weight: 400;\"> include l&#039;obiettivo di ridurre i viaggi aerei dei dipendenti di 20% nel 2024 rispetto al 2019 e di aumentare l&#039;ambizione a -30% per il 2027.<\/span><\/p>\n<p><span style=\"font-weight: 400;\">T&amp;E invita le aziende francesi a fare lo stesso e a stabilire obiettivi per ridurre le emissioni dei viaggi d&#039;affari di 50% o pi\u00f9 entro il 2025. Questo obiettivo \u00e8 stato definito sulla base di T&amp;E <\/span><a href=\"https:\/\/www.transportenvironment.org\/assets\/files\/TE-aviation-decarbonisation-roadmap-FINAL.pdf\"><span style=\"font-weight: 400;\">Tabella di marcia verso un\u2019aviazione climaticamente neutrale<\/span><\/a><span style=\"font-weight: 400;\">, che dimostra che \u00e8 necessaria una riduzione complessiva delle emissioni dei viaggi d&#039;affari pari a 50% nel corso di questo decennio, per mantenere l&#039;aviazione su una traiettoria compatibile con la temperatura di 1,5\u00b0C.<\/span><\/p>\n<p>&nbsp;<\/p>","protected":false},"excerpt":{"rendered":"<p>17 of the 18 French companies analysed in a new study by Transport &#038; Environment&#8217;s &#8216;Travel Smart&#8217; campaign have kept their business travel emissions lower than before COVID, although many are quickly creeping back up.<\/p>","protected":false},"featured_media":17863,"template":"","topic":[96,191,190,203],"visibility":[],"post-country":[31],"language":[27],"category-post-type":[28],"class_list":["post-13583","library","type-library","status-publish","has-post-thumbnail","hentry","topic-business-travel","topic-corporate-reporting","topic-emission-tracker","topic-emissions-reduction","post-country-france","language-english","category-post-type-press-release"],"yoast_head":"<!-- This site is optimized with the Yoast SEO plugin v27.5 - https:\/\/yoast.com\/product\/yoast-seo-wordpress\/ -->\n<title>Business travel: emissions by major French groups down by a third compared with 2019 - Travel Smart Campaign<\/title>\n<meta name=\"robots\" content=\"index, follow, max-snippet:-1, max-image-preview:large, max-video-preview:-1\" \/>\n<link rel=\"canonical\" href=\"https:\/\/travelsmartcampaign.org\/it\/biblioteca\/emissioni-legate-ai-viaggi-daffari-dei-principali-gruppi-francesi-in-calo-di-un-terzo-rispetto-al-2019\/\" \/>\n<meta property=\"og:locale\" content=\"it_IT\" \/>\n<meta property=\"og:type\" content=\"article\" \/>\n<meta property=\"og:title\" content=\"Business travel: emissions by major French groups down by a third compared with 2019 - Travel Smart Campaign\" \/>\n<meta property=\"og:description\" content=\"17 of the 18 French companies analysed in a new study by Transport &amp; Environment&#039;s &#039;Travel Smart&#039; campaign have kept their business travel emissions lower than before COVID, although many are quickly creeping back up.\" \/>\n<meta property=\"og:url\" content=\"https:\/\/travelsmartcampaign.org\/it\/biblioteca\/emissioni-legate-ai-viaggi-daffari-dei-principali-gruppi-francesi-in-calo-di-un-terzo-rispetto-al-2019\/\" \/>\n<meta property=\"og:site_name\" content=\"Travel Smart Campaign\" \/>\n<meta property=\"article:modified_time\" content=\"2025-05-14T10:41:30+00:00\" \/>\n<meta property=\"og:image\" content=\"https:\/\/travelsmartcampaign.org\/wp-content\/uploads\/aircraft-475409_1280.jpg\" \/>\n\t<meta property=\"og:image:width\" content=\"1280\" \/>\n\t<meta property=\"og:image:height\" content=\"854\" \/>\n\t<meta property=\"og:image:type\" content=\"image\/jpeg\" \/>\n<meta name=\"twitter:card\" content=\"summary_large_image\" \/>\n<meta name=\"twitter:label1\" content=\"Tempo di lettura stimato\" \/>\n\t<meta name=\"twitter:data1\" content=\"3 minuti\" \/>\n<script type=\"application\/ld+json\" class=\"yoast-schema-graph\">{\"@context\":\"https:\\\/\\\/schema.org\",\"@graph\":[{\"@type\":\"WebPage\",\"@id\":\"https:\\\/\\\/travelsmartcampaign.org\\\/library\\\/business-travel-emissions-by-major-french-groups-down-by-a-third-compared-with-2019\\\/\",\"url\":\"https:\\\/\\\/travelsmartcampaign.org\\\/library\\\/business-travel-emissions-by-major-french-groups-down-by-a-third-compared-with-2019\\\/\",\"name\":\"Business travel: emissions by major French groups down by a third compared with 2019 - Travel Smart Campaign\",\"isPartOf\":{\"@id\":\"https:\\\/\\\/travelsmartcampaign.org\\\/#website\"},\"primaryImageOfPage\":{\"@id\":\"https:\\\/\\\/travelsmartcampaign.org\\\/library\\\/business-travel-emissions-by-major-french-groups-down-by-a-third-compared-with-2019\\\/#primaryimage\"},\"image\":{\"@id\":\"https:\\\/\\\/travelsmartcampaign.org\\\/library\\\/business-travel-emissions-by-major-french-groups-down-by-a-third-compared-with-2019\\\/#primaryimage\"},\"thumbnailUrl\":\"https:\\\/\\\/travelsmartcampaign.org\\\/wp-content\\\/uploads\\\/aircraft-475409_1280.jpg\",\"datePublished\":\"2024-05-23T23:01:53+00:00\",\"dateModified\":\"2025-05-14T10:41:30+00:00\",\"breadcrumb\":{\"@id\":\"https:\\\/\\\/travelsmartcampaign.org\\\/library\\\/business-travel-emissions-by-major-french-groups-down-by-a-third-compared-with-2019\\\/#breadcrumb\"},\"inLanguage\":\"it-IT\",\"potentialAction\":[{\"@type\":\"ReadAction\",\"target\":[\"https:\\\/\\\/travelsmartcampaign.org\\\/library\\\/business-travel-emissions-by-major-french-groups-down-by-a-third-compared-with-2019\\\/\"]}]},{\"@type\":\"ImageObject\",\"inLanguage\":\"it-IT\",\"@id\":\"https:\\\/\\\/travelsmartcampaign.org\\\/library\\\/business-travel-emissions-by-major-french-groups-down-by-a-third-compared-with-2019\\\/#primaryimage\",\"url\":\"https:\\\/\\\/travelsmartcampaign.org\\\/wp-content\\\/uploads\\\/aircraft-475409_1280.jpg\",\"contentUrl\":\"https:\\\/\\\/travelsmartcampaign.org\\\/wp-content\\\/uploads\\\/aircraft-475409_1280.jpg\",\"width\":1280,\"height\":854},{\"@type\":\"BreadcrumbList\",\"@id\":\"https:\\\/\\\/travelsmartcampaign.org\\\/library\\\/business-travel-emissions-by-major-french-groups-down-by-a-third-compared-with-2019\\\/#breadcrumb\",\"itemListElement\":[{\"@type\":\"ListItem\",\"position\":1,\"name\":\"Home\",\"item\":\"https:\\\/\\\/travelsmartcampaign.org\\\/\"},{\"@type\":\"ListItem\",\"position\":2,\"name\":\"Business travel: emissions by major French groups down by a third compared with 2019\"}]},{\"@type\":\"WebSite\",\"@id\":\"https:\\\/\\\/travelsmartcampaign.org\\\/#website\",\"url\":\"https:\\\/\\\/travelsmartcampaign.org\\\/\",\"name\":\"Travel Smart\",\"description\":\"\",\"publisher\":{\"@id\":\"https:\\\/\\\/travelsmartcampaign.org\\\/#organization\"},\"potentialAction\":[{\"@type\":\"SearchAction\",\"target\":{\"@type\":\"EntryPoint\",\"urlTemplate\":\"https:\\\/\\\/travelsmartcampaign.org\\\/?s={search_term_string}\"},\"query-input\":{\"@type\":\"PropertyValueSpecification\",\"valueRequired\":true,\"valueName\":\"search_term_string\"}}],\"inLanguage\":\"it-IT\"},{\"@type\":\"Organization\",\"@id\":\"https:\\\/\\\/travelsmartcampaign.org\\\/#organization\",\"name\":\"Travel Smart\",\"url\":\"https:\\\/\\\/travelsmartcampaign.org\\\/\",\"logo\":{\"@type\":\"ImageObject\",\"inLanguage\":\"it-IT\",\"@id\":\"https:\\\/\\\/travelsmartcampaign.org\\\/#\\\/schema\\\/logo\\\/image\\\/\",\"url\":\"https:\\\/\\\/travelsmartcampaign.org\\\/wp-content\\\/uploads\\\/travel-smart-min.jpeg\",\"contentUrl\":\"https:\\\/\\\/travelsmartcampaign.org\\\/wp-content\\\/uploads\\\/travel-smart-min.jpeg\",\"width\":1200,\"height\":690,\"caption\":\"Travel Smart\"},\"image\":{\"@id\":\"https:\\\/\\\/travelsmartcampaign.org\\\/#\\\/schema\\\/logo\\\/image\\\/\"}}]}<\/script>\n<!-- \/ Yoast SEO plugin. -->","yoast_head_json":{"title":"Viaggi d'affari: le emissioni dei principali gruppi francesi sono diminuite di un terzo rispetto al 2019 - Campagna Travel Smart","robots":{"index":"index","follow":"follow","max-snippet":"max-snippet:-1","max-image-preview":"max-image-preview:large","max-video-preview":"max-video-preview:-1"},"canonical":"https:\/\/travelsmartcampaign.org\/it\/biblioteca\/emissioni-legate-ai-viaggi-daffari-dei-principali-gruppi-francesi-in-calo-di-un-terzo-rispetto-al-2019\/","og_locale":"it_IT","og_type":"article","og_title":"Business travel: emissions by major French groups down by a third compared with 2019 - Travel Smart Campaign","og_description":"17 of the 18 French companies analysed in a new study by Transport & Environment's 'Travel Smart' campaign have kept their business travel emissions lower than before COVID, although many are quickly creeping back up.","og_url":"https:\/\/travelsmartcampaign.org\/it\/biblioteca\/emissioni-legate-ai-viaggi-daffari-dei-principali-gruppi-francesi-in-calo-di-un-terzo-rispetto-al-2019\/","og_site_name":"Travel Smart Campaign","article_modified_time":"2025-05-14T10:41:30+00:00","og_image":[{"width":1280,"height":854,"url":"https:\/\/travelsmartcampaign.org\/wp-content\/uploads\/aircraft-475409_1280.jpg","type":"image\/jpeg"}],"twitter_card":"summary_large_image","twitter_misc":{"Tempo di lettura stimato":"3 minuti"},"schema":{"@context":"https:\/\/schema.org","@graph":[{"@type":"WebPage","@id":"https:\/\/travelsmartcampaign.org\/library\/business-travel-emissions-by-major-french-groups-down-by-a-third-compared-with-2019\/","url":"https:\/\/travelsmartcampaign.org\/library\/business-travel-emissions-by-major-french-groups-down-by-a-third-compared-with-2019\/","name":"Viaggi d'affari: le emissioni dei principali gruppi francesi sono diminuite di un terzo rispetto al 2019 - Campagna Travel Smart","isPartOf":{"@id":"https:\/\/travelsmartcampaign.org\/#website"},"primaryImageOfPage":{"@id":"https:\/\/travelsmartcampaign.org\/library\/business-travel-emissions-by-major-french-groups-down-by-a-third-compared-with-2019\/#primaryimage"},"image":{"@id":"https:\/\/travelsmartcampaign.org\/library\/business-travel-emissions-by-major-french-groups-down-by-a-third-compared-with-2019\/#primaryimage"},"thumbnailUrl":"https:\/\/travelsmartcampaign.org\/wp-content\/uploads\/aircraft-475409_1280.jpg","datePublished":"2024-05-23T23:01:53+00:00","dateModified":"2025-05-14T10:41:30+00:00","breadcrumb":{"@id":"https:\/\/travelsmartcampaign.org\/library\/business-travel-emissions-by-major-french-groups-down-by-a-third-compared-with-2019\/#breadcrumb"},"inLanguage":"it-IT","potentialAction":[{"@type":"ReadAction","target":["https:\/\/travelsmartcampaign.org\/library\/business-travel-emissions-by-major-french-groups-down-by-a-third-compared-with-2019\/"]}]},{"@type":"ImageObject","inLanguage":"it-IT","@id":"https:\/\/travelsmartcampaign.org\/library\/business-travel-emissions-by-major-french-groups-down-by-a-third-compared-with-2019\/#primaryimage","url":"https:\/\/travelsmartcampaign.org\/wp-content\/uploads\/aircraft-475409_1280.jpg","contentUrl":"https:\/\/travelsmartcampaign.org\/wp-content\/uploads\/aircraft-475409_1280.jpg","width":1280,"height":854},{"@type":"BreadcrumbList","@id":"https:\/\/travelsmartcampaign.org\/library\/business-travel-emissions-by-major-french-groups-down-by-a-third-compared-with-2019\/#breadcrumb","itemListElement":[{"@type":"ListItem","position":1,"name":"Home","item":"https:\/\/travelsmartcampaign.org\/"},{"@type":"ListItem","position":2,"name":"Business travel: emissions by major French groups down by a third compared with 2019"}]},{"@type":"WebSite","@id":"https:\/\/travelsmartcampaign.org\/#website","url":"https:\/\/travelsmartcampaign.org\/","name":"Travel Smart","description":"","publisher":{"@id":"https:\/\/travelsmartcampaign.org\/#organization"},"potentialAction":[{"@type":"SearchAction","target":{"@type":"EntryPoint","urlTemplate":"https:\/\/travelsmartcampaign.org\/?s={search_term_string}"},"query-input":{"@type":"PropertyValueSpecification","valueRequired":true,"valueName":"search_term_string"}}],"inLanguage":"it-IT"},{"@type":"Organization","@id":"https:\/\/travelsmartcampaign.org\/#organization","name":"Travel Smart","url":"https:\/\/travelsmartcampaign.org\/","logo":{"@type":"ImageObject","inLanguage":"it-IT","@id":"https:\/\/travelsmartcampaign.org\/#\/schema\/logo\/image\/","url":"https:\/\/travelsmartcampaign.org\/wp-content\/uploads\/travel-smart-min.jpeg","contentUrl":"https:\/\/travelsmartcampaign.org\/wp-content\/uploads\/travel-smart-min.jpeg","width":1200,"height":690,"caption":"Travel Smart"},"image":{"@id":"https:\/\/travelsmartcampaign.org\/#\/schema\/logo\/image\/"}}]}},"_links":{"self":[{"href":"https:\/\/travelsmartcampaign.org\/it\/wp-json\/wp\/v2\/library\/13583","targetHints":{"allow":["GET"]}}],"collection":[{"href":"https:\/\/travelsmartcampaign.org\/it\/wp-json\/wp\/v2\/library"}],"about":[{"href":"https:\/\/travelsmartcampaign.org\/it\/wp-json\/wp\/v2\/types\/library"}],"version-history":[{"count":0,"href":"https:\/\/travelsmartcampaign.org\/it\/wp-json\/wp\/v2\/library\/13583\/revisions"}],"wp:featuredmedia":[{"embeddable":true,"href":"https:\/\/travelsmartcampaign.org\/it\/wp-json\/wp\/v2\/media\/17863"}],"wp:attachment":[{"href":"https:\/\/travelsmartcampaign.org\/it\/wp-json\/wp\/v2\/media?parent=13583"}],"wp:term":[{"taxonomy":"topic","embeddable":true,"href":"https:\/\/travelsmartcampaign.org\/it\/wp-json\/wp\/v2\/topic?post=13583"},{"taxonomy":"visibility","embeddable":true,"href":"https:\/\/travelsmartcampaign.org\/it\/wp-json\/wp\/v2\/visibility?post=13583"},{"taxonomy":"post-country","embeddable":true,"href":"https:\/\/travelsmartcampaign.org\/it\/wp-json\/wp\/v2\/post-country?post=13583"},{"taxonomy":"language","embeddable":true,"href":"https:\/\/travelsmartcampaign.org\/it\/wp-json\/wp\/v2\/language?post=13583"},{"taxonomy":"category-post-type","embeddable":true,"href":"https:\/\/travelsmartcampaign.org\/it\/wp-json\/wp\/v2\/category-post-type?post=13583"}],"curies":[{"name":"wp","href":"https:\/\/api.w.org\/{rel}","templated":true}]}}