{"id":3594,"date":"2022-11-03T00:01:04","date_gmt":"2022-11-02T23:01:04","guid":{"rendered":"http:\/\/travelsmartcampaign.org\/?post_type=library&#038;p=3594"},"modified":"2022-11-02T16:53:14","modified_gmt":"2022-11-02T15:53:14","slug":"umfrage-zum-klimaschutz-beschaftigte-in-deutschland-erwarten-von-unternehmen-klare-masnahmen-zur-reduzierung-von-geschaftsreisen","status":"publish","type":"library","link":"https:\/\/travelsmartcampaign.org\/it\/library\/umfrage-zum-klimaschutz-beschaftigte-in-deutschland-erwarten-von-unternehmen-klare-masnahmen-zur-reduzierung-von-geschaftsreisen\/","title":{"rendered":"Umfrage zum Klimaschutz: Besch\u00e4ftigte in Deutschland erwarten von Unternehmen klare Ma\u00dfnahmen zur Reduzierung von Gesch\u00e4ftsreisen"},"content":{"rendered":"<p><span style=\"font-weight: 400;\">Sieben von zehn Gesch\u00e4ftsreisenden in Deutschland haben ihre Flugreisen seit Beginn der Pandemie eingeschr\u00e4nkt. Noch mehr Besch\u00e4ftigte (75 Prozent) sind der Meinung, dass Unternehmen deutlich mehr tun m\u00fcssen, um Emissionen aus Gesch\u00e4ftsreisen zu reduzieren. Dies sind einige Kernergebnisse einer aktuellen Umfrage der Kampagne Travel Smart, durchgef\u00fchrt von Ipsos unter knapp 2.500 Arbeitnehmer:innen in Deutschland, den USA, Gro\u00dfbritannien, Frankreich und Spanien. Darunter fast 1280 Personen, die per Flugzeug Gesch\u00e4ftsreisen unternehmen (mehr zur Methodik siehe unten).\u00a0<\/span><\/p>\n<p><span style=\"font-weight: 400;\">\u201e<em>Le migliori descrizioni sono molto pi\u00f9 grandi delle mie risorse<\/em>\u201c, ha detto Jacob Rohm, referente per la mobilit\u00e0 climatica presso l&#039;organizzazione dell&#039;ambiente Germanwatch. <em>\u201eGesch\u00e4ftsreisen verursachen rund ein Drittel der abgehenden Fl\u00fcge in Deutschland, hier sind die Unternehmen in der Verantwortung. Sie sollten sich Absolute Emissionslimits und ambizioso Reduktionsziele setzen. Dazu geh\u00f6ren Reiserichtlinien mit dem Ziel, Gesch\u00e4ftsreisen deutlich zu verringern und wann immer m\u00f6glich, auf Fl\u00fcge ganz zu verzichten, denn diese sind mit Abstand die klimasch\u00e4dlichste Art zu reisen.\u201c<\/em><\/span><\/p>\n<p><span style=\"font-weight: 400;\">Diese Forderung wird von einer gro\u00dfen Mehrheit der Besch\u00e4ftigten unterst\u00fctzt: Knapp drei Viertel der Befragten in allen f\u00fcnf L\u00e4ndern sind der Meinung, dass die Verringerung des CO2-Fu\u00dfabdrucks eines Unternehmens insbesondere durch die Anzahl der Gesch\u00e4ftsfl\u00fcge zu reduzieren sei (741 TP56T, in Germania 72%). Rohm: &quot;<em>Durante un volo non si verificano solo le emissioni di CO2 per il clima. L&#039;effetto nullo della CO2 a causa delle emissioni di condensa e delle particelle russe \u00e8 cos\u00ec grosso che l&#039;effetto insito in profondit\u00e0 \u00e8 cos\u00ec alto come le emissioni di CO2. Unternehmen m\u00fcssen die Gesamtklimawirkung in ihre Umweltbilanzen aufnehmen, wenn sie kein Greenwashing betreiben wollen.<\/em>\u201c Auch Verkehrsminister Volker Wissing e Wirtschaftsminister Robert Habeck sind gefordert. <em>\u201eDie Bundesregierung muss sich aktiv f\u00fcr eine Erfassung und Bepreisung der Nicht-CO2-Effekte auf EU-Ebene einsetzen, damit dies endlich f\u00fcr Alle Standard wird.<\/em>\u201c Zu den oft vergessenen Klimasch\u00e4den des Flugverkehrs hat Germanwatch gerade ein Kurzpapier ver\u00f6ffentlicht (Link siehe unten).\u00a0<\/span><\/p>\n<p><span style=\"font-weight: 400;\">Auch um die Bahn als climafreundlichste Mobilit\u00e4tsvariante f\u00fcr Gesch\u00e4ftsreisende attraktiv zu machen, muss die Bundesregierung handeln. \u201e<em>Schnelles und zuverl\u00e4ssiges Internet entlang von Gleisen sollte verpflichtend sein. Gerade im grenz\u00fcberschreitenden Verkehr sollten die Bahnbetreiber jetzt ihre Angebote f\u00fcr neue Verbindungen massiv ausbauen und f\u00fcr besser getaktete Anschl\u00fcsse im Nachbarland sorgen\u201c<\/em>, quindi R\u00f6hm.\u00a0<\/span><\/p>\n<p style=\"text-align: center;\"><strong><a href=\"http:\/\/travelsmartcampaign.org\/wp-content\/uploads\/Travel-Smart-Topline-101922_USPA.docx.pdf\">Die Ipsos-Ergebnisse herunterladen<\/a><\/strong><\/p>\n<p><b>Suggerimenti per le redazioni:<\/b><span style=\"font-weight: 400;\"> Die Umfrage wurde von Travel Smart in Auftrag gegeben. Travel Smart \u00e8 una campagna globale, die vom ONG europea Dachverband Transport &amp; Environment sowie von Stand.earth in Nordamerica, Asia ed Europa geleitet wird e darauf abzielt, die Emissionen von Gesch\u00e4ftsreisen zu reduzieren. L&#039;orologio tedesco \u00e8 Mitglied bei Transport &amp; Environment.\u00a0<\/span><\/p>\n<p><b>Germanwatch Carta corta<\/b><span style=\"font-weight: 400;\"> \u201eDie vergessenen Klimasch\u00e4den des Flugverkehrs\u201c: <\/span><a href=\"https:\/\/www.germanwatch.org\/de\/87362\"><span style=\"font-weight: 400;\">https:\/\/www.germanwatch.org\/de\/87362<\/span><\/a><span style=\"font-weight: 400;\">\u00a0<\/span><\/p>\n<p><b>Altri suggerimenti per la redazione:<\/b><\/p>\n<p><span style=\"font-weight: 400;\">Die Umfrage wurde von Ipsos online unter 2.506 Erwachsenen in f\u00fcnf L\u00e4ndern \u2013 USA, Gro\u00dfbritannien, Frankreich, Deutschland und Spanien \u2013 durchgef\u00fchrt. Um sich f\u00fcr die Umfrage zu qualifizieren, mussten die Befragten Vollzeit in einem Unternehmen mit mindestens 50 Mitarbeitern besch\u00e4ftigt und zwischen 18 und 74 Jahre alt sein. Die Stichprobe der Angestellten wurde weiter untergliedert, um bei einigen Fragen nur Gesch\u00e4ftsreisende zu ber\u00fccksichtigen. Gesch\u00e4ftsreisende in dieser Studie beziehen sich auf diejenigen, die angeben, dass sie vor COVID beruflich geflogen sind oder derzeit beruflich fliegen. Die Stichprobe der Gesch\u00e4ftsreisenden umfasste 1279 persone. Aus Deutschland wurden 501 Arbeitnehmer:innen, davon 271 Gesch\u00e4ftsreisende befragt. Die Befragung wurde zwischen dem 6. e 10. Oktober durchgef\u00fchrt. Eine demografische Gewichtung wurde auf L\u00e4nderebene vorgenommen. Die Umfrage hat ein Kredibilit\u00e4tsintervall von plus\/minus 2,4 Prozent f\u00fcr alle Befragten, von plus\/minus 3,4 Prozent bei den Gesch\u00e4ftsreisenden insgesamt sowie von plus\/minus 7,3 Prozent f\u00fcr die Gesch\u00e4ftsreisenden aus Deutschland.<\/span><\/p>","protected":false},"excerpt":{"rendered":"<p>78 Prozent der deutschen Arbeitnehmer schreiben Unternehmen eine wichtige Rolle im Kampf gegen die Klimakrise zu \/ Klimasch\u00e4den des Flugverkehrs dreimal so gro\u00df wie bisher h\u00e4ufig bilanziert \/ Um gesch\u00e4ftliche Flugreisen zu reduzieren, sehen 69 Prozent Reduktionsziele und klimafreundlichere en als zentral an <\/p>","protected":false},"featured_media":3661,"template":"","topic":[],"visibility":[],"post-country":[32],"language":[39],"category-post-type":[28],"class_list":["post-3594","library","type-library","status-publish","has-post-thumbnail","hentry","post-country-germany","language-german","category-post-type-press-release"],"yoast_head":"<!-- This site is optimized with the Yoast SEO plugin v27.5 - https:\/\/yoast.com\/product\/yoast-seo-wordpress\/ -->\n<title>Umfrage zum Klimaschutz: Besch\u00e4ftigte in Deutschland erwarten von Unternehmen klare Ma\u00dfnahmen zur Reduzierung von Gesch\u00e4ftsreisen - Travel Smart Campaign<\/title>\n<meta name=\"robots\" content=\"index, follow, max-snippet:-1, max-image-preview:large, max-video-preview:-1\" \/>\n<link rel=\"canonical\" href=\"https:\/\/travelsmartcampaign.org\/it\/biblioteca\/umfrage-zum-klimaschutz-beschaftigte-in-deutschland-erwarten-von-unternehmen-klare-masnahmen-zur-reduzierung-von-geschaftsreisen\/\" \/>\n<meta property=\"og:locale\" content=\"it_IT\" \/>\n<meta property=\"og:type\" content=\"article\" \/>\n<meta property=\"og:title\" content=\"Umfrage zum Klimaschutz: Besch\u00e4ftigte in Deutschland erwarten von Unternehmen klare Ma\u00dfnahmen zur Reduzierung von Gesch\u00e4ftsreisen - Travel Smart Campaign\" \/>\n<meta property=\"og:description\" content=\"78 Prozent der deutschen Arbeitnehmer schreiben Unternehmen eine wichtige Rolle im Kampf gegen die Klimakrise zu \/ Klimasch\u00e4den des Flugverkehrs dreimal so gro\u00df wie bisher h\u00e4ufig bilanziert \/ Um gesch\u00e4ftliche Flugreisen zu reduzieren, sehen 69 Prozent Reduktionsziele und klimafreundlichere Reiserichtlinien als zentral an\" \/>\n<meta property=\"og:url\" content=\"https:\/\/travelsmartcampaign.org\/it\/biblioteca\/umfrage-zum-klimaschutz-beschaftigte-in-deutschland-erwarten-von-unternehmen-klare-masnahmen-zur-reduzierung-von-geschaftsreisen\/\" \/>\n<meta property=\"og:site_name\" content=\"Travel Smart Campaign\" \/>\n<meta property=\"og:image\" content=\"https:\/\/travelsmartcampaign.org\/wp-content\/uploads\/pexels-andrea-piacquadio-935743-scaled.jpg\" \/>\n\t<meta property=\"og:image:width\" content=\"2560\" \/>\n\t<meta property=\"og:image:height\" content=\"1707\" \/>\n\t<meta property=\"og:image:type\" content=\"image\/jpeg\" \/>\n<meta name=\"twitter:card\" content=\"summary_large_image\" \/>\n<meta name=\"twitter:label1\" content=\"Tempo di lettura stimato\" \/>\n\t<meta name=\"twitter:data1\" content=\"3 minuti\" \/>\n<script type=\"application\/ld+json\" class=\"yoast-schema-graph\">{\"@context\":\"https:\\\/\\\/schema.org\",\"@graph\":[{\"@type\":\"WebPage\",\"@id\":\"https:\\\/\\\/travelsmartcampaign.org\\\/library\\\/umfrage-zum-klimaschutz-beschaftigte-in-deutschland-erwarten-von-unternehmen-klare-masnahmen-zur-reduzierung-von-geschaftsreisen\\\/\",\"url\":\"https:\\\/\\\/travelsmartcampaign.org\\\/library\\\/umfrage-zum-klimaschutz-beschaftigte-in-deutschland-erwarten-von-unternehmen-klare-masnahmen-zur-reduzierung-von-geschaftsreisen\\\/\",\"name\":\"Umfrage zum Klimaschutz: Besch\u00e4ftigte in Deutschland erwarten von Unternehmen klare Ma\u00dfnahmen zur Reduzierung von Gesch\u00e4ftsreisen - Travel Smart Campaign\",\"isPartOf\":{\"@id\":\"https:\\\/\\\/travelsmartcampaign.org\\\/#website\"},\"primaryImageOfPage\":{\"@id\":\"https:\\\/\\\/travelsmartcampaign.org\\\/library\\\/umfrage-zum-klimaschutz-beschaftigte-in-deutschland-erwarten-von-unternehmen-klare-masnahmen-zur-reduzierung-von-geschaftsreisen\\\/#primaryimage\"},\"image\":{\"@id\":\"https:\\\/\\\/travelsmartcampaign.org\\\/library\\\/umfrage-zum-klimaschutz-beschaftigte-in-deutschland-erwarten-von-unternehmen-klare-masnahmen-zur-reduzierung-von-geschaftsreisen\\\/#primaryimage\"},\"thumbnailUrl\":\"https:\\\/\\\/travelsmartcampaign.org\\\/wp-content\\\/uploads\\\/pexels-andrea-piacquadio-935743-scaled.jpg\",\"datePublished\":\"2022-11-02T23:01:04+00:00\",\"breadcrumb\":{\"@id\":\"https:\\\/\\\/travelsmartcampaign.org\\\/library\\\/umfrage-zum-klimaschutz-beschaftigte-in-deutschland-erwarten-von-unternehmen-klare-masnahmen-zur-reduzierung-von-geschaftsreisen\\\/#breadcrumb\"},\"inLanguage\":\"it-IT\",\"potentialAction\":[{\"@type\":\"ReadAction\",\"target\":[\"https:\\\/\\\/travelsmartcampaign.org\\\/library\\\/umfrage-zum-klimaschutz-beschaftigte-in-deutschland-erwarten-von-unternehmen-klare-masnahmen-zur-reduzierung-von-geschaftsreisen\\\/\"]}]},{\"@type\":\"ImageObject\",\"inLanguage\":\"it-IT\",\"@id\":\"https:\\\/\\\/travelsmartcampaign.org\\\/library\\\/umfrage-zum-klimaschutz-beschaftigte-in-deutschland-erwarten-von-unternehmen-klare-masnahmen-zur-reduzierung-von-geschaftsreisen\\\/#primaryimage\",\"url\":\"https:\\\/\\\/travelsmartcampaign.org\\\/wp-content\\\/uploads\\\/pexels-andrea-piacquadio-935743-scaled.jpg\",\"contentUrl\":\"https:\\\/\\\/travelsmartcampaign.org\\\/wp-content\\\/uploads\\\/pexels-andrea-piacquadio-935743-scaled.jpg\",\"width\":2560,\"height\":1707},{\"@type\":\"BreadcrumbList\",\"@id\":\"https:\\\/\\\/travelsmartcampaign.org\\\/library\\\/umfrage-zum-klimaschutz-beschaftigte-in-deutschland-erwarten-von-unternehmen-klare-masnahmen-zur-reduzierung-von-geschaftsreisen\\\/#breadcrumb\",\"itemListElement\":[{\"@type\":\"ListItem\",\"position\":1,\"name\":\"Home\",\"item\":\"https:\\\/\\\/travelsmartcampaign.org\\\/\"},{\"@type\":\"ListItem\",\"position\":2,\"name\":\"Umfrage zum Klimaschutz: Besch\u00e4ftigte in Deutschland erwarten von Unternehmen klare Ma\u00dfnahmen zur Reduzierung von Gesch\u00e4ftsreisen\"}]},{\"@type\":\"WebSite\",\"@id\":\"https:\\\/\\\/travelsmartcampaign.org\\\/#website\",\"url\":\"https:\\\/\\\/travelsmartcampaign.org\\\/\",\"name\":\"Travel Smart\",\"description\":\"\",\"publisher\":{\"@id\":\"https:\\\/\\\/travelsmartcampaign.org\\\/#organization\"},\"potentialAction\":[{\"@type\":\"SearchAction\",\"target\":{\"@type\":\"EntryPoint\",\"urlTemplate\":\"https:\\\/\\\/travelsmartcampaign.org\\\/?s={search_term_string}\"},\"query-input\":{\"@type\":\"PropertyValueSpecification\",\"valueRequired\":true,\"valueName\":\"search_term_string\"}}],\"inLanguage\":\"it-IT\"},{\"@type\":\"Organization\",\"@id\":\"https:\\\/\\\/travelsmartcampaign.org\\\/#organization\",\"name\":\"Travel Smart\",\"url\":\"https:\\\/\\\/travelsmartcampaign.org\\\/\",\"logo\":{\"@type\":\"ImageObject\",\"inLanguage\":\"it-IT\",\"@id\":\"https:\\\/\\\/travelsmartcampaign.org\\\/#\\\/schema\\\/logo\\\/image\\\/\",\"url\":\"https:\\\/\\\/travelsmartcampaign.org\\\/wp-content\\\/uploads\\\/travel-smart-min.jpeg\",\"contentUrl\":\"https:\\\/\\\/travelsmartcampaign.org\\\/wp-content\\\/uploads\\\/travel-smart-min.jpeg\",\"width\":1200,\"height\":690,\"caption\":\"Travel Smart\"},\"image\":{\"@id\":\"https:\\\/\\\/travelsmartcampaign.org\\\/#\\\/schema\\\/logo\\\/image\\\/\"}}]}<\/script>\n<!-- \/ Yoast SEO plugin. -->","yoast_head_json":{"title":"Sondaggio sulla protezione del clima: i lavoratori in Germania si aspettano dalle aziende misure chiare per ridurre i viaggi di lavoro - Campagna Travel Smart","robots":{"index":"index","follow":"follow","max-snippet":"max-snippet:-1","max-image-preview":"max-image-preview:large","max-video-preview":"max-video-preview:-1"},"canonical":"https:\/\/travelsmartcampaign.org\/it\/biblioteca\/umfrage-zum-klimaschutz-beschaftigte-in-deutschland-erwarten-von-unternehmen-klare-masnahmen-zur-reduzierung-von-geschaftsreisen\/","og_locale":"it_IT","og_type":"article","og_title":"Umfrage zum Klimaschutz: Besch\u00e4ftigte in Deutschland erwarten von Unternehmen klare Ma\u00dfnahmen zur Reduzierung von Gesch\u00e4ftsreisen - Travel Smart Campaign","og_description":"78 Prozent der deutschen Arbeitnehmer schreiben Unternehmen eine wichtige Rolle im Kampf gegen die Klimakrise zu \/ Klimasch\u00e4den des Flugverkehrs dreimal so gro\u00df wie bisher h\u00e4ufig bilanziert \/ Um gesch\u00e4ftliche Flugreisen zu reduzieren, sehen 69 Prozent Reduktionsziele und klimafreundlichere Reiserichtlinien als zentral an","og_url":"https:\/\/travelsmartcampaign.org\/it\/biblioteca\/umfrage-zum-klimaschutz-beschaftigte-in-deutschland-erwarten-von-unternehmen-klare-masnahmen-zur-reduzierung-von-geschaftsreisen\/","og_site_name":"Travel Smart Campaign","og_image":[{"width":2560,"height":1707,"url":"https:\/\/travelsmartcampaign.org\/wp-content\/uploads\/pexels-andrea-piacquadio-935743-scaled.jpg","type":"image\/jpeg"}],"twitter_card":"summary_large_image","twitter_misc":{"Tempo di lettura stimato":"3 minuti"},"schema":{"@context":"https:\/\/schema.org","@graph":[{"@type":"WebPage","@id":"https:\/\/travelsmartcampaign.org\/library\/umfrage-zum-klimaschutz-beschaftigte-in-deutschland-erwarten-von-unternehmen-klare-masnahmen-zur-reduzierung-von-geschaftsreisen\/","url":"https:\/\/travelsmartcampaign.org\/library\/umfrage-zum-klimaschutz-beschaftigte-in-deutschland-erwarten-von-unternehmen-klare-masnahmen-zur-reduzierung-von-geschaftsreisen\/","name":"Sondaggio sulla protezione del clima: i lavoratori in Germania si aspettano dalle aziende misure chiare per ridurre i viaggi di lavoro - Campagna Travel Smart","isPartOf":{"@id":"https:\/\/travelsmartcampaign.org\/#website"},"primaryImageOfPage":{"@id":"https:\/\/travelsmartcampaign.org\/library\/umfrage-zum-klimaschutz-beschaftigte-in-deutschland-erwarten-von-unternehmen-klare-masnahmen-zur-reduzierung-von-geschaftsreisen\/#primaryimage"},"image":{"@id":"https:\/\/travelsmartcampaign.org\/library\/umfrage-zum-klimaschutz-beschaftigte-in-deutschland-erwarten-von-unternehmen-klare-masnahmen-zur-reduzierung-von-geschaftsreisen\/#primaryimage"},"thumbnailUrl":"https:\/\/travelsmartcampaign.org\/wp-content\/uploads\/pexels-andrea-piacquadio-935743-scaled.jpg","datePublished":"2022-11-02T23:01:04+00:00","breadcrumb":{"@id":"https:\/\/travelsmartcampaign.org\/library\/umfrage-zum-klimaschutz-beschaftigte-in-deutschland-erwarten-von-unternehmen-klare-masnahmen-zur-reduzierung-von-geschaftsreisen\/#breadcrumb"},"inLanguage":"it-IT","potentialAction":[{"@type":"ReadAction","target":["https:\/\/travelsmartcampaign.org\/library\/umfrage-zum-klimaschutz-beschaftigte-in-deutschland-erwarten-von-unternehmen-klare-masnahmen-zur-reduzierung-von-geschaftsreisen\/"]}]},{"@type":"ImageObject","inLanguage":"it-IT","@id":"https:\/\/travelsmartcampaign.org\/library\/umfrage-zum-klimaschutz-beschaftigte-in-deutschland-erwarten-von-unternehmen-klare-masnahmen-zur-reduzierung-von-geschaftsreisen\/#primaryimage","url":"https:\/\/travelsmartcampaign.org\/wp-content\/uploads\/pexels-andrea-piacquadio-935743-scaled.jpg","contentUrl":"https:\/\/travelsmartcampaign.org\/wp-content\/uploads\/pexels-andrea-piacquadio-935743-scaled.jpg","width":2560,"height":1707},{"@type":"BreadcrumbList","@id":"https:\/\/travelsmartcampaign.org\/library\/umfrage-zum-klimaschutz-beschaftigte-in-deutschland-erwarten-von-unternehmen-klare-masnahmen-zur-reduzierung-von-geschaftsreisen\/#breadcrumb","itemListElement":[{"@type":"ListItem","position":1,"name":"Home","item":"https:\/\/travelsmartcampaign.org\/"},{"@type":"ListItem","position":2,"name":"Umfrage zum Klimaschutz: Besch\u00e4ftigte in Deutschland erwarten von Unternehmen klare Ma\u00dfnahmen zur Reduzierung von Gesch\u00e4ftsreisen"}]},{"@type":"WebSite","@id":"https:\/\/travelsmartcampaign.org\/#website","url":"https:\/\/travelsmartcampaign.org\/","name":"Travel Smart","description":"","publisher":{"@id":"https:\/\/travelsmartcampaign.org\/#organization"},"potentialAction":[{"@type":"SearchAction","target":{"@type":"EntryPoint","urlTemplate":"https:\/\/travelsmartcampaign.org\/?s={search_term_string}"},"query-input":{"@type":"PropertyValueSpecification","valueRequired":true,"valueName":"search_term_string"}}],"inLanguage":"it-IT"},{"@type":"Organization","@id":"https:\/\/travelsmartcampaign.org\/#organization","name":"Travel Smart","url":"https:\/\/travelsmartcampaign.org\/","logo":{"@type":"ImageObject","inLanguage":"it-IT","@id":"https:\/\/travelsmartcampaign.org\/#\/schema\/logo\/image\/","url":"https:\/\/travelsmartcampaign.org\/wp-content\/uploads\/travel-smart-min.jpeg","contentUrl":"https:\/\/travelsmartcampaign.org\/wp-content\/uploads\/travel-smart-min.jpeg","width":1200,"height":690,"caption":"Travel Smart"},"image":{"@id":"https:\/\/travelsmartcampaign.org\/#\/schema\/logo\/image\/"}}]}},"_links":{"self":[{"href":"https:\/\/travelsmartcampaign.org\/it\/wp-json\/wp\/v2\/library\/3594","targetHints":{"allow":["GET"]}}],"collection":[{"href":"https:\/\/travelsmartcampaign.org\/it\/wp-json\/wp\/v2\/library"}],"about":[{"href":"https:\/\/travelsmartcampaign.org\/it\/wp-json\/wp\/v2\/types\/library"}],"version-history":[{"count":0,"href":"https:\/\/travelsmartcampaign.org\/it\/wp-json\/wp\/v2\/library\/3594\/revisions"}],"wp:featuredmedia":[{"embeddable":true,"href":"https:\/\/travelsmartcampaign.org\/it\/wp-json\/wp\/v2\/media\/3661"}],"wp:attachment":[{"href":"https:\/\/travelsmartcampaign.org\/it\/wp-json\/wp\/v2\/media?parent=3594"}],"wp:term":[{"taxonomy":"topic","embeddable":true,"href":"https:\/\/travelsmartcampaign.org\/it\/wp-json\/wp\/v2\/topic?post=3594"},{"taxonomy":"visibility","embeddable":true,"href":"https:\/\/travelsmartcampaign.org\/it\/wp-json\/wp\/v2\/visibility?post=3594"},{"taxonomy":"post-country","embeddable":true,"href":"https:\/\/travelsmartcampaign.org\/it\/wp-json\/wp\/v2\/post-country?post=3594"},{"taxonomy":"language","embeddable":true,"href":"https:\/\/travelsmartcampaign.org\/it\/wp-json\/wp\/v2\/language?post=3594"},{"taxonomy":"category-post-type","embeddable":true,"href":"https:\/\/travelsmartcampaign.org\/it\/wp-json\/wp\/v2\/category-post-type?post=3594"}],"curies":[{"name":"wp","href":"https:\/\/api.w.org\/{rel}","templated":true}]}}