{"id":6539,"date":"2023-03-15T00:01:50","date_gmt":"2023-03-14T23:01:50","guid":{"rendered":"http:\/\/travelsmartcampaign.org\/?post_type=library&#038;p=6539"},"modified":"2023-03-15T10:26:18","modified_gmt":"2023-03-15T09:26:18","slug":"le-multinazionali-belghe-non-propongono-piani-credibili-relativi-alla-riduzione-delle-emissioni-dei-loro-volumi-daffari","status":"publish","type":"library","link":"https:\/\/travelsmartcampaign.org\/it\/library\/les-multinationales-belges-ne-proposent-pas-de-plans-credibles-relatifs-a-la-reduction-des-emissions-de-leurs-vols-daffaires\/","title":{"rendered":"Le multinazionali belghe non propongono piani credibili relativi alla riduzione delle emissioni dei loro volumi d&#039;affari"},"content":{"rendered":"<p><strong>Aucune entreprise belge figurant dans la deuxi\u00e8me \u00e9dition d&#039;un <a href=\"http:\/\/travelsmartcampaign.org\/it\/ranking\/\">classificazione<\/a> sur les Voyages d&#039;affaires r\u00e9alis\u00e9 par\u00a0<\/strong><em><b>La campagna Travel Smart<\/b><\/em><strong>, non \u00e8 un obiettivo fisso di riduzione delle emissioni legate ai viaggi d&#039;affari. La maggior parte delle imprese belghe non si affaccia sulla \u201cparte immersa dell&#039;iceberg\u201d delle emissioni \u201cnon CO<\/strong><strong>2<\/strong><strong>\u201d associati ai loro spostamenti aerei. Spiegazioni.<\/strong><\/p>\n<p><img loading=\"lazy\" decoding=\"async\" class=\"alignnone size-large wp-image-6545\" src=\"http:\/\/travelsmartcampaign.org\/wp-content\/uploads\/Original_Infographic-2-Ranking-card-for-companies-11-1-1024x576.png\" alt=\"\" width=\"800\" height=\"450\" srcset=\"https:\/\/travelsmartcampaign.org\/wp-content\/uploads\/Original_Infographic-2-Ranking-card-for-companies-11-1-1024x576.png 1024w, https:\/\/travelsmartcampaign.org\/wp-content\/uploads\/Original_Infographic-2-Ranking-card-for-companies-11-1-300x169.png 300w, https:\/\/travelsmartcampaign.org\/wp-content\/uploads\/Original_Infographic-2-Ranking-card-for-companies-11-1-768x432.png 768w, https:\/\/travelsmartcampaign.org\/wp-content\/uploads\/Original_Infographic-2-Ranking-card-for-companies-11-1-1536x864.png 1536w, https:\/\/travelsmartcampaign.org\/wp-content\/uploads\/Original_Infographic-2-Ranking-card-for-companies-11-1-18x10.png 18w, https:\/\/travelsmartcampaign.org\/wp-content\/uploads\/Original_Infographic-2-Ranking-card-for-companies-11-1.png 1920w\" sizes=\"auto, (max-width: 800px) 100vw, 800px\" \/><\/p>\n<p>Al livello mondiale, solo 50 imprese su 322 classi hanno un obiettivo di riduzione delle emissioni legate ai viaggi d&#039;affari. Per quanto riguarda le imprese che sono fissate per un obiettivo, solo quattro di loro ottengono la &quot;norma d&#039;oro&quot;, cio\u00e8 dichiarano le loro emissioni nei trasporti aerei e si impegnano a ridurre le emissioni 50 % ou plus, d&#039;ici \u00e0 2025 ou avant. Il s&#039;agit de Novo Nordisk (industrie pharmaceutique, Danimarca), Swiss Re (finanza, Svizzera), Fidelity International (finanza, Royaume-Uni) e ABN Amro (finanza, Pays-Bas).<\/p>\n<p>Dans leur bilan \u2013 r\u00e9alis\u00e9 pour la premi\u00e8re fois \u2013 des d\u00e9clarations des \u00e9missions \u201cnon CO2\u201d lies aux vols d&#039;affaires, le classment r\u00e9v\u00e8le que deux entreprises belges montrent la voie en d\u00e9clarant toutes les emissioni di gas \u00e0 effet de serre associ\u00e9es aux vols d &#039;affaires: l&#039;entreprise pharmaceutique UCB et l&#039;entreprise technologique Barco NV, qui ont montr\u00e9 l&#039;exmple en tenant compte de l&#039;impact total des vols dans leurs rapports.<\/p>\n<p>In effetti, l&#039;impatto climatico dei volumi d&#039;affari non \u00e8 limitato alle emissioni di CO2. Oltre alla CO2, i motori dell&#039;aviazione emettono altri gas \u2013 ossidi di azoto, diossido di zolfo e acqua \u2013 cos\u00ec come le particelle (suie). Queste emissioni sono comuni alle emissioni \u00abnon CO2\u00bb, et\u00a0<a href=\"https:\/\/www.canopea.be\/?mailpoet_router&amp;endpoint=track&amp;action=click&amp;data=WyI5NzAxIiwiNzc0NTM1IiwiNDA3IiwiNGM0OTAyZGI0ZDIyIixmYWxzZV0\" data-saferedirecturl=\"https:\/\/www.google.com\/url?q=https:\/\/www.canopea.be?mailpoet_router%26endpoint%3Dtrack%26action%3Dclick%26data%3DWyI5NzAxIiwiNzc0NTM1IiwiNDA3IiwiNGM0OTAyZGI0ZDIyIixmYWxzZV0&amp;source=gmail&amp;ust=1678876078942000&amp;usg=AOvVaw1D-kn5JxnJV3LPfFciBtqA\">in stima<\/a>\u00a0qu&#039;elles sont responsables des deux tiers du d\u00e9r\u00e8glement climatique total d\u00fb aux vols. Tuttavia, molte aziende riflettono l&#039;impatto totale dei volumi d&#039;affari calcolando gli effetti \u00abnon CO2\u00bb.<\/p>\n<p>Marie Spaey, incaricata della missione Tourisme chez\u00a0<a href=\"https:\/\/www.canopea.be\/?mailpoet_router&amp;endpoint=track&amp;action=click&amp;data=WyI5NzAxIiwiNzc0NTM1IiwiNDA3IiwiZThmMDkyYzRlYTI2IixmYWxzZV0\" target=\"_blank\" rel=\"noopener\" data-saferedirecturl=\"https:\/\/www.google.com\/url?q=https:\/\/www.canopea.be?mailpoet_router%26endpoint%3Dtrack%26action%3Dclick%26data%3DWyI5NzAxIiwiNzc0NTM1IiwiNDA3IiwiZThmMDkyYzRlYTI2IixmYWxzZV0&amp;source=gmail&amp;ust=1678876078942000&amp;usg=AOvVaw2AqvLip28ijPGYxXA4ypvj\">Canopea<\/a>, dichiarare: \u201c<em>Le emissioni dovute ai viaggi d&#039;affari sono spesso responsabili di una grande parte dell&#039;impatto climatico di un&#039;impresa. Nel ridurre, le imprese possono davvero progredire nella lotta contro il cambiamento climatico. Tuttavia, da numerose imprese non manca ancora una conoscenza precisa dell&#039;impatto climatico dei loro viaggi d&#039;affari. Solo alcuni leader di classe si allineano alla scienza dichiarando le emissioni diverse da quelle del CO<\/em><em>2<\/em><em>\u00a0\u2013 la parte immersa dell&#039;iceberg dell&#039;impatto totale dell&#039;aviazione sul clima.<\/em>&#8221;<\/p>\n<p>Volkswagen, KPMG e Johnson &amp; Johnson sono i tre principali esponenti della classe\u00a0<em>Travel Smart<\/em>, non sono fissati obiettivi di riduzione delle emissioni legate ai viaggi d&#039;affari. Mas l&#039;analyse montre qu&#039;il \u00e8 possibile e necessario fissare gli obiettivi, come non fatto dalle imprese di taglia e da settori simili come Deloitte e AstraZeneca.<\/p>\n<p><a href=\"http:\/\/travelsmartcampaign.org\/it\/biblioteca\/briefing-di-viaggio-intelligente-2023\/\">Lo studio<\/a> montre que se 10 % des imprese \u2013 i pi\u00f9 grandi emittenti di classe \u2013 se fissati obiettivi di riduzione di 50 %, cela permettrait de faire la met\u00e0 del cammino per raggiungere l&#039;obiettivo mondiale di -50 % des emissioni li\u00e9es ai viaggi d&#039; affari nell&#039;avion d&#039;ici 2025. La r\u00e9duction des \u00e9missions de l&#039;aviation est aujourd&#039;hui plus cruciale que jamais, si nous voulons limiter le r\u00e9chauffement climatique \u00e0 1,5\u00b0C.<\/p>\n<p>Pour la d\u00e9cennie critica qui nous s\u00e9pare de 2030, le meilleur moyen de r\u00e9duire les emissioni dell&#039;aviation est de prendre moins l&#039;avion, car l&#039;av\u00e8nement des carburants durevoli et des avions \u00e0 emissioni nulles n&#039;est -\u00e0 l&#039;heure attuale\u00bb si aspetta l&#039;aprile 2030, tanto che \u00e8 chiaro che la compensazione non pu\u00f2 essere sostituita dalla riduzione delle emissioni.<\/p>\n<p>La campagna\u00a0<em>Travel Smart<\/em>\u00a0invitare le imprese a fissare obiettivi ambiziosi per ridurre le emissioni li\u00e9es nei viaggi d&#039;affari, a sostituire l&#039;aereo con il treno quando \u00e8 possibile e a privilegiare la videoconferenza per sostituire i voli di lunga durata.<\/p>\n<p>Marie Spaey conclude: \u00ab <em>Una politica di viaggi durevoli, che int\u00e8gre notamment il ruolo delle riunioni in linea e dei luoghi di riunione di prossimit\u00e0, presente\u00a0<a href=\"https:\/\/www.canopea.be\/?mailpoet_router&amp;endpoint=track&amp;action=click&amp;data=WyI5NzAxIiwiNzc0NTM1IiwiNDA3IiwiODQ3ZDE5MDJjYTc3IixmYWxzZV0\" data-saferedirecturl=\"https:\/\/www.google.com\/url?q=https:\/\/www.canopea.be?mailpoet_router%26endpoint%3Dtrack%26action%3Dclick%26data%3DWyI5NzAxIiwiNzc0NTM1IiwiNDA3IiwiODQ3ZDE5MDJjYTc3IixmYWxzZV0&amp;source=gmail&amp;ust=1678876078942000&amp;usg=AOvVaw0l50lRnppMDJhXeyc3bndt\">numerosi vantaggi per un&#039;impresa<\/a>\u00a0: non solo un&#039;impronta di carbone pi\u00f9 debole, ma anche un guadagno di tempo, un vantaggio di benessere e una riduzione dei costi<\/em>\u00a0\u00bb.<\/p>\n<p><strong>A proposito della campagna <\/strong><em><strong>Travel Smart<\/strong><\/em><strong>\u00a0e della classificazione:<\/strong>\u00a0<a href=\"https:\/\/www.canopea.be\/?mailpoet_router&amp;endpoint=track&amp;action=click&amp;data=WyI5NzAxIiwiNzc0NTM1IiwiNDA3IiwiOGVjZjJjYmI3MmQyIixmYWxzZV0\" data-saferedirecturl=\"https:\/\/www.google.com\/url?q=https:\/\/www.canopea.be?mailpoet_router%26endpoint%3Dtrack%26action%3Dclick%26data%3DWyI5NzAxIiwiNzc0NTM1IiwiNDA3IiwiOGVjZjJjYmI3MmQyIixmYWxzZV0&amp;source=gmail&amp;ust=1678876078942000&amp;usg=AOvVaw0L_CWmQa5HJUbFMBbkB7J_\">Transport &amp; Environment<\/a>, in collaborazione con una coalizione di partenaires sur le plan international, ha lanciato la campagna Travel Smart nel 2022 con l&#039;edizione annuale d&#039;un classificament des entreprises sur les pratiche durevoli in materia di viaggi d&#039;affari. La campagna s&#039;adresse aux entreprises, l&#039;objectif \u00e9tant qu&#039;elles r\u00e9duisent leurs \u00e9missions li\u00e9es aux Voyages d&#039;affaires de 50 % ou plus, d&#039;ici 2025 ou plus t\u00f4t, par rapport aux niveaux ant\u00e9rieurs \u00e0 la crise du Covid.<\/p>\n<p>Il\u00a0<em>Classifica Travel Smart<\/em>\u00a0classe 322 entreprises am\u00e9ricaines, europ\u00e9ennes et indiennes in funzione di 10 indicatori relativi alle emissioni dei viaggi aerei, agli obiettivi di riduzione delle emissioni e al reporting. Au sein des 17 pays du classment, les enterprises dont le personal travel le plus en avion sont responsables d&#039;une part important des Voyages d&#039;affaires dans le monde. L&#039;analisi mette in luce gli sforzi importanti che alcune imprese internazionali devono ancora consentire di ridurre le emissioni dei loro viaggi d&#039;affari. Les entreprises se voient attribuer une note de A, B, C ou D. Dans l&#039;\u00e9dition de cette ann\u00e9e, 11 entreprises ont obtenu la note A, 3 la note B, tandis que l&#039;\u00e9crasante majorit\u00e9 (212) a re\u00e7u la note C et 6 entreprises ont vu la note D accol\u00e9e \u00e0 leur nom.<\/p>\n<p>Per accelerare la transizione in materia di viaggi d&#039;affari, Canopea partecipa allo sviluppo di una coalizione per viaggi d&#039;affari durevoli in Belgio, riunita da organizzazioni all&#039;avanguardia che si impegnano a ridurre al minimo l&#039;impatto ambientale e climatico dei nostri giorni viaggi d&#039;affari. Attualmente, la maggior parte delle organizzazioni coinvolte in questa coalizione sono universit\u00e0 o alte scuole, le squadre si mostrano esemplari e possono ispirare le imprese di alcune delle loro pratiche. Le federazioni di imprese o le agenzie di viaggio hanno un ruolo chiave nel gioco. La Confederazione belga di viaggio (f\u00e9d\u00e9ration de toutes les associazioni belges attive nel settore del viaggio), per esempio, per l&#039;importanza di accompagnare le agenzie di viaggio per cambiare progressivamente le pratiche per un premio migliore in termini di clima e di l&#039;ambiente durante i viaggi d&#039;affari.<\/p>\n<table style=\"font-weight: 400;\" width=\"100%\">\n<tbody>\n<tr>\n<td><\/td>\n<\/tr>\n<\/tbody>\n<\/table>","protected":false},"excerpt":{"rendered":"<p>Nessuna impresa belga presente nella seconda edizione di una classifica sui viaggi d'affari realizzata da The Travel Smart Campaign ha fissato un obiettivo di riduzione delle proprie emissioni legate ai viaggi d'affari.<\/p>","protected":false},"featured_media":3318,"template":"","topic":[],"visibility":[],"post-country":[30],"language":[38],"category-post-type":[28],"class_list":["post-6539","library","type-library","status-publish","has-post-thumbnail","hentry","post-country-belgium","language-french","category-post-type-press-release"],"yoast_head":"<!-- This site is optimized with the Yoast SEO plugin v27.5 - https:\/\/yoast.com\/product\/yoast-seo-wordpress\/ -->\n<title>Les multinationales belges ne proposent pas de plans cr\u00e9dibles relatifs \u00e0 la r\u00e9duction des \u00e9missions de leurs vols d&#039;affaires - Travel Smart Campaign<\/title>\n<meta name=\"robots\" content=\"index, follow, max-snippet:-1, max-image-preview:large, max-video-preview:-1\" \/>\n<link rel=\"canonical\" href=\"https:\/\/travelsmartcampaign.org\/it\/biblioteca\/le-multinazionali-belghe-non-propongono-piani-credibili-relativi-alla-riduzione-delle-emissioni-dei-loro-volumi-daffari\/\" \/>\n<meta property=\"og:locale\" content=\"it_IT\" \/>\n<meta property=\"og:type\" content=\"article\" \/>\n<meta property=\"og:title\" content=\"Les multinationales belges ne proposent pas de plans cr\u00e9dibles relatifs \u00e0 la r\u00e9duction des \u00e9missions de leurs vols d&#039;affaires - Travel Smart Campaign\" \/>\n<meta property=\"og:description\" content=\"Aucune entreprise belge figurant dans la deuxi\u00e8me \u00e9dition d&#039;un classement sur les voyages d&#039;affaires r\u00e9alis\u00e9 par The Travel Smart Campaign, n&#039;a fix\u00e9 d&#039;objectif de r\u00e9duction de ses \u00e9missions li\u00e9es aux voyages d&#039;affaires.\" \/>\n<meta property=\"og:url\" content=\"https:\/\/travelsmartcampaign.org\/it\/biblioteca\/le-multinazionali-belghe-non-propongono-piani-credibili-relativi-alla-riduzione-delle-emissioni-dei-loro-volumi-daffari\/\" \/>\n<meta property=\"og:site_name\" content=\"Travel Smart Campaign\" \/>\n<meta property=\"article:modified_time\" content=\"2023-03-15T09:26:18+00:00\" \/>\n<meta property=\"og:image\" content=\"https:\/\/travelsmartcampaign.org\/wp-content\/uploads\/airplane-at-the-airport-scaled.jpg\" \/>\n\t<meta property=\"og:image:width\" content=\"2560\" \/>\n\t<meta property=\"og:image:height\" content=\"1707\" \/>\n\t<meta property=\"og:image:type\" content=\"image\/jpeg\" \/>\n<meta name=\"twitter:card\" content=\"summary_large_image\" \/>\n<meta name=\"twitter:label1\" content=\"Tempo di lettura stimato\" \/>\n\t<meta name=\"twitter:data1\" content=\"5 minuti\" \/>\n<script type=\"application\/ld+json\" class=\"yoast-schema-graph\">{\"@context\":\"https:\\\/\\\/schema.org\",\"@graph\":[{\"@type\":\"WebPage\",\"@id\":\"https:\\\/\\\/travelsmartcampaign.org\\\/nl\\\/bibliotheek\\\/belgische-multinationals-hebben-geen-geloofwaardige-plannen-voorgesteld-met-betrekking-tot-de-vermindering-van-de-uitstoot-van-hun-vols-zaken\\\/\",\"url\":\"https:\\\/\\\/travelsmartcampaign.org\\\/nl\\\/bibliotheek\\\/belgische-multinationals-hebben-geen-geloofwaardige-plannen-voorgesteld-met-betrekking-tot-de-vermindering-van-de-uitstoot-van-hun-vols-zaken\\\/\",\"name\":\"Les multinationales belges ne proposent pas de plans cr\u00e9dibles relatifs \u00e0 la r\u00e9duction des \u00e9missions de leurs vols d'affaires - Travel Smart Campaign\",\"isPartOf\":{\"@id\":\"https:\\\/\\\/travelsmartcampaign.org\\\/#website\"},\"primaryImageOfPage\":{\"@id\":\"https:\\\/\\\/travelsmartcampaign.org\\\/nl\\\/bibliotheek\\\/belgische-multinationals-hebben-geen-geloofwaardige-plannen-voorgesteld-met-betrekking-tot-de-vermindering-van-de-uitstoot-van-hun-vols-zaken\\\/#primaryimage\"},\"image\":{\"@id\":\"https:\\\/\\\/travelsmartcampaign.org\\\/nl\\\/bibliotheek\\\/belgische-multinationals-hebben-geen-geloofwaardige-plannen-voorgesteld-met-betrekking-tot-de-vermindering-van-de-uitstoot-van-hun-vols-zaken\\\/#primaryimage\"},\"thumbnailUrl\":\"https:\\\/\\\/travelsmartcampaign.org\\\/wp-content\\\/uploads\\\/airplane-at-the-airport-scaled.jpg\",\"datePublished\":\"2023-03-14T23:01:50+00:00\",\"dateModified\":\"2023-03-15T09:26:18+00:00\",\"breadcrumb\":{\"@id\":\"https:\\\/\\\/travelsmartcampaign.org\\\/nl\\\/bibliotheek\\\/belgische-multinationals-hebben-geen-geloofwaardige-plannen-voorgesteld-met-betrekking-tot-de-vermindering-van-de-uitstoot-van-hun-vols-zaken\\\/#breadcrumb\"},\"inLanguage\":\"it-IT\",\"potentialAction\":[{\"@type\":\"ReadAction\",\"target\":[\"https:\\\/\\\/travelsmartcampaign.org\\\/nl\\\/bibliotheek\\\/belgische-multinationals-hebben-geen-geloofwaardige-plannen-voorgesteld-met-betrekking-tot-de-vermindering-van-de-uitstoot-van-hun-vols-zaken\\\/\"]}]},{\"@type\":\"ImageObject\",\"inLanguage\":\"it-IT\",\"@id\":\"https:\\\/\\\/travelsmartcampaign.org\\\/nl\\\/bibliotheek\\\/belgische-multinationals-hebben-geen-geloofwaardige-plannen-voorgesteld-met-betrekking-tot-de-vermindering-van-de-uitstoot-van-hun-vols-zaken\\\/#primaryimage\",\"url\":\"https:\\\/\\\/travelsmartcampaign.org\\\/wp-content\\\/uploads\\\/airplane-at-the-airport-scaled.jpg\",\"contentUrl\":\"https:\\\/\\\/travelsmartcampaign.org\\\/wp-content\\\/uploads\\\/airplane-at-the-airport-scaled.jpg\",\"width\":2560,\"height\":1707,\"caption\":\"Airplane at the airport\"},{\"@type\":\"BreadcrumbList\",\"@id\":\"https:\\\/\\\/travelsmartcampaign.org\\\/nl\\\/bibliotheek\\\/belgische-multinationals-hebben-geen-geloofwaardige-plannen-voorgesteld-met-betrekking-tot-de-vermindering-van-de-uitstoot-van-hun-vols-zaken\\\/#breadcrumb\",\"itemListElement\":[{\"@type\":\"ListItem\",\"position\":1,\"name\":\"Home\",\"item\":\"https:\\\/\\\/travelsmartcampaign.org\\\/\"},{\"@type\":\"ListItem\",\"position\":2,\"name\":\"Les multinationales belges ne proposent pas de plans cr\u00e9dibles relatifs \u00e0 la r\u00e9duction des \u00e9missions de leurs vols d&#8217;affaires\"}]},{\"@type\":\"WebSite\",\"@id\":\"https:\\\/\\\/travelsmartcampaign.org\\\/#website\",\"url\":\"https:\\\/\\\/travelsmartcampaign.org\\\/\",\"name\":\"Travel Smart\",\"description\":\"\",\"publisher\":{\"@id\":\"https:\\\/\\\/travelsmartcampaign.org\\\/#organization\"},\"potentialAction\":[{\"@type\":\"SearchAction\",\"target\":{\"@type\":\"EntryPoint\",\"urlTemplate\":\"https:\\\/\\\/travelsmartcampaign.org\\\/?s={search_term_string}\"},\"query-input\":{\"@type\":\"PropertyValueSpecification\",\"valueRequired\":true,\"valueName\":\"search_term_string\"}}],\"inLanguage\":\"it-IT\"},{\"@type\":\"Organization\",\"@id\":\"https:\\\/\\\/travelsmartcampaign.org\\\/#organization\",\"name\":\"Travel Smart\",\"url\":\"https:\\\/\\\/travelsmartcampaign.org\\\/\",\"logo\":{\"@type\":\"ImageObject\",\"inLanguage\":\"it-IT\",\"@id\":\"https:\\\/\\\/travelsmartcampaign.org\\\/#\\\/schema\\\/logo\\\/image\\\/\",\"url\":\"https:\\\/\\\/travelsmartcampaign.org\\\/wp-content\\\/uploads\\\/travel-smart-min.jpeg\",\"contentUrl\":\"https:\\\/\\\/travelsmartcampaign.org\\\/wp-content\\\/uploads\\\/travel-smart-min.jpeg\",\"width\":1200,\"height\":690,\"caption\":\"Travel Smart\"},\"image\":{\"@id\":\"https:\\\/\\\/travelsmartcampaign.org\\\/#\\\/schema\\\/logo\\\/image\\\/\"}}]}<\/script>\n<!-- \/ Yoast SEO plugin. -->","yoast_head_json":{"title":"Le multinazionali belghe non propongono piani credibili per la riduzione delle emissioni dei loro voli d'affari - Campagna Travel Smart","robots":{"index":"index","follow":"follow","max-snippet":"max-snippet:-1","max-image-preview":"max-image-preview:large","max-video-preview":"max-video-preview:-1"},"canonical":"https:\/\/travelsmartcampaign.org\/it\/biblioteca\/le-multinazionali-belghe-non-propongono-piani-credibili-relativi-alla-riduzione-delle-emissioni-dei-loro-volumi-daffari\/","og_locale":"it_IT","og_type":"article","og_title":"Les multinationales belges ne proposent pas de plans cr\u00e9dibles relatifs \u00e0 la r\u00e9duction des \u00e9missions de leurs vols d'affaires - Travel Smart Campaign","og_description":"Aucune entreprise belge figurant dans la deuxi\u00e8me \u00e9dition d'un classement sur les voyages d'affaires r\u00e9alis\u00e9 par The Travel Smart Campaign, n'a fix\u00e9 d'objectif de r\u00e9duction de ses \u00e9missions li\u00e9es aux voyages d'affaires.","og_url":"https:\/\/travelsmartcampaign.org\/it\/biblioteca\/le-multinazionali-belghe-non-propongono-piani-credibili-relativi-alla-riduzione-delle-emissioni-dei-loro-volumi-daffari\/","og_site_name":"Travel Smart Campaign","article_modified_time":"2023-03-15T09:26:18+00:00","og_image":[{"width":2560,"height":1707,"url":"https:\/\/travelsmartcampaign.org\/wp-content\/uploads\/airplane-at-the-airport-scaled.jpg","type":"image\/jpeg"}],"twitter_card":"summary_large_image","twitter_misc":{"Tempo di lettura stimato":"5 minuti"},"schema":{"@context":"https:\/\/schema.org","@graph":[{"@type":"WebPage","@id":"https:\/\/travelsmartcampaign.org\/nl\/bibliotheek\/belgische-multinationals-hebben-geen-geloofwaardige-plannen-voorgesteld-met-betrekking-tot-de-vermindering-van-de-uitstoot-van-hun-vols-zaken\/","url":"https:\/\/travelsmartcampaign.org\/nl\/bibliotheek\/belgische-multinationals-hebben-geen-geloofwaardige-plannen-voorgesteld-met-betrekking-tot-de-vermindering-van-de-uitstoot-van-hun-vols-zaken\/","name":"Le multinazionali belghe non propongono piani credibili per la riduzione delle emissioni dei loro voli d'affari - Campagna Travel Smart","isPartOf":{"@id":"https:\/\/travelsmartcampaign.org\/#website"},"primaryImageOfPage":{"@id":"https:\/\/travelsmartcampaign.org\/nl\/bibliotheek\/belgische-multinationals-hebben-geen-geloofwaardige-plannen-voorgesteld-met-betrekking-tot-de-vermindering-van-de-uitstoot-van-hun-vols-zaken\/#primaryimage"},"image":{"@id":"https:\/\/travelsmartcampaign.org\/nl\/bibliotheek\/belgische-multinationals-hebben-geen-geloofwaardige-plannen-voorgesteld-met-betrekking-tot-de-vermindering-van-de-uitstoot-van-hun-vols-zaken\/#primaryimage"},"thumbnailUrl":"https:\/\/travelsmartcampaign.org\/wp-content\/uploads\/airplane-at-the-airport-scaled.jpg","datePublished":"2023-03-14T23:01:50+00:00","dateModified":"2023-03-15T09:26:18+00:00","breadcrumb":{"@id":"https:\/\/travelsmartcampaign.org\/nl\/bibliotheek\/belgische-multinationals-hebben-geen-geloofwaardige-plannen-voorgesteld-met-betrekking-tot-de-vermindering-van-de-uitstoot-van-hun-vols-zaken\/#breadcrumb"},"inLanguage":"it-IT","potentialAction":[{"@type":"ReadAction","target":["https:\/\/travelsmartcampaign.org\/nl\/bibliotheek\/belgische-multinationals-hebben-geen-geloofwaardige-plannen-voorgesteld-met-betrekking-tot-de-vermindering-van-de-uitstoot-van-hun-vols-zaken\/"]}]},{"@type":"ImageObject","inLanguage":"it-IT","@id":"https:\/\/travelsmartcampaign.org\/nl\/bibliotheek\/belgische-multinationals-hebben-geen-geloofwaardige-plannen-voorgesteld-met-betrekking-tot-de-vermindering-van-de-uitstoot-van-hun-vols-zaken\/#primaryimage","url":"https:\/\/travelsmartcampaign.org\/wp-content\/uploads\/airplane-at-the-airport-scaled.jpg","contentUrl":"https:\/\/travelsmartcampaign.org\/wp-content\/uploads\/airplane-at-the-airport-scaled.jpg","width":2560,"height":1707,"caption":"Airplane at the airport"},{"@type":"BreadcrumbList","@id":"https:\/\/travelsmartcampaign.org\/nl\/bibliotheek\/belgische-multinationals-hebben-geen-geloofwaardige-plannen-voorgesteld-met-betrekking-tot-de-vermindering-van-de-uitstoot-van-hun-vols-zaken\/#breadcrumb","itemListElement":[{"@type":"ListItem","position":1,"name":"Home","item":"https:\/\/travelsmartcampaign.org\/"},{"@type":"ListItem","position":2,"name":"Les multinationales belges ne proposent pas de plans cr\u00e9dibles relatifs \u00e0 la r\u00e9duction des \u00e9missions de leurs vols d&#8217;affaires"}]},{"@type":"WebSite","@id":"https:\/\/travelsmartcampaign.org\/#website","url":"https:\/\/travelsmartcampaign.org\/","name":"Travel Smart","description":"","publisher":{"@id":"https:\/\/travelsmartcampaign.org\/#organization"},"potentialAction":[{"@type":"SearchAction","target":{"@type":"EntryPoint","urlTemplate":"https:\/\/travelsmartcampaign.org\/?s={search_term_string}"},"query-input":{"@type":"PropertyValueSpecification","valueRequired":true,"valueName":"search_term_string"}}],"inLanguage":"it-IT"},{"@type":"Organization","@id":"https:\/\/travelsmartcampaign.org\/#organization","name":"Travel Smart","url":"https:\/\/travelsmartcampaign.org\/","logo":{"@type":"ImageObject","inLanguage":"it-IT","@id":"https:\/\/travelsmartcampaign.org\/#\/schema\/logo\/image\/","url":"https:\/\/travelsmartcampaign.org\/wp-content\/uploads\/travel-smart-min.jpeg","contentUrl":"https:\/\/travelsmartcampaign.org\/wp-content\/uploads\/travel-smart-min.jpeg","width":1200,"height":690,"caption":"Travel Smart"},"image":{"@id":"https:\/\/travelsmartcampaign.org\/#\/schema\/logo\/image\/"}}]}},"_links":{"self":[{"href":"https:\/\/travelsmartcampaign.org\/it\/wp-json\/wp\/v2\/library\/6539","targetHints":{"allow":["GET"]}}],"collection":[{"href":"https:\/\/travelsmartcampaign.org\/it\/wp-json\/wp\/v2\/library"}],"about":[{"href":"https:\/\/travelsmartcampaign.org\/it\/wp-json\/wp\/v2\/types\/library"}],"version-history":[{"count":0,"href":"https:\/\/travelsmartcampaign.org\/it\/wp-json\/wp\/v2\/library\/6539\/revisions"}],"wp:featuredmedia":[{"embeddable":true,"href":"https:\/\/travelsmartcampaign.org\/it\/wp-json\/wp\/v2\/media\/3318"}],"wp:attachment":[{"href":"https:\/\/travelsmartcampaign.org\/it\/wp-json\/wp\/v2\/media?parent=6539"}],"wp:term":[{"taxonomy":"topic","embeddable":true,"href":"https:\/\/travelsmartcampaign.org\/it\/wp-json\/wp\/v2\/topic?post=6539"},{"taxonomy":"visibility","embeddable":true,"href":"https:\/\/travelsmartcampaign.org\/it\/wp-json\/wp\/v2\/visibility?post=6539"},{"taxonomy":"post-country","embeddable":true,"href":"https:\/\/travelsmartcampaign.org\/it\/wp-json\/wp\/v2\/post-country?post=6539"},{"taxonomy":"language","embeddable":true,"href":"https:\/\/travelsmartcampaign.org\/it\/wp-json\/wp\/v2\/language?post=6539"},{"taxonomy":"category-post-type","embeddable":true,"href":"https:\/\/travelsmartcampaign.org\/it\/wp-json\/wp\/v2\/category-post-type?post=6539"}],"curies":[{"name":"wp","href":"https:\/\/api.w.org\/{rel}","templated":true}]}}