{"id":9004,"date":"2023-07-04T15:46:38","date_gmt":"2023-07-04T14:46:38","guid":{"rendered":"http:\/\/travelsmartcampaign.org\/?post_type=library&#038;p=9004"},"modified":"2024-12-16T18:05:34","modified_gmt":"2024-12-16T17:05:34","slug":"viaggi-daffaires-voler-moins-travailler-mieux","status":"publish","type":"library","link":"https:\/\/travelsmartcampaign.org\/it\/library\/voyages-daffaires-voler-moins-travailler-mieux\/","title":{"rendered":"Voyages d&#039;affaires: voler moins, travailler mieux"},"content":{"rendered":"<p><b>Un nuovo sondaggio mostra che, in Belgio, da parte di persone che viaggiano attualmente per affari, pi\u00f9 di tre su cinque presi meno dell&#039;aereo prima della pandemia, con numerosi effetti positivi sul piano professionale come sul piano privato.<\/b><\/p>\n<p><span style=\"font-weight: 400;\">Qual \u00e8 l&#039;impatto della pandemia sugli spostamenti d&#039;affari in aviazione? Le evoluzioni osservate sono benefiche o no? Qu&#039;en pensent les Employ\u00e9.es ? Que recommandent-ils.elles aux entreprises ? Per il savoir, la federazione europea Transport &amp; Environment (T&amp;E), non Canopea est membro, a charg\u00e9 Ipsos de r\u00e9aliser un sondage dans plusieurs pay europ\u00e9ens, non il Belgique. Per partecipare all&#039;indagine, le persone interrogate devono essere impiegate a tempo pieno in un&#039;organizzazione con almeno 50 stipendi e un&#039;et\u00e0 compresa tra 18 e 74 anni.<\/span><\/p>\n<p><span style=\"font-weight: 400;\">La maggior parte degli adulti che lavorano nelle grandi imprese non viaggiano per ragioni professionali. Parmi ceux qui sont consid\u00e9r\u00e9s comme des Voyageurs d&#039;affaires (ayant voyag\u00e9 avant la pand\u00e9mie de COVID ou Voyageant actuellement), la plupart Voyagent moins en avion qu&#039;avant la pand\u00e9mie de COVID (62% des Voyageurs d&#039;affaires, <\/span><b>figura 1<\/b><span style=\"font-weight: 400;\">).<\/span><\/p>\n<p><span style=\"font-weight: 400;\">Questa diminuzione delle risorse in volo, a seconda dei dipendenti interessati, produce impatti positivi sul loro equilibrio tra vita privata e professionale (64%), sulla loro salute (60%), sulla loro produttivit\u00e0 (58%), sulla loro la vostra motivazione al lavoro (56%) \u2013 e la vostra impresa ecologica (66%).<\/span><\/p>\n<p><b>L&#039;opzione preferita degli impiegati: i cambiamenti di comportamento<\/b><\/p>\n<p><span style=\"font-weight: 400;\">L&#039;indagine rivela che la maggior parte delle persone interrogate ritiene che le imprese ricoprano un ruolo importante nella lotta contro il cambiamento climatico, soprattutto fissando obiettivi e adottando politiche volte a ridurre i livelli di utilizzo avion pour les d\u00e9placements professionals.<\/span><\/p>\n<p><span style=\"font-weight: 400;\">Di fronte a una serie di opzioni per ridurre l&#039;impatto ambientale dei viaggi in aereo, gli adulti impiegati nelle grandi imprese scelgono di preferenza quelli relativi ai cambiamenti di comportamento che i centri tecnologici (utilizzo di carburanti \u00abdurevoli\u00bb) per eliminare il carbone dai volumi) o per compensare il carbone (<\/span><b>figura 2<\/b><span style=\"font-weight: 400;\">).<\/span><\/p>\n<p><span style=\"font-weight: 400;\">Infine, solo un quarto d&#039;ora tra quelli che lavorano svolgono un ruolo estremamente o molto importante quando devono modificare la politica di viaggio di un&#039;impresa. La balle est donc clairement dans le camp des Employeurs\u2026<\/span><\/p>\n<p>Figura 1<\/p>\n<p><img loading=\"lazy\" decoding=\"async\" class=\"alignnone size-large wp-image-9005\" src=\"http:\/\/travelsmartcampaign.org\/wp-content\/uploads\/visual-1-FR-1024x576.png\" alt=\"\" width=\"800\" height=\"450\" srcset=\"https:\/\/travelsmartcampaign.org\/wp-content\/uploads\/visual-1-FR-1024x576.png 1024w, https:\/\/travelsmartcampaign.org\/wp-content\/uploads\/visual-1-FR-300x169.png 300w, https:\/\/travelsmartcampaign.org\/wp-content\/uploads\/visual-1-FR-768x432.png 768w, https:\/\/travelsmartcampaign.org\/wp-content\/uploads\/visual-1-FR-1536x864.png 1536w, https:\/\/travelsmartcampaign.org\/wp-content\/uploads\/visual-1-FR-18x10.png 18w, https:\/\/travelsmartcampaign.org\/wp-content\/uploads\/visual-1-FR.png 1920w\" sizes=\"auto, (max-width: 800px) 100vw, 800px\" \/><\/p>\n<p>&nbsp;<\/p>\n<p>Figura 2<\/p>\n<p><img loading=\"lazy\" decoding=\"async\" class=\"alignnone size-large wp-image-9006\" src=\"http:\/\/travelsmartcampaign.org\/wp-content\/uploads\/visual-3-FR-1024x576.png\" alt=\"\" width=\"800\" height=\"450\" srcset=\"https:\/\/travelsmartcampaign.org\/wp-content\/uploads\/visual-3-FR-1024x576.png 1024w, https:\/\/travelsmartcampaign.org\/wp-content\/uploads\/visual-3-FR-300x169.png 300w, https:\/\/travelsmartcampaign.org\/wp-content\/uploads\/visual-3-FR-768x432.png 768w, https:\/\/travelsmartcampaign.org\/wp-content\/uploads\/visual-3-FR-1536x864.png 1536w, https:\/\/travelsmartcampaign.org\/wp-content\/uploads\/visual-3-FR-18x10.png 18w, https:\/\/travelsmartcampaign.org\/wp-content\/uploads\/visual-3-FR.png 1920w\" sizes=\"auto, (max-width: 800px) 100vw, 800px\" \/><\/p>","protected":false},"excerpt":{"rendered":"<p>Un nouveau sondage montre que, en Belgique, parmi les personnes qui voyagent actuellement pour affaires, plus de trois sur cinq prennent moins l&#8217;avion qu&#8217;avant la pand\u00e9mie, avec de nombreux effets positifs sur le plan professionnel comme sur le plan priv\u00e9. Quel est l\u2019impact de la pand\u00e9mie sur les d\u00e9placements d\u2019affaires en avion? Les \u00e9volutions observ\u00e9es [&hellip;]<\/p>\n","protected":false},"featured_media":8995,"template":"","topic":[],"visibility":[55],"post-country":[30],"language":[38],"category-post-type":[232],"class_list":["post-9004","library","type-library","status-publish","has-post-thumbnail","hentry","visibility-open","post-country-belgium","language-french","category-post-type-survey"],"yoast_head":"<!-- This site is optimized with the Yoast SEO plugin v27.5 - https:\/\/yoast.com\/product\/yoast-seo-wordpress\/ -->\n<title>Voyages d\u2019affaires: voler moins, travailler mieux - Travel Smart Campaign<\/title>\n<meta name=\"robots\" content=\"index, follow, max-snippet:-1, max-image-preview:large, max-video-preview:-1\" \/>\n<link rel=\"canonical\" href=\"https:\/\/travelsmartcampaign.org\/it\/biblioteca\/viaggi-daffaires-voler-moins-travailler-mieux\/\" \/>\n<meta property=\"og:locale\" content=\"it_IT\" \/>\n<meta property=\"og:type\" content=\"article\" \/>\n<meta property=\"og:title\" content=\"Voyages d\u2019affaires: voler moins, travailler mieux - Travel Smart Campaign\" \/>\n<meta property=\"og:description\" content=\"Un nouveau sondage montre que, en Belgique, parmi les personnes qui voyagent actuellement pour affaires, plus de trois sur cinq prennent moins l&#8217;avion qu&#8217;avant la pand\u00e9mie, avec de nombreux effets positifs sur le plan professionnel comme sur le plan priv\u00e9. Quel est l\u2019impact de la pand\u00e9mie sur les d\u00e9placements d\u2019affaires en avion? Les \u00e9volutions observ\u00e9es [&hellip;]\" \/>\n<meta property=\"og:url\" content=\"https:\/\/travelsmartcampaign.org\/it\/biblioteca\/viaggi-daffaires-voler-moins-travailler-mieux\/\" \/>\n<meta property=\"og:site_name\" content=\"Travel Smart Campaign\" \/>\n<meta property=\"article:modified_time\" content=\"2024-12-16T17:05:34+00:00\" \/>\n<meta property=\"og:image\" content=\"https:\/\/travelsmartcampaign.org\/wp-content\/uploads\/pexels-nappy-1058959-scaled.jpg\" \/>\n\t<meta property=\"og:image:width\" content=\"2560\" \/>\n\t<meta property=\"og:image:height\" content=\"1707\" \/>\n\t<meta property=\"og:image:type\" content=\"image\/jpeg\" \/>\n<meta name=\"twitter:card\" content=\"summary_large_image\" \/>\n<meta name=\"twitter:label1\" content=\"Tempo di lettura stimato\" \/>\n\t<meta name=\"twitter:data1\" content=\"3 minuti\" \/>\n<script type=\"application\/ld+json\" class=\"yoast-schema-graph\">{\"@context\":\"https:\\\/\\\/schema.org\",\"@graph\":[{\"@type\":\"WebPage\",\"@id\":\"https:\\\/\\\/travelsmartcampaign.org\\\/library\\\/voyages-daffaires-voler-moins-travailler-mieux\\\/\",\"url\":\"https:\\\/\\\/travelsmartcampaign.org\\\/library\\\/voyages-daffaires-voler-moins-travailler-mieux\\\/\",\"name\":\"Voyages d\u2019affaires: voler moins, travailler mieux - Travel Smart Campaign\",\"isPartOf\":{\"@id\":\"https:\\\/\\\/travelsmartcampaign.org\\\/#website\"},\"primaryImageOfPage\":{\"@id\":\"https:\\\/\\\/travelsmartcampaign.org\\\/library\\\/voyages-daffaires-voler-moins-travailler-mieux\\\/#primaryimage\"},\"image\":{\"@id\":\"https:\\\/\\\/travelsmartcampaign.org\\\/library\\\/voyages-daffaires-voler-moins-travailler-mieux\\\/#primaryimage\"},\"thumbnailUrl\":\"https:\\\/\\\/travelsmartcampaign.org\\\/wp-content\\\/uploads\\\/pexels-nappy-1058959-scaled.jpg\",\"datePublished\":\"2023-07-04T14:46:38+00:00\",\"dateModified\":\"2024-12-16T17:05:34+00:00\",\"breadcrumb\":{\"@id\":\"https:\\\/\\\/travelsmartcampaign.org\\\/library\\\/voyages-daffaires-voler-moins-travailler-mieux\\\/#breadcrumb\"},\"inLanguage\":\"it-IT\",\"potentialAction\":[{\"@type\":\"ReadAction\",\"target\":[\"https:\\\/\\\/travelsmartcampaign.org\\\/library\\\/voyages-daffaires-voler-moins-travailler-mieux\\\/\"]}]},{\"@type\":\"ImageObject\",\"inLanguage\":\"it-IT\",\"@id\":\"https:\\\/\\\/travelsmartcampaign.org\\\/library\\\/voyages-daffaires-voler-moins-travailler-mieux\\\/#primaryimage\",\"url\":\"https:\\\/\\\/travelsmartcampaign.org\\\/wp-content\\\/uploads\\\/pexels-nappy-1058959-scaled.jpg\",\"contentUrl\":\"https:\\\/\\\/travelsmartcampaign.org\\\/wp-content\\\/uploads\\\/pexels-nappy-1058959-scaled.jpg\",\"width\":2560,\"height\":1707},{\"@type\":\"BreadcrumbList\",\"@id\":\"https:\\\/\\\/travelsmartcampaign.org\\\/library\\\/voyages-daffaires-voler-moins-travailler-mieux\\\/#breadcrumb\",\"itemListElement\":[{\"@type\":\"ListItem\",\"position\":1,\"name\":\"Home\",\"item\":\"https:\\\/\\\/travelsmartcampaign.org\\\/\"},{\"@type\":\"ListItem\",\"position\":2,\"name\":\"Voyages d\u2019affaires: voler moins, travailler mieux\"}]},{\"@type\":\"WebSite\",\"@id\":\"https:\\\/\\\/travelsmartcampaign.org\\\/#website\",\"url\":\"https:\\\/\\\/travelsmartcampaign.org\\\/\",\"name\":\"Travel Smart\",\"description\":\"\",\"publisher\":{\"@id\":\"https:\\\/\\\/travelsmartcampaign.org\\\/#organization\"},\"potentialAction\":[{\"@type\":\"SearchAction\",\"target\":{\"@type\":\"EntryPoint\",\"urlTemplate\":\"https:\\\/\\\/travelsmartcampaign.org\\\/?s={search_term_string}\"},\"query-input\":{\"@type\":\"PropertyValueSpecification\",\"valueRequired\":true,\"valueName\":\"search_term_string\"}}],\"inLanguage\":\"it-IT\"},{\"@type\":\"Organization\",\"@id\":\"https:\\\/\\\/travelsmartcampaign.org\\\/#organization\",\"name\":\"Travel Smart\",\"url\":\"https:\\\/\\\/travelsmartcampaign.org\\\/\",\"logo\":{\"@type\":\"ImageObject\",\"inLanguage\":\"it-IT\",\"@id\":\"https:\\\/\\\/travelsmartcampaign.org\\\/#\\\/schema\\\/logo\\\/image\\\/\",\"url\":\"https:\\\/\\\/travelsmartcampaign.org\\\/wp-content\\\/uploads\\\/travel-smart-min.jpeg\",\"contentUrl\":\"https:\\\/\\\/travelsmartcampaign.org\\\/wp-content\\\/uploads\\\/travel-smart-min.jpeg\",\"width\":1200,\"height\":690,\"caption\":\"Travel Smart\"},\"image\":{\"@id\":\"https:\\\/\\\/travelsmartcampaign.org\\\/#\\\/schema\\\/logo\\\/image\\\/\"}}]}<\/script>\n<!-- \/ Yoast SEO plugin. -->","yoast_head_json":{"title":"Viaggi di lavoro: volare meno, lavorare meglio - Campagna Travel Smart","robots":{"index":"index","follow":"follow","max-snippet":"max-snippet:-1","max-image-preview":"max-image-preview:large","max-video-preview":"max-video-preview:-1"},"canonical":"https:\/\/travelsmartcampaign.org\/it\/biblioteca\/viaggi-daffaires-voler-moins-travailler-mieux\/","og_locale":"it_IT","og_type":"article","og_title":"Voyages d\u2019affaires: voler moins, travailler mieux - Travel Smart Campaign","og_description":"Un nouveau sondage montre que, en Belgique, parmi les personnes qui voyagent actuellement pour affaires, plus de trois sur cinq prennent moins l&#8217;avion qu&#8217;avant la pand\u00e9mie, avec de nombreux effets positifs sur le plan professionnel comme sur le plan priv\u00e9. Quel est l\u2019impact de la pand\u00e9mie sur les d\u00e9placements d\u2019affaires en avion? Les \u00e9volutions observ\u00e9es [&hellip;]","og_url":"https:\/\/travelsmartcampaign.org\/it\/biblioteca\/viaggi-daffaires-voler-moins-travailler-mieux\/","og_site_name":"Travel Smart Campaign","article_modified_time":"2024-12-16T17:05:34+00:00","og_image":[{"width":2560,"height":1707,"url":"https:\/\/travelsmartcampaign.org\/wp-content\/uploads\/pexels-nappy-1058959-scaled.jpg","type":"image\/jpeg"}],"twitter_card":"summary_large_image","twitter_misc":{"Tempo di lettura stimato":"3 minuti"},"schema":{"@context":"https:\/\/schema.org","@graph":[{"@type":"WebPage","@id":"https:\/\/travelsmartcampaign.org\/library\/voyages-daffaires-voler-moins-travailler-mieux\/","url":"https:\/\/travelsmartcampaign.org\/library\/voyages-daffaires-voler-moins-travailler-mieux\/","name":"Viaggi di lavoro: volare meno, lavorare meglio - Campagna Travel Smart","isPartOf":{"@id":"https:\/\/travelsmartcampaign.org\/#website"},"primaryImageOfPage":{"@id":"https:\/\/travelsmartcampaign.org\/library\/voyages-daffaires-voler-moins-travailler-mieux\/#primaryimage"},"image":{"@id":"https:\/\/travelsmartcampaign.org\/library\/voyages-daffaires-voler-moins-travailler-mieux\/#primaryimage"},"thumbnailUrl":"https:\/\/travelsmartcampaign.org\/wp-content\/uploads\/pexels-nappy-1058959-scaled.jpg","datePublished":"2023-07-04T14:46:38+00:00","dateModified":"2024-12-16T17:05:34+00:00","breadcrumb":{"@id":"https:\/\/travelsmartcampaign.org\/library\/voyages-daffaires-voler-moins-travailler-mieux\/#breadcrumb"},"inLanguage":"it-IT","potentialAction":[{"@type":"ReadAction","target":["https:\/\/travelsmartcampaign.org\/library\/voyages-daffaires-voler-moins-travailler-mieux\/"]}]},{"@type":"ImageObject","inLanguage":"it-IT","@id":"https:\/\/travelsmartcampaign.org\/library\/voyages-daffaires-voler-moins-travailler-mieux\/#primaryimage","url":"https:\/\/travelsmartcampaign.org\/wp-content\/uploads\/pexels-nappy-1058959-scaled.jpg","contentUrl":"https:\/\/travelsmartcampaign.org\/wp-content\/uploads\/pexels-nappy-1058959-scaled.jpg","width":2560,"height":1707},{"@type":"BreadcrumbList","@id":"https:\/\/travelsmartcampaign.org\/library\/voyages-daffaires-voler-moins-travailler-mieux\/#breadcrumb","itemListElement":[{"@type":"ListItem","position":1,"name":"Home","item":"https:\/\/travelsmartcampaign.org\/"},{"@type":"ListItem","position":2,"name":"Voyages d\u2019affaires: voler moins, travailler mieux"}]},{"@type":"WebSite","@id":"https:\/\/travelsmartcampaign.org\/#website","url":"https:\/\/travelsmartcampaign.org\/","name":"Travel Smart","description":"","publisher":{"@id":"https:\/\/travelsmartcampaign.org\/#organization"},"potentialAction":[{"@type":"SearchAction","target":{"@type":"EntryPoint","urlTemplate":"https:\/\/travelsmartcampaign.org\/?s={search_term_string}"},"query-input":{"@type":"PropertyValueSpecification","valueRequired":true,"valueName":"search_term_string"}}],"inLanguage":"it-IT"},{"@type":"Organization","@id":"https:\/\/travelsmartcampaign.org\/#organization","name":"Travel Smart","url":"https:\/\/travelsmartcampaign.org\/","logo":{"@type":"ImageObject","inLanguage":"it-IT","@id":"https:\/\/travelsmartcampaign.org\/#\/schema\/logo\/image\/","url":"https:\/\/travelsmartcampaign.org\/wp-content\/uploads\/travel-smart-min.jpeg","contentUrl":"https:\/\/travelsmartcampaign.org\/wp-content\/uploads\/travel-smart-min.jpeg","width":1200,"height":690,"caption":"Travel Smart"},"image":{"@id":"https:\/\/travelsmartcampaign.org\/#\/schema\/logo\/image\/"}}]}},"_links":{"self":[{"href":"https:\/\/travelsmartcampaign.org\/it\/wp-json\/wp\/v2\/library\/9004","targetHints":{"allow":["GET"]}}],"collection":[{"href":"https:\/\/travelsmartcampaign.org\/it\/wp-json\/wp\/v2\/library"}],"about":[{"href":"https:\/\/travelsmartcampaign.org\/it\/wp-json\/wp\/v2\/types\/library"}],"version-history":[{"count":0,"href":"https:\/\/travelsmartcampaign.org\/it\/wp-json\/wp\/v2\/library\/9004\/revisions"}],"wp:featuredmedia":[{"embeddable":true,"href":"https:\/\/travelsmartcampaign.org\/it\/wp-json\/wp\/v2\/media\/8995"}],"wp:attachment":[{"href":"https:\/\/travelsmartcampaign.org\/it\/wp-json\/wp\/v2\/media?parent=9004"}],"wp:term":[{"taxonomy":"topic","embeddable":true,"href":"https:\/\/travelsmartcampaign.org\/it\/wp-json\/wp\/v2\/topic?post=9004"},{"taxonomy":"visibility","embeddable":true,"href":"https:\/\/travelsmartcampaign.org\/it\/wp-json\/wp\/v2\/visibility?post=9004"},{"taxonomy":"post-country","embeddable":true,"href":"https:\/\/travelsmartcampaign.org\/it\/wp-json\/wp\/v2\/post-country?post=9004"},{"taxonomy":"language","embeddable":true,"href":"https:\/\/travelsmartcampaign.org\/it\/wp-json\/wp\/v2\/language?post=9004"},{"taxonomy":"category-post-type","embeddable":true,"href":"https:\/\/travelsmartcampaign.org\/it\/wp-json\/wp\/v2\/category-post-type?post=9004"}],"curies":[{"name":"wp","href":"https:\/\/api.w.org\/{rel}","templated":true}]}}