{"id":9008,"date":"2023-07-04T16:06:32","date_gmt":"2023-07-04T15:06:32","guid":{"rendered":"http:\/\/travelsmartcampaign.org\/?post_type=library&#038;p=9008"},"modified":"2024-12-16T18:02:57","modified_gmt":"2024-12-16T17:02:57","slug":"dans-les-entreprises-suisses-on-veut-moins-prendre-lavion","status":"publish","type":"library","link":"https:\/\/travelsmartcampaign.org\/it\/library\/dans-les-entreprises-suisses-on-veut-moins-prendre-lavion\/","title":{"rendered":"Dans les entreprises suisses, on veut moins prendre l&#039;avion"},"content":{"rendered":"<div class=\"beside-right hf-grid hf-margin-bottom-xl\">\n<div class=\"col-8_xs-12\">\n<p class=\"teaser-text\">Dopo un nuovo sondaggio, tre quarti del personale delle grandi imprese svizzere vogliono molto meno dei giri d&#039;affari per proteggere il clima. Ce r\u00e9sultat conforte l&#039;ATE Association transportations et environnement dans son engagement. La riduzione dei volumi d&#039;affari \u00e8 un modo semplice per tagliare rapidamente le emissioni di gas a effetto serra, contribuendo cos\u00ec a raggiungere l&#039;obiettivo zero emissioni nette. Questo sondaggio \u00e8 stato realizzato nel quadro della campagna \u00abTravel Smart\u00bb dell&#039;organizzazione Transport &amp; Environment, dove l&#039;ATE \u00e8 membro.<\/p>\n<\/div>\n<\/div>\n<div class=\"beside-left hf-grid\">\n<div class=\"col-12\">\n<div class=\"ce-bodytext\">\n<p>Il sondaggio rivela che accanto a due livelli di personale delle grandi imprese svizzere hanno avuto successo nei voli d&#039;affari. Mais la tendence est \u00e0 la baisse: parmi celles et ceux qui Voyagent pour les Affairses, 59% disent moins prendre l&#039;avion depuis la pand\u00e9mie du COVID.<\/p>\n<p>Altro punto: tre quarti di persone sondate stimano che ridurre il numero dei volumi di affari sia un fattore importante per migliorare il carbone aziendale. La maggior parte degli intervistati desidera che le imprese fissino gli obiettivi in materia.<\/p>\n<p>Per Yves Chatton, incaricato dei progetti di politica dei trasporti presso l&#039;ATE, \u00abce sondage montre clairement qu&#039;une r\u00e9duction des vols d&#039;affaires est souhait\u00e9e par le personal. Le imprese devono rispondere a questa attenzione nel fissare gli obiettivi. La pandemia ha mostrato che le imprese possono essere molto efficaci anche quando si spendono meno dell&#039;aereo. \u00c8 un vantaggio tanto per la protezione del clima quanto per la qualit\u00e0 della vita del loro personale.\u00bb Versare les\u00a0<a class=\"external-link\" href=\"https:\/\/www.europeentrain.ch\/\" target=\"_blank\" rel=\"noopener noreferrer\">destinazioni europee<\/a>\u00a0in particolare, il treno si impone come un&#039;alternativa rispettosa del clima. Un trasferimento telefonico ha contribuito a raggiungere l&#039;obiettivo zero emissione nette inscritto nella legge climatica che \u00e8 stata approvata dalla popolazione.<\/p>\n<p>60% il personale ha pensato che avesse una grande influenza sulla politica di viaggio della sua impresa. Questi risultati sono stati interrogati da altri paesi europei l&#039;anno scorso nel quadro della campagna internazionale \u00abTravel Smart\u00bb. Celle-ci demande aux entreprises de s&#039;engager publiquement \u00e0 r\u00e9duire leurs vols d&#039;affaires d&#039;au moins 50 % par rapport \u00e0 2019 d&#039;ici 2025 au plus tard.<\/p>\n<p>Questo sondaggio realizzato dalla societ\u00e0 Ipsos ha interrogato 500 persone che lavoravano in imprese svizzere che avevano meno di 50 stipendi. I risultati completi del sondaggio possono essere consultati\u00a0<a class=\"download-link\" href=\"https:\/\/www.ate.ch\/fileadmin\/user_upload\/65_medien\/Travel_Smart_Topline_-_Switzerland_with_summary.pdf\" target=\"_blank\" rel=\"noopener\">qui<\/a>.<\/p>\n<\/div>\n<div class=\"hf-margin-top-l news-contact\">\n<p>\u2013 Yves Chatton, incaricato dei progetti Politica dei trasporti, 031 328 58 64<\/p>\n<p>\u2013 Servizio media ATE, 079 708 05 36, medias@ate.ch<\/p>\n<\/div>\n<\/div>\n<\/div>","protected":false},"excerpt":{"rendered":"<p>Selon un nouveau sondage, trois quarts du personnel des grandes entreprises suisses veulent moins de vols d\u2019affaires pour prot\u00e9ger le climat. Ce r\u00e9sultat conforte l\u2019ATE Association transports et environnement dans son engagement. La r\u00e9duction des vols d\u2019affaires est un moyen simple de couper rapidement les \u00e9missions de gaz \u00e0 effet de serre, contribuant ainsi \u00e0 [&hellip;]<\/p>\n","protected":false},"featured_media":8851,"template":"","topic":[],"visibility":[55],"post-country":[36],"language":[38],"category-post-type":[232],"class_list":["post-9008","library","type-library","status-publish","has-post-thumbnail","hentry","visibility-open","post-country-switzerland","language-french","category-post-type-survey"],"yoast_head":"<!-- This site is optimized with the Yoast SEO plugin v27.5 - https:\/\/yoast.com\/product\/yoast-seo-wordpress\/ -->\n<title>Dans les entreprises suisses, on veut moins prendre l&#039;avion - Travel Smart Campaign<\/title>\n<meta name=\"robots\" content=\"index, follow, max-snippet:-1, max-image-preview:large, max-video-preview:-1\" \/>\n<link rel=\"canonical\" href=\"https:\/\/travelsmartcampaign.org\/it\/biblioteca\/dans-les-entreprises-suisses-on-veut-moins-prendre-lavion\/\" \/>\n<meta property=\"og:locale\" content=\"it_IT\" \/>\n<meta property=\"og:type\" content=\"article\" \/>\n<meta property=\"og:title\" content=\"Dans les entreprises suisses, on veut moins prendre l&#039;avion - Travel Smart Campaign\" \/>\n<meta property=\"og:description\" content=\"Selon un nouveau sondage, trois quarts du personnel des grandes entreprises suisses veulent moins de vols d\u2019affaires pour prot\u00e9ger le climat. Ce r\u00e9sultat conforte l\u2019ATE Association transports et environnement dans son engagement. La r\u00e9duction des vols d\u2019affaires est un moyen simple de couper rapidement les \u00e9missions de gaz \u00e0 effet de serre, contribuant ainsi \u00e0 [&hellip;]\" \/>\n<meta property=\"og:url\" content=\"https:\/\/travelsmartcampaign.org\/it\/biblioteca\/dans-les-entreprises-suisses-on-veut-moins-prendre-lavion\/\" \/>\n<meta property=\"og:site_name\" content=\"Travel Smart Campaign\" \/>\n<meta property=\"article:modified_time\" content=\"2024-12-16T17:02:57+00:00\" \/>\n<meta property=\"og:image\" content=\"https:\/\/travelsmartcampaign.org\/wp-content\/uploads\/pexels-thirdman-5256692-scaled.jpg\" \/>\n\t<meta property=\"og:image:width\" content=\"1707\" \/>\n\t<meta property=\"og:image:height\" content=\"2560\" \/>\n\t<meta property=\"og:image:type\" content=\"image\/jpeg\" \/>\n<meta name=\"twitter:card\" content=\"summary_large_image\" \/>\n<meta name=\"twitter:label1\" content=\"Tempo di lettura stimato\" \/>\n\t<meta name=\"twitter:data1\" content=\"2 minuti\" \/>\n<script type=\"application\/ld+json\" class=\"yoast-schema-graph\">{\"@context\":\"https:\\\/\\\/schema.org\",\"@graph\":[{\"@type\":\"WebPage\",\"@id\":\"https:\\\/\\\/travelsmartcampaign.org\\\/library\\\/dans-les-entreprises-suisses-on-veut-moins-prendre-lavion\\\/\",\"url\":\"https:\\\/\\\/travelsmartcampaign.org\\\/library\\\/dans-les-entreprises-suisses-on-veut-moins-prendre-lavion\\\/\",\"name\":\"Dans les entreprises suisses, on veut moins prendre l'avion - Travel Smart Campaign\",\"isPartOf\":{\"@id\":\"https:\\\/\\\/travelsmartcampaign.org\\\/#website\"},\"primaryImageOfPage\":{\"@id\":\"https:\\\/\\\/travelsmartcampaign.org\\\/library\\\/dans-les-entreprises-suisses-on-veut-moins-prendre-lavion\\\/#primaryimage\"},\"image\":{\"@id\":\"https:\\\/\\\/travelsmartcampaign.org\\\/library\\\/dans-les-entreprises-suisses-on-veut-moins-prendre-lavion\\\/#primaryimage\"},\"thumbnailUrl\":\"https:\\\/\\\/travelsmartcampaign.org\\\/wp-content\\\/uploads\\\/pexels-thirdman-5256692-scaled.jpg\",\"datePublished\":\"2023-07-04T15:06:32+00:00\",\"dateModified\":\"2024-12-16T17:02:57+00:00\",\"breadcrumb\":{\"@id\":\"https:\\\/\\\/travelsmartcampaign.org\\\/library\\\/dans-les-entreprises-suisses-on-veut-moins-prendre-lavion\\\/#breadcrumb\"},\"inLanguage\":\"it-IT\",\"potentialAction\":[{\"@type\":\"ReadAction\",\"target\":[\"https:\\\/\\\/travelsmartcampaign.org\\\/library\\\/dans-les-entreprises-suisses-on-veut-moins-prendre-lavion\\\/\"]}]},{\"@type\":\"ImageObject\",\"inLanguage\":\"it-IT\",\"@id\":\"https:\\\/\\\/travelsmartcampaign.org\\\/library\\\/dans-les-entreprises-suisses-on-veut-moins-prendre-lavion\\\/#primaryimage\",\"url\":\"https:\\\/\\\/travelsmartcampaign.org\\\/wp-content\\\/uploads\\\/pexels-thirdman-5256692-scaled.jpg\",\"contentUrl\":\"https:\\\/\\\/travelsmartcampaign.org\\\/wp-content\\\/uploads\\\/pexels-thirdman-5256692-scaled.jpg\",\"width\":1707,\"height\":2560},{\"@type\":\"BreadcrumbList\",\"@id\":\"https:\\\/\\\/travelsmartcampaign.org\\\/library\\\/dans-les-entreprises-suisses-on-veut-moins-prendre-lavion\\\/#breadcrumb\",\"itemListElement\":[{\"@type\":\"ListItem\",\"position\":1,\"name\":\"Home\",\"item\":\"https:\\\/\\\/travelsmartcampaign.org\\\/\"},{\"@type\":\"ListItem\",\"position\":2,\"name\":\"Dans les entreprises suisses, on veut moins prendre l&#8217;avion\"}]},{\"@type\":\"WebSite\",\"@id\":\"https:\\\/\\\/travelsmartcampaign.org\\\/#website\",\"url\":\"https:\\\/\\\/travelsmartcampaign.org\\\/\",\"name\":\"Travel Smart\",\"description\":\"\",\"publisher\":{\"@id\":\"https:\\\/\\\/travelsmartcampaign.org\\\/#organization\"},\"potentialAction\":[{\"@type\":\"SearchAction\",\"target\":{\"@type\":\"EntryPoint\",\"urlTemplate\":\"https:\\\/\\\/travelsmartcampaign.org\\\/?s={search_term_string}\"},\"query-input\":{\"@type\":\"PropertyValueSpecification\",\"valueRequired\":true,\"valueName\":\"search_term_string\"}}],\"inLanguage\":\"it-IT\"},{\"@type\":\"Organization\",\"@id\":\"https:\\\/\\\/travelsmartcampaign.org\\\/#organization\",\"name\":\"Travel Smart\",\"url\":\"https:\\\/\\\/travelsmartcampaign.org\\\/\",\"logo\":{\"@type\":\"ImageObject\",\"inLanguage\":\"it-IT\",\"@id\":\"https:\\\/\\\/travelsmartcampaign.org\\\/#\\\/schema\\\/logo\\\/image\\\/\",\"url\":\"https:\\\/\\\/travelsmartcampaign.org\\\/wp-content\\\/uploads\\\/travel-smart-min.jpeg\",\"contentUrl\":\"https:\\\/\\\/travelsmartcampaign.org\\\/wp-content\\\/uploads\\\/travel-smart-min.jpeg\",\"width\":1200,\"height\":690,\"caption\":\"Travel Smart\"},\"image\":{\"@id\":\"https:\\\/\\\/travelsmartcampaign.org\\\/#\\\/schema\\\/logo\\\/image\\\/\"}}]}<\/script>\n<!-- \/ Yoast SEO plugin. -->","yoast_head_json":{"title":"Nelle aziende svizzere si vuole volare meno - Campagna Travel Smart","robots":{"index":"index","follow":"follow","max-snippet":"max-snippet:-1","max-image-preview":"max-image-preview:large","max-video-preview":"max-video-preview:-1"},"canonical":"https:\/\/travelsmartcampaign.org\/it\/biblioteca\/dans-les-entreprises-suisses-on-veut-moins-prendre-lavion\/","og_locale":"it_IT","og_type":"article","og_title":"Dans les entreprises suisses, on veut moins prendre l'avion - Travel Smart Campaign","og_description":"Selon un nouveau sondage, trois quarts du personnel des grandes entreprises suisses veulent moins de vols d\u2019affaires pour prot\u00e9ger le climat. Ce r\u00e9sultat conforte l\u2019ATE Association transports et environnement dans son engagement. La r\u00e9duction des vols d\u2019affaires est un moyen simple de couper rapidement les \u00e9missions de gaz \u00e0 effet de serre, contribuant ainsi \u00e0 [&hellip;]","og_url":"https:\/\/travelsmartcampaign.org\/it\/biblioteca\/dans-les-entreprises-suisses-on-veut-moins-prendre-lavion\/","og_site_name":"Travel Smart Campaign","article_modified_time":"2024-12-16T17:02:57+00:00","og_image":[{"width":1707,"height":2560,"url":"https:\/\/travelsmartcampaign.org\/wp-content\/uploads\/pexels-thirdman-5256692-scaled.jpg","type":"image\/jpeg"}],"twitter_card":"summary_large_image","twitter_misc":{"Tempo di lettura stimato":"2 minuti"},"schema":{"@context":"https:\/\/schema.org","@graph":[{"@type":"WebPage","@id":"https:\/\/travelsmartcampaign.org\/library\/dans-les-entreprises-suisses-on-veut-moins-prendre-lavion\/","url":"https:\/\/travelsmartcampaign.org\/library\/dans-les-entreprises-suisses-on-veut-moins-prendre-lavion\/","name":"Nelle aziende svizzere si vuole volare meno - Campagna Travel Smart","isPartOf":{"@id":"https:\/\/travelsmartcampaign.org\/#website"},"primaryImageOfPage":{"@id":"https:\/\/travelsmartcampaign.org\/library\/dans-les-entreprises-suisses-on-veut-moins-prendre-lavion\/#primaryimage"},"image":{"@id":"https:\/\/travelsmartcampaign.org\/library\/dans-les-entreprises-suisses-on-veut-moins-prendre-lavion\/#primaryimage"},"thumbnailUrl":"https:\/\/travelsmartcampaign.org\/wp-content\/uploads\/pexels-thirdman-5256692-scaled.jpg","datePublished":"2023-07-04T15:06:32+00:00","dateModified":"2024-12-16T17:02:57+00:00","breadcrumb":{"@id":"https:\/\/travelsmartcampaign.org\/library\/dans-les-entreprises-suisses-on-veut-moins-prendre-lavion\/#breadcrumb"},"inLanguage":"it-IT","potentialAction":[{"@type":"ReadAction","target":["https:\/\/travelsmartcampaign.org\/library\/dans-les-entreprises-suisses-on-veut-moins-prendre-lavion\/"]}]},{"@type":"ImageObject","inLanguage":"it-IT","@id":"https:\/\/travelsmartcampaign.org\/library\/dans-les-entreprises-suisses-on-veut-moins-prendre-lavion\/#primaryimage","url":"https:\/\/travelsmartcampaign.org\/wp-content\/uploads\/pexels-thirdman-5256692-scaled.jpg","contentUrl":"https:\/\/travelsmartcampaign.org\/wp-content\/uploads\/pexels-thirdman-5256692-scaled.jpg","width":1707,"height":2560},{"@type":"BreadcrumbList","@id":"https:\/\/travelsmartcampaign.org\/library\/dans-les-entreprises-suisses-on-veut-moins-prendre-lavion\/#breadcrumb","itemListElement":[{"@type":"ListItem","position":1,"name":"Home","item":"https:\/\/travelsmartcampaign.org\/"},{"@type":"ListItem","position":2,"name":"Dans les entreprises suisses, on veut moins prendre l&#8217;avion"}]},{"@type":"WebSite","@id":"https:\/\/travelsmartcampaign.org\/#website","url":"https:\/\/travelsmartcampaign.org\/","name":"Travel Smart","description":"","publisher":{"@id":"https:\/\/travelsmartcampaign.org\/#organization"},"potentialAction":[{"@type":"SearchAction","target":{"@type":"EntryPoint","urlTemplate":"https:\/\/travelsmartcampaign.org\/?s={search_term_string}"},"query-input":{"@type":"PropertyValueSpecification","valueRequired":true,"valueName":"search_term_string"}}],"inLanguage":"it-IT"},{"@type":"Organization","@id":"https:\/\/travelsmartcampaign.org\/#organization","name":"Travel Smart","url":"https:\/\/travelsmartcampaign.org\/","logo":{"@type":"ImageObject","inLanguage":"it-IT","@id":"https:\/\/travelsmartcampaign.org\/#\/schema\/logo\/image\/","url":"https:\/\/travelsmartcampaign.org\/wp-content\/uploads\/travel-smart-min.jpeg","contentUrl":"https:\/\/travelsmartcampaign.org\/wp-content\/uploads\/travel-smart-min.jpeg","width":1200,"height":690,"caption":"Travel Smart"},"image":{"@id":"https:\/\/travelsmartcampaign.org\/#\/schema\/logo\/image\/"}}]}},"_links":{"self":[{"href":"https:\/\/travelsmartcampaign.org\/it\/wp-json\/wp\/v2\/library\/9008","targetHints":{"allow":["GET"]}}],"collection":[{"href":"https:\/\/travelsmartcampaign.org\/it\/wp-json\/wp\/v2\/library"}],"about":[{"href":"https:\/\/travelsmartcampaign.org\/it\/wp-json\/wp\/v2\/types\/library"}],"version-history":[{"count":0,"href":"https:\/\/travelsmartcampaign.org\/it\/wp-json\/wp\/v2\/library\/9008\/revisions"}],"wp:featuredmedia":[{"embeddable":true,"href":"https:\/\/travelsmartcampaign.org\/it\/wp-json\/wp\/v2\/media\/8851"}],"wp:attachment":[{"href":"https:\/\/travelsmartcampaign.org\/it\/wp-json\/wp\/v2\/media?parent=9008"}],"wp:term":[{"taxonomy":"topic","embeddable":true,"href":"https:\/\/travelsmartcampaign.org\/it\/wp-json\/wp\/v2\/topic?post=9008"},{"taxonomy":"visibility","embeddable":true,"href":"https:\/\/travelsmartcampaign.org\/it\/wp-json\/wp\/v2\/visibility?post=9008"},{"taxonomy":"post-country","embeddable":true,"href":"https:\/\/travelsmartcampaign.org\/it\/wp-json\/wp\/v2\/post-country?post=9008"},{"taxonomy":"language","embeddable":true,"href":"https:\/\/travelsmartcampaign.org\/it\/wp-json\/wp\/v2\/language?post=9008"},{"taxonomy":"category-post-type","embeddable":true,"href":"https:\/\/travelsmartcampaign.org\/it\/wp-json\/wp\/v2\/category-post-type?post=9008"}],"curies":[{"name":"wp","href":"https:\/\/api.w.org\/{rel}","templated":true}]}}