{"id":9705,"date":"2023-09-19T12:32:19","date_gmt":"2023-09-19T11:32:19","guid":{"rendered":"http:\/\/travelsmartcampaign.org\/?post_type=library&#038;p=9705"},"modified":"2023-10-19T09:19:27","modified_gmt":"2023-10-19T08:19:27","slug":"le-aziende-sono-sulla-buona-strada-per-ridurre-i-voli","status":"publish","type":"library","link":"https:\/\/travelsmartcampaign.org\/it\/library\/are-compnaies-on-track-to-reduce-flights\/","title":{"rendered":"Di nuovo in attivit\u00e0: le aziende sono sulla buona strada per ridurre i voli aziendali?"},"content":{"rendered":"<p><span style=\"font-weight: 400;\">Tra una diffusione di quaranta multinazionali di otto paesi, il nostro nuovo Travel Smart Emissions Tracker rileva che nessuna azienda \u00e8 tornata ai livelli di volo pre-COVID. Questi dati mostrano che le aziende hanno imparato a operare con meno voli e mezzi di viaggio e collaborazione pi\u00f9 sostenibili. Alcune <\/span><a href=\"https:\/\/www.ft.com\/content\/ea564d48-6dfd-4c7f-b28b-c2028bbc2fe8?accessToken=zwAGBRKg8LookdPqVk1Ibf1Mf9Oyi8ICi7wv6A.MEUCICJST4OXcntSkco7kj_Yq8S_sjre01wwoVlCBblZiJbIAiEAt5m94tdg-q3eFtLUAskTYOtC1cfqLCKCTmmSsqCRE_4&amp;sharetype=gift&amp;token=d527ffd6-5cac-4d18-99b2-230acc1c9b94\"><span style=\"font-weight: 400;\">analisti<\/span><\/a><span style=\"font-weight: 400;\"> hanno sostenuto che la ripresa dei viaggi d&#039;affari si \u00e8 arenata a causa dell&#039;aumento dei prezzi dei voli e della crescente pressione per raggiungere gli obiettivi climatici aziendali. Ma potrebbe anche essere visto come un apprendimento positivo dalla crisi del Covid.<\/span><\/p>\n<p><span style=\"font-weight: 400;\">Se l&#039;aviazione vuole raggiungere il suo obiettivo di emissioni nette zero entro il 2050, Transport &amp; Environment <\/span><a href=\"https:\/\/www.transportenvironment.org\/wp-content\/uploads\/2022\/03\/TE-aviation-decarbonisation-roadmap-FINAL.pdf\"><span style=\"font-weight: 400;\">ricerca<\/span><\/a><span style=\"font-weight: 400;\"> ha scoperto che i viaggi d&#039;affari devono essere ridotti del 50% rispetto ai livelli del 2019 in questo decennio, con tagli immediati necessari entro il 2025 alla luce dell&#039;intensificarsi della crisi climatica. Si tratta di un altro obiettivo climatico irrealistico per le aziende? Non sembra, poich\u00e9 oltre 25 delle aziende nell&#039;elenco sono sulla buona strada per raggiungere questo obiettivo.\u00a0<\/span><\/p>\n<p><span style=\"font-weight: 400;\">SAP \u00e8 in cima alla lista, registrando una riduzione di -86% nei voli aziendali nel 2022. Altre storie di successo includono un gigante della consulenza come PricewaterhouseCoopers (PwC) che ha ridotto i propri voli aziendali rispettivamente di 76% e 75%. Mentre il settore della consulenza \u00e8 noto per i suoi voli eccessivi, tali riduzioni sono un segnale positivo di cambiamento. D&#039;altro canto, aziende come Shell, L&#039;Or\u00e9al, PepsiCo e Johnson &amp; Johnson si stanno gi\u00e0 avvicinando ai livelli di volo del 2019.\u00a0<\/span><\/p>\n<p><span style=\"font-weight: 400;\">Le aziende che vogliono ridurre il loro impatto sul clima e in particolare quello dei loro viaggi aziendali, dovrebbero seguire le aziende leader con obiettivi. <\/span><a href=\"http:\/\/travelsmartcampaign.org\/it\/ranking\/\"><span style=\"font-weight: 400;\">Classifica Travel Smart<\/span><\/a><span style=\"font-weight: 400;\"> \u2013 con la sua panoramica di 320 aziende da tutto il mondo \u2013 ha scoperto che oltre 50 aziende hanno fissato obiettivi per ridurre le emissioni dei viaggi di lavoro. Questi trendsetter ora includono Michelin, il principale produttore di pneumatici francese, con un obiettivo di riduzione di 30% entro il 2025. Altre aziende globali sono ancora pi\u00f9 ambiziose, pianificando gi\u00e0 di mantenere le emissioni dimezzate quest&#039;anno e il prossimo.\u00a0<\/span><\/p>\n<p><span style=\"font-weight: 400;\">Questa dovrebbe essere una priorit\u00e0, soprattutto per quelle aziende che sono riuscite a ridurre con successo i loro voli. \u00c8 il caso di SAP, IBM e Siemens, tra le altre. Dovrebbero seguire l&#039;esempio di alcuni dei loro pari come Pfizer e Swiss Re che hanno fissato traguardi ambiziosi.\u00a0<\/span><\/p>\n<p><span style=\"font-weight: 400;\">Affrontare i viaggi d&#039;affari, che siano una fonte grande o piccola di emissioni aziendali, \u00e8 significativo. Si inserisce nell&#039;obiettivo pi\u00f9 ampio di ridurre le emissioni del settore dell&#039;aviazione molto inquinante, in cui la tecnologia non \u00e8 ancora disponibile su larga scala per ridurre le emissioni. I viaggi d&#039;affari rappresentano circa 20% dei viaggi aerei globali e le aziende dovrebbero agire come leva positiva per il cambiamento nel settore.\u00a0<\/span><\/p>\n<p>&nbsp;<\/p>","protected":false},"excerpt":{"rendered":"<p>La stagione delle relazioni annuali \u00e8 finita e la rendicontazione delle emissioni sta cominciando a diffondersi. I dati sulle emissioni dei viaggi d\u2019affari suggeriscono che le tendenze stanno cambiando. Le aziende sono tornate ai livelli di volo pre-COVID? Le aziende stanno raggiungendo gli obiettivi di riduzione dei viaggi di lavoro? <\/p>","protected":false},"featured_media":9703,"template":"","topic":[],"visibility":[],"post-country":[26],"language":[27],"category-post-type":[43],"class_list":["post-9705","library","type-library","status-publish","has-post-thumbnail","hentry","post-country-global","language-english","category-post-type-opinion"],"yoast_head":"<!-- This site is optimized with the Yoast SEO plugin v27.5 - https:\/\/yoast.com\/product\/yoast-seo-wordpress\/ -->\n<title>Back in business: Are companies on track to reduce corporate flights? - Travel Smart Campaign<\/title>\n<meta name=\"robots\" content=\"index, follow, max-snippet:-1, max-image-preview:large, max-video-preview:-1\" \/>\n<link rel=\"canonical\" href=\"https:\/\/travelsmartcampaign.org\/it\/biblioteca\/le-aziende-sono-sulla-buona-strada-per-ridurre-i-voli\/\" \/>\n<meta property=\"og:locale\" content=\"it_IT\" \/>\n<meta property=\"og:type\" content=\"article\" \/>\n<meta property=\"og:title\" content=\"Back in business: Are companies on track to reduce corporate flights? - Travel Smart Campaign\" \/>\n<meta property=\"og:description\" content=\"Annual report season is over and emissions reporting is trickling through. Data on business travel emissions suggests that trends are changing. Have companies bounced back to pre-COVID levels of flying? Are companies meeting their business travel reduction targets?\" \/>\n<meta property=\"og:url\" content=\"https:\/\/travelsmartcampaign.org\/it\/biblioteca\/le-aziende-sono-sulla-buona-strada-per-ridurre-i-voli\/\" \/>\n<meta property=\"og:site_name\" content=\"Travel Smart Campaign\" \/>\n<meta property=\"article:modified_time\" content=\"2023-10-19T08:19:27+00:00\" \/>\n<meta property=\"og:image\" content=\"https:\/\/travelsmartcampaign.org\/wp-content\/uploads\/AdobeStock_121803139-scaled.jpeg\" \/>\n\t<meta property=\"og:image:width\" content=\"2560\" \/>\n\t<meta property=\"og:image:height\" content=\"1660\" \/>\n\t<meta property=\"og:image:type\" content=\"image\/jpeg\" \/>\n<meta name=\"twitter:card\" content=\"summary_large_image\" \/>\n<meta name=\"twitter:label1\" content=\"Tempo di lettura stimato\" \/>\n\t<meta name=\"twitter:data1\" content=\"2 minuti\" \/>\n<script type=\"application\/ld+json\" class=\"yoast-schema-graph\">{\"@context\":\"https:\\\/\\\/schema.org\",\"@graph\":[{\"@type\":\"WebPage\",\"@id\":\"https:\\\/\\\/travelsmartcampaign.org\\\/library\\\/are-compnaies-on-track-to-reduce-flights\\\/\",\"url\":\"https:\\\/\\\/travelsmartcampaign.org\\\/library\\\/are-compnaies-on-track-to-reduce-flights\\\/\",\"name\":\"Back in business: Are companies on track to reduce corporate flights? - Travel Smart Campaign\",\"isPartOf\":{\"@id\":\"https:\\\/\\\/travelsmartcampaign.org\\\/#website\"},\"primaryImageOfPage\":{\"@id\":\"https:\\\/\\\/travelsmartcampaign.org\\\/library\\\/are-compnaies-on-track-to-reduce-flights\\\/#primaryimage\"},\"image\":{\"@id\":\"https:\\\/\\\/travelsmartcampaign.org\\\/library\\\/are-compnaies-on-track-to-reduce-flights\\\/#primaryimage\"},\"thumbnailUrl\":\"https:\\\/\\\/travelsmartcampaign.org\\\/wp-content\\\/uploads\\\/AdobeStock_121803139-scaled.jpeg\",\"datePublished\":\"2023-09-19T11:32:19+00:00\",\"dateModified\":\"2023-10-19T08:19:27+00:00\",\"breadcrumb\":{\"@id\":\"https:\\\/\\\/travelsmartcampaign.org\\\/library\\\/are-compnaies-on-track-to-reduce-flights\\\/#breadcrumb\"},\"inLanguage\":\"it-IT\",\"potentialAction\":[{\"@type\":\"ReadAction\",\"target\":[\"https:\\\/\\\/travelsmartcampaign.org\\\/library\\\/are-compnaies-on-track-to-reduce-flights\\\/\"]}]},{\"@type\":\"ImageObject\",\"inLanguage\":\"it-IT\",\"@id\":\"https:\\\/\\\/travelsmartcampaign.org\\\/library\\\/are-compnaies-on-track-to-reduce-flights\\\/#primaryimage\",\"url\":\"https:\\\/\\\/travelsmartcampaign.org\\\/wp-content\\\/uploads\\\/AdobeStock_121803139-scaled.jpeg\",\"contentUrl\":\"https:\\\/\\\/travelsmartcampaign.org\\\/wp-content\\\/uploads\\\/AdobeStock_121803139-scaled.jpeg\",\"width\":2560,\"height\":1660},{\"@type\":\"BreadcrumbList\",\"@id\":\"https:\\\/\\\/travelsmartcampaign.org\\\/library\\\/are-compnaies-on-track-to-reduce-flights\\\/#breadcrumb\",\"itemListElement\":[{\"@type\":\"ListItem\",\"position\":1,\"name\":\"Home\",\"item\":\"https:\\\/\\\/travelsmartcampaign.org\\\/\"},{\"@type\":\"ListItem\",\"position\":2,\"name\":\"Back in business: Are companies on track to reduce corporate flights?\"}]},{\"@type\":\"WebSite\",\"@id\":\"https:\\\/\\\/travelsmartcampaign.org\\\/#website\",\"url\":\"https:\\\/\\\/travelsmartcampaign.org\\\/\",\"name\":\"Travel Smart\",\"description\":\"\",\"publisher\":{\"@id\":\"https:\\\/\\\/travelsmartcampaign.org\\\/#organization\"},\"potentialAction\":[{\"@type\":\"SearchAction\",\"target\":{\"@type\":\"EntryPoint\",\"urlTemplate\":\"https:\\\/\\\/travelsmartcampaign.org\\\/?s={search_term_string}\"},\"query-input\":{\"@type\":\"PropertyValueSpecification\",\"valueRequired\":true,\"valueName\":\"search_term_string\"}}],\"inLanguage\":\"it-IT\"},{\"@type\":\"Organization\",\"@id\":\"https:\\\/\\\/travelsmartcampaign.org\\\/#organization\",\"name\":\"Travel Smart\",\"url\":\"https:\\\/\\\/travelsmartcampaign.org\\\/\",\"logo\":{\"@type\":\"ImageObject\",\"inLanguage\":\"it-IT\",\"@id\":\"https:\\\/\\\/travelsmartcampaign.org\\\/#\\\/schema\\\/logo\\\/image\\\/\",\"url\":\"https:\\\/\\\/travelsmartcampaign.org\\\/wp-content\\\/uploads\\\/travel-smart-min.jpeg\",\"contentUrl\":\"https:\\\/\\\/travelsmartcampaign.org\\\/wp-content\\\/uploads\\\/travel-smart-min.jpeg\",\"width\":1200,\"height\":690,\"caption\":\"Travel Smart\"},\"image\":{\"@id\":\"https:\\\/\\\/travelsmartcampaign.org\\\/#\\\/schema\\\/logo\\\/image\\\/\"}}]}<\/script>\n<!-- \/ Yoast SEO plugin. -->","yoast_head_json":{"title":"Ritorno al lavoro: le aziende sono sulla buona strada per ridurre i voli aziendali? - Campagna Travel Smart","robots":{"index":"index","follow":"follow","max-snippet":"max-snippet:-1","max-image-preview":"max-image-preview:large","max-video-preview":"max-video-preview:-1"},"canonical":"https:\/\/travelsmartcampaign.org\/it\/biblioteca\/le-aziende-sono-sulla-buona-strada-per-ridurre-i-voli\/","og_locale":"it_IT","og_type":"article","og_title":"Back in business: Are companies on track to reduce corporate flights? - Travel Smart Campaign","og_description":"Annual report season is over and emissions reporting is trickling through. Data on business travel emissions suggests that trends are changing. Have companies bounced back to pre-COVID levels of flying? Are companies meeting their business travel reduction targets?","og_url":"https:\/\/travelsmartcampaign.org\/it\/biblioteca\/le-aziende-sono-sulla-buona-strada-per-ridurre-i-voli\/","og_site_name":"Travel Smart Campaign","article_modified_time":"2023-10-19T08:19:27+00:00","og_image":[{"width":2560,"height":1660,"url":"https:\/\/travelsmartcampaign.org\/wp-content\/uploads\/AdobeStock_121803139-scaled.jpeg","type":"image\/jpeg"}],"twitter_card":"summary_large_image","twitter_misc":{"Tempo di lettura stimato":"2 minuti"},"schema":{"@context":"https:\/\/schema.org","@graph":[{"@type":"WebPage","@id":"https:\/\/travelsmartcampaign.org\/library\/are-compnaies-on-track-to-reduce-flights\/","url":"https:\/\/travelsmartcampaign.org\/library\/are-compnaies-on-track-to-reduce-flights\/","name":"Ritorno al lavoro: le aziende sono sulla buona strada per ridurre i voli aziendali? - Campagna Travel Smart","isPartOf":{"@id":"https:\/\/travelsmartcampaign.org\/#website"},"primaryImageOfPage":{"@id":"https:\/\/travelsmartcampaign.org\/library\/are-compnaies-on-track-to-reduce-flights\/#primaryimage"},"image":{"@id":"https:\/\/travelsmartcampaign.org\/library\/are-compnaies-on-track-to-reduce-flights\/#primaryimage"},"thumbnailUrl":"https:\/\/travelsmartcampaign.org\/wp-content\/uploads\/AdobeStock_121803139-scaled.jpeg","datePublished":"2023-09-19T11:32:19+00:00","dateModified":"2023-10-19T08:19:27+00:00","breadcrumb":{"@id":"https:\/\/travelsmartcampaign.org\/library\/are-compnaies-on-track-to-reduce-flights\/#breadcrumb"},"inLanguage":"it-IT","potentialAction":[{"@type":"ReadAction","target":["https:\/\/travelsmartcampaign.org\/library\/are-compnaies-on-track-to-reduce-flights\/"]}]},{"@type":"ImageObject","inLanguage":"it-IT","@id":"https:\/\/travelsmartcampaign.org\/library\/are-compnaies-on-track-to-reduce-flights\/#primaryimage","url":"https:\/\/travelsmartcampaign.org\/wp-content\/uploads\/AdobeStock_121803139-scaled.jpeg","contentUrl":"https:\/\/travelsmartcampaign.org\/wp-content\/uploads\/AdobeStock_121803139-scaled.jpeg","width":2560,"height":1660},{"@type":"BreadcrumbList","@id":"https:\/\/travelsmartcampaign.org\/library\/are-compnaies-on-track-to-reduce-flights\/#breadcrumb","itemListElement":[{"@type":"ListItem","position":1,"name":"Home","item":"https:\/\/travelsmartcampaign.org\/"},{"@type":"ListItem","position":2,"name":"Back in business: Are companies on track to reduce corporate flights?"}]},{"@type":"WebSite","@id":"https:\/\/travelsmartcampaign.org\/#website","url":"https:\/\/travelsmartcampaign.org\/","name":"Travel Smart","description":"","publisher":{"@id":"https:\/\/travelsmartcampaign.org\/#organization"},"potentialAction":[{"@type":"SearchAction","target":{"@type":"EntryPoint","urlTemplate":"https:\/\/travelsmartcampaign.org\/?s={search_term_string}"},"query-input":{"@type":"PropertyValueSpecification","valueRequired":true,"valueName":"search_term_string"}}],"inLanguage":"it-IT"},{"@type":"Organization","@id":"https:\/\/travelsmartcampaign.org\/#organization","name":"Travel Smart","url":"https:\/\/travelsmartcampaign.org\/","logo":{"@type":"ImageObject","inLanguage":"it-IT","@id":"https:\/\/travelsmartcampaign.org\/#\/schema\/logo\/image\/","url":"https:\/\/travelsmartcampaign.org\/wp-content\/uploads\/travel-smart-min.jpeg","contentUrl":"https:\/\/travelsmartcampaign.org\/wp-content\/uploads\/travel-smart-min.jpeg","width":1200,"height":690,"caption":"Travel Smart"},"image":{"@id":"https:\/\/travelsmartcampaign.org\/#\/schema\/logo\/image\/"}}]}},"_links":{"self":[{"href":"https:\/\/travelsmartcampaign.org\/it\/wp-json\/wp\/v2\/library\/9705","targetHints":{"allow":["GET"]}}],"collection":[{"href":"https:\/\/travelsmartcampaign.org\/it\/wp-json\/wp\/v2\/library"}],"about":[{"href":"https:\/\/travelsmartcampaign.org\/it\/wp-json\/wp\/v2\/types\/library"}],"version-history":[{"count":0,"href":"https:\/\/travelsmartcampaign.org\/it\/wp-json\/wp\/v2\/library\/9705\/revisions"}],"wp:featuredmedia":[{"embeddable":true,"href":"https:\/\/travelsmartcampaign.org\/it\/wp-json\/wp\/v2\/media\/9703"}],"wp:attachment":[{"href":"https:\/\/travelsmartcampaign.org\/it\/wp-json\/wp\/v2\/media?parent=9705"}],"wp:term":[{"taxonomy":"topic","embeddable":true,"href":"https:\/\/travelsmartcampaign.org\/it\/wp-json\/wp\/v2\/topic?post=9705"},{"taxonomy":"visibility","embeddable":true,"href":"https:\/\/travelsmartcampaign.org\/it\/wp-json\/wp\/v2\/visibility?post=9705"},{"taxonomy":"post-country","embeddable":true,"href":"https:\/\/travelsmartcampaign.org\/it\/wp-json\/wp\/v2\/post-country?post=9705"},{"taxonomy":"language","embeddable":true,"href":"https:\/\/travelsmartcampaign.org\/it\/wp-json\/wp\/v2\/language?post=9705"},{"taxonomy":"category-post-type","embeddable":true,"href":"https:\/\/travelsmartcampaign.org\/it\/wp-json\/wp\/v2\/category-post-type?post=9705"}],"curies":[{"name":"wp","href":"https:\/\/api.w.org\/{rel}","templated":true}]}}