{"id":13496,"date":"2024-05-24T00:01:35","date_gmt":"2024-05-23T23:01:35","guid":{"rendered":"http:\/\/travelsmartcampaign.org\/?post_type=library&#038;p=13496"},"modified":"2025-05-14T11:40:28","modified_gmt":"2025-05-14T10:40:28","slug":"reizen-naar-de-emissies-van-grote-groepen-frankrijk-zijn-kleiner-geworden-volgens-rapport-a-2019","status":"publish","type":"library","link":"https:\/\/travelsmartcampaign.org\/nl\/library\/voyages-daffaires-les-emissions-des-grands-groupes-francais-ont-diminue-dun-tiers-par-rapport-a-2019\/","title":{"rendered":"Zakenreizen: de emissies van grote Franse groepen zijn verminderd met een niveau per rapport in 2019"},"content":{"rendered":"<p><span style=\"font-weight: 400;\">Een nieuwe analyse van T&amp;E op de les<\/span> <span style=\"font-weight: 400;\">de emissies van zakenreizen van 18 Franse ondernemingen in 2023 geven een overzicht van de moyenne, elles hebben een daling van de emissies van een niveau (-33 %) in 2023 gezien in het rapport van 2019. Meer zeker is dat deze zaken toenadering tot het niveaux bereiken de 2019. Parmi elles, Forvia (anciennement Faurecia), Sanofi en Air Liquide hebben ongeveer 90 %-inkomsten op hun emissieniveau in 2019. Ceci, misschien wel het feit dat de bedrijven op de hoogte zijn van de resultaten van visioconferenties en met veel van de tijd dat we met Covid te maken hebben, en vaak is het zo dat de meerderheid van de mensen zich bezighoudt met het terugdringen van hun werkgever.<\/span><\/p>\n<p><span style=\"font-weight: 400;\">Een onderneming, bioM\u00e9rieux, een d\u00e9pass\u00e9 op het niveau van het jaar 2019 (+9%). In deze tijd, in 2023, werd een interne reductiedoelstelling van -10% voor het verslag van de emissies van de reis in 2022 een positieve evolutie die het traject hielp verbeteren.\u00a0<\/span><\/p>\n<p><span style=\"font-weight: 400;\">9 van de 18 onderzochte ondernemingen zijn gefixeerd op de doelstellingen van het verminderen van zakenreizen, en twee ondernemingen hebben een kleinere betekenis van hun vols, die de essentie van de emissies van zakenreizen vertegenwoordigen, en het onderhoud van het faible niveau van zaken emissiewaarnemingen tijdens de pandemie. De emissies 2023 van zakenreizen van Dassault zijn op -60 % op het niveau van 2019 en cellen van Amundi op -51 %. In 2022 zullen nieuwe ondernemingen een andere prestatie leveren, op een groot feest vanwege de beperkingen die Covid met zich meebrengt. Dassault en Amundi ontwierpen de doelstellingen van het verminderen van hun emissies tijdens zakenreizen.\u00a0<\/span><\/p>\n<p><img loading=\"lazy\" decoding=\"async\" class=\"alignnone size-full wp-image-16609\" src=\"http:\/\/travelsmartcampaign.org\/wp-content\/uploads\/1-4.png\" alt=\"\" width=\"768\" height=\"1100\" srcset=\"https:\/\/travelsmartcampaign.org\/wp-content\/uploads\/1-4.png 768w, https:\/\/travelsmartcampaign.org\/wp-content\/uploads\/1-4-209x300.png 209w, https:\/\/travelsmartcampaign.org\/wp-content\/uploads\/1-4-715x1024.png 715w, https:\/\/travelsmartcampaign.org\/wp-content\/uploads\/1-4-8x12.png 8w\" sizes=\"auto, (max-width: 768px) 100vw, 768px\" \/><\/p>\n<p><span style=\"font-weight: 400;\">J\u00e9r\u00f4me du Boucher, verantwoordelijke luchtvaart Frankrijk explique, <\/span><i><span style=\"font-weight: 400;\">\u201cOpmerking over een retourprobleem van het huis van de emissies van zakenreizen in Frankrijk. Het lijkt erop dat de pandemie-pandemie niet meer terugkomt. Giet de voie \u00e0 suivre a \u00e9t\u00e9 tracee: de voordelen van een lijnbijeenkomst, plus de reizen in de trein en in de lucht. Malwareusement, bedrijfstropen vertegenwoordigen de gewoontes van d\u00e9placements en avion excesss, zonder aucune overweging voor de planeet.\u201d<\/span><\/i><\/p>\n<p><span style=\"font-weight: 400;\">Samen met de reducties van 18 bedrijven bedraagt de hoeveelheid CO2-uitstoot 425.000 ton<\/span><span style=\"font-weight: 400;\">2 <\/span><span style=\"font-weight: 400;\">in 2023 zijn de economie\u00ebn in een rapport van 2019 ge\u00ebvolueerd, wat neerkomt op een gelijkwaardige uitstoot van 215.000 benzine-voitures in een jaar. In mei hebben de 18 bedrijven hun emissies van een niveau (-33 %) in 2023 in 2019 teruggegeven. Ze hebben een significante wederopleving gezien in het rapport in 2022, en de emissies van 18 resterende bedrijven zijn teruggekeerd \u00e0 la moiti\u00e9 (-50 %) op niveau van 2019. Als 18 bedrijven hun activiteiten in 2023 op 50 % op niveau van 2019 onderhouden, 245.000 ton CO<\/span><span style=\"font-weight: 400;\">2 <\/span><span style=\"font-weight: 400;\">aanvullende producten die economisch van aard zijn.\u00a0<\/span><\/p>\n<p><span style=\"font-weight: 400;\">Het Franse gouvernement biedt een vergoeding voor de maatregelen die de zakenreizen aanmoedigen. Dans le kader van de zoon <\/span><a href=\"https:\/\/www.ecologie.gouv.fr\/sites\/default\/files\/22152_Plan-sobriete_DP-2023-if-2.pdf\"><span style=\"font-weight: 400;\">Plan de Sobri\u00e9t\u00e9 Energ\u00e9tique<\/span><\/a><span style=\"font-weight: 400;\">, er is een vraag naar ondernemers die bevoorrechte diensten verlenen aan de trein op de plaats van het vliegtuig voor de reis die een paar uur lang kan worden uitgevoerd tijdens de periode van januari 2024. De regering verkent de grote impact van het klimaat op het transport . Et c&#039;est pour cela que la<\/span><a href=\"https:\/\/www.legifrance.gouv.fr\/download\/pdf\/circ?id=45511\"><span style=\"font-weight: 400;\"> circulaire ultieme relatie met de betrokkenheid voor de ecologische transformatie van de staat<\/span><\/a> <span style=\"font-weight: 400;\">inclusief een doelstelling van vermindering van de vliegreizen van 20% in 2024 volgens rapport tot 2019, met een grotere ambitie tot -30 % in 2027.\u00a0<\/span><\/p>\n<p><span style=\"font-weight: 400;\">T&amp;E appelleert aan de Franse ondernemers, met als doel de vermindering van de uitstoot van zakenreizen naar 50% of plus in 2025. <\/span><span style=\"font-weight: 400;\">Het doel is een fix\u00e9 op de basis van de la <\/span><a href=\"https:\/\/www.transportenvironment.org\/wp-content\/uploads\/2022\/03\/TE-aviation-decarbonisation-roadmap-FINAL.pdf\"><span style=\"font-weight: 400;\">feuille van de route<\/span><\/a><span style=\"font-weight: 400;\"> de T&amp;E, met een korting van 50 % van het emissieensemble voor zakenreizen is in 2030 noodzakelijk, als de luchtvaart wordt onderhouden op een traject dat compatibel is met een plan op 1,5\u00b0C .<\/span><\/p>\n<p>&nbsp;<\/p>\n<p>&nbsp;<\/p>\n<p>&nbsp;<\/p>\n<p>&nbsp;<\/p>","protected":false},"excerpt":{"rendered":"<p>17 van de 18 Franse ondernemingen die een nieuwe etude van de campagne &#039;Travel Smart&#039; van Transport &amp; Environment hebben geanalyseerd, zijn op hun niveau van zakenreizen plus de vooruitstrevende Covid-19-status gebleven, maar het is nog steeds een mooie zaak om de pente te behouden. <\/p>","protected":false},"featured_media":17863,"template":"","topic":[190],"visibility":[],"post-country":[31],"language":[38],"category-post-type":[28],"class_list":["post-13496","library","type-library","status-publish","has-post-thumbnail","hentry","topic-emission-tracker","post-country-france","language-french","category-post-type-press-release"],"yoast_head":"<!-- This site is optimized with the Yoast SEO plugin v27.5 - https:\/\/yoast.com\/product\/yoast-seo-wordpress\/ -->\n<title>Voyages d\u2019affaires : les \u00e9missions des grands groupes fran\u00e7ais ont diminu\u00e9 d\u2019un tiers par rapport \u00e0 2019 - Travel Smart Campaign<\/title>\n<meta name=\"robots\" content=\"index, follow, max-snippet:-1, max-image-preview:large, max-video-preview:-1\" \/>\n<link rel=\"canonical\" href=\"https:\/\/travelsmartcampaign.org\/nl\/bibliotheek\/reizen-naar-de-emissies-van-grote-groepen-frankrijk-zijn-kleiner-geworden-volgens-rapport-a-2019\/\" \/>\n<meta property=\"og:locale\" content=\"nl_NL\" \/>\n<meta property=\"og:type\" content=\"article\" \/>\n<meta property=\"og:title\" content=\"Voyages d\u2019affaires : les \u00e9missions des grands groupes fran\u00e7ais ont diminu\u00e9 d\u2019un tiers par rapport \u00e0 2019 - Travel Smart Campaign\" \/>\n<meta property=\"og:description\" content=\"17 des 18 entreprises fran\u00e7aises analys\u00e9es dans une nouvelle \u00e9tude de la campagne \u2018Travel Smart\u2019 de Transport &amp; Environment maintiennent leurs niveaux de voyages d\u2019affaires plus bas qu\u2019avant le Covid, m\u00eame si beaucoup d\u2019entre elles remontent vite la pente.\" \/>\n<meta property=\"og:url\" content=\"https:\/\/travelsmartcampaign.org\/nl\/bibliotheek\/reizen-naar-de-emissies-van-grote-groepen-frankrijk-zijn-kleiner-geworden-volgens-rapport-a-2019\/\" \/>\n<meta property=\"og:site_name\" content=\"Travel Smart Campaign\" \/>\n<meta property=\"article:modified_time\" content=\"2025-05-14T10:40:28+00:00\" \/>\n<meta property=\"og:image\" content=\"https:\/\/travelsmartcampaign.org\/wp-content\/uploads\/aircraft-475409_1280.jpg\" \/>\n\t<meta property=\"og:image:width\" content=\"1280\" \/>\n\t<meta property=\"og:image:height\" content=\"854\" \/>\n\t<meta property=\"og:image:type\" content=\"image\/jpeg\" \/>\n<meta name=\"twitter:card\" content=\"summary_large_image\" \/>\n<meta name=\"twitter:label1\" content=\"Geschatte leestijd\" \/>\n\t<meta name=\"twitter:data1\" content=\"4 minuten\" \/>\n<script type=\"application\/ld+json\" class=\"yoast-schema-graph\">{\"@context\":\"https:\\\/\\\/schema.org\",\"@graph\":[{\"@type\":\"WebPage\",\"@id\":\"https:\\\/\\\/travelsmartcampaign.org\\\/library\\\/voyages-daffaires-les-emissions-des-grands-groupes-francais-ont-diminue-dun-tiers-par-rapport-a-2019\\\/\",\"url\":\"https:\\\/\\\/travelsmartcampaign.org\\\/library\\\/voyages-daffaires-les-emissions-des-grands-groupes-francais-ont-diminue-dun-tiers-par-rapport-a-2019\\\/\",\"name\":\"Voyages d\u2019affaires : les \u00e9missions des grands groupes fran\u00e7ais ont diminu\u00e9 d\u2019un tiers par rapport \u00e0 2019 - Travel Smart Campaign\",\"isPartOf\":{\"@id\":\"https:\\\/\\\/travelsmartcampaign.org\\\/#website\"},\"primaryImageOfPage\":{\"@id\":\"https:\\\/\\\/travelsmartcampaign.org\\\/library\\\/voyages-daffaires-les-emissions-des-grands-groupes-francais-ont-diminue-dun-tiers-par-rapport-a-2019\\\/#primaryimage\"},\"image\":{\"@id\":\"https:\\\/\\\/travelsmartcampaign.org\\\/library\\\/voyages-daffaires-les-emissions-des-grands-groupes-francais-ont-diminue-dun-tiers-par-rapport-a-2019\\\/#primaryimage\"},\"thumbnailUrl\":\"https:\\\/\\\/travelsmartcampaign.org\\\/wp-content\\\/uploads\\\/aircraft-475409_1280.jpg\",\"datePublished\":\"2024-05-23T23:01:35+00:00\",\"dateModified\":\"2025-05-14T10:40:28+00:00\",\"breadcrumb\":{\"@id\":\"https:\\\/\\\/travelsmartcampaign.org\\\/library\\\/voyages-daffaires-les-emissions-des-grands-groupes-francais-ont-diminue-dun-tiers-par-rapport-a-2019\\\/#breadcrumb\"},\"inLanguage\":\"nl-NL\",\"potentialAction\":[{\"@type\":\"ReadAction\",\"target\":[\"https:\\\/\\\/travelsmartcampaign.org\\\/library\\\/voyages-daffaires-les-emissions-des-grands-groupes-francais-ont-diminue-dun-tiers-par-rapport-a-2019\\\/\"]}]},{\"@type\":\"ImageObject\",\"inLanguage\":\"nl-NL\",\"@id\":\"https:\\\/\\\/travelsmartcampaign.org\\\/library\\\/voyages-daffaires-les-emissions-des-grands-groupes-francais-ont-diminue-dun-tiers-par-rapport-a-2019\\\/#primaryimage\",\"url\":\"https:\\\/\\\/travelsmartcampaign.org\\\/wp-content\\\/uploads\\\/aircraft-475409_1280.jpg\",\"contentUrl\":\"https:\\\/\\\/travelsmartcampaign.org\\\/wp-content\\\/uploads\\\/aircraft-475409_1280.jpg\",\"width\":1280,\"height\":854},{\"@type\":\"BreadcrumbList\",\"@id\":\"https:\\\/\\\/travelsmartcampaign.org\\\/library\\\/voyages-daffaires-les-emissions-des-grands-groupes-francais-ont-diminue-dun-tiers-par-rapport-a-2019\\\/#breadcrumb\",\"itemListElement\":[{\"@type\":\"ListItem\",\"position\":1,\"name\":\"Home\",\"item\":\"https:\\\/\\\/travelsmartcampaign.org\\\/\"},{\"@type\":\"ListItem\",\"position\":2,\"name\":\"Voyages d\u2019affaires : les \u00e9missions des grands groupes fran\u00e7ais ont diminu\u00e9 d\u2019un tiers par rapport \u00e0 2019\"}]},{\"@type\":\"WebSite\",\"@id\":\"https:\\\/\\\/travelsmartcampaign.org\\\/#website\",\"url\":\"https:\\\/\\\/travelsmartcampaign.org\\\/\",\"name\":\"Travel Smart\",\"description\":\"\",\"publisher\":{\"@id\":\"https:\\\/\\\/travelsmartcampaign.org\\\/#organization\"},\"potentialAction\":[{\"@type\":\"SearchAction\",\"target\":{\"@type\":\"EntryPoint\",\"urlTemplate\":\"https:\\\/\\\/travelsmartcampaign.org\\\/?s={search_term_string}\"},\"query-input\":{\"@type\":\"PropertyValueSpecification\",\"valueRequired\":true,\"valueName\":\"search_term_string\"}}],\"inLanguage\":\"nl-NL\"},{\"@type\":\"Organization\",\"@id\":\"https:\\\/\\\/travelsmartcampaign.org\\\/#organization\",\"name\":\"Travel Smart\",\"url\":\"https:\\\/\\\/travelsmartcampaign.org\\\/\",\"logo\":{\"@type\":\"ImageObject\",\"inLanguage\":\"nl-NL\",\"@id\":\"https:\\\/\\\/travelsmartcampaign.org\\\/#\\\/schema\\\/logo\\\/image\\\/\",\"url\":\"https:\\\/\\\/travelsmartcampaign.org\\\/wp-content\\\/uploads\\\/travel-smart-min.jpeg\",\"contentUrl\":\"https:\\\/\\\/travelsmartcampaign.org\\\/wp-content\\\/uploads\\\/travel-smart-min.jpeg\",\"width\":1200,\"height\":690,\"caption\":\"Travel Smart\"},\"image\":{\"@id\":\"https:\\\/\\\/travelsmartcampaign.org\\\/#\\\/schema\\\/logo\\\/image\\\/\"}}]}<\/script>\n<!-- \/ Yoast SEO plugin. -->","yoast_head_json":{"title":"Zakenreizen: de uitstoot van grote Franse bedrijven is met een derde gedaald ten opzichte van 2019 - Travel Smart Campaign","robots":{"index":"index","follow":"follow","max-snippet":"max-snippet:-1","max-image-preview":"max-image-preview:large","max-video-preview":"max-video-preview:-1"},"canonical":"https:\/\/travelsmartcampaign.org\/nl\/bibliotheek\/reizen-naar-de-emissies-van-grote-groepen-frankrijk-zijn-kleiner-geworden-volgens-rapport-a-2019\/","og_locale":"nl_NL","og_type":"article","og_title":"Voyages d\u2019affaires : les \u00e9missions des grands groupes fran\u00e7ais ont diminu\u00e9 d\u2019un tiers par rapport \u00e0 2019 - Travel Smart Campaign","og_description":"17 des 18 entreprises fran\u00e7aises analys\u00e9es dans une nouvelle \u00e9tude de la campagne \u2018Travel Smart\u2019 de Transport & Environment maintiennent leurs niveaux de voyages d\u2019affaires plus bas qu\u2019avant le Covid, m\u00eame si beaucoup d\u2019entre elles remontent vite la pente.","og_url":"https:\/\/travelsmartcampaign.org\/nl\/bibliotheek\/reizen-naar-de-emissies-van-grote-groepen-frankrijk-zijn-kleiner-geworden-volgens-rapport-a-2019\/","og_site_name":"Travel Smart Campaign","article_modified_time":"2025-05-14T10:40:28+00:00","og_image":[{"width":1280,"height":854,"url":"https:\/\/travelsmartcampaign.org\/wp-content\/uploads\/aircraft-475409_1280.jpg","type":"image\/jpeg"}],"twitter_card":"summary_large_image","twitter_misc":{"Geschatte leestijd":"4 minuten"},"schema":{"@context":"https:\/\/schema.org","@graph":[{"@type":"WebPage","@id":"https:\/\/travelsmartcampaign.org\/library\/voyages-daffaires-les-emissions-des-grands-groupes-francais-ont-diminue-dun-tiers-par-rapport-a-2019\/","url":"https:\/\/travelsmartcampaign.org\/library\/voyages-daffaires-les-emissions-des-grands-groupes-francais-ont-diminue-dun-tiers-par-rapport-a-2019\/","name":"Zakenreizen: de uitstoot van grote Franse bedrijven is met een derde gedaald ten opzichte van 2019 - Travel Smart Campaign","isPartOf":{"@id":"https:\/\/travelsmartcampaign.org\/#website"},"primaryImageOfPage":{"@id":"https:\/\/travelsmartcampaign.org\/library\/voyages-daffaires-les-emissions-des-grands-groupes-francais-ont-diminue-dun-tiers-par-rapport-a-2019\/#primaryimage"},"image":{"@id":"https:\/\/travelsmartcampaign.org\/library\/voyages-daffaires-les-emissions-des-grands-groupes-francais-ont-diminue-dun-tiers-par-rapport-a-2019\/#primaryimage"},"thumbnailUrl":"https:\/\/travelsmartcampaign.org\/wp-content\/uploads\/aircraft-475409_1280.jpg","datePublished":"2024-05-23T23:01:35+00:00","dateModified":"2025-05-14T10:40:28+00:00","breadcrumb":{"@id":"https:\/\/travelsmartcampaign.org\/library\/voyages-daffaires-les-emissions-des-grands-groupes-francais-ont-diminue-dun-tiers-par-rapport-a-2019\/#breadcrumb"},"inLanguage":"nl-NL","potentialAction":[{"@type":"ReadAction","target":["https:\/\/travelsmartcampaign.org\/library\/voyages-daffaires-les-emissions-des-grands-groupes-francais-ont-diminue-dun-tiers-par-rapport-a-2019\/"]}]},{"@type":"ImageObject","inLanguage":"nl-NL","@id":"https:\/\/travelsmartcampaign.org\/library\/voyages-daffaires-les-emissions-des-grands-groupes-francais-ont-diminue-dun-tiers-par-rapport-a-2019\/#primaryimage","url":"https:\/\/travelsmartcampaign.org\/wp-content\/uploads\/aircraft-475409_1280.jpg","contentUrl":"https:\/\/travelsmartcampaign.org\/wp-content\/uploads\/aircraft-475409_1280.jpg","width":1280,"height":854},{"@type":"BreadcrumbList","@id":"https:\/\/travelsmartcampaign.org\/library\/voyages-daffaires-les-emissions-des-grands-groupes-francais-ont-diminue-dun-tiers-par-rapport-a-2019\/#breadcrumb","itemListElement":[{"@type":"ListItem","position":1,"name":"Home","item":"https:\/\/travelsmartcampaign.org\/"},{"@type":"ListItem","position":2,"name":"Voyages d\u2019affaires : les \u00e9missions des grands groupes fran\u00e7ais ont diminu\u00e9 d\u2019un tiers par rapport \u00e0 2019"}]},{"@type":"WebSite","@id":"https:\/\/travelsmartcampaign.org\/#website","url":"https:\/\/travelsmartcampaign.org\/","name":"Travel Smart","description":"","publisher":{"@id":"https:\/\/travelsmartcampaign.org\/#organization"},"potentialAction":[{"@type":"SearchAction","target":{"@type":"EntryPoint","urlTemplate":"https:\/\/travelsmartcampaign.org\/?s={search_term_string}"},"query-input":{"@type":"PropertyValueSpecification","valueRequired":true,"valueName":"search_term_string"}}],"inLanguage":"nl-NL"},{"@type":"Organization","@id":"https:\/\/travelsmartcampaign.org\/#organization","name":"Travel Smart","url":"https:\/\/travelsmartcampaign.org\/","logo":{"@type":"ImageObject","inLanguage":"nl-NL","@id":"https:\/\/travelsmartcampaign.org\/#\/schema\/logo\/image\/","url":"https:\/\/travelsmartcampaign.org\/wp-content\/uploads\/travel-smart-min.jpeg","contentUrl":"https:\/\/travelsmartcampaign.org\/wp-content\/uploads\/travel-smart-min.jpeg","width":1200,"height":690,"caption":"Travel Smart"},"image":{"@id":"https:\/\/travelsmartcampaign.org\/#\/schema\/logo\/image\/"}}]}},"_links":{"self":[{"href":"https:\/\/travelsmartcampaign.org\/nl\/wp-json\/wp\/v2\/library\/13496","targetHints":{"allow":["GET"]}}],"collection":[{"href":"https:\/\/travelsmartcampaign.org\/nl\/wp-json\/wp\/v2\/library"}],"about":[{"href":"https:\/\/travelsmartcampaign.org\/nl\/wp-json\/wp\/v2\/types\/library"}],"version-history":[{"count":0,"href":"https:\/\/travelsmartcampaign.org\/nl\/wp-json\/wp\/v2\/library\/13496\/revisions"}],"wp:featuredmedia":[{"embeddable":true,"href":"https:\/\/travelsmartcampaign.org\/nl\/wp-json\/wp\/v2\/media\/17863"}],"wp:attachment":[{"href":"https:\/\/travelsmartcampaign.org\/nl\/wp-json\/wp\/v2\/media?parent=13496"}],"wp:term":[{"taxonomy":"topic","embeddable":true,"href":"https:\/\/travelsmartcampaign.org\/nl\/wp-json\/wp\/v2\/topic?post=13496"},{"taxonomy":"visibility","embeddable":true,"href":"https:\/\/travelsmartcampaign.org\/nl\/wp-json\/wp\/v2\/visibility?post=13496"},{"taxonomy":"post-country","embeddable":true,"href":"https:\/\/travelsmartcampaign.org\/nl\/wp-json\/wp\/v2\/post-country?post=13496"},{"taxonomy":"language","embeddable":true,"href":"https:\/\/travelsmartcampaign.org\/nl\/wp-json\/wp\/v2\/language?post=13496"},{"taxonomy":"category-post-type","embeddable":true,"href":"https:\/\/travelsmartcampaign.org\/nl\/wp-json\/wp\/v2\/category-post-type?post=13496"}],"curies":[{"name":"wp","href":"https:\/\/api.w.org\/{rel}","templated":true}]}}