{"id":17225,"date":"2025-04-01T00:01:06","date_gmt":"2025-03-31T23:01:06","guid":{"rendered":"http:\/\/travelsmartcampaign.org\/?post_type=library&#038;p=17225"},"modified":"2025-04-01T09:34:34","modified_gmt":"2025-04-01T08:34:34","slug":"vols-daffaires-un-classement-international-couronne-swiss-re-et-zurich","status":"publish","type":"library","link":"https:\/\/travelsmartcampaign.org\/nl\/library\/vols-daffaires-un-classement-international-couronne-swiss-re-et-zurich\/","title":{"rendered":"Vols d&#039;affaires: un classement international couronne Swiss Re en Zurich"},"content":{"rendered":"<p><span style=\"font-weight: 400;\">TravelSmart waardeert elk jaar 326 grote ondernemingen in de Verenigde Staten, Europa en India op basis van hun uitstoot voor zakenreizen. Le classement se base sur des indicateurs tels les objectifs de r\u00e9duction, la transparence appliqu\u00e9e et les mesures concr\u00e8tes prises. Het klassement is opgesteld door de Europese vereniging Transport &amp; Environment T&amp;E.\u00a0<\/span><\/p>\n<p><span style=\"font-weight: 400;\">Wat de suisses betreft, kent het klassement de notitie A toe aan Swiss Re en Zurich Insurance. \"Elles prouvent une fois de plus que moins prendre l'avion ne se fait pas au d\u00e9triment de la r\u00e9ussite commerciale\", estime Yves Chatton, expert en transport a\u00e9rien \u00e0 l'ATE. \"Swiss Re en Z\u00fcrich hebben al vijf jaar een duidelijk doel voor ogen en hebben sindsdien hun emissies voor zakenreizen van ongeveer twee ton verminderd. Elles misent donc principalement sur les budgets voyages et \u00e9missions.\"<\/span><\/p>\n<p>&nbsp;<\/p>\n<h4><b>Een belangrijke besoin de rattrapage<\/b><\/h4>\n<p><span style=\"font-weight: 400;\">Maar alle suisses ondernemingen zijn nog steeds niet in staat om dit te doen: cimentier Holcim heeft nog steeds geen doelstellingen gedefinieerd om het luchttransport te beperken. Glencore bewaart zijn ondoorzichtigheid en weigert zelfs zijn gegevens hierover te publiceren. Et ABB et Nestl\u00e9 ont quasiment retrouv\u00e9 leur niveau de 2019, alors que les entreprises mondiales ont r\u00e9duit leurs \u00e9missions d'un tiers en moyenne dans le m\u00eame laps de temps.<\/span><\/p>\n<p><span style=\"font-weight: 400;\">\"Het hebben van concrete doelstellingen is essentieel, met name voor multinationals, om de klimaatdoelstellingen te kunnen respecteren en verantwoordelijk te kunnen handelen als onderneming\", concludeert Yves Chatton. Het TravelSmart klassement laat duidelijk zien dat ondernemingen die concrete doelstellingen hebben, hun uitstoot aanzienlijk verminderen. De ondernemingen in Zwitserland kunnen een voorbeeldfunctie vervullen. \"Sommigen spelen deze rol al, anderen moeten snel handelen.\"<\/span><\/p>\n<p><span style=\"font-weight: 400;\">L'ATE et T&amp;E appellent les entreprises \u00e0 se fixer des objectifs clairs et ambitieux de r\u00e9duction des \u00e9missions dans le domaine des voyages d'affaires et \u00e0 les appliquer avec coh\u00e9rence. Volgens beide organisaties is reizen per trein en niet per vliegtuig bijzonder effici\u00ebnt. De videoconferentie is bovendien een gerechtelijk alternatief om lange vliegreizen volledig te vermijden.<\/span><\/p>\n<p>&nbsp;<\/p>\n<p><span style=\"font-weight: 400;\">Het TravelSmart klassement van 326 internationale bedrijven kan hier worden geraadpleegd: <\/span><a href=\"http:\/\/travelsmartcampaign.org\/nl\/ranking\/\"><span style=\"font-weight: 400;\">www.travelsmartcampaign.org\/ranking. <\/span><\/a><span style=\"font-weight: 400;\">\u00a0<\/span><\/p>\n<p>&nbsp;<\/p>\n<h4><b>Ondernemingen gevestigd in Zwitserland op de valreep van de TravelSmart-Ranking<\/b><\/h4>\n<p><span style=\"font-weight: 400;\">Noot A:<\/span><\/p>\n<ul>\n<li style=\"font-weight: 400;\" aria-level=\"1\"><span style=\"font-weight: 400;\">Zwitserse Re<\/span><\/li>\n<li style=\"font-weight: 400;\" aria-level=\"1\"><span style=\"font-weight: 400;\">Z\u00fcrich Verzekeringsgroep<\/span><\/li>\n<\/ul>\n<p>&nbsp;<\/p>\n<p><span style=\"font-weight: 400;\">Noot B:<\/span><\/p>\n<ul>\n<li style=\"font-weight: 400;\" aria-level=\"1\"><span style=\"font-weight: 400;\">Adecco Groep AG<\/span><\/li>\n<li style=\"font-weight: 400;\" aria-level=\"1\"><span style=\"font-weight: 400;\">Roche<\/span><\/li>\n<li style=\"font-weight: 400;\" aria-level=\"1\"><span style=\"font-weight: 400;\">SGS SA<\/span><\/li>\n<\/ul>\n<p>&nbsp;<\/p>\n<p><span style=\"font-weight: 400;\">Noot C:<\/span><\/p>\n<ul>\n<li style=\"font-weight: 400;\" aria-level=\"1\"><span style=\"font-weight: 400;\">ABB<\/span><\/li>\n<li style=\"font-weight: 400;\" aria-level=\"1\"><span style=\"font-weight: 400;\">Holcim<\/span><\/li>\n<li style=\"font-weight: 400;\" aria-level=\"1\"><span style=\"font-weight: 400;\">Lonza<\/span><\/li>\n<li style=\"font-weight: 400;\" aria-level=\"1\"><span style=\"font-weight: 400;\">Nestl\u00e9<\/span><\/li>\n<li style=\"font-weight: 400;\" aria-level=\"1\"><span style=\"font-weight: 400;\">Novartis<\/span><\/li>\n<li style=\"font-weight: 400;\" aria-level=\"1\"><span style=\"font-weight: 400;\">Oriflame Cosmetica<\/span><\/li>\n<li style=\"font-weight: 400;\" aria-level=\"1\"><span style=\"font-weight: 400;\">Richemont<\/span><\/li>\n<li style=\"font-weight: 400;\" aria-level=\"1\"><span style=\"font-weight: 400;\">Sonova<\/span><\/li>\n<li style=\"font-weight: 400;\" aria-level=\"1\"><span style=\"font-weight: 400;\">Syngenta AG<\/span><\/li>\n<li style=\"font-weight: 400;\" aria-level=\"1\"><span style=\"font-weight: 400;\">UBS<\/span><\/li>\n<\/ul>\n<p>&nbsp;<\/p>\n<p><span style=\"font-weight: 400;\">Noot D:<\/span><\/p>\n<ul>\n<li style=\"font-weight: 400;\" aria-level=\"1\"><span style=\"font-weight: 400;\">Glencore<\/span><\/li>\n<\/ul>","protected":false},"excerpt":{"rendered":"<p>De nieuwe klasse TravelSmart is de manier waarop de zakenreizen in de wereld hun emissies beperken. Als de suisses Swiss Re en de Zurich Insurance-partij van de precurseurs, Nestl\u00e9, ABB en Holcim een lettertype zijn, zijn dit de groepen. L&#039;ATE rappelle les groepen \u00e0 la verantwoordelijk.<\/p>","protected":false},"featured_media":17213,"template":"","topic":[],"visibility":[],"post-country":[36],"language":[38],"category-post-type":[28],"class_list":["post-17225","library","type-library","status-publish","has-post-thumbnail","hentry","post-country-switzerland","language-french","category-post-type-press-release"],"yoast_head":"<!-- This site is optimized with the Yoast SEO plugin v27.5 - https:\/\/yoast.com\/product\/yoast-seo-wordpress\/ -->\n<title>Vols d\u2019affaires: un classement international couronne Swiss Re et Zurich - Travel Smart Campaign<\/title>\n<meta name=\"robots\" content=\"index, follow, max-snippet:-1, max-image-preview:large, max-video-preview:-1\" \/>\n<link rel=\"canonical\" href=\"https:\/\/travelsmartcampaign.org\/nl\/bibliotheek\/vols-daffaires-un-classement-international-couronne-swiss-re-et-zurich\/\" \/>\n<meta property=\"og:locale\" content=\"nl_NL\" \/>\n<meta property=\"og:type\" content=\"article\" \/>\n<meta property=\"og:title\" content=\"Vols d\u2019affaires: un classement international couronne Swiss Re et Zurich - Travel Smart Campaign\" \/>\n<meta property=\"og:description\" content=\"Le nouveau classement TravelSmart le montre: en mati\u00e8re de voyages d\u2019affaires, les entreprises du monde entier r\u00e9duisent leurs \u00e9missions. Si les groupes suisses Swiss Re et Zurich Insurance font partie des pr\u00e9curseurs, Nestl\u00e9, ABB et Holcim n\u2019en font pas assez. L\u2019ATE rappelle les groupes \u00e0 leur responsabilit\u00e9.\" \/>\n<meta property=\"og:url\" content=\"https:\/\/travelsmartcampaign.org\/nl\/bibliotheek\/vols-daffaires-un-classement-international-couronne-swiss-re-et-zurich\/\" \/>\n<meta property=\"og:site_name\" content=\"Travel Smart Campaign\" \/>\n<meta property=\"article:modified_time\" content=\"2025-04-01T08:34:34+00:00\" \/>\n<meta property=\"og:image\" content=\"https:\/\/travelsmartcampaign.org\/wp-content\/uploads\/2-8.png\" \/>\n\t<meta property=\"og:image:width\" content=\"1080\" \/>\n\t<meta property=\"og:image:height\" content=\"1080\" \/>\n\t<meta property=\"og:image:type\" content=\"image\/png\" \/>\n<meta name=\"twitter:card\" content=\"summary_large_image\" \/>\n<meta name=\"twitter:label1\" content=\"Geschatte leestijd\" \/>\n\t<meta name=\"twitter:data1\" content=\"2 minuten\" \/>\n<script type=\"application\/ld+json\" class=\"yoast-schema-graph\">{\"@context\":\"https:\\\/\\\/schema.org\",\"@graph\":[{\"@type\":\"WebPage\",\"@id\":\"https:\\\/\\\/travelsmartcampaign.org\\\/library\\\/vols-daffaires-un-classement-international-couronne-swiss-re-et-zurich\\\/\",\"url\":\"https:\\\/\\\/travelsmartcampaign.org\\\/library\\\/vols-daffaires-un-classement-international-couronne-swiss-re-et-zurich\\\/\",\"name\":\"Vols d\u2019affaires: un classement international couronne Swiss Re et Zurich - Travel Smart Campaign\",\"isPartOf\":{\"@id\":\"https:\\\/\\\/travelsmartcampaign.org\\\/#website\"},\"primaryImageOfPage\":{\"@id\":\"https:\\\/\\\/travelsmartcampaign.org\\\/library\\\/vols-daffaires-un-classement-international-couronne-swiss-re-et-zurich\\\/#primaryimage\"},\"image\":{\"@id\":\"https:\\\/\\\/travelsmartcampaign.org\\\/library\\\/vols-daffaires-un-classement-international-couronne-swiss-re-et-zurich\\\/#primaryimage\"},\"thumbnailUrl\":\"https:\\\/\\\/travelsmartcampaign.org\\\/wp-content\\\/uploads\\\/2-8.png\",\"datePublished\":\"2025-03-31T23:01:06+00:00\",\"dateModified\":\"2025-04-01T08:34:34+00:00\",\"breadcrumb\":{\"@id\":\"https:\\\/\\\/travelsmartcampaign.org\\\/library\\\/vols-daffaires-un-classement-international-couronne-swiss-re-et-zurich\\\/#breadcrumb\"},\"inLanguage\":\"nl-NL\",\"potentialAction\":[{\"@type\":\"ReadAction\",\"target\":[\"https:\\\/\\\/travelsmartcampaign.org\\\/library\\\/vols-daffaires-un-classement-international-couronne-swiss-re-et-zurich\\\/\"]}]},{\"@type\":\"ImageObject\",\"inLanguage\":\"nl-NL\",\"@id\":\"https:\\\/\\\/travelsmartcampaign.org\\\/library\\\/vols-daffaires-un-classement-international-couronne-swiss-re-et-zurich\\\/#primaryimage\",\"url\":\"https:\\\/\\\/travelsmartcampaign.org\\\/wp-content\\\/uploads\\\/2-8.png\",\"contentUrl\":\"https:\\\/\\\/travelsmartcampaign.org\\\/wp-content\\\/uploads\\\/2-8.png\",\"width\":1080,\"height\":1080},{\"@type\":\"BreadcrumbList\",\"@id\":\"https:\\\/\\\/travelsmartcampaign.org\\\/library\\\/vols-daffaires-un-classement-international-couronne-swiss-re-et-zurich\\\/#breadcrumb\",\"itemListElement\":[{\"@type\":\"ListItem\",\"position\":1,\"name\":\"Home\",\"item\":\"https:\\\/\\\/travelsmartcampaign.org\\\/\"},{\"@type\":\"ListItem\",\"position\":2,\"name\":\"Vols d\u2019affaires: un classement international couronne Swiss Re et Zurich\"}]},{\"@type\":\"WebSite\",\"@id\":\"https:\\\/\\\/travelsmartcampaign.org\\\/#website\",\"url\":\"https:\\\/\\\/travelsmartcampaign.org\\\/\",\"name\":\"Travel Smart\",\"description\":\"\",\"publisher\":{\"@id\":\"https:\\\/\\\/travelsmartcampaign.org\\\/#organization\"},\"potentialAction\":[{\"@type\":\"SearchAction\",\"target\":{\"@type\":\"EntryPoint\",\"urlTemplate\":\"https:\\\/\\\/travelsmartcampaign.org\\\/?s={search_term_string}\"},\"query-input\":{\"@type\":\"PropertyValueSpecification\",\"valueRequired\":true,\"valueName\":\"search_term_string\"}}],\"inLanguage\":\"nl-NL\"},{\"@type\":\"Organization\",\"@id\":\"https:\\\/\\\/travelsmartcampaign.org\\\/#organization\",\"name\":\"Travel Smart\",\"url\":\"https:\\\/\\\/travelsmartcampaign.org\\\/\",\"logo\":{\"@type\":\"ImageObject\",\"inLanguage\":\"nl-NL\",\"@id\":\"https:\\\/\\\/travelsmartcampaign.org\\\/#\\\/schema\\\/logo\\\/image\\\/\",\"url\":\"https:\\\/\\\/travelsmartcampaign.org\\\/wp-content\\\/uploads\\\/travel-smart-min.jpeg\",\"contentUrl\":\"https:\\\/\\\/travelsmartcampaign.org\\\/wp-content\\\/uploads\\\/travel-smart-min.jpeg\",\"width\":1200,\"height\":690,\"caption\":\"Travel Smart\"},\"image\":{\"@id\":\"https:\\\/\\\/travelsmartcampaign.org\\\/#\\\/schema\\\/logo\\\/image\\\/\"}}]}<\/script>\n<!-- \/ Yoast SEO plugin. -->","yoast_head_json":{"title":"Zakenvluchten: een internationale ranglijst bekroont Swiss Re en Z\u00fcrich - Travel Smart-campagne","robots":{"index":"index","follow":"follow","max-snippet":"max-snippet:-1","max-image-preview":"max-image-preview:large","max-video-preview":"max-video-preview:-1"},"canonical":"https:\/\/travelsmartcampaign.org\/nl\/bibliotheek\/vols-daffaires-un-classement-international-couronne-swiss-re-et-zurich\/","og_locale":"nl_NL","og_type":"article","og_title":"Vols d\u2019affaires: un classement international couronne Swiss Re et Zurich - Travel Smart Campaign","og_description":"Le nouveau classement TravelSmart le montre: en mati\u00e8re de voyages d\u2019affaires, les entreprises du monde entier r\u00e9duisent leurs \u00e9missions. Si les groupes suisses Swiss Re et Zurich Insurance font partie des pr\u00e9curseurs, Nestl\u00e9, ABB et Holcim n\u2019en font pas assez. L\u2019ATE rappelle les groupes \u00e0 leur responsabilit\u00e9.","og_url":"https:\/\/travelsmartcampaign.org\/nl\/bibliotheek\/vols-daffaires-un-classement-international-couronne-swiss-re-et-zurich\/","og_site_name":"Travel Smart Campaign","article_modified_time":"2025-04-01T08:34:34+00:00","og_image":[{"width":1080,"height":1080,"url":"https:\/\/travelsmartcampaign.org\/wp-content\/uploads\/2-8.png","type":"image\/png"}],"twitter_card":"summary_large_image","twitter_misc":{"Geschatte leestijd":"2 minuten"},"schema":{"@context":"https:\/\/schema.org","@graph":[{"@type":"WebPage","@id":"https:\/\/travelsmartcampaign.org\/library\/vols-daffaires-un-classement-international-couronne-swiss-re-et-zurich\/","url":"https:\/\/travelsmartcampaign.org\/library\/vols-daffaires-un-classement-international-couronne-swiss-re-et-zurich\/","name":"Zakenvluchten: een internationale ranglijst bekroont Swiss Re en Z\u00fcrich - Travel Smart-campagne","isPartOf":{"@id":"https:\/\/travelsmartcampaign.org\/#website"},"primaryImageOfPage":{"@id":"https:\/\/travelsmartcampaign.org\/library\/vols-daffaires-un-classement-international-couronne-swiss-re-et-zurich\/#primaryimage"},"image":{"@id":"https:\/\/travelsmartcampaign.org\/library\/vols-daffaires-un-classement-international-couronne-swiss-re-et-zurich\/#primaryimage"},"thumbnailUrl":"https:\/\/travelsmartcampaign.org\/wp-content\/uploads\/2-8.png","datePublished":"2025-03-31T23:01:06+00:00","dateModified":"2025-04-01T08:34:34+00:00","breadcrumb":{"@id":"https:\/\/travelsmartcampaign.org\/library\/vols-daffaires-un-classement-international-couronne-swiss-re-et-zurich\/#breadcrumb"},"inLanguage":"nl-NL","potentialAction":[{"@type":"ReadAction","target":["https:\/\/travelsmartcampaign.org\/library\/vols-daffaires-un-classement-international-couronne-swiss-re-et-zurich\/"]}]},{"@type":"ImageObject","inLanguage":"nl-NL","@id":"https:\/\/travelsmartcampaign.org\/library\/vols-daffaires-un-classement-international-couronne-swiss-re-et-zurich\/#primaryimage","url":"https:\/\/travelsmartcampaign.org\/wp-content\/uploads\/2-8.png","contentUrl":"https:\/\/travelsmartcampaign.org\/wp-content\/uploads\/2-8.png","width":1080,"height":1080},{"@type":"BreadcrumbList","@id":"https:\/\/travelsmartcampaign.org\/library\/vols-daffaires-un-classement-international-couronne-swiss-re-et-zurich\/#breadcrumb","itemListElement":[{"@type":"ListItem","position":1,"name":"Home","item":"https:\/\/travelsmartcampaign.org\/"},{"@type":"ListItem","position":2,"name":"Vols d\u2019affaires: un classement international couronne Swiss Re et Zurich"}]},{"@type":"WebSite","@id":"https:\/\/travelsmartcampaign.org\/#website","url":"https:\/\/travelsmartcampaign.org\/","name":"Travel Smart","description":"","publisher":{"@id":"https:\/\/travelsmartcampaign.org\/#organization"},"potentialAction":[{"@type":"SearchAction","target":{"@type":"EntryPoint","urlTemplate":"https:\/\/travelsmartcampaign.org\/?s={search_term_string}"},"query-input":{"@type":"PropertyValueSpecification","valueRequired":true,"valueName":"search_term_string"}}],"inLanguage":"nl-NL"},{"@type":"Organization","@id":"https:\/\/travelsmartcampaign.org\/#organization","name":"Travel Smart","url":"https:\/\/travelsmartcampaign.org\/","logo":{"@type":"ImageObject","inLanguage":"nl-NL","@id":"https:\/\/travelsmartcampaign.org\/#\/schema\/logo\/image\/","url":"https:\/\/travelsmartcampaign.org\/wp-content\/uploads\/travel-smart-min.jpeg","contentUrl":"https:\/\/travelsmartcampaign.org\/wp-content\/uploads\/travel-smart-min.jpeg","width":1200,"height":690,"caption":"Travel Smart"},"image":{"@id":"https:\/\/travelsmartcampaign.org\/#\/schema\/logo\/image\/"}}]}},"_links":{"self":[{"href":"https:\/\/travelsmartcampaign.org\/nl\/wp-json\/wp\/v2\/library\/17225","targetHints":{"allow":["GET"]}}],"collection":[{"href":"https:\/\/travelsmartcampaign.org\/nl\/wp-json\/wp\/v2\/library"}],"about":[{"href":"https:\/\/travelsmartcampaign.org\/nl\/wp-json\/wp\/v2\/types\/library"}],"version-history":[{"count":0,"href":"https:\/\/travelsmartcampaign.org\/nl\/wp-json\/wp\/v2\/library\/17225\/revisions"}],"wp:featuredmedia":[{"embeddable":true,"href":"https:\/\/travelsmartcampaign.org\/nl\/wp-json\/wp\/v2\/media\/17213"}],"wp:attachment":[{"href":"https:\/\/travelsmartcampaign.org\/nl\/wp-json\/wp\/v2\/media?parent=17225"}],"wp:term":[{"taxonomy":"topic","embeddable":true,"href":"https:\/\/travelsmartcampaign.org\/nl\/wp-json\/wp\/v2\/topic?post=17225"},{"taxonomy":"visibility","embeddable":true,"href":"https:\/\/travelsmartcampaign.org\/nl\/wp-json\/wp\/v2\/visibility?post=17225"},{"taxonomy":"post-country","embeddable":true,"href":"https:\/\/travelsmartcampaign.org\/nl\/wp-json\/wp\/v2\/post-country?post=17225"},{"taxonomy":"language","embeddable":true,"href":"https:\/\/travelsmartcampaign.org\/nl\/wp-json\/wp\/v2\/language?post=17225"},{"taxonomy":"category-post-type","embeddable":true,"href":"https:\/\/travelsmartcampaign.org\/nl\/wp-json\/wp\/v2\/category-post-type?post=17225"}],"curies":[{"name":"wp","href":"https:\/\/api.w.org\/{rel}","templated":true}]}}