{"id":1925,"date":"2022-05-10T07:09:01","date_gmt":"2022-05-10T06:09:01","guid":{"rendered":"http:\/\/travelsmartcampaign.org\/?p=1925"},"modified":"2022-06-01T17:45:30","modified_gmt":"2022-06-01T16:45:30","slug":"las-empresas-espanolas-se-quedan-atras-en-la-reduccion-de-los-vuelos-de-negocios-segun-un-nuevo-ranking-corporativo","status":"publish","type":"library","link":"https:\/\/travelsmartcampaign.org\/nl\/library\/las-empresas-espanolas-se-quedan-atras-en-la-reduccion-de-los-vuelos-de-negocios-segun-un-nuevo-ranking-corporativo\/","title":{"rendered":"Las empresas espa\u00f1olas se quedan atras en la reducci\u00f3n de los vuelos de negocios, seg\u00fan un nuevo ranking corporativo"},"content":{"rendered":"<p><span style=\"font-weight: 400;\">Un nuevo ranking de T&amp;E sobre viajes a\u00e9reos corporativos revela que se est\u00e1 trabajando para reducir las emisiones de las empresas, pero que se necesitan m\u00e1s medidas. Doce empresas espa\u00f1olas \u2014entre las que se encuentran Telef\u00f3nica, Repsol, Inditex y Banco Santander\u2014 obtienen una puntuaci\u00f3n baja, ya que establecen objetivos de reducci\u00f3n de emisiones en toda la empresa, pero no se comprometen a reducir las emisiones de los viajes a\u00e9reos corporativos, que representan el 30 % de las emisiones totales de la aviaci\u00f3n en Europa en 2019. \u00c9stas informan de las emisiones de sus viajes de negocios, sin especificar las de los viajes a\u00e9reos. El Banco Santander es el mayor emisor de las <\/span><span style=\"font-weight: 400;\">ocho<\/span><span style=\"font-weight: 400;\">, con 53,445 MtCO2 en 2019 en viajes de negocios, seguido de Telef\u00f3nica con 47,486 MtCO2 en 2019.\u00a0<\/span><\/p>\n<p><span style=\"font-weight: 400;\">El ranking, lanzado como parte de la nueva campa\u00f1a <\/span><i><span style=\"font-weight: 400;\">Travel Smart <\/span><\/i><span style=\"font-weight: 400;\">(en espa\u00f1ol, Viaja con Inteligencia)<\/span> <span style=\"font-weight: 400;\">de T&amp;E, califica a 231 empresas estadounidenses y europeas seg\u00fan ocho indicadores, relacionados con los objetivos de reducci\u00f3n de emisiones, la presentaci\u00f3n de informes y las emisiones de los viajes a\u00e9reos. El an\u00e1lisis, que incluye doce empresas espa\u00f1olas, arroja luz sobre los importantes esfuerzos que todav\u00eda tienen que hacer algunas empresas para reducir las emisiones de sus viajes corporativos. Ninguna de las doce empresas cumple con los criterios suficientes. Estas empresas no establecen objetivos para reducir los viajes corporativos y no informan de las emisiones de los vuelos de negocios.\u00a0<\/span><\/p>\n<p><img loading=\"lazy\" decoding=\"async\" class=\"alignnone wp-image-1732 size-large\" src=\"http:\/\/travelsmartcampaign.org\/wp-content\/uploads\/TravelSmart_companies-scorecard_169-5-1024x576.png\" alt=\"Spain\" width=\"800\" height=\"450\" srcset=\"https:\/\/travelsmartcampaign.org\/wp-content\/uploads\/TravelSmart_companies-scorecard_169-5-1024x576.png 1024w, https:\/\/travelsmartcampaign.org\/wp-content\/uploads\/TravelSmart_companies-scorecard_169-5-300x169.png 300w, https:\/\/travelsmartcampaign.org\/wp-content\/uploads\/TravelSmart_companies-scorecard_169-5-768x432.png 768w, https:\/\/travelsmartcampaign.org\/wp-content\/uploads\/TravelSmart_companies-scorecard_169-5-1536x864.png 1536w, https:\/\/travelsmartcampaign.org\/wp-content\/uploads\/TravelSmart_companies-scorecard_169-5.png 1920w\" sizes=\"auto, (max-width: 800px) 100vw, 800px\" \/><\/p>\n<p><span style=\"font-weight: 400;\">Pablo Mu\u00f1oz Nieto, responsable de la campa\u00f1a de aviaci\u00f3n de Ecologistas en Acci\u00f3n, se\u00f1al\u00f3: &#8220;<\/span><i><span style=\"font-weight: 400;\">La pandemia ha demostrado que las empresas pueden ser igual de eficaces e incluso m\u00e1s eficientes volando menos y reduciendo al mismo tiempo sus emisiones. Mientras que algunas empresas europeas demuestran que es posible reducir las emisiones de los vuelos de negocios, otras, como Telef\u00f3nica e Inditex, dan largas. Reducir los viajes de negocios tiene sentido desde el punto de vista econ\u00f3mico para las empresas, y tambi\u00e9n protege el bienestar de los empleados. Mientras los l\u00edderes y los ciudadanos piden a gritos que se reduzca nuestra dependencia del petr\u00f3leo, viajar de forma m\u00e1s inteligente es una manera f\u00e1cil de hacerlo<\/span><\/i><span style=\"font-weight: 400;\">&#8220;.<\/span><\/p>\n<p><span style=\"font-weight: 400;\">Una empresa con una puntuaci\u00f3n A tiene un compromiso de reducci\u00f3n absoluta para los viajes a\u00e9reos, y s\u00f3lo algunas de ellas aspiran a un objetivo de reducci\u00f3n del 50% o m\u00e1s para 2025. Estas compa\u00f1\u00edas llevan m\u00e1s de un a\u00f1o informando sobre las emisiones de sus viajes de negocios o a\u00e9reos. Son empresas que cumplen con el est\u00e1ndar m\u00e1s alto de la clasificaci\u00f3n para los viajes corporativos y son un ejemplo para otras corporaciones. Ocho empresas, aunque ninguna de Espa\u00f1a, alcanzan esa puntuaci\u00f3n en la nueva clasificaci\u00f3n de T&amp;E.\u00a0<\/span><\/p>\n<p><span style=\"font-weight: 400;\">La clasificaci\u00f3n <\/span><i><span style=\"font-weight: 400;\">Travel Smart<\/span><\/i><span style=\"font-weight: 400;\"> muestra que muchas empresas a\u00fan no han dado ning\u00fan paso para reducir la cantidad de viajes de negocios. De las 230 empresas, 193 no act\u00faan con la suficiente rapidez y ambici\u00f3n para abordar las emisiones de los viajes corporativos. Grandes empresas como Google, Facebook y Microsoft se encuentran en la categor\u00eda m\u00e1s baja de la clasificaci\u00f3n y deben acelerar su transici\u00f3n para convertirse en \u201cviajeros inteligentes\u201d, afirma T&amp;E.\u00a0<\/span><\/p>\n<p><span style=\"font-weight: 400;\">Transport &amp; Environment (T&amp;E), junto con una coalici\u00f3n de 12 organizaciones socias, han lanzado la campa\u00f1a <\/span><i><span style=\"font-weight: 400;\">Travel Smart<\/span><\/i><span style=\"font-weight: 400;\"> y un nuevo ranking corporativo en un momento crucial para la industria de los viajes, ya que los vuelos de negocios est\u00e1n empezando a recuperarse despu\u00e9s de la pandemia. En 2019, los viajes de negocios representaban entre el 15 y el 20 % de los viajes a\u00e9reos mundiales<a href=\"#_ftn1\" name=\"_ftnref1\"><sup>[1]<\/sup><\/a><\/span><span style=\"font-weight: 400;\">, es decir, unos 154 millones de MtCO2. Sin embargo, el sector experiment\u00f3 una gran ca\u00edda con la pandemia y el gasto en viajes de negocios se redujo un 52\u00a0% en 2020, pasando de 1,4 billones de d\u00f3lares en 2019 a 694 mil millones de d\u00f3lares en 2020<a href=\"#_ftn2\" name=\"_ftnref2\"><sup>[2]<\/sup><\/a><\/span><span style=\"font-weight: 400;\">.\u00a0<\/span><\/p>\n<p><span style=\"font-weight: 400;\">Las empresas tienen ahora una oportunidad \u00fanica para liderar la innovaci\u00f3n de nuevas pr\u00e1cticas, adoptar objetivos de reducci\u00f3n de emisiones en los viajes a\u00e9reos y fijar los h\u00e1bitos de menores emisiones que adquirieron durante la pandemia. La <\/span><a href=\"https:\/\/www.transportenvironment.org\/discover\/2050roadmap\/\"><span style=\"font-weight: 400;\">hoja de ruta de T&amp;E hacia una aviaci\u00f3n clim\u00e1ticamente neutra<\/span><\/a><span style=\"font-weight: 400;\"> demostr\u00f3 que una reducci\u00f3n de los viajes corporativos era la forma m\u00e1s eficaz de reducir las emisiones de la aviaci\u00f3n a corto plazo, donde es m\u00e1s relevante para el clima. Reduciendo los viajes corporativos un 50\u00a0% disminuir\u00edan las emisiones en 32,6 MtCO2 para 2030 en Europa, lo que equivale a retirar de la circulaci\u00f3n 16 millones de coches contaminantes<a href=\"#_ftn3\" name=\"_ftnref3\"><sup>[3]<\/sup><\/a><\/span><span style=\"font-weight: 400;\">.\u00a0<\/span><\/p>\n<p>&nbsp;<\/p>\n<h5><a href=\"#_ftnref1\" name=\"_ftn1\"><sup>[1]<\/sup><\/a> McKinsey &amp; Company, The Travel Industry Turned Upside Down Report, September 2020, <a href=\"https:\/\/www.mckinsey.com\">https:\/\/www.mckinsey.com<\/a><\/h5>\n<h5><a href=\"#_ftnref2\" name=\"_ftn2\"><sup>[2]<\/sup><\/a> Global Business Travel Association (GBTA), Business Travel: Full Recovery Expected by 2025, February 1, 2021. <a href=\"https:\/\/www.gbta.org\/blog\/business-travel-full-recovery-expected-by-2025\/\">https:\/\/www.gbta.org\/blog\/business-travel-full-recovery-expected-by-2025\/ <\/a><\/h5>\n<h5><a href=\"#_ftnref3\" name=\"_ftn3\"><sup>[3]<\/sup><\/a> Transport &amp; Environment, Roadmap to climate neutral aviation in Europe, 2022, <a href=\"https:\/\/www.transportenvironment.org\/wp-content\/uploads\/2022\/03\/TE-aviation-decarbonisation-roadmap-FINAL.pdf\">https:\/\/www.transportenvironment.org\/wp-content\/uploads\/2022\/03\/TE-aviation-decarbonisation-roadmap-FINAL.pdf<\/a><\/h5>\n","protected":false},"excerpt":{"rendered":"<p>Ninguna empresa espa\u00f1ola se compromete a reducir los vuelos de negocios, seg\u00fan un nuevo ranking de emisores de viajes a\u00e9reos corporativos publicado por Transport &#038; Environment (T&#038;E)<\/p>","protected":false},"featured_media":1926,"template":"","topic":[],"visibility":[],"post-country":[35],"language":[41],"category-post-type":[28],"class_list":["post-1925","library","type-library","status-publish","has-post-thumbnail","hentry","post-country-spain","language-spanish","category-post-type-press-release"],"yoast_head":"<!-- This site is optimized with the Yoast SEO plugin v27.5 - https:\/\/yoast.com\/product\/yoast-seo-wordpress\/ -->\n<title>Las empresas espa\u00f1olas se quedan atr\u00e1s en la reducci\u00f3n de los vuelos de negocios, seg\u00fan un nuevo ranking corporativo - Travel Smart Campaign<\/title>\n<meta name=\"robots\" content=\"index, follow, max-snippet:-1, max-image-preview:large, max-video-preview:-1\" \/>\n<link rel=\"canonical\" href=\"https:\/\/travelsmartcampaign.org\/nl\/bibliotheek\/las-empresas-espanolas-se-quedan-atras-en-la-reduccion-de-los-vuelos-de-negocios-segun-un-nuevo-ranking-corporativo\/\" \/>\n<meta property=\"og:locale\" content=\"nl_NL\" \/>\n<meta property=\"og:type\" content=\"article\" \/>\n<meta property=\"og:title\" content=\"Las empresas espa\u00f1olas se quedan atr\u00e1s en la reducci\u00f3n de los vuelos de negocios, seg\u00fan un nuevo ranking corporativo - Travel Smart Campaign\" \/>\n<meta property=\"og:description\" content=\"Ninguna empresa espa\u00f1ola se compromete a reducir los vuelos de negocios, seg\u00fan un nuevo ranking de emisores de viajes a\u00e9reos corporativos publicado por Transport &amp; Environment (T&amp;E)\" \/>\n<meta property=\"og:url\" content=\"https:\/\/travelsmartcampaign.org\/nl\/bibliotheek\/las-empresas-espanolas-se-quedan-atras-en-la-reduccion-de-los-vuelos-de-negocios-segun-un-nuevo-ranking-corporativo\/\" \/>\n<meta property=\"og:site_name\" content=\"Travel Smart Campaign\" \/>\n<meta property=\"article:modified_time\" content=\"2022-06-01T16:45:30+00:00\" \/>\n<meta property=\"og:image\" content=\"https:\/\/travelsmartcampaign.org\/wp-content\/uploads\/travel-smart-pr-spain-scaled.jpg\" \/>\n\t<meta property=\"og:image:width\" content=\"1581\" \/>\n\t<meta property=\"og:image:height\" content=\"2560\" \/>\n\t<meta property=\"og:image:type\" content=\"image\/jpeg\" \/>\n<meta name=\"twitter:card\" content=\"summary_large_image\" \/>\n<meta name=\"twitter:label1\" content=\"Geschatte leestijd\" \/>\n\t<meta name=\"twitter:data1\" content=\"4 minuten\" \/>\n<script type=\"application\/ld+json\" class=\"yoast-schema-graph\">{\"@context\":\"https:\\\/\\\/schema.org\",\"@graph\":[{\"@type\":\"WebPage\",\"@id\":\"https:\\\/\\\/travelsmartcampaign.org\\\/library\\\/las-empresas-espanolas-se-quedan-atras-en-la-reduccion-de-los-vuelos-de-negocios-segun-un-nuevo-ranking-corporativo\\\/\",\"url\":\"https:\\\/\\\/travelsmartcampaign.org\\\/library\\\/las-empresas-espanolas-se-quedan-atras-en-la-reduccion-de-los-vuelos-de-negocios-segun-un-nuevo-ranking-corporativo\\\/\",\"name\":\"Las empresas espa\u00f1olas se quedan atr\u00e1s en la reducci\u00f3n de los vuelos de negocios, seg\u00fan un nuevo ranking corporativo - Travel Smart Campaign\",\"isPartOf\":{\"@id\":\"https:\\\/\\\/travelsmartcampaign.org\\\/#website\"},\"primaryImageOfPage\":{\"@id\":\"https:\\\/\\\/travelsmartcampaign.org\\\/library\\\/las-empresas-espanolas-se-quedan-atras-en-la-reduccion-de-los-vuelos-de-negocios-segun-un-nuevo-ranking-corporativo\\\/#primaryimage\"},\"image\":{\"@id\":\"https:\\\/\\\/travelsmartcampaign.org\\\/library\\\/las-empresas-espanolas-se-quedan-atras-en-la-reduccion-de-los-vuelos-de-negocios-segun-un-nuevo-ranking-corporativo\\\/#primaryimage\"},\"thumbnailUrl\":\"https:\\\/\\\/travelsmartcampaign.org\\\/wp-content\\\/uploads\\\/travel-smart-pr-spain-scaled.jpg\",\"datePublished\":\"2022-05-10T06:09:01+00:00\",\"dateModified\":\"2022-06-01T16:45:30+00:00\",\"breadcrumb\":{\"@id\":\"https:\\\/\\\/travelsmartcampaign.org\\\/library\\\/las-empresas-espanolas-se-quedan-atras-en-la-reduccion-de-los-vuelos-de-negocios-segun-un-nuevo-ranking-corporativo\\\/#breadcrumb\"},\"inLanguage\":\"nl-NL\",\"potentialAction\":[{\"@type\":\"ReadAction\",\"target\":[\"https:\\\/\\\/travelsmartcampaign.org\\\/library\\\/las-empresas-espanolas-se-quedan-atras-en-la-reduccion-de-los-vuelos-de-negocios-segun-un-nuevo-ranking-corporativo\\\/\"]}]},{\"@type\":\"ImageObject\",\"inLanguage\":\"nl-NL\",\"@id\":\"https:\\\/\\\/travelsmartcampaign.org\\\/library\\\/las-empresas-espanolas-se-quedan-atras-en-la-reduccion-de-los-vuelos-de-negocios-segun-un-nuevo-ranking-corporativo\\\/#primaryimage\",\"url\":\"https:\\\/\\\/travelsmartcampaign.org\\\/wp-content\\\/uploads\\\/travel-smart-pr-spain-scaled.jpg\",\"contentUrl\":\"https:\\\/\\\/travelsmartcampaign.org\\\/wp-content\\\/uploads\\\/travel-smart-pr-spain-scaled.jpg\",\"width\":1581,\"height\":2560},{\"@type\":\"BreadcrumbList\",\"@id\":\"https:\\\/\\\/travelsmartcampaign.org\\\/library\\\/las-empresas-espanolas-se-quedan-atras-en-la-reduccion-de-los-vuelos-de-negocios-segun-un-nuevo-ranking-corporativo\\\/#breadcrumb\",\"itemListElement\":[{\"@type\":\"ListItem\",\"position\":1,\"name\":\"Home\",\"item\":\"https:\\\/\\\/travelsmartcampaign.org\\\/\"},{\"@type\":\"ListItem\",\"position\":2,\"name\":\"Las empresas espa\u00f1olas se quedan atr\u00e1s en la reducci\u00f3n de los vuelos de negocios, seg\u00fan un nuevo ranking corporativo\"}]},{\"@type\":\"WebSite\",\"@id\":\"https:\\\/\\\/travelsmartcampaign.org\\\/#website\",\"url\":\"https:\\\/\\\/travelsmartcampaign.org\\\/\",\"name\":\"Travel Smart\",\"description\":\"\",\"publisher\":{\"@id\":\"https:\\\/\\\/travelsmartcampaign.org\\\/#organization\"},\"potentialAction\":[{\"@type\":\"SearchAction\",\"target\":{\"@type\":\"EntryPoint\",\"urlTemplate\":\"https:\\\/\\\/travelsmartcampaign.org\\\/?s={search_term_string}\"},\"query-input\":{\"@type\":\"PropertyValueSpecification\",\"valueRequired\":true,\"valueName\":\"search_term_string\"}}],\"inLanguage\":\"nl-NL\"},{\"@type\":\"Organization\",\"@id\":\"https:\\\/\\\/travelsmartcampaign.org\\\/#organization\",\"name\":\"Travel Smart\",\"url\":\"https:\\\/\\\/travelsmartcampaign.org\\\/\",\"logo\":{\"@type\":\"ImageObject\",\"inLanguage\":\"nl-NL\",\"@id\":\"https:\\\/\\\/travelsmartcampaign.org\\\/#\\\/schema\\\/logo\\\/image\\\/\",\"url\":\"https:\\\/\\\/travelsmartcampaign.org\\\/wp-content\\\/uploads\\\/travel-smart-min.jpeg\",\"contentUrl\":\"https:\\\/\\\/travelsmartcampaign.org\\\/wp-content\\\/uploads\\\/travel-smart-min.jpeg\",\"width\":1200,\"height\":690,\"caption\":\"Travel Smart\"},\"image\":{\"@id\":\"https:\\\/\\\/travelsmartcampaign.org\\\/#\\\/schema\\\/logo\\\/image\\\/\"}}]}<\/script>\n<!-- \/ Yoast SEO plugin. -->","yoast_head_json":{"title":"Spaanse bedrijven blijven achter bij het terugdringen van zakenvluchten, volgens een nieuwe bedrijfsranglijst - Travel Smart Campaign","robots":{"index":"index","follow":"follow","max-snippet":"max-snippet:-1","max-image-preview":"max-image-preview:large","max-video-preview":"max-video-preview:-1"},"canonical":"https:\/\/travelsmartcampaign.org\/nl\/bibliotheek\/las-empresas-espanolas-se-quedan-atras-en-la-reduccion-de-los-vuelos-de-negocios-segun-un-nuevo-ranking-corporativo\/","og_locale":"nl_NL","og_type":"article","og_title":"Las empresas espa\u00f1olas se quedan atr\u00e1s en la reducci\u00f3n de los vuelos de negocios, seg\u00fan un nuevo ranking corporativo - Travel Smart Campaign","og_description":"Ninguna empresa espa\u00f1ola se compromete a reducir los vuelos de negocios, seg\u00fan un nuevo ranking de emisores de viajes a\u00e9reos corporativos publicado por Transport & Environment (T&E)","og_url":"https:\/\/travelsmartcampaign.org\/nl\/bibliotheek\/las-empresas-espanolas-se-quedan-atras-en-la-reduccion-de-los-vuelos-de-negocios-segun-un-nuevo-ranking-corporativo\/","og_site_name":"Travel Smart Campaign","article_modified_time":"2022-06-01T16:45:30+00:00","og_image":[{"width":1581,"height":2560,"url":"https:\/\/travelsmartcampaign.org\/wp-content\/uploads\/travel-smart-pr-spain-scaled.jpg","type":"image\/jpeg"}],"twitter_card":"summary_large_image","twitter_misc":{"Geschatte leestijd":"4 minuten"},"schema":{"@context":"https:\/\/schema.org","@graph":[{"@type":"WebPage","@id":"https:\/\/travelsmartcampaign.org\/library\/las-empresas-espanolas-se-quedan-atras-en-la-reduccion-de-los-vuelos-de-negocios-segun-un-nuevo-ranking-corporativo\/","url":"https:\/\/travelsmartcampaign.org\/library\/las-empresas-espanolas-se-quedan-atras-en-la-reduccion-de-los-vuelos-de-negocios-segun-un-nuevo-ranking-corporativo\/","name":"Spaanse bedrijven blijven achter bij het terugdringen van zakenvluchten, volgens een nieuwe bedrijfsranglijst - Travel Smart Campaign","isPartOf":{"@id":"https:\/\/travelsmartcampaign.org\/#website"},"primaryImageOfPage":{"@id":"https:\/\/travelsmartcampaign.org\/library\/las-empresas-espanolas-se-quedan-atras-en-la-reduccion-de-los-vuelos-de-negocios-segun-un-nuevo-ranking-corporativo\/#primaryimage"},"image":{"@id":"https:\/\/travelsmartcampaign.org\/library\/las-empresas-espanolas-se-quedan-atras-en-la-reduccion-de-los-vuelos-de-negocios-segun-un-nuevo-ranking-corporativo\/#primaryimage"},"thumbnailUrl":"https:\/\/travelsmartcampaign.org\/wp-content\/uploads\/travel-smart-pr-spain-scaled.jpg","datePublished":"2022-05-10T06:09:01+00:00","dateModified":"2022-06-01T16:45:30+00:00","breadcrumb":{"@id":"https:\/\/travelsmartcampaign.org\/library\/las-empresas-espanolas-se-quedan-atras-en-la-reduccion-de-los-vuelos-de-negocios-segun-un-nuevo-ranking-corporativo\/#breadcrumb"},"inLanguage":"nl-NL","potentialAction":[{"@type":"ReadAction","target":["https:\/\/travelsmartcampaign.org\/library\/las-empresas-espanolas-se-quedan-atras-en-la-reduccion-de-los-vuelos-de-negocios-segun-un-nuevo-ranking-corporativo\/"]}]},{"@type":"ImageObject","inLanguage":"nl-NL","@id":"https:\/\/travelsmartcampaign.org\/library\/las-empresas-espanolas-se-quedan-atras-en-la-reduccion-de-los-vuelos-de-negocios-segun-un-nuevo-ranking-corporativo\/#primaryimage","url":"https:\/\/travelsmartcampaign.org\/wp-content\/uploads\/travel-smart-pr-spain-scaled.jpg","contentUrl":"https:\/\/travelsmartcampaign.org\/wp-content\/uploads\/travel-smart-pr-spain-scaled.jpg","width":1581,"height":2560},{"@type":"BreadcrumbList","@id":"https:\/\/travelsmartcampaign.org\/library\/las-empresas-espanolas-se-quedan-atras-en-la-reduccion-de-los-vuelos-de-negocios-segun-un-nuevo-ranking-corporativo\/#breadcrumb","itemListElement":[{"@type":"ListItem","position":1,"name":"Home","item":"https:\/\/travelsmartcampaign.org\/"},{"@type":"ListItem","position":2,"name":"Las empresas espa\u00f1olas se quedan atr\u00e1s en la reducci\u00f3n de los vuelos de negocios, seg\u00fan un nuevo ranking corporativo"}]},{"@type":"WebSite","@id":"https:\/\/travelsmartcampaign.org\/#website","url":"https:\/\/travelsmartcampaign.org\/","name":"Travel Smart","description":"","publisher":{"@id":"https:\/\/travelsmartcampaign.org\/#organization"},"potentialAction":[{"@type":"SearchAction","target":{"@type":"EntryPoint","urlTemplate":"https:\/\/travelsmartcampaign.org\/?s={search_term_string}"},"query-input":{"@type":"PropertyValueSpecification","valueRequired":true,"valueName":"search_term_string"}}],"inLanguage":"nl-NL"},{"@type":"Organization","@id":"https:\/\/travelsmartcampaign.org\/#organization","name":"Travel Smart","url":"https:\/\/travelsmartcampaign.org\/","logo":{"@type":"ImageObject","inLanguage":"nl-NL","@id":"https:\/\/travelsmartcampaign.org\/#\/schema\/logo\/image\/","url":"https:\/\/travelsmartcampaign.org\/wp-content\/uploads\/travel-smart-min.jpeg","contentUrl":"https:\/\/travelsmartcampaign.org\/wp-content\/uploads\/travel-smart-min.jpeg","width":1200,"height":690,"caption":"Travel Smart"},"image":{"@id":"https:\/\/travelsmartcampaign.org\/#\/schema\/logo\/image\/"}}]}},"_links":{"self":[{"href":"https:\/\/travelsmartcampaign.org\/nl\/wp-json\/wp\/v2\/library\/1925","targetHints":{"allow":["GET"]}}],"collection":[{"href":"https:\/\/travelsmartcampaign.org\/nl\/wp-json\/wp\/v2\/library"}],"about":[{"href":"https:\/\/travelsmartcampaign.org\/nl\/wp-json\/wp\/v2\/types\/library"}],"version-history":[{"count":0,"href":"https:\/\/travelsmartcampaign.org\/nl\/wp-json\/wp\/v2\/library\/1925\/revisions"}],"wp:featuredmedia":[{"embeddable":true,"href":"https:\/\/travelsmartcampaign.org\/nl\/wp-json\/wp\/v2\/media\/1926"}],"wp:attachment":[{"href":"https:\/\/travelsmartcampaign.org\/nl\/wp-json\/wp\/v2\/media?parent=1925"}],"wp:term":[{"taxonomy":"topic","embeddable":true,"href":"https:\/\/travelsmartcampaign.org\/nl\/wp-json\/wp\/v2\/topic?post=1925"},{"taxonomy":"visibility","embeddable":true,"href":"https:\/\/travelsmartcampaign.org\/nl\/wp-json\/wp\/v2\/visibility?post=1925"},{"taxonomy":"post-country","embeddable":true,"href":"https:\/\/travelsmartcampaign.org\/nl\/wp-json\/wp\/v2\/post-country?post=1925"},{"taxonomy":"language","embeddable":true,"href":"https:\/\/travelsmartcampaign.org\/nl\/wp-json\/wp\/v2\/language?post=1925"},{"taxonomy":"category-post-type","embeddable":true,"href":"https:\/\/travelsmartcampaign.org\/nl\/wp-json\/wp\/v2\/category-post-type?post=1925"}],"curies":[{"name":"wp","href":"https:\/\/api.w.org\/{rel}","templated":true}]}}