{"id":2241,"date":"2022-05-10T07:07:53","date_gmt":"2022-05-10T06:07:53","guid":{"rendered":"http:\/\/travelsmartcampaign.org\/?p=2241"},"modified":"2022-06-01T17:29:56","modified_gmt":"2022-06-01T16:29:56","slug":"nul-en-de-ranglijst-van-emissies-van-bedrijven-die-via-bedrijven-worden-verspreid-kunnen-hun-comprometem-tot-een-vermindering-van-de-luchtvaart-leiden","status":"publish","type":"library","link":"https:\/\/travelsmartcampaign.org\/nl\/library\/zero-e-te-divulgam-ranking-sobre-emissoes-em-viagens-empresariais-muito-poucas-se-comprometem-a-reduzir-viagens-de-aviao\/","title":{"rendered":"ZERO en T&amp;E maken de ranglijst van emissies van bedrijven bekend: veel mensen kunnen hun luchtvaartmaatschappijen redden"},"content":{"rendered":"<p><span style=\"font-weight: 400;\">A ZERO, a principal organiza\u00e7\u00e3o europeia para a mobilidade sustent\u00e1vel, e Transport &amp; Environment (T&amp;E) divulgam uma classifica\u00e7\u00e3o de empresas mundiais referente \u00e0s viagens empresariais de avi\u00e3o dos seus trabalhadores, em que, <span class=\"sigijh_hlt\">das 230 empresas analisadas, 193 est\u00e3o mal posicionadas<\/span><\/span><span style=\"font-weight: 400;\">\u00a0em termos de pr\u00e1ticas de viagens sustent\u00e1veis \u2013 ou seja, 84%.<\/span><\/p>\n<p><span style=\"font-weight: 400;\">Esta seria\u00e7\u00e3o de empresas revela ainda que, nalgumas , j\u00e1 est\u00e1 em curso um <\/span><b>trabalho para reduzir as suas emiss\u00f5es relacionadas com viagens<\/b><span style=\"font-weight: 400;\">, mas que \u00e9 necess\u00e1ria mais ambi\u00e7\u00e3o ambiental e tradu\u00e7\u00e3o em a\u00e7\u00f5es concretas dessa ambi\u00e7\u00e3o. Oito empresas, incluindo a Zurich Insurance Group, a Lloyds Banking e a Ernst &amp; Young, s\u00e3o as que mais se destacam pela positiva, dados os seus planos de redu\u00e7\u00e3o de emiss\u00f5es de viagens empresariais. A Zurich Insurance comprometeu-se a reduzir as viagens em trabalho em 70% at\u00e9 2022, o Lloyds Banking em 50% at\u00e9 2021 e a Ernst &amp; Young em 35% at\u00e9 2025, o que s\u00e3o exemplos de boas pr\u00e1ticas que todas as demais empresas deveriam seguir.<\/span><\/p>\n<p><span style=\"font-weight: 400;\">Este ranking faz parte da nova <\/span><b>iniciativa internacional<\/b><span style=\"font-weight: 400;\"> da T&amp;E<\/span> <a href=\"https:\/\/zero.ong\/wp-content\/uploads\/2022\/05\/Smart-Travel-Briefing-1.pdf\"><b><i>Viajar Responsavelmente<\/i><\/b><\/a><a href=\"#_ftn1\" name=\"_ftnref1\"><sup>[1]<\/sup><\/a><span style=\"font-weight: 400;\"> que, em Portugal, \u00e9 corporizada pela ZERO, em que as 230 empresas (americanas e europeias) s\u00e3o classificadas de acordo com 8 indicadores relativos a planos de redu\u00e7\u00e3o de emiss\u00f5es, relat\u00f3rios de sustentabilidade e emiss\u00f5es de viagens a\u00e9reas. Esta an\u00e1lise lan\u00e7a luz sobre os esfor\u00e7os que <span class=\"sigijh_hlt\">muitas empresas de projec\u00e7\u00e3o mundial, entre as quais est\u00e3o nove empresas Portuguesas<span style=\"font-weight: 400;\">,<\/span><\/span><\/span><span style=\"font-weight: 400;\">\u00a0ainda t\u00eam de fazer para reduzir as suas emiss\u00f5es de viagens empresariais.\u00a0<\/span><\/p>\n<p><span style=\"font-weight: 400;\">Empresas como a Vodafone, a Renault e a L&#8217;Or\u00e9al t\u00eam j\u00e1 estabelecidos objectivos globais de redu\u00e7\u00e3o de emiss\u00f5es, mas sem se comprometerem em reduzir as emiss\u00f5es das viagens a\u00e9reas empresariais, apontando datas para isso. Estas empresas s\u00e3o encorajadas a assumir compromissos em mat\u00e9ria das suas viagens, em linha com as redu\u00e7\u00f5es experimentadas em 2020 e 2021 por for\u00e7a da pandemia, mas que lhes permitiu em larga medida continuar as suas actividades sem disrup\u00e7\u00e3o, ajudando assim a reduzir as emiss\u00f5es globais de gases com efeito de estufa para ajudar a cumprir o Acordo de Paris de o aquecimento global n\u00e3o ser superior a 1,5\u00b0C. As empresas <span class=\"sigijh_hlt\">Google, Facebook e Microsoft, entre outras, destacam-se pela negativa<span style=\"font-weight: 400;\">,<\/span><\/span><\/span><span style=\"font-weight: 400;\">\u00a0devendo acelerar a sua transi\u00e7\u00e3o energ\u00e9tica. A tabela seguinte mostra as empresas mais bem e mais mal classificadas, numa escala de A a D.<\/span><\/p>\n<p><img loading=\"lazy\" decoding=\"async\" class=\"alignnone wp-image-2242 size-full\" src=\"http:\/\/travelsmartcampaign.org\/wp-content\/uploads\/companhias-mundiais-emissao-viagens-aereas.png\" alt=\"Companhias mundiais em termos de emissoes de viagens aereas\" width=\"975\" height=\"549\" srcset=\"https:\/\/travelsmartcampaign.org\/wp-content\/uploads\/companhias-mundiais-emissao-viagens-aereas.png 975w, https:\/\/travelsmartcampaign.org\/wp-content\/uploads\/companhias-mundiais-emissao-viagens-aereas-300x169.png 300w, https:\/\/travelsmartcampaign.org\/wp-content\/uploads\/companhias-mundiais-emissao-viagens-aereas-768x432.png 768w\" sizes=\"auto, (max-width: 975px) 100vw, 975px\" \/><\/p>\n<p><span style=\"font-weight: 400;\">Uma empresa que alcan\u00e7a a <\/span><b>classifica\u00e7\u00e3o<\/b><span style=\"font-weight: 400;\"> mais elevada (A) \u00e9 porque tem um compromisso de redu\u00e7\u00e3o em termos absolutos das suas viagens a\u00e9reas, havendo mesmo empresas que visam uma redu\u00e7\u00e3o de 50% ou mais at\u00e9 2025. Estas empresas t\u00eam vindo a reportar as suas emiss\u00f5es em viagens empresariais desde h\u00e1, pelo menos, um ano, dando o exemplo para outras empresas. H\u00e1 oito empresas (3%) no ranking que atingem essa pontua\u00e7\u00e3o, com a empresa farmac\u00eautica dinamarquesa Novo Nordisk no topo. Pelo contr\u00e1rio, as empresas mais mal classificadas (com D) n\u00e3o divulgam as suas emiss\u00f5es em viagens (ou mesmo emiss\u00f5es totais), s\u00e3o grandes emissores e n\u00e3o t\u00eam compromissos ou objectivos espec\u00edficos de redu\u00e7\u00e3o das emiss\u00f5es das viagens.<\/span><\/p>\n<p><span style=\"font-weight: 400;\">A ZERO e a T&amp;E consideram que <span class=\"sigijh_hlt\">a pandemia foi a prova cabal de que as empresas quer na Europa quer nos EUA podem ser igualmente eficazes nas suas actividades fazendo menos viagens de avi\u00e3o <\/span><\/span><span style=\"font-weight: 400;\">e sendo respons\u00e1veis por menos emiss\u00f5es. Mais, a redu\u00e7\u00e3o das viagens de neg\u00f3cios faz sentido econ\u00f3mico para as empresas e contribui para o bem-estar dos seus empregados. Numa altura em que os l\u00edderes e cidad\u00e3os clamam pela redu\u00e7\u00e3o da depend\u00eancia do petr\u00f3leo, viajar de forma respons\u00e1vel \u00e9 uma forma f\u00e1cil de o conseguir. Por isso, empresas como a Volkswagen, Google ou Microsoft, com poucas ac\u00e7\u00f5es nesse sentido, t\u00eam de se emprenhar mais e cumprir a sua quota-parte num <\/span><b>des\u00edgnio que deve ser de todos<\/b><span style=\"font-weight: 400;\">.<\/span><\/p>\n<p>&nbsp;<\/p>\n<h3><b>E as empresas portuguesas visadas? Todas com classifica\u00e7\u00e3o med\u00edocre, alerta a ZERO\u00a0\u00a0<\/b><\/h3>\n<p><span style=\"font-weight: 400;\">A <\/span><b>ZERO identificou todas as empresas portuguesas<\/b><span style=\"font-weight: 400;\"> presentes no ranking, num total de nove empresas. Infelizmente, nenhuma delas classifica bem, pois <\/span><b>n\u00e3o h\u00e1 classifica\u00e7\u00f5es melhores que C<\/b><span style=\"font-weight: 400;\">, nem pontua\u00e7\u00f5es, numa escala at\u00e9 12,5, melhores que 4, conforme mostra a lista abaixo, em que os lugares cimeiros correspondem \u00e0s empresas mais bem posicionadas.<\/span><\/p>\n<p><img loading=\"lazy\" decoding=\"async\" class=\"alignnone wp-image-2248 size-full\" src=\"http:\/\/travelsmartcampaign.org\/wp-content\/uploads\/companhias-portuguesas-ranking-travel-smart.png\" alt=\"Ranking com companhias portuguesas\" width=\"950\" height=\"892\" srcset=\"https:\/\/travelsmartcampaign.org\/wp-content\/uploads\/companhias-portuguesas-ranking-travel-smart.png 950w, https:\/\/travelsmartcampaign.org\/wp-content\/uploads\/companhias-portuguesas-ranking-travel-smart-300x282.png 300w, https:\/\/travelsmartcampaign.org\/wp-content\/uploads\/companhias-portuguesas-ranking-travel-smart-768x721.png 768w\" sizes=\"auto, (max-width: 950px) 100vw, 950px\" \/><\/p>\n<p><span style=\"font-weight: 400;\">Note-se que h\u00e1 dois fatores importantes a contribuir para este panorama: a posi\u00e7\u00e3o perif\u00e9rica de Portugal na Europa, que torna dif\u00edcil em muitas viagens para a Europa a substitui\u00e7\u00e3o do avi\u00e3o pelo comboio (que tem larga vantagem ambiental, dadas as emiss\u00f5es em ferrovia serem muito inferiores \u00e0s a\u00e9reas); e a falta de liga\u00e7\u00f5es ferrovi\u00e1rias satisfat\u00f3rias que poderiam ser usadas para substituir uma parte importante do tr\u00e1fego a\u00e9reo empresarial, nomeadamente o dom\u00e9stico continental (principalmente a ponte a\u00e9rea Lisboa-Porto) e as liga\u00e7\u00f5es a\u00e9reas com Espanha (principalmente Madrid) \u2013 todo este tr\u00e1fego a\u00e9reo poderia e deveria ser substitu\u00eddo pelo comboio. Por isso, <span class=\"sigijh_hlt\">\u00e9 importante que o Governo d\u00ea \u00e0s empresas condi\u00e7\u00f5es para efectuarem esta mudan\u00e7a, investindo em liga\u00e7\u00f5es de comboio eficazes<span style=\"font-weight: 400;\">.<\/span><\/span><\/span><\/p>\n<p><span style=\"font-weight: 400;\">Mas isto n\u00e3o desculpa inteiramente as empresas portuguesas, pois a classifica\u00e7\u00e3o \u00e9 obtida com base em v\u00e1rios par\u00e2metros para os quais a exist\u00eancia de alternativa ferrovi\u00e1ria n\u00e3o tem influ\u00eancia \u2013 por exemplo, par\u00e2metros relacionados com a simples exist\u00eancia de objectivos de redu\u00e7\u00e3o de emiss\u00f5es e a respectiva data, ou o reporte de emiss\u00f5es das viagens a\u00e9reas. Por outro lado, as redu\u00e7\u00f5es nas emiss\u00f5es devem ser conseguidas n\u00e3o s\u00f3 atrav\u00e9s da mudan\u00e7a do modo de transporte, mas <span class=\"sigijh_hlt\">sobretudo atrav\u00e9s de viajar menos, mantendo apenas as viagens estritamente necess\u00e1rias.<\/span><\/span><\/p>\n<p>&nbsp;<\/p>\n<h3><b>Iniciativa Viajar Responsavelmente apela \u00e0 consci\u00eancia ambiental nas empresas<\/b><\/h3>\n<p><span style=\"font-weight: 400;\">A iniciativa Viajar Responsavelmente, da qual fazem parte a ZERO coligada com 12 parceiros no \u00e2mbito da Federa\u00e7\u00e3o Europeia de Transportes e Ambiente, surge num momento crucial para a ind\u00fastria das viagens, uma vez que os <span class=\"sigijh_hlt\">voos empresariais regressaram no per\u00edodo p\u00f3s-fase aguda da pandemia<span style=\"font-weight: 400;\">.<\/span><\/span><\/span><span style=\"font-weight: 400;\">\u00a0Em 2019, as viagens de neg\u00f3cios no mundo inteiro representaram cerca de 15 a 20% de todas viagens a\u00e9reas, ou cerca de 154 milh\u00f5es de toneladas de di\u00f3xido de carbono (MtCO<\/span><span style=\"font-weight: 400;\">2<\/span><span style=\"font-weight: 400;\">), isto \u00e9, cerca do triplo das emiss\u00f5es totais em Portugal (ou o s\u00eaxtuplo, se considerarmos o efeito n\u00e3o CO<\/span><span style=\"font-weight: 400;\">2<\/span><span style=\"font-weight: 400;\"> dessas viagens). Mas em 2020, com a pandemia, essas emiss\u00f5es baixaram drasticamente, e em muitos casos trata-se de uma redu\u00e7\u00e3o perfeitamente vi\u00e1vel de manter por parte das empresas. De facto, a redu\u00e7\u00e3o das viagens empresariais \u00e9 a forma mais f\u00e1cil, r\u00e1pida e eficaz de reduzir as emiss\u00f5es da avia\u00e7\u00e3o no curto prazo. Ao reduzir as viagens de neg\u00f3cios em 50%, reduzir-se-iam as emiss\u00f5es em 32,6 MtCO<\/span><span style=\"font-weight: 400;\">2<\/span><span style=\"font-weight: 400;\"> at\u00e9 2030 na Europa, o que equivale a retirar 16 milh\u00f5es de autom\u00f3veis poluentes das estradas.<\/span><\/p>\n<p><span style=\"font-weight: 400;\">A <\/span><b>ZERO<\/b><span style=\"font-weight: 400;\"> e T&amp;E no \u00e2mbito da iniciativa Viajar Responsavelmente <\/span><b>apelam \u00e0s empresas que<\/b><span style=\"font-weight: 400;\">:<\/span><\/p>\n<ul>\n<li style=\"font-weight: 400;\" aria-level=\"1\"><span style=\"font-weight: 400;\">Se comprometam publicamente com um objectivo absoluto de redu\u00e7\u00e3o de pelo menos 50% nos voos empresariais at\u00e9 2025 (em rela\u00e7\u00e3o a 2019);<\/span><\/li>\n<li style=\"font-weight: 400;\" aria-level=\"1\"><span style=\"font-weight: 400;\">Tomem ac\u00e7\u00f5es imediatas no sentido de reduzir as suas viagens de avi\u00e3o, escolher modos de colabora\u00e7\u00e3o \u00e0 dist\u00e2ncia que evitam as desloca\u00e7\u00f5es (as reuni\u00f5es virtuais s\u00e3o um substituto eficaz em muitos casos) ou outros modos de transporte, sobretudo ferrovia;<\/span><\/li>\n<li style=\"font-weight: 400;\" aria-level=\"1\"><span style=\"font-weight: 400;\">Informem o p\u00fablico sobre os seus progressos na redu\u00e7\u00e3o das emiss\u00f5es.\u00a0<\/span><\/li>\n<\/ul>\n<p><span style=\"font-weight: 400;\">Neste \u00e2mbito, a ZERO endere\u00e7ou pessoalmente \u00e0s empresas portuguesas convites para se juntarem \u00e0 iniciativa Viajar Responsavelmente.<\/span><\/p>\n<p>&nbsp;<\/p>\n<h5><strong>Nota para o editor:<\/strong><\/h5>\n<h5><a href=\"#_ftnref1\" name=\"_ftn1\"><sup>[1]<\/sup><\/a><span style=\"font-weight: 400;\">Ranking dispon\u00edvel em http:\/\/travelsmartcampaign.org\/ranking\/<\/span><\/h5>\n","protected":false},"excerpt":{"rendered":"<p>Ranking Viajar De meeste reacties op de 84% van het bedrijf zijn niet de meeste bedrijven die de emissies van hun leven terugdringen<\/p>","protected":false},"featured_media":2246,"template":"","topic":[],"visibility":[],"post-country":[34],"language":[40],"category-post-type":[28],"class_list":["post-2241","library","type-library","status-publish","has-post-thumbnail","hentry","post-country-portugal","language-portuguese","category-post-type-press-release"],"yoast_head":"<!-- This site is optimized with the Yoast SEO plugin v27.5 - https:\/\/yoast.com\/product\/yoast-seo-wordpress\/ -->\n<title>ZERO e T&amp;E divulgam ranking sobre emiss\u00f5es em viagens empresariais: muito poucas se comprometem a reduzir viagens de avi\u00e3o - Travel Smart Campaign<\/title>\n<meta name=\"robots\" content=\"index, follow, max-snippet:-1, max-image-preview:large, max-video-preview:-1\" \/>\n<link rel=\"canonical\" href=\"https:\/\/travelsmartcampaign.org\/nl\/bibliotheek\/nul-en-de-ranglijst-van-emissies-van-bedrijven-die-via-bedrijven-worden-verspreid-kunnen-hun-comprometem-tot-een-vermindering-van-de-luchtvaart-leiden\/\" \/>\n<meta property=\"og:locale\" content=\"nl_NL\" \/>\n<meta property=\"og:type\" content=\"article\" \/>\n<meta property=\"og:title\" content=\"ZERO e T&amp;E divulgam ranking sobre emiss\u00f5es em viagens empresariais: muito poucas se comprometem a reduzir viagens de avi\u00e3o - Travel Smart Campaign\" \/>\n<meta property=\"og:description\" content=\"Ranking Viajar Responsavelmente mostra que 84% das empresas n\u00e3o mostram empenho na redu\u00e7\u00e3o das emiss\u00f5es das suas viagens\" \/>\n<meta property=\"og:url\" content=\"https:\/\/travelsmartcampaign.org\/nl\/bibliotheek\/nul-en-de-ranglijst-van-emissies-van-bedrijven-die-via-bedrijven-worden-verspreid-kunnen-hun-comprometem-tot-een-vermindering-van-de-luchtvaart-leiden\/\" \/>\n<meta property=\"og:site_name\" content=\"Travel Smart Campaign\" \/>\n<meta property=\"article:modified_time\" content=\"2022-06-01T16:29:56+00:00\" \/>\n<meta property=\"og:image\" content=\"https:\/\/travelsmartcampaign.org\/wp-content\/uploads\/press-release-travel-smart-portugal-scaled.jpg\" \/>\n\t<meta property=\"og:image:width\" content=\"2560\" \/>\n\t<meta property=\"og:image:height\" content=\"1707\" \/>\n\t<meta property=\"og:image:type\" content=\"image\/jpeg\" \/>\n<meta name=\"twitter:card\" content=\"summary_large_image\" \/>\n<meta name=\"twitter:label1\" content=\"Geschatte leestijd\" \/>\n\t<meta name=\"twitter:data1\" content=\"6 minuten\" \/>\n<script type=\"application\/ld+json\" class=\"yoast-schema-graph\">{\"@context\":\"https:\\\/\\\/schema.org\",\"@graph\":[{\"@type\":\"WebPage\",\"@id\":\"https:\\\/\\\/travelsmartcampaign.org\\\/library\\\/zero-e-te-divulgam-ranking-sobre-emissoes-em-viagens-empresariais-muito-poucas-se-comprometem-a-reduzir-viagens-de-aviao\\\/\",\"url\":\"https:\\\/\\\/travelsmartcampaign.org\\\/library\\\/zero-e-te-divulgam-ranking-sobre-emissoes-em-viagens-empresariais-muito-poucas-se-comprometem-a-reduzir-viagens-de-aviao\\\/\",\"name\":\"ZERO e T&E divulgam ranking sobre emiss\u00f5es em viagens empresariais: muito poucas se comprometem a reduzir viagens de avi\u00e3o - Travel Smart Campaign\",\"isPartOf\":{\"@id\":\"https:\\\/\\\/travelsmartcampaign.org\\\/#website\"},\"primaryImageOfPage\":{\"@id\":\"https:\\\/\\\/travelsmartcampaign.org\\\/library\\\/zero-e-te-divulgam-ranking-sobre-emissoes-em-viagens-empresariais-muito-poucas-se-comprometem-a-reduzir-viagens-de-aviao\\\/#primaryimage\"},\"image\":{\"@id\":\"https:\\\/\\\/travelsmartcampaign.org\\\/library\\\/zero-e-te-divulgam-ranking-sobre-emissoes-em-viagens-empresariais-muito-poucas-se-comprometem-a-reduzir-viagens-de-aviao\\\/#primaryimage\"},\"thumbnailUrl\":\"https:\\\/\\\/travelsmartcampaign.org\\\/wp-content\\\/uploads\\\/press-release-travel-smart-portugal-scaled.jpg\",\"datePublished\":\"2022-05-10T06:07:53+00:00\",\"dateModified\":\"2022-06-01T16:29:56+00:00\",\"breadcrumb\":{\"@id\":\"https:\\\/\\\/travelsmartcampaign.org\\\/library\\\/zero-e-te-divulgam-ranking-sobre-emissoes-em-viagens-empresariais-muito-poucas-se-comprometem-a-reduzir-viagens-de-aviao\\\/#breadcrumb\"},\"inLanguage\":\"nl-NL\",\"potentialAction\":[{\"@type\":\"ReadAction\",\"target\":[\"https:\\\/\\\/travelsmartcampaign.org\\\/library\\\/zero-e-te-divulgam-ranking-sobre-emissoes-em-viagens-empresariais-muito-poucas-se-comprometem-a-reduzir-viagens-de-aviao\\\/\"]}]},{\"@type\":\"ImageObject\",\"inLanguage\":\"nl-NL\",\"@id\":\"https:\\\/\\\/travelsmartcampaign.org\\\/library\\\/zero-e-te-divulgam-ranking-sobre-emissoes-em-viagens-empresariais-muito-poucas-se-comprometem-a-reduzir-viagens-de-aviao\\\/#primaryimage\",\"url\":\"https:\\\/\\\/travelsmartcampaign.org\\\/wp-content\\\/uploads\\\/press-release-travel-smart-portugal-scaled.jpg\",\"contentUrl\":\"https:\\\/\\\/travelsmartcampaign.org\\\/wp-content\\\/uploads\\\/press-release-travel-smart-portugal-scaled.jpg\",\"width\":2560,\"height\":1707},{\"@type\":\"BreadcrumbList\",\"@id\":\"https:\\\/\\\/travelsmartcampaign.org\\\/library\\\/zero-e-te-divulgam-ranking-sobre-emissoes-em-viagens-empresariais-muito-poucas-se-comprometem-a-reduzir-viagens-de-aviao\\\/#breadcrumb\",\"itemListElement\":[{\"@type\":\"ListItem\",\"position\":1,\"name\":\"Home\",\"item\":\"https:\\\/\\\/travelsmartcampaign.org\\\/\"},{\"@type\":\"ListItem\",\"position\":2,\"name\":\"ZERO e T&#038;E divulgam ranking sobre emiss\u00f5es em viagens empresariais: muito poucas se comprometem a reduzir viagens de avi\u00e3o\"}]},{\"@type\":\"WebSite\",\"@id\":\"https:\\\/\\\/travelsmartcampaign.org\\\/#website\",\"url\":\"https:\\\/\\\/travelsmartcampaign.org\\\/\",\"name\":\"Travel Smart\",\"description\":\"\",\"publisher\":{\"@id\":\"https:\\\/\\\/travelsmartcampaign.org\\\/#organization\"},\"potentialAction\":[{\"@type\":\"SearchAction\",\"target\":{\"@type\":\"EntryPoint\",\"urlTemplate\":\"https:\\\/\\\/travelsmartcampaign.org\\\/?s={search_term_string}\"},\"query-input\":{\"@type\":\"PropertyValueSpecification\",\"valueRequired\":true,\"valueName\":\"search_term_string\"}}],\"inLanguage\":\"nl-NL\"},{\"@type\":\"Organization\",\"@id\":\"https:\\\/\\\/travelsmartcampaign.org\\\/#organization\",\"name\":\"Travel Smart\",\"url\":\"https:\\\/\\\/travelsmartcampaign.org\\\/\",\"logo\":{\"@type\":\"ImageObject\",\"inLanguage\":\"nl-NL\",\"@id\":\"https:\\\/\\\/travelsmartcampaign.org\\\/#\\\/schema\\\/logo\\\/image\\\/\",\"url\":\"https:\\\/\\\/travelsmartcampaign.org\\\/wp-content\\\/uploads\\\/travel-smart-min.jpeg\",\"contentUrl\":\"https:\\\/\\\/travelsmartcampaign.org\\\/wp-content\\\/uploads\\\/travel-smart-min.jpeg\",\"width\":1200,\"height\":690,\"caption\":\"Travel Smart\"},\"image\":{\"@id\":\"https:\\\/\\\/travelsmartcampaign.org\\\/#\\\/schema\\\/logo\\\/image\\\/\"}}]}<\/script>\n<!-- \/ Yoast SEO plugin. -->","yoast_head_json":{"title":"ZERO en T&amp;E publiceren ranglijst over uitstoot bij zakenreizen: maar heel weinig bedrijven verbinden zich ertoe om het aantal vliegreizen te verminderen - Travel Smart Campaign","robots":{"index":"index","follow":"follow","max-snippet":"max-snippet:-1","max-image-preview":"max-image-preview:large","max-video-preview":"max-video-preview:-1"},"canonical":"https:\/\/travelsmartcampaign.org\/nl\/bibliotheek\/nul-en-de-ranglijst-van-emissies-van-bedrijven-die-via-bedrijven-worden-verspreid-kunnen-hun-comprometem-tot-een-vermindering-van-de-luchtvaart-leiden\/","og_locale":"nl_NL","og_type":"article","og_title":"ZERO e T&E divulgam ranking sobre emiss\u00f5es em viagens empresariais: muito poucas se comprometem a reduzir viagens de avi\u00e3o - Travel Smart Campaign","og_description":"Ranking Viajar Responsavelmente mostra que 84% das empresas n\u00e3o mostram empenho na redu\u00e7\u00e3o das emiss\u00f5es das suas viagens","og_url":"https:\/\/travelsmartcampaign.org\/nl\/bibliotheek\/nul-en-de-ranglijst-van-emissies-van-bedrijven-die-via-bedrijven-worden-verspreid-kunnen-hun-comprometem-tot-een-vermindering-van-de-luchtvaart-leiden\/","og_site_name":"Travel Smart Campaign","article_modified_time":"2022-06-01T16:29:56+00:00","og_image":[{"width":2560,"height":1707,"url":"https:\/\/travelsmartcampaign.org\/wp-content\/uploads\/press-release-travel-smart-portugal-scaled.jpg","type":"image\/jpeg"}],"twitter_card":"summary_large_image","twitter_misc":{"Geschatte leestijd":"6 minuten"},"schema":{"@context":"https:\/\/schema.org","@graph":[{"@type":"WebPage","@id":"https:\/\/travelsmartcampaign.org\/library\/zero-e-te-divulgam-ranking-sobre-emissoes-em-viagens-empresariais-muito-poucas-se-comprometem-a-reduzir-viagens-de-aviao\/","url":"https:\/\/travelsmartcampaign.org\/library\/zero-e-te-divulgam-ranking-sobre-emissoes-em-viagens-empresariais-muito-poucas-se-comprometem-a-reduzir-viagens-de-aviao\/","name":"ZERO en T&amp;E publiceren ranglijst over uitstoot bij zakenreizen: maar heel weinig bedrijven verbinden zich ertoe om het aantal vliegreizen te verminderen - Travel Smart Campaign","isPartOf":{"@id":"https:\/\/travelsmartcampaign.org\/#website"},"primaryImageOfPage":{"@id":"https:\/\/travelsmartcampaign.org\/library\/zero-e-te-divulgam-ranking-sobre-emissoes-em-viagens-empresariais-muito-poucas-se-comprometem-a-reduzir-viagens-de-aviao\/#primaryimage"},"image":{"@id":"https:\/\/travelsmartcampaign.org\/library\/zero-e-te-divulgam-ranking-sobre-emissoes-em-viagens-empresariais-muito-poucas-se-comprometem-a-reduzir-viagens-de-aviao\/#primaryimage"},"thumbnailUrl":"https:\/\/travelsmartcampaign.org\/wp-content\/uploads\/press-release-travel-smart-portugal-scaled.jpg","datePublished":"2022-05-10T06:07:53+00:00","dateModified":"2022-06-01T16:29:56+00:00","breadcrumb":{"@id":"https:\/\/travelsmartcampaign.org\/library\/zero-e-te-divulgam-ranking-sobre-emissoes-em-viagens-empresariais-muito-poucas-se-comprometem-a-reduzir-viagens-de-aviao\/#breadcrumb"},"inLanguage":"nl-NL","potentialAction":[{"@type":"ReadAction","target":["https:\/\/travelsmartcampaign.org\/library\/zero-e-te-divulgam-ranking-sobre-emissoes-em-viagens-empresariais-muito-poucas-se-comprometem-a-reduzir-viagens-de-aviao\/"]}]},{"@type":"ImageObject","inLanguage":"nl-NL","@id":"https:\/\/travelsmartcampaign.org\/library\/zero-e-te-divulgam-ranking-sobre-emissoes-em-viagens-empresariais-muito-poucas-se-comprometem-a-reduzir-viagens-de-aviao\/#primaryimage","url":"https:\/\/travelsmartcampaign.org\/wp-content\/uploads\/press-release-travel-smart-portugal-scaled.jpg","contentUrl":"https:\/\/travelsmartcampaign.org\/wp-content\/uploads\/press-release-travel-smart-portugal-scaled.jpg","width":2560,"height":1707},{"@type":"BreadcrumbList","@id":"https:\/\/travelsmartcampaign.org\/library\/zero-e-te-divulgam-ranking-sobre-emissoes-em-viagens-empresariais-muito-poucas-se-comprometem-a-reduzir-viagens-de-aviao\/#breadcrumb","itemListElement":[{"@type":"ListItem","position":1,"name":"Home","item":"https:\/\/travelsmartcampaign.org\/"},{"@type":"ListItem","position":2,"name":"ZERO e T&#038;E divulgam ranking sobre emiss\u00f5es em viagens empresariais: muito poucas se comprometem a reduzir viagens de avi\u00e3o"}]},{"@type":"WebSite","@id":"https:\/\/travelsmartcampaign.org\/#website","url":"https:\/\/travelsmartcampaign.org\/","name":"Travel Smart","description":"","publisher":{"@id":"https:\/\/travelsmartcampaign.org\/#organization"},"potentialAction":[{"@type":"SearchAction","target":{"@type":"EntryPoint","urlTemplate":"https:\/\/travelsmartcampaign.org\/?s={search_term_string}"},"query-input":{"@type":"PropertyValueSpecification","valueRequired":true,"valueName":"search_term_string"}}],"inLanguage":"nl-NL"},{"@type":"Organization","@id":"https:\/\/travelsmartcampaign.org\/#organization","name":"Travel Smart","url":"https:\/\/travelsmartcampaign.org\/","logo":{"@type":"ImageObject","inLanguage":"nl-NL","@id":"https:\/\/travelsmartcampaign.org\/#\/schema\/logo\/image\/","url":"https:\/\/travelsmartcampaign.org\/wp-content\/uploads\/travel-smart-min.jpeg","contentUrl":"https:\/\/travelsmartcampaign.org\/wp-content\/uploads\/travel-smart-min.jpeg","width":1200,"height":690,"caption":"Travel Smart"},"image":{"@id":"https:\/\/travelsmartcampaign.org\/#\/schema\/logo\/image\/"}}]}},"_links":{"self":[{"href":"https:\/\/travelsmartcampaign.org\/nl\/wp-json\/wp\/v2\/library\/2241","targetHints":{"allow":["GET"]}}],"collection":[{"href":"https:\/\/travelsmartcampaign.org\/nl\/wp-json\/wp\/v2\/library"}],"about":[{"href":"https:\/\/travelsmartcampaign.org\/nl\/wp-json\/wp\/v2\/types\/library"}],"version-history":[{"count":0,"href":"https:\/\/travelsmartcampaign.org\/nl\/wp-json\/wp\/v2\/library\/2241\/revisions"}],"wp:featuredmedia":[{"embeddable":true,"href":"https:\/\/travelsmartcampaign.org\/nl\/wp-json\/wp\/v2\/media\/2246"}],"wp:attachment":[{"href":"https:\/\/travelsmartcampaign.org\/nl\/wp-json\/wp\/v2\/media?parent=2241"}],"wp:term":[{"taxonomy":"topic","embeddable":true,"href":"https:\/\/travelsmartcampaign.org\/nl\/wp-json\/wp\/v2\/topic?post=2241"},{"taxonomy":"visibility","embeddable":true,"href":"https:\/\/travelsmartcampaign.org\/nl\/wp-json\/wp\/v2\/visibility?post=2241"},{"taxonomy":"post-country","embeddable":true,"href":"https:\/\/travelsmartcampaign.org\/nl\/wp-json\/wp\/v2\/post-country?post=2241"},{"taxonomy":"language","embeddable":true,"href":"https:\/\/travelsmartcampaign.org\/nl\/wp-json\/wp\/v2\/language?post=2241"},{"taxonomy":"category-post-type","embeddable":true,"href":"https:\/\/travelsmartcampaign.org\/nl\/wp-json\/wp\/v2\/category-post-type?post=2241"}],"curies":[{"name":"wp","href":"https:\/\/api.w.org\/{rel}","templated":true}]}}