{"id":3598,"date":"2022-11-06T00:01:07","date_gmt":"2022-11-05T23:01:07","guid":{"rendered":"http:\/\/travelsmartcampaign.org\/?post_type=library&#038;p=3598"},"modified":"2022-11-05T17:52:31","modified_gmt":"2022-11-05T16:52:31","slug":"een-groot-deel-van-de-functies-is-dat-onze-hoogste-uitvoerende-bedrijven-metabedrijfsreducties-hebben","status":"publish","type":"library","link":"https:\/\/travelsmartcampaign.org\/nl\/library\/a-maioria-dos-funcionarios-espera-que-os-altos-executivos-estabelecam-metas-corporativas-de-reducao-de-voos\/","title":{"rendered":"Er zijn nog maar 5 studies die bevestigen dat een groot deel van onze functies in het leven is geroepen dat al onze uitvoerende machten de meta-bedrijfsreducties hebben vastgesteld"},"content":{"rendered":"<p><b>Er zijn steeds meer functies<\/b><span style=\"font-weight: 400;\"> de bedrijven die een vliegreis in de lucht maken <\/span><b>De hoeveelheid levens werd verminderd als gevolg van een pandemie<\/b><span style=\"font-weight: 400;\">, demonstreer een nieuw estudo zonder de viajar-reactie (<\/span><i><span style=\"font-weight: 400;\">Travel Smart<\/span><\/i><span style=\"font-weight: 400;\">), wat een NUL-faz parte is.<\/span><\/p>\n<p><span style=\"font-weight: 400;\">Onze conclusie is dat het grootste deel van het functioneren van het bedrijf is aangetoond <\/span><b>het is belangrijk dat uw bedrijf een belangrijke rol speelt in de strijd tegen het klimaatcrisis<\/b><span style=\"font-weight: 400;\"> \u2013 77% met 2 500 functionele bedrijven in de Unidos Estados (EUA), Reino Unido, Fran\u00e7a, Alemanha en Espa\u00f1a hebben hun mening. Omdat ze in aanmerking komen voor de verwezenlijking van hun doelstellingen, zullen bedrijven in tempo een integraal bedrijf worden, nu een organisatie met maar liefst 50 functies en tussen de 18 en 74 jaar.<\/span><\/p>\n<p><span style=\"font-weight: 400;\">Een groot deel van de onderzoeken geeft toe dat een deel van de levenspaden in het levensonderhoud, zonder omgevingsfactoren, wordt beschouwd als een belangrijk papel bij het defini\u00ebren van de internationale politieke betrekkingen op de plaats van de trabalham. Partilham heeft nog steeds een mening <\/span><b>terwijl bedrijven een metabedrijf hebben opgericht dat hun geld terugdringt<\/b><span style=\"font-weight: 400;\"> (74% bij de onderzoeken) is belangrijk om te verminderen als koolstofpegades, een resultaat als alle Europese landen.<\/span><\/p>\n<p><span style=\"font-weight: 400;\">Een Federa\u00e7\u00e3o Europeia de Transportes and Ambiente (T&amp;E), die een ZERO integreert en secundair, overweegt dat het functioneren van het bedrijfsleven een nieuw paradigma is, dat de meta&#039;s en politieke bedrijven zich ontwikkelen <\/span><b>claras en alinhadas com zoals verwacht van hun werking<\/b><span style=\"font-weight: 400;\">Ik denk dat het een van de redenen is dat u als ondernemer een rekruteerder en talent wordt.<\/span><\/p>\n<p><span style=\"font-weight: 400;\">Dit is een andere mogelijkheid dat het een steeds grotere sensatie wordt dat onze nieuwe bedrijfsactiviteiten steeds groter worden. Als u een relatie heeft met de gevolgen van een pandemie, <\/span><b>63% via jammenos<\/b><span style=\"font-weight: 400;\"> Als gevolg van een pandemie, 27% denkt dat het via een grote frequentie en 11% meer dan een jaar geleden wordt toegelaten.<\/span><\/p>\n<p><img loading=\"lazy\" decoding=\"async\" class=\"alignnone size-large wp-image-3694\" src=\"http:\/\/travelsmartcampaign.org\/wp-content\/uploads\/PT-Travel-Smart-Poll-Infographics-1-1024x576.png\" alt=\"\" width=\"800\" height=\"450\" srcset=\"https:\/\/travelsmartcampaign.org\/wp-content\/uploads\/PT-Travel-Smart-Poll-Infographics-1-1024x576.png 1024w, https:\/\/travelsmartcampaign.org\/wp-content\/uploads\/PT-Travel-Smart-Poll-Infographics-1-300x169.png 300w, https:\/\/travelsmartcampaign.org\/wp-content\/uploads\/PT-Travel-Smart-Poll-Infographics-1-768x432.png 768w, https:\/\/travelsmartcampaign.org\/wp-content\/uploads\/PT-Travel-Smart-Poll-Infographics-1-1536x864.png 1536w, https:\/\/travelsmartcampaign.org\/wp-content\/uploads\/PT-Travel-Smart-Poll-Infographics-1-18x10.png 18w, https:\/\/travelsmartcampaign.org\/wp-content\/uploads\/PT-Travel-Smart-Poll-Infographics-1.png 1920w\" sizes=\"auto, (max-width: 800px) 100vw, 800px\" \/><\/p>\n<p><span style=\"font-weight: 400;\">Een pandemie die het meest faciliteert omdat de functies van uw bedrijf kunnen worden verminderd, geeft een alternatief voor de koolstofemissies weer. Wanneer uw voorkeur uitgaat naar een vermindering van de invloed van de omgeving op het bedrijfsleven, zullen onze functies meer geschikt zijn voor de voorkeur die u geeft <\/span><b>technologie\u00ebn e <\/b><b><i>software<\/i><\/b><b> de virtuele samenwerking<\/b><span style=\"font-weight: 400;\"> (53% voor tussendoortjes). <\/span><b>Bekijk de frequenties<\/b><span style=\"font-weight: 400;\"> (36%) e <\/span><b>kies voor meer dan enkele transportperioden<\/b><span style=\"font-weight: 400;\"> (32%) Ontvang een zeer intensieve ontvangst.\u00a0<\/span><\/p>\n<p><span style=\"font-weight: 400;\">Voordat een manier van samenwerken op afstand een grote impact had op de termijnen van internationale herenigingen, was het een feit dat een manier van samenwerken op afstand een grote impact had op de termijnen van internationale herenigingen. Een groot deel van de samenwerkende onderzoeken (72%) is wat <\/span><b>Het is mogelijk om via een lange weg naar internationale herenigingen te gaan<\/b><span style=\"font-weight: 400;\">, met de 67% de beschikking over meer re\u00fcnielocaties voor een wereldwijde re\u00fcnie, wat betekent dat het potentieel van de lange termijn kan worden ge\u00eblimineerd.<\/span><\/p>\n<p><span style=\"font-weight: 400;\">Een Federa\u00e7\u00e3o de Transportes en Ambiente is een ZERO-organisatie die een Confer\u00eancia de Partes das Unidas-unidas heeft, die op 6 november in Egypte begon, het ideale moment voor ons <\/span><b>Het bedrijf houdt zich bezig met het klimaat<\/b><span style=\"font-weight: 400;\">Durf een voorbeeld te nemen, onderzoek uw eigen levensgewoonten. Ontwikkel een moment waarop u een compromis kunt sluiten <\/span><b>kleiner aantal luchtvaartmaatschappijen in pelo menos 50%<\/b><span style=\"font-weight: 400;\">, in verband met de nieuwe pandemie.<\/span><\/p>\n<p style=\"text-align: center;\"><a href=\"http:\/\/travelsmartcampaign.org\/wp-content\/uploads\/Travel-Smart-Topline-101922_USPA.docx.pdf\">Download de Ipsos-resultaten<\/a><\/p>\n<p><b>Nota&#039;s van de redactie:<\/b><\/p>\n<p><span style=\"font-weight: 400;\">Bij het realiseren van een vorm online pela Ipsos, wordt gebruik gemaakt van een van de 2.506 volwassen volwassenen \u2013 EUA, Reino Unido, Fran\u00e7a, Alemanha en Espanha. Omdat ze in aanmerking komen voor mensen, zijn ondernemers precies in de periode dat ze een hele organisatie organiseren met 50 functies en tussen de 18 en 74 jaar. Een deel van de functies wordt verdeeld om de functies weer te geven die via de lucht in de lucht vliegen. Het functioneren van de vlucht in de trabale is een verwijzing naar de vraag of je in de trabale periode v\u00f3\u00f3r COVID kunt leven of dat je in de trabale staat. Er zijn meer functies die een vliegreis met 1.279 pesso&#039;s mogelijk maken. De campagne is tussen 6 en 10 november 2022 gerealiseerd. Er zijn veel demogr\u00e1ficos voor toepassingen zoals nog nooit in het land. Er zijn meer kredietintervallen dan 2,4 procent van al onze ondernemers. Wanneer u een kredietinterval van meer dan 3,4 procent krijgt, is het mogelijk dat u een vliegreis in de lucht maakt.<\/span><\/p>\n<p>&nbsp;<\/p>","protected":false},"excerpt":{"rendered":"<p>Er zijn steeds meer bedrijfsfuncties die de luchtvaart in de loop van de tijd reduceren tot een hoeveelheid levens als gevolg van een pandemie<\/p>","protected":false},"featured_media":3622,"template":"","topic":[],"visibility":[],"post-country":[34],"language":[40],"category-post-type":[28],"class_list":["post-3598","library","type-library","status-publish","has-post-thumbnail","hentry","post-country-portugal","language-portuguese","category-post-type-press-release"],"yoast_head":"<!-- This site is optimized with the Yoast SEO plugin v27.5 - https:\/\/yoast.com\/product\/yoast-seo-wordpress\/ -->\n<title>Novo estudo em 5 pa\u00edses chave vem confirmar que a maioria dos funcion\u00e1rios espera que os altos executivos estabele\u00e7am metas corporativas de redu\u00e7\u00e3o de voos - Travel Smart Campaign<\/title>\n<meta name=\"robots\" content=\"index, follow, max-snippet:-1, max-image-preview:large, max-video-preview:-1\" \/>\n<link rel=\"canonical\" href=\"https:\/\/travelsmartcampaign.org\/nl\/bibliotheek\/een-groot-deel-van-de-functies-is-dat-onze-hoogste-uitvoerende-bedrijven-metabedrijfsreducties-hebben\/\" \/>\n<meta property=\"og:locale\" content=\"nl_NL\" \/>\n<meta property=\"og:type\" content=\"article\" \/>\n<meta property=\"og:title\" content=\"Novo estudo em 5 pa\u00edses chave vem confirmar que a maioria dos funcion\u00e1rios espera que os altos executivos estabele\u00e7am metas corporativas de redu\u00e7\u00e3o de voos - Travel Smart Campaign\" \/>\n<meta property=\"og:description\" content=\"Tr\u00eas em cada cinco funcion\u00e1rios de empresas que viajam de avi\u00e3o em trabalho reduziram a quantidade de viagens como resultado da pandemia\" \/>\n<meta property=\"og:url\" content=\"https:\/\/travelsmartcampaign.org\/nl\/bibliotheek\/een-groot-deel-van-de-functies-is-dat-onze-hoogste-uitvoerende-bedrijven-metabedrijfsreducties-hebben\/\" \/>\n<meta property=\"og:site_name\" content=\"Travel Smart Campaign\" \/>\n<meta property=\"og:image\" content=\"https:\/\/travelsmartcampaign.org\/wp-content\/uploads\/pexels-tima-miroshnichenko-5725432-scaled.jpg\" \/>\n\t<meta property=\"og:image:width\" content=\"2560\" \/>\n\t<meta property=\"og:image:height\" content=\"1707\" \/>\n\t<meta property=\"og:image:type\" content=\"image\/jpeg\" \/>\n<meta name=\"twitter:card\" content=\"summary_large_image\" \/>\n<meta name=\"twitter:label1\" content=\"Geschatte leestijd\" \/>\n\t<meta name=\"twitter:data1\" content=\"4 minuten\" \/>\n<script type=\"application\/ld+json\" class=\"yoast-schema-graph\">{\"@context\":\"https:\\\/\\\/schema.org\",\"@graph\":[{\"@type\":\"WebPage\",\"@id\":\"https:\\\/\\\/travelsmartcampaign.org\\\/library\\\/a-maioria-dos-funcionarios-espera-que-os-altos-executivos-estabelecam-metas-corporativas-de-reducao-de-voos\\\/\",\"url\":\"https:\\\/\\\/travelsmartcampaign.org\\\/library\\\/a-maioria-dos-funcionarios-espera-que-os-altos-executivos-estabelecam-metas-corporativas-de-reducao-de-voos\\\/\",\"name\":\"Novo estudo em 5 pa\u00edses chave vem confirmar que a maioria dos funcion\u00e1rios espera que os altos executivos estabele\u00e7am metas corporativas de redu\u00e7\u00e3o de voos - Travel Smart Campaign\",\"isPartOf\":{\"@id\":\"https:\\\/\\\/travelsmartcampaign.org\\\/#website\"},\"primaryImageOfPage\":{\"@id\":\"https:\\\/\\\/travelsmartcampaign.org\\\/library\\\/a-maioria-dos-funcionarios-espera-que-os-altos-executivos-estabelecam-metas-corporativas-de-reducao-de-voos\\\/#primaryimage\"},\"image\":{\"@id\":\"https:\\\/\\\/travelsmartcampaign.org\\\/library\\\/a-maioria-dos-funcionarios-espera-que-os-altos-executivos-estabelecam-metas-corporativas-de-reducao-de-voos\\\/#primaryimage\"},\"thumbnailUrl\":\"https:\\\/\\\/travelsmartcampaign.org\\\/wp-content\\\/uploads\\\/pexels-tima-miroshnichenko-5725432-scaled.jpg\",\"datePublished\":\"2022-11-05T23:01:07+00:00\",\"breadcrumb\":{\"@id\":\"https:\\\/\\\/travelsmartcampaign.org\\\/library\\\/a-maioria-dos-funcionarios-espera-que-os-altos-executivos-estabelecam-metas-corporativas-de-reducao-de-voos\\\/#breadcrumb\"},\"inLanguage\":\"nl-NL\",\"potentialAction\":[{\"@type\":\"ReadAction\",\"target\":[\"https:\\\/\\\/travelsmartcampaign.org\\\/library\\\/a-maioria-dos-funcionarios-espera-que-os-altos-executivos-estabelecam-metas-corporativas-de-reducao-de-voos\\\/\"]}]},{\"@type\":\"ImageObject\",\"inLanguage\":\"nl-NL\",\"@id\":\"https:\\\/\\\/travelsmartcampaign.org\\\/library\\\/a-maioria-dos-funcionarios-espera-que-os-altos-executivos-estabelecam-metas-corporativas-de-reducao-de-voos\\\/#primaryimage\",\"url\":\"https:\\\/\\\/travelsmartcampaign.org\\\/wp-content\\\/uploads\\\/pexels-tima-miroshnichenko-5725432-scaled.jpg\",\"contentUrl\":\"https:\\\/\\\/travelsmartcampaign.org\\\/wp-content\\\/uploads\\\/pexels-tima-miroshnichenko-5725432-scaled.jpg\",\"width\":2560,\"height\":1707},{\"@type\":\"BreadcrumbList\",\"@id\":\"https:\\\/\\\/travelsmartcampaign.org\\\/library\\\/a-maioria-dos-funcionarios-espera-que-os-altos-executivos-estabelecam-metas-corporativas-de-reducao-de-voos\\\/#breadcrumb\",\"itemListElement\":[{\"@type\":\"ListItem\",\"position\":1,\"name\":\"Home\",\"item\":\"https:\\\/\\\/travelsmartcampaign.org\\\/\"},{\"@type\":\"ListItem\",\"position\":2,\"name\":\"Novo estudo em 5 pa\u00edses chave vem confirmar que a maioria dos funcion\u00e1rios espera que os altos executivos estabele\u00e7am metas corporativas de redu\u00e7\u00e3o de voos\"}]},{\"@type\":\"WebSite\",\"@id\":\"https:\\\/\\\/travelsmartcampaign.org\\\/#website\",\"url\":\"https:\\\/\\\/travelsmartcampaign.org\\\/\",\"name\":\"Travel Smart\",\"description\":\"\",\"publisher\":{\"@id\":\"https:\\\/\\\/travelsmartcampaign.org\\\/#organization\"},\"potentialAction\":[{\"@type\":\"SearchAction\",\"target\":{\"@type\":\"EntryPoint\",\"urlTemplate\":\"https:\\\/\\\/travelsmartcampaign.org\\\/?s={search_term_string}\"},\"query-input\":{\"@type\":\"PropertyValueSpecification\",\"valueRequired\":true,\"valueName\":\"search_term_string\"}}],\"inLanguage\":\"nl-NL\"},{\"@type\":\"Organization\",\"@id\":\"https:\\\/\\\/travelsmartcampaign.org\\\/#organization\",\"name\":\"Travel Smart\",\"url\":\"https:\\\/\\\/travelsmartcampaign.org\\\/\",\"logo\":{\"@type\":\"ImageObject\",\"inLanguage\":\"nl-NL\",\"@id\":\"https:\\\/\\\/travelsmartcampaign.org\\\/#\\\/schema\\\/logo\\\/image\\\/\",\"url\":\"https:\\\/\\\/travelsmartcampaign.org\\\/wp-content\\\/uploads\\\/travel-smart-min.jpeg\",\"contentUrl\":\"https:\\\/\\\/travelsmartcampaign.org\\\/wp-content\\\/uploads\\\/travel-smart-min.jpeg\",\"width\":1200,\"height\":690,\"caption\":\"Travel Smart\"},\"image\":{\"@id\":\"https:\\\/\\\/travelsmartcampaign.org\\\/#\\\/schema\\\/logo\\\/image\\\/\"}}]}<\/script>\n<!-- \/ Yoast SEO plugin. -->","yoast_head_json":{"title":"Nieuw onderzoek in vijf belangrijke landen bevestigt dat de meeste werknemers verwachten dat topmanagers bedrijfsdoelstellingen vaststellen om het aantal vliegreizen te verminderen - Travel Smart Campaign","robots":{"index":"index","follow":"follow","max-snippet":"max-snippet:-1","max-image-preview":"max-image-preview:large","max-video-preview":"max-video-preview:-1"},"canonical":"https:\/\/travelsmartcampaign.org\/nl\/bibliotheek\/een-groot-deel-van-de-functies-is-dat-onze-hoogste-uitvoerende-bedrijven-metabedrijfsreducties-hebben\/","og_locale":"nl_NL","og_type":"article","og_title":"Novo estudo em 5 pa\u00edses chave vem confirmar que a maioria dos funcion\u00e1rios espera que os altos executivos estabele\u00e7am metas corporativas de redu\u00e7\u00e3o de voos - Travel Smart Campaign","og_description":"Tr\u00eas em cada cinco funcion\u00e1rios de empresas que viajam de avi\u00e3o em trabalho reduziram a quantidade de viagens como resultado da pandemia","og_url":"https:\/\/travelsmartcampaign.org\/nl\/bibliotheek\/een-groot-deel-van-de-functies-is-dat-onze-hoogste-uitvoerende-bedrijven-metabedrijfsreducties-hebben\/","og_site_name":"Travel Smart Campaign","og_image":[{"width":2560,"height":1707,"url":"https:\/\/travelsmartcampaign.org\/wp-content\/uploads\/pexels-tima-miroshnichenko-5725432-scaled.jpg","type":"image\/jpeg"}],"twitter_card":"summary_large_image","twitter_misc":{"Geschatte leestijd":"4 minuten"},"schema":{"@context":"https:\/\/schema.org","@graph":[{"@type":"WebPage","@id":"https:\/\/travelsmartcampaign.org\/library\/a-maioria-dos-funcionarios-espera-que-os-altos-executivos-estabelecam-metas-corporativas-de-reducao-de-voos\/","url":"https:\/\/travelsmartcampaign.org\/library\/a-maioria-dos-funcionarios-espera-que-os-altos-executivos-estabelecam-metas-corporativas-de-reducao-de-voos\/","name":"Nieuw onderzoek in vijf belangrijke landen bevestigt dat de meeste werknemers verwachten dat topmanagers bedrijfsdoelstellingen vaststellen om het aantal vliegreizen te verminderen - Travel Smart Campaign","isPartOf":{"@id":"https:\/\/travelsmartcampaign.org\/#website"},"primaryImageOfPage":{"@id":"https:\/\/travelsmartcampaign.org\/library\/a-maioria-dos-funcionarios-espera-que-os-altos-executivos-estabelecam-metas-corporativas-de-reducao-de-voos\/#primaryimage"},"image":{"@id":"https:\/\/travelsmartcampaign.org\/library\/a-maioria-dos-funcionarios-espera-que-os-altos-executivos-estabelecam-metas-corporativas-de-reducao-de-voos\/#primaryimage"},"thumbnailUrl":"https:\/\/travelsmartcampaign.org\/wp-content\/uploads\/pexels-tima-miroshnichenko-5725432-scaled.jpg","datePublished":"2022-11-05T23:01:07+00:00","breadcrumb":{"@id":"https:\/\/travelsmartcampaign.org\/library\/a-maioria-dos-funcionarios-espera-que-os-altos-executivos-estabelecam-metas-corporativas-de-reducao-de-voos\/#breadcrumb"},"inLanguage":"nl-NL","potentialAction":[{"@type":"ReadAction","target":["https:\/\/travelsmartcampaign.org\/library\/a-maioria-dos-funcionarios-espera-que-os-altos-executivos-estabelecam-metas-corporativas-de-reducao-de-voos\/"]}]},{"@type":"ImageObject","inLanguage":"nl-NL","@id":"https:\/\/travelsmartcampaign.org\/library\/a-maioria-dos-funcionarios-espera-que-os-altos-executivos-estabelecam-metas-corporativas-de-reducao-de-voos\/#primaryimage","url":"https:\/\/travelsmartcampaign.org\/wp-content\/uploads\/pexels-tima-miroshnichenko-5725432-scaled.jpg","contentUrl":"https:\/\/travelsmartcampaign.org\/wp-content\/uploads\/pexels-tima-miroshnichenko-5725432-scaled.jpg","width":2560,"height":1707},{"@type":"BreadcrumbList","@id":"https:\/\/travelsmartcampaign.org\/library\/a-maioria-dos-funcionarios-espera-que-os-altos-executivos-estabelecam-metas-corporativas-de-reducao-de-voos\/#breadcrumb","itemListElement":[{"@type":"ListItem","position":1,"name":"Home","item":"https:\/\/travelsmartcampaign.org\/"},{"@type":"ListItem","position":2,"name":"Novo estudo em 5 pa\u00edses chave vem confirmar que a maioria dos funcion\u00e1rios espera que os altos executivos estabele\u00e7am metas corporativas de redu\u00e7\u00e3o de voos"}]},{"@type":"WebSite","@id":"https:\/\/travelsmartcampaign.org\/#website","url":"https:\/\/travelsmartcampaign.org\/","name":"Travel Smart","description":"","publisher":{"@id":"https:\/\/travelsmartcampaign.org\/#organization"},"potentialAction":[{"@type":"SearchAction","target":{"@type":"EntryPoint","urlTemplate":"https:\/\/travelsmartcampaign.org\/?s={search_term_string}"},"query-input":{"@type":"PropertyValueSpecification","valueRequired":true,"valueName":"search_term_string"}}],"inLanguage":"nl-NL"},{"@type":"Organization","@id":"https:\/\/travelsmartcampaign.org\/#organization","name":"Travel Smart","url":"https:\/\/travelsmartcampaign.org\/","logo":{"@type":"ImageObject","inLanguage":"nl-NL","@id":"https:\/\/travelsmartcampaign.org\/#\/schema\/logo\/image\/","url":"https:\/\/travelsmartcampaign.org\/wp-content\/uploads\/travel-smart-min.jpeg","contentUrl":"https:\/\/travelsmartcampaign.org\/wp-content\/uploads\/travel-smart-min.jpeg","width":1200,"height":690,"caption":"Travel Smart"},"image":{"@id":"https:\/\/travelsmartcampaign.org\/#\/schema\/logo\/image\/"}}]}},"_links":{"self":[{"href":"https:\/\/travelsmartcampaign.org\/nl\/wp-json\/wp\/v2\/library\/3598","targetHints":{"allow":["GET"]}}],"collection":[{"href":"https:\/\/travelsmartcampaign.org\/nl\/wp-json\/wp\/v2\/library"}],"about":[{"href":"https:\/\/travelsmartcampaign.org\/nl\/wp-json\/wp\/v2\/types\/library"}],"version-history":[{"count":0,"href":"https:\/\/travelsmartcampaign.org\/nl\/wp-json\/wp\/v2\/library\/3598\/revisions"}],"wp:featuredmedia":[{"embeddable":true,"href":"https:\/\/travelsmartcampaign.org\/nl\/wp-json\/wp\/v2\/media\/3622"}],"wp:attachment":[{"href":"https:\/\/travelsmartcampaign.org\/nl\/wp-json\/wp\/v2\/media?parent=3598"}],"wp:term":[{"taxonomy":"topic","embeddable":true,"href":"https:\/\/travelsmartcampaign.org\/nl\/wp-json\/wp\/v2\/topic?post=3598"},{"taxonomy":"visibility","embeddable":true,"href":"https:\/\/travelsmartcampaign.org\/nl\/wp-json\/wp\/v2\/visibility?post=3598"},{"taxonomy":"post-country","embeddable":true,"href":"https:\/\/travelsmartcampaign.org\/nl\/wp-json\/wp\/v2\/post-country?post=3598"},{"taxonomy":"language","embeddable":true,"href":"https:\/\/travelsmartcampaign.org\/nl\/wp-json\/wp\/v2\/language?post=3598"},{"taxonomy":"category-post-type","embeddable":true,"href":"https:\/\/travelsmartcampaign.org\/nl\/wp-json\/wp\/v2\/category-post-type?post=3598"}],"curies":[{"name":"wp","href":"https:\/\/api.w.org\/{rel}","templated":true}]}}