{"id":3608,"date":"2022-11-03T00:01:38","date_gmt":"2022-11-02T23:01:38","guid":{"rendered":"http:\/\/travelsmartcampaign.org\/?post_type=library&#038;p=3608"},"modified":"2022-11-02T16:49:37","modified_gmt":"2022-11-02T15:49:37","slug":"nieuwe-umfrage-mehrheit-der-angestellten-erwartet-von-unternehmensfuhrung-ziele-zur-reduzierung-geschaftlicher-flugreisen","status":"publish","type":"library","link":"https:\/\/travelsmartcampaign.org\/nl\/library\/neue-umfrage-mehrheit-der-angestellten-erwartet-von-unternehmensfuhrung-ziele-zur-reduzierung-geschaftlicher-flugreisen\/","title":{"rendered":"Nieuwe Umfrage: Mehrheit der Angestellten erwartet von Unternehmensf\u00fchrung Ziele zur Reduzierung gesch\u00e4ftlicher Flugreisen"},"content":{"rendered":"<p><span style=\"font-weight: 400;\">In einer Umfrage unter 2.506 Angestellten in f\u00fcnf L\u00e4nder [1]<\/span><span style=\"font-weight: 400;\">, antworteten 77\u00a0% der Befragten, dass ihr Arbeitgeber Ma\u00dfnahmen gegen die Erderw\u00e4rmung ergreifen sollte. Befragt wurden Personen, die\u00a0 Vollzeit in einem Unternehmen mit mindestens 50 Mitarbeitern besch\u00e4ftigt und zwischen 18 und 74 Jahre alt sind.\u00a0<\/span><\/p>\n<p><span style=\"font-weight: 400;\">Die meisten Befragten sind gewillt, ihre Gesch\u00e4ftsreisen nachhaltiger zu gestalten und sie glauben, dass sie die Vorgaben ihres Unternehmens in diesem Bereich ma\u00dfgeblich mitgestalten k\u00f6nnen. Eine noch gr\u00f6\u00dfere Zahl (74%) ist jedoch der Meinung, dass sich Firmen selbst Ziele zur Einschr\u00e4nkung von gesch\u00e4ftlichen Flugreisen setzen m\u00fcssen. Aus der Umfrage geht zudem hervor, dass drei Viertel der Besch\u00e4ftigten davon \u00fcberzeugt sind, dass die Einschr\u00e4nkung gesch\u00e4ftlicher Flugreisen ma\u00dfgeblich zur Verringerung des \u00f6kologischen Fu\u00dfabdrucks von Unternehmen beitr\u00e4gt.\u00a0<\/span><\/p>\n<p><span style=\"font-weight: 400;\">Denise Auclair, Kampagnenmanagerin f\u00fcr gesch\u00e4ftliche Flugreisen bei Transport &amp; Environment, sagte: \u201e<\/span><i><span style=\"font-weight: 400;\">Die bisherigen Muster bei gesch\u00e4ftlichen Flugreisen haben sich ver\u00e4ndert, und die Besch\u00e4ftigten w\u00fcnschen sich einen neuen Status-Quo, bei dem die Unternehmen Verantwortung f\u00fcr die Reduzierung ihrer CO2-Emissionen \u00fcbernehmen. Ein echter Wandel wird aber erst\u00a0 eintreten, wenn klare Ziele und Richtlinien definiert werden, die sich mit den Erwartungen der Belegschaft decken. Dies kann auch die Attraktivit\u00e4t des Arbeitgebers steigern.<\/span><\/i><span style=\"font-weight: 400;\">\u201c<\/span><\/p>\n<p><span style=\"font-weight: 400;\">Die Umfrage zeigt ein wachsendes Bewusstsein daf\u00fcr, dass das aktuell geringe Ausma\u00df an gesch\u00e4ftlichen Flugreisen beibehalten werden muss. Von denjenigen, die angeben, derzeit oder vor der Pandemie zur Arbeit zu fliegen,<\/span><span style=\"font-weight: 400;\"> haben 62 % ihre Flugreisen eingeschr\u00e4nkt [2]. Gerade einmal 27 % geben an, genauso h\u00e4ufig zu fliegen wie noch vor der Pandemie, w\u00e4hrend 11 % h\u00e4ufiger fliegen.<\/span><\/p>\n<p><img loading=\"lazy\" decoding=\"async\" class=\"alignnone size-large wp-image-3644\" src=\"http:\/\/travelsmartcampaign.org\/wp-content\/uploads\/Global-DE-Travel-Smart-Poll-Infographics-3-1024x576.png\" alt=\"\" width=\"800\" height=\"450\" srcset=\"https:\/\/travelsmartcampaign.org\/wp-content\/uploads\/Global-DE-Travel-Smart-Poll-Infographics-3-1024x576.png 1024w, https:\/\/travelsmartcampaign.org\/wp-content\/uploads\/Global-DE-Travel-Smart-Poll-Infographics-3-300x169.png 300w, https:\/\/travelsmartcampaign.org\/wp-content\/uploads\/Global-DE-Travel-Smart-Poll-Infographics-3-768x432.png 768w, https:\/\/travelsmartcampaign.org\/wp-content\/uploads\/Global-DE-Travel-Smart-Poll-Infographics-3-1536x864.png 1536w, https:\/\/travelsmartcampaign.org\/wp-content\/uploads\/Global-DE-Travel-Smart-Poll-Infographics-3-18x10.png 18w, https:\/\/travelsmartcampaign.org\/wp-content\/uploads\/Global-DE-Travel-Smart-Poll-Infographics-3.png 1920w\" sizes=\"auto, (max-width: 800px) 100vw, 800px\" \/><\/p>\n<p><span style=\"font-weight: 400;\">Die Pandemie hat gezeigt, wie leicht Gesch\u00e4ftsreisende ihre Flugreisen einschr\u00e4nken k\u00f6nnen, indem sie auf\u00a0 klimafreundlichere Alternativen umsteigen. Auf die Frage, wie die Umweltauswirkungen von Gesch\u00e4ftsfl\u00fcgen verringert werden k\u00f6nnen, gaben die Befragten in dieser Umfrage am h\u00e4ufigsten an, dass sie Technologien f\u00fcr die virtuelle Zusammenarbeit bevorzugen (53 % der Befragten). Weniger h\u00e4ufige Fl\u00fcge (36 %) und andere Verkehrsmittel (32 %) wurden von etwa einem Drittel genannt.\u00a0<\/span><\/p>\n<p><span style=\"font-weight: 400;\">Seit der Pandemie werden mehr Meetings online abgehalten [3].<\/span><span style=\"font-weight: 400;\"> Eine gro\u00dfe Mehrheit der Gesch\u00e4ftsreisenden (72\u00a0%) ist bereit, weniger Fl\u00fcge f\u00fcr interne Pr\u00e4senztreffen in Kauf zu nehmen, um negative Umweltauswirkungen zu vermeiden. 67\u00a0% sind bereit, in verst\u00e4rktem Ma\u00dfe lokale statt globale Arbeitstreffen anzusetzen, um Langstreckenfl\u00fcge zu vermeiden.<\/span><\/p>\n<p><span style=\"font-weight: 400;\">\u201e<\/span><i><span style=\"font-weight: 400;\">Angestellte sind sich der Umweltauswirkungen von Langstreckenfl\u00fcgen bewusst und sie sind auch bereit, ihre Gesch\u00e4ftsreisen einzuschr\u00e4nken. Sie erwarten jedoch, dass Unternehmen\u00a0 mit gutem Beispiel vorangehen und sich ehrgeizige Ziele zur Reduzierung von Gesch\u00e4ftsreisen setzen. Einen g\u00fcnstigeren Zeitpunkt als jetzt, kurz vor Beginn der COP27, hat es nie gegeben. F\u00fcr Unternehmen, die vorgeben, sich f\u00fcr das Klima einsetzen zu wollen, empfiehlt es sich, als allererstes ihre Gesch\u00e4ftsreisen unter die Lupe nehmen. Sie sollten diesen Moment nutzen, um sich im Sinne einer Reduzierung ihrer Unternehmensemissionen zu einer Einschr\u00e4nkung gesch\u00e4ftlicher Flugreisen zu verpflichten, die\u00a0 unter 50% des Niveaus vor der Pandemie liegen sollte<\/span><\/i><span style=\"font-weight: 400;\">\u201c, sagte Denise Auclair abschlie\u00dfend.<\/span><\/p>\n<p style=\"text-align: center;\"><a href=\"http:\/\/travelsmartcampaign.org\/wp-content\/uploads\/Travel-Smart-Topline-101922_USPA.docx.pdf\">Die Ipsos-Ergebnisse herunterladen<\/a><\/p>\n<p><b>Hinweis an Journalisten:<\/b><\/p>\n<p><span style=\"font-weight: 400;\">[1] <\/span><span style=\"font-weight: 400;\">Die Umfrage wurde in f\u00fcnf L\u00e4ndern durchgef\u00fchrt, n\u00e4mlich in Frankreich, Deutschland, Spanien, Gro\u00dfbritannien und den USA.<\/span><\/p>\n<p><span style=\"font-weight: 400;\">[2] Die Stichprobe von Angestellten wurde weiter aufgeteilt, um ausschlie\u00dflich Gesch\u00e4ftsreisende zu ber\u00fccksichtigen. Gesch\u00e4ftsreisende in dieser Studie beziehen sich auf diejenigen, die angeben, dass sie vor dem COVID beruflich geflogen sind oder derzeit beruflich fliegen. Die Stichprobe der Gesch\u00e4ftsreisenden umfasste 1.279\u00a0Personen in den Vereinigten Staaten, Gro\u00dfbritannien, Frankreich, Deutschland und Spanien. <\/span><\/p>\n<p><span style=\"font-weight: 400;\">[3] https:\/\/www2.deloitte.com\/us\/en\/insights\/focus\/transportation\/future-of-business-travel-post-covid.html<\/span><\/p>\n<p><span style=\"font-weight: 400;\">Die Umfrage wurde von Ipsos online unter 2.506 Erwachsenen in f\u00fcnf L\u00e4ndern &#8211; USA, Gro\u00dfbritannien, Frankreich, Deutschland und Spanien &#8211; durchgef\u00fchrt. Um sich f\u00fcr die Umfrage zu qualifizieren, mussten die Befragten Vollzeit in einem Unternehmen mit mindestens 50 Mitarbeitern besch\u00e4ftigt und zwischen 18 und 74 Jahre alt sein. Die Stichprobe der Angestellten wurde weiter untergliedert, um nur Gesch\u00e4ftsreisende zu ber\u00fccksichtigen. Gesch\u00e4ftsreisende in dieser Studie beziehen sich auf diejenigen, die angeben, dass sie vor COVID beruflich geflogen sind oder derzeit beruflich fliegen. Die Stichprobe der Gesch\u00e4ftsreisenden umfasste 1279 Personen. Die Feldarbeit wurde zwischen dem 6. und 10. Oktober 2022 durchgef\u00fchrt. Die demografische Gewichtung wurde auf L\u00e4nderebene vorgenommen. Die Fehlertoleranz betr\u00e4gt plus oder minus 2,4 Prozentpunkten f\u00fcr alle Befragten. Die selber Abweichung gilt auch f\u00fcr Gesch\u00e4ftsreisende.<\/span><\/p>\n","protected":false},"excerpt":{"rendered":"<p>Drei von f\u00fcnf Gesch\u00e4ftsreisenden haben ihre Flugreisen aufgrund der Pandemie eingeschr\u00e4nkt, dus een nieuwe von Ipsos in Auftrag der \u201eTravel Smart\u201c-Kampagne doorgef\u00fchrte Umfrage. <\/p>","protected":false},"featured_media":3641,"template":"","topic":[],"visibility":[],"post-country":[29],"language":[39],"category-post-type":[28],"class_list":["post-3608","library","type-library","status-publish","has-post-thumbnail","hentry","post-country-austria","language-german","category-post-type-press-release"],"yoast_head":"<!-- This site is optimized with the Yoast SEO plugin v27.5 - https:\/\/yoast.com\/product\/yoast-seo-wordpress\/ -->\n<title>Neue Umfrage: Mehrheit der Angestellten erwartet von Unternehmensf\u00fchrung Ziele zur Reduzierung gesch\u00e4ftlicher Flugreisen - Travel Smart Campaign<\/title>\n<meta name=\"robots\" content=\"index, follow, max-snippet:-1, max-image-preview:large, max-video-preview:-1\" \/>\n<link rel=\"canonical\" href=\"https:\/\/travelsmartcampaign.org\/nl\/bibliotheek\/nieuwe-umfrage-mehrheit-der-angestellten-erwartet-von-unternehmensfuhrung-ziele-zur-reduzierung-geschaftlicher-flugreisen\/\" \/>\n<meta property=\"og:locale\" content=\"nl_NL\" \/>\n<meta property=\"og:type\" content=\"article\" \/>\n<meta property=\"og:title\" content=\"Neue Umfrage: Mehrheit der Angestellten erwartet von Unternehmensf\u00fchrung Ziele zur Reduzierung gesch\u00e4ftlicher Flugreisen - Travel Smart Campaign\" \/>\n<meta property=\"og:description\" content=\"Drei von f\u00fcnf Gesch\u00e4ftsreisenden haben ihre Flugreisen aufgrund der Pandemie eingeschr\u00e4nkt, so eine neue von Ipsos im Auftrag der \u201eTravel Smart\u201c-Kampagne durchgef\u00fchrte Umfrage.\" \/>\n<meta property=\"og:url\" content=\"https:\/\/travelsmartcampaign.org\/nl\/bibliotheek\/nieuwe-umfrage-mehrheit-der-angestellten-erwartet-von-unternehmensfuhrung-ziele-zur-reduzierung-geschaftlicher-flugreisen\/\" \/>\n<meta property=\"og:site_name\" content=\"Travel Smart Campaign\" \/>\n<meta property=\"og:image\" content=\"https:\/\/travelsmartcampaign.org\/wp-content\/uploads\/pexels-vasilis-koudas-927816-scaled.jpg\" \/>\n\t<meta property=\"og:image:width\" content=\"2560\" \/>\n\t<meta property=\"og:image:height\" content=\"1440\" \/>\n\t<meta property=\"og:image:type\" content=\"image\/jpeg\" \/>\n<meta name=\"twitter:card\" content=\"summary_large_image\" \/>\n<meta name=\"twitter:label1\" content=\"Geschatte leestijd\" \/>\n\t<meta name=\"twitter:data1\" content=\"4 minuten\" \/>\n<script type=\"application\/ld+json\" class=\"yoast-schema-graph\">{\"@context\":\"https:\\\/\\\/schema.org\",\"@graph\":[{\"@type\":\"WebPage\",\"@id\":\"https:\\\/\\\/travelsmartcampaign.org\\\/library\\\/neue-umfrage-mehrheit-der-angestellten-erwartet-von-unternehmensfuhrung-ziele-zur-reduzierung-geschaftlicher-flugreisen\\\/\",\"url\":\"https:\\\/\\\/travelsmartcampaign.org\\\/library\\\/neue-umfrage-mehrheit-der-angestellten-erwartet-von-unternehmensfuhrung-ziele-zur-reduzierung-geschaftlicher-flugreisen\\\/\",\"name\":\"Neue Umfrage: Mehrheit der Angestellten erwartet von Unternehmensf\u00fchrung Ziele zur Reduzierung gesch\u00e4ftlicher Flugreisen - Travel Smart Campaign\",\"isPartOf\":{\"@id\":\"https:\\\/\\\/travelsmartcampaign.org\\\/#website\"},\"primaryImageOfPage\":{\"@id\":\"https:\\\/\\\/travelsmartcampaign.org\\\/library\\\/neue-umfrage-mehrheit-der-angestellten-erwartet-von-unternehmensfuhrung-ziele-zur-reduzierung-geschaftlicher-flugreisen\\\/#primaryimage\"},\"image\":{\"@id\":\"https:\\\/\\\/travelsmartcampaign.org\\\/library\\\/neue-umfrage-mehrheit-der-angestellten-erwartet-von-unternehmensfuhrung-ziele-zur-reduzierung-geschaftlicher-flugreisen\\\/#primaryimage\"},\"thumbnailUrl\":\"https:\\\/\\\/travelsmartcampaign.org\\\/wp-content\\\/uploads\\\/pexels-vasilis-koudas-927816-scaled.jpg\",\"datePublished\":\"2022-11-02T23:01:38+00:00\",\"breadcrumb\":{\"@id\":\"https:\\\/\\\/travelsmartcampaign.org\\\/library\\\/neue-umfrage-mehrheit-der-angestellten-erwartet-von-unternehmensfuhrung-ziele-zur-reduzierung-geschaftlicher-flugreisen\\\/#breadcrumb\"},\"inLanguage\":\"nl-NL\",\"potentialAction\":[{\"@type\":\"ReadAction\",\"target\":[\"https:\\\/\\\/travelsmartcampaign.org\\\/library\\\/neue-umfrage-mehrheit-der-angestellten-erwartet-von-unternehmensfuhrung-ziele-zur-reduzierung-geschaftlicher-flugreisen\\\/\"]}]},{\"@type\":\"ImageObject\",\"inLanguage\":\"nl-NL\",\"@id\":\"https:\\\/\\\/travelsmartcampaign.org\\\/library\\\/neue-umfrage-mehrheit-der-angestellten-erwartet-von-unternehmensfuhrung-ziele-zur-reduzierung-geschaftlicher-flugreisen\\\/#primaryimage\",\"url\":\"https:\\\/\\\/travelsmartcampaign.org\\\/wp-content\\\/uploads\\\/pexels-vasilis-koudas-927816-scaled.jpg\",\"contentUrl\":\"https:\\\/\\\/travelsmartcampaign.org\\\/wp-content\\\/uploads\\\/pexels-vasilis-koudas-927816-scaled.jpg\",\"width\":2560,\"height\":1440},{\"@type\":\"BreadcrumbList\",\"@id\":\"https:\\\/\\\/travelsmartcampaign.org\\\/library\\\/neue-umfrage-mehrheit-der-angestellten-erwartet-von-unternehmensfuhrung-ziele-zur-reduzierung-geschaftlicher-flugreisen\\\/#breadcrumb\",\"itemListElement\":[{\"@type\":\"ListItem\",\"position\":1,\"name\":\"Home\",\"item\":\"https:\\\/\\\/travelsmartcampaign.org\\\/\"},{\"@type\":\"ListItem\",\"position\":2,\"name\":\"Neue Umfrage: Mehrheit der Angestellten erwartet von Unternehmensf\u00fchrung Ziele zur Reduzierung gesch\u00e4ftlicher Flugreisen\"}]},{\"@type\":\"WebSite\",\"@id\":\"https:\\\/\\\/travelsmartcampaign.org\\\/#website\",\"url\":\"https:\\\/\\\/travelsmartcampaign.org\\\/\",\"name\":\"Travel Smart\",\"description\":\"\",\"publisher\":{\"@id\":\"https:\\\/\\\/travelsmartcampaign.org\\\/#organization\"},\"potentialAction\":[{\"@type\":\"SearchAction\",\"target\":{\"@type\":\"EntryPoint\",\"urlTemplate\":\"https:\\\/\\\/travelsmartcampaign.org\\\/?s={search_term_string}\"},\"query-input\":{\"@type\":\"PropertyValueSpecification\",\"valueRequired\":true,\"valueName\":\"search_term_string\"}}],\"inLanguage\":\"nl-NL\"},{\"@type\":\"Organization\",\"@id\":\"https:\\\/\\\/travelsmartcampaign.org\\\/#organization\",\"name\":\"Travel Smart\",\"url\":\"https:\\\/\\\/travelsmartcampaign.org\\\/\",\"logo\":{\"@type\":\"ImageObject\",\"inLanguage\":\"nl-NL\",\"@id\":\"https:\\\/\\\/travelsmartcampaign.org\\\/#\\\/schema\\\/logo\\\/image\\\/\",\"url\":\"https:\\\/\\\/travelsmartcampaign.org\\\/wp-content\\\/uploads\\\/travel-smart-min.jpeg\",\"contentUrl\":\"https:\\\/\\\/travelsmartcampaign.org\\\/wp-content\\\/uploads\\\/travel-smart-min.jpeg\",\"width\":1200,\"height\":690,\"caption\":\"Travel Smart\"},\"image\":{\"@id\":\"https:\\\/\\\/travelsmartcampaign.org\\\/#\\\/schema\\\/logo\\\/image\\\/\"}}]}<\/script>\n<!-- \/ Yoast SEO plugin. -->","yoast_head_json":{"title":"Nieuwe enqu\u00eate: meerderheid van werknemers verwacht van bedrijfsleiding doelstellingen voor vermindering van zakenreizen per vliegtuig - Travel Smart Campaign","robots":{"index":"index","follow":"follow","max-snippet":"max-snippet:-1","max-image-preview":"max-image-preview:large","max-video-preview":"max-video-preview:-1"},"canonical":"https:\/\/travelsmartcampaign.org\/nl\/bibliotheek\/nieuwe-umfrage-mehrheit-der-angestellten-erwartet-von-unternehmensfuhrung-ziele-zur-reduzierung-geschaftlicher-flugreisen\/","og_locale":"nl_NL","og_type":"article","og_title":"Neue Umfrage: Mehrheit der Angestellten erwartet von Unternehmensf\u00fchrung Ziele zur Reduzierung gesch\u00e4ftlicher Flugreisen - Travel Smart Campaign","og_description":"Drei von f\u00fcnf Gesch\u00e4ftsreisenden haben ihre Flugreisen aufgrund der Pandemie eingeschr\u00e4nkt, so eine neue von Ipsos im Auftrag der \u201eTravel Smart\u201c-Kampagne durchgef\u00fchrte Umfrage.","og_url":"https:\/\/travelsmartcampaign.org\/nl\/bibliotheek\/nieuwe-umfrage-mehrheit-der-angestellten-erwartet-von-unternehmensfuhrung-ziele-zur-reduzierung-geschaftlicher-flugreisen\/","og_site_name":"Travel Smart Campaign","og_image":[{"width":2560,"height":1440,"url":"https:\/\/travelsmartcampaign.org\/wp-content\/uploads\/pexels-vasilis-koudas-927816-scaled.jpg","type":"image\/jpeg"}],"twitter_card":"summary_large_image","twitter_misc":{"Geschatte leestijd":"4 minuten"},"schema":{"@context":"https:\/\/schema.org","@graph":[{"@type":"WebPage","@id":"https:\/\/travelsmartcampaign.org\/library\/neue-umfrage-mehrheit-der-angestellten-erwartet-von-unternehmensfuhrung-ziele-zur-reduzierung-geschaftlicher-flugreisen\/","url":"https:\/\/travelsmartcampaign.org\/library\/neue-umfrage-mehrheit-der-angestellten-erwartet-von-unternehmensfuhrung-ziele-zur-reduzierung-geschaftlicher-flugreisen\/","name":"Nieuwe enqu\u00eate: meerderheid van werknemers verwacht van bedrijfsleiding doelstellingen voor vermindering van zakenreizen per vliegtuig - Travel Smart Campaign","isPartOf":{"@id":"https:\/\/travelsmartcampaign.org\/#website"},"primaryImageOfPage":{"@id":"https:\/\/travelsmartcampaign.org\/library\/neue-umfrage-mehrheit-der-angestellten-erwartet-von-unternehmensfuhrung-ziele-zur-reduzierung-geschaftlicher-flugreisen\/#primaryimage"},"image":{"@id":"https:\/\/travelsmartcampaign.org\/library\/neue-umfrage-mehrheit-der-angestellten-erwartet-von-unternehmensfuhrung-ziele-zur-reduzierung-geschaftlicher-flugreisen\/#primaryimage"},"thumbnailUrl":"https:\/\/travelsmartcampaign.org\/wp-content\/uploads\/pexels-vasilis-koudas-927816-scaled.jpg","datePublished":"2022-11-02T23:01:38+00:00","breadcrumb":{"@id":"https:\/\/travelsmartcampaign.org\/library\/neue-umfrage-mehrheit-der-angestellten-erwartet-von-unternehmensfuhrung-ziele-zur-reduzierung-geschaftlicher-flugreisen\/#breadcrumb"},"inLanguage":"nl-NL","potentialAction":[{"@type":"ReadAction","target":["https:\/\/travelsmartcampaign.org\/library\/neue-umfrage-mehrheit-der-angestellten-erwartet-von-unternehmensfuhrung-ziele-zur-reduzierung-geschaftlicher-flugreisen\/"]}]},{"@type":"ImageObject","inLanguage":"nl-NL","@id":"https:\/\/travelsmartcampaign.org\/library\/neue-umfrage-mehrheit-der-angestellten-erwartet-von-unternehmensfuhrung-ziele-zur-reduzierung-geschaftlicher-flugreisen\/#primaryimage","url":"https:\/\/travelsmartcampaign.org\/wp-content\/uploads\/pexels-vasilis-koudas-927816-scaled.jpg","contentUrl":"https:\/\/travelsmartcampaign.org\/wp-content\/uploads\/pexels-vasilis-koudas-927816-scaled.jpg","width":2560,"height":1440},{"@type":"BreadcrumbList","@id":"https:\/\/travelsmartcampaign.org\/library\/neue-umfrage-mehrheit-der-angestellten-erwartet-von-unternehmensfuhrung-ziele-zur-reduzierung-geschaftlicher-flugreisen\/#breadcrumb","itemListElement":[{"@type":"ListItem","position":1,"name":"Home","item":"https:\/\/travelsmartcampaign.org\/"},{"@type":"ListItem","position":2,"name":"Neue Umfrage: Mehrheit der Angestellten erwartet von Unternehmensf\u00fchrung Ziele zur Reduzierung gesch\u00e4ftlicher Flugreisen"}]},{"@type":"WebSite","@id":"https:\/\/travelsmartcampaign.org\/#website","url":"https:\/\/travelsmartcampaign.org\/","name":"Travel Smart","description":"","publisher":{"@id":"https:\/\/travelsmartcampaign.org\/#organization"},"potentialAction":[{"@type":"SearchAction","target":{"@type":"EntryPoint","urlTemplate":"https:\/\/travelsmartcampaign.org\/?s={search_term_string}"},"query-input":{"@type":"PropertyValueSpecification","valueRequired":true,"valueName":"search_term_string"}}],"inLanguage":"nl-NL"},{"@type":"Organization","@id":"https:\/\/travelsmartcampaign.org\/#organization","name":"Travel Smart","url":"https:\/\/travelsmartcampaign.org\/","logo":{"@type":"ImageObject","inLanguage":"nl-NL","@id":"https:\/\/travelsmartcampaign.org\/#\/schema\/logo\/image\/","url":"https:\/\/travelsmartcampaign.org\/wp-content\/uploads\/travel-smart-min.jpeg","contentUrl":"https:\/\/travelsmartcampaign.org\/wp-content\/uploads\/travel-smart-min.jpeg","width":1200,"height":690,"caption":"Travel Smart"},"image":{"@id":"https:\/\/travelsmartcampaign.org\/#\/schema\/logo\/image\/"}}]}},"_links":{"self":[{"href":"https:\/\/travelsmartcampaign.org\/nl\/wp-json\/wp\/v2\/library\/3608","targetHints":{"allow":["GET"]}}],"collection":[{"href":"https:\/\/travelsmartcampaign.org\/nl\/wp-json\/wp\/v2\/library"}],"about":[{"href":"https:\/\/travelsmartcampaign.org\/nl\/wp-json\/wp\/v2\/types\/library"}],"version-history":[{"count":0,"href":"https:\/\/travelsmartcampaign.org\/nl\/wp-json\/wp\/v2\/library\/3608\/revisions"}],"wp:featuredmedia":[{"embeddable":true,"href":"https:\/\/travelsmartcampaign.org\/nl\/wp-json\/wp\/v2\/media\/3641"}],"wp:attachment":[{"href":"https:\/\/travelsmartcampaign.org\/nl\/wp-json\/wp\/v2\/media?parent=3608"}],"wp:term":[{"taxonomy":"topic","embeddable":true,"href":"https:\/\/travelsmartcampaign.org\/nl\/wp-json\/wp\/v2\/topic?post=3608"},{"taxonomy":"visibility","embeddable":true,"href":"https:\/\/travelsmartcampaign.org\/nl\/wp-json\/wp\/v2\/visibility?post=3608"},{"taxonomy":"post-country","embeddable":true,"href":"https:\/\/travelsmartcampaign.org\/nl\/wp-json\/wp\/v2\/post-country?post=3608"},{"taxonomy":"language","embeddable":true,"href":"https:\/\/travelsmartcampaign.org\/nl\/wp-json\/wp\/v2\/language?post=3608"},{"taxonomy":"category-post-type","embeddable":true,"href":"https:\/\/travelsmartcampaign.org\/nl\/wp-json\/wp\/v2\/category-post-type?post=3608"}],"curies":[{"name":"wp","href":"https:\/\/api.w.org\/{rel}","templated":true}]}}