{"id":6539,"date":"2023-03-15T00:01:50","date_gmt":"2023-03-14T23:01:50","guid":{"rendered":"http:\/\/travelsmartcampaign.org\/?post_type=library&#038;p=6539"},"modified":"2023-03-15T10:26:18","modified_gmt":"2023-03-15T09:26:18","slug":"belgische-multinationals-hebben-geen-geloofwaardige-plannen-voorgesteld-met-betrekking-tot-de-vermindering-van-de-uitstoot-van-hun-vols-zaken","status":"publish","type":"library","link":"https:\/\/travelsmartcampaign.org\/nl\/library\/les-multinationales-belges-ne-proposent-pas-de-plans-credibles-relatifs-a-la-reduction-des-emissions-de-leurs-vols-daffaires\/","title":{"rendered":"De Belgische multinationals hebben geen geloofwaardige plannen voorgesteld met betrekking tot de vermindering van de emissies van hun zakenrelaties"},"content":{"rendered":"<p><strong>Een Belgische onderneming is een figuur in de tweede editie van een <a href=\"http:\/\/travelsmartcampaign.org\/nl\/ranking\/\">klassering<\/a> over de gerealiseerde zakenreizen par\u00a0<\/strong><em><b>De Travel Smart-campagne<\/b><\/em><strong>, geen fix\u00e9 van het doel van de vermindering van de emissies tijdens zakenreizen. Het grootste deel van de Belgische ondernemingen is niet opgewassen tegen de \u201condergedompelde partij van de ijsberg\u201d van de emissies \u201cniet CO<\/strong><strong>2<\/strong><strong>\u201d Associaties bij onze d\u00e9placements a\u00e9riens. Verklaringen.<\/strong><\/p>\n<p><img loading=\"lazy\" decoding=\"async\" class=\"alignnone size-large wp-image-6545\" src=\"http:\/\/travelsmartcampaign.org\/wp-content\/uploads\/Original_Infographic-2-Ranking-card-for-companies-11-1-1024x576.png\" alt=\"\" width=\"800\" height=\"450\" srcset=\"https:\/\/travelsmartcampaign.org\/wp-content\/uploads\/Original_Infographic-2-Ranking-card-for-companies-11-1-1024x576.png 1024w, https:\/\/travelsmartcampaign.org\/wp-content\/uploads\/Original_Infographic-2-Ranking-card-for-companies-11-1-300x169.png 300w, https:\/\/travelsmartcampaign.org\/wp-content\/uploads\/Original_Infographic-2-Ranking-card-for-companies-11-1-768x432.png 768w, https:\/\/travelsmartcampaign.org\/wp-content\/uploads\/Original_Infographic-2-Ranking-card-for-companies-11-1-1536x864.png 1536w, https:\/\/travelsmartcampaign.org\/wp-content\/uploads\/Original_Infographic-2-Ranking-card-for-companies-11-1-18x10.png 18w, https:\/\/travelsmartcampaign.org\/wp-content\/uploads\/Original_Infographic-2-Ranking-card-for-companies-11-1.png 1920w\" sizes=\"auto, (max-width: 800px) 100vw, 800px\" \/><\/p>\n<p>Op mondiaal niveau hebben 50 bedrijven op de 322 klassen een doelstelling om de emissies te verminderen tijdens zakenreizen. Als bedrijven een objectief doel hebben, zijn vier van de twee bedrijven die de \u201cnorm voor oren\u201d krijgen, het is het meest waarschijnlijk dat hun emissies in het luchtvervoer en de terugwerkende kracht plaatsvinden 50 % of plus, van 2025 of avant. Il s&#039;agit de Novo Nordisk (farmaceutische industrie, Denemarken), Swiss Re (financi\u00ebn, Zwitserland), Fidelity International (financi\u00ebn, Royaume-Uni) en ABN Amro (financi\u00ebn, Pays-Bas).<\/p>\n<p>Dans uw bilan \u2013 gerealiseerd voor de premi\u00e8re van \u2013 de verklaringen van de emissies \u201cniet-CO2\u201d in de zakenwereld, het klassement dat twee Belgische ondernemingen de opbrengst van hun verklaring toutes de emissies van gas naar het effect van serre associ\u00e9es aux vols d Zaken: de farmaceutische onderneming UCB en de technologische onderneming Barco NV, die een voorbeeld is van een huurder die de totale impact van de vols in zijn rapporten compteert.<\/p>\n<p>In feite is de klimaatimpact van de zakenwereld niet beperkt tot de uitstoot van CO2. En plus CO2, de vliegende deeltjes worden gevormd door gasoxiden, zuurstofoxiden en waterdamp \u2013 ook door deeltjes (stof). Ces-emissies zijn commun\u00e9ment appel\u00e9es-emissies \u00ab non CO2 \u00bb, et\u00a0<a href=\"https:\/\/www.canopea.be\/?mailpoet_router&amp;endpoint=track&amp;action=click&amp;data=WyI5NzAxIiwiNzc0NTM1IiwiNDA3IiwiNGM0OTAyZGI0ZDIyIixmYWxzZV0\" data-saferedirecturl=\"https:\/\/www.google.com\/url?q=https:\/\/www.canopea.be?mailpoet_router%26endpoint%3Dtrack%26action%3Dclick%26data%3DWyI5NzAxIiwiNzc0NTM1IiwiNDA3IiwiNGM0OTAyZGI0ZDIyIixmYWxzZV0&amp;source=gmail&amp;ust=1678876078942000&amp;usg=AOvVaw1D-kn5JxnJV3LPfFciBtqA\">op tijd<\/a>\u00a0ze zijn verantwoordelijk voor de twee niveaus van het totale klimatologische klimaat van de vols. Terwijl veel bedrijven de totale impact van hun zakenrelaties weerspiegelen met betrekking tot de effecten \u201cniet-CO2\u201d.<\/p>\n<p>Marie Spaey, missieverantwoordelijke voor toerisme chez\u00a0<a href=\"https:\/\/www.canopea.be\/?mailpoet_router&amp;endpoint=track&amp;action=click&amp;data=WyI5NzAxIiwiNzc0NTM1IiwiNDA3IiwiZThmMDkyYzRlYTI2IixmYWxzZV0\" target=\"_blank\" rel=\"noopener\" data-saferedirecturl=\"https:\/\/www.google.com\/url?q=https:\/\/www.canopea.be?mailpoet_router%26endpoint%3Dtrack%26action%3Dclick%26data%3DWyI5NzAxIiwiNzc0NTM1IiwiNDA3IiwiZThmMDkyYzRlYTI2IixmYWxzZV0&amp;source=gmail&amp;ust=1678876078942000&amp;usg=AOvVaw2AqvLip28ijPGYxXA4ypvj\">Canopea<\/a>, verklaren : &quot;<em>De emissierechten voor zakenreizen zijn zoveel mogelijk verantwoordelijk voor een groot deel van de impact op het klimaat van een onderneming. In mindere mate kunnen de ondernemingen vooruitgang boeken in het licht van het klimaatdegradatie. Aan de andere kant, de meeste bedrijven zullen niet een nauwkeurige kennis krijgen van de impact op het klimaat van hun zakenreizen. Seulques leiders die zich bezighouden met de wetenschap en de emissies verklaren die CO<\/em><em>2<\/em><em>\u00a0\u2013 het ondergedompelde deel van de ijsberg met de totale impact van de luchtvaart op het klimaat.<\/em>\u201d<\/p>\n<p>Volkswagen, KPMG en Johnson &amp; Johnson zijn de drie belangrijkste klassementeurs\u00a0<em>Travel Smart<\/em>Er kunnen geen vaste doelstellingen voor de vermindering van de emissies tijdens zakenreizen worden vastgesteld. Als u de analyse uitvoert, is het mogelijk dat u uw doelstellingen moet fixen, omdat de taille-ondernemingen en de vergelijkbare sector dezelfde informatie hebben als Deloitte en AstraZeneca.<\/p>\n<p><a href=\"http:\/\/travelsmartcampaign.org\/nl\/bibliotheek\/slimme-reisbriefing-2023\/\">De etude<\/a> waar 10 % van de ondernemingen \u2013 de plus grote klassementeurs \u2013 de doelstellingen van de reductie van 50 % vastlegt, met een eerlijke kans op scheikunde voor het bereiken van het mondiale doel van -50 % voor de uitstoot van minder grote reizen affaires in avion d&#039;ici 2025. De vermindering van de emissies van de luchtvaart is normaal, plus van cruciaal belang dat het klimaat op 1,5\u00b0C wordt beperkt.<\/p>\n<p>Voor de d\u00e9cennie die sinds 2030 bestaat, kunnen de meeste emissies van de luchtvaart worden teruggedrongen, terwijl de auto-uitstoot van duurzame brandstoffen en de luchtvaart nul procent van de emissies is actueel \u00bb vanaf april 2030 is het duidelijk dat de compensatie niet kan worden vervangen door de vermindering van de emissies.<\/p>\n<p>De campagne\u00a0<em>Travel Smart<\/em>\u00a0nodig bedrijven uit om hun ambitieuze doelstellingen op te lossen voor het terugdringen van de emissies van zakenreizen, om de vlucht van de trein zo mogelijk te vervangen en om de videoconferentie te bevoorrechten voor het vervangen van veel lange koeriers.<\/p>\n<p>Marie Spaey conclusie: \u00ab <em>Een politiek van duurzame goederenreizen, die de belangen van de bondgenootschappen en de nabijheid van de nabije re\u00fcnie serieus neemt, is aanwezig\u00a0<a href=\"https:\/\/www.canopea.be\/?mailpoet_router&amp;endpoint=track&amp;action=click&amp;data=WyI5NzAxIiwiNzc0NTM1IiwiNDA3IiwiODQ3ZDE5MDJjYTc3IixmYWxzZV0\" data-saferedirecturl=\"https:\/\/www.google.com\/url?q=https:\/\/www.canopea.be?mailpoet_router%26endpoint%3Dtrack%26action%3Dclick%26data%3DWyI5NzAxIiwiNzc0NTM1IiwiNDA3IiwiODQ3ZDE5MDJjYTc3IixmYWxzZV0&amp;source=gmail&amp;ust=1678876078942000&amp;usg=AOvVaw0l50lRnppMDJhXeyc3bndt\">Er zijn veel voordelen voor een onderneming<\/a>\u00a0: niet een ondernemer en fabel zijn, maar een winst in tijd, voordeel en een vermindering van de kosten<\/em>\u00a0\u00bb.<\/p>\n<p><strong>Een voorstel van de campagne <\/strong><em><strong>Travel Smart<\/strong><\/em><strong>\u00a0en klassement:<\/strong>\u00a0<a href=\"https:\/\/www.canopea.be\/?mailpoet_router&amp;endpoint=track&amp;action=click&amp;data=WyI5NzAxIiwiNzc0NTM1IiwiNDA3IiwiOGVjZjJjYmI3MmQyIixmYWxzZV0\" data-saferedirecturl=\"https:\/\/www.google.com\/url?q=https:\/\/www.canopea.be?mailpoet_router%26endpoint%3Dtrack%26action%3Dclick%26data%3DWyI5NzAxIiwiNzc0NTM1IiwiNDA3IiwiOGVjZjJjYmI3MmQyIixmYWxzZV0&amp;source=gmail&amp;ust=1678876078942000&amp;usg=AOvVaw0L_CWmQa5HJUbFMBbkB7J_\">Transport &amp; Environment<\/a>, in samenwerking met een coalitie van partners op het internationale plan, lanceerde de campagne Travel Smart in 2022 met de jaarlijkse editie van een klassement van ondernemingen over de praktijk van duurzame goederen op het gebied van zakenreizen. Tijdens de campagnes voor ondernemers is het doel de emissies van zakenreizen van 50 % of meer, in 2025 of meer, te verminderen, afhankelijk van het eerdere niveau van de crisis van Covid.<\/p>\n<p>Le\u00a0<em>Travel Smart Ranglijst<\/em>\u00a0Classe 322 Amerikaanse, Europese en indieningsbedrijven zijn actief in de functie van 10 indicaties van de emissies van de luchtreizen, van de doelstellingen van het verminderen van de emissies en van de rapportage. Op 17-jarige leeftijd betalen de ondernemingen niet het personeel en zijn ze verantwoordelijk voor een belangrijk deel van de zakenreizen in de wereld. De analyse bracht een aantal belangrijke inspanningen met zich mee die bepaalde internationale ondernemingen ertoe aanzetten toestemming te geven om de emissies van hun zakenreizen te beperken. De ondernemingen kunnen een noot van A, B, C of D toeschrijven. Dans de oude editie, 11 ondernemingen krijgen de noot A, 3 de noot B, en tegelijkertijd is de meerderheid (212) een noot C en 6 ondernemingen zijn op de hoogte van de naam van hun naam.<\/p>\n<p>Voor het versnellen van de transitie in zakenreizen neemt Canopea deel aan de ontwikkeling van een coalitie voor de duurzame zakenreizen in Belgi\u00eb, een vereniging van vooruitstrevende organisaties die de impact op het milieu en het klimaat tot een minimum willen beperken zakenreizen. Feitelijk zijn de organisaties die zich bezighouden met deze coalitie van universiteiten of hogescholen, voorbeelden van voorbeelden en kunnen ze bedrijven inspireren bij bepaalde praktijken. De federaties van ondernemingen of reisbureaus spelen een rol die u op uw lijf geschreven is. De Belgian Travel Confederation (federatie van alle Belgische verenigingen die actief zijn in de sector van de reis), bijvoorbeeld, vindt het belangrijk om reisagentschappen te begeleiden om de praktijk steeds progressiever te maken voor een betere prijs voor het klimaat en de Het milieu van de zakenreizen.<\/p>\n<table style=\"font-weight: 400;\" width=\"100%\">\n<tbody>\n<tr>\n<td><\/td>\n<\/tr>\n<\/tbody>\n<\/table>","protected":false},"excerpt":{"rendered":"<p>Aucune entreprise belge figurant dans la deuxi\u00e8me \u00e9dition d'un classement sur les voyages d'affaires r\u00e9alis\u00e9 par The Travel Smart Campaign, n'a fix\u00e9 d'objectif de r\u00e9duction de ses \u00e9missions li\u00e9es aux voyages d'affaires.<\/p>","protected":false},"featured_media":3318,"template":"","topic":[],"visibility":[],"post-country":[30],"language":[38],"category-post-type":[28],"class_list":["post-6539","library","type-library","status-publish","has-post-thumbnail","hentry","post-country-belgium","language-french","category-post-type-press-release"],"yoast_head":"<!-- This site is optimized with the Yoast SEO plugin v27.5 - https:\/\/yoast.com\/product\/yoast-seo-wordpress\/ -->\n<title>Les multinationales belges ne proposent pas de plans cr\u00e9dibles relatifs \u00e0 la r\u00e9duction des \u00e9missions de leurs vols d&#039;affaires - Travel Smart Campaign<\/title>\n<meta name=\"robots\" content=\"index, follow, max-snippet:-1, max-image-preview:large, max-video-preview:-1\" \/>\n<link rel=\"canonical\" href=\"https:\/\/travelsmartcampaign.org\/nl\/bibliotheek\/belgische-multinationals-hebben-geen-geloofwaardige-plannen-voorgesteld-met-betrekking-tot-de-vermindering-van-de-uitstoot-van-hun-vols-zaken\/\" \/>\n<meta property=\"og:locale\" content=\"nl_NL\" \/>\n<meta property=\"og:type\" content=\"article\" \/>\n<meta property=\"og:title\" content=\"Les multinationales belges ne proposent pas de plans cr\u00e9dibles relatifs \u00e0 la r\u00e9duction des \u00e9missions de leurs vols d&#039;affaires - Travel Smart Campaign\" \/>\n<meta property=\"og:description\" content=\"Aucune entreprise belge figurant dans la deuxi\u00e8me \u00e9dition d&#039;un classement sur les voyages d&#039;affaires r\u00e9alis\u00e9 par The Travel Smart Campaign, n&#039;a fix\u00e9 d&#039;objectif de r\u00e9duction de ses \u00e9missions li\u00e9es aux voyages d&#039;affaires.\" \/>\n<meta property=\"og:url\" content=\"https:\/\/travelsmartcampaign.org\/nl\/bibliotheek\/belgische-multinationals-hebben-geen-geloofwaardige-plannen-voorgesteld-met-betrekking-tot-de-vermindering-van-de-uitstoot-van-hun-vols-zaken\/\" \/>\n<meta property=\"og:site_name\" content=\"Travel Smart Campaign\" \/>\n<meta property=\"article:modified_time\" content=\"2023-03-15T09:26:18+00:00\" \/>\n<meta property=\"og:image\" content=\"https:\/\/travelsmartcampaign.org\/wp-content\/uploads\/airplane-at-the-airport-scaled.jpg\" \/>\n\t<meta property=\"og:image:width\" content=\"2560\" \/>\n\t<meta property=\"og:image:height\" content=\"1707\" \/>\n\t<meta property=\"og:image:type\" content=\"image\/jpeg\" \/>\n<meta name=\"twitter:card\" content=\"summary_large_image\" \/>\n<meta name=\"twitter:label1\" content=\"Geschatte leestijd\" \/>\n\t<meta name=\"twitter:data1\" content=\"5 minuten\" \/>\n<script type=\"application\/ld+json\" class=\"yoast-schema-graph\">{\"@context\":\"https:\\\/\\\/schema.org\",\"@graph\":[{\"@type\":\"WebPage\",\"@id\":\"https:\\\/\\\/travelsmartcampaign.org\\\/nl\\\/bibliotheek\\\/belgische-multinationals-hebben-geen-geloofwaardige-plannen-voorgesteld-met-betrekking-tot-de-vermindering-van-de-uitstoot-van-hun-vols-zaken\\\/\",\"url\":\"https:\\\/\\\/travelsmartcampaign.org\\\/nl\\\/bibliotheek\\\/belgische-multinationals-hebben-geen-geloofwaardige-plannen-voorgesteld-met-betrekking-tot-de-vermindering-van-de-uitstoot-van-hun-vols-zaken\\\/\",\"name\":\"Les multinationales belges ne proposent pas de plans cr\u00e9dibles relatifs \u00e0 la r\u00e9duction des \u00e9missions de leurs vols d'affaires - Travel Smart Campaign\",\"isPartOf\":{\"@id\":\"https:\\\/\\\/travelsmartcampaign.org\\\/#website\"},\"primaryImageOfPage\":{\"@id\":\"https:\\\/\\\/travelsmartcampaign.org\\\/nl\\\/bibliotheek\\\/belgische-multinationals-hebben-geen-geloofwaardige-plannen-voorgesteld-met-betrekking-tot-de-vermindering-van-de-uitstoot-van-hun-vols-zaken\\\/#primaryimage\"},\"image\":{\"@id\":\"https:\\\/\\\/travelsmartcampaign.org\\\/nl\\\/bibliotheek\\\/belgische-multinationals-hebben-geen-geloofwaardige-plannen-voorgesteld-met-betrekking-tot-de-vermindering-van-de-uitstoot-van-hun-vols-zaken\\\/#primaryimage\"},\"thumbnailUrl\":\"https:\\\/\\\/travelsmartcampaign.org\\\/wp-content\\\/uploads\\\/airplane-at-the-airport-scaled.jpg\",\"datePublished\":\"2023-03-14T23:01:50+00:00\",\"dateModified\":\"2023-03-15T09:26:18+00:00\",\"breadcrumb\":{\"@id\":\"https:\\\/\\\/travelsmartcampaign.org\\\/nl\\\/bibliotheek\\\/belgische-multinationals-hebben-geen-geloofwaardige-plannen-voorgesteld-met-betrekking-tot-de-vermindering-van-de-uitstoot-van-hun-vols-zaken\\\/#breadcrumb\"},\"inLanguage\":\"nl-NL\",\"potentialAction\":[{\"@type\":\"ReadAction\",\"target\":[\"https:\\\/\\\/travelsmartcampaign.org\\\/nl\\\/bibliotheek\\\/belgische-multinationals-hebben-geen-geloofwaardige-plannen-voorgesteld-met-betrekking-tot-de-vermindering-van-de-uitstoot-van-hun-vols-zaken\\\/\"]}]},{\"@type\":\"ImageObject\",\"inLanguage\":\"nl-NL\",\"@id\":\"https:\\\/\\\/travelsmartcampaign.org\\\/nl\\\/bibliotheek\\\/belgische-multinationals-hebben-geen-geloofwaardige-plannen-voorgesteld-met-betrekking-tot-de-vermindering-van-de-uitstoot-van-hun-vols-zaken\\\/#primaryimage\",\"url\":\"https:\\\/\\\/travelsmartcampaign.org\\\/wp-content\\\/uploads\\\/airplane-at-the-airport-scaled.jpg\",\"contentUrl\":\"https:\\\/\\\/travelsmartcampaign.org\\\/wp-content\\\/uploads\\\/airplane-at-the-airport-scaled.jpg\",\"width\":2560,\"height\":1707,\"caption\":\"Airplane at the airport\"},{\"@type\":\"BreadcrumbList\",\"@id\":\"https:\\\/\\\/travelsmartcampaign.org\\\/nl\\\/bibliotheek\\\/belgische-multinationals-hebben-geen-geloofwaardige-plannen-voorgesteld-met-betrekking-tot-de-vermindering-van-de-uitstoot-van-hun-vols-zaken\\\/#breadcrumb\",\"itemListElement\":[{\"@type\":\"ListItem\",\"position\":1,\"name\":\"Home\",\"item\":\"https:\\\/\\\/travelsmartcampaign.org\\\/\"},{\"@type\":\"ListItem\",\"position\":2,\"name\":\"Les multinationales belges ne proposent pas de plans cr\u00e9dibles relatifs \u00e0 la r\u00e9duction des \u00e9missions de leurs vols d&#8217;affaires\"}]},{\"@type\":\"WebSite\",\"@id\":\"https:\\\/\\\/travelsmartcampaign.org\\\/#website\",\"url\":\"https:\\\/\\\/travelsmartcampaign.org\\\/\",\"name\":\"Travel Smart\",\"description\":\"\",\"publisher\":{\"@id\":\"https:\\\/\\\/travelsmartcampaign.org\\\/#organization\"},\"potentialAction\":[{\"@type\":\"SearchAction\",\"target\":{\"@type\":\"EntryPoint\",\"urlTemplate\":\"https:\\\/\\\/travelsmartcampaign.org\\\/?s={search_term_string}\"},\"query-input\":{\"@type\":\"PropertyValueSpecification\",\"valueRequired\":true,\"valueName\":\"search_term_string\"}}],\"inLanguage\":\"nl-NL\"},{\"@type\":\"Organization\",\"@id\":\"https:\\\/\\\/travelsmartcampaign.org\\\/#organization\",\"name\":\"Travel Smart\",\"url\":\"https:\\\/\\\/travelsmartcampaign.org\\\/\",\"logo\":{\"@type\":\"ImageObject\",\"inLanguage\":\"nl-NL\",\"@id\":\"https:\\\/\\\/travelsmartcampaign.org\\\/#\\\/schema\\\/logo\\\/image\\\/\",\"url\":\"https:\\\/\\\/travelsmartcampaign.org\\\/wp-content\\\/uploads\\\/travel-smart-min.jpeg\",\"contentUrl\":\"https:\\\/\\\/travelsmartcampaign.org\\\/wp-content\\\/uploads\\\/travel-smart-min.jpeg\",\"width\":1200,\"height\":690,\"caption\":\"Travel Smart\"},\"image\":{\"@id\":\"https:\\\/\\\/travelsmartcampaign.org\\\/#\\\/schema\\\/logo\\\/image\\\/\"}}]}<\/script>\n<!-- \/ Yoast SEO plugin. -->","yoast_head_json":{"title":"Belgische multinationals stellen geen geloofwaardige plannen voor om de uitstoot van hun zakenvluchten te verminderen - Travel Smart Campaign","robots":{"index":"index","follow":"follow","max-snippet":"max-snippet:-1","max-image-preview":"max-image-preview:large","max-video-preview":"max-video-preview:-1"},"canonical":"https:\/\/travelsmartcampaign.org\/nl\/bibliotheek\/belgische-multinationals-hebben-geen-geloofwaardige-plannen-voorgesteld-met-betrekking-tot-de-vermindering-van-de-uitstoot-van-hun-vols-zaken\/","og_locale":"nl_NL","og_type":"article","og_title":"Les multinationales belges ne proposent pas de plans cr\u00e9dibles relatifs \u00e0 la r\u00e9duction des \u00e9missions de leurs vols d'affaires - Travel Smart Campaign","og_description":"Aucune entreprise belge figurant dans la deuxi\u00e8me \u00e9dition d'un classement sur les voyages d'affaires r\u00e9alis\u00e9 par The Travel Smart Campaign, n'a fix\u00e9 d'objectif de r\u00e9duction de ses \u00e9missions li\u00e9es aux voyages d'affaires.","og_url":"https:\/\/travelsmartcampaign.org\/nl\/bibliotheek\/belgische-multinationals-hebben-geen-geloofwaardige-plannen-voorgesteld-met-betrekking-tot-de-vermindering-van-de-uitstoot-van-hun-vols-zaken\/","og_site_name":"Travel Smart Campaign","article_modified_time":"2023-03-15T09:26:18+00:00","og_image":[{"width":2560,"height":1707,"url":"https:\/\/travelsmartcampaign.org\/wp-content\/uploads\/airplane-at-the-airport-scaled.jpg","type":"image\/jpeg"}],"twitter_card":"summary_large_image","twitter_misc":{"Geschatte leestijd":"5 minuten"},"schema":{"@context":"https:\/\/schema.org","@graph":[{"@type":"WebPage","@id":"https:\/\/travelsmartcampaign.org\/nl\/bibliotheek\/belgische-multinationals-hebben-geen-geloofwaardige-plannen-voorgesteld-met-betrekking-tot-de-vermindering-van-de-uitstoot-van-hun-vols-zaken\/","url":"https:\/\/travelsmartcampaign.org\/nl\/bibliotheek\/belgische-multinationals-hebben-geen-geloofwaardige-plannen-voorgesteld-met-betrekking-tot-de-vermindering-van-de-uitstoot-van-hun-vols-zaken\/","name":"Belgische multinationals stellen geen geloofwaardige plannen voor om de uitstoot van hun zakenvluchten te verminderen - Travel Smart Campaign","isPartOf":{"@id":"https:\/\/travelsmartcampaign.org\/#website"},"primaryImageOfPage":{"@id":"https:\/\/travelsmartcampaign.org\/nl\/bibliotheek\/belgische-multinationals-hebben-geen-geloofwaardige-plannen-voorgesteld-met-betrekking-tot-de-vermindering-van-de-uitstoot-van-hun-vols-zaken\/#primaryimage"},"image":{"@id":"https:\/\/travelsmartcampaign.org\/nl\/bibliotheek\/belgische-multinationals-hebben-geen-geloofwaardige-plannen-voorgesteld-met-betrekking-tot-de-vermindering-van-de-uitstoot-van-hun-vols-zaken\/#primaryimage"},"thumbnailUrl":"https:\/\/travelsmartcampaign.org\/wp-content\/uploads\/airplane-at-the-airport-scaled.jpg","datePublished":"2023-03-14T23:01:50+00:00","dateModified":"2023-03-15T09:26:18+00:00","breadcrumb":{"@id":"https:\/\/travelsmartcampaign.org\/nl\/bibliotheek\/belgische-multinationals-hebben-geen-geloofwaardige-plannen-voorgesteld-met-betrekking-tot-de-vermindering-van-de-uitstoot-van-hun-vols-zaken\/#breadcrumb"},"inLanguage":"nl-NL","potentialAction":[{"@type":"ReadAction","target":["https:\/\/travelsmartcampaign.org\/nl\/bibliotheek\/belgische-multinationals-hebben-geen-geloofwaardige-plannen-voorgesteld-met-betrekking-tot-de-vermindering-van-de-uitstoot-van-hun-vols-zaken\/"]}]},{"@type":"ImageObject","inLanguage":"nl-NL","@id":"https:\/\/travelsmartcampaign.org\/nl\/bibliotheek\/belgische-multinationals-hebben-geen-geloofwaardige-plannen-voorgesteld-met-betrekking-tot-de-vermindering-van-de-uitstoot-van-hun-vols-zaken\/#primaryimage","url":"https:\/\/travelsmartcampaign.org\/wp-content\/uploads\/airplane-at-the-airport-scaled.jpg","contentUrl":"https:\/\/travelsmartcampaign.org\/wp-content\/uploads\/airplane-at-the-airport-scaled.jpg","width":2560,"height":1707,"caption":"Airplane at the airport"},{"@type":"BreadcrumbList","@id":"https:\/\/travelsmartcampaign.org\/nl\/bibliotheek\/belgische-multinationals-hebben-geen-geloofwaardige-plannen-voorgesteld-met-betrekking-tot-de-vermindering-van-de-uitstoot-van-hun-vols-zaken\/#breadcrumb","itemListElement":[{"@type":"ListItem","position":1,"name":"Home","item":"https:\/\/travelsmartcampaign.org\/"},{"@type":"ListItem","position":2,"name":"Les multinationales belges ne proposent pas de plans cr\u00e9dibles relatifs \u00e0 la r\u00e9duction des \u00e9missions de leurs vols d&#8217;affaires"}]},{"@type":"WebSite","@id":"https:\/\/travelsmartcampaign.org\/#website","url":"https:\/\/travelsmartcampaign.org\/","name":"Travel Smart","description":"","publisher":{"@id":"https:\/\/travelsmartcampaign.org\/#organization"},"potentialAction":[{"@type":"SearchAction","target":{"@type":"EntryPoint","urlTemplate":"https:\/\/travelsmartcampaign.org\/?s={search_term_string}"},"query-input":{"@type":"PropertyValueSpecification","valueRequired":true,"valueName":"search_term_string"}}],"inLanguage":"nl-NL"},{"@type":"Organization","@id":"https:\/\/travelsmartcampaign.org\/#organization","name":"Travel Smart","url":"https:\/\/travelsmartcampaign.org\/","logo":{"@type":"ImageObject","inLanguage":"nl-NL","@id":"https:\/\/travelsmartcampaign.org\/#\/schema\/logo\/image\/","url":"https:\/\/travelsmartcampaign.org\/wp-content\/uploads\/travel-smart-min.jpeg","contentUrl":"https:\/\/travelsmartcampaign.org\/wp-content\/uploads\/travel-smart-min.jpeg","width":1200,"height":690,"caption":"Travel Smart"},"image":{"@id":"https:\/\/travelsmartcampaign.org\/#\/schema\/logo\/image\/"}}]}},"_links":{"self":[{"href":"https:\/\/travelsmartcampaign.org\/nl\/wp-json\/wp\/v2\/library\/6539","targetHints":{"allow":["GET"]}}],"collection":[{"href":"https:\/\/travelsmartcampaign.org\/nl\/wp-json\/wp\/v2\/library"}],"about":[{"href":"https:\/\/travelsmartcampaign.org\/nl\/wp-json\/wp\/v2\/types\/library"}],"version-history":[{"count":0,"href":"https:\/\/travelsmartcampaign.org\/nl\/wp-json\/wp\/v2\/library\/6539\/revisions"}],"wp:featuredmedia":[{"embeddable":true,"href":"https:\/\/travelsmartcampaign.org\/nl\/wp-json\/wp\/v2\/media\/3318"}],"wp:attachment":[{"href":"https:\/\/travelsmartcampaign.org\/nl\/wp-json\/wp\/v2\/media?parent=6539"}],"wp:term":[{"taxonomy":"topic","embeddable":true,"href":"https:\/\/travelsmartcampaign.org\/nl\/wp-json\/wp\/v2\/topic?post=6539"},{"taxonomy":"visibility","embeddable":true,"href":"https:\/\/travelsmartcampaign.org\/nl\/wp-json\/wp\/v2\/visibility?post=6539"},{"taxonomy":"post-country","embeddable":true,"href":"https:\/\/travelsmartcampaign.org\/nl\/wp-json\/wp\/v2\/post-country?post=6539"},{"taxonomy":"language","embeddable":true,"href":"https:\/\/travelsmartcampaign.org\/nl\/wp-json\/wp\/v2\/language?post=6539"},{"taxonomy":"category-post-type","embeddable":true,"href":"https:\/\/travelsmartcampaign.org\/nl\/wp-json\/wp\/v2\/category-post-type?post=6539"}],"curies":[{"name":"wp","href":"https:\/\/api.w.org\/{rel}","templated":true}]}}