{"id":14526,"date":"2024-07-29T00:01:39","date_gmt":"2024-07-28T23:01:39","guid":{"rendered":"http:\/\/travelsmartcampaign.org\/?post_type=library&#038;p=14526"},"modified":"2026-01-07T12:29:06","modified_gmt":"2026-01-07T11:29:06","slug":"firmy-wzywaja-komisje-europejska-i-parlament-europejski-do-poprawy-standardow-rozliczania-emisji-z-podrozy-sluzbowych-i-skutkow-innych-niz-co2-w-lotnictwie","status":"publish","type":"library","link":"https:\/\/travelsmartcampaign.org\/pl\/library\/companies-call-on-the-european-commission-and-european-parliament-to-improve-standards-for-business-travel-emissions-accounting-and-aviation-non-co2-effects\/","title":{"rendered":"Firmy wzywaj\u0105 Komisj\u0119 Europejsk\u0105 i Parlament Europejski do poprawy standard\u00f3w rozliczania emisji z podr\u00f3\u017cy s\u0142u\u017cbowych i skutk\u00f3w innych ni\u017c CO2 w lotnictwie"},"content":{"rendered":"<p><span style=\"font-weight: 400;\">Podwa\u017ca si\u0119 nowy schemat monitorowania UE, kt\u00f3ry ma dostarcza\u0107 dok\u0142adniejszych danych na temat emisji innych ni\u017c CO2. Zamiast monitorowania emisji innych ni\u017c CO2 dla wszystkich lot\u00f3w odlatuj\u0105cych z Europy, pod uwag\u0119 b\u0119d\u0105 brane tylko loty w obr\u0119bie Europejskiego Obszaru Gospodarczego (EOG). Przedsi\u0119biorstwa i spo\u0142ecze\u0144stwo obywatelskie wzywaj\u0105 Komisj\u0119 Europejsk\u0105 do zapewnienia pe\u0142nego zakresu geograficznego dla schematu, aby pom\u00f3c dok\u0142adnie uwzgl\u0119dni\u0107 pe\u0142ny wp\u0142yw lot\u00f3w w celu wsparcia wysi\u0142k\u00f3w na rzecz zmniejszenia emisji z podr\u00f3\u017cy.<\/span><\/p>\n<p><span style=\"font-weight: 400;\">Wiele du\u017cych firm zobowi\u0105za\u0142o si\u0119 do \u0142agodzenia skutk\u00f3w zmian klimatu, dlatego raportuj\u0105 i ograniczaj\u0105 og\u00f3lne emisje, a tak\u017ce te zwi\u0105zane z podr\u00f3\u017cami s\u0142u\u017cbowymi, w tym wymuszanie radiacyjne.<\/span><\/p>\n<p><span style=\"font-weight: 400;\">Aby pom\u00f3c im osi\u0105gn\u0105\u0107 ten cel, potrzebuj\u0105 Komisji Europejskiej, kt\u00f3ra zapewni <\/span><span style=\"font-weight: 400;\">r\u00f3wne warunki dzia\u0142ania, z ujednoliconymi standardami i metodami dotycz\u0105cymi podr\u00f3\u017cy s\u0142u\u017cbowych, aby przyczyni\u0107 si\u0119 do promowania podr\u00f3\u017cy bezemisyjnych w Europie.<\/span><span style=\"font-weight: 400;\"> Ograniczenie emisji pochodz\u0105cych z podr\u00f3\u017cy s\u0142u\u017cbowych nie b\u0119dzie mo\u017cliwe bez poprawy standard\u00f3w rozliczania zmian klimatycznych.<\/span><\/p>\n<p><span style=\"font-weight: 400;\">Jedn\u0105 z barier, z jakimi borykaj\u0105 si\u0119 firmy <\/span><span style=\"font-weight: 400;\">trudno\u015b\u0107 w pe\u0142nym \u015bledzeniu emisji i wp\u0142ywu na klimat wynika z mnogo\u015bci obecnych metodologii<\/span><span style=\"font-weight: 400;\">. Chc\u0105 by\u0107 w stanie dok\u0142adniej raportowa\u0107 emisje zwi\u0105zane z podr\u00f3\u017cami, ale brakuje lepszych wskaz\u00f3wek. Ramy monitorowania, raportowania i weryfikacji (MRV) unijnego systemu handlu emisjami (ETS) powinny pom\u00f3c przedsi\u0119biorstwom \u0142atwiej rozlicza\u0107 pe\u0142ny wp\u0142yw podr\u00f3\u017cy na klimat, poprzez uwzgl\u0119dnienie kompleksowych standard\u00f3w raportowania dla skutk\u00f3w lotnictwa innych ni\u017c emisja CO2. UE powinna zapewni\u0107 pe\u0142ny zakres geograficzny raportowania emisji innych ni\u017c emisja CO2 ze wszystkich lot\u00f3w przylatuj\u0105cych i odlatuj\u0105cych z UE, aby dostosowa\u0107 si\u0119 do globalnego charakteru podr\u00f3\u017cy s\u0142u\u017cbowych i sprawozdawczo\u015bci w zakresie zr\u00f3wnowa\u017conego rozwoju przedsi\u0119biorstw.<\/span><\/p>\n<p><span style=\"font-weight: 400;\">Dlatego te\u017c sygnatariusze listu wzywaj\u0105 Komisj\u0119 Europejsk\u0105 do zagwarantowania pe\u0142nego zakresu geograficznego programu, co pomo\u017ce dok\u0142adnie uwzgl\u0119dni\u0107 ca\u0142kowity wp\u0142yw lot\u00f3w i w ten spos\u00f3b wesprze\u0107 dzia\u0142ania na rzecz ograniczenia emisji zwi\u0105zanych z podr\u00f3\u017cami.<\/span><\/p>","protected":false},"excerpt":{"rendered":"<p>A new EU monitoring scheme to provide more accurate data on non-CO2 emissions is being put into question. Rather than monitoring non-CO2 on all flights departing Europe, only flights within the European Economic Area (EEA) will be taken into account. Companies and civil society call on the European Commission to ensure a full geographic scope [&hellip;]<\/p>\n","protected":false},"featured_media":14528,"template":"","topic":[204,251,183],"visibility":[],"post-country":[202],"language":[27],"category-post-type":[166],"class_list":["post-14526","library","type-library","status-publish","has-post-thumbnail","hentry","topic-european-union","topic-long-haul-flight","topic-non-co2","post-country-european-union","language-english","category-post-type-letter"],"yoast_head":"<!-- This site is optimized with the Yoast SEO plugin v27.5 - https:\/\/yoast.com\/product\/yoast-seo-wordpress\/ -->\n<title>Companies call on the European Commission and European Parliament to improve standards for business travel emissions accounting and aviation non-CO2 effects - Travel Smart Campaign<\/title>\n<meta name=\"robots\" content=\"index, follow, max-snippet:-1, max-image-preview:large, max-video-preview:-1\" \/>\n<link rel=\"canonical\" href=\"https:\/\/travelsmartcampaign.org\/pl\/biblioteka\/firmy-wzywaja-komisje-europejska-i-parlament-europejski-do-poprawy-standardow-rozliczania-emisji-z-podrozy-sluzbowych-i-skutkow-innych-niz-co2-w-lotnictwie\/\" \/>\n<meta property=\"og:locale\" content=\"pl_PL\" \/>\n<meta property=\"og:type\" content=\"article\" \/>\n<meta property=\"og:title\" content=\"Companies call on the European Commission and European Parliament to improve standards for business travel emissions accounting and aviation non-CO2 effects - Travel Smart Campaign\" \/>\n<meta property=\"og:description\" content=\"A new EU monitoring scheme to provide more accurate data on non-CO2 emissions is being put into question. Rather than monitoring non-CO2 on all flights departing Europe, only flights within the European Economic Area (EEA) will be taken into account. Companies and civil society call on the European Commission to ensure a full geographic scope [&hellip;]\" \/>\n<meta property=\"og:url\" content=\"https:\/\/travelsmartcampaign.org\/pl\/biblioteka\/firmy-wzywaja-komisje-europejska-i-parlament-europejski-do-poprawy-standardow-rozliczania-emisji-z-podrozy-sluzbowych-i-skutkow-innych-niz-co2-w-lotnictwie\/\" \/>\n<meta property=\"og:site_name\" content=\"Travel Smart Campaign\" \/>\n<meta property=\"article:modified_time\" content=\"2026-01-07T11:29:06+00:00\" \/>\n<meta property=\"og:image\" content=\"https:\/\/travelsmartcampaign.org\/wp-content\/uploads\/contrails-5214003_1280.jpg\" \/>\n\t<meta property=\"og:image:width\" content=\"1280\" \/>\n\t<meta property=\"og:image:height\" content=\"902\" \/>\n\t<meta property=\"og:image:type\" content=\"image\/jpeg\" \/>\n<meta name=\"twitter:card\" content=\"summary_large_image\" \/>\n<meta name=\"twitter:label1\" content=\"Szacowany czas czytania\" \/>\n\t<meta name=\"twitter:data1\" content=\"2 minuty\" \/>\n<script type=\"application\/ld+json\" class=\"yoast-schema-graph\">{\"@context\":\"https:\\\/\\\/schema.org\",\"@graph\":[{\"@type\":\"WebPage\",\"@id\":\"https:\\\/\\\/travelsmartcampaign.org\\\/library\\\/companies-call-on-the-european-commission-and-european-parliament-to-improve-standards-for-business-travel-emissions-accounting-and-aviation-non-co2-effects\\\/\",\"url\":\"https:\\\/\\\/travelsmartcampaign.org\\\/library\\\/companies-call-on-the-european-commission-and-european-parliament-to-improve-standards-for-business-travel-emissions-accounting-and-aviation-non-co2-effects\\\/\",\"name\":\"Companies call on the European Commission and European Parliament to improve standards for business travel emissions accounting and aviation non-CO2 effects - Travel Smart Campaign\",\"isPartOf\":{\"@id\":\"https:\\\/\\\/travelsmartcampaign.org\\\/#website\"},\"primaryImageOfPage\":{\"@id\":\"https:\\\/\\\/travelsmartcampaign.org\\\/library\\\/companies-call-on-the-european-commission-and-european-parliament-to-improve-standards-for-business-travel-emissions-accounting-and-aviation-non-co2-effects\\\/#primaryimage\"},\"image\":{\"@id\":\"https:\\\/\\\/travelsmartcampaign.org\\\/library\\\/companies-call-on-the-european-commission-and-european-parliament-to-improve-standards-for-business-travel-emissions-accounting-and-aviation-non-co2-effects\\\/#primaryimage\"},\"thumbnailUrl\":\"https:\\\/\\\/travelsmartcampaign.org\\\/wp-content\\\/uploads\\\/contrails-5214003_1280.jpg\",\"datePublished\":\"2024-07-28T23:01:39+00:00\",\"dateModified\":\"2026-01-07T11:29:06+00:00\",\"breadcrumb\":{\"@id\":\"https:\\\/\\\/travelsmartcampaign.org\\\/library\\\/companies-call-on-the-european-commission-and-european-parliament-to-improve-standards-for-business-travel-emissions-accounting-and-aviation-non-co2-effects\\\/#breadcrumb\"},\"inLanguage\":\"pl-PL\",\"potentialAction\":[{\"@type\":\"ReadAction\",\"target\":[\"https:\\\/\\\/travelsmartcampaign.org\\\/library\\\/companies-call-on-the-european-commission-and-european-parliament-to-improve-standards-for-business-travel-emissions-accounting-and-aviation-non-co2-effects\\\/\"]}]},{\"@type\":\"ImageObject\",\"inLanguage\":\"pl-PL\",\"@id\":\"https:\\\/\\\/travelsmartcampaign.org\\\/library\\\/companies-call-on-the-european-commission-and-european-parliament-to-improve-standards-for-business-travel-emissions-accounting-and-aviation-non-co2-effects\\\/#primaryimage\",\"url\":\"https:\\\/\\\/travelsmartcampaign.org\\\/wp-content\\\/uploads\\\/contrails-5214003_1280.jpg\",\"contentUrl\":\"https:\\\/\\\/travelsmartcampaign.org\\\/wp-content\\\/uploads\\\/contrails-5214003_1280.jpg\",\"width\":1280,\"height\":902},{\"@type\":\"BreadcrumbList\",\"@id\":\"https:\\\/\\\/travelsmartcampaign.org\\\/library\\\/companies-call-on-the-european-commission-and-european-parliament-to-improve-standards-for-business-travel-emissions-accounting-and-aviation-non-co2-effects\\\/#breadcrumb\",\"itemListElement\":[{\"@type\":\"ListItem\",\"position\":1,\"name\":\"Home\",\"item\":\"https:\\\/\\\/travelsmartcampaign.org\\\/\"},{\"@type\":\"ListItem\",\"position\":2,\"name\":\"Companies call on the European Commission and European Parliament to improve standards for business travel emissions accounting and aviation non-CO2 effects\"}]},{\"@type\":\"WebSite\",\"@id\":\"https:\\\/\\\/travelsmartcampaign.org\\\/#website\",\"url\":\"https:\\\/\\\/travelsmartcampaign.org\\\/\",\"name\":\"Travel Smart\",\"description\":\"\",\"publisher\":{\"@id\":\"https:\\\/\\\/travelsmartcampaign.org\\\/#organization\"},\"potentialAction\":[{\"@type\":\"SearchAction\",\"target\":{\"@type\":\"EntryPoint\",\"urlTemplate\":\"https:\\\/\\\/travelsmartcampaign.org\\\/?s={search_term_string}\"},\"query-input\":{\"@type\":\"PropertyValueSpecification\",\"valueRequired\":true,\"valueName\":\"search_term_string\"}}],\"inLanguage\":\"pl-PL\"},{\"@type\":\"Organization\",\"@id\":\"https:\\\/\\\/travelsmartcampaign.org\\\/#organization\",\"name\":\"Travel Smart\",\"url\":\"https:\\\/\\\/travelsmartcampaign.org\\\/\",\"logo\":{\"@type\":\"ImageObject\",\"inLanguage\":\"pl-PL\",\"@id\":\"https:\\\/\\\/travelsmartcampaign.org\\\/#\\\/schema\\\/logo\\\/image\\\/\",\"url\":\"https:\\\/\\\/travelsmartcampaign.org\\\/wp-content\\\/uploads\\\/travel-smart-min.jpeg\",\"contentUrl\":\"https:\\\/\\\/travelsmartcampaign.org\\\/wp-content\\\/uploads\\\/travel-smart-min.jpeg\",\"width\":1200,\"height\":690,\"caption\":\"Travel Smart\"},\"image\":{\"@id\":\"https:\\\/\\\/travelsmartcampaign.org\\\/#\\\/schema\\\/logo\\\/image\\\/\"}}]}<\/script>\n<!-- \/ Yoast SEO plugin. -->","yoast_head_json":{"title":"Firmy wzywaj\u0105 Komisj\u0119 Europejsk\u0105 i Parlament Europejski do poprawy standard\u00f3w rozliczania emisji zwi\u0105zanych z podr\u00f3\u017cami s\u0142u\u017cbowymi oraz wp\u0142ywu lotnictwa na \u015brodowisko poza emisjami CO2 \u2013 kampania Travel Smart.","robots":{"index":"index","follow":"follow","max-snippet":"max-snippet:-1","max-image-preview":"max-image-preview:large","max-video-preview":"max-video-preview:-1"},"canonical":"https:\/\/travelsmartcampaign.org\/pl\/biblioteka\/firmy-wzywaja-komisje-europejska-i-parlament-europejski-do-poprawy-standardow-rozliczania-emisji-z-podrozy-sluzbowych-i-skutkow-innych-niz-co2-w-lotnictwie\/","og_locale":"pl_PL","og_type":"article","og_title":"Companies call on the European Commission and European Parliament to improve standards for business travel emissions accounting and aviation non-CO2 effects - Travel Smart Campaign","og_description":"A new EU monitoring scheme to provide more accurate data on non-CO2 emissions is being put into question. Rather than monitoring non-CO2 on all flights departing Europe, only flights within the European Economic Area (EEA) will be taken into account. Companies and civil society call on the European Commission to ensure a full geographic scope [&hellip;]","og_url":"https:\/\/travelsmartcampaign.org\/pl\/biblioteka\/firmy-wzywaja-komisje-europejska-i-parlament-europejski-do-poprawy-standardow-rozliczania-emisji-z-podrozy-sluzbowych-i-skutkow-innych-niz-co2-w-lotnictwie\/","og_site_name":"Travel Smart Campaign","article_modified_time":"2026-01-07T11:29:06+00:00","og_image":[{"width":1280,"height":902,"url":"https:\/\/travelsmartcampaign.org\/wp-content\/uploads\/contrails-5214003_1280.jpg","type":"image\/jpeg"}],"twitter_card":"summary_large_image","twitter_misc":{"Szacowany czas czytania":"2 minuty"},"schema":{"@context":"https:\/\/schema.org","@graph":[{"@type":"WebPage","@id":"https:\/\/travelsmartcampaign.org\/library\/companies-call-on-the-european-commission-and-european-parliament-to-improve-standards-for-business-travel-emissions-accounting-and-aviation-non-co2-effects\/","url":"https:\/\/travelsmartcampaign.org\/library\/companies-call-on-the-european-commission-and-european-parliament-to-improve-standards-for-business-travel-emissions-accounting-and-aviation-non-co2-effects\/","name":"Firmy wzywaj\u0105 Komisj\u0119 Europejsk\u0105 i Parlament Europejski do poprawy standard\u00f3w rozliczania emisji zwi\u0105zanych z podr\u00f3\u017cami s\u0142u\u017cbowymi oraz wp\u0142ywu lotnictwa na \u015brodowisko poza emisjami CO2 \u2013 kampania Travel Smart.","isPartOf":{"@id":"https:\/\/travelsmartcampaign.org\/#website"},"primaryImageOfPage":{"@id":"https:\/\/travelsmartcampaign.org\/library\/companies-call-on-the-european-commission-and-european-parliament-to-improve-standards-for-business-travel-emissions-accounting-and-aviation-non-co2-effects\/#primaryimage"},"image":{"@id":"https:\/\/travelsmartcampaign.org\/library\/companies-call-on-the-european-commission-and-european-parliament-to-improve-standards-for-business-travel-emissions-accounting-and-aviation-non-co2-effects\/#primaryimage"},"thumbnailUrl":"https:\/\/travelsmartcampaign.org\/wp-content\/uploads\/contrails-5214003_1280.jpg","datePublished":"2024-07-28T23:01:39+00:00","dateModified":"2026-01-07T11:29:06+00:00","breadcrumb":{"@id":"https:\/\/travelsmartcampaign.org\/library\/companies-call-on-the-european-commission-and-european-parliament-to-improve-standards-for-business-travel-emissions-accounting-and-aviation-non-co2-effects\/#breadcrumb"},"inLanguage":"pl-PL","potentialAction":[{"@type":"ReadAction","target":["https:\/\/travelsmartcampaign.org\/library\/companies-call-on-the-european-commission-and-european-parliament-to-improve-standards-for-business-travel-emissions-accounting-and-aviation-non-co2-effects\/"]}]},{"@type":"ImageObject","inLanguage":"pl-PL","@id":"https:\/\/travelsmartcampaign.org\/library\/companies-call-on-the-european-commission-and-european-parliament-to-improve-standards-for-business-travel-emissions-accounting-and-aviation-non-co2-effects\/#primaryimage","url":"https:\/\/travelsmartcampaign.org\/wp-content\/uploads\/contrails-5214003_1280.jpg","contentUrl":"https:\/\/travelsmartcampaign.org\/wp-content\/uploads\/contrails-5214003_1280.jpg","width":1280,"height":902},{"@type":"BreadcrumbList","@id":"https:\/\/travelsmartcampaign.org\/library\/companies-call-on-the-european-commission-and-european-parliament-to-improve-standards-for-business-travel-emissions-accounting-and-aviation-non-co2-effects\/#breadcrumb","itemListElement":[{"@type":"ListItem","position":1,"name":"Home","item":"https:\/\/travelsmartcampaign.org\/"},{"@type":"ListItem","position":2,"name":"Companies call on the European Commission and European Parliament to improve standards for business travel emissions accounting and aviation non-CO2 effects"}]},{"@type":"WebSite","@id":"https:\/\/travelsmartcampaign.org\/#website","url":"https:\/\/travelsmartcampaign.org\/","name":"Travel Smart","description":"","publisher":{"@id":"https:\/\/travelsmartcampaign.org\/#organization"},"potentialAction":[{"@type":"SearchAction","target":{"@type":"EntryPoint","urlTemplate":"https:\/\/travelsmartcampaign.org\/?s={search_term_string}"},"query-input":{"@type":"PropertyValueSpecification","valueRequired":true,"valueName":"search_term_string"}}],"inLanguage":"pl-PL"},{"@type":"Organization","@id":"https:\/\/travelsmartcampaign.org\/#organization","name":"Travel Smart","url":"https:\/\/travelsmartcampaign.org\/","logo":{"@type":"ImageObject","inLanguage":"pl-PL","@id":"https:\/\/travelsmartcampaign.org\/#\/schema\/logo\/image\/","url":"https:\/\/travelsmartcampaign.org\/wp-content\/uploads\/travel-smart-min.jpeg","contentUrl":"https:\/\/travelsmartcampaign.org\/wp-content\/uploads\/travel-smart-min.jpeg","width":1200,"height":690,"caption":"Travel Smart"},"image":{"@id":"https:\/\/travelsmartcampaign.org\/#\/schema\/logo\/image\/"}}]}},"_links":{"self":[{"href":"https:\/\/travelsmartcampaign.org\/pl\/wp-json\/wp\/v2\/library\/14526","targetHints":{"allow":["GET"]}}],"collection":[{"href":"https:\/\/travelsmartcampaign.org\/pl\/wp-json\/wp\/v2\/library"}],"about":[{"href":"https:\/\/travelsmartcampaign.org\/pl\/wp-json\/wp\/v2\/types\/library"}],"version-history":[{"count":1,"href":"https:\/\/travelsmartcampaign.org\/pl\/wp-json\/wp\/v2\/library\/14526\/revisions"}],"predecessor-version":[{"id":20131,"href":"https:\/\/travelsmartcampaign.org\/pl\/wp-json\/wp\/v2\/library\/14526\/revisions\/20131"}],"wp:featuredmedia":[{"embeddable":true,"href":"https:\/\/travelsmartcampaign.org\/pl\/wp-json\/wp\/v2\/media\/14528"}],"wp:attachment":[{"href":"https:\/\/travelsmartcampaign.org\/pl\/wp-json\/wp\/v2\/media?parent=14526"}],"wp:term":[{"taxonomy":"topic","embeddable":true,"href":"https:\/\/travelsmartcampaign.org\/pl\/wp-json\/wp\/v2\/topic?post=14526"},{"taxonomy":"visibility","embeddable":true,"href":"https:\/\/travelsmartcampaign.org\/pl\/wp-json\/wp\/v2\/visibility?post=14526"},{"taxonomy":"post-country","embeddable":true,"href":"https:\/\/travelsmartcampaign.org\/pl\/wp-json\/wp\/v2\/post-country?post=14526"},{"taxonomy":"language","embeddable":true,"href":"https:\/\/travelsmartcampaign.org\/pl\/wp-json\/wp\/v2\/language?post=14526"},{"taxonomy":"category-post-type","embeddable":true,"href":"https:\/\/travelsmartcampaign.org\/pl\/wp-json\/wp\/v2\/category-post-type?post=14526"}],"curies":[{"name":"wp","href":"https:\/\/api.w.org\/{rel}","templated":true}]}}