{"id":17225,"date":"2025-04-01T00:01:06","date_gmt":"2025-03-31T23:01:06","guid":{"rendered":"http:\/\/travelsmartcampaign.org\/?post_type=library&#038;p=17225"},"modified":"2025-04-01T09:34:34","modified_gmt":"2025-04-01T08:34:34","slug":"vols-daffaires-un-classement-international-couronne-swiss-re-et-zurich","status":"publish","type":"library","link":"https:\/\/travelsmartcampaign.org\/pl\/library\/vols-daffaires-un-classement-international-couronne-swiss-re-et-zurich\/","title":{"rendered":"Vols d&#039;affaires: un classement International Couronne Swiss Re i Zurych"},"content":{"rendered":"<p><span style=\"font-weight: 400;\">TravelSmart co roku ocenia 326 du\u017cych przedsi\u0119biorstw z USA, Europy i Indii na podstawie ich emisji zwi\u0105zanych z podr\u00f3\u017cami s\u0142u\u017cbowymi. Klasyfikacja opiera si\u0119 na wska\u017anikach, takich jak cele redukcji, zastosowana przejrzysto\u015b\u0107 i podj\u0119te \u015brodki zaradcze. Klasyfikacja zosta\u0142a opracowana przez europejskie stowarzyszenie Transport &amp; Environment T&amp;E.\u00a0<\/span><\/p>\n<p><span style=\"font-weight: 400;\">Je\u015bli chodzi o przedsi\u0119biorstwa szwajcarskie, klasyfikacja przypisa\u0142a not\u0119 A do Swiss Re i Zurich Insurance. \"Elles udowadniaj\u0105, \u017ce w coraz wi\u0119kszym stopniu przejmowanie kontroli nad samolotem nie wp\u0142ywa negatywnie na dzia\u0142alno\u015b\u0107 handlow\u0105\", powiedzia\u0142 Yves Chatton, ekspert ds. transportu lotniczego w ATE. \"Swiss Re i Zurich ju\u017c od pi\u0119ciu lat maj\u0105 jasno okre\u015blony cel i zmniejszy\u0142y swoje emisje zwi\u0105zane z podr\u00f3\u017cami s\u0142u\u017cbowymi o oko\u0142o dwa poziomy. Elles misent donc principalement sur les budgets voyages et \u00e9missions.\"<\/span><\/p>\n<p>&nbsp;<\/p>\n<h4><b>Wa\u017cny wym\u00f3g zwi\u0105zany z rattrapage<\/b><\/h4>\n<p><span style=\"font-weight: 400;\">Jednak wszystkie przedsi\u0119biorstwa w Szwajcarii nie s\u0105 w stanie si\u0119 z tego wycofa\u0107: w szczeg\u00f3lno\u015bci firma Holcim nie okre\u015bli\u0142a jeszcze cel\u00f3w w zakresie ograniczenia transportu lotniczego. Glencore zachowuje swoj\u0105 nieprzejrzysto\u015b\u0107, odmawiaj\u0105c publikacji swoich danych na ten temat. ABB i Nestl\u00e9 po raz pierwszy powr\u00f3ci\u0142y do poziomu z 2019 r., podczas gdy przedsi\u0119biorstwa na ca\u0142ym \u015bwiecie zmniejszy\u0142y emisje o jedn\u0105 trzeci\u0105 w tym samym okresie.<\/span><\/p>\n<p><span style=\"font-weight: 400;\">\"Dysponowanie konkretnymi celami jest niezb\u0119dne, w szczeg\u00f3lno\u015bci dla mi\u0119dzynarodowych przedsi\u0119biorstw, aby przestrzega\u0107 cel\u00f3w klimatycznych i dzia\u0142a\u0107 w spos\u00f3b odpowiedzialny jako przedsi\u0119biorstwo\", podsumowuje Yves Chatton. Le Classement TravelSmart le montre clairement: les entreprises qui se fixent des objectifs concrets r\u00e9duisent nettement plus leurs \u00e9missions. Les entreprises suisses pourraient avoir un r\u00f4le d'exemple. \"Niekt\u00f3re z nich ju\u017c pe\u0142ni\u0105 t\u0119 rol\u0119, inne powinny dzia\u0142a\u0107 szybko.\"<\/span><\/p>\n<p><span style=\"font-weight: 400;\">ATE i T&amp;E wzywaj\u0105 przedsi\u0119biorstwa do ustalenia jasnych i ambitnych cel\u00f3w w zakresie redukcji emisji w dziedzinie podr\u00f3\u017cy s\u0142u\u017cbowych i ich sp\u00f3jnego stosowania. Wed\u0142ug obu stowarzysze\u0144, podr\u00f3\u017c kolej\u0105 zamiast samolotem jest szczeg\u00f3lnie efektywna. Wideokonferencja stanowi ponadto alternatyw\u0119 dla unikni\u0119cia d\u0142ugich podr\u00f3\u017cy samolotem.<\/span><\/p>\n<p>&nbsp;<\/p>\n<p><span style=\"font-weight: 400;\">Z klasyfikacj\u0105 TravelSmart obejmuj\u0105c\u0105 326 mi\u0119dzynarodowych przedsi\u0119biorstw mo\u017cna zapozna\u0107 si\u0119 tutaj: <\/span><a href=\"http:\/\/travelsmartcampaign.org\/pl\/ranking\/\"><span style=\"font-weight: 400;\">www.travelsmartcampaign.org\/ranking. <\/span><\/a><span style=\"font-weight: 400;\">\u00a0<\/span><\/p>\n<p>&nbsp;<\/p>\n<h4><b>Przedsi\u0119biorstwa z siedzib\u0105 w Szwajcarii na szczycie rankingu TravelSmart<\/b><\/h4>\n<p><span style=\"font-weight: 400;\">Uwaga A:<\/span><\/p>\n<ul>\n<li style=\"font-weight: 400;\" aria-level=\"1\"><span style=\"font-weight: 400;\">Swiss Re<\/span><\/li>\n<li style=\"font-weight: 400;\" aria-level=\"1\"><span style=\"font-weight: 400;\">Zurich Insurance Group<\/span><\/li>\n<\/ul>\n<p>&nbsp;<\/p>\n<p><span style=\"font-weight: 400;\">Uwaga B:<\/span><\/p>\n<ul>\n<li style=\"font-weight: 400;\" aria-level=\"1\"><span style=\"font-weight: 400;\">Grupa Adecco AG<\/span><\/li>\n<li style=\"font-weight: 400;\" aria-level=\"1\"><span style=\"font-weight: 400;\">Roche<\/span><\/li>\n<li style=\"font-weight: 400;\" aria-level=\"1\"><span style=\"font-weight: 400;\">SGS SA<\/span><\/li>\n<\/ul>\n<p>&nbsp;<\/p>\n<p><span style=\"font-weight: 400;\">Uwaga C:<\/span><\/p>\n<ul>\n<li style=\"font-weight: 400;\" aria-level=\"1\"><span style=\"font-weight: 400;\">W\u0104TEK<\/span><\/li>\n<li style=\"font-weight: 400;\" aria-level=\"1\"><span style=\"font-weight: 400;\">Holcim<\/span><\/li>\n<li style=\"font-weight: 400;\" aria-level=\"1\"><span style=\"font-weight: 400;\">Lonza<\/span><\/li>\n<li style=\"font-weight: 400;\" aria-level=\"1\"><span style=\"font-weight: 400;\">Nestl\u00e9<\/span><\/li>\n<li style=\"font-weight: 400;\" aria-level=\"1\"><span style=\"font-weight: 400;\">Novartis<\/span><\/li>\n<li style=\"font-weight: 400;\" aria-level=\"1\"><span style=\"font-weight: 400;\">Kosmetyki Oriflame<\/span><\/li>\n<li style=\"font-weight: 400;\" aria-level=\"1\"><span style=\"font-weight: 400;\">Richemont<\/span><\/li>\n<li style=\"font-weight: 400;\" aria-level=\"1\"><span style=\"font-weight: 400;\">Sonova<\/span><\/li>\n<li style=\"font-weight: 400;\" aria-level=\"1\"><span style=\"font-weight: 400;\">Syngenta AG<\/span><\/li>\n<li style=\"font-weight: 400;\" aria-level=\"1\"><span style=\"font-weight: 400;\">UBS<\/span><\/li>\n<\/ul>\n<p>&nbsp;<\/p>\n<p><span style=\"font-weight: 400;\">Uwaga D:<\/span><\/p>\n<ul>\n<li style=\"font-weight: 400;\" aria-level=\"1\"><span style=\"font-weight: 400;\">Glincore<\/span><\/li>\n<\/ul>","protected":false},"excerpt":{"rendered":"<p>Nowa klasa TravelSmart pokazuje, \u017ce w zakresie podr\u00f3\u017cy s\u0142u\u017cbowych przedsi\u0119biorstwa z ca\u0142ego \u015bwiata ograniczaj\u0105 emisje. Si les groupes suisses Swiss Re et Zurich Insurance font partie des pr\u00e9curseurs, Nestl\u00e9, ABB et Holcim n'en font pas assez. ATE nak\u0142ada na grupy odpowiedzialno\u015b\u0107.<\/p>","protected":false},"featured_media":17213,"template":"","topic":[],"visibility":[],"post-country":[36],"language":[38],"category-post-type":[28],"class_list":["post-17225","library","type-library","status-publish","has-post-thumbnail","hentry","post-country-switzerland","language-french","category-post-type-press-release"],"yoast_head":"<!-- This site is optimized with the Yoast SEO plugin v27.5 - https:\/\/yoast.com\/product\/yoast-seo-wordpress\/ -->\n<title>Vols d\u2019affaires: un classement international couronne Swiss Re et Zurich - Travel Smart Campaign<\/title>\n<meta name=\"robots\" content=\"index, follow, max-snippet:-1, max-image-preview:large, max-video-preview:-1\" \/>\n<link rel=\"canonical\" href=\"https:\/\/travelsmartcampaign.org\/pl\/biblioteka\/vols-daffaires-un-classement-international-couronne-swiss-re-et-zurich\/\" \/>\n<meta property=\"og:locale\" content=\"pl_PL\" \/>\n<meta property=\"og:type\" content=\"article\" \/>\n<meta property=\"og:title\" content=\"Vols d\u2019affaires: un classement international couronne Swiss Re et Zurich - Travel Smart Campaign\" \/>\n<meta property=\"og:description\" content=\"Le nouveau classement TravelSmart le montre: en mati\u00e8re de voyages d\u2019affaires, les entreprises du monde entier r\u00e9duisent leurs \u00e9missions. Si les groupes suisses Swiss Re et Zurich Insurance font partie des pr\u00e9curseurs, Nestl\u00e9, ABB et Holcim n\u2019en font pas assez. L\u2019ATE rappelle les groupes \u00e0 leur responsabilit\u00e9.\" \/>\n<meta property=\"og:url\" content=\"https:\/\/travelsmartcampaign.org\/pl\/biblioteka\/vols-daffaires-un-classement-international-couronne-swiss-re-et-zurich\/\" \/>\n<meta property=\"og:site_name\" content=\"Travel Smart Campaign\" \/>\n<meta property=\"article:modified_time\" content=\"2025-04-01T08:34:34+00:00\" \/>\n<meta property=\"og:image\" content=\"https:\/\/travelsmartcampaign.org\/wp-content\/uploads\/2-8.png\" \/>\n\t<meta property=\"og:image:width\" content=\"1080\" \/>\n\t<meta property=\"og:image:height\" content=\"1080\" \/>\n\t<meta property=\"og:image:type\" content=\"image\/png\" \/>\n<meta name=\"twitter:card\" content=\"summary_large_image\" \/>\n<meta name=\"twitter:label1\" content=\"Szacowany czas czytania\" \/>\n\t<meta name=\"twitter:data1\" content=\"2 minuty\" \/>\n<script type=\"application\/ld+json\" class=\"yoast-schema-graph\">{\"@context\":\"https:\\\/\\\/schema.org\",\"@graph\":[{\"@type\":\"WebPage\",\"@id\":\"https:\\\/\\\/travelsmartcampaign.org\\\/library\\\/vols-daffaires-un-classement-international-couronne-swiss-re-et-zurich\\\/\",\"url\":\"https:\\\/\\\/travelsmartcampaign.org\\\/library\\\/vols-daffaires-un-classement-international-couronne-swiss-re-et-zurich\\\/\",\"name\":\"Vols d\u2019affaires: un classement international couronne Swiss Re et Zurich - Travel Smart Campaign\",\"isPartOf\":{\"@id\":\"https:\\\/\\\/travelsmartcampaign.org\\\/#website\"},\"primaryImageOfPage\":{\"@id\":\"https:\\\/\\\/travelsmartcampaign.org\\\/library\\\/vols-daffaires-un-classement-international-couronne-swiss-re-et-zurich\\\/#primaryimage\"},\"image\":{\"@id\":\"https:\\\/\\\/travelsmartcampaign.org\\\/library\\\/vols-daffaires-un-classement-international-couronne-swiss-re-et-zurich\\\/#primaryimage\"},\"thumbnailUrl\":\"https:\\\/\\\/travelsmartcampaign.org\\\/wp-content\\\/uploads\\\/2-8.png\",\"datePublished\":\"2025-03-31T23:01:06+00:00\",\"dateModified\":\"2025-04-01T08:34:34+00:00\",\"breadcrumb\":{\"@id\":\"https:\\\/\\\/travelsmartcampaign.org\\\/library\\\/vols-daffaires-un-classement-international-couronne-swiss-re-et-zurich\\\/#breadcrumb\"},\"inLanguage\":\"pl-PL\",\"potentialAction\":[{\"@type\":\"ReadAction\",\"target\":[\"https:\\\/\\\/travelsmartcampaign.org\\\/library\\\/vols-daffaires-un-classement-international-couronne-swiss-re-et-zurich\\\/\"]}]},{\"@type\":\"ImageObject\",\"inLanguage\":\"pl-PL\",\"@id\":\"https:\\\/\\\/travelsmartcampaign.org\\\/library\\\/vols-daffaires-un-classement-international-couronne-swiss-re-et-zurich\\\/#primaryimage\",\"url\":\"https:\\\/\\\/travelsmartcampaign.org\\\/wp-content\\\/uploads\\\/2-8.png\",\"contentUrl\":\"https:\\\/\\\/travelsmartcampaign.org\\\/wp-content\\\/uploads\\\/2-8.png\",\"width\":1080,\"height\":1080},{\"@type\":\"BreadcrumbList\",\"@id\":\"https:\\\/\\\/travelsmartcampaign.org\\\/library\\\/vols-daffaires-un-classement-international-couronne-swiss-re-et-zurich\\\/#breadcrumb\",\"itemListElement\":[{\"@type\":\"ListItem\",\"position\":1,\"name\":\"Home\",\"item\":\"https:\\\/\\\/travelsmartcampaign.org\\\/\"},{\"@type\":\"ListItem\",\"position\":2,\"name\":\"Vols d\u2019affaires: un classement international couronne Swiss Re et Zurich\"}]},{\"@type\":\"WebSite\",\"@id\":\"https:\\\/\\\/travelsmartcampaign.org\\\/#website\",\"url\":\"https:\\\/\\\/travelsmartcampaign.org\\\/\",\"name\":\"Travel Smart\",\"description\":\"\",\"publisher\":{\"@id\":\"https:\\\/\\\/travelsmartcampaign.org\\\/#organization\"},\"potentialAction\":[{\"@type\":\"SearchAction\",\"target\":{\"@type\":\"EntryPoint\",\"urlTemplate\":\"https:\\\/\\\/travelsmartcampaign.org\\\/?s={search_term_string}\"},\"query-input\":{\"@type\":\"PropertyValueSpecification\",\"valueRequired\":true,\"valueName\":\"search_term_string\"}}],\"inLanguage\":\"pl-PL\"},{\"@type\":\"Organization\",\"@id\":\"https:\\\/\\\/travelsmartcampaign.org\\\/#organization\",\"name\":\"Travel Smart\",\"url\":\"https:\\\/\\\/travelsmartcampaign.org\\\/\",\"logo\":{\"@type\":\"ImageObject\",\"inLanguage\":\"pl-PL\",\"@id\":\"https:\\\/\\\/travelsmartcampaign.org\\\/#\\\/schema\\\/logo\\\/image\\\/\",\"url\":\"https:\\\/\\\/travelsmartcampaign.org\\\/wp-content\\\/uploads\\\/travel-smart-min.jpeg\",\"contentUrl\":\"https:\\\/\\\/travelsmartcampaign.org\\\/wp-content\\\/uploads\\\/travel-smart-min.jpeg\",\"width\":1200,\"height\":690,\"caption\":\"Travel Smart\"},\"image\":{\"@id\":\"https:\\\/\\\/travelsmartcampaign.org\\\/#\\\/schema\\\/logo\\\/image\\\/\"}}]}<\/script>\n<!-- \/ Yoast SEO plugin. -->","yoast_head_json":{"title":"Loty biznesowe: mi\u0119dzynarodowy ranking wyr\u00f3\u017cnia Swiss Re i Zurich - Kampania Travel Smart","robots":{"index":"index","follow":"follow","max-snippet":"max-snippet:-1","max-image-preview":"max-image-preview:large","max-video-preview":"max-video-preview:-1"},"canonical":"https:\/\/travelsmartcampaign.org\/pl\/biblioteka\/vols-daffaires-un-classement-international-couronne-swiss-re-et-zurich\/","og_locale":"pl_PL","og_type":"article","og_title":"Vols d\u2019affaires: un classement international couronne Swiss Re et Zurich - Travel Smart Campaign","og_description":"Le nouveau classement TravelSmart le montre: en mati\u00e8re de voyages d\u2019affaires, les entreprises du monde entier r\u00e9duisent leurs \u00e9missions. Si les groupes suisses Swiss Re et Zurich Insurance font partie des pr\u00e9curseurs, Nestl\u00e9, ABB et Holcim n\u2019en font pas assez. L\u2019ATE rappelle les groupes \u00e0 leur responsabilit\u00e9.","og_url":"https:\/\/travelsmartcampaign.org\/pl\/biblioteka\/vols-daffaires-un-classement-international-couronne-swiss-re-et-zurich\/","og_site_name":"Travel Smart Campaign","article_modified_time":"2025-04-01T08:34:34+00:00","og_image":[{"width":1080,"height":1080,"url":"https:\/\/travelsmartcampaign.org\/wp-content\/uploads\/2-8.png","type":"image\/png"}],"twitter_card":"summary_large_image","twitter_misc":{"Szacowany czas czytania":"2 minuty"},"schema":{"@context":"https:\/\/schema.org","@graph":[{"@type":"WebPage","@id":"https:\/\/travelsmartcampaign.org\/library\/vols-daffaires-un-classement-international-couronne-swiss-re-et-zurich\/","url":"https:\/\/travelsmartcampaign.org\/library\/vols-daffaires-un-classement-international-couronne-swiss-re-et-zurich\/","name":"Loty biznesowe: mi\u0119dzynarodowy ranking wyr\u00f3\u017cnia Swiss Re i Zurich - Kampania Travel Smart","isPartOf":{"@id":"https:\/\/travelsmartcampaign.org\/#website"},"primaryImageOfPage":{"@id":"https:\/\/travelsmartcampaign.org\/library\/vols-daffaires-un-classement-international-couronne-swiss-re-et-zurich\/#primaryimage"},"image":{"@id":"https:\/\/travelsmartcampaign.org\/library\/vols-daffaires-un-classement-international-couronne-swiss-re-et-zurich\/#primaryimage"},"thumbnailUrl":"https:\/\/travelsmartcampaign.org\/wp-content\/uploads\/2-8.png","datePublished":"2025-03-31T23:01:06+00:00","dateModified":"2025-04-01T08:34:34+00:00","breadcrumb":{"@id":"https:\/\/travelsmartcampaign.org\/library\/vols-daffaires-un-classement-international-couronne-swiss-re-et-zurich\/#breadcrumb"},"inLanguage":"pl-PL","potentialAction":[{"@type":"ReadAction","target":["https:\/\/travelsmartcampaign.org\/library\/vols-daffaires-un-classement-international-couronne-swiss-re-et-zurich\/"]}]},{"@type":"ImageObject","inLanguage":"pl-PL","@id":"https:\/\/travelsmartcampaign.org\/library\/vols-daffaires-un-classement-international-couronne-swiss-re-et-zurich\/#primaryimage","url":"https:\/\/travelsmartcampaign.org\/wp-content\/uploads\/2-8.png","contentUrl":"https:\/\/travelsmartcampaign.org\/wp-content\/uploads\/2-8.png","width":1080,"height":1080},{"@type":"BreadcrumbList","@id":"https:\/\/travelsmartcampaign.org\/library\/vols-daffaires-un-classement-international-couronne-swiss-re-et-zurich\/#breadcrumb","itemListElement":[{"@type":"ListItem","position":1,"name":"Home","item":"https:\/\/travelsmartcampaign.org\/"},{"@type":"ListItem","position":2,"name":"Vols d\u2019affaires: un classement international couronne Swiss Re et Zurich"}]},{"@type":"WebSite","@id":"https:\/\/travelsmartcampaign.org\/#website","url":"https:\/\/travelsmartcampaign.org\/","name":"Travel Smart","description":"","publisher":{"@id":"https:\/\/travelsmartcampaign.org\/#organization"},"potentialAction":[{"@type":"SearchAction","target":{"@type":"EntryPoint","urlTemplate":"https:\/\/travelsmartcampaign.org\/?s={search_term_string}"},"query-input":{"@type":"PropertyValueSpecification","valueRequired":true,"valueName":"search_term_string"}}],"inLanguage":"pl-PL"},{"@type":"Organization","@id":"https:\/\/travelsmartcampaign.org\/#organization","name":"Travel Smart","url":"https:\/\/travelsmartcampaign.org\/","logo":{"@type":"ImageObject","inLanguage":"pl-PL","@id":"https:\/\/travelsmartcampaign.org\/#\/schema\/logo\/image\/","url":"https:\/\/travelsmartcampaign.org\/wp-content\/uploads\/travel-smart-min.jpeg","contentUrl":"https:\/\/travelsmartcampaign.org\/wp-content\/uploads\/travel-smart-min.jpeg","width":1200,"height":690,"caption":"Travel Smart"},"image":{"@id":"https:\/\/travelsmartcampaign.org\/#\/schema\/logo\/image\/"}}]}},"_links":{"self":[{"href":"https:\/\/travelsmartcampaign.org\/pl\/wp-json\/wp\/v2\/library\/17225","targetHints":{"allow":["GET"]}}],"collection":[{"href":"https:\/\/travelsmartcampaign.org\/pl\/wp-json\/wp\/v2\/library"}],"about":[{"href":"https:\/\/travelsmartcampaign.org\/pl\/wp-json\/wp\/v2\/types\/library"}],"version-history":[{"count":0,"href":"https:\/\/travelsmartcampaign.org\/pl\/wp-json\/wp\/v2\/library\/17225\/revisions"}],"wp:featuredmedia":[{"embeddable":true,"href":"https:\/\/travelsmartcampaign.org\/pl\/wp-json\/wp\/v2\/media\/17213"}],"wp:attachment":[{"href":"https:\/\/travelsmartcampaign.org\/pl\/wp-json\/wp\/v2\/media?parent=17225"}],"wp:term":[{"taxonomy":"topic","embeddable":true,"href":"https:\/\/travelsmartcampaign.org\/pl\/wp-json\/wp\/v2\/topic?post=17225"},{"taxonomy":"visibility","embeddable":true,"href":"https:\/\/travelsmartcampaign.org\/pl\/wp-json\/wp\/v2\/visibility?post=17225"},{"taxonomy":"post-country","embeddable":true,"href":"https:\/\/travelsmartcampaign.org\/pl\/wp-json\/wp\/v2\/post-country?post=17225"},{"taxonomy":"language","embeddable":true,"href":"https:\/\/travelsmartcampaign.org\/pl\/wp-json\/wp\/v2\/language?post=17225"},{"taxonomy":"category-post-type","embeddable":true,"href":"https:\/\/travelsmartcampaign.org\/pl\/wp-json\/wp\/v2\/category-post-type?post=17225"}],"curies":[{"name":"wp","href":"https:\/\/api.w.org\/{rel}","templated":true}]}}