{"id":17757,"date":"2025-05-13T00:01:25","date_gmt":"2025-05-12T23:01:25","guid":{"rendered":"http:\/\/travelsmartcampaign.org\/?post_type=library&#038;p=17757"},"modified":"2025-07-16T16:26:11","modified_gmt":"2025-07-16T15:26:11","slug":"voyages-daffaires-les-emissions-des-grands-groupes-francais-ont-diminue-de-18-par-rapport-a-2019","status":"publish","type":"library","link":"https:\/\/travelsmartcampaign.org\/pl\/library\/voyages-daffaires-les-emissions-des-grands-groupes-francais-ont-diminue-de-18-par-rapport-a-2019\/","title":{"rendered":"Podr\u00f3\u017ce s\u0142u\u017cbowe: emisje wielkich grup francuskich zmniejszy\u0142y si\u0119 o 18% w por\u00f3wnaniu z 2019 r."},"content":{"rendered":"<p><span style=\"font-weight: 400;\">Nowa analiza T&amp;E dotycz\u0105ca emisji z podr\u00f3\u017cy s\u0142u\u017cbowych 25 du\u017cych przedsi\u0119biorstw francuskich w 2024 r. wykaza\u0142a, \u017ce w uj\u0119ciu \u015brednim zmniejszy\u0142y one emisje o prawie jedn\u0105 czwart\u0105 (-18%) w 2024 r. w por\u00f3wnaniu z 2019 r.<\/span><\/p>\n<p><span style=\"font-weight: 400;\">Globalnie, pozytywna tendencja do redukcji emisji zwi\u0105zanych z podr\u00f3\u017cami s\u0142u\u017cbowymi zosta\u0142a potwierdzona. Niemniej jednak, tendencja ta powoduje du\u017ce rozbie\u017cno\u015bci mi\u0119dzy przedsi\u0119biorstwami: niekt\u00f3re z nich znacznie zmniejszaj\u0105 swoje emisje, podczas gdy inne wykazuj\u0105 tendencj\u0119 wzrostow\u0105.<\/span><\/p>\n<p><span style=\"font-weight: 400;\">Les 25 entreprises fran\u00e7aises du <\/span><a href=\"http:\/\/travelsmartcampaign.org\/pl\/biblioteka\/voyages-daffaires-les-emissions-des-grandes-entreprises-mondiales-ont-recule-dun-tiers-entre-2019-et-2023\/\"><span style=\"font-weight: 400;\">Classement Travel Smart 2025<\/span><\/a><span style=\"font-weight: 400;\"> zosta\u0142y przeanalizowane na podstawie danych z 2024 r. pochodz\u0105cych z uniwersalnego dokumentu rejestracji. Zgodnie z dyrektyw\u0105 <\/span><span style=\"font-weight: 400;\">w sprawie publikacji informacji na temat trwa\u0142o\u015bci<\/span><span style=\"font-weight: 400;\"> (<\/span><a href=\"http:\/\/travelsmartcampaign.org\/fr\/evolutions-politiques\/directive-sur-les-rapports-de-developpement-durable-des-entreprises-csrd\/\"><span style=\"font-weight: 400;\">CSRD<\/span><\/a><span style=\"font-weight: 400;\">), plusieurs entreprises d\u00e9clarent d\u00e9sormais leurs \u00e9missions de voyages d'affaires dans leur rapport annuel, ce qui permet de les \u00e9valuer.\u00a0<\/span><\/p>\n<p><span style=\"font-weight: 400;\">Spo\u015br\u00f3d 25 przeanalizowanych przedsi\u0119biorstw, 9 ustali\u0142o konkretne cele w zakresie redukcji emisji zanieczyszcze\u0144 podczas podr\u00f3\u017cy s\u0142u\u017cbowych. 16 z nich nie ma \u017cadnego celu, a jedynie og\u00f3lne cele redukcji emisji, kt\u00f3re obejmuj\u0105 wiele dzia\u0142a\u0144 przedsi\u0119biorstwa bez szczeg\u00f3lnego rozr\u00f3\u017cnienia. L'analyse globale de T&amp;E pour le classement Travel Smart 2025 montre que les entreprises avec des objectifs d\u00e9di\u00e9s aux voyages d'affaires r\u00e9duisent plus leurs \u00e9missions. Cela est confirmed\u00e9 pour les entreprises fran\u00e7aises: les 9 ayant un objectif sp\u00e9cifique ont collectivement r\u00e9duit leurs \u00e9missions de 41% entre 2019 et 2024, tandis que les autres ont r\u00e9duit leurs \u00e9missions de seulement 9% en moyenne.<\/span><\/p>\n<p><span style=\"font-weight: 400;\">Dwie trzecie analizowanych przedsi\u0119biorstw utrzyma\u0142o swoje poziomy podr\u00f3\u017cy na poziomie ni\u017cszym ni\u017c w 2019 roku. Sze\u015b\u0107 z nich, czyli jedna czwarta, utrzyma\u0142o obni\u017cki o 50 % lub wi\u0119cej. Sp\u00f3\u0142ka doradcza Capgemini, kt\u00f3rej celem jest redukcja emisji zwi\u0105zanych z podr\u00f3\u017cami s\u0142u\u017cbowymi, zmniejszy\u0142a je o 7% w latach 2023-2024, a w 2019 r. odnotowa\u0142a redukcj\u0119 o 51%, zwi\u0119kszaj\u0105c jednocze\u015bnie liczb\u0119 swoich pracownik\u00f3w. Sopria Steria, Amundi, L'Or\u00e9al i Forvia podj\u0119\u0142y dodatkowe wysi\u0142ki, ka\u017cda z nich wprowadzi\u0142a nowe \u015brodki zaradcze: ograniczenie podr\u00f3\u017cy lotniczych i preferowanie tych <\/span><a href=\"http:\/\/travelsmartcampaign.org\/fr\/le-rail-en-premier\/\"><span style=\"font-weight: 400;\">alternatywy dla poci\u0105g\u00f3w<\/span><\/a><span style=\"font-weight: 400;\">, korzystanie z urz\u0105dze\u0144 cyfrowych podczas spotka\u0144 lub obowi\u0105zek uzyskania uprzedniego upowa\u017cnienia od cz\u0142onka kierownictwa wy\u017cszego szczebla na podr\u00f3\u017ce zagraniczne.<\/span><\/p>\n<p><span style=\"font-weight: 400;\">Z drugiej strony, firma farmaceutyczna Sanofi, kt\u00f3ra nie okre\u015bli\u0142a konkretnego celu, odnotowa\u0142a wzrost emisji zwi\u0105zanych z podr\u00f3\u017cami o 10% w 2024 r. w por\u00f3wnaniu z 2019 r. Inne przedsi\u0119biorstwa zwi\u0119kszy\u0142y swoje emisje w tym samym okresie: LVMH (+23%) i Vinci (+25%).\u00a0<\/span><\/p>\n<p><img loading=\"lazy\" decoding=\"async\" class=\"alignnone size-full wp-image-17769\" src=\"http:\/\/travelsmartcampaign.org\/wp-content\/uploads\/FR-Emission-tracker-in-FREN_2025.png\" alt=\"\" width=\"768\" height=\"1400\" srcset=\"https:\/\/travelsmartcampaign.org\/wp-content\/uploads\/FR-Emission-tracker-in-FREN_2025.png 768w, https:\/\/travelsmartcampaign.org\/wp-content\/uploads\/FR-Emission-tracker-in-FREN_2025-165x300.png 165w, https:\/\/travelsmartcampaign.org\/wp-content\/uploads\/FR-Emission-tracker-in-FREN_2025-562x1024.png 562w, https:\/\/travelsmartcampaign.org\/wp-content\/uploads\/FR-Emission-tracker-in-FREN_2025-7x12.png 7w\" sizes=\"auto, (max-width: 768px) 100vw, 768px\" \/><\/p>\n<p><span style=\"font-weight: 400;\">Kontrast mi\u0119dzy przedsi\u0119biorstwami w czo\u0142\u00f3wce i w kolejce peletonu w poszczeg\u00f3lnych sektorach jest szczeg\u00f3lnie dotkliwy. W sektorze finansowym Cr\u00e9dit Agricole i Soci\u00e9t\u00e9 G\u00e9n\u00e9rale zmniejszy\u0142y swoje emisje odpowiednio o 33% i 59%; w przeciwie\u0144stwie do BNP Paribas, kt\u00f3ry zbli\u017ca si\u0119 do poziom\u00f3w z 2019 r., a jego emisja zmniejszy\u0142a si\u0119 tylko o 7%.\u00a0<\/span><\/p>\n<p><span style=\"font-weight: 400;\">W sektorze luksusowym Kering zmniejszy\u0142 emisj\u0119 o 44%; w przeciwie\u0144stwie do LVMH, kt\u00f3ry zwi\u0119kszy\u0142 j\u0105 o 23%.  W sektorze motoryzacyjnym Renault i Forvia zmniejszy\u0142y swoje emisje odpowiednio o 28% i 25%; w przeciwie\u0144stwie do Valeo, kt\u00f3re wzros\u0142o o 49%.<\/span><\/p>\n<p><span style=\"font-weight: 400;\">Francuski rz\u0105d podj\u0105\u0142 dzia\u0142ania zach\u0119caj\u0105ce do podr\u00f3\u017cy s\u0142u\u017cbowych. Dans le cadre de son <\/span><a href=\"http:\/\/travelsmartcampaign.org\/wp-content\/uploads\/dp-plan-sobriete.pdf\"><span style=\"font-weight: 400;\">Plan de Sobri\u00e9t\u00e9 \u00c9nerg\u00e9tique<\/span><\/a><span style=\"font-weight: 400;\">, za\u017c\u0105da\u0142 od przedsi\u0119biorstw i ich us\u0142ug (<\/span><a href=\"http:\/\/travelsmartcampaign.org\/wp-content\/uploads\/22152_Plan-sobriete_DP-2023-if-2.pdf\"><span style=\"font-weight: 400;\">Akt 2<\/span><\/a><span style=\"font-weight: 400;\">) w celu uprzywilejowania poci\u0105gu zamiast samolotu w przypadku podr\u00f3\u017cy, kt\u00f3re mog\u0105 by\u0107 wykonywane w czasie kr\u00f3tszym ni\u017c cztery godziny.\u00a0<\/span><\/p>\n<p><span style=\"font-weight: 400;\">Rz\u0105d zdaje sobie spraw\u0119 z ogromnego wp\u0142ywu transportu na klimat. C'est pour cela que la <\/span><a href=\"https:\/\/www.legifrance.gouv.fr\/download\/pdf\/circ?id=45511\"><span style=\"font-weight: 400;\">obiegowy<\/span><\/a><span style=\"font-weight: 400;\"> Ostateczna strategia dotycz\u0105ca zaanga\u017cowania na rzecz transformacji ekologicznej pa\u0144stwa obejmuje cel zmniejszenia liczby podr\u00f3\u017cy lotniczych o 20% w 2024 r. w por\u00f3wnaniu z 2019 r., z ambicj\u0105 zwi\u0119kszenia do -30 % w 2027 r.\u00a0<\/span><\/p>\n<p><span style=\"font-weight: 400;\"><a href=\"http:\/\/travelsmartcampaign.org\/pl\/biblioteka\/les-entreprises-doivent-se-fixer-des-objectifs-sur-lusage-de-lavion-pour-les-deplacements-de-leurs-salaries\/\">Dans une tribune publi\u00e9e dans Le Monde<\/a>T&amp;E oraz ponad setka student\u00f3w i m\u0142odych absolwent\u00f3w, dzia\u0142aj\u0105c pod szyldem kolektywu na rzecz ekologicznego rozwoju, wzywaj\u0105 francuskie przedsi\u0119biorstwa do podj\u0119cia podobnych dzia\u0142a\u0144, wyznaczaj\u0105c cele w zakresie redukcji emisji zwi\u0105zanych z podr\u00f3\u017cami s\u0142u\u017cbowymi na poziomie 50% w 2019 r., w latach 2025-2030.<\/span><\/p>\n<p><span style=\"font-weight: 400;\">Cet objectif a \u00e9t\u00e9 fix\u00e9 sur la base de la <\/span><a href=\"https:\/\/www.transportenvironment.org\/articles\/2050roadmap\"><span style=\"font-weight: 400;\">odcinek trasy<\/span><\/a><span style=\"font-weight: 400;\"> T&amp;E, z kt\u00f3rego wynika, \u017ce redukcja o 50 % wszystkich emisji zwi\u0105zanych z podr\u00f3\u017cami s\u0142u\u017cbowymi jest konieczna od 2030 r., aby utrzyma\u0107 lotnictwo na trajektorii zgodnej z planem 1,5\u00b0C.<\/span><\/p>\n<p><span style=\"font-weight: 400;\">W 2024 r. europejski sektor lotniczy prawie ca\u0142kowicie powr\u00f3ci do poziomu sprzed pandemii Covid, osi\u0105gaj\u0105c 96% liczby pojazd\u00f3w w 2019 r. i 98% emisji CO2, zgodnie z <\/span><a href=\"https:\/\/www.transportenvironment.org\/te-france\/articles\/laviation-europeenne-emet-presque-autant-de-co2-quavant-le-covid\"><span style=\"font-weight: 400;\">analiza<\/span><\/a><span style=\"font-weight: 400;\"> de T&amp;E. Bez redukcji wolumen\u00f3w obrot\u00f3w, wzrost europ\u00e9enne serait plus importante.<\/span><\/p>","protected":false},"excerpt":{"rendered":"<p>W\u015br\u00f3d ocenianych przedsi\u0119biorstw francuskich, Capgemini utrzymuje swoj\u0105 przewag\u0119 nad konkurencj\u0105, zmniejszaj\u0105c emisje w latach 2023-2024. Z kolei Sanofi zwi\u0119kszy swoje emisje.<\/p>","protected":false},"featured_media":17863,"template":"","topic":[249],"visibility":[],"post-country":[31],"language":[38],"category-post-type":[242],"class_list":["post-17757","library","type-library","status-publish","has-post-thumbnail","hentry","topic-french-emission-tracker","post-country-france","language-french","category-post-type-analysis"],"yoast_head":"<!-- This site is optimized with the Yoast SEO plugin v27.5 - https:\/\/yoast.com\/product\/yoast-seo-wordpress\/ -->\n<title>Voyages d\u2019affaires : les \u00e9missions des grands groupes fran\u00e7ais ont diminu\u00e9 de 18% par rapport \u00e0 2019 - Travel Smart Campaign<\/title>\n<meta name=\"robots\" content=\"index, follow, max-snippet:-1, max-image-preview:large, max-video-preview:-1\" \/>\n<link rel=\"canonical\" href=\"https:\/\/travelsmartcampaign.org\/pl\/biblioteka\/voyages-daffaires-les-emissions-des-grands-groupes-francais-ont-diminue-de-18-par-rapport-a-2019\/\" \/>\n<meta property=\"og:locale\" content=\"pl_PL\" \/>\n<meta property=\"og:type\" content=\"article\" \/>\n<meta property=\"og:title\" content=\"Voyages d\u2019affaires : les \u00e9missions des grands groupes fran\u00e7ais ont diminu\u00e9 de 18% par rapport \u00e0 2019 - Travel Smart Campaign\" \/>\n<meta property=\"og:description\" content=\"Parmi les entreprises fran\u00e7aises \u00e9valu\u00e9es, Capgemini tire son \u00e9pingle du jeu en r\u00e9duisant ses \u00e9missions entre 2023 et 2024. En revanche, Sanofi laisse filer ses \u00e9missions \u00e0 la hausse.\" \/>\n<meta property=\"og:url\" content=\"https:\/\/travelsmartcampaign.org\/pl\/biblioteka\/voyages-daffaires-les-emissions-des-grands-groupes-francais-ont-diminue-de-18-par-rapport-a-2019\/\" \/>\n<meta property=\"og:site_name\" content=\"Travel Smart Campaign\" \/>\n<meta property=\"article:modified_time\" content=\"2025-07-16T15:26:11+00:00\" \/>\n<meta property=\"og:image\" content=\"https:\/\/travelsmartcampaign.org\/wp-content\/uploads\/aircraft-475409_1280.jpg\" \/>\n\t<meta property=\"og:image:width\" content=\"1280\" \/>\n\t<meta property=\"og:image:height\" content=\"854\" \/>\n\t<meta property=\"og:image:type\" content=\"image\/jpeg\" \/>\n<meta name=\"twitter:card\" content=\"summary_large_image\" \/>\n<meta name=\"twitter:label1\" content=\"Szacowany czas czytania\" \/>\n\t<meta name=\"twitter:data1\" content=\"4 minuty\" \/>\n<script type=\"application\/ld+json\" class=\"yoast-schema-graph\">{\"@context\":\"https:\\\/\\\/schema.org\",\"@graph\":[{\"@type\":\"WebPage\",\"@id\":\"https:\\\/\\\/travelsmartcampaign.org\\\/de\\\/bibliothek\\\/voyages-daffaires-les-emissions-des-grands-groupes-francais-ont-diminue-de-18-par-rapport-a-2019\\\/\",\"url\":\"https:\\\/\\\/travelsmartcampaign.org\\\/de\\\/bibliothek\\\/voyages-daffaires-les-emissions-des-grands-groupes-francais-ont-diminue-de-18-par-rapport-a-2019\\\/\",\"name\":\"Voyages d\u2019affaires : les \u00e9missions des grands groupes fran\u00e7ais ont diminu\u00e9 de 18% par rapport \u00e0 2019 - Travel Smart Campaign\",\"isPartOf\":{\"@id\":\"https:\\\/\\\/travelsmartcampaign.org\\\/#website\"},\"primaryImageOfPage\":{\"@id\":\"https:\\\/\\\/travelsmartcampaign.org\\\/de\\\/bibliothek\\\/voyages-daffaires-les-emissions-des-grands-groupes-francais-ont-diminue-de-18-par-rapport-a-2019\\\/#primaryimage\"},\"image\":{\"@id\":\"https:\\\/\\\/travelsmartcampaign.org\\\/de\\\/bibliothek\\\/voyages-daffaires-les-emissions-des-grands-groupes-francais-ont-diminue-de-18-par-rapport-a-2019\\\/#primaryimage\"},\"thumbnailUrl\":\"https:\\\/\\\/travelsmartcampaign.org\\\/wp-content\\\/uploads\\\/aircraft-475409_1280.jpg\",\"datePublished\":\"2025-05-12T23:01:25+00:00\",\"dateModified\":\"2025-07-16T15:26:11+00:00\",\"breadcrumb\":{\"@id\":\"https:\\\/\\\/travelsmartcampaign.org\\\/de\\\/bibliothek\\\/voyages-daffaires-les-emissions-des-grands-groupes-francais-ont-diminue-de-18-par-rapport-a-2019\\\/#breadcrumb\"},\"inLanguage\":\"pl-PL\",\"potentialAction\":[{\"@type\":\"ReadAction\",\"target\":[\"https:\\\/\\\/travelsmartcampaign.org\\\/de\\\/bibliothek\\\/voyages-daffaires-les-emissions-des-grands-groupes-francais-ont-diminue-de-18-par-rapport-a-2019\\\/\"]}]},{\"@type\":\"ImageObject\",\"inLanguage\":\"pl-PL\",\"@id\":\"https:\\\/\\\/travelsmartcampaign.org\\\/de\\\/bibliothek\\\/voyages-daffaires-les-emissions-des-grands-groupes-francais-ont-diminue-de-18-par-rapport-a-2019\\\/#primaryimage\",\"url\":\"https:\\\/\\\/travelsmartcampaign.org\\\/wp-content\\\/uploads\\\/aircraft-475409_1280.jpg\",\"contentUrl\":\"https:\\\/\\\/travelsmartcampaign.org\\\/wp-content\\\/uploads\\\/aircraft-475409_1280.jpg\",\"width\":1280,\"height\":854},{\"@type\":\"BreadcrumbList\",\"@id\":\"https:\\\/\\\/travelsmartcampaign.org\\\/de\\\/bibliothek\\\/voyages-daffaires-les-emissions-des-grands-groupes-francais-ont-diminue-de-18-par-rapport-a-2019\\\/#breadcrumb\",\"itemListElement\":[{\"@type\":\"ListItem\",\"position\":1,\"name\":\"Home\",\"item\":\"https:\\\/\\\/travelsmartcampaign.org\\\/\"},{\"@type\":\"ListItem\",\"position\":2,\"name\":\"Voyages d\u2019affaires : les \u00e9missions des grands groupes fran\u00e7ais ont diminu\u00e9 de 18% par rapport \u00e0 2019\"}]},{\"@type\":\"WebSite\",\"@id\":\"https:\\\/\\\/travelsmartcampaign.org\\\/#website\",\"url\":\"https:\\\/\\\/travelsmartcampaign.org\\\/\",\"name\":\"Travel Smart\",\"description\":\"\",\"publisher\":{\"@id\":\"https:\\\/\\\/travelsmartcampaign.org\\\/#organization\"},\"potentialAction\":[{\"@type\":\"SearchAction\",\"target\":{\"@type\":\"EntryPoint\",\"urlTemplate\":\"https:\\\/\\\/travelsmartcampaign.org\\\/?s={search_term_string}\"},\"query-input\":{\"@type\":\"PropertyValueSpecification\",\"valueRequired\":true,\"valueName\":\"search_term_string\"}}],\"inLanguage\":\"pl-PL\"},{\"@type\":\"Organization\",\"@id\":\"https:\\\/\\\/travelsmartcampaign.org\\\/#organization\",\"name\":\"Travel Smart\",\"url\":\"https:\\\/\\\/travelsmartcampaign.org\\\/\",\"logo\":{\"@type\":\"ImageObject\",\"inLanguage\":\"pl-PL\",\"@id\":\"https:\\\/\\\/travelsmartcampaign.org\\\/#\\\/schema\\\/logo\\\/image\\\/\",\"url\":\"https:\\\/\\\/travelsmartcampaign.org\\\/wp-content\\\/uploads\\\/travel-smart-min.jpeg\",\"contentUrl\":\"https:\\\/\\\/travelsmartcampaign.org\\\/wp-content\\\/uploads\\\/travel-smart-min.jpeg\",\"width\":1200,\"height\":690,\"caption\":\"Travel Smart\"},\"image\":{\"@id\":\"https:\\\/\\\/travelsmartcampaign.org\\\/#\\\/schema\\\/logo\\\/image\\\/\"}}]}<\/script>\n<!-- \/ Yoast SEO plugin. -->","yoast_head_json":{"title":"Podr\u00f3\u017ce s\u0142u\u017cbowe: emisje du\u017cych francuskich grup zmniejszy\u0142y si\u0119 o 18% w por\u00f3wnaniu z rokiem 2019 \u2013 Travel Smart Campaign","robots":{"index":"index","follow":"follow","max-snippet":"max-snippet:-1","max-image-preview":"max-image-preview:large","max-video-preview":"max-video-preview:-1"},"canonical":"https:\/\/travelsmartcampaign.org\/pl\/biblioteka\/voyages-daffaires-les-emissions-des-grands-groupes-francais-ont-diminue-de-18-par-rapport-a-2019\/","og_locale":"pl_PL","og_type":"article","og_title":"Voyages d\u2019affaires : les \u00e9missions des grands groupes fran\u00e7ais ont diminu\u00e9 de 18% par rapport \u00e0 2019 - Travel Smart Campaign","og_description":"Parmi les entreprises fran\u00e7aises \u00e9valu\u00e9es, Capgemini tire son \u00e9pingle du jeu en r\u00e9duisant ses \u00e9missions entre 2023 et 2024. En revanche, Sanofi laisse filer ses \u00e9missions \u00e0 la hausse.","og_url":"https:\/\/travelsmartcampaign.org\/pl\/biblioteka\/voyages-daffaires-les-emissions-des-grands-groupes-francais-ont-diminue-de-18-par-rapport-a-2019\/","og_site_name":"Travel Smart Campaign","article_modified_time":"2025-07-16T15:26:11+00:00","og_image":[{"width":1280,"height":854,"url":"https:\/\/travelsmartcampaign.org\/wp-content\/uploads\/aircraft-475409_1280.jpg","type":"image\/jpeg"}],"twitter_card":"summary_large_image","twitter_misc":{"Szacowany czas czytania":"4 minuty"},"schema":{"@context":"https:\/\/schema.org","@graph":[{"@type":"WebPage","@id":"https:\/\/travelsmartcampaign.org\/de\/bibliothek\/voyages-daffaires-les-emissions-des-grands-groupes-francais-ont-diminue-de-18-par-rapport-a-2019\/","url":"https:\/\/travelsmartcampaign.org\/de\/bibliothek\/voyages-daffaires-les-emissions-des-grands-groupes-francais-ont-diminue-de-18-par-rapport-a-2019\/","name":"Podr\u00f3\u017ce s\u0142u\u017cbowe: emisje du\u017cych francuskich grup zmniejszy\u0142y si\u0119 o 18% w por\u00f3wnaniu z rokiem 2019 \u2013 Travel Smart Campaign","isPartOf":{"@id":"https:\/\/travelsmartcampaign.org\/#website"},"primaryImageOfPage":{"@id":"https:\/\/travelsmartcampaign.org\/de\/bibliothek\/voyages-daffaires-les-emissions-des-grands-groupes-francais-ont-diminue-de-18-par-rapport-a-2019\/#primaryimage"},"image":{"@id":"https:\/\/travelsmartcampaign.org\/de\/bibliothek\/voyages-daffaires-les-emissions-des-grands-groupes-francais-ont-diminue-de-18-par-rapport-a-2019\/#primaryimage"},"thumbnailUrl":"https:\/\/travelsmartcampaign.org\/wp-content\/uploads\/aircraft-475409_1280.jpg","datePublished":"2025-05-12T23:01:25+00:00","dateModified":"2025-07-16T15:26:11+00:00","breadcrumb":{"@id":"https:\/\/travelsmartcampaign.org\/de\/bibliothek\/voyages-daffaires-les-emissions-des-grands-groupes-francais-ont-diminue-de-18-par-rapport-a-2019\/#breadcrumb"},"inLanguage":"pl-PL","potentialAction":[{"@type":"ReadAction","target":["https:\/\/travelsmartcampaign.org\/de\/bibliothek\/voyages-daffaires-les-emissions-des-grands-groupes-francais-ont-diminue-de-18-par-rapport-a-2019\/"]}]},{"@type":"ImageObject","inLanguage":"pl-PL","@id":"https:\/\/travelsmartcampaign.org\/de\/bibliothek\/voyages-daffaires-les-emissions-des-grands-groupes-francais-ont-diminue-de-18-par-rapport-a-2019\/#primaryimage","url":"https:\/\/travelsmartcampaign.org\/wp-content\/uploads\/aircraft-475409_1280.jpg","contentUrl":"https:\/\/travelsmartcampaign.org\/wp-content\/uploads\/aircraft-475409_1280.jpg","width":1280,"height":854},{"@type":"BreadcrumbList","@id":"https:\/\/travelsmartcampaign.org\/de\/bibliothek\/voyages-daffaires-les-emissions-des-grands-groupes-francais-ont-diminue-de-18-par-rapport-a-2019\/#breadcrumb","itemListElement":[{"@type":"ListItem","position":1,"name":"Home","item":"https:\/\/travelsmartcampaign.org\/"},{"@type":"ListItem","position":2,"name":"Voyages d\u2019affaires : les \u00e9missions des grands groupes fran\u00e7ais ont diminu\u00e9 de 18% par rapport \u00e0 2019"}]},{"@type":"WebSite","@id":"https:\/\/travelsmartcampaign.org\/#website","url":"https:\/\/travelsmartcampaign.org\/","name":"Travel Smart","description":"","publisher":{"@id":"https:\/\/travelsmartcampaign.org\/#organization"},"potentialAction":[{"@type":"SearchAction","target":{"@type":"EntryPoint","urlTemplate":"https:\/\/travelsmartcampaign.org\/?s={search_term_string}"},"query-input":{"@type":"PropertyValueSpecification","valueRequired":true,"valueName":"search_term_string"}}],"inLanguage":"pl-PL"},{"@type":"Organization","@id":"https:\/\/travelsmartcampaign.org\/#organization","name":"Travel Smart","url":"https:\/\/travelsmartcampaign.org\/","logo":{"@type":"ImageObject","inLanguage":"pl-PL","@id":"https:\/\/travelsmartcampaign.org\/#\/schema\/logo\/image\/","url":"https:\/\/travelsmartcampaign.org\/wp-content\/uploads\/travel-smart-min.jpeg","contentUrl":"https:\/\/travelsmartcampaign.org\/wp-content\/uploads\/travel-smart-min.jpeg","width":1200,"height":690,"caption":"Travel Smart"},"image":{"@id":"https:\/\/travelsmartcampaign.org\/#\/schema\/logo\/image\/"}}]}},"_links":{"self":[{"href":"https:\/\/travelsmartcampaign.org\/pl\/wp-json\/wp\/v2\/library\/17757","targetHints":{"allow":["GET"]}}],"collection":[{"href":"https:\/\/travelsmartcampaign.org\/pl\/wp-json\/wp\/v2\/library"}],"about":[{"href":"https:\/\/travelsmartcampaign.org\/pl\/wp-json\/wp\/v2\/types\/library"}],"version-history":[{"count":0,"href":"https:\/\/travelsmartcampaign.org\/pl\/wp-json\/wp\/v2\/library\/17757\/revisions"}],"wp:featuredmedia":[{"embeddable":true,"href":"https:\/\/travelsmartcampaign.org\/pl\/wp-json\/wp\/v2\/media\/17863"}],"wp:attachment":[{"href":"https:\/\/travelsmartcampaign.org\/pl\/wp-json\/wp\/v2\/media?parent=17757"}],"wp:term":[{"taxonomy":"topic","embeddable":true,"href":"https:\/\/travelsmartcampaign.org\/pl\/wp-json\/wp\/v2\/topic?post=17757"},{"taxonomy":"visibility","embeddable":true,"href":"https:\/\/travelsmartcampaign.org\/pl\/wp-json\/wp\/v2\/visibility?post=17757"},{"taxonomy":"post-country","embeddable":true,"href":"https:\/\/travelsmartcampaign.org\/pl\/wp-json\/wp\/v2\/post-country?post=17757"},{"taxonomy":"language","embeddable":true,"href":"https:\/\/travelsmartcampaign.org\/pl\/wp-json\/wp\/v2\/language?post=17757"},{"taxonomy":"category-post-type","embeddable":true,"href":"https:\/\/travelsmartcampaign.org\/pl\/wp-json\/wp\/v2\/category-post-type?post=17757"}],"curies":[{"name":"wp","href":"https:\/\/api.w.org\/{rel}","templated":true}]}}