{"id":3598,"date":"2022-11-06T00:01:07","date_gmt":"2022-11-05T23:01:07","guid":{"rendered":"http:\/\/travelsmartcampaign.org\/?post_type=library&#038;p=3598"},"modified":"2022-11-05T17:52:31","modified_gmt":"2022-11-05T16:52:31","slug":"a-maioria-dos-funcionarios-espera-que-os-altos-executivos-estabelecam-metas-corporativas-de-reducao-de-voos","status":"publish","type":"library","link":"https:\/\/travelsmartcampaign.org\/pl\/library\/a-maioria-dos-funcionarios-espera-que-os-altos-executivos-estabelecam-metas-corporativas-de-reducao-de-voos\/","title":{"rendered":"Novo estudo em 5 pa\u00edses chave vem potwierdzi\u0107 que a maioria dos funcion\u00e1rios espera que os altos executivos estabele\u00e7am metas corporativas de redu\u00e7\u00e3o de voos"},"content":{"rendered":"<p><b>Tr\u00eas em cada cinco funcion\u00e1rios<\/b><span style=\"font-weight: 400;\"> de empresas que viajam de avi\u00e3o em trabalho <\/span><b>reduziram a quantidade de viagens como wynikado da pandemia<\/b><span style=\"font-weight: 400;\">, demonstra um novo estudo no \u00e2mbito da campanha Viajar Responsavelmente (<\/span><i><span style=\"font-weight: 400;\">Travel Smart<\/span><\/i><span style=\"font-weight: 400;\">), od czego ZERO fazy.<\/span><\/p>\n<p><span style=\"font-weight: 400;\">Outra conclus\u00e3o demonstrada pelo estudo, \u00e9 que a grande maioria dos funcion\u00e1rios das empresas <\/span><b>acreditam que as suas entidades t\u00eam um papel valide a desempenhar na luta contra a crise clim\u00e1tica<\/b><span style=\"font-weight: 400;\"> \u2013 77% dos 2 500 funcion\u00e1rios entrevistados nos Estados Unidos (EUA), Reino Unido, Francja, Alemanha i Espanha s\u00e3o desta opini\u00e3o. Para se qualificarem para a pesquisa realizada, os entrevistados deveriam estar empregados em tempo integral, numa organiza\u00e7\u00e3o com pelo menos 50 funcion\u00e1rios e ter entre 18 e 74 anos.<\/span><\/p>\n<p><span style=\"font-weight: 400;\">A maioria dos inquiridos requireiram estar dispostos a fazer mudan\u00e7as nos seus padr\u00f5es de viagem em prol da sustentabilidade, no par\u00e2metro ambiental, acreditando tamb\u00e9m que requiream ter um papel valide na defini\u00e7\u00e3o das politicas internas de viagens dos locais onde trabalham. Partilham ainda da opini\u00e3o que <\/span><b>as empresas devem estabelecer metas corporativas de redu\u00e7\u00e3o de voos<\/b><span style=\"font-weight: 400;\"> (74% dos entrevistados), sendo isso um fator valide para reduzir as respetivas pegadas de carbono, um wynikado comum a todos os pa\u00edses europeus.<\/span><\/p>\n<p><span style=\"font-weight: 400;\">A Federa\u00e7\u00e3o Europeia de Transportes e Ambiente (T&amp;E), que a ZERO integra e secunda, rozwa\u017c que os funcion\u00e1rios das empresas desejam um novo paradigma, que as metas e politicas corporativas devem ser <\/span><b>claras e alinhadas com jako oczekuj\u0105ce funkcje<\/b><span style=\"font-weight: 400;\">, sendo que isto \u00e9 um fator que j\u00e1 est\u00e1 a ajudar as empresas a recrutar e reter talento.<\/span><\/p>\n<p><span style=\"font-weight: 400;\">Este estudo chega numa altura em que h\u00e1 uma sensa\u00e7\u00e3o crescente de que os n\u00edveis mais baixos de voos empresariais vieram para ficar. Daqueles que relataram voar em trabalho atualmente ou antes da pandemia, <\/span><b>63% viajam mniej<\/b><span style=\"font-weight: 400;\"> jak wynik pandemii, 27% dizem que viajam com mesma frequ\u00eancia i 11% dopuszczony przez viajar mais agora.<\/span><\/p>\n<p><img loading=\"lazy\" decoding=\"async\" class=\"alignnone size-large wp-image-3694\" src=\"http:\/\/travelsmartcampaign.org\/wp-content\/uploads\/PT-Travel-Smart-Poll-Infographics-1-1024x576.png\" alt=\"\" width=\"800\" height=\"450\" srcset=\"https:\/\/travelsmartcampaign.org\/wp-content\/uploads\/PT-Travel-Smart-Poll-Infographics-1-1024x576.png 1024w, https:\/\/travelsmartcampaign.org\/wp-content\/uploads\/PT-Travel-Smart-Poll-Infographics-1-300x169.png 300w, https:\/\/travelsmartcampaign.org\/wp-content\/uploads\/PT-Travel-Smart-Poll-Infographics-1-768x432.png 768w, https:\/\/travelsmartcampaign.org\/wp-content\/uploads\/PT-Travel-Smart-Poll-Infographics-1-1536x864.png 1536w, https:\/\/travelsmartcampaign.org\/wp-content\/uploads\/PT-Travel-Smart-Poll-Infographics-1-18x10.png 18w, https:\/\/travelsmartcampaign.org\/wp-content\/uploads\/PT-Travel-Smart-Poll-Infographics-1.png 1920w\" sizes=\"auto, (max-width: 800px) 100vw, 800px\" \/><\/p>\n<p><span style=\"font-weight: 400;\">A pandemia mostrou a facilidade com que os funcion\u00e1rios podem reduzir os voos empresariais, recorrendo a alternativas de menores emiss\u00f5es de carbono. Quando perguntados sobre sua prefer\u00eancia sobre como reduzir o wp\u0142yw na otoczenie das viagens a\u00e9reas empresariais, os funcion\u00e1rios Nesta pesquisa foram mais propensos a dizer que preferem <\/span><b>technologie i <\/b><b><i>oprogramowanie<\/i><\/b><b> wsp\u00f3\u0142praca wirtualna<\/b><span style=\"font-weight: 400;\"> (53% do rozwa\u017cenia). <\/span><b>B\u0105d\u017a z mniejsz\u0105 cz\u0119stotliwo\u015bci\u0105<\/b><span style=\"font-weight: 400;\"> (36%) i <\/span><b>optar por outros meios de transporte<\/b><span style=\"font-weight: 400;\"> (32%) receberam cerca de um ter\u00e7o das inten\u00e7\u00f5es.\u00a0<\/span><\/p>\n<p><span style=\"font-weight: 400;\">Prev\u00ea-se que a mudan\u00e7a para um modo de colabora\u00e7\u00e3o remota tenha um grande Impacto em termos de reuni\u00f5es internas empresariais. A grande maioria dos colaboradores inquiridos (72%) dizem que <\/span><b>est\u00e3o dispostos a viajar menos para reuni\u00f5es internas<\/b><span style=\"font-weight: 400;\">, com 67% deles dispostos a planear mais reuni\u00f5es locais por oposi\u00e7\u00e3o a reuni\u00f5es globais, e, portanto, potencialmente evitando voos de longo curso.<\/span><\/p>\n<p><span style=\"font-weight: 400;\">A Federa\u00e7\u00e3o de Transportes e Ambiente ea ZERO entendem que a Confer\u00eancia das Partes das Na\u00e7\u00f5es Unidas, que se inicia no dia 6 de novembro no Egipto, \u00e9 o momento ideal para os <\/span><b>l\u00edderes empresariais preocupados com o clima<\/b><span style=\"font-weight: 400;\">, darem o egemplo, egzamininando os seus pr\u00f3prios h\u00e1bitos de voo. Devem aproveitar tamb\u00e9m o momento para se comprometerem a <\/span><b>diminuir o numero de viagens a\u00e9reas empresariais em pelo menos 50%<\/b><span style=\"font-weight: 400;\">, em rela\u00e7\u00e3o aos n\u00edveis pre-pandemia.<\/span><\/p>\n<p style=\"text-align: center;\"><a href=\"http:\/\/travelsmartcampaign.org\/wp-content\/uploads\/Travel-Smart-Topline-101922_USPA.docx.pdf\">Pobierz wyniki Ipsos<\/a><\/p>\n<p><b>Uwagi dla redaktor\u00f3w:<\/b><\/p>\n<p><span style=\"font-weight: 400;\">Pesquisa for form online pela Ipsos, utilizando uma amostra de 2 506 doros\u0142ych de cinco pa\u00edses \u2013 EUA, Reino Unido, Fran\u00e7a, Alemanha i Espanha. Para se qualificarem para a pesquisa, os entrevistados precisavam de estar empregados em per\u00edodo integral numa organiza\u00e7\u00e3o com pelo menos 50 funcion\u00e1rios e ter entre 18 e 74 anos. Amostra de funcion\u00e1rios foi ainda dividida para refletir apenas os funcion\u00e1rios que viajam de avi\u00e3o em trabalho. Os funcion\u00e1rios que viajam de avi\u00e3o em trabalho Neste estudo referem-se \u00e0queles que dizem que voaram em trabalho antes do COVID ou que voam atualmente em trabalho. Amostra de funcion\u00e1rios que viajam de avi\u00e3o em trabalho foi de 1 279 pessoas. O trabalho de campo foi realizado entre 6 i 10 de outubro de 2022. Os pesos demogr\u00e1ficos foram aplicados ao n\u00edvel do pa\u00eds. A pesquisa tem umintervalo de credibilidade de mais ou menos 2,4 pontos percentuais para todos os entrevistados. A pesquisa tem tamb\u00e9m umintervalo de credibilidade de mais ou menos 3,4 pontos percentuais para os funcion\u00e1rios que viajam de avi\u00e3o em trabalho.<\/span><\/p>\n<p>&nbsp;<\/p>","protected":false},"excerpt":{"rendered":"<p>Tr\u00eas em cada cinco funcion\u00e1rios de empresas que viajam de avi\u00e3o em trabalho reduziram a quantidade de viagens como wynikado da pandemia<\/p>","protected":false},"featured_media":3622,"template":"","topic":[],"visibility":[],"post-country":[34],"language":[40],"category-post-type":[28],"class_list":["post-3598","library","type-library","status-publish","has-post-thumbnail","hentry","post-country-portugal","language-portuguese","category-post-type-press-release"],"yoast_head":"<!-- This site is optimized with the Yoast SEO plugin v27.5 - https:\/\/yoast.com\/product\/yoast-seo-wordpress\/ -->\n<title>Novo estudo em 5 pa\u00edses chave vem confirmar que a maioria dos funcion\u00e1rios espera que os altos executivos estabele\u00e7am metas corporativas de redu\u00e7\u00e3o de voos - Travel Smart Campaign<\/title>\n<meta name=\"robots\" content=\"index, follow, max-snippet:-1, max-image-preview:large, max-video-preview:-1\" \/>\n<link rel=\"canonical\" href=\"https:\/\/travelsmartcampaign.org\/pl\/biblioteka\/a-maioria-dos-funcionarios-espera-que-os-altos-executivos-estabelecam-metas-corporativas-de-reducao-de-voos\/\" \/>\n<meta property=\"og:locale\" content=\"pl_PL\" \/>\n<meta property=\"og:type\" content=\"article\" \/>\n<meta property=\"og:title\" content=\"Novo estudo em 5 pa\u00edses chave vem confirmar que a maioria dos funcion\u00e1rios espera que os altos executivos estabele\u00e7am metas corporativas de redu\u00e7\u00e3o de voos - Travel Smart Campaign\" \/>\n<meta property=\"og:description\" content=\"Tr\u00eas em cada cinco funcion\u00e1rios de empresas que viajam de avi\u00e3o em trabalho reduziram a quantidade de viagens como resultado da pandemia\" \/>\n<meta property=\"og:url\" content=\"https:\/\/travelsmartcampaign.org\/pl\/biblioteka\/a-maioria-dos-funcionarios-espera-que-os-altos-executivos-estabelecam-metas-corporativas-de-reducao-de-voos\/\" \/>\n<meta property=\"og:site_name\" content=\"Travel Smart Campaign\" \/>\n<meta property=\"og:image\" content=\"https:\/\/travelsmartcampaign.org\/wp-content\/uploads\/pexels-tima-miroshnichenko-5725432-scaled.jpg\" \/>\n\t<meta property=\"og:image:width\" content=\"2560\" \/>\n\t<meta property=\"og:image:height\" content=\"1707\" \/>\n\t<meta property=\"og:image:type\" content=\"image\/jpeg\" \/>\n<meta name=\"twitter:card\" content=\"summary_large_image\" \/>\n<meta name=\"twitter:label1\" content=\"Szacowany czas czytania\" \/>\n\t<meta name=\"twitter:data1\" content=\"4 minuty\" \/>\n<script type=\"application\/ld+json\" class=\"yoast-schema-graph\">{\"@context\":\"https:\\\/\\\/schema.org\",\"@graph\":[{\"@type\":\"WebPage\",\"@id\":\"https:\\\/\\\/travelsmartcampaign.org\\\/library\\\/a-maioria-dos-funcionarios-espera-que-os-altos-executivos-estabelecam-metas-corporativas-de-reducao-de-voos\\\/\",\"url\":\"https:\\\/\\\/travelsmartcampaign.org\\\/library\\\/a-maioria-dos-funcionarios-espera-que-os-altos-executivos-estabelecam-metas-corporativas-de-reducao-de-voos\\\/\",\"name\":\"Novo estudo em 5 pa\u00edses chave vem confirmar que a maioria dos funcion\u00e1rios espera que os altos executivos estabele\u00e7am metas corporativas de redu\u00e7\u00e3o de voos - Travel Smart Campaign\",\"isPartOf\":{\"@id\":\"https:\\\/\\\/travelsmartcampaign.org\\\/#website\"},\"primaryImageOfPage\":{\"@id\":\"https:\\\/\\\/travelsmartcampaign.org\\\/library\\\/a-maioria-dos-funcionarios-espera-que-os-altos-executivos-estabelecam-metas-corporativas-de-reducao-de-voos\\\/#primaryimage\"},\"image\":{\"@id\":\"https:\\\/\\\/travelsmartcampaign.org\\\/library\\\/a-maioria-dos-funcionarios-espera-que-os-altos-executivos-estabelecam-metas-corporativas-de-reducao-de-voos\\\/#primaryimage\"},\"thumbnailUrl\":\"https:\\\/\\\/travelsmartcampaign.org\\\/wp-content\\\/uploads\\\/pexels-tima-miroshnichenko-5725432-scaled.jpg\",\"datePublished\":\"2022-11-05T23:01:07+00:00\",\"breadcrumb\":{\"@id\":\"https:\\\/\\\/travelsmartcampaign.org\\\/library\\\/a-maioria-dos-funcionarios-espera-que-os-altos-executivos-estabelecam-metas-corporativas-de-reducao-de-voos\\\/#breadcrumb\"},\"inLanguage\":\"pl-PL\",\"potentialAction\":[{\"@type\":\"ReadAction\",\"target\":[\"https:\\\/\\\/travelsmartcampaign.org\\\/library\\\/a-maioria-dos-funcionarios-espera-que-os-altos-executivos-estabelecam-metas-corporativas-de-reducao-de-voos\\\/\"]}]},{\"@type\":\"ImageObject\",\"inLanguage\":\"pl-PL\",\"@id\":\"https:\\\/\\\/travelsmartcampaign.org\\\/library\\\/a-maioria-dos-funcionarios-espera-que-os-altos-executivos-estabelecam-metas-corporativas-de-reducao-de-voos\\\/#primaryimage\",\"url\":\"https:\\\/\\\/travelsmartcampaign.org\\\/wp-content\\\/uploads\\\/pexels-tima-miroshnichenko-5725432-scaled.jpg\",\"contentUrl\":\"https:\\\/\\\/travelsmartcampaign.org\\\/wp-content\\\/uploads\\\/pexels-tima-miroshnichenko-5725432-scaled.jpg\",\"width\":2560,\"height\":1707},{\"@type\":\"BreadcrumbList\",\"@id\":\"https:\\\/\\\/travelsmartcampaign.org\\\/library\\\/a-maioria-dos-funcionarios-espera-que-os-altos-executivos-estabelecam-metas-corporativas-de-reducao-de-voos\\\/#breadcrumb\",\"itemListElement\":[{\"@type\":\"ListItem\",\"position\":1,\"name\":\"Home\",\"item\":\"https:\\\/\\\/travelsmartcampaign.org\\\/\"},{\"@type\":\"ListItem\",\"position\":2,\"name\":\"Novo estudo em 5 pa\u00edses chave vem confirmar que a maioria dos funcion\u00e1rios espera que os altos executivos estabele\u00e7am metas corporativas de redu\u00e7\u00e3o de voos\"}]},{\"@type\":\"WebSite\",\"@id\":\"https:\\\/\\\/travelsmartcampaign.org\\\/#website\",\"url\":\"https:\\\/\\\/travelsmartcampaign.org\\\/\",\"name\":\"Travel Smart\",\"description\":\"\",\"publisher\":{\"@id\":\"https:\\\/\\\/travelsmartcampaign.org\\\/#organization\"},\"potentialAction\":[{\"@type\":\"SearchAction\",\"target\":{\"@type\":\"EntryPoint\",\"urlTemplate\":\"https:\\\/\\\/travelsmartcampaign.org\\\/?s={search_term_string}\"},\"query-input\":{\"@type\":\"PropertyValueSpecification\",\"valueRequired\":true,\"valueName\":\"search_term_string\"}}],\"inLanguage\":\"pl-PL\"},{\"@type\":\"Organization\",\"@id\":\"https:\\\/\\\/travelsmartcampaign.org\\\/#organization\",\"name\":\"Travel Smart\",\"url\":\"https:\\\/\\\/travelsmartcampaign.org\\\/\",\"logo\":{\"@type\":\"ImageObject\",\"inLanguage\":\"pl-PL\",\"@id\":\"https:\\\/\\\/travelsmartcampaign.org\\\/#\\\/schema\\\/logo\\\/image\\\/\",\"url\":\"https:\\\/\\\/travelsmartcampaign.org\\\/wp-content\\\/uploads\\\/travel-smart-min.jpeg\",\"contentUrl\":\"https:\\\/\\\/travelsmartcampaign.org\\\/wp-content\\\/uploads\\\/travel-smart-min.jpeg\",\"width\":1200,\"height\":690,\"caption\":\"Travel Smart\"},\"image\":{\"@id\":\"https:\\\/\\\/travelsmartcampaign.org\\\/#\\\/schema\\\/logo\\\/image\\\/\"}}]}<\/script>\n<!-- \/ Yoast SEO plugin. -->","yoast_head_json":{"title":"Nowe badanie przeprowadzone w 5 kluczowych krajach potwierdza, \u017ce wi\u0119kszo\u015b\u0107 pracownik\u00f3w oczekuje od kadry kierowniczej wy\u017cszego szczebla ustalenia cel\u00f3w korporacyjnych dotycz\u0105cych ograniczenia liczby lot\u00f3w - kampania Travel Smart.","robots":{"index":"index","follow":"follow","max-snippet":"max-snippet:-1","max-image-preview":"max-image-preview:large","max-video-preview":"max-video-preview:-1"},"canonical":"https:\/\/travelsmartcampaign.org\/pl\/biblioteka\/a-maioria-dos-funcionarios-espera-que-os-altos-executivos-estabelecam-metas-corporativas-de-reducao-de-voos\/","og_locale":"pl_PL","og_type":"article","og_title":"Novo estudo em 5 pa\u00edses chave vem confirmar que a maioria dos funcion\u00e1rios espera que os altos executivos estabele\u00e7am metas corporativas de redu\u00e7\u00e3o de voos - Travel Smart Campaign","og_description":"Tr\u00eas em cada cinco funcion\u00e1rios de empresas que viajam de avi\u00e3o em trabalho reduziram a quantidade de viagens como resultado da pandemia","og_url":"https:\/\/travelsmartcampaign.org\/pl\/biblioteka\/a-maioria-dos-funcionarios-espera-que-os-altos-executivos-estabelecam-metas-corporativas-de-reducao-de-voos\/","og_site_name":"Travel Smart Campaign","og_image":[{"width":2560,"height":1707,"url":"https:\/\/travelsmartcampaign.org\/wp-content\/uploads\/pexels-tima-miroshnichenko-5725432-scaled.jpg","type":"image\/jpeg"}],"twitter_card":"summary_large_image","twitter_misc":{"Szacowany czas czytania":"4 minuty"},"schema":{"@context":"https:\/\/schema.org","@graph":[{"@type":"WebPage","@id":"https:\/\/travelsmartcampaign.org\/library\/a-maioria-dos-funcionarios-espera-que-os-altos-executivos-estabelecam-metas-corporativas-de-reducao-de-voos\/","url":"https:\/\/travelsmartcampaign.org\/library\/a-maioria-dos-funcionarios-espera-que-os-altos-executivos-estabelecam-metas-corporativas-de-reducao-de-voos\/","name":"Nowe badanie przeprowadzone w 5 kluczowych krajach potwierdza, \u017ce wi\u0119kszo\u015b\u0107 pracownik\u00f3w oczekuje od kadry kierowniczej wy\u017cszego szczebla ustalenia cel\u00f3w korporacyjnych dotycz\u0105cych ograniczenia liczby lot\u00f3w - kampania Travel Smart.","isPartOf":{"@id":"https:\/\/travelsmartcampaign.org\/#website"},"primaryImageOfPage":{"@id":"https:\/\/travelsmartcampaign.org\/library\/a-maioria-dos-funcionarios-espera-que-os-altos-executivos-estabelecam-metas-corporativas-de-reducao-de-voos\/#primaryimage"},"image":{"@id":"https:\/\/travelsmartcampaign.org\/library\/a-maioria-dos-funcionarios-espera-que-os-altos-executivos-estabelecam-metas-corporativas-de-reducao-de-voos\/#primaryimage"},"thumbnailUrl":"https:\/\/travelsmartcampaign.org\/wp-content\/uploads\/pexels-tima-miroshnichenko-5725432-scaled.jpg","datePublished":"2022-11-05T23:01:07+00:00","breadcrumb":{"@id":"https:\/\/travelsmartcampaign.org\/library\/a-maioria-dos-funcionarios-espera-que-os-altos-executivos-estabelecam-metas-corporativas-de-reducao-de-voos\/#breadcrumb"},"inLanguage":"pl-PL","potentialAction":[{"@type":"ReadAction","target":["https:\/\/travelsmartcampaign.org\/library\/a-maioria-dos-funcionarios-espera-que-os-altos-executivos-estabelecam-metas-corporativas-de-reducao-de-voos\/"]}]},{"@type":"ImageObject","inLanguage":"pl-PL","@id":"https:\/\/travelsmartcampaign.org\/library\/a-maioria-dos-funcionarios-espera-que-os-altos-executivos-estabelecam-metas-corporativas-de-reducao-de-voos\/#primaryimage","url":"https:\/\/travelsmartcampaign.org\/wp-content\/uploads\/pexels-tima-miroshnichenko-5725432-scaled.jpg","contentUrl":"https:\/\/travelsmartcampaign.org\/wp-content\/uploads\/pexels-tima-miroshnichenko-5725432-scaled.jpg","width":2560,"height":1707},{"@type":"BreadcrumbList","@id":"https:\/\/travelsmartcampaign.org\/library\/a-maioria-dos-funcionarios-espera-que-os-altos-executivos-estabelecam-metas-corporativas-de-reducao-de-voos\/#breadcrumb","itemListElement":[{"@type":"ListItem","position":1,"name":"Home","item":"https:\/\/travelsmartcampaign.org\/"},{"@type":"ListItem","position":2,"name":"Novo estudo em 5 pa\u00edses chave vem confirmar que a maioria dos funcion\u00e1rios espera que os altos executivos estabele\u00e7am metas corporativas de redu\u00e7\u00e3o de voos"}]},{"@type":"WebSite","@id":"https:\/\/travelsmartcampaign.org\/#website","url":"https:\/\/travelsmartcampaign.org\/","name":"Travel Smart","description":"","publisher":{"@id":"https:\/\/travelsmartcampaign.org\/#organization"},"potentialAction":[{"@type":"SearchAction","target":{"@type":"EntryPoint","urlTemplate":"https:\/\/travelsmartcampaign.org\/?s={search_term_string}"},"query-input":{"@type":"PropertyValueSpecification","valueRequired":true,"valueName":"search_term_string"}}],"inLanguage":"pl-PL"},{"@type":"Organization","@id":"https:\/\/travelsmartcampaign.org\/#organization","name":"Travel Smart","url":"https:\/\/travelsmartcampaign.org\/","logo":{"@type":"ImageObject","inLanguage":"pl-PL","@id":"https:\/\/travelsmartcampaign.org\/#\/schema\/logo\/image\/","url":"https:\/\/travelsmartcampaign.org\/wp-content\/uploads\/travel-smart-min.jpeg","contentUrl":"https:\/\/travelsmartcampaign.org\/wp-content\/uploads\/travel-smart-min.jpeg","width":1200,"height":690,"caption":"Travel Smart"},"image":{"@id":"https:\/\/travelsmartcampaign.org\/#\/schema\/logo\/image\/"}}]}},"_links":{"self":[{"href":"https:\/\/travelsmartcampaign.org\/pl\/wp-json\/wp\/v2\/library\/3598","targetHints":{"allow":["GET"]}}],"collection":[{"href":"https:\/\/travelsmartcampaign.org\/pl\/wp-json\/wp\/v2\/library"}],"about":[{"href":"https:\/\/travelsmartcampaign.org\/pl\/wp-json\/wp\/v2\/types\/library"}],"version-history":[{"count":0,"href":"https:\/\/travelsmartcampaign.org\/pl\/wp-json\/wp\/v2\/library\/3598\/revisions"}],"wp:featuredmedia":[{"embeddable":true,"href":"https:\/\/travelsmartcampaign.org\/pl\/wp-json\/wp\/v2\/media\/3622"}],"wp:attachment":[{"href":"https:\/\/travelsmartcampaign.org\/pl\/wp-json\/wp\/v2\/media?parent=3598"}],"wp:term":[{"taxonomy":"topic","embeddable":true,"href":"https:\/\/travelsmartcampaign.org\/pl\/wp-json\/wp\/v2\/topic?post=3598"},{"taxonomy":"visibility","embeddable":true,"href":"https:\/\/travelsmartcampaign.org\/pl\/wp-json\/wp\/v2\/visibility?post=3598"},{"taxonomy":"post-country","embeddable":true,"href":"https:\/\/travelsmartcampaign.org\/pl\/wp-json\/wp\/v2\/post-country?post=3598"},{"taxonomy":"language","embeddable":true,"href":"https:\/\/travelsmartcampaign.org\/pl\/wp-json\/wp\/v2\/language?post=3598"},{"taxonomy":"category-post-type","embeddable":true,"href":"https:\/\/travelsmartcampaign.org\/pl\/wp-json\/wp\/v2\/category-post-type?post=3598"}],"curies":[{"name":"wp","href":"https:\/\/api.w.org\/{rel}","templated":true}]}}