{"id":6539,"date":"2023-03-15T00:01:50","date_gmt":"2023-03-14T23:01:50","guid":{"rendered":"http:\/\/travelsmartcampaign.org\/?post_type=library&#038;p=6539"},"modified":"2023-03-15T10:26:18","modified_gmt":"2023-03-15T09:26:18","slug":"les-multinationales-belges-ne-proponent-pas-de-plany-wiarygodnosci-relatifs-a-la-redukcja-emisji-de-leurs-vols-daffaires","status":"publish","type":"library","link":"https:\/\/travelsmartcampaign.org\/pl\/library\/les-multinationales-belges-ne-proposent-pas-de-plans-credibles-relatifs-a-la-reduction-des-emissions-de-leurs-vols-daffaires\/","title":{"rendered":"Les multinationales belges ne propont pas de plans cr\u00e9dibles relatifs \u00e0 la r\u00e9duction des \u00e9missions de leurs vols d&#039;affaires"},"content":{"rendered":"<p><strong>Aucune entreprise belge figurant dans la deuxi\u00e8me \u00e9dition d&#039;un <a href=\"http:\/\/travelsmartcampaign.org\/pl\/ranking\/\">klasyfikacja<\/a> sur les voyages d&#039;affaires r\u00e9alis\u00e9 par\u00a0<\/strong><em><b>Kampania Travel Smart<\/b><\/em><strong>, n&#039;a fix\u00e9 d&#039;objectif de r\u00e9duction de ses \u00e9missions li\u00e9es aux voyages d&#039;affaires. La majorit\u00e9 des entreprises belges n&#039;abordent pas la \u201epartie immerg\u00e9e de l&#039;iceberg\u201d des \u00e9missions \u201enon CO<\/strong><strong>2<\/strong><strong>\u201d associ\u00e9es \u00e0 leurs d\u00e9placements a\u00e9riens. Wyja\u015bnienia.<\/strong><\/p>\n<p><img loading=\"lazy\" decoding=\"async\" class=\"alignnone size-large wp-image-6545\" src=\"http:\/\/travelsmartcampaign.org\/wp-content\/uploads\/Original_Infographic-2-Ranking-card-for-companies-11-1-1024x576.png\" alt=\"\" width=\"800\" height=\"450\" srcset=\"https:\/\/travelsmartcampaign.org\/wp-content\/uploads\/Original_Infographic-2-Ranking-card-for-companies-11-1-1024x576.png 1024w, https:\/\/travelsmartcampaign.org\/wp-content\/uploads\/Original_Infographic-2-Ranking-card-for-companies-11-1-300x169.png 300w, https:\/\/travelsmartcampaign.org\/wp-content\/uploads\/Original_Infographic-2-Ranking-card-for-companies-11-1-768x432.png 768w, https:\/\/travelsmartcampaign.org\/wp-content\/uploads\/Original_Infographic-2-Ranking-card-for-companies-11-1-1536x864.png 1536w, https:\/\/travelsmartcampaign.org\/wp-content\/uploads\/Original_Infographic-2-Ranking-card-for-companies-11-1-18x10.png 18w, https:\/\/travelsmartcampaign.org\/wp-content\/uploads\/Original_Infographic-2-Ranking-card-for-companies-11-1.png 1920w\" sizes=\"auto, (max-width: 800px) 100vw, 800px\" \/><\/p>\n<p>Au niveau mondial, seules 50 entreprises sur les 322 du classement ont un objectif de r\u00e9duction des \u00e9missions li\u00e9es aux voyages d&#039;affaires. Parmi les entreprises qui se sont fix\u00e9 un objectif, seules quatre d&#039;entre elles obtiennent la \u201enorme d&#039;or\u201d, c&#039;est-\u00e0-dire qu&#039;elles d\u00e9clarent leurs \u00e9missions li\u00e9es au transport a\u00e9rien et s&#039;engagent \u00e0 les r\u00e9duire de 50 % lub plus, d&#039;ici \u00e0 2025 lub avant. Il s&#039;agit de Novo Nordisk (industrie pharmaceutique, Dania), Swiss Re (finanse, Suisse), Fidelity International (finanse, Royaume-Uni) i ABN Amro (finanse, Pays-Bas).<\/p>\n<p>Dans leur bilan \u2013 r\u00e9alis\u00e9 pour la premi\u00e8re fois \u2013 des d\u00e9clarations des \u00e9missions \u201enon CO2\u201d li\u00e9es aux vols d&#039;affaires, le classement r\u00e9v\u00e8le que deux entreprises belges montrent la voie en d\u00e9clarant toutes les \u00e9missions de gaz \u00e0 effet de serre associ\u00e9es aux vols d affaires: l&#039;entreprise pharmaceutique UCB et l&#039;entreprise technologique Barco NV, a nast\u0119pnie montr\u00e9 l&#039;exmple en najemca compte de l&#039;impact total des vols dans leurs rapports.<\/p>\n<p>En effet, l&#039;impact climatique des vols d&#039;affaires ne se limite pas aux \u00e9missions de CO2. En plus du CO2, les moteurs d&#039;avion \u00e9mettent d&#039;autres gaz \u2013 oxydes d&#039;azote, dioxyde de soufre et eau \u2013 ainsi que des particules (suie). Ces \u00e9missions sont commun\u00e9ment appel\u00e9es \u00e9missions \u00abnon CO2\u00bb, et\u00a0<a href=\"https:\/\/www.canopea.be\/?mailpoet_router&amp;endpoint=track&amp;action=click&amp;data=WyI5NzAxIiwiNzc0NTM1IiwiNDA3IiwiNGM0OTAyZGI0ZDIyIixmYWxzZV0\" data-saferedirecturl=\"https:\/\/www.google.com\/url?q=https:\/\/www.canopea.be?mailpoet_router%26endpoint%3Dtrack%26action%3Dclick%26data%3DWyI5NzAxIiwiNzc0NTM1IiwiNDA3IiwiNGM0OTAyZGI0ZDIyIixmYWxzZV0&amp;source=gmail&amp;ust=1678876078942000&amp;usg=AOvVaw1D-kn5JxnJV3LPfFciBtqA\">na estym\u0119<\/a>\u00a0qu&#039;elles sont responsables des deux tiers du d\u00e9r\u00e8glement climatique total d\u00fb aux vols. Pourtant, tr\u00e8s peu de compagnies refl\u00e8tent l&#039;impact total des vols d&#039;affaires en comptabilisant les effets \u00abnon CO2\u00bb.<\/p>\n<p>Marie Spaey, odpowiedzialna za misj\u0119 turystyki\u00a0<a href=\"https:\/\/www.canopea.be\/?mailpoet_router&amp;endpoint=track&amp;action=click&amp;data=WyI5NzAxIiwiNzc0NTM1IiwiNDA3IiwiZThmMDkyYzRlYTI2IixmYWxzZV0\" target=\"_blank\" rel=\"noopener\" data-saferedirecturl=\"https:\/\/www.google.com\/url?q=https:\/\/www.canopea.be?mailpoet_router%26endpoint%3Dtrack%26action%3Dclick%26data%3DWyI5NzAxIiwiNzc0NTM1IiwiNDA3IiwiZThmMDkyYzRlYTI2IixmYWxzZV0&amp;source=gmail&amp;ust=1678876078942000&amp;usg=AOvVaw2AqvLip28ijPGYxXA4ypvj\">Kanopea<\/a>, o\u015bwiadczam: \u201e<em>Les \u00e9missions dues aux voyages d&#039;affaires sont souvent responsables d&#039;une grande partie de l&#039;impact climatique d&#039;une entreprise. En les r\u00e9duisant, les entreprises peuvent r\u00e9ellement progreser dans la lutte contre le d\u00e9r\u00e8glement climatique. Cependant, de nombreuses entreprises n&#039;ont pas encore une connaissance precise de l&#039;impact climatique de leurs voyages d&#039;affaires. Seuls quelques Leaders du Classement s&#039;alignent sur la science en d\u00e9clarant les \u00e9missions autres que le CO<\/em><em>2<\/em><em>\u00a0\u2013 la partie immerg\u00e9e de l&#039;iceberg de l&#039;impact total de l&#039;aviation sur le climat.<\/em>&#8221;<\/p>\n<p>Volkswagen, KPMG i Johnson &amp; Johnson maj\u0105 trzy g\u0142\u00f3wne zasady klasyfikacyjne\u00a0<em>Travel Smart<\/em>, n&#039;ayant pas fix\u00e9 d&#039;objectifs de r\u00e9duction des \u00e9missions li\u00e9es aux voyages d&#039;affaires. Mais l&#039;analyse montre qu&#039;il est mo\u017cliwa i konieczna do ustalenia obiekt\u00f3w tels, comme l&#039;ont fait des entreprises de taille et de secteur similaires telles que Deloitte i AstraZeneca.<\/p>\n<p><a href=\"http:\/\/travelsmartcampaign.org\/pl\/biblioteka\/podrozuj-madrze-briefing-2023\/\">Studium<\/a> montre que si 10 % des entreprises \u2013 les plus gros \u00e9metteurs du classement \u2013 se fixaient des objectifs de r\u00e9duction de 50 %, cela permettrait de faire la moiti\u00e9 du chemin pour atteindre l&#039;objectif mondial de -50 % des \u00e9missions li\u00e9es aux voyages d&#039; romanse en avion d&#039;ici 2025. La r\u00e9duction des \u00e9missions de l&#039;aviation est aujourd&#039;hui plus valide que jamais, si nous voulons limiter le r\u00e9chauffement climatique \u00e0 1,5\u00b0C.<\/p>\n<p>Pour la d\u00e9cennie critique qui nous s\u00e9pare de 2030, le meilleur moyen de r\u00e9duire les \u00e9missions de l&#039;aviation est de prendre moins l&#039;avion, car l&#039;av\u00e8nement des carburants trwa\u0142ych et des avions \u00e0 \u00e9missions nulles n&#039;est -\u00e0 l&#039;heure aktuelle \u00bb esp\u00e9r\u00e9 qu&#039;apr\u00e8s 2030, tandis qu&#039;il est clair que la rekompensata ne peut se substituer \u00e0 la r\u00e9duction des \u00e9missions.<\/p>\n<p>Kampania\u00a0<em>Travel Smart<\/em>\u00a0zapro\u015b przedsi\u0119biorstwa do naprawy obiekt\u00f3w ambitieux pour r\u00e9duire les \u00e9missions li\u00e9es aux voyages d&#039;affaires, kt\u00f3re zast\u0105pi\u0105 lotnictwo w poci\u0105gu lorsque c&#039;est mo\u017cliwie i privil\u00e9gier la videoconf\u00e9rence pour remplacer les vols long-courriers.<\/p>\n<p>Marie Spaey podsumowa\u0142a: \u00ab <em>Une politique de voyages trwa\u0142ego u\u017cytku, qui int\u00e8gre notamment la tenue de r\u00e9unions en ligne et deslieux de r\u00e9union de proximit\u00e9, pr\u00e9sente de\u00a0<a href=\"https:\/\/www.canopea.be\/?mailpoet_router&amp;endpoint=track&amp;action=click&amp;data=WyI5NzAxIiwiNzc0NTM1IiwiNDA3IiwiODQ3ZDE5MDJjYTc3IixmYWxzZV0\" data-saferedirecturl=\"https:\/\/www.google.com\/url?q=https:\/\/www.canopea.be?mailpoet_router%26endpoint%3Dtrack%26action%3Dclick%26data%3DWyI5NzAxIiwiNzc0NTM1IiwiNDA3IiwiODQ3ZDE5MDJjYTc3IixmYWxzZV0&amp;source=gmail&amp;ust=1678876078942000&amp;usg=AOvVaw0l50lRnppMDJhXeyc3bndt\">nombreux zalety dla przedsi\u0119biorczo\u015bci<\/a>\u00a0: non seulement une empreinte carbone plus faible, mais aussi ungain de temps, davantage de bien-\u00eatre et une r\u00e9duction des co\u00fbts<\/em>\u00a0\u00bb.<\/p>\n<p><strong>O kampanii <\/strong><em><strong>Travel Smart<\/strong><\/em><strong>\u00a0i klasyfikacja:<\/strong>\u00a0<a href=\"https:\/\/www.canopea.be\/?mailpoet_router&amp;endpoint=track&amp;action=click&amp;data=WyI5NzAxIiwiNzc0NTM1IiwiNDA3IiwiOGVjZjJjYmI3MmQyIixmYWxzZV0\" data-saferedirecturl=\"https:\/\/www.google.com\/url?q=https:\/\/www.canopea.be?mailpoet_router%26endpoint%3Dtrack%26action%3Dclick%26data%3DWyI5NzAxIiwiNzc0NTM1IiwiNDA3IiwiOGVjZjJjYmI3MmQyIixmYWxzZV0&amp;source=gmail&amp;ust=1678876078942000&amp;usg=AOvVaw0L_CWmQa5HJUbFMBbkB7J_\">Transport &amp; Environment<\/a>, we wsp\u00f3\u0142pracy z avec une coalition de partenaires sur le plan International, a lanc\u00e9 la campagne Travel Smart en 2022 z avec l&#039;\u00e9dition annuelle d&#039;un classement des entreprises sur les pratiques trwa\u0142ego u\u017cytku en mati\u00e8re de voyages d&#039;affaires. Adres adresu dla przedsi\u0119biorstw, l&#039;objectif \u00e9tant qu&#039;elles r\u00e9duisent leurs \u00e9missions li\u00e9es aux voyages d&#039;affaires de 50 % ou plus, d&#039;ici 2025 ou plus t\u00f4t, par rapport aux niveaux ant\u00e9rieurs \u00e0 la crise du Covid.<\/p>\n<p>Le\u00a0<em>Ranking Travel Smart<\/em>\u00a0classe 322 entreprises am\u00e9ricaines, europ\u00e9ennes et indiennes en foction de 10wska\u017aniki relatifs aux \u00e9missions des voyages a\u00e9riens, aux objectifs de r\u00e9duction de ces \u00e9missions et au reporting. Au sein des 17 pays du classement, les entreprises Dont le staff voyage le plus en avion sont responsables d&#039;une part valide des voyages d&#039;affaires dans le monde. L&#039;analyse met en lumi\u00e8re les \u00e9missions valids que Surees entreprises Internationales doivent encore constir pour r\u00e9duire les \u00e9missions de leurs voyages d&#039;affaires. Les entreprises se voient attribuer une note de A, B, C ou D. Dans l&#039;\u00e9dition de cette ann\u00e9e, 11 entreprises ont obtenu la note A, 3 la note B, tandis que l&#039;\u00e9crasante majorit\u00e9 (212) a re\u00e7u la note C et 6 entreprises ont vu la note D accol\u00e9e \u00e0 leur nom.<\/p>\n<p>Pour Ac\u00e9l\u00e9rer la przej\u015bcie en mati\u00e8re de voyages d&#039;affaires, Canopea participe au d\u00e9veloppement d&#039;une Coalition pour des voyages d&#039;affaires trwa\u0142ych d\u00f3br w Belgique, r\u00e9unissant des organizacje avant-gardistes qui s&#039;engagent \u00e0 minimalizator wp\u0142ywu na \u015brodowisko i klimat podr\u00f3\u017ce d&#039;affaires. Actuellement, la moiti\u00e9 des organizacje anga\u017cuj\u0105 dans cette coalition sont des universit\u00e9s ou hautes \u00e9coles, lesquelles se montrent exampleaires et peuvent inspirator les entreprises par pewnees de leurs pratiques. Les federacje d&#039;entreprises ou d&#039;agence de voyage ont un r\u00f4le cl\u00e9 \u00e0 jouer. Belgijska Konfederacja Podr\u00f3\u017cy (f\u00e9d\u00e9ration de toutes les Associations Belges Actives dans le secteur du voyage), par example, a per\u00e7u l&#039;importance d&#039;accompagner les Agences de voyages afin de Changer Progression les Pratiques pour une meilleure Prize en Compte du Climat et de l&#039;environnement lors des voyages d&#039;affaires.<\/p>\n<table style=\"font-weight: 400;\" width=\"100%\">\n<tbody>\n<tr>\n<td><\/td>\n<\/tr>\n<\/tbody>\n<\/table>","protected":false},"excerpt":{"rendered":"<p>\u017badne belgijskie przedsi\u0119biorstwo, kt\u00f3re znalaz\u0142o si\u0119 w drugiej edycji rankingu dotycz\u0105cego podr\u00f3\u017cy s\u0142u\u017cbowych przeprowadzonego przez The Travel Smart Campaign, nie wyznaczy\u0142o sobie celu redukcji emisji zwi\u0105zanych z podr\u00f3\u017cami s\u0142u\u017cbowymi.<\/p>","protected":false},"featured_media":3318,"template":"","topic":[],"visibility":[],"post-country":[30],"language":[38],"category-post-type":[28],"class_list":["post-6539","library","type-library","status-publish","has-post-thumbnail","hentry","post-country-belgium","language-french","category-post-type-press-release"],"yoast_head":"<!-- This site is optimized with the Yoast SEO plugin v27.5 - https:\/\/yoast.com\/product\/yoast-seo-wordpress\/ -->\n<title>Les multinationales belges ne proposent pas de plans cr\u00e9dibles relatifs \u00e0 la r\u00e9duction des \u00e9missions de leurs vols d&#039;affaires - Travel Smart Campaign<\/title>\n<meta name=\"robots\" content=\"index, follow, max-snippet:-1, max-image-preview:large, max-video-preview:-1\" \/>\n<link rel=\"canonical\" href=\"https:\/\/travelsmartcampaign.org\/pl\/biblioteka\/les-multinationales-belges-ne-proponent-pas-de-plany-wiarygodnosci-relatifs-a-la-redukcja-emisji-de-leurs-vols-daffaires\/\" \/>\n<meta property=\"og:locale\" content=\"pl_PL\" \/>\n<meta property=\"og:type\" content=\"article\" \/>\n<meta property=\"og:title\" content=\"Les multinationales belges ne proposent pas de plans cr\u00e9dibles relatifs \u00e0 la r\u00e9duction des \u00e9missions de leurs vols d&#039;affaires - Travel Smart Campaign\" \/>\n<meta property=\"og:description\" content=\"Aucune entreprise belge figurant dans la deuxi\u00e8me \u00e9dition d&#039;un classement sur les voyages d&#039;affaires r\u00e9alis\u00e9 par The Travel Smart Campaign, n&#039;a fix\u00e9 d&#039;objectif de r\u00e9duction de ses \u00e9missions li\u00e9es aux voyages d&#039;affaires.\" \/>\n<meta property=\"og:url\" content=\"https:\/\/travelsmartcampaign.org\/pl\/biblioteka\/les-multinationales-belges-ne-proponent-pas-de-plany-wiarygodnosci-relatifs-a-la-redukcja-emisji-de-leurs-vols-daffaires\/\" \/>\n<meta property=\"og:site_name\" content=\"Travel Smart Campaign\" \/>\n<meta property=\"article:modified_time\" content=\"2023-03-15T09:26:18+00:00\" \/>\n<meta property=\"og:image\" content=\"https:\/\/travelsmartcampaign.org\/wp-content\/uploads\/airplane-at-the-airport-scaled.jpg\" \/>\n\t<meta property=\"og:image:width\" content=\"2560\" \/>\n\t<meta property=\"og:image:height\" content=\"1707\" \/>\n\t<meta property=\"og:image:type\" content=\"image\/jpeg\" \/>\n<meta name=\"twitter:card\" content=\"summary_large_image\" \/>\n<meta name=\"twitter:label1\" content=\"Szacowany czas czytania\" \/>\n\t<meta name=\"twitter:data1\" content=\"5 minut\" \/>\n<script type=\"application\/ld+json\" class=\"yoast-schema-graph\">{\"@context\":\"https:\\\/\\\/schema.org\",\"@graph\":[{\"@type\":\"WebPage\",\"@id\":\"https:\\\/\\\/travelsmartcampaign.org\\\/nl\\\/bibliotheek\\\/belgische-multinationals-hebben-geen-geloofwaardige-plannen-voorgesteld-met-betrekking-tot-de-vermindering-van-de-uitstoot-van-hun-vols-zaken\\\/\",\"url\":\"https:\\\/\\\/travelsmartcampaign.org\\\/nl\\\/bibliotheek\\\/belgische-multinationals-hebben-geen-geloofwaardige-plannen-voorgesteld-met-betrekking-tot-de-vermindering-van-de-uitstoot-van-hun-vols-zaken\\\/\",\"name\":\"Les multinationales belges ne proposent pas de plans cr\u00e9dibles relatifs \u00e0 la r\u00e9duction des \u00e9missions de leurs vols d'affaires - Travel Smart Campaign\",\"isPartOf\":{\"@id\":\"https:\\\/\\\/travelsmartcampaign.org\\\/#website\"},\"primaryImageOfPage\":{\"@id\":\"https:\\\/\\\/travelsmartcampaign.org\\\/nl\\\/bibliotheek\\\/belgische-multinationals-hebben-geen-geloofwaardige-plannen-voorgesteld-met-betrekking-tot-de-vermindering-van-de-uitstoot-van-hun-vols-zaken\\\/#primaryimage\"},\"image\":{\"@id\":\"https:\\\/\\\/travelsmartcampaign.org\\\/nl\\\/bibliotheek\\\/belgische-multinationals-hebben-geen-geloofwaardige-plannen-voorgesteld-met-betrekking-tot-de-vermindering-van-de-uitstoot-van-hun-vols-zaken\\\/#primaryimage\"},\"thumbnailUrl\":\"https:\\\/\\\/travelsmartcampaign.org\\\/wp-content\\\/uploads\\\/airplane-at-the-airport-scaled.jpg\",\"datePublished\":\"2023-03-14T23:01:50+00:00\",\"dateModified\":\"2023-03-15T09:26:18+00:00\",\"breadcrumb\":{\"@id\":\"https:\\\/\\\/travelsmartcampaign.org\\\/nl\\\/bibliotheek\\\/belgische-multinationals-hebben-geen-geloofwaardige-plannen-voorgesteld-met-betrekking-tot-de-vermindering-van-de-uitstoot-van-hun-vols-zaken\\\/#breadcrumb\"},\"inLanguage\":\"pl-PL\",\"potentialAction\":[{\"@type\":\"ReadAction\",\"target\":[\"https:\\\/\\\/travelsmartcampaign.org\\\/nl\\\/bibliotheek\\\/belgische-multinationals-hebben-geen-geloofwaardige-plannen-voorgesteld-met-betrekking-tot-de-vermindering-van-de-uitstoot-van-hun-vols-zaken\\\/\"]}]},{\"@type\":\"ImageObject\",\"inLanguage\":\"pl-PL\",\"@id\":\"https:\\\/\\\/travelsmartcampaign.org\\\/nl\\\/bibliotheek\\\/belgische-multinationals-hebben-geen-geloofwaardige-plannen-voorgesteld-met-betrekking-tot-de-vermindering-van-de-uitstoot-van-hun-vols-zaken\\\/#primaryimage\",\"url\":\"https:\\\/\\\/travelsmartcampaign.org\\\/wp-content\\\/uploads\\\/airplane-at-the-airport-scaled.jpg\",\"contentUrl\":\"https:\\\/\\\/travelsmartcampaign.org\\\/wp-content\\\/uploads\\\/airplane-at-the-airport-scaled.jpg\",\"width\":2560,\"height\":1707,\"caption\":\"Airplane at the airport\"},{\"@type\":\"BreadcrumbList\",\"@id\":\"https:\\\/\\\/travelsmartcampaign.org\\\/nl\\\/bibliotheek\\\/belgische-multinationals-hebben-geen-geloofwaardige-plannen-voorgesteld-met-betrekking-tot-de-vermindering-van-de-uitstoot-van-hun-vols-zaken\\\/#breadcrumb\",\"itemListElement\":[{\"@type\":\"ListItem\",\"position\":1,\"name\":\"Home\",\"item\":\"https:\\\/\\\/travelsmartcampaign.org\\\/\"},{\"@type\":\"ListItem\",\"position\":2,\"name\":\"Les multinationales belges ne proposent pas de plans cr\u00e9dibles relatifs \u00e0 la r\u00e9duction des \u00e9missions de leurs vols d&#8217;affaires\"}]},{\"@type\":\"WebSite\",\"@id\":\"https:\\\/\\\/travelsmartcampaign.org\\\/#website\",\"url\":\"https:\\\/\\\/travelsmartcampaign.org\\\/\",\"name\":\"Travel Smart\",\"description\":\"\",\"publisher\":{\"@id\":\"https:\\\/\\\/travelsmartcampaign.org\\\/#organization\"},\"potentialAction\":[{\"@type\":\"SearchAction\",\"target\":{\"@type\":\"EntryPoint\",\"urlTemplate\":\"https:\\\/\\\/travelsmartcampaign.org\\\/?s={search_term_string}\"},\"query-input\":{\"@type\":\"PropertyValueSpecification\",\"valueRequired\":true,\"valueName\":\"search_term_string\"}}],\"inLanguage\":\"pl-PL\"},{\"@type\":\"Organization\",\"@id\":\"https:\\\/\\\/travelsmartcampaign.org\\\/#organization\",\"name\":\"Travel Smart\",\"url\":\"https:\\\/\\\/travelsmartcampaign.org\\\/\",\"logo\":{\"@type\":\"ImageObject\",\"inLanguage\":\"pl-PL\",\"@id\":\"https:\\\/\\\/travelsmartcampaign.org\\\/#\\\/schema\\\/logo\\\/image\\\/\",\"url\":\"https:\\\/\\\/travelsmartcampaign.org\\\/wp-content\\\/uploads\\\/travel-smart-min.jpeg\",\"contentUrl\":\"https:\\\/\\\/travelsmartcampaign.org\\\/wp-content\\\/uploads\\\/travel-smart-min.jpeg\",\"width\":1200,\"height\":690,\"caption\":\"Travel Smart\"},\"image\":{\"@id\":\"https:\\\/\\\/travelsmartcampaign.org\\\/#\\\/schema\\\/logo\\\/image\\\/\"}}]}<\/script>\n<!-- \/ Yoast SEO plugin. -->","yoast_head_json":{"title":"Belgijskie mi\u0119dzynarodowe korporacje nie przedstawiaj\u0105 wiarygodnych plan\u00f3w dotycz\u0105cych ograniczenia emisji z lot\u00f3w s\u0142u\u017cbowych \u2013 kampania Travel Smart.","robots":{"index":"index","follow":"follow","max-snippet":"max-snippet:-1","max-image-preview":"max-image-preview:large","max-video-preview":"max-video-preview:-1"},"canonical":"https:\/\/travelsmartcampaign.org\/pl\/biblioteka\/les-multinationales-belges-ne-proponent-pas-de-plany-wiarygodnosci-relatifs-a-la-redukcja-emisji-de-leurs-vols-daffaires\/","og_locale":"pl_PL","og_type":"article","og_title":"Les multinationales belges ne proposent pas de plans cr\u00e9dibles relatifs \u00e0 la r\u00e9duction des \u00e9missions de leurs vols d'affaires - Travel Smart Campaign","og_description":"Aucune entreprise belge figurant dans la deuxi\u00e8me \u00e9dition d'un classement sur les voyages d'affaires r\u00e9alis\u00e9 par The Travel Smart Campaign, n'a fix\u00e9 d'objectif de r\u00e9duction de ses \u00e9missions li\u00e9es aux voyages d'affaires.","og_url":"https:\/\/travelsmartcampaign.org\/pl\/biblioteka\/les-multinationales-belges-ne-proponent-pas-de-plany-wiarygodnosci-relatifs-a-la-redukcja-emisji-de-leurs-vols-daffaires\/","og_site_name":"Travel Smart Campaign","article_modified_time":"2023-03-15T09:26:18+00:00","og_image":[{"width":2560,"height":1707,"url":"https:\/\/travelsmartcampaign.org\/wp-content\/uploads\/airplane-at-the-airport-scaled.jpg","type":"image\/jpeg"}],"twitter_card":"summary_large_image","twitter_misc":{"Szacowany czas czytania":"5 minut"},"schema":{"@context":"https:\/\/schema.org","@graph":[{"@type":"WebPage","@id":"https:\/\/travelsmartcampaign.org\/nl\/bibliotheek\/belgische-multinationals-hebben-geen-geloofwaardige-plannen-voorgesteld-met-betrekking-tot-de-vermindering-van-de-uitstoot-van-hun-vols-zaken\/","url":"https:\/\/travelsmartcampaign.org\/nl\/bibliotheek\/belgische-multinationals-hebben-geen-geloofwaardige-plannen-voorgesteld-met-betrekking-tot-de-vermindering-van-de-uitstoot-van-hun-vols-zaken\/","name":"Belgijskie mi\u0119dzynarodowe korporacje nie przedstawiaj\u0105 wiarygodnych plan\u00f3w dotycz\u0105cych ograniczenia emisji z lot\u00f3w s\u0142u\u017cbowych \u2013 kampania Travel Smart.","isPartOf":{"@id":"https:\/\/travelsmartcampaign.org\/#website"},"primaryImageOfPage":{"@id":"https:\/\/travelsmartcampaign.org\/nl\/bibliotheek\/belgische-multinationals-hebben-geen-geloofwaardige-plannen-voorgesteld-met-betrekking-tot-de-vermindering-van-de-uitstoot-van-hun-vols-zaken\/#primaryimage"},"image":{"@id":"https:\/\/travelsmartcampaign.org\/nl\/bibliotheek\/belgische-multinationals-hebben-geen-geloofwaardige-plannen-voorgesteld-met-betrekking-tot-de-vermindering-van-de-uitstoot-van-hun-vols-zaken\/#primaryimage"},"thumbnailUrl":"https:\/\/travelsmartcampaign.org\/wp-content\/uploads\/airplane-at-the-airport-scaled.jpg","datePublished":"2023-03-14T23:01:50+00:00","dateModified":"2023-03-15T09:26:18+00:00","breadcrumb":{"@id":"https:\/\/travelsmartcampaign.org\/nl\/bibliotheek\/belgische-multinationals-hebben-geen-geloofwaardige-plannen-voorgesteld-met-betrekking-tot-de-vermindering-van-de-uitstoot-van-hun-vols-zaken\/#breadcrumb"},"inLanguage":"pl-PL","potentialAction":[{"@type":"ReadAction","target":["https:\/\/travelsmartcampaign.org\/nl\/bibliotheek\/belgische-multinationals-hebben-geen-geloofwaardige-plannen-voorgesteld-met-betrekking-tot-de-vermindering-van-de-uitstoot-van-hun-vols-zaken\/"]}]},{"@type":"ImageObject","inLanguage":"pl-PL","@id":"https:\/\/travelsmartcampaign.org\/nl\/bibliotheek\/belgische-multinationals-hebben-geen-geloofwaardige-plannen-voorgesteld-met-betrekking-tot-de-vermindering-van-de-uitstoot-van-hun-vols-zaken\/#primaryimage","url":"https:\/\/travelsmartcampaign.org\/wp-content\/uploads\/airplane-at-the-airport-scaled.jpg","contentUrl":"https:\/\/travelsmartcampaign.org\/wp-content\/uploads\/airplane-at-the-airport-scaled.jpg","width":2560,"height":1707,"caption":"Airplane at the airport"},{"@type":"BreadcrumbList","@id":"https:\/\/travelsmartcampaign.org\/nl\/bibliotheek\/belgische-multinationals-hebben-geen-geloofwaardige-plannen-voorgesteld-met-betrekking-tot-de-vermindering-van-de-uitstoot-van-hun-vols-zaken\/#breadcrumb","itemListElement":[{"@type":"ListItem","position":1,"name":"Home","item":"https:\/\/travelsmartcampaign.org\/"},{"@type":"ListItem","position":2,"name":"Les multinationales belges ne proposent pas de plans cr\u00e9dibles relatifs \u00e0 la r\u00e9duction des \u00e9missions de leurs vols d&#8217;affaires"}]},{"@type":"WebSite","@id":"https:\/\/travelsmartcampaign.org\/#website","url":"https:\/\/travelsmartcampaign.org\/","name":"Travel Smart","description":"","publisher":{"@id":"https:\/\/travelsmartcampaign.org\/#organization"},"potentialAction":[{"@type":"SearchAction","target":{"@type":"EntryPoint","urlTemplate":"https:\/\/travelsmartcampaign.org\/?s={search_term_string}"},"query-input":{"@type":"PropertyValueSpecification","valueRequired":true,"valueName":"search_term_string"}}],"inLanguage":"pl-PL"},{"@type":"Organization","@id":"https:\/\/travelsmartcampaign.org\/#organization","name":"Travel Smart","url":"https:\/\/travelsmartcampaign.org\/","logo":{"@type":"ImageObject","inLanguage":"pl-PL","@id":"https:\/\/travelsmartcampaign.org\/#\/schema\/logo\/image\/","url":"https:\/\/travelsmartcampaign.org\/wp-content\/uploads\/travel-smart-min.jpeg","contentUrl":"https:\/\/travelsmartcampaign.org\/wp-content\/uploads\/travel-smart-min.jpeg","width":1200,"height":690,"caption":"Travel Smart"},"image":{"@id":"https:\/\/travelsmartcampaign.org\/#\/schema\/logo\/image\/"}}]}},"_links":{"self":[{"href":"https:\/\/travelsmartcampaign.org\/pl\/wp-json\/wp\/v2\/library\/6539","targetHints":{"allow":["GET"]}}],"collection":[{"href":"https:\/\/travelsmartcampaign.org\/pl\/wp-json\/wp\/v2\/library"}],"about":[{"href":"https:\/\/travelsmartcampaign.org\/pl\/wp-json\/wp\/v2\/types\/library"}],"version-history":[{"count":0,"href":"https:\/\/travelsmartcampaign.org\/pl\/wp-json\/wp\/v2\/library\/6539\/revisions"}],"wp:featuredmedia":[{"embeddable":true,"href":"https:\/\/travelsmartcampaign.org\/pl\/wp-json\/wp\/v2\/media\/3318"}],"wp:attachment":[{"href":"https:\/\/travelsmartcampaign.org\/pl\/wp-json\/wp\/v2\/media?parent=6539"}],"wp:term":[{"taxonomy":"topic","embeddable":true,"href":"https:\/\/travelsmartcampaign.org\/pl\/wp-json\/wp\/v2\/topic?post=6539"},{"taxonomy":"visibility","embeddable":true,"href":"https:\/\/travelsmartcampaign.org\/pl\/wp-json\/wp\/v2\/visibility?post=6539"},{"taxonomy":"post-country","embeddable":true,"href":"https:\/\/travelsmartcampaign.org\/pl\/wp-json\/wp\/v2\/post-country?post=6539"},{"taxonomy":"language","embeddable":true,"href":"https:\/\/travelsmartcampaign.org\/pl\/wp-json\/wp\/v2\/language?post=6539"},{"taxonomy":"category-post-type","embeddable":true,"href":"https:\/\/travelsmartcampaign.org\/pl\/wp-json\/wp\/v2\/category-post-type?post=6539"}],"curies":[{"name":"wp","href":"https:\/\/api.w.org\/{rel}","templated":true}]}}