{"id":9004,"date":"2023-07-04T15:46:38","date_gmt":"2023-07-04T14:46:38","guid":{"rendered":"http:\/\/travelsmartcampaign.org\/?post_type=library&#038;p=9004"},"modified":"2024-12-16T18:05:34","modified_gmt":"2024-12-16T17:05:34","slug":"podroze-daffaires-voler-moins-travailler-mieux","status":"publish","type":"library","link":"https:\/\/travelsmartcampaign.org\/pl\/library\/voyages-daffaires-voler-moins-travailler-mieux\/","title":{"rendered":"Podr\u00f3\u017ce d&#039;affaires: voler moins, travailler mieux"},"content":{"rendered":"<p><b>Un nouveau sondage montre que, en Belgique, parmi les personnes qui voyagent actuellement pour Affairs, plus de trois sur cinq prennent moins l&#039;avion qu&#039;avant la pand\u00e9mie, avec de nombreux effets positifs sur le plan professionalnel comme sur le plan priv\u00e9.<\/b><\/p>\n<p><span style=\"font-weight: 400;\">Quel est l&#039;impact de la pand\u00e9mie sur les d\u00e9placements d&#039;affaires en avion? Les \u00e9volutions observ\u00e9es sont-elles b\u00e9n\u00e9fiques ou non? Qu&#039;en pensent les Employee\u00e9.es ? Que recommandent-ils.elles aux entreprises? Pour le savoir, la federation europ\u00e9enne Transport &amp; Environment (T&amp;E), not Canopea est membre, a charg\u00e9 Ipsos de r\u00e9aliser un sondage dans plusieurs pays europ\u00e9ens, nie la Belgique. Pour participer \u00e0 l&#039;enqu\u00eate, les personnes interrog\u00e9es devaient \u00eatre pracownik\u00f3w \u00e0 temps plein dans une organizacji comptant au moins 50 pensji et \u00eatre \u00e2g\u00e9es de 18 do 74 ans.<\/span><\/p>\n<p><span style=\"font-weight: 400;\">La majorit\u00e9 des Adultes travaillant dans de grandes entreprises ne voyagent pas pour des raisons professionalnelles. Parmi ceux qui sont consid\u00e9r\u00e9s comme des voyageurs d&#039;affaires (ayant voyag\u00e9 avant la pand\u00e9mie de COVID ou voyageant actuellement), la plupart voyagent moins en avion qu&#039;avant la pand\u00e9mie de COVID (62% des voyageurs d&#039;affaires, <\/span><b>Rysunek 1<\/b><span style=\"font-weight: 400;\">).<\/span><\/p>\n<p><span style=\"font-weight: 400;\">Cette diminution du recours \u00e0 l&#039;avion a, selon les zatrudnieniowy.es koncern\u00e9.es, produit des Impacts positifs sur leur \u00e9quilibre vie priv\u00e9e\/vie professionalnelles (64%), sur leur sant\u00e9 (60%), sur leur produktivit\u00e9 (58%), sur motywacja do pracy (56%) \u2013 et sur leur empreinte \u00e9cologique (66%).<\/span><\/p>\n<p><b>L&#039;option pr\u00e9f\u00e9r\u00e9e des Employer\u00e9.es: les zmian w obs\u0142udze<\/b><\/p>\n<p><span style=\"font-weight: 400;\">L&#039;enqu\u00eate r\u00e9v\u00e8le qu&#039;une forte majorit\u00e9 des personnes interrog\u00e9es estime que les entreprises doivent jouer un role valid dans la lutte contre lechangement climatique, notamment en fixant des objectifs et en adoptant des politiques visant \u00e0 r\u00e9duire les niveaux d&#039;utilisation de l&#039; Avion pour les d\u00e9placements professionalels.<\/span><\/p>\n<p><span style=\"font-weight: 400;\">Face \u00e0 une serie d&#039;options Visant \u00e0 r\u00e9duire l&#039;impact environnemental des voyages en avion, les Adultes Employees dans les grandes entreprises choisissent de preference celles krewni \u00e0 des Changements de comportement plut\u00f4t que celles centr\u00e9es sur la technology (wykorzystanie w\u0119glowodan\u00f3w \u00abtrwa\u0142ych materia\u0142\u00f3w\u00bb pour d\u00e9carboner les vols) ou \u00e0 la Compensation Carbone (<\/span><b>Rysunek 2<\/b><span style=\"font-weight: 400;\">).<\/span><\/p>\n<p><span style=\"font-weight: 400;\">Enfin, seul un quart d&#039;entre eux estime que les Employer\u00e9.es jouent un r\u00f4le extr\u00eamement ou tr\u00e8s valid lorsqu&#039;il s&#039;agit de modifier la politique de voyage d&#039;une entreprise. La balle est donc clairement dans le Camp des Employers\u2026<\/span><\/p>\n<p>Rysunek 1<\/p>\n<p><img loading=\"lazy\" decoding=\"async\" class=\"alignnone size-large wp-image-9005\" src=\"http:\/\/travelsmartcampaign.org\/wp-content\/uploads\/visual-1-FR-1024x576.png\" alt=\"\" width=\"800\" height=\"450\" srcset=\"https:\/\/travelsmartcampaign.org\/wp-content\/uploads\/visual-1-FR-1024x576.png 1024w, https:\/\/travelsmartcampaign.org\/wp-content\/uploads\/visual-1-FR-300x169.png 300w, https:\/\/travelsmartcampaign.org\/wp-content\/uploads\/visual-1-FR-768x432.png 768w, https:\/\/travelsmartcampaign.org\/wp-content\/uploads\/visual-1-FR-1536x864.png 1536w, https:\/\/travelsmartcampaign.org\/wp-content\/uploads\/visual-1-FR-18x10.png 18w, https:\/\/travelsmartcampaign.org\/wp-content\/uploads\/visual-1-FR.png 1920w\" sizes=\"auto, (max-width: 800px) 100vw, 800px\" \/><\/p>\n<p>&nbsp;<\/p>\n<p>Rysunek 2<\/p>\n<p><img loading=\"lazy\" decoding=\"async\" class=\"alignnone size-large wp-image-9006\" src=\"http:\/\/travelsmartcampaign.org\/wp-content\/uploads\/visual-3-FR-1024x576.png\" alt=\"\" width=\"800\" height=\"450\" srcset=\"https:\/\/travelsmartcampaign.org\/wp-content\/uploads\/visual-3-FR-1024x576.png 1024w, https:\/\/travelsmartcampaign.org\/wp-content\/uploads\/visual-3-FR-300x169.png 300w, https:\/\/travelsmartcampaign.org\/wp-content\/uploads\/visual-3-FR-768x432.png 768w, https:\/\/travelsmartcampaign.org\/wp-content\/uploads\/visual-3-FR-1536x864.png 1536w, https:\/\/travelsmartcampaign.org\/wp-content\/uploads\/visual-3-FR-18x10.png 18w, https:\/\/travelsmartcampaign.org\/wp-content\/uploads\/visual-3-FR.png 1920w\" sizes=\"auto, (max-width: 800px) 100vw, 800px\" \/><\/p>","protected":false},"excerpt":{"rendered":"<p>Un nouveau sondage montre que, en Belgique, parmi les personnes qui voyagent actuellement pour affaires, plus de trois sur cinq prennent moins l&#8217;avion qu&#8217;avant la pand\u00e9mie, avec de nombreux effets positifs sur le plan professionnel comme sur le plan priv\u00e9. Quel est l\u2019impact de la pand\u00e9mie sur les d\u00e9placements d\u2019affaires en avion? Les \u00e9volutions observ\u00e9es [&hellip;]<\/p>\n","protected":false},"featured_media":8995,"template":"","topic":[],"visibility":[55],"post-country":[30],"language":[38],"category-post-type":[232],"class_list":["post-9004","library","type-library","status-publish","has-post-thumbnail","hentry","visibility-open","post-country-belgium","language-french","category-post-type-survey"],"yoast_head":"<!-- This site is optimized with the Yoast SEO plugin v27.5 - https:\/\/yoast.com\/product\/yoast-seo-wordpress\/ -->\n<title>Voyages d\u2019affaires: voler moins, travailler mieux - Travel Smart Campaign<\/title>\n<meta name=\"robots\" content=\"index, follow, max-snippet:-1, max-image-preview:large, max-video-preview:-1\" \/>\n<link rel=\"canonical\" href=\"https:\/\/travelsmartcampaign.org\/pl\/biblioteka\/podroze-daffaires-voler-moins-travailler-mieux\/\" \/>\n<meta property=\"og:locale\" content=\"pl_PL\" \/>\n<meta property=\"og:type\" content=\"article\" \/>\n<meta property=\"og:title\" content=\"Voyages d\u2019affaires: voler moins, travailler mieux - Travel Smart Campaign\" \/>\n<meta property=\"og:description\" content=\"Un nouveau sondage montre que, en Belgique, parmi les personnes qui voyagent actuellement pour affaires, plus de trois sur cinq prennent moins l&#8217;avion qu&#8217;avant la pand\u00e9mie, avec de nombreux effets positifs sur le plan professionnel comme sur le plan priv\u00e9. Quel est l\u2019impact de la pand\u00e9mie sur les d\u00e9placements d\u2019affaires en avion? Les \u00e9volutions observ\u00e9es [&hellip;]\" \/>\n<meta property=\"og:url\" content=\"https:\/\/travelsmartcampaign.org\/pl\/biblioteka\/podroze-daffaires-voler-moins-travailler-mieux\/\" \/>\n<meta property=\"og:site_name\" content=\"Travel Smart Campaign\" \/>\n<meta property=\"article:modified_time\" content=\"2024-12-16T17:05:34+00:00\" \/>\n<meta property=\"og:image\" content=\"https:\/\/travelsmartcampaign.org\/wp-content\/uploads\/pexels-nappy-1058959-scaled.jpg\" \/>\n\t<meta property=\"og:image:width\" content=\"2560\" \/>\n\t<meta property=\"og:image:height\" content=\"1707\" \/>\n\t<meta property=\"og:image:type\" content=\"image\/jpeg\" \/>\n<meta name=\"twitter:card\" content=\"summary_large_image\" \/>\n<meta name=\"twitter:label1\" content=\"Szacowany czas czytania\" \/>\n\t<meta name=\"twitter:data1\" content=\"3 minuty\" \/>\n<script type=\"application\/ld+json\" class=\"yoast-schema-graph\">{\"@context\":\"https:\\\/\\\/schema.org\",\"@graph\":[{\"@type\":\"WebPage\",\"@id\":\"https:\\\/\\\/travelsmartcampaign.org\\\/library\\\/voyages-daffaires-voler-moins-travailler-mieux\\\/\",\"url\":\"https:\\\/\\\/travelsmartcampaign.org\\\/library\\\/voyages-daffaires-voler-moins-travailler-mieux\\\/\",\"name\":\"Voyages d\u2019affaires: voler moins, travailler mieux - Travel Smart Campaign\",\"isPartOf\":{\"@id\":\"https:\\\/\\\/travelsmartcampaign.org\\\/#website\"},\"primaryImageOfPage\":{\"@id\":\"https:\\\/\\\/travelsmartcampaign.org\\\/library\\\/voyages-daffaires-voler-moins-travailler-mieux\\\/#primaryimage\"},\"image\":{\"@id\":\"https:\\\/\\\/travelsmartcampaign.org\\\/library\\\/voyages-daffaires-voler-moins-travailler-mieux\\\/#primaryimage\"},\"thumbnailUrl\":\"https:\\\/\\\/travelsmartcampaign.org\\\/wp-content\\\/uploads\\\/pexels-nappy-1058959-scaled.jpg\",\"datePublished\":\"2023-07-04T14:46:38+00:00\",\"dateModified\":\"2024-12-16T17:05:34+00:00\",\"breadcrumb\":{\"@id\":\"https:\\\/\\\/travelsmartcampaign.org\\\/library\\\/voyages-daffaires-voler-moins-travailler-mieux\\\/#breadcrumb\"},\"inLanguage\":\"pl-PL\",\"potentialAction\":[{\"@type\":\"ReadAction\",\"target\":[\"https:\\\/\\\/travelsmartcampaign.org\\\/library\\\/voyages-daffaires-voler-moins-travailler-mieux\\\/\"]}]},{\"@type\":\"ImageObject\",\"inLanguage\":\"pl-PL\",\"@id\":\"https:\\\/\\\/travelsmartcampaign.org\\\/library\\\/voyages-daffaires-voler-moins-travailler-mieux\\\/#primaryimage\",\"url\":\"https:\\\/\\\/travelsmartcampaign.org\\\/wp-content\\\/uploads\\\/pexels-nappy-1058959-scaled.jpg\",\"contentUrl\":\"https:\\\/\\\/travelsmartcampaign.org\\\/wp-content\\\/uploads\\\/pexels-nappy-1058959-scaled.jpg\",\"width\":2560,\"height\":1707},{\"@type\":\"BreadcrumbList\",\"@id\":\"https:\\\/\\\/travelsmartcampaign.org\\\/library\\\/voyages-daffaires-voler-moins-travailler-mieux\\\/#breadcrumb\",\"itemListElement\":[{\"@type\":\"ListItem\",\"position\":1,\"name\":\"Home\",\"item\":\"https:\\\/\\\/travelsmartcampaign.org\\\/\"},{\"@type\":\"ListItem\",\"position\":2,\"name\":\"Voyages d\u2019affaires: voler moins, travailler mieux\"}]},{\"@type\":\"WebSite\",\"@id\":\"https:\\\/\\\/travelsmartcampaign.org\\\/#website\",\"url\":\"https:\\\/\\\/travelsmartcampaign.org\\\/\",\"name\":\"Travel Smart\",\"description\":\"\",\"publisher\":{\"@id\":\"https:\\\/\\\/travelsmartcampaign.org\\\/#organization\"},\"potentialAction\":[{\"@type\":\"SearchAction\",\"target\":{\"@type\":\"EntryPoint\",\"urlTemplate\":\"https:\\\/\\\/travelsmartcampaign.org\\\/?s={search_term_string}\"},\"query-input\":{\"@type\":\"PropertyValueSpecification\",\"valueRequired\":true,\"valueName\":\"search_term_string\"}}],\"inLanguage\":\"pl-PL\"},{\"@type\":\"Organization\",\"@id\":\"https:\\\/\\\/travelsmartcampaign.org\\\/#organization\",\"name\":\"Travel Smart\",\"url\":\"https:\\\/\\\/travelsmartcampaign.org\\\/\",\"logo\":{\"@type\":\"ImageObject\",\"inLanguage\":\"pl-PL\",\"@id\":\"https:\\\/\\\/travelsmartcampaign.org\\\/#\\\/schema\\\/logo\\\/image\\\/\",\"url\":\"https:\\\/\\\/travelsmartcampaign.org\\\/wp-content\\\/uploads\\\/travel-smart-min.jpeg\",\"contentUrl\":\"https:\\\/\\\/travelsmartcampaign.org\\\/wp-content\\\/uploads\\\/travel-smart-min.jpeg\",\"width\":1200,\"height\":690,\"caption\":\"Travel Smart\"},\"image\":{\"@id\":\"https:\\\/\\\/travelsmartcampaign.org\\\/#\\\/schema\\\/logo\\\/image\\\/\"}}]}<\/script>\n<!-- \/ Yoast SEO plugin. -->","yoast_head_json":{"title":"Podr\u00f3\u017ce s\u0142u\u017cbowe: mniej lataj, pracuj lepiej \u2013 kampania Travel Smart","robots":{"index":"index","follow":"follow","max-snippet":"max-snippet:-1","max-image-preview":"max-image-preview:large","max-video-preview":"max-video-preview:-1"},"canonical":"https:\/\/travelsmartcampaign.org\/pl\/biblioteka\/podroze-daffaires-voler-moins-travailler-mieux\/","og_locale":"pl_PL","og_type":"article","og_title":"Voyages d\u2019affaires: voler moins, travailler mieux - Travel Smart Campaign","og_description":"Un nouveau sondage montre que, en Belgique, parmi les personnes qui voyagent actuellement pour affaires, plus de trois sur cinq prennent moins l&#8217;avion qu&#8217;avant la pand\u00e9mie, avec de nombreux effets positifs sur le plan professionnel comme sur le plan priv\u00e9. Quel est l\u2019impact de la pand\u00e9mie sur les d\u00e9placements d\u2019affaires en avion? Les \u00e9volutions observ\u00e9es [&hellip;]","og_url":"https:\/\/travelsmartcampaign.org\/pl\/biblioteka\/podroze-daffaires-voler-moins-travailler-mieux\/","og_site_name":"Travel Smart Campaign","article_modified_time":"2024-12-16T17:05:34+00:00","og_image":[{"width":2560,"height":1707,"url":"https:\/\/travelsmartcampaign.org\/wp-content\/uploads\/pexels-nappy-1058959-scaled.jpg","type":"image\/jpeg"}],"twitter_card":"summary_large_image","twitter_misc":{"Szacowany czas czytania":"3 minuty"},"schema":{"@context":"https:\/\/schema.org","@graph":[{"@type":"WebPage","@id":"https:\/\/travelsmartcampaign.org\/library\/voyages-daffaires-voler-moins-travailler-mieux\/","url":"https:\/\/travelsmartcampaign.org\/library\/voyages-daffaires-voler-moins-travailler-mieux\/","name":"Podr\u00f3\u017ce s\u0142u\u017cbowe: mniej lataj, pracuj lepiej \u2013 kampania Travel Smart","isPartOf":{"@id":"https:\/\/travelsmartcampaign.org\/#website"},"primaryImageOfPage":{"@id":"https:\/\/travelsmartcampaign.org\/library\/voyages-daffaires-voler-moins-travailler-mieux\/#primaryimage"},"image":{"@id":"https:\/\/travelsmartcampaign.org\/library\/voyages-daffaires-voler-moins-travailler-mieux\/#primaryimage"},"thumbnailUrl":"https:\/\/travelsmartcampaign.org\/wp-content\/uploads\/pexels-nappy-1058959-scaled.jpg","datePublished":"2023-07-04T14:46:38+00:00","dateModified":"2024-12-16T17:05:34+00:00","breadcrumb":{"@id":"https:\/\/travelsmartcampaign.org\/library\/voyages-daffaires-voler-moins-travailler-mieux\/#breadcrumb"},"inLanguage":"pl-PL","potentialAction":[{"@type":"ReadAction","target":["https:\/\/travelsmartcampaign.org\/library\/voyages-daffaires-voler-moins-travailler-mieux\/"]}]},{"@type":"ImageObject","inLanguage":"pl-PL","@id":"https:\/\/travelsmartcampaign.org\/library\/voyages-daffaires-voler-moins-travailler-mieux\/#primaryimage","url":"https:\/\/travelsmartcampaign.org\/wp-content\/uploads\/pexels-nappy-1058959-scaled.jpg","contentUrl":"https:\/\/travelsmartcampaign.org\/wp-content\/uploads\/pexels-nappy-1058959-scaled.jpg","width":2560,"height":1707},{"@type":"BreadcrumbList","@id":"https:\/\/travelsmartcampaign.org\/library\/voyages-daffaires-voler-moins-travailler-mieux\/#breadcrumb","itemListElement":[{"@type":"ListItem","position":1,"name":"Home","item":"https:\/\/travelsmartcampaign.org\/"},{"@type":"ListItem","position":2,"name":"Voyages d\u2019affaires: voler moins, travailler mieux"}]},{"@type":"WebSite","@id":"https:\/\/travelsmartcampaign.org\/#website","url":"https:\/\/travelsmartcampaign.org\/","name":"Travel Smart","description":"","publisher":{"@id":"https:\/\/travelsmartcampaign.org\/#organization"},"potentialAction":[{"@type":"SearchAction","target":{"@type":"EntryPoint","urlTemplate":"https:\/\/travelsmartcampaign.org\/?s={search_term_string}"},"query-input":{"@type":"PropertyValueSpecification","valueRequired":true,"valueName":"search_term_string"}}],"inLanguage":"pl-PL"},{"@type":"Organization","@id":"https:\/\/travelsmartcampaign.org\/#organization","name":"Travel Smart","url":"https:\/\/travelsmartcampaign.org\/","logo":{"@type":"ImageObject","inLanguage":"pl-PL","@id":"https:\/\/travelsmartcampaign.org\/#\/schema\/logo\/image\/","url":"https:\/\/travelsmartcampaign.org\/wp-content\/uploads\/travel-smart-min.jpeg","contentUrl":"https:\/\/travelsmartcampaign.org\/wp-content\/uploads\/travel-smart-min.jpeg","width":1200,"height":690,"caption":"Travel Smart"},"image":{"@id":"https:\/\/travelsmartcampaign.org\/#\/schema\/logo\/image\/"}}]}},"_links":{"self":[{"href":"https:\/\/travelsmartcampaign.org\/pl\/wp-json\/wp\/v2\/library\/9004","targetHints":{"allow":["GET"]}}],"collection":[{"href":"https:\/\/travelsmartcampaign.org\/pl\/wp-json\/wp\/v2\/library"}],"about":[{"href":"https:\/\/travelsmartcampaign.org\/pl\/wp-json\/wp\/v2\/types\/library"}],"version-history":[{"count":0,"href":"https:\/\/travelsmartcampaign.org\/pl\/wp-json\/wp\/v2\/library\/9004\/revisions"}],"wp:featuredmedia":[{"embeddable":true,"href":"https:\/\/travelsmartcampaign.org\/pl\/wp-json\/wp\/v2\/media\/8995"}],"wp:attachment":[{"href":"https:\/\/travelsmartcampaign.org\/pl\/wp-json\/wp\/v2\/media?parent=9004"}],"wp:term":[{"taxonomy":"topic","embeddable":true,"href":"https:\/\/travelsmartcampaign.org\/pl\/wp-json\/wp\/v2\/topic?post=9004"},{"taxonomy":"visibility","embeddable":true,"href":"https:\/\/travelsmartcampaign.org\/pl\/wp-json\/wp\/v2\/visibility?post=9004"},{"taxonomy":"post-country","embeddable":true,"href":"https:\/\/travelsmartcampaign.org\/pl\/wp-json\/wp\/v2\/post-country?post=9004"},{"taxonomy":"language","embeddable":true,"href":"https:\/\/travelsmartcampaign.org\/pl\/wp-json\/wp\/v2\/language?post=9004"},{"taxonomy":"category-post-type","embeddable":true,"href":"https:\/\/travelsmartcampaign.org\/pl\/wp-json\/wp\/v2\/category-post-type?post=9004"}],"curies":[{"name":"wp","href":"https:\/\/api.w.org\/{rel}","templated":true}]}}