{"id":13496,"date":"2024-05-24T00:01:35","date_gmt":"2024-05-23T23:01:35","guid":{"rendered":"http:\/\/travelsmartcampaign.org\/?post_type=library&#038;p=13496"},"modified":"2025-05-14T11:40:28","modified_gmt":"2025-05-14T10:40:28","slug":"voyages-daffaires-les-emissoes-des-grands-groupes-francais-ont-diminue-dun-tiers-par-rapport-a-2019","status":"publish","type":"library","link":"https:\/\/travelsmartcampaign.org\/pt\/library\/voyages-daffaires-les-emissions-des-grands-groupes-francais-ont-diminue-dun-tiers-par-rapport-a-2019\/","title":{"rendered":"Voyages d&#039;affaires: as emiss\u00f5es dos grandes grupos franceses diminu\u00edram de n\u00edvel para 2019"},"content":{"rendered":"<p><span style=\"font-weight: 400;\">Uma nova an\u00e1lise de T&amp;E sobre os<\/span> <span style=\"font-weight: 400;\">as emiss\u00f5es de viagens de neg\u00f3cios de 18 empresas francesas em 2023 foram reveladas quando em m\u00e9dia, elas reduziram suas emiss\u00f5es de n\u00edveis (-33 %) em 2023 para relacionamento com 2019. Mais certas entre elas se aproximam rapidamente dos n\u00edveis de 2019. Parmi elles, Forvia (anteriormente Faurecia), Sanofi et Air Liquide obtiveram receitas de quase 90 % de seus n\u00edveis de emiss\u00f5es de 2019. Menos de vols depois da Covid, e enquanto a maior parte deles se empenhava em reduzir sua press\u00e3o de carbono.<\/span><\/p>\n<p><span style=\"font-weight: 400;\">Uma empresa, bioM\u00e9rieux, ultrapassou os n\u00edveis de volume de 2019 (+9%). Ao mesmo tempo, ele estabeleceu em 2023 um objetivo de redu\u00e7\u00e3o interna de -10% em rela\u00e7\u00e3o \u00e0s emiss\u00f5es de viagem de 2022, uma evolu\u00e7\u00e3o positiva que deve ajudar a corrigir a trajet\u00f3ria.\u00a0<\/span><\/p>\n<p><span style=\"font-weight: 400;\">9 das 18 empresas analisadas foram fixadas em objetivos de redu\u00e7\u00e3o de viagens de neg\u00f3cios, e duas empresas tentaram reduzir significativamente seus volumes, o que representa a ess\u00eancia das emiss\u00f5es de viagens de neg\u00f3cios, e mantiveram os n\u00edveis fracos de emiss\u00f5es observadas durante a surtida da pandemia. As emiss\u00f5es de 2023 das viagens de neg\u00f3cios da Dassault foram para -60 % dos n\u00edveis de 2019 e as c\u00e9lulas de Amundi para -51 %. Em 2022, novas empresas tiveram que recorrer a este desempenho, em grande parte devido \u00e0s restri\u00e7\u00f5es impostas pela Covid. Dassault et Amundi t\u00eam como objetivo reduzir suas emiss\u00f5es durante viagens de neg\u00f3cios.\u00a0<\/span><\/p>\n<p><img loading=\"lazy\" decoding=\"async\" class=\"alignnone size-full wp-image-16609\" src=\"http:\/\/travelsmartcampaign.org\/wp-content\/uploads\/1-4.png\" alt=\"\" width=\"768\" height=\"1100\" srcset=\"https:\/\/travelsmartcampaign.org\/wp-content\/uploads\/1-4.png 768w, https:\/\/travelsmartcampaign.org\/wp-content\/uploads\/1-4-209x300.png 209w, https:\/\/travelsmartcampaign.org\/wp-content\/uploads\/1-4-715x1024.png 715w, https:\/\/travelsmartcampaign.org\/wp-content\/uploads\/1-4-8x12.png 8w\" sizes=\"auto, (max-width: 768px) 100vw, 768px\" \/><\/p>\n<p><span style=\"font-weight: 400;\">J\u00e9r\u00f4me du Boucher, respons\u00e1vel pela avia\u00e7\u00e3o France Explique, <\/span><i><span style=\"font-weight: 400;\">\u201cAnotamos um retorno \u00e0 preocupa\u00e7\u00e3o da casa das emiss\u00f5es de viagens de neg\u00f3cios na Fran\u00e7a. Parece que as li\u00e7\u00f5es da pandemia n\u00e3o foram retidas. Para a viagem seguinte a ser tra\u00e7ada: vantagem de reuni\u00f5es on-line, al\u00e9m de viagens de trem e menos de avi\u00e3o. Malheureusement, trop d&#039;entreprises reprennent des habitudes de d\u00e9placements en avion excessivos, sem nenhuma considera\u00e7\u00e3o para o planeta.<\/span><\/i><\/p>\n<p><span style=\"font-weight: 400;\">Juntamente com as redu\u00e7\u00f5es de volumes de 18 empresas, o estudo gerou 425.000 toneladas de CO<\/span><span style=\"font-weight: 400;\">2 <\/span><span style=\"font-weight: 400;\">foi economizado em 2023 em rela\u00e7\u00e3o a 2019, equivalente a emiss\u00f5es de 215.000 carros movidos a combust\u00edvel em um ano. No momento, as 18 empresas reduziram suas emiss\u00f5es de um n\u00edvel (-33 %) em 2023 para o relat\u00f3rio de 2019. Ainda houve uma recupera\u00e7\u00e3o significativa para o relat\u00f3rio para 2022, um ano antes das emiss\u00f5es das 18 empresas restantes. no m\u00eas (-50 %) dos n\u00edveis de 2019. Se as 18 empresas mantiverem suas atividades em 2023 at\u00e9 50 % dos n\u00edveis de 2019, 245.000 toneladas de CO<\/span><span style=\"font-weight: 400;\">2 <\/span><span style=\"font-weight: 400;\">suppl\u00e9mentaires auraient pu \u00eatre economizados.\u00a0<\/span><\/p>\n<p><span style=\"font-weight: 400;\">O governo franc\u00eas adotou recentemente medidas encorajadoras relativas \u00e0s viagens de neg\u00f3cios. No quadro do filho <\/span><a href=\"https:\/\/www.ecologie.gouv.fr\/sites\/default\/files\/22152_Plan-sobriete_DP-2023-if-2.pdf\"><span style=\"font-weight: 400;\">Plano de Sobriedade Energ\u00e9tica<\/span><\/a><span style=\"font-weight: 400;\">, ele \u00e9 solicitado pelas empresas, pois seus servi\u00e7os privilegiam o trem no lugar do avi\u00e3o para que as trajet\u00f3rias possam ser realizadas em menos de quatro horas a partir de janeiro de 2024. O governo reconhece igualmente o grande impacto clim\u00e1tico dos transportes . Et c&#039;est pour cela que la<\/span><a href=\"https:\/\/www.legifrance.gouv.fr\/download\/pdf\/circ?id=45511\"><span style=\"font-weight: 400;\"> Circula\u00e7\u00e3o Ult\u00e9rieure relativa ao engajamento para a transforma\u00e7\u00e3o ecol\u00f3gica do Estado<\/span><\/a> <span style=\"font-weight: 400;\">inclui um objetivo de redu\u00e7\u00e3o das viagens a\u00e9reas de 20% em 2024 em rela\u00e7\u00e3o a 2019, com uma ambi\u00e7\u00e3o aumentada para -30 % em 2027.\u00a0<\/span><\/p>\n<p><span style=\"font-weight: 400;\">T&amp;E chama as empresas francesas para fazerem o mesmo, fixando os objetivos de redu\u00e7\u00e3o de emiss\u00f5es durante viagens de neg\u00f3cios para 50% ou plus d&#039;ici 2025. <\/span><span style=\"font-weight: 400;\">Este objetivo foi fixado na base do <\/span><a href=\"https:\/\/www.transportenvironment.org\/wp-content\/uploads\/2022\/03\/TE-aviation-decarbonisation-roadmap-FINAL.pdf\"><span style=\"font-weight: 400;\">folha de rota<\/span><\/a><span style=\"font-weight: 400;\"> de T&amp;E, que mostra uma redu\u00e7\u00e3o de 50 % do conjunto de emiss\u00f5es durante as viagens de neg\u00f3cios \u00e9 necess\u00e1ria para 2030, para manter a avia\u00e7\u00e3o em uma trajet\u00f3ria compat\u00edvel com um planejado a 1,5\u00b0C .<\/span><\/p>\n<p>&nbsp;<\/p>\n<p>&nbsp;<\/p>\n<p>&nbsp;<\/p>\n<p>&nbsp;<\/p>","protected":false},"excerpt":{"rendered":"<p>17 das 18 empresas francesas analisadas em um novo estudo da campanha &#039;Travel Smart&#039; de Transport &amp; Environment mantiveram seus n\u00edveis de viagens de neg\u00f3cios mais bas qu&#039;avant le Covid, mesmo se bastante entre eles remanescentes antes da pente. <\/p>","protected":false},"featured_media":17863,"template":"","topic":[190],"visibility":[],"post-country":[31],"language":[38],"category-post-type":[28],"class_list":["post-13496","library","type-library","status-publish","has-post-thumbnail","hentry","topic-emission-tracker","post-country-france","language-french","category-post-type-press-release"],"yoast_head":"<!-- This site is optimized with the Yoast SEO plugin v27.5 - https:\/\/yoast.com\/product\/yoast-seo-wordpress\/ -->\n<title>Voyages d\u2019affaires : les \u00e9missions des grands groupes fran\u00e7ais ont diminu\u00e9 d\u2019un tiers par rapport \u00e0 2019 - Travel Smart Campaign<\/title>\n<meta name=\"robots\" content=\"index, follow, max-snippet:-1, max-image-preview:large, max-video-preview:-1\" \/>\n<link rel=\"canonical\" href=\"https:\/\/travelsmartcampaign.org\/pt\/biblioteca\/voyages-daffaires-les-emissoes-des-grands-groupes-francais-ont-diminue-dun-tiers-par-rapport-a-2019\/\" \/>\n<meta property=\"og:locale\" content=\"pt_PT\" \/>\n<meta property=\"og:type\" content=\"article\" \/>\n<meta property=\"og:title\" content=\"Voyages d\u2019affaires : les \u00e9missions des grands groupes fran\u00e7ais ont diminu\u00e9 d\u2019un tiers par rapport \u00e0 2019 - Travel Smart Campaign\" \/>\n<meta property=\"og:description\" content=\"17 des 18 entreprises fran\u00e7aises analys\u00e9es dans une nouvelle \u00e9tude de la campagne \u2018Travel Smart\u2019 de Transport &amp; Environment maintiennent leurs niveaux de voyages d\u2019affaires plus bas qu\u2019avant le Covid, m\u00eame si beaucoup d\u2019entre elles remontent vite la pente.\" \/>\n<meta property=\"og:url\" content=\"https:\/\/travelsmartcampaign.org\/pt\/biblioteca\/voyages-daffaires-les-emissoes-des-grands-groupes-francais-ont-diminue-dun-tiers-par-rapport-a-2019\/\" \/>\n<meta property=\"og:site_name\" content=\"Travel Smart Campaign\" \/>\n<meta property=\"article:modified_time\" content=\"2025-05-14T10:40:28+00:00\" \/>\n<meta property=\"og:image\" content=\"https:\/\/travelsmartcampaign.org\/wp-content\/uploads\/aircraft-475409_1280.jpg\" \/>\n\t<meta property=\"og:image:width\" content=\"1280\" \/>\n\t<meta property=\"og:image:height\" content=\"854\" \/>\n\t<meta property=\"og:image:type\" content=\"image\/jpeg\" \/>\n<meta name=\"twitter:card\" content=\"summary_large_image\" \/>\n<meta name=\"twitter:label1\" content=\"Tempo estimado de leitura\" \/>\n\t<meta name=\"twitter:data1\" content=\"4 minutos\" \/>\n<script type=\"application\/ld+json\" class=\"yoast-schema-graph\">{\"@context\":\"https:\\\/\\\/schema.org\",\"@graph\":[{\"@type\":\"WebPage\",\"@id\":\"https:\\\/\\\/travelsmartcampaign.org\\\/library\\\/voyages-daffaires-les-emissions-des-grands-groupes-francais-ont-diminue-dun-tiers-par-rapport-a-2019\\\/\",\"url\":\"https:\\\/\\\/travelsmartcampaign.org\\\/library\\\/voyages-daffaires-les-emissions-des-grands-groupes-francais-ont-diminue-dun-tiers-par-rapport-a-2019\\\/\",\"name\":\"Voyages d\u2019affaires : les \u00e9missions des grands groupes fran\u00e7ais ont diminu\u00e9 d\u2019un tiers par rapport \u00e0 2019 - Travel Smart Campaign\",\"isPartOf\":{\"@id\":\"https:\\\/\\\/travelsmartcampaign.org\\\/#website\"},\"primaryImageOfPage\":{\"@id\":\"https:\\\/\\\/travelsmartcampaign.org\\\/library\\\/voyages-daffaires-les-emissions-des-grands-groupes-francais-ont-diminue-dun-tiers-par-rapport-a-2019\\\/#primaryimage\"},\"image\":{\"@id\":\"https:\\\/\\\/travelsmartcampaign.org\\\/library\\\/voyages-daffaires-les-emissions-des-grands-groupes-francais-ont-diminue-dun-tiers-par-rapport-a-2019\\\/#primaryimage\"},\"thumbnailUrl\":\"https:\\\/\\\/travelsmartcampaign.org\\\/wp-content\\\/uploads\\\/aircraft-475409_1280.jpg\",\"datePublished\":\"2024-05-23T23:01:35+00:00\",\"dateModified\":\"2025-05-14T10:40:28+00:00\",\"breadcrumb\":{\"@id\":\"https:\\\/\\\/travelsmartcampaign.org\\\/library\\\/voyages-daffaires-les-emissions-des-grands-groupes-francais-ont-diminue-dun-tiers-par-rapport-a-2019\\\/#breadcrumb\"},\"inLanguage\":\"pt-PT\",\"potentialAction\":[{\"@type\":\"ReadAction\",\"target\":[\"https:\\\/\\\/travelsmartcampaign.org\\\/library\\\/voyages-daffaires-les-emissions-des-grands-groupes-francais-ont-diminue-dun-tiers-par-rapport-a-2019\\\/\"]}]},{\"@type\":\"ImageObject\",\"inLanguage\":\"pt-PT\",\"@id\":\"https:\\\/\\\/travelsmartcampaign.org\\\/library\\\/voyages-daffaires-les-emissions-des-grands-groupes-francais-ont-diminue-dun-tiers-par-rapport-a-2019\\\/#primaryimage\",\"url\":\"https:\\\/\\\/travelsmartcampaign.org\\\/wp-content\\\/uploads\\\/aircraft-475409_1280.jpg\",\"contentUrl\":\"https:\\\/\\\/travelsmartcampaign.org\\\/wp-content\\\/uploads\\\/aircraft-475409_1280.jpg\",\"width\":1280,\"height\":854},{\"@type\":\"BreadcrumbList\",\"@id\":\"https:\\\/\\\/travelsmartcampaign.org\\\/library\\\/voyages-daffaires-les-emissions-des-grands-groupes-francais-ont-diminue-dun-tiers-par-rapport-a-2019\\\/#breadcrumb\",\"itemListElement\":[{\"@type\":\"ListItem\",\"position\":1,\"name\":\"Home\",\"item\":\"https:\\\/\\\/travelsmartcampaign.org\\\/\"},{\"@type\":\"ListItem\",\"position\":2,\"name\":\"Voyages d\u2019affaires : les \u00e9missions des grands groupes fran\u00e7ais ont diminu\u00e9 d\u2019un tiers par rapport \u00e0 2019\"}]},{\"@type\":\"WebSite\",\"@id\":\"https:\\\/\\\/travelsmartcampaign.org\\\/#website\",\"url\":\"https:\\\/\\\/travelsmartcampaign.org\\\/\",\"name\":\"Travel Smart\",\"description\":\"\",\"publisher\":{\"@id\":\"https:\\\/\\\/travelsmartcampaign.org\\\/#organization\"},\"potentialAction\":[{\"@type\":\"SearchAction\",\"target\":{\"@type\":\"EntryPoint\",\"urlTemplate\":\"https:\\\/\\\/travelsmartcampaign.org\\\/?s={search_term_string}\"},\"query-input\":{\"@type\":\"PropertyValueSpecification\",\"valueRequired\":true,\"valueName\":\"search_term_string\"}}],\"inLanguage\":\"pt-PT\"},{\"@type\":\"Organization\",\"@id\":\"https:\\\/\\\/travelsmartcampaign.org\\\/#organization\",\"name\":\"Travel Smart\",\"url\":\"https:\\\/\\\/travelsmartcampaign.org\\\/\",\"logo\":{\"@type\":\"ImageObject\",\"inLanguage\":\"pt-PT\",\"@id\":\"https:\\\/\\\/travelsmartcampaign.org\\\/#\\\/schema\\\/logo\\\/image\\\/\",\"url\":\"https:\\\/\\\/travelsmartcampaign.org\\\/wp-content\\\/uploads\\\/travel-smart-min.jpeg\",\"contentUrl\":\"https:\\\/\\\/travelsmartcampaign.org\\\/wp-content\\\/uploads\\\/travel-smart-min.jpeg\",\"width\":1200,\"height\":690,\"caption\":\"Travel Smart\"},\"image\":{\"@id\":\"https:\\\/\\\/travelsmartcampaign.org\\\/#\\\/schema\\\/logo\\\/image\\\/\"}}]}<\/script>\n<!-- \/ Yoast SEO plugin. -->","yoast_head_json":{"title":"Viagens de neg\u00f3cios: as emiss\u00f5es dos grandes grupos franceses diminu\u00edram um ter\u00e7o em rela\u00e7\u00e3o a 2019 - Campanha Travel Smart","robots":{"index":"index","follow":"follow","max-snippet":"max-snippet:-1","max-image-preview":"max-image-preview:large","max-video-preview":"max-video-preview:-1"},"canonical":"https:\/\/travelsmartcampaign.org\/pt\/biblioteca\/voyages-daffaires-les-emissoes-des-grands-groupes-francais-ont-diminue-dun-tiers-par-rapport-a-2019\/","og_locale":"pt_PT","og_type":"article","og_title":"Voyages d\u2019affaires : les \u00e9missions des grands groupes fran\u00e7ais ont diminu\u00e9 d\u2019un tiers par rapport \u00e0 2019 - Travel Smart Campaign","og_description":"17 des 18 entreprises fran\u00e7aises analys\u00e9es dans une nouvelle \u00e9tude de la campagne \u2018Travel Smart\u2019 de Transport & Environment maintiennent leurs niveaux de voyages d\u2019affaires plus bas qu\u2019avant le Covid, m\u00eame si beaucoup d\u2019entre elles remontent vite la pente.","og_url":"https:\/\/travelsmartcampaign.org\/pt\/biblioteca\/voyages-daffaires-les-emissoes-des-grands-groupes-francais-ont-diminue-dun-tiers-par-rapport-a-2019\/","og_site_name":"Travel Smart Campaign","article_modified_time":"2025-05-14T10:40:28+00:00","og_image":[{"width":1280,"height":854,"url":"https:\/\/travelsmartcampaign.org\/wp-content\/uploads\/aircraft-475409_1280.jpg","type":"image\/jpeg"}],"twitter_card":"summary_large_image","twitter_misc":{"Tempo estimado de leitura":"4 minutos"},"schema":{"@context":"https:\/\/schema.org","@graph":[{"@type":"WebPage","@id":"https:\/\/travelsmartcampaign.org\/library\/voyages-daffaires-les-emissions-des-grands-groupes-francais-ont-diminue-dun-tiers-par-rapport-a-2019\/","url":"https:\/\/travelsmartcampaign.org\/library\/voyages-daffaires-les-emissions-des-grands-groupes-francais-ont-diminue-dun-tiers-par-rapport-a-2019\/","name":"Viagens de neg\u00f3cios: as emiss\u00f5es dos grandes grupos franceses diminu\u00edram um ter\u00e7o em rela\u00e7\u00e3o a 2019 - Campanha Travel Smart","isPartOf":{"@id":"https:\/\/travelsmartcampaign.org\/#website"},"primaryImageOfPage":{"@id":"https:\/\/travelsmartcampaign.org\/library\/voyages-daffaires-les-emissions-des-grands-groupes-francais-ont-diminue-dun-tiers-par-rapport-a-2019\/#primaryimage"},"image":{"@id":"https:\/\/travelsmartcampaign.org\/library\/voyages-daffaires-les-emissions-des-grands-groupes-francais-ont-diminue-dun-tiers-par-rapport-a-2019\/#primaryimage"},"thumbnailUrl":"https:\/\/travelsmartcampaign.org\/wp-content\/uploads\/aircraft-475409_1280.jpg","datePublished":"2024-05-23T23:01:35+00:00","dateModified":"2025-05-14T10:40:28+00:00","breadcrumb":{"@id":"https:\/\/travelsmartcampaign.org\/library\/voyages-daffaires-les-emissions-des-grands-groupes-francais-ont-diminue-dun-tiers-par-rapport-a-2019\/#breadcrumb"},"inLanguage":"pt-PT","potentialAction":[{"@type":"ReadAction","target":["https:\/\/travelsmartcampaign.org\/library\/voyages-daffaires-les-emissions-des-grands-groupes-francais-ont-diminue-dun-tiers-par-rapport-a-2019\/"]}]},{"@type":"ImageObject","inLanguage":"pt-PT","@id":"https:\/\/travelsmartcampaign.org\/library\/voyages-daffaires-les-emissions-des-grands-groupes-francais-ont-diminue-dun-tiers-par-rapport-a-2019\/#primaryimage","url":"https:\/\/travelsmartcampaign.org\/wp-content\/uploads\/aircraft-475409_1280.jpg","contentUrl":"https:\/\/travelsmartcampaign.org\/wp-content\/uploads\/aircraft-475409_1280.jpg","width":1280,"height":854},{"@type":"BreadcrumbList","@id":"https:\/\/travelsmartcampaign.org\/library\/voyages-daffaires-les-emissions-des-grands-groupes-francais-ont-diminue-dun-tiers-par-rapport-a-2019\/#breadcrumb","itemListElement":[{"@type":"ListItem","position":1,"name":"Home","item":"https:\/\/travelsmartcampaign.org\/"},{"@type":"ListItem","position":2,"name":"Voyages d\u2019affaires : les \u00e9missions des grands groupes fran\u00e7ais ont diminu\u00e9 d\u2019un tiers par rapport \u00e0 2019"}]},{"@type":"WebSite","@id":"https:\/\/travelsmartcampaign.org\/#website","url":"https:\/\/travelsmartcampaign.org\/","name":"Viagem Inteligente","description":"","publisher":{"@id":"https:\/\/travelsmartcampaign.org\/#organization"},"potentialAction":[{"@type":"SearchAction","target":{"@type":"EntryPoint","urlTemplate":"https:\/\/travelsmartcampaign.org\/?s={search_term_string}"},"query-input":{"@type":"PropertyValueSpecification","valueRequired":true,"valueName":"search_term_string"}}],"inLanguage":"pt-PT"},{"@type":"Organization","@id":"https:\/\/travelsmartcampaign.org\/#organization","name":"Viagem Inteligente","url":"https:\/\/travelsmartcampaign.org\/","logo":{"@type":"ImageObject","inLanguage":"pt-PT","@id":"https:\/\/travelsmartcampaign.org\/#\/schema\/logo\/image\/","url":"https:\/\/travelsmartcampaign.org\/wp-content\/uploads\/travel-smart-min.jpeg","contentUrl":"https:\/\/travelsmartcampaign.org\/wp-content\/uploads\/travel-smart-min.jpeg","width":1200,"height":690,"caption":"Travel Smart"},"image":{"@id":"https:\/\/travelsmartcampaign.org\/#\/schema\/logo\/image\/"}}]}},"_links":{"self":[{"href":"https:\/\/travelsmartcampaign.org\/pt\/wp-json\/wp\/v2\/library\/13496","targetHints":{"allow":["GET"]}}],"collection":[{"href":"https:\/\/travelsmartcampaign.org\/pt\/wp-json\/wp\/v2\/library"}],"about":[{"href":"https:\/\/travelsmartcampaign.org\/pt\/wp-json\/wp\/v2\/types\/library"}],"version-history":[{"count":0,"href":"https:\/\/travelsmartcampaign.org\/pt\/wp-json\/wp\/v2\/library\/13496\/revisions"}],"wp:featuredmedia":[{"embeddable":true,"href":"https:\/\/travelsmartcampaign.org\/pt\/wp-json\/wp\/v2\/media\/17863"}],"wp:attachment":[{"href":"https:\/\/travelsmartcampaign.org\/pt\/wp-json\/wp\/v2\/media?parent=13496"}],"wp:term":[{"taxonomy":"topic","embeddable":true,"href":"https:\/\/travelsmartcampaign.org\/pt\/wp-json\/wp\/v2\/topic?post=13496"},{"taxonomy":"visibility","embeddable":true,"href":"https:\/\/travelsmartcampaign.org\/pt\/wp-json\/wp\/v2\/visibility?post=13496"},{"taxonomy":"post-country","embeddable":true,"href":"https:\/\/travelsmartcampaign.org\/pt\/wp-json\/wp\/v2\/post-country?post=13496"},{"taxonomy":"language","embeddable":true,"href":"https:\/\/travelsmartcampaign.org\/pt\/wp-json\/wp\/v2\/language?post=13496"},{"taxonomy":"category-post-type","embeddable":true,"href":"https:\/\/travelsmartcampaign.org\/pt\/wp-json\/wp\/v2\/category-post-type?post=13496"}],"curies":[{"name":"wp","href":"https:\/\/api.w.org\/{rel}","templated":true}]}}