{"id":13583,"date":"2024-05-24T00:01:53","date_gmt":"2024-05-23T23:01:53","guid":{"rendered":"http:\/\/travelsmartcampaign.org\/?post_type=library&#038;p=13583"},"modified":"2025-05-14T11:41:30","modified_gmt":"2025-05-14T10:41:30","slug":"as-emissoes-de-viagens-de-negocios-dos-principais-grupos-franceses-diminuiram-um-terco-em-comparacao-com-2019","status":"publish","type":"library","link":"https:\/\/travelsmartcampaign.org\/pt\/library\/business-travel-emissions-by-major-french-groups-down-by-a-third-compared-with-2019\/","title":{"rendered":"Viagens de neg\u00f3cios: emiss\u00f5es dos principais grupos franceses diminu\u00edram um ter\u00e7o em compara\u00e7\u00e3o com 2019"},"content":{"rendered":"<p><span style=\"font-weight: 400;\">Uma nova an\u00e1lise T&amp;E das emiss\u00f5es das viagens de neg\u00f3cios de 18 empresas francesas em 2023 revela que, em m\u00e9dia, estas reduziram as suas emiss\u00f5es em um ter\u00e7o (-33%) em 2023 em compara\u00e7\u00e3o com 2019. Mas algumas delas est\u00e3o a aproximar-se rapidamente dos n\u00edveis de 2019. Entre estas, Forvia (anteriormente Faurecia), Sanofi e Air Liquide regressaram a quase 90% das suas emiss\u00f5es de 2019. E isto apesar de as empresas terem aprendido a trabalhar com ferramentas de colabora\u00e7\u00e3o online e menos voos desde a COVID, e a maioria delas se ter comprometido a reduzir a sua pegada de carbono.<\/span><\/p>\n<p><span style=\"font-weight: 400;\">Uma empresa, a bioM\u00e9rieux, excedeu os n\u00edveis de voo de 2019 (+9%). Ao mesmo tempo, afirma que em 2023 estabeleceu uma meta de redu\u00e7\u00e3o interna de -10% em compara\u00e7\u00e3o com as emiss\u00f5es de viagens de 2022, um desenvolvimento positivo que dever\u00e1 ajudar a corrigir a sua trajet\u00f3ria.<\/span><\/p>\n<p><span style=\"font-weight: 400;\">9 das 18 empresas analisadas estabeleceram metas para a redu\u00e7\u00e3o das emiss\u00f5es das viagens de neg\u00f3cios, e duas empresas conseguiram reduzir significativamente os seus voos, que representam a maior parte das emiss\u00f5es das viagens de neg\u00f3cios, e mantiveram os baixos n\u00edveis de emiss\u00f5es observados no final da pandemia . As emiss\u00f5es de viagens de neg\u00f3cios da Dassault em 2023 est\u00e3o em -60% dos n\u00edveis de 2019, e as da Amundi em -51%. Em 2022, nove empresas alcan\u00e7aram este desempenho, em grande parte devido \u00e0s restri\u00e7\u00f5es da COVID. A Dassault e a Amundi t\u00eam metas para reduzir as emiss\u00f5es das suas viagens de neg\u00f3cios.<\/span><\/p>\n<p><img loading=\"lazy\" decoding=\"async\" class=\"alignnone size-full wp-image-16611\" src=\"http:\/\/travelsmartcampaign.org\/wp-content\/uploads\/2-6.png\" alt=\"\" width=\"768\" height=\"1100\" srcset=\"https:\/\/travelsmartcampaign.org\/wp-content\/uploads\/2-6.png 768w, https:\/\/travelsmartcampaign.org\/wp-content\/uploads\/2-6-209x300.png 209w, https:\/\/travelsmartcampaign.org\/wp-content\/uploads\/2-6-715x1024.png 715w, https:\/\/travelsmartcampaign.org\/wp-content\/uploads\/2-6-8x12.png 8w\" sizes=\"auto, (max-width: 768px) 100vw, 768px\" \/><\/p>\n<p><span style=\"font-weight: 400;\">J\u00e9r\u00f4me du Boucher, gerente de avia\u00e7\u00e3o da Fran\u00e7a, explica: <\/span><i><span style=\"font-weight: 400;\">\u201cEstamos a assistir a um retorno preocupante do aumento das emiss\u00f5es das viagens de neg\u00f3cios em Fran\u00e7a. Parece que as li\u00e7\u00f5es da pandemia n\u00e3o foram aprendidas. E, no entanto, o caminho a seguir foi tra\u00e7ado: mais colabora\u00e7\u00e3o online, mais viagens ferrovi\u00e1rias e menos a\u00e9reas. Infelizmente, demasiadas empresas est\u00e3o a regressar a h\u00e1bitos de voo excessivos, com pouca considera\u00e7\u00e3o pelo planeta.\u201d<\/span><\/i><\/p>\n<p><span style=\"font-weight: 400;\">O governo franc\u00eas tomou recentemente algumas medidas encorajadoras em rela\u00e7\u00e3o \u00e0s viagens de neg\u00f3cios. Como parte de sua <\/span><a href=\"https:\/\/www.ecologie.gouv.fr\/sites\/default\/files\/22152_Plan-sobriete_DP-2023-if-2.pdf\"><span style=\"font-weight: 400;\">plano de poupan\u00e7a de energia<\/span><\/a><span style=\"font-weight: 400;\">, pediu \u00e0s empresas e tamb\u00e9m aos funcion\u00e1rios p\u00fablicos que viajassem de comboio em vez de avi\u00e3o para viagens que possam ser feitas em menos de quatro horas, a partir de Janeiro de 2024. O governo tamb\u00e9m reconhece o enorme impacto clim\u00e1tico dos transportes. E \u00e9 por isso que o subsequente <\/span><a href=\"https:\/\/www.legifrance.gouv.fr\/download\/pdf\/circ?id=45511\"><span style=\"font-weight: 400;\">memorando sobre o compromisso do Estado com a transforma\u00e7\u00e3o ecol\u00f3gica<\/span><\/a><span style=\"font-weight: 400;\"> inclui uma meta de reduzir as viagens a\u00e9reas dos funcion\u00e1rios em 20% em 2024 em compara\u00e7\u00e3o com 2019, e de aumentar a sua ambi\u00e7\u00e3o para -30% em 2027.<\/span><\/p>\n<p><span style=\"font-weight: 400;\">A T&amp;E apela \u00e0s empresas francesas para que fa\u00e7am o mesmo e estabele\u00e7am metas para reduzir as emiss\u00f5es das viagens de neg\u00f3cios em 50% ou mais at\u00e9 2025. Este objetivo foi definido com base nos resultados da T&amp;E. <\/span><a href=\"https:\/\/www.transportenvironment.org\/assets\/files\/TE-aviation-decarbonisation-roadmap-FINAL.pdf\"><span style=\"font-weight: 400;\">Roteiro para uma avia\u00e7\u00e3o com impacto neutro no clima<\/span><\/a><span style=\"font-weight: 400;\">, que mostra que \u00e9 necess\u00e1ria uma redu\u00e7\u00e3o global de 50% nas emiss\u00f5es das viagens de neg\u00f3cios durante esta d\u00e9cada, para manter a avia\u00e7\u00e3o numa trajet\u00f3ria compat\u00edvel com 1,5\u00b0C.<\/span><\/p>\n<p>&nbsp;<\/p>","protected":false},"excerpt":{"rendered":"<p>17 das 18 empresas francesas analisadas num novo estudo da campanha \"Transport &amp; Environment\" da Travel Smart mantiveram as suas emiss\u00f5es de viagens de neg\u00f3cios mais baixas do que antes da COVID, embora muitas estejam rapidamente a aumentar.<\/p>","protected":false},"featured_media":17863,"template":"","topic":[96,191,190,203],"visibility":[],"post-country":[31],"language":[27],"category-post-type":[28],"class_list":["post-13583","library","type-library","status-publish","has-post-thumbnail","hentry","topic-business-travel","topic-corporate-reporting","topic-emission-tracker","topic-emissions-reduction","post-country-france","language-english","category-post-type-press-release"],"yoast_head":"<!-- This site is optimized with the Yoast SEO plugin v27.5 - https:\/\/yoast.com\/product\/yoast-seo-wordpress\/ -->\n<title>Business travel: emissions by major French groups down by a third compared with 2019 - Travel Smart Campaign<\/title>\n<meta name=\"robots\" content=\"index, follow, max-snippet:-1, max-image-preview:large, max-video-preview:-1\" \/>\n<link rel=\"canonical\" href=\"https:\/\/travelsmartcampaign.org\/pt\/biblioteca\/as-emissoes-de-viagens-de-negocios-dos-principais-grupos-franceses-diminuiram-um-terco-em-comparacao-com-2019\/\" \/>\n<meta property=\"og:locale\" content=\"pt_PT\" \/>\n<meta property=\"og:type\" content=\"article\" \/>\n<meta property=\"og:title\" content=\"Business travel: emissions by major French groups down by a third compared with 2019 - Travel Smart Campaign\" \/>\n<meta property=\"og:description\" content=\"17 of the 18 French companies analysed in a new study by Transport &amp; Environment&#039;s &#039;Travel Smart&#039; campaign have kept their business travel emissions lower than before COVID, although many are quickly creeping back up.\" \/>\n<meta property=\"og:url\" content=\"https:\/\/travelsmartcampaign.org\/pt\/biblioteca\/as-emissoes-de-viagens-de-negocios-dos-principais-grupos-franceses-diminuiram-um-terco-em-comparacao-com-2019\/\" \/>\n<meta property=\"og:site_name\" content=\"Travel Smart Campaign\" \/>\n<meta property=\"article:modified_time\" content=\"2025-05-14T10:41:30+00:00\" \/>\n<meta property=\"og:image\" content=\"https:\/\/travelsmartcampaign.org\/wp-content\/uploads\/aircraft-475409_1280.jpg\" \/>\n\t<meta property=\"og:image:width\" content=\"1280\" \/>\n\t<meta property=\"og:image:height\" content=\"854\" \/>\n\t<meta property=\"og:image:type\" content=\"image\/jpeg\" \/>\n<meta name=\"twitter:card\" content=\"summary_large_image\" \/>\n<meta name=\"twitter:label1\" content=\"Tempo estimado de leitura\" \/>\n\t<meta name=\"twitter:data1\" content=\"3 minutos\" \/>\n<script type=\"application\/ld+json\" class=\"yoast-schema-graph\">{\"@context\":\"https:\\\/\\\/schema.org\",\"@graph\":[{\"@type\":\"WebPage\",\"@id\":\"https:\\\/\\\/travelsmartcampaign.org\\\/library\\\/business-travel-emissions-by-major-french-groups-down-by-a-third-compared-with-2019\\\/\",\"url\":\"https:\\\/\\\/travelsmartcampaign.org\\\/library\\\/business-travel-emissions-by-major-french-groups-down-by-a-third-compared-with-2019\\\/\",\"name\":\"Business travel: emissions by major French groups down by a third compared with 2019 - Travel Smart Campaign\",\"isPartOf\":{\"@id\":\"https:\\\/\\\/travelsmartcampaign.org\\\/#website\"},\"primaryImageOfPage\":{\"@id\":\"https:\\\/\\\/travelsmartcampaign.org\\\/library\\\/business-travel-emissions-by-major-french-groups-down-by-a-third-compared-with-2019\\\/#primaryimage\"},\"image\":{\"@id\":\"https:\\\/\\\/travelsmartcampaign.org\\\/library\\\/business-travel-emissions-by-major-french-groups-down-by-a-third-compared-with-2019\\\/#primaryimage\"},\"thumbnailUrl\":\"https:\\\/\\\/travelsmartcampaign.org\\\/wp-content\\\/uploads\\\/aircraft-475409_1280.jpg\",\"datePublished\":\"2024-05-23T23:01:53+00:00\",\"dateModified\":\"2025-05-14T10:41:30+00:00\",\"breadcrumb\":{\"@id\":\"https:\\\/\\\/travelsmartcampaign.org\\\/library\\\/business-travel-emissions-by-major-french-groups-down-by-a-third-compared-with-2019\\\/#breadcrumb\"},\"inLanguage\":\"pt-PT\",\"potentialAction\":[{\"@type\":\"ReadAction\",\"target\":[\"https:\\\/\\\/travelsmartcampaign.org\\\/library\\\/business-travel-emissions-by-major-french-groups-down-by-a-third-compared-with-2019\\\/\"]}]},{\"@type\":\"ImageObject\",\"inLanguage\":\"pt-PT\",\"@id\":\"https:\\\/\\\/travelsmartcampaign.org\\\/library\\\/business-travel-emissions-by-major-french-groups-down-by-a-third-compared-with-2019\\\/#primaryimage\",\"url\":\"https:\\\/\\\/travelsmartcampaign.org\\\/wp-content\\\/uploads\\\/aircraft-475409_1280.jpg\",\"contentUrl\":\"https:\\\/\\\/travelsmartcampaign.org\\\/wp-content\\\/uploads\\\/aircraft-475409_1280.jpg\",\"width\":1280,\"height\":854},{\"@type\":\"BreadcrumbList\",\"@id\":\"https:\\\/\\\/travelsmartcampaign.org\\\/library\\\/business-travel-emissions-by-major-french-groups-down-by-a-third-compared-with-2019\\\/#breadcrumb\",\"itemListElement\":[{\"@type\":\"ListItem\",\"position\":1,\"name\":\"Home\",\"item\":\"https:\\\/\\\/travelsmartcampaign.org\\\/\"},{\"@type\":\"ListItem\",\"position\":2,\"name\":\"Business travel: emissions by major French groups down by a third compared with 2019\"}]},{\"@type\":\"WebSite\",\"@id\":\"https:\\\/\\\/travelsmartcampaign.org\\\/#website\",\"url\":\"https:\\\/\\\/travelsmartcampaign.org\\\/\",\"name\":\"Travel Smart\",\"description\":\"\",\"publisher\":{\"@id\":\"https:\\\/\\\/travelsmartcampaign.org\\\/#organization\"},\"potentialAction\":[{\"@type\":\"SearchAction\",\"target\":{\"@type\":\"EntryPoint\",\"urlTemplate\":\"https:\\\/\\\/travelsmartcampaign.org\\\/?s={search_term_string}\"},\"query-input\":{\"@type\":\"PropertyValueSpecification\",\"valueRequired\":true,\"valueName\":\"search_term_string\"}}],\"inLanguage\":\"pt-PT\"},{\"@type\":\"Organization\",\"@id\":\"https:\\\/\\\/travelsmartcampaign.org\\\/#organization\",\"name\":\"Travel Smart\",\"url\":\"https:\\\/\\\/travelsmartcampaign.org\\\/\",\"logo\":{\"@type\":\"ImageObject\",\"inLanguage\":\"pt-PT\",\"@id\":\"https:\\\/\\\/travelsmartcampaign.org\\\/#\\\/schema\\\/logo\\\/image\\\/\",\"url\":\"https:\\\/\\\/travelsmartcampaign.org\\\/wp-content\\\/uploads\\\/travel-smart-min.jpeg\",\"contentUrl\":\"https:\\\/\\\/travelsmartcampaign.org\\\/wp-content\\\/uploads\\\/travel-smart-min.jpeg\",\"width\":1200,\"height\":690,\"caption\":\"Travel Smart\"},\"image\":{\"@id\":\"https:\\\/\\\/travelsmartcampaign.org\\\/#\\\/schema\\\/logo\\\/image\\\/\"}}]}<\/script>\n<!-- \/ Yoast SEO plugin. -->","yoast_head_json":{"title":"Viagens de neg\u00f3cios: emiss\u00f5es dos principais grupos franceses diminu\u00edram um ter\u00e7o em rela\u00e7\u00e3o a 2019 - Campanha Travel Smart","robots":{"index":"index","follow":"follow","max-snippet":"max-snippet:-1","max-image-preview":"max-image-preview:large","max-video-preview":"max-video-preview:-1"},"canonical":"https:\/\/travelsmartcampaign.org\/pt\/biblioteca\/as-emissoes-de-viagens-de-negocios-dos-principais-grupos-franceses-diminuiram-um-terco-em-comparacao-com-2019\/","og_locale":"pt_PT","og_type":"article","og_title":"Business travel: emissions by major French groups down by a third compared with 2019 - Travel Smart Campaign","og_description":"17 of the 18 French companies analysed in a new study by Transport & Environment's 'Travel Smart' campaign have kept their business travel emissions lower than before COVID, although many are quickly creeping back up.","og_url":"https:\/\/travelsmartcampaign.org\/pt\/biblioteca\/as-emissoes-de-viagens-de-negocios-dos-principais-grupos-franceses-diminuiram-um-terco-em-comparacao-com-2019\/","og_site_name":"Travel Smart Campaign","article_modified_time":"2025-05-14T10:41:30+00:00","og_image":[{"width":1280,"height":854,"url":"https:\/\/travelsmartcampaign.org\/wp-content\/uploads\/aircraft-475409_1280.jpg","type":"image\/jpeg"}],"twitter_card":"summary_large_image","twitter_misc":{"Tempo estimado de leitura":"3 minutos"},"schema":{"@context":"https:\/\/schema.org","@graph":[{"@type":"WebPage","@id":"https:\/\/travelsmartcampaign.org\/library\/business-travel-emissions-by-major-french-groups-down-by-a-third-compared-with-2019\/","url":"https:\/\/travelsmartcampaign.org\/library\/business-travel-emissions-by-major-french-groups-down-by-a-third-compared-with-2019\/","name":"Viagens de neg\u00f3cios: emiss\u00f5es dos principais grupos franceses diminu\u00edram um ter\u00e7o em rela\u00e7\u00e3o a 2019 - Campanha Travel Smart","isPartOf":{"@id":"https:\/\/travelsmartcampaign.org\/#website"},"primaryImageOfPage":{"@id":"https:\/\/travelsmartcampaign.org\/library\/business-travel-emissions-by-major-french-groups-down-by-a-third-compared-with-2019\/#primaryimage"},"image":{"@id":"https:\/\/travelsmartcampaign.org\/library\/business-travel-emissions-by-major-french-groups-down-by-a-third-compared-with-2019\/#primaryimage"},"thumbnailUrl":"https:\/\/travelsmartcampaign.org\/wp-content\/uploads\/aircraft-475409_1280.jpg","datePublished":"2024-05-23T23:01:53+00:00","dateModified":"2025-05-14T10:41:30+00:00","breadcrumb":{"@id":"https:\/\/travelsmartcampaign.org\/library\/business-travel-emissions-by-major-french-groups-down-by-a-third-compared-with-2019\/#breadcrumb"},"inLanguage":"pt-PT","potentialAction":[{"@type":"ReadAction","target":["https:\/\/travelsmartcampaign.org\/library\/business-travel-emissions-by-major-french-groups-down-by-a-third-compared-with-2019\/"]}]},{"@type":"ImageObject","inLanguage":"pt-PT","@id":"https:\/\/travelsmartcampaign.org\/library\/business-travel-emissions-by-major-french-groups-down-by-a-third-compared-with-2019\/#primaryimage","url":"https:\/\/travelsmartcampaign.org\/wp-content\/uploads\/aircraft-475409_1280.jpg","contentUrl":"https:\/\/travelsmartcampaign.org\/wp-content\/uploads\/aircraft-475409_1280.jpg","width":1280,"height":854},{"@type":"BreadcrumbList","@id":"https:\/\/travelsmartcampaign.org\/library\/business-travel-emissions-by-major-french-groups-down-by-a-third-compared-with-2019\/#breadcrumb","itemListElement":[{"@type":"ListItem","position":1,"name":"Home","item":"https:\/\/travelsmartcampaign.org\/"},{"@type":"ListItem","position":2,"name":"Business travel: emissions by major French groups down by a third compared with 2019"}]},{"@type":"WebSite","@id":"https:\/\/travelsmartcampaign.org\/#website","url":"https:\/\/travelsmartcampaign.org\/","name":"Viagem Inteligente","description":"","publisher":{"@id":"https:\/\/travelsmartcampaign.org\/#organization"},"potentialAction":[{"@type":"SearchAction","target":{"@type":"EntryPoint","urlTemplate":"https:\/\/travelsmartcampaign.org\/?s={search_term_string}"},"query-input":{"@type":"PropertyValueSpecification","valueRequired":true,"valueName":"search_term_string"}}],"inLanguage":"pt-PT"},{"@type":"Organization","@id":"https:\/\/travelsmartcampaign.org\/#organization","name":"Viagem Inteligente","url":"https:\/\/travelsmartcampaign.org\/","logo":{"@type":"ImageObject","inLanguage":"pt-PT","@id":"https:\/\/travelsmartcampaign.org\/#\/schema\/logo\/image\/","url":"https:\/\/travelsmartcampaign.org\/wp-content\/uploads\/travel-smart-min.jpeg","contentUrl":"https:\/\/travelsmartcampaign.org\/wp-content\/uploads\/travel-smart-min.jpeg","width":1200,"height":690,"caption":"Travel Smart"},"image":{"@id":"https:\/\/travelsmartcampaign.org\/#\/schema\/logo\/image\/"}}]}},"_links":{"self":[{"href":"https:\/\/travelsmartcampaign.org\/pt\/wp-json\/wp\/v2\/library\/13583","targetHints":{"allow":["GET"]}}],"collection":[{"href":"https:\/\/travelsmartcampaign.org\/pt\/wp-json\/wp\/v2\/library"}],"about":[{"href":"https:\/\/travelsmartcampaign.org\/pt\/wp-json\/wp\/v2\/types\/library"}],"version-history":[{"count":0,"href":"https:\/\/travelsmartcampaign.org\/pt\/wp-json\/wp\/v2\/library\/13583\/revisions"}],"wp:featuredmedia":[{"embeddable":true,"href":"https:\/\/travelsmartcampaign.org\/pt\/wp-json\/wp\/v2\/media\/17863"}],"wp:attachment":[{"href":"https:\/\/travelsmartcampaign.org\/pt\/wp-json\/wp\/v2\/media?parent=13583"}],"wp:term":[{"taxonomy":"topic","embeddable":true,"href":"https:\/\/travelsmartcampaign.org\/pt\/wp-json\/wp\/v2\/topic?post=13583"},{"taxonomy":"visibility","embeddable":true,"href":"https:\/\/travelsmartcampaign.org\/pt\/wp-json\/wp\/v2\/visibility?post=13583"},{"taxonomy":"post-country","embeddable":true,"href":"https:\/\/travelsmartcampaign.org\/pt\/wp-json\/wp\/v2\/post-country?post=13583"},{"taxonomy":"language","embeddable":true,"href":"https:\/\/travelsmartcampaign.org\/pt\/wp-json\/wp\/v2\/language?post=13583"},{"taxonomy":"category-post-type","embeddable":true,"href":"https:\/\/travelsmartcampaign.org\/pt\/wp-json\/wp\/v2\/category-post-type?post=13583"}],"curies":[{"name":"wp","href":"https:\/\/api.w.org\/{rel}","templated":true}]}}