{"id":14526,"date":"2024-07-29T00:01:39","date_gmt":"2024-07-28T23:01:39","guid":{"rendered":"http:\/\/travelsmartcampaign.org\/?post_type=library&#038;p=14526"},"modified":"2026-01-07T12:29:06","modified_gmt":"2026-01-07T11:29:06","slug":"as-empresas-apelam-a-comissao-europeia-e-ao-parlamento-europeu-para-que-melhorem-os-padroes-de-contabilizacao-das-emissoes-das-viagens-de-negocios-e-dos-efeitos-nao-co2-da-aviacao","status":"publish","type":"library","link":"https:\/\/travelsmartcampaign.org\/pt\/library\/companies-call-on-the-european-commission-and-european-parliament-to-improve-standards-for-business-travel-emissions-accounting-and-aviation-non-co2-effects\/","title":{"rendered":"As empresas apelam \u00e0 Comiss\u00e3o Europeia e ao Parlamento Europeu para que melhorem os padr\u00f5es de contabiliza\u00e7\u00e3o das emiss\u00f5es das viagens de neg\u00f3cios e dos efeitos n\u00e3o relacionados com o CO2 da avia\u00e7\u00e3o"},"content":{"rendered":"<p><span style=\"font-weight: 400;\">Um novo esquema de monitoramento da UE para fornecer dados mais precisos sobre emiss\u00f5es n\u00e3o-CO2 est\u00e1 sendo questionado. Em vez de monitorar o n\u00e3o-CO2 em todos os voos partindo da Europa, apenas voos dentro do Espa\u00e7o Econ\u00f4mico Europeu (EEE) ser\u00e3o levados em considera\u00e7\u00e3o. Empresas e sociedade civil pedem \u00e0 Comiss\u00e3o Europeia que garanta um escopo geogr\u00e1fico completo para o esquema, para ajudar a contabilizar com precis\u00e3o o impacto total dos voos a fim de apoiar os esfor\u00e7os para reduzir as emiss\u00f5es de viagens.<\/span><\/p>\n<p><span style=\"font-weight: 400;\">Muitas grandes empresas est\u00e3o comprometidas em fazer sua parte na mitiga\u00e7\u00e3o do clima e, portanto, est\u00e3o relatando e reduzindo as emiss\u00f5es gerais e aquelas relacionadas a viagens de neg\u00f3cios, incluindo o for\u00e7amento radiativo.<\/span><\/p>\n<p><span style=\"font-weight: 400;\">Para os ajudar a atingir este objectivo, necessitam que a Comiss\u00e3o Europeia garanta <\/span><span style=\"font-weight: 400;\">condi\u00e7\u00f5es de concorr\u00eancia equitativas, com normas e metodologias harmonizadas para viagens de neg\u00f3cios, para poder contribuir para promover viagens descarbonizadas na Europa.<\/span><span style=\"font-weight: 400;\"> A redu\u00e7\u00e3o de emiss\u00f5es de viagens corporativas n\u00e3o pode ser abordada sem melhorar os padr\u00f5es de contabilidade clim\u00e1tica.<\/span><\/p>\n<p><span style=\"font-weight: 400;\">Uma das barreiras que as empresas enfrentam <\/span><span style=\"font-weight: 400;\">\u00e9 a dificuldade de rastrear completamente as emiss\u00f5es e os impactos clim\u00e1ticos devido \u00e0 multiplicidade de metodologias atuais<\/span><span style=\"font-weight: 400;\">. Eles est\u00e3o buscando ser capazes de relatar suas emiss\u00f5es de viagens com mais precis\u00e3o, mas faltam melhores orienta\u00e7\u00f5es. A estrutura de Monitoramento, Relat\u00f3rio e Verifica\u00e7\u00e3o (MRV) do Sistema de Com\u00e9rcio de Emiss\u00f5es da UE (ETS) deve ajudar a permitir que as empresas contabilizem mais facilmente o impacto clim\u00e1tico total das viagens, incluindo padr\u00f5es abrangentes de relat\u00f3rios para efeitos n\u00e3o-CO2 da avia\u00e7\u00e3o. A UE deve garantir um escopo geogr\u00e1fico completo para relat\u00f3rios de emiss\u00f5es n\u00e3o-CO2 de todos os voos que entram e saem da UE, para se alinhar \u00e0 natureza global das viagens de neg\u00f3cios e aos relat\u00f3rios de sustentabilidade corporativa.<\/span><\/p>\n<p><span style=\"font-weight: 400;\">\u00c9 por isso que os signat\u00e1rios da carta pedem \u00e0 Comiss\u00e3o Europeia que garanta um escopo geogr\u00e1fico completo para o esquema, para ajudar a contabilizar com precis\u00e3o o impacto total dos voos, a fim de apoiar os esfor\u00e7os para reduzir as emiss\u00f5es das viagens.<\/span><\/p>","protected":false},"excerpt":{"rendered":"<p>A new EU monitoring scheme to provide more accurate data on non-CO2 emissions is being put into question. Rather than monitoring non-CO2 on all flights departing Europe, only flights within the European Economic Area (EEA) will be taken into account. Companies and civil society call on the European Commission to ensure a full geographic scope [&hellip;]<\/p>\n","protected":false},"featured_media":14528,"template":"","topic":[204,251,183],"visibility":[],"post-country":[202],"language":[27],"category-post-type":[166],"class_list":["post-14526","library","type-library","status-publish","has-post-thumbnail","hentry","topic-european-union","topic-long-haul-flight","topic-non-co2","post-country-european-union","language-english","category-post-type-letter"],"yoast_head":"<!-- This site is optimized with the Yoast SEO plugin v27.5 - https:\/\/yoast.com\/product\/yoast-seo-wordpress\/ -->\n<title>Companies call on the European Commission and European Parliament to improve standards for business travel emissions accounting and aviation non-CO2 effects - Travel Smart Campaign<\/title>\n<meta name=\"robots\" content=\"index, follow, max-snippet:-1, max-image-preview:large, max-video-preview:-1\" \/>\n<link rel=\"canonical\" href=\"https:\/\/travelsmartcampaign.org\/pt\/biblioteca\/as-empresas-apelam-a-comissao-europeia-e-ao-parlamento-europeu-para-que-melhorem-os-padroes-de-contabilizacao-das-emissoes-das-viagens-de-negocios-e-dos-efeitos-nao-co2-da-aviacao\/\" \/>\n<meta property=\"og:locale\" content=\"pt_PT\" \/>\n<meta property=\"og:type\" content=\"article\" \/>\n<meta property=\"og:title\" content=\"Companies call on the European Commission and European Parliament to improve standards for business travel emissions accounting and aviation non-CO2 effects - Travel Smart Campaign\" \/>\n<meta property=\"og:description\" content=\"A new EU monitoring scheme to provide more accurate data on non-CO2 emissions is being put into question. Rather than monitoring non-CO2 on all flights departing Europe, only flights within the European Economic Area (EEA) will be taken into account. Companies and civil society call on the European Commission to ensure a full geographic scope [&hellip;]\" \/>\n<meta property=\"og:url\" content=\"https:\/\/travelsmartcampaign.org\/pt\/biblioteca\/as-empresas-apelam-a-comissao-europeia-e-ao-parlamento-europeu-para-que-melhorem-os-padroes-de-contabilizacao-das-emissoes-das-viagens-de-negocios-e-dos-efeitos-nao-co2-da-aviacao\/\" \/>\n<meta property=\"og:site_name\" content=\"Travel Smart Campaign\" \/>\n<meta property=\"article:modified_time\" content=\"2026-01-07T11:29:06+00:00\" \/>\n<meta property=\"og:image\" content=\"https:\/\/travelsmartcampaign.org\/wp-content\/uploads\/contrails-5214003_1280.jpg\" \/>\n\t<meta property=\"og:image:width\" content=\"1280\" \/>\n\t<meta property=\"og:image:height\" content=\"902\" \/>\n\t<meta property=\"og:image:type\" content=\"image\/jpeg\" \/>\n<meta name=\"twitter:card\" content=\"summary_large_image\" \/>\n<meta name=\"twitter:label1\" content=\"Tempo estimado de leitura\" \/>\n\t<meta name=\"twitter:data1\" content=\"2 minutos\" \/>\n<script type=\"application\/ld+json\" class=\"yoast-schema-graph\">{\"@context\":\"https:\\\/\\\/schema.org\",\"@graph\":[{\"@type\":\"WebPage\",\"@id\":\"https:\\\/\\\/travelsmartcampaign.org\\\/library\\\/companies-call-on-the-european-commission-and-european-parliament-to-improve-standards-for-business-travel-emissions-accounting-and-aviation-non-co2-effects\\\/\",\"url\":\"https:\\\/\\\/travelsmartcampaign.org\\\/library\\\/companies-call-on-the-european-commission-and-european-parliament-to-improve-standards-for-business-travel-emissions-accounting-and-aviation-non-co2-effects\\\/\",\"name\":\"Companies call on the European Commission and European Parliament to improve standards for business travel emissions accounting and aviation non-CO2 effects - Travel Smart Campaign\",\"isPartOf\":{\"@id\":\"https:\\\/\\\/travelsmartcampaign.org\\\/#website\"},\"primaryImageOfPage\":{\"@id\":\"https:\\\/\\\/travelsmartcampaign.org\\\/library\\\/companies-call-on-the-european-commission-and-european-parliament-to-improve-standards-for-business-travel-emissions-accounting-and-aviation-non-co2-effects\\\/#primaryimage\"},\"image\":{\"@id\":\"https:\\\/\\\/travelsmartcampaign.org\\\/library\\\/companies-call-on-the-european-commission-and-european-parliament-to-improve-standards-for-business-travel-emissions-accounting-and-aviation-non-co2-effects\\\/#primaryimage\"},\"thumbnailUrl\":\"https:\\\/\\\/travelsmartcampaign.org\\\/wp-content\\\/uploads\\\/contrails-5214003_1280.jpg\",\"datePublished\":\"2024-07-28T23:01:39+00:00\",\"dateModified\":\"2026-01-07T11:29:06+00:00\",\"breadcrumb\":{\"@id\":\"https:\\\/\\\/travelsmartcampaign.org\\\/library\\\/companies-call-on-the-european-commission-and-european-parliament-to-improve-standards-for-business-travel-emissions-accounting-and-aviation-non-co2-effects\\\/#breadcrumb\"},\"inLanguage\":\"pt-PT\",\"potentialAction\":[{\"@type\":\"ReadAction\",\"target\":[\"https:\\\/\\\/travelsmartcampaign.org\\\/library\\\/companies-call-on-the-european-commission-and-european-parliament-to-improve-standards-for-business-travel-emissions-accounting-and-aviation-non-co2-effects\\\/\"]}]},{\"@type\":\"ImageObject\",\"inLanguage\":\"pt-PT\",\"@id\":\"https:\\\/\\\/travelsmartcampaign.org\\\/library\\\/companies-call-on-the-european-commission-and-european-parliament-to-improve-standards-for-business-travel-emissions-accounting-and-aviation-non-co2-effects\\\/#primaryimage\",\"url\":\"https:\\\/\\\/travelsmartcampaign.org\\\/wp-content\\\/uploads\\\/contrails-5214003_1280.jpg\",\"contentUrl\":\"https:\\\/\\\/travelsmartcampaign.org\\\/wp-content\\\/uploads\\\/contrails-5214003_1280.jpg\",\"width\":1280,\"height\":902},{\"@type\":\"BreadcrumbList\",\"@id\":\"https:\\\/\\\/travelsmartcampaign.org\\\/library\\\/companies-call-on-the-european-commission-and-european-parliament-to-improve-standards-for-business-travel-emissions-accounting-and-aviation-non-co2-effects\\\/#breadcrumb\",\"itemListElement\":[{\"@type\":\"ListItem\",\"position\":1,\"name\":\"Home\",\"item\":\"https:\\\/\\\/travelsmartcampaign.org\\\/\"},{\"@type\":\"ListItem\",\"position\":2,\"name\":\"Companies call on the European Commission and European Parliament to improve standards for business travel emissions accounting and aviation non-CO2 effects\"}]},{\"@type\":\"WebSite\",\"@id\":\"https:\\\/\\\/travelsmartcampaign.org\\\/#website\",\"url\":\"https:\\\/\\\/travelsmartcampaign.org\\\/\",\"name\":\"Travel Smart\",\"description\":\"\",\"publisher\":{\"@id\":\"https:\\\/\\\/travelsmartcampaign.org\\\/#organization\"},\"potentialAction\":[{\"@type\":\"SearchAction\",\"target\":{\"@type\":\"EntryPoint\",\"urlTemplate\":\"https:\\\/\\\/travelsmartcampaign.org\\\/?s={search_term_string}\"},\"query-input\":{\"@type\":\"PropertyValueSpecification\",\"valueRequired\":true,\"valueName\":\"search_term_string\"}}],\"inLanguage\":\"pt-PT\"},{\"@type\":\"Organization\",\"@id\":\"https:\\\/\\\/travelsmartcampaign.org\\\/#organization\",\"name\":\"Travel Smart\",\"url\":\"https:\\\/\\\/travelsmartcampaign.org\\\/\",\"logo\":{\"@type\":\"ImageObject\",\"inLanguage\":\"pt-PT\",\"@id\":\"https:\\\/\\\/travelsmartcampaign.org\\\/#\\\/schema\\\/logo\\\/image\\\/\",\"url\":\"https:\\\/\\\/travelsmartcampaign.org\\\/wp-content\\\/uploads\\\/travel-smart-min.jpeg\",\"contentUrl\":\"https:\\\/\\\/travelsmartcampaign.org\\\/wp-content\\\/uploads\\\/travel-smart-min.jpeg\",\"width\":1200,\"height\":690,\"caption\":\"Travel Smart\"},\"image\":{\"@id\":\"https:\\\/\\\/travelsmartcampaign.org\\\/#\\\/schema\\\/logo\\\/image\\\/\"}}]}<\/script>\n<!-- \/ Yoast SEO plugin. -->","yoast_head_json":{"title":"As empresas apelam \u00e0 Comiss\u00e3o Europeia e ao Parlamento Europeu para que melhorem as normas relativas \u00e0 contabiliza\u00e7\u00e3o das emiss\u00f5es das viagens de neg\u00f3cios e aos efeitos n\u00e3o relacionados com o CO2 da avia\u00e7\u00e3o - Campanha Travel Smart","robots":{"index":"index","follow":"follow","max-snippet":"max-snippet:-1","max-image-preview":"max-image-preview:large","max-video-preview":"max-video-preview:-1"},"canonical":"https:\/\/travelsmartcampaign.org\/pt\/biblioteca\/as-empresas-apelam-a-comissao-europeia-e-ao-parlamento-europeu-para-que-melhorem-os-padroes-de-contabilizacao-das-emissoes-das-viagens-de-negocios-e-dos-efeitos-nao-co2-da-aviacao\/","og_locale":"pt_PT","og_type":"article","og_title":"Companies call on the European Commission and European Parliament to improve standards for business travel emissions accounting and aviation non-CO2 effects - Travel Smart Campaign","og_description":"A new EU monitoring scheme to provide more accurate data on non-CO2 emissions is being put into question. Rather than monitoring non-CO2 on all flights departing Europe, only flights within the European Economic Area (EEA) will be taken into account. Companies and civil society call on the European Commission to ensure a full geographic scope [&hellip;]","og_url":"https:\/\/travelsmartcampaign.org\/pt\/biblioteca\/as-empresas-apelam-a-comissao-europeia-e-ao-parlamento-europeu-para-que-melhorem-os-padroes-de-contabilizacao-das-emissoes-das-viagens-de-negocios-e-dos-efeitos-nao-co2-da-aviacao\/","og_site_name":"Travel Smart Campaign","article_modified_time":"2026-01-07T11:29:06+00:00","og_image":[{"width":1280,"height":902,"url":"https:\/\/travelsmartcampaign.org\/wp-content\/uploads\/contrails-5214003_1280.jpg","type":"image\/jpeg"}],"twitter_card":"summary_large_image","twitter_misc":{"Tempo estimado de leitura":"2 minutos"},"schema":{"@context":"https:\/\/schema.org","@graph":[{"@type":"WebPage","@id":"https:\/\/travelsmartcampaign.org\/library\/companies-call-on-the-european-commission-and-european-parliament-to-improve-standards-for-business-travel-emissions-accounting-and-aviation-non-co2-effects\/","url":"https:\/\/travelsmartcampaign.org\/library\/companies-call-on-the-european-commission-and-european-parliament-to-improve-standards-for-business-travel-emissions-accounting-and-aviation-non-co2-effects\/","name":"As empresas apelam \u00e0 Comiss\u00e3o Europeia e ao Parlamento Europeu para que melhorem as normas relativas \u00e0 contabiliza\u00e7\u00e3o das emiss\u00f5es das viagens de neg\u00f3cios e aos efeitos n\u00e3o relacionados com o CO2 da avia\u00e7\u00e3o - Campanha Travel Smart","isPartOf":{"@id":"https:\/\/travelsmartcampaign.org\/#website"},"primaryImageOfPage":{"@id":"https:\/\/travelsmartcampaign.org\/library\/companies-call-on-the-european-commission-and-european-parliament-to-improve-standards-for-business-travel-emissions-accounting-and-aviation-non-co2-effects\/#primaryimage"},"image":{"@id":"https:\/\/travelsmartcampaign.org\/library\/companies-call-on-the-european-commission-and-european-parliament-to-improve-standards-for-business-travel-emissions-accounting-and-aviation-non-co2-effects\/#primaryimage"},"thumbnailUrl":"https:\/\/travelsmartcampaign.org\/wp-content\/uploads\/contrails-5214003_1280.jpg","datePublished":"2024-07-28T23:01:39+00:00","dateModified":"2026-01-07T11:29:06+00:00","breadcrumb":{"@id":"https:\/\/travelsmartcampaign.org\/library\/companies-call-on-the-european-commission-and-european-parliament-to-improve-standards-for-business-travel-emissions-accounting-and-aviation-non-co2-effects\/#breadcrumb"},"inLanguage":"pt-PT","potentialAction":[{"@type":"ReadAction","target":["https:\/\/travelsmartcampaign.org\/library\/companies-call-on-the-european-commission-and-european-parliament-to-improve-standards-for-business-travel-emissions-accounting-and-aviation-non-co2-effects\/"]}]},{"@type":"ImageObject","inLanguage":"pt-PT","@id":"https:\/\/travelsmartcampaign.org\/library\/companies-call-on-the-european-commission-and-european-parliament-to-improve-standards-for-business-travel-emissions-accounting-and-aviation-non-co2-effects\/#primaryimage","url":"https:\/\/travelsmartcampaign.org\/wp-content\/uploads\/contrails-5214003_1280.jpg","contentUrl":"https:\/\/travelsmartcampaign.org\/wp-content\/uploads\/contrails-5214003_1280.jpg","width":1280,"height":902},{"@type":"BreadcrumbList","@id":"https:\/\/travelsmartcampaign.org\/library\/companies-call-on-the-european-commission-and-european-parliament-to-improve-standards-for-business-travel-emissions-accounting-and-aviation-non-co2-effects\/#breadcrumb","itemListElement":[{"@type":"ListItem","position":1,"name":"Home","item":"https:\/\/travelsmartcampaign.org\/"},{"@type":"ListItem","position":2,"name":"Companies call on the European Commission and European Parliament to improve standards for business travel emissions accounting and aviation non-CO2 effects"}]},{"@type":"WebSite","@id":"https:\/\/travelsmartcampaign.org\/#website","url":"https:\/\/travelsmartcampaign.org\/","name":"Viagem Inteligente","description":"","publisher":{"@id":"https:\/\/travelsmartcampaign.org\/#organization"},"potentialAction":[{"@type":"SearchAction","target":{"@type":"EntryPoint","urlTemplate":"https:\/\/travelsmartcampaign.org\/?s={search_term_string}"},"query-input":{"@type":"PropertyValueSpecification","valueRequired":true,"valueName":"search_term_string"}}],"inLanguage":"pt-PT"},{"@type":"Organization","@id":"https:\/\/travelsmartcampaign.org\/#organization","name":"Viagem Inteligente","url":"https:\/\/travelsmartcampaign.org\/","logo":{"@type":"ImageObject","inLanguage":"pt-PT","@id":"https:\/\/travelsmartcampaign.org\/#\/schema\/logo\/image\/","url":"https:\/\/travelsmartcampaign.org\/wp-content\/uploads\/travel-smart-min.jpeg","contentUrl":"https:\/\/travelsmartcampaign.org\/wp-content\/uploads\/travel-smart-min.jpeg","width":1200,"height":690,"caption":"Travel Smart"},"image":{"@id":"https:\/\/travelsmartcampaign.org\/#\/schema\/logo\/image\/"}}]}},"_links":{"self":[{"href":"https:\/\/travelsmartcampaign.org\/pt\/wp-json\/wp\/v2\/library\/14526","targetHints":{"allow":["GET"]}}],"collection":[{"href":"https:\/\/travelsmartcampaign.org\/pt\/wp-json\/wp\/v2\/library"}],"about":[{"href":"https:\/\/travelsmartcampaign.org\/pt\/wp-json\/wp\/v2\/types\/library"}],"version-history":[{"count":1,"href":"https:\/\/travelsmartcampaign.org\/pt\/wp-json\/wp\/v2\/library\/14526\/revisions"}],"predecessor-version":[{"id":20131,"href":"https:\/\/travelsmartcampaign.org\/pt\/wp-json\/wp\/v2\/library\/14526\/revisions\/20131"}],"wp:featuredmedia":[{"embeddable":true,"href":"https:\/\/travelsmartcampaign.org\/pt\/wp-json\/wp\/v2\/media\/14528"}],"wp:attachment":[{"href":"https:\/\/travelsmartcampaign.org\/pt\/wp-json\/wp\/v2\/media?parent=14526"}],"wp:term":[{"taxonomy":"topic","embeddable":true,"href":"https:\/\/travelsmartcampaign.org\/pt\/wp-json\/wp\/v2\/topic?post=14526"},{"taxonomy":"visibility","embeddable":true,"href":"https:\/\/travelsmartcampaign.org\/pt\/wp-json\/wp\/v2\/visibility?post=14526"},{"taxonomy":"post-country","embeddable":true,"href":"https:\/\/travelsmartcampaign.org\/pt\/wp-json\/wp\/v2\/post-country?post=14526"},{"taxonomy":"language","embeddable":true,"href":"https:\/\/travelsmartcampaign.org\/pt\/wp-json\/wp\/v2\/language?post=14526"},{"taxonomy":"category-post-type","embeddable":true,"href":"https:\/\/travelsmartcampaign.org\/pt\/wp-json\/wp\/v2\/category-post-type?post=14526"}],"curies":[{"name":"wp","href":"https:\/\/api.w.org\/{rel}","templated":true}]}}