{"id":17225,"date":"2025-04-01T00:01:06","date_gmt":"2025-03-31T23:01:06","guid":{"rendered":"http:\/\/travelsmartcampaign.org\/?post_type=library&#038;p=17225"},"modified":"2025-04-01T09:34:34","modified_gmt":"2025-04-01T08:34:34","slug":"vols-daffaires-un-classement-international-couronne-swiss-re-et-zurich","status":"publish","type":"library","link":"https:\/\/travelsmartcampaign.org\/pt\/library\/vols-daffaires-un-classement-international-couronne-swiss-re-et-zurich\/","title":{"rendered":"Vols d&#039;affaires: un classement international couronne Swiss Re et Zurich"},"content":{"rendered":"<p><span style=\"font-weight: 400;\">TravelSmart avalia anualmente 326 grandes empresas dos Estados Unidos, da Europa e da \u00cdndia em fun\u00e7\u00e3o das suas emiss\u00f5es relacionadas com as viagens de neg\u00f3cios. A classifica\u00e7\u00e3o baseia-se em indicadores como os objectivos de redu\u00e7\u00e3o, a transpar\u00eancia aplicada e as medidas concretas tomadas. A classifica\u00e7\u00e3o \u00e9 efectuada pela associa\u00e7\u00e3o europeia Transport &amp; Environment T&amp;E.\u00a0<\/span><\/p>\n<p><span style=\"font-weight: 400;\">No que respeita \u00e0s empresas su\u00ed\u00e7as, a classifica\u00e7\u00e3o atribui a nota A \u00e0 Swiss Re e \u00e0 Zurich Insurance. \"Elas demonstram que, uma vez mais do que menos, o facto de se dedicarem \u00e0 avia\u00e7\u00e3o n\u00e3o prejudica a rentabilidade comercial\", afirmou Yves Chatton, perito em transportes a\u00e9reos da ATE. \"A Swiss Re e a Zurich fixaram um objetivo claro h\u00e1 cinquenta anos e reduziram desde ent\u00e3o as suas emiss\u00f5es relacionadas com as viagens de neg\u00f3cios em cerca de dois ter\u00e7os. Elles misent donc principalement sur les budgets voyages et \u00e9missions.\"<\/span><\/p>\n<p>&nbsp;<\/p>\n<h4><b>Uma necessidade importante de rattrapage<\/b><\/h4>\n<p><span style=\"font-weight: 400;\">Mas todas as empresas su\u00ed\u00e7as est\u00e3o prestes a deixar de o fazer: a empresa de cimento Holcim ainda n\u00e3o definiu objectivos para limitar os transportes a\u00e9reos. A Glencore mant\u00e9m a sua opacidade, recusando-se mesmo a publicar os seus dados sobre o assunto. Et ABB et Nestl\u00e9 ont quasiment retrouv\u00e9 leur niveau de 2019, alors que les entreprises mondiales ont r\u00e9duit leurs \u00e9missions d'un tiers en moyenne dans le m\u00eame laps de temps.<\/span><\/p>\n<p><span style=\"font-weight: 400;\">\"Dispor de objectivos concretos \u00e9 essencial, em particular para as multinacionais, para respeitar os objectivos clim\u00e1ticos e agir de forma respons\u00e1vel enquanto empresa\", conclui Yves Chatton. A classifica\u00e7\u00e3o TravelSmart mostra claramente: as empresas que fixam objectivos concretos reduzem muito mais as suas emiss\u00f5es. As empresas su\u00ed\u00e7as poderiam ter um papel de exemplo. \"Algumas j\u00e1 est\u00e3o a desempenhar esse papel, outras devem agir rapidamente.<\/span><\/p>\n<p><span style=\"font-weight: 400;\">A ATE e a T&amp;E apelam \u00e0s empresas para que fixem objectivos claros e ambiciosos de redu\u00e7\u00e3o das emiss\u00f5es no dom\u00ednio das viagens de neg\u00f3cios e para que os apliquem com coer\u00eancia. De acordo com as duas associa\u00e7\u00f5es, viajar de comboio, mais do que de avi\u00e3o, \u00e9 particularmente eficaz. A vid\u00e9oconf\u00e9rence constitui, al\u00e9m disso, uma alternativa judicial para evitar totalmente as longas viagens de avi\u00e3o.<\/span><\/p>\n<p>&nbsp;<\/p>\n<p><span style=\"font-weight: 400;\">A classifica\u00e7\u00e3o TravelSmart de 326 empresas internacionais pode ser consultada aqui : <\/span><a href=\"http:\/\/travelsmartcampaign.org\/pt\/ranking\/\"><span style=\"font-weight: 400;\">www.travelsmartcampaign.org\/ranking. <\/span><\/a><span style=\"font-weight: 400;\">\u00a0<\/span><\/p>\n<p>&nbsp;<\/p>\n<h4><b>As empresas sediadas na Su\u00ed\u00e7a no centro do TravelSmart-Ranking<\/b><\/h4>\n<p><span style=\"font-weight: 400;\">Nota A:<\/span><\/p>\n<ul>\n<li style=\"font-weight: 400;\" aria-level=\"1\"><span style=\"font-weight: 400;\">Swiss Re<\/span><\/li>\n<li style=\"font-weight: 400;\" aria-level=\"1\"><span style=\"font-weight: 400;\">Grupo de Seguros Zurique<\/span><\/li>\n<\/ul>\n<p>&nbsp;<\/p>\n<p><span style=\"font-weight: 400;\">Nota B:<\/span><\/p>\n<ul>\n<li style=\"font-weight: 400;\" aria-level=\"1\"><span style=\"font-weight: 400;\">Grupo Adecco AG<\/span><\/li>\n<li style=\"font-weight: 400;\" aria-level=\"1\"><span style=\"font-weight: 400;\">Roche<\/span><\/li>\n<li style=\"font-weight: 400;\" aria-level=\"1\"><span style=\"font-weight: 400;\">SGS SA<\/span><\/li>\n<\/ul>\n<p>&nbsp;<\/p>\n<p><span style=\"font-weight: 400;\">Nota C:<\/span><\/p>\n<ul>\n<li style=\"font-weight: 400;\" aria-level=\"1\"><span style=\"font-weight: 400;\">ABB<\/span><\/li>\n<li style=\"font-weight: 400;\" aria-level=\"1\"><span style=\"font-weight: 400;\">Holcim<\/span><\/li>\n<li style=\"font-weight: 400;\" aria-level=\"1\"><span style=\"font-weight: 400;\">Lonza<\/span><\/li>\n<li style=\"font-weight: 400;\" aria-level=\"1\"><span style=\"font-weight: 400;\">Nestl\u00e9<\/span><\/li>\n<li style=\"font-weight: 400;\" aria-level=\"1\"><span style=\"font-weight: 400;\">Novartis<\/span><\/li>\n<li style=\"font-weight: 400;\" aria-level=\"1\"><span style=\"font-weight: 400;\">Oriflame Cosm\u00e9ticos<\/span><\/li>\n<li style=\"font-weight: 400;\" aria-level=\"1\"><span style=\"font-weight: 400;\">Richemont<\/span><\/li>\n<li style=\"font-weight: 400;\" aria-level=\"1\"><span style=\"font-weight: 400;\">Sonova<\/span><\/li>\n<li style=\"font-weight: 400;\" aria-level=\"1\"><span style=\"font-weight: 400;\">Syngenta AG<\/span><\/li>\n<li style=\"font-weight: 400;\" aria-level=\"1\"><span style=\"font-weight: 400;\">UBS<\/span><\/li>\n<\/ul>\n<p>&nbsp;<\/p>\n<p><span style=\"font-weight: 400;\">Nota D:<\/span><\/p>\n<ul>\n<li style=\"font-weight: 400;\" aria-level=\"1\"><span style=\"font-weight: 400;\">Glencore<\/span><\/li>\n<\/ul>","protected":false},"excerpt":{"rendered":"<p>A nova classifica\u00e7\u00e3o TravelSmart mostra: em mat\u00e9ria de viagens de neg\u00f3cios, as empresas de todo o mundo reduzem as suas emiss\u00f5es. Se os grupos su\u00ed\u00e7os Swiss Re e Zurich Insurance fazem parte dos precursores, a Nestl\u00e9, a ABB e a Holcim n\u00e3o o fazem t\u00e3o facilmente. L'ATE rappelle les groupes \u00e0 leur responsabilit\u00e9.<\/p>","protected":false},"featured_media":17213,"template":"","topic":[],"visibility":[],"post-country":[36],"language":[38],"category-post-type":[28],"class_list":["post-17225","library","type-library","status-publish","has-post-thumbnail","hentry","post-country-switzerland","language-french","category-post-type-press-release"],"yoast_head":"<!-- This site is optimized with the Yoast SEO plugin v27.5 - https:\/\/yoast.com\/product\/yoast-seo-wordpress\/ -->\n<title>Vols d\u2019affaires: un classement international couronne Swiss Re et Zurich - Travel Smart Campaign<\/title>\n<meta name=\"robots\" content=\"index, follow, max-snippet:-1, max-image-preview:large, max-video-preview:-1\" \/>\n<link rel=\"canonical\" href=\"https:\/\/travelsmartcampaign.org\/pt\/biblioteca\/vols-daffaires-un-classement-international-couronne-swiss-re-et-zurich\/\" \/>\n<meta property=\"og:locale\" content=\"pt_PT\" \/>\n<meta property=\"og:type\" content=\"article\" \/>\n<meta property=\"og:title\" content=\"Vols d\u2019affaires: un classement international couronne Swiss Re et Zurich - Travel Smart Campaign\" \/>\n<meta property=\"og:description\" content=\"Le nouveau classement TravelSmart le montre: en mati\u00e8re de voyages d\u2019affaires, les entreprises du monde entier r\u00e9duisent leurs \u00e9missions. Si les groupes suisses Swiss Re et Zurich Insurance font partie des pr\u00e9curseurs, Nestl\u00e9, ABB et Holcim n\u2019en font pas assez. L\u2019ATE rappelle les groupes \u00e0 leur responsabilit\u00e9.\" \/>\n<meta property=\"og:url\" content=\"https:\/\/travelsmartcampaign.org\/pt\/biblioteca\/vols-daffaires-un-classement-international-couronne-swiss-re-et-zurich\/\" \/>\n<meta property=\"og:site_name\" content=\"Travel Smart Campaign\" \/>\n<meta property=\"article:modified_time\" content=\"2025-04-01T08:34:34+00:00\" \/>\n<meta property=\"og:image\" content=\"https:\/\/travelsmartcampaign.org\/wp-content\/uploads\/2-8.png\" \/>\n\t<meta property=\"og:image:width\" content=\"1080\" \/>\n\t<meta property=\"og:image:height\" content=\"1080\" \/>\n\t<meta property=\"og:image:type\" content=\"image\/png\" \/>\n<meta name=\"twitter:card\" content=\"summary_large_image\" \/>\n<meta name=\"twitter:label1\" content=\"Tempo estimado de leitura\" \/>\n\t<meta name=\"twitter:data1\" content=\"2 minutos\" \/>\n<script type=\"application\/ld+json\" class=\"yoast-schema-graph\">{\"@context\":\"https:\\\/\\\/schema.org\",\"@graph\":[{\"@type\":\"WebPage\",\"@id\":\"https:\\\/\\\/travelsmartcampaign.org\\\/library\\\/vols-daffaires-un-classement-international-couronne-swiss-re-et-zurich\\\/\",\"url\":\"https:\\\/\\\/travelsmartcampaign.org\\\/library\\\/vols-daffaires-un-classement-international-couronne-swiss-re-et-zurich\\\/\",\"name\":\"Vols d\u2019affaires: un classement international couronne Swiss Re et Zurich - Travel Smart Campaign\",\"isPartOf\":{\"@id\":\"https:\\\/\\\/travelsmartcampaign.org\\\/#website\"},\"primaryImageOfPage\":{\"@id\":\"https:\\\/\\\/travelsmartcampaign.org\\\/library\\\/vols-daffaires-un-classement-international-couronne-swiss-re-et-zurich\\\/#primaryimage\"},\"image\":{\"@id\":\"https:\\\/\\\/travelsmartcampaign.org\\\/library\\\/vols-daffaires-un-classement-international-couronne-swiss-re-et-zurich\\\/#primaryimage\"},\"thumbnailUrl\":\"https:\\\/\\\/travelsmartcampaign.org\\\/wp-content\\\/uploads\\\/2-8.png\",\"datePublished\":\"2025-03-31T23:01:06+00:00\",\"dateModified\":\"2025-04-01T08:34:34+00:00\",\"breadcrumb\":{\"@id\":\"https:\\\/\\\/travelsmartcampaign.org\\\/library\\\/vols-daffaires-un-classement-international-couronne-swiss-re-et-zurich\\\/#breadcrumb\"},\"inLanguage\":\"pt-PT\",\"potentialAction\":[{\"@type\":\"ReadAction\",\"target\":[\"https:\\\/\\\/travelsmartcampaign.org\\\/library\\\/vols-daffaires-un-classement-international-couronne-swiss-re-et-zurich\\\/\"]}]},{\"@type\":\"ImageObject\",\"inLanguage\":\"pt-PT\",\"@id\":\"https:\\\/\\\/travelsmartcampaign.org\\\/library\\\/vols-daffaires-un-classement-international-couronne-swiss-re-et-zurich\\\/#primaryimage\",\"url\":\"https:\\\/\\\/travelsmartcampaign.org\\\/wp-content\\\/uploads\\\/2-8.png\",\"contentUrl\":\"https:\\\/\\\/travelsmartcampaign.org\\\/wp-content\\\/uploads\\\/2-8.png\",\"width\":1080,\"height\":1080},{\"@type\":\"BreadcrumbList\",\"@id\":\"https:\\\/\\\/travelsmartcampaign.org\\\/library\\\/vols-daffaires-un-classement-international-couronne-swiss-re-et-zurich\\\/#breadcrumb\",\"itemListElement\":[{\"@type\":\"ListItem\",\"position\":1,\"name\":\"Home\",\"item\":\"https:\\\/\\\/travelsmartcampaign.org\\\/\"},{\"@type\":\"ListItem\",\"position\":2,\"name\":\"Vols d\u2019affaires: un classement international couronne Swiss Re et Zurich\"}]},{\"@type\":\"WebSite\",\"@id\":\"https:\\\/\\\/travelsmartcampaign.org\\\/#website\",\"url\":\"https:\\\/\\\/travelsmartcampaign.org\\\/\",\"name\":\"Travel Smart\",\"description\":\"\",\"publisher\":{\"@id\":\"https:\\\/\\\/travelsmartcampaign.org\\\/#organization\"},\"potentialAction\":[{\"@type\":\"SearchAction\",\"target\":{\"@type\":\"EntryPoint\",\"urlTemplate\":\"https:\\\/\\\/travelsmartcampaign.org\\\/?s={search_term_string}\"},\"query-input\":{\"@type\":\"PropertyValueSpecification\",\"valueRequired\":true,\"valueName\":\"search_term_string\"}}],\"inLanguage\":\"pt-PT\"},{\"@type\":\"Organization\",\"@id\":\"https:\\\/\\\/travelsmartcampaign.org\\\/#organization\",\"name\":\"Travel Smart\",\"url\":\"https:\\\/\\\/travelsmartcampaign.org\\\/\",\"logo\":{\"@type\":\"ImageObject\",\"inLanguage\":\"pt-PT\",\"@id\":\"https:\\\/\\\/travelsmartcampaign.org\\\/#\\\/schema\\\/logo\\\/image\\\/\",\"url\":\"https:\\\/\\\/travelsmartcampaign.org\\\/wp-content\\\/uploads\\\/travel-smart-min.jpeg\",\"contentUrl\":\"https:\\\/\\\/travelsmartcampaign.org\\\/wp-content\\\/uploads\\\/travel-smart-min.jpeg\",\"width\":1200,\"height\":690,\"caption\":\"Travel Smart\"},\"image\":{\"@id\":\"https:\\\/\\\/travelsmartcampaign.org\\\/#\\\/schema\\\/logo\\\/image\\\/\"}}]}<\/script>\n<!-- \/ Yoast SEO plugin. -->","yoast_head_json":{"title":"Voos executivos: classifica\u00e7\u00e3o internacional coroa Swiss Re e Zurich - Campanha Travel Smart","robots":{"index":"index","follow":"follow","max-snippet":"max-snippet:-1","max-image-preview":"max-image-preview:large","max-video-preview":"max-video-preview:-1"},"canonical":"https:\/\/travelsmartcampaign.org\/pt\/biblioteca\/vols-daffaires-un-classement-international-couronne-swiss-re-et-zurich\/","og_locale":"pt_PT","og_type":"article","og_title":"Vols d\u2019affaires: un classement international couronne Swiss Re et Zurich - Travel Smart Campaign","og_description":"Le nouveau classement TravelSmart le montre: en mati\u00e8re de voyages d\u2019affaires, les entreprises du monde entier r\u00e9duisent leurs \u00e9missions. Si les groupes suisses Swiss Re et Zurich Insurance font partie des pr\u00e9curseurs, Nestl\u00e9, ABB et Holcim n\u2019en font pas assez. L\u2019ATE rappelle les groupes \u00e0 leur responsabilit\u00e9.","og_url":"https:\/\/travelsmartcampaign.org\/pt\/biblioteca\/vols-daffaires-un-classement-international-couronne-swiss-re-et-zurich\/","og_site_name":"Travel Smart Campaign","article_modified_time":"2025-04-01T08:34:34+00:00","og_image":[{"width":1080,"height":1080,"url":"https:\/\/travelsmartcampaign.org\/wp-content\/uploads\/2-8.png","type":"image\/png"}],"twitter_card":"summary_large_image","twitter_misc":{"Tempo estimado de leitura":"2 minutos"},"schema":{"@context":"https:\/\/schema.org","@graph":[{"@type":"WebPage","@id":"https:\/\/travelsmartcampaign.org\/library\/vols-daffaires-un-classement-international-couronne-swiss-re-et-zurich\/","url":"https:\/\/travelsmartcampaign.org\/library\/vols-daffaires-un-classement-international-couronne-swiss-re-et-zurich\/","name":"Voos executivos: classifica\u00e7\u00e3o internacional coroa Swiss Re e Zurich - Campanha Travel Smart","isPartOf":{"@id":"https:\/\/travelsmartcampaign.org\/#website"},"primaryImageOfPage":{"@id":"https:\/\/travelsmartcampaign.org\/library\/vols-daffaires-un-classement-international-couronne-swiss-re-et-zurich\/#primaryimage"},"image":{"@id":"https:\/\/travelsmartcampaign.org\/library\/vols-daffaires-un-classement-international-couronne-swiss-re-et-zurich\/#primaryimage"},"thumbnailUrl":"https:\/\/travelsmartcampaign.org\/wp-content\/uploads\/2-8.png","datePublished":"2025-03-31T23:01:06+00:00","dateModified":"2025-04-01T08:34:34+00:00","breadcrumb":{"@id":"https:\/\/travelsmartcampaign.org\/library\/vols-daffaires-un-classement-international-couronne-swiss-re-et-zurich\/#breadcrumb"},"inLanguage":"pt-PT","potentialAction":[{"@type":"ReadAction","target":["https:\/\/travelsmartcampaign.org\/library\/vols-daffaires-un-classement-international-couronne-swiss-re-et-zurich\/"]}]},{"@type":"ImageObject","inLanguage":"pt-PT","@id":"https:\/\/travelsmartcampaign.org\/library\/vols-daffaires-un-classement-international-couronne-swiss-re-et-zurich\/#primaryimage","url":"https:\/\/travelsmartcampaign.org\/wp-content\/uploads\/2-8.png","contentUrl":"https:\/\/travelsmartcampaign.org\/wp-content\/uploads\/2-8.png","width":1080,"height":1080},{"@type":"BreadcrumbList","@id":"https:\/\/travelsmartcampaign.org\/library\/vols-daffaires-un-classement-international-couronne-swiss-re-et-zurich\/#breadcrumb","itemListElement":[{"@type":"ListItem","position":1,"name":"Home","item":"https:\/\/travelsmartcampaign.org\/"},{"@type":"ListItem","position":2,"name":"Vols d\u2019affaires: un classement international couronne Swiss Re et Zurich"}]},{"@type":"WebSite","@id":"https:\/\/travelsmartcampaign.org\/#website","url":"https:\/\/travelsmartcampaign.org\/","name":"Viagem Inteligente","description":"","publisher":{"@id":"https:\/\/travelsmartcampaign.org\/#organization"},"potentialAction":[{"@type":"SearchAction","target":{"@type":"EntryPoint","urlTemplate":"https:\/\/travelsmartcampaign.org\/?s={search_term_string}"},"query-input":{"@type":"PropertyValueSpecification","valueRequired":true,"valueName":"search_term_string"}}],"inLanguage":"pt-PT"},{"@type":"Organization","@id":"https:\/\/travelsmartcampaign.org\/#organization","name":"Viagem Inteligente","url":"https:\/\/travelsmartcampaign.org\/","logo":{"@type":"ImageObject","inLanguage":"pt-PT","@id":"https:\/\/travelsmartcampaign.org\/#\/schema\/logo\/image\/","url":"https:\/\/travelsmartcampaign.org\/wp-content\/uploads\/travel-smart-min.jpeg","contentUrl":"https:\/\/travelsmartcampaign.org\/wp-content\/uploads\/travel-smart-min.jpeg","width":1200,"height":690,"caption":"Travel Smart"},"image":{"@id":"https:\/\/travelsmartcampaign.org\/#\/schema\/logo\/image\/"}}]}},"_links":{"self":[{"href":"https:\/\/travelsmartcampaign.org\/pt\/wp-json\/wp\/v2\/library\/17225","targetHints":{"allow":["GET"]}}],"collection":[{"href":"https:\/\/travelsmartcampaign.org\/pt\/wp-json\/wp\/v2\/library"}],"about":[{"href":"https:\/\/travelsmartcampaign.org\/pt\/wp-json\/wp\/v2\/types\/library"}],"version-history":[{"count":0,"href":"https:\/\/travelsmartcampaign.org\/pt\/wp-json\/wp\/v2\/library\/17225\/revisions"}],"wp:featuredmedia":[{"embeddable":true,"href":"https:\/\/travelsmartcampaign.org\/pt\/wp-json\/wp\/v2\/media\/17213"}],"wp:attachment":[{"href":"https:\/\/travelsmartcampaign.org\/pt\/wp-json\/wp\/v2\/media?parent=17225"}],"wp:term":[{"taxonomy":"topic","embeddable":true,"href":"https:\/\/travelsmartcampaign.org\/pt\/wp-json\/wp\/v2\/topic?post=17225"},{"taxonomy":"visibility","embeddable":true,"href":"https:\/\/travelsmartcampaign.org\/pt\/wp-json\/wp\/v2\/visibility?post=17225"},{"taxonomy":"post-country","embeddable":true,"href":"https:\/\/travelsmartcampaign.org\/pt\/wp-json\/wp\/v2\/post-country?post=17225"},{"taxonomy":"language","embeddable":true,"href":"https:\/\/travelsmartcampaign.org\/pt\/wp-json\/wp\/v2\/language?post=17225"},{"taxonomy":"category-post-type","embeddable":true,"href":"https:\/\/travelsmartcampaign.org\/pt\/wp-json\/wp\/v2\/category-post-type?post=17225"}],"curies":[{"name":"wp","href":"https:\/\/api.w.org\/{rel}","templated":true}]}}