{"id":17757,"date":"2025-05-13T00:01:25","date_gmt":"2025-05-12T23:01:25","guid":{"rendered":"http:\/\/travelsmartcampaign.org\/?post_type=library&#038;p=17757"},"modified":"2025-07-16T16:26:11","modified_gmt":"2025-07-16T15:26:11","slug":"voyages-daffaires-les-emissions-des-grands-groupes-francais-ont-diminue-de-18-par-rapport-a-2019","status":"publish","type":"library","link":"https:\/\/travelsmartcampaign.org\/pt\/library\/voyages-daffaires-les-emissions-des-grands-groupes-francais-ont-diminue-de-18-par-rapport-a-2019\/","title":{"rendered":"Voyages d'affaires : les \u00e9missions des grands groupes fran\u00e7ais ont diminu\u00e9 de 18% par rapport \u00e0 2019"},"content":{"rendered":"<p><span style=\"font-weight: 400;\">Une nouvelle analyse de T&amp;E sur les \u00e9missions des voyages d'affaires de 25 grandes entreprises fran\u00e7aises en 2024 r\u00e9v\u00e8le qu'en moyenne, elles ont r\u00e9duit leurs \u00e9missions de presque un cinqui\u00e8me (-18%) en 2024 par rapport \u00e0 2019.<\/span><\/p>\n<p><span style=\"font-weight: 400;\">Globalmente, confirma-se a tend\u00eancia positiva de redu\u00e7\u00e3o das emiss\u00f5es relacionadas com as viagens de neg\u00f3cios. No entanto, esta tend\u00eancia apresenta grandes disparidades entre as empresas: algumas reduziram significativamente as suas emiss\u00f5es, enquanto outras registaram uma tend\u00eancia mais preocupante.<\/span><\/p>\n<p><span style=\"font-weight: 400;\">As 25 empresas francesas do <\/span><a href=\"http:\/\/travelsmartcampaign.org\/pt\/biblioteca\/voyages-daffaires-les-emissions-des-grandes-entreprises-mondiales-ont-recule-dun-tiers-entre-2019-et-2023\/\"><span style=\"font-weight: 400;\">classifica\u00e7\u00e3o Travel Smart 2025<\/span><\/a><span style=\"font-weight: 400;\"> foram analisadas a partir dos dados de 2024 provenientes do documento de registo universal. Gra\u00e7as \u00e0 diretiva <\/span><span style=\"font-weight: 400;\">sobre a publica\u00e7\u00e3o de informa\u00e7\u00f5es em mat\u00e9ria de durabilidade<\/span><span style=\"font-weight: 400;\"> (<\/span><a href=\"http:\/\/travelsmartcampaign.org\/fr\/evolutions-politiques\/directive-sur-les-rapports-de-developpement-durable-des-entreprises-csrd\/\"><span style=\"font-weight: 400;\">CSRD<\/span><\/a><span style=\"font-weight: 400;\">), plusieurs entreprises d\u00e9clarent d\u00e9sormais leurs \u00e9missions de voyages d'affaires dans leur rapport annuel, ce qui permet de les \u00e9valuer.\u00a0<\/span><\/p>\n<p><span style=\"font-weight: 400;\">Em 25 empresas analisadas, 9 fixaram objectivos espec\u00edficos de redu\u00e7\u00e3o das emiss\u00f5es das suas viagens de neg\u00f3cios. 16 n\u00e3o t\u00eam qualquer objetivo ou apenas objectivos de redu\u00e7\u00e3o geral, que abrangem v\u00e1rias actividades da empresa sem distin\u00e7\u00e3o particular. L'analyse globale de T&amp;E pour le classement Travel Smart 2025 montre that les entreprises avec des objectifs d\u00e9di\u00e9s aux voyages d'affaires r\u00e9duisent plus leurs \u00e9missions. Cela est confirm\u00e9 pour les entreprises fran\u00e7aises: les 9 ayant un objectif sp\u00e9cifique ont collectivement r\u00e9duit leurs \u00e9missions de 41% entre 2019 et 2024, tandis que les autres ont r\u00e9duit leurs \u00e9missions de seulement 9% en moyenne.<\/span><\/p>\n<p><span style=\"font-weight: 400;\">Deux tiers des entreprises analys\u00e9es maintiennent leurs niveaux de voyages plus bas qu'en 2019. Six d'entre elles, soit un quart, ont maintenu des r\u00e9ductions de 50 % ou plus. La soci\u00e9t\u00e9 de conseil Capgemini, qui a un objectif d\u00e9di\u00e9 de r\u00e9duction des \u00e9missions li\u00e9es aux voyages d'affaires, a r\u00e9duit celles-ci de 7% entre 2023 et 2024, et affiche d\u00e9sormais une r\u00e9duction de 51% par rapport \u00e0 2019, tout en ayant augment\u00e9 son nombre d'employ\u00e9s. Sopria Steria, Amundi, L'Or\u00e9al et Forvia ont aussi fait plus d'efforts, chacune mettant en place de nouvelles mesures : limitation des voyages a\u00e9riens en pr\u00e9f\u00e9rant les <\/span><a href=\"http:\/\/travelsmartcampaign.org\/fr\/le-rail-en-premier\/\"><span style=\"font-weight: 400;\">alternativas de comboio<\/span><\/a><span style=\"font-weight: 400;\">, utiliza\u00e7\u00e3o de ferramentas digitais para as reuni\u00f5es, ou obriga\u00e7\u00e3o de obter a autoriza\u00e7\u00e3o pr\u00e9via de um membro do organismo superior para as viagens ao estrangeiro.<\/span><\/p>\n<p><span style=\"font-weight: 400;\">En revanche, le g\u00e9ant pharmaceutique, Sanofi, qui n'a pas d\u00e9fini d'objectif sp\u00e9cifique, a vu ses \u00e9missions li\u00e9es aux voyages augmenter de 10% en 2024 par rapport \u00e0 2019. D'autres entreprises ont augment\u00e9 leurs \u00e9missions sur la m\u00eame p\u00e9riode : LVMH (+23%) et Vinci (+25%).\u00a0<\/span><\/p>\n<p><img loading=\"lazy\" decoding=\"async\" class=\"alignnone size-full wp-image-17769\" src=\"http:\/\/travelsmartcampaign.org\/wp-content\/uploads\/FR-Emission-tracker-in-FREN_2025.png\" alt=\"\" width=\"768\" height=\"1400\" srcset=\"https:\/\/travelsmartcampaign.org\/wp-content\/uploads\/FR-Emission-tracker-in-FREN_2025.png 768w, https:\/\/travelsmartcampaign.org\/wp-content\/uploads\/FR-Emission-tracker-in-FREN_2025-165x300.png 165w, https:\/\/travelsmartcampaign.org\/wp-content\/uploads\/FR-Emission-tracker-in-FREN_2025-562x1024.png 562w, https:\/\/travelsmartcampaign.org\/wp-content\/uploads\/FR-Emission-tracker-in-FREN_2025-7x12.png 7w\" sizes=\"auto, (max-width: 768px) 100vw, 768px\" \/><\/p>\n<p><span style=\"font-weight: 400;\">O contraste entre as empresas que est\u00e3o no topo e na fila do pelot\u00e3o nos sectores \u00e9 particularmente preocupante. Pour le secteur de la finance, Cr\u00e9dit Agricole et Soci\u00e9t\u00e9 G\u00e9n\u00e9rale ont diminu\u00e9 leurs \u00e9missions respectivement de 33% et 59%; contrairement \u00e0 BNP Paribas qui se rapproche des niveaux de 2019 avec une diminution de seulement 7%.\u00a0<\/span><\/p>\n<p><span style=\"font-weight: 400;\">Pour le secteur du luxe, Kering a diminu\u00e9 ses \u00e9missions de 44% ; contrairement \u00e0 LVMH qui les a augment\u00e9es de 23%.  Para o sector autom\u00f3vel, a Renault e a Forvia diminu\u00edram as suas emiss\u00f5es, respetivamente, em 28% e 25%; em contrapartida, a Valeo aumentou-as em 49%.<\/span><\/p>\n<p><span style=\"font-weight: 400;\">O governo franc\u00eas tomou medidas encorajadoras no que respeita \u00e0s viagens de neg\u00f3cios. No \u00e2mbito da sua a\u00e7\u00e3o <\/span><a href=\"http:\/\/travelsmartcampaign.org\/wp-content\/uploads\/dp-plan-sobriete.pdf\"><span style=\"font-weight: 400;\">Plano de Sobriedade Energ\u00e9tica<\/span><\/a><span style=\"font-weight: 400;\">, il a demand\u00e9 aux entreprises ainsi qu'\u00e0 ses services (<\/span><a href=\"http:\/\/travelsmartcampaign.org\/wp-content\/uploads\/22152_Plan-sobriete_DP-2023-if-2.pdf\"><span style=\"font-weight: 400;\">Ato 2<\/span><\/a><span style=\"font-weight: 400;\">) de privil\u00e9gier le train au lieu de l'avion pour les trajets pouvant \u00eatre effectu\u00e9s en moins de quatre heures.\u00a0<\/span><\/p>\n<p><span style=\"font-weight: 400;\">O governo reconhece o enorme impacto clim\u00e1tico dos transportes. \u00c9 por isso que o <\/span><a href=\"https:\/\/www.legifrance.gouv.fr\/download\/pdf\/circ?id=45511\"><span style=\"font-weight: 400;\">circular<\/span><\/a><span style=\"font-weight: 400;\"> O plano de a\u00e7\u00e3o para a transforma\u00e7\u00e3o ecol\u00f3gica do Estado inclui um objetivo de redu\u00e7\u00e3o das viagens a\u00e9reas de 20% em 2024 em rela\u00e7\u00e3o a 2019, com uma ambi\u00e7\u00e3o aumentada para -30 % em 2027.\u00a0<\/span><\/p>\n<p><span style=\"font-weight: 400;\"><a href=\"http:\/\/travelsmartcampaign.org\/pt\/biblioteca\/les-entreprises-doivent-se-fixer-des-objectifs-sur-lusage-de-lavion-pour-les-deplacements-de-leurs-salaries\/\">Numa tribuna publicada no Le Monde<\/a>A Comiss\u00e3o Europeia, o Conselho da Uni\u00e3o Europeia e mais de uma centena de estudantes e de jovens diplomados, que se encontram sob a \u00e9gide do coletivo Pour un r\u00e9veil \u00e9cologique, apelam \u00e0s empresas francesas para que fa\u00e7am o mesmo, fixando objectivos de redu\u00e7\u00e3o das emiss\u00f5es relacionadas com as viagens de neg\u00f3cios em 50% dos n\u00edveis de 2019, entre 2025 e 2030.<\/span><\/p>\n<p><span style=\"font-weight: 400;\">Este objetivo foi fixado na base do <\/span><a href=\"https:\/\/www.transportenvironment.org\/articles\/2050roadmap\"><span style=\"font-weight: 400;\">folha de rota<\/span><\/a><span style=\"font-weight: 400;\"> de T&amp;E, que mostra que \u00e9 necess\u00e1ria uma redu\u00e7\u00e3o de 50 % do conjunto das emiss\u00f5es relacionadas com as viagens de neg\u00f3cios at\u00e9 2030, a fim de manter a avia\u00e7\u00e3o numa trajet\u00f3ria compat\u00edvel com um planeta a 1,5\u00b0C.<\/span><\/p>\n<p><span style=\"font-weight: 400;\">Em 2024, o sector europeu da avia\u00e7\u00e3o ter\u00e1 recuperado quase totalmente os seus n\u00edveis anteriores \u00e0 Covid, atingindo 96% do n\u00famero de volumes de 2019 e 98% das emiss\u00f5es de CO2, de acordo com <\/span><a href=\"https:\/\/www.transportenvironment.org\/te-france\/articles\/laviation-europeenne-emet-presque-autant-de-co2-quavant-le-covid\"><span style=\"font-weight: 400;\">a an\u00e1lise<\/span><\/a><span style=\"font-weight: 400;\"> de T&amp;E. Sem as redu\u00e7\u00f5es dos volumes de neg\u00f3cios, o aumento europeu ser\u00e1 mais importante.<\/span><\/p>","protected":false},"excerpt":{"rendered":"<p>Entre as empresas francesas avaliadas, a Capgemini tirou o seu chap\u00e9u do jogo ao reduzir as suas emiss\u00f5es entre 2023 e 2024. En revanche, Sanofi laisse filer ses \u00e9missions \u00e0 la hausse.<\/p>","protected":false},"featured_media":17863,"template":"","topic":[249],"visibility":[],"post-country":[31],"language":[38],"category-post-type":[242],"class_list":["post-17757","library","type-library","status-publish","has-post-thumbnail","hentry","topic-french-emission-tracker","post-country-france","language-french","category-post-type-analysis"],"yoast_head":"<!-- This site is optimized with the Yoast SEO plugin v27.5 - https:\/\/yoast.com\/product\/yoast-seo-wordpress\/ -->\n<title>Voyages d\u2019affaires : les \u00e9missions des grands groupes fran\u00e7ais ont diminu\u00e9 de 18% par rapport \u00e0 2019 - Travel Smart Campaign<\/title>\n<meta name=\"robots\" content=\"index, follow, max-snippet:-1, max-image-preview:large, max-video-preview:-1\" \/>\n<link rel=\"canonical\" href=\"https:\/\/travelsmartcampaign.org\/pt\/biblioteca\/voyages-daffaires-les-emissions-des-grands-groupes-francais-ont-diminue-de-18-par-rapport-a-2019\/\" \/>\n<meta property=\"og:locale\" content=\"pt_PT\" \/>\n<meta property=\"og:type\" content=\"article\" \/>\n<meta property=\"og:title\" content=\"Voyages d\u2019affaires : les \u00e9missions des grands groupes fran\u00e7ais ont diminu\u00e9 de 18% par rapport \u00e0 2019 - Travel Smart Campaign\" \/>\n<meta property=\"og:description\" content=\"Parmi les entreprises fran\u00e7aises \u00e9valu\u00e9es, Capgemini tire son \u00e9pingle du jeu en r\u00e9duisant ses \u00e9missions entre 2023 et 2024. En revanche, Sanofi laisse filer ses \u00e9missions \u00e0 la hausse.\" \/>\n<meta property=\"og:url\" content=\"https:\/\/travelsmartcampaign.org\/pt\/biblioteca\/voyages-daffaires-les-emissions-des-grands-groupes-francais-ont-diminue-de-18-par-rapport-a-2019\/\" \/>\n<meta property=\"og:site_name\" content=\"Travel Smart Campaign\" \/>\n<meta property=\"article:modified_time\" content=\"2025-07-16T15:26:11+00:00\" \/>\n<meta property=\"og:image\" content=\"https:\/\/travelsmartcampaign.org\/wp-content\/uploads\/aircraft-475409_1280.jpg\" \/>\n\t<meta property=\"og:image:width\" content=\"1280\" \/>\n\t<meta property=\"og:image:height\" content=\"854\" \/>\n\t<meta property=\"og:image:type\" content=\"image\/jpeg\" \/>\n<meta name=\"twitter:card\" content=\"summary_large_image\" \/>\n<meta name=\"twitter:label1\" content=\"Tempo estimado de leitura\" \/>\n\t<meta name=\"twitter:data1\" content=\"4 minutos\" \/>\n<script type=\"application\/ld+json\" class=\"yoast-schema-graph\">{\"@context\":\"https:\\\/\\\/schema.org\",\"@graph\":[{\"@type\":\"WebPage\",\"@id\":\"https:\\\/\\\/travelsmartcampaign.org\\\/de\\\/bibliothek\\\/voyages-daffaires-les-emissions-des-grands-groupes-francais-ont-diminue-de-18-par-rapport-a-2019\\\/\",\"url\":\"https:\\\/\\\/travelsmartcampaign.org\\\/de\\\/bibliothek\\\/voyages-daffaires-les-emissions-des-grands-groupes-francais-ont-diminue-de-18-par-rapport-a-2019\\\/\",\"name\":\"Voyages d\u2019affaires : les \u00e9missions des grands groupes fran\u00e7ais ont diminu\u00e9 de 18% par rapport \u00e0 2019 - Travel Smart Campaign\",\"isPartOf\":{\"@id\":\"https:\\\/\\\/travelsmartcampaign.org\\\/#website\"},\"primaryImageOfPage\":{\"@id\":\"https:\\\/\\\/travelsmartcampaign.org\\\/de\\\/bibliothek\\\/voyages-daffaires-les-emissions-des-grands-groupes-francais-ont-diminue-de-18-par-rapport-a-2019\\\/#primaryimage\"},\"image\":{\"@id\":\"https:\\\/\\\/travelsmartcampaign.org\\\/de\\\/bibliothek\\\/voyages-daffaires-les-emissions-des-grands-groupes-francais-ont-diminue-de-18-par-rapport-a-2019\\\/#primaryimage\"},\"thumbnailUrl\":\"https:\\\/\\\/travelsmartcampaign.org\\\/wp-content\\\/uploads\\\/aircraft-475409_1280.jpg\",\"datePublished\":\"2025-05-12T23:01:25+00:00\",\"dateModified\":\"2025-07-16T15:26:11+00:00\",\"breadcrumb\":{\"@id\":\"https:\\\/\\\/travelsmartcampaign.org\\\/de\\\/bibliothek\\\/voyages-daffaires-les-emissions-des-grands-groupes-francais-ont-diminue-de-18-par-rapport-a-2019\\\/#breadcrumb\"},\"inLanguage\":\"pt-PT\",\"potentialAction\":[{\"@type\":\"ReadAction\",\"target\":[\"https:\\\/\\\/travelsmartcampaign.org\\\/de\\\/bibliothek\\\/voyages-daffaires-les-emissions-des-grands-groupes-francais-ont-diminue-de-18-par-rapport-a-2019\\\/\"]}]},{\"@type\":\"ImageObject\",\"inLanguage\":\"pt-PT\",\"@id\":\"https:\\\/\\\/travelsmartcampaign.org\\\/de\\\/bibliothek\\\/voyages-daffaires-les-emissions-des-grands-groupes-francais-ont-diminue-de-18-par-rapport-a-2019\\\/#primaryimage\",\"url\":\"https:\\\/\\\/travelsmartcampaign.org\\\/wp-content\\\/uploads\\\/aircraft-475409_1280.jpg\",\"contentUrl\":\"https:\\\/\\\/travelsmartcampaign.org\\\/wp-content\\\/uploads\\\/aircraft-475409_1280.jpg\",\"width\":1280,\"height\":854},{\"@type\":\"BreadcrumbList\",\"@id\":\"https:\\\/\\\/travelsmartcampaign.org\\\/de\\\/bibliothek\\\/voyages-daffaires-les-emissions-des-grands-groupes-francais-ont-diminue-de-18-par-rapport-a-2019\\\/#breadcrumb\",\"itemListElement\":[{\"@type\":\"ListItem\",\"position\":1,\"name\":\"Home\",\"item\":\"https:\\\/\\\/travelsmartcampaign.org\\\/\"},{\"@type\":\"ListItem\",\"position\":2,\"name\":\"Voyages d\u2019affaires : les \u00e9missions des grands groupes fran\u00e7ais ont diminu\u00e9 de 18% par rapport \u00e0 2019\"}]},{\"@type\":\"WebSite\",\"@id\":\"https:\\\/\\\/travelsmartcampaign.org\\\/#website\",\"url\":\"https:\\\/\\\/travelsmartcampaign.org\\\/\",\"name\":\"Travel Smart\",\"description\":\"\",\"publisher\":{\"@id\":\"https:\\\/\\\/travelsmartcampaign.org\\\/#organization\"},\"potentialAction\":[{\"@type\":\"SearchAction\",\"target\":{\"@type\":\"EntryPoint\",\"urlTemplate\":\"https:\\\/\\\/travelsmartcampaign.org\\\/?s={search_term_string}\"},\"query-input\":{\"@type\":\"PropertyValueSpecification\",\"valueRequired\":true,\"valueName\":\"search_term_string\"}}],\"inLanguage\":\"pt-PT\"},{\"@type\":\"Organization\",\"@id\":\"https:\\\/\\\/travelsmartcampaign.org\\\/#organization\",\"name\":\"Travel Smart\",\"url\":\"https:\\\/\\\/travelsmartcampaign.org\\\/\",\"logo\":{\"@type\":\"ImageObject\",\"inLanguage\":\"pt-PT\",\"@id\":\"https:\\\/\\\/travelsmartcampaign.org\\\/#\\\/schema\\\/logo\\\/image\\\/\",\"url\":\"https:\\\/\\\/travelsmartcampaign.org\\\/wp-content\\\/uploads\\\/travel-smart-min.jpeg\",\"contentUrl\":\"https:\\\/\\\/travelsmartcampaign.org\\\/wp-content\\\/uploads\\\/travel-smart-min.jpeg\",\"width\":1200,\"height\":690,\"caption\":\"Travel Smart\"},\"image\":{\"@id\":\"https:\\\/\\\/travelsmartcampaign.org\\\/#\\\/schema\\\/logo\\\/image\\\/\"}}]}<\/script>\n<!-- \/ Yoast SEO plugin. -->","yoast_head_json":{"title":"Viagens de neg\u00f3cios: as emiss\u00f5es dos grandes grupos franceses diminu\u00edram 18% em rela\u00e7\u00e3o a 2019 - Travel Smart Campaign","robots":{"index":"index","follow":"follow","max-snippet":"max-snippet:-1","max-image-preview":"max-image-preview:large","max-video-preview":"max-video-preview:-1"},"canonical":"https:\/\/travelsmartcampaign.org\/pt\/biblioteca\/voyages-daffaires-les-emissions-des-grands-groupes-francais-ont-diminue-de-18-par-rapport-a-2019\/","og_locale":"pt_PT","og_type":"article","og_title":"Voyages d\u2019affaires : les \u00e9missions des grands groupes fran\u00e7ais ont diminu\u00e9 de 18% par rapport \u00e0 2019 - Travel Smart Campaign","og_description":"Parmi les entreprises fran\u00e7aises \u00e9valu\u00e9es, Capgemini tire son \u00e9pingle du jeu en r\u00e9duisant ses \u00e9missions entre 2023 et 2024. En revanche, Sanofi laisse filer ses \u00e9missions \u00e0 la hausse.","og_url":"https:\/\/travelsmartcampaign.org\/pt\/biblioteca\/voyages-daffaires-les-emissions-des-grands-groupes-francais-ont-diminue-de-18-par-rapport-a-2019\/","og_site_name":"Travel Smart Campaign","article_modified_time":"2025-07-16T15:26:11+00:00","og_image":[{"width":1280,"height":854,"url":"https:\/\/travelsmartcampaign.org\/wp-content\/uploads\/aircraft-475409_1280.jpg","type":"image\/jpeg"}],"twitter_card":"summary_large_image","twitter_misc":{"Tempo estimado de leitura":"4 minutos"},"schema":{"@context":"https:\/\/schema.org","@graph":[{"@type":"WebPage","@id":"https:\/\/travelsmartcampaign.org\/de\/bibliothek\/voyages-daffaires-les-emissions-des-grands-groupes-francais-ont-diminue-de-18-par-rapport-a-2019\/","url":"https:\/\/travelsmartcampaign.org\/de\/bibliothek\/voyages-daffaires-les-emissions-des-grands-groupes-francais-ont-diminue-de-18-par-rapport-a-2019\/","name":"Viagens de neg\u00f3cios: as emiss\u00f5es dos grandes grupos franceses diminu\u00edram 18% em rela\u00e7\u00e3o a 2019 - Travel Smart Campaign","isPartOf":{"@id":"https:\/\/travelsmartcampaign.org\/#website"},"primaryImageOfPage":{"@id":"https:\/\/travelsmartcampaign.org\/de\/bibliothek\/voyages-daffaires-les-emissions-des-grands-groupes-francais-ont-diminue-de-18-par-rapport-a-2019\/#primaryimage"},"image":{"@id":"https:\/\/travelsmartcampaign.org\/de\/bibliothek\/voyages-daffaires-les-emissions-des-grands-groupes-francais-ont-diminue-de-18-par-rapport-a-2019\/#primaryimage"},"thumbnailUrl":"https:\/\/travelsmartcampaign.org\/wp-content\/uploads\/aircraft-475409_1280.jpg","datePublished":"2025-05-12T23:01:25+00:00","dateModified":"2025-07-16T15:26:11+00:00","breadcrumb":{"@id":"https:\/\/travelsmartcampaign.org\/de\/bibliothek\/voyages-daffaires-les-emissions-des-grands-groupes-francais-ont-diminue-de-18-par-rapport-a-2019\/#breadcrumb"},"inLanguage":"pt-PT","potentialAction":[{"@type":"ReadAction","target":["https:\/\/travelsmartcampaign.org\/de\/bibliothek\/voyages-daffaires-les-emissions-des-grands-groupes-francais-ont-diminue-de-18-par-rapport-a-2019\/"]}]},{"@type":"ImageObject","inLanguage":"pt-PT","@id":"https:\/\/travelsmartcampaign.org\/de\/bibliothek\/voyages-daffaires-les-emissions-des-grands-groupes-francais-ont-diminue-de-18-par-rapport-a-2019\/#primaryimage","url":"https:\/\/travelsmartcampaign.org\/wp-content\/uploads\/aircraft-475409_1280.jpg","contentUrl":"https:\/\/travelsmartcampaign.org\/wp-content\/uploads\/aircraft-475409_1280.jpg","width":1280,"height":854},{"@type":"BreadcrumbList","@id":"https:\/\/travelsmartcampaign.org\/de\/bibliothek\/voyages-daffaires-les-emissions-des-grands-groupes-francais-ont-diminue-de-18-par-rapport-a-2019\/#breadcrumb","itemListElement":[{"@type":"ListItem","position":1,"name":"Home","item":"https:\/\/travelsmartcampaign.org\/"},{"@type":"ListItem","position":2,"name":"Voyages d\u2019affaires : les \u00e9missions des grands groupes fran\u00e7ais ont diminu\u00e9 de 18% par rapport \u00e0 2019"}]},{"@type":"WebSite","@id":"https:\/\/travelsmartcampaign.org\/#website","url":"https:\/\/travelsmartcampaign.org\/","name":"Viagem Inteligente","description":"","publisher":{"@id":"https:\/\/travelsmartcampaign.org\/#organization"},"potentialAction":[{"@type":"SearchAction","target":{"@type":"EntryPoint","urlTemplate":"https:\/\/travelsmartcampaign.org\/?s={search_term_string}"},"query-input":{"@type":"PropertyValueSpecification","valueRequired":true,"valueName":"search_term_string"}}],"inLanguage":"pt-PT"},{"@type":"Organization","@id":"https:\/\/travelsmartcampaign.org\/#organization","name":"Viagem Inteligente","url":"https:\/\/travelsmartcampaign.org\/","logo":{"@type":"ImageObject","inLanguage":"pt-PT","@id":"https:\/\/travelsmartcampaign.org\/#\/schema\/logo\/image\/","url":"https:\/\/travelsmartcampaign.org\/wp-content\/uploads\/travel-smart-min.jpeg","contentUrl":"https:\/\/travelsmartcampaign.org\/wp-content\/uploads\/travel-smart-min.jpeg","width":1200,"height":690,"caption":"Travel Smart"},"image":{"@id":"https:\/\/travelsmartcampaign.org\/#\/schema\/logo\/image\/"}}]}},"_links":{"self":[{"href":"https:\/\/travelsmartcampaign.org\/pt\/wp-json\/wp\/v2\/library\/17757","targetHints":{"allow":["GET"]}}],"collection":[{"href":"https:\/\/travelsmartcampaign.org\/pt\/wp-json\/wp\/v2\/library"}],"about":[{"href":"https:\/\/travelsmartcampaign.org\/pt\/wp-json\/wp\/v2\/types\/library"}],"version-history":[{"count":0,"href":"https:\/\/travelsmartcampaign.org\/pt\/wp-json\/wp\/v2\/library\/17757\/revisions"}],"wp:featuredmedia":[{"embeddable":true,"href":"https:\/\/travelsmartcampaign.org\/pt\/wp-json\/wp\/v2\/media\/17863"}],"wp:attachment":[{"href":"https:\/\/travelsmartcampaign.org\/pt\/wp-json\/wp\/v2\/media?parent=17757"}],"wp:term":[{"taxonomy":"topic","embeddable":true,"href":"https:\/\/travelsmartcampaign.org\/pt\/wp-json\/wp\/v2\/topic?post=17757"},{"taxonomy":"visibility","embeddable":true,"href":"https:\/\/travelsmartcampaign.org\/pt\/wp-json\/wp\/v2\/visibility?post=17757"},{"taxonomy":"post-country","embeddable":true,"href":"https:\/\/travelsmartcampaign.org\/pt\/wp-json\/wp\/v2\/post-country?post=17757"},{"taxonomy":"language","embeddable":true,"href":"https:\/\/travelsmartcampaign.org\/pt\/wp-json\/wp\/v2\/language?post=17757"},{"taxonomy":"category-post-type","embeddable":true,"href":"https:\/\/travelsmartcampaign.org\/pt\/wp-json\/wp\/v2\/category-post-type?post=17757"}],"curies":[{"name":"wp","href":"https:\/\/api.w.org\/{rel}","templated":true}]}}