{"id":3594,"date":"2022-11-03T00:01:04","date_gmt":"2022-11-02T23:01:04","guid":{"rendered":"http:\/\/travelsmartcampaign.org\/?post_type=library&#038;p=3594"},"modified":"2022-11-02T16:53:14","modified_gmt":"2022-11-02T15:53:14","slug":"umfrage-zum-klimaschutz-beschaftigte-in-deutschland-erwarten-von-unternehmen-klare-masnahmen-zur-reduzierung-von-geschaftsreisen","status":"publish","type":"library","link":"https:\/\/travelsmartcampaign.org\/pt\/library\/umfrage-zum-klimaschutz-beschaftigte-in-deutschland-erwarten-von-unternehmen-klare-masnahmen-zur-reduzierung-von-geschaftsreisen\/","title":{"rendered":"Umfrage zum Klimaschutz: Besch\u00e4ftigte in Deutschland erwarten von Unternehmen klare Mas\u00dfnahmen zur Reduzierung von Gesch\u00e4ftsreisen"},"content":{"rendered":"<p><span style=\"font-weight: 400;\">Sieben von zehn Gesch\u00e4ftsreisenden in Deutschland haben ihre Flugreisen seit Begin der Pandemie eingeschr\u00e4nkt. Noch mehr Besch\u00e4ftigte (75 Prozent) sind der Meinung, dass Unternehmen deutlich mehr tun m\u00fcssen, um Emissionen aus Gesch\u00e4ftsreisen zu reduzieren. Dies sind einige Kernergebnisse einer aktuellen Umfrage der Kampagne Travel Smart, durchgef\u00fchrt von Ipsos unter knapp 2.500 Arbeitnehmer:innen in Deutschland, den USA, Gro\u00dfbritannien, Frankreich und Spanien. Darunter fast 1280 Personen, die per Flugzeug Gesch\u00e4ftsreisen unternehmen (mais zur Methodik siehe unten).\u00a0<\/span><\/p>\n<p><span style=\"font-weight: 400;\">\u201e<em>Die meisten Besch\u00e4ftigten sind schon weiter als ihre Unternehmen<\/em>\u201c, disse Jacob Rohm, Referent f\u00fcr klimafreundliche Mobilit\u00e4t bei der Umweltorganisation Germanwatch. <em>\u201eGesch\u00e4ftsreisen verursachen rund ein Drittel der abgehenden Fl\u00fcge in Deutschland, hier sind die Unternehmen in der Verantwortung. Voc\u00ea deve definir limites absolutos de emiss\u00f5es e definir redu\u00e7\u00f5es ambiciosas. Dazu geh\u00f6ren Reiserichtlinien mit dem Ziel, Gesch\u00e4ftsreisen deutlich zu verringern und wann immer m\u00f6glich, auf Fl\u00fcge ganz zu verzichten, denn diese sind mit Abstand die klimasch\u00e4dlichste Art zu reisen.\u201c<\/em><\/span><\/p>\n<p><span style=\"font-weight: 400;\">Este Forderung wird von einer gro\u00dfen Mehrheit der Besch\u00e4ftigten unterst\u00fctzt: Knapp drei Viertel der Befragten in allen f\u00fcnf L\u00e4ndern sind der Meinung, dass die Verringerung des CO2-Fu\u00dfabdrucks eines Unternehmens durch die Anzahl der Gesch\u00e4ftsfl\u00fcge zu reduzieren sei ( 74%, na Alemanha 72%). Rohm: \u201e<em>Bei einem Flug sorgen aber nicht nur die CO2-Emissionen f\u00fcr Klimasch\u00e4den. O Nicht-CO2-Effekte etwa durch Kondensstreifen und Ru\u00dfpartikel \u00e9 t\u00e3o grande, que o efeito aumentado \u00e9 insgesamt dreimal t\u00e3o alto quanto as emiss\u00f5es de CO2 todas. Unternehmen m\u00fcssen die Gesamtklimawirkung in ihre Umweltbilanzen aufnehmen, wenn sie kein Greenwashing bereiben wollen.<\/em>\u201cAuch Verkehrsminister Volker Wissing e Wirtschaftsminister Robert Habeck s\u00e3o gefordert. <em>\u201eO Bundesregierung deve estar ativo para uma emiss\u00e3o e avalia\u00e7\u00e3o do efeito negativo do CO2 na UE-Ebene einsetzen, damit dies endlich for Alle Standard wird.<\/em>\u201c Zu den oft vergessenen Klimasch\u00e4den des Flugverkehrs hat Germanwatch gerade ein Kurzpapier ver\u00f6ffentlicht (Link siehe unten).\u00a0<\/span><\/p>\n<p><span style=\"font-weight: 400;\">Mesmo que o trem seja a variante de mobilidade clim\u00e1tica mais atraente para uma \u00e1rea de neg\u00f3cios atraente, \u00e9 necess\u00e1rio o controle do Bundesregierung. \u201e<em>Schnelles und zuverl\u00e4ssiges Internet entlang von Gleisen sollte verpflichtend sein. Gerade im grenz\u00fcberschreitenden Verkehr sollten die Bahnbetreiber jetzt ihre Angebote f\u00fcr neue Verbindungen massiv ausbauen und f\u00fcr besser getaktete Anschl\u00fcsse im Nachbarland sorgen\u201c<\/em>, ent\u00e3o Rohm.\u00a0<\/span><\/p>\n<p style=\"text-align: center;\"><strong><a href=\"http:\/\/travelsmartcampaign.org\/wp-content\/uploads\/Travel-Smart-Topline-101922_USPA.docx.pdf\">Die Ipsos-Ergebnisse herunterladen<\/a><\/strong><\/p>\n<p><b>Dicas para Reda\u00e7\u00f5es:<\/b><span style=\"font-weight: 400;\"> Die Umfrage wurde von Travel Smart em Auftrag gegeben. Travel Smart \u00e9 uma campanha global, a ONG europeia Dachverband Transport &amp; Environment sowie von Stand.earth na Nordamerika, \u00c1sia e Europa geleitet wird und darauf abzielt, die Emissions von Gesch\u00e4ftsreisen zu reduzieren. Germanwatch \u00e9 Mitglied bei Transport &amp; Environment.\u00a0<\/span><\/p>\n<p><b>Germanwatch Kurzpapier<\/b><span style=\"font-weight: 400;\"> \u201eDie vergessenen Klimasch\u00e4den des Flugverkehrs\u201c: <\/span><a href=\"https:\/\/www.germanwatch.org\/de\/87362\"><span style=\"font-weight: 400;\">https:\/\/www.germanwatch.org\/de\/87362<\/span><\/a><span style=\"font-weight: 400;\">\u00a0<\/span><\/p>\n<p><b>Algumas dicas para reda\u00e7\u00f5es:<\/b><\/p>\n<p><span style=\"font-weight: 400;\">Die Umfrage wurde von Ipsos online sob 2.506 Erwachsenen em f\u00fcnf L\u00e4ndern \u2013 EUA, Gro\u00dfbritannien, Frankreich, Deutschland und Spanien \u2013 durchgef\u00fchrt. Um sich f\u00fcr die Umfrage zu qualifizieren, muststen die Befragten Vollzeit in einem Unternehmen mit mindestens 50 Mitarbeitern besch\u00e4ftigt und zwischen 18 und 74 Jahre alt sein. O teste de costura dos anjos foi realizado com mais frequ\u00eancia, um dos quais \u00e9 uma experi\u00eancia de teste segura. Gesch\u00e4ftsreisende in this Studie beziehen sich auf diejenigen, die angeben, dass sie vor COVID beruflich geflogen sind oder derzeit beruflich fliegen. Die Stichprobe der Gesch\u00e4ftsreisenden umfasste 1279 Personen. Aus Deutschland wurden 501 Arbeitnehmer:innen, davon 271 Gesch\u00e4ftsreisende befragt. Die Befragung wurde zwischen dem 6. und 10. Oktober durchgef\u00fchrt. Uma situa\u00e7\u00e3o demogr\u00e1fica foi criada nos L\u00e4nderebene vorgenommen. Die Umfrage hat ein Kredibilit\u00e4tsintervall von plus\/minus 2,4 Prozent f\u00fcr alle Befragten, von plus\/minus 3,4 Prozent bei den Gesch\u00e4ftsreisenden insgesamt sowie von plus\/minus 7,3 Prozent f\u00fcr die Gesch\u00e4ftsreisenden aus Deutschland.<\/span><\/p>","protected":false},"excerpt":{"rendered":"<p>78 Prozent der deutschen Arbeitnehmer schreiben Unternehmen eine wichtige Rolle im Kampf gegen die Klimakrise zu \/ Klimasch\u00e4den des Flugverkehrs dreimal so gro\u00df wie bisher h\u00e4ufig bilanziert \/ Um gesch\u00e4ftliche Flugreisen zu reduzieren, sehen 69 Prozent Reduktionsziele und klimafreundliche re Reiserichtlinien no centro e <\/p>","protected":false},"featured_media":3661,"template":"","topic":[],"visibility":[],"post-country":[32],"language":[39],"category-post-type":[28],"class_list":["post-3594","library","type-library","status-publish","has-post-thumbnail","hentry","post-country-germany","language-german","category-post-type-press-release"],"yoast_head":"<!-- This site is optimized with the Yoast SEO plugin v27.5 - https:\/\/yoast.com\/product\/yoast-seo-wordpress\/ -->\n<title>Umfrage zum Klimaschutz: Besch\u00e4ftigte in Deutschland erwarten von Unternehmen klare Ma\u00dfnahmen zur Reduzierung von Gesch\u00e4ftsreisen - Travel Smart Campaign<\/title>\n<meta name=\"robots\" content=\"index, follow, max-snippet:-1, max-image-preview:large, max-video-preview:-1\" \/>\n<link rel=\"canonical\" href=\"https:\/\/travelsmartcampaign.org\/pt\/biblioteca\/umfrage-zum-klimaschutz-beschaftigte-in-deutschland-erwarten-von-unternehmen-klare-masnahmen-zur-reduzierung-von-geschaftsreisen\/\" \/>\n<meta property=\"og:locale\" content=\"pt_PT\" \/>\n<meta property=\"og:type\" content=\"article\" \/>\n<meta property=\"og:title\" content=\"Umfrage zum Klimaschutz: Besch\u00e4ftigte in Deutschland erwarten von Unternehmen klare Ma\u00dfnahmen zur Reduzierung von Gesch\u00e4ftsreisen - Travel Smart Campaign\" \/>\n<meta property=\"og:description\" content=\"78 Prozent der deutschen Arbeitnehmer schreiben Unternehmen eine wichtige Rolle im Kampf gegen die Klimakrise zu \/ Klimasch\u00e4den des Flugverkehrs dreimal so gro\u00df wie bisher h\u00e4ufig bilanziert \/ Um gesch\u00e4ftliche Flugreisen zu reduzieren, sehen 69 Prozent Reduktionsziele und klimafreundlichere Reiserichtlinien als zentral an\" \/>\n<meta property=\"og:url\" content=\"https:\/\/travelsmartcampaign.org\/pt\/biblioteca\/umfrage-zum-klimaschutz-beschaftigte-in-deutschland-erwarten-von-unternehmen-klare-masnahmen-zur-reduzierung-von-geschaftsreisen\/\" \/>\n<meta property=\"og:site_name\" content=\"Travel Smart Campaign\" \/>\n<meta property=\"og:image\" content=\"https:\/\/travelsmartcampaign.org\/wp-content\/uploads\/pexels-andrea-piacquadio-935743-scaled.jpg\" \/>\n\t<meta property=\"og:image:width\" content=\"2560\" \/>\n\t<meta property=\"og:image:height\" content=\"1707\" \/>\n\t<meta property=\"og:image:type\" content=\"image\/jpeg\" \/>\n<meta name=\"twitter:card\" content=\"summary_large_image\" \/>\n<meta name=\"twitter:label1\" content=\"Tempo estimado de leitura\" \/>\n\t<meta name=\"twitter:data1\" content=\"3 minutos\" \/>\n<script type=\"application\/ld+json\" class=\"yoast-schema-graph\">{\"@context\":\"https:\\\/\\\/schema.org\",\"@graph\":[{\"@type\":\"WebPage\",\"@id\":\"https:\\\/\\\/travelsmartcampaign.org\\\/library\\\/umfrage-zum-klimaschutz-beschaftigte-in-deutschland-erwarten-von-unternehmen-klare-masnahmen-zur-reduzierung-von-geschaftsreisen\\\/\",\"url\":\"https:\\\/\\\/travelsmartcampaign.org\\\/library\\\/umfrage-zum-klimaschutz-beschaftigte-in-deutschland-erwarten-von-unternehmen-klare-masnahmen-zur-reduzierung-von-geschaftsreisen\\\/\",\"name\":\"Umfrage zum Klimaschutz: Besch\u00e4ftigte in Deutschland erwarten von Unternehmen klare Ma\u00dfnahmen zur Reduzierung von Gesch\u00e4ftsreisen - Travel Smart Campaign\",\"isPartOf\":{\"@id\":\"https:\\\/\\\/travelsmartcampaign.org\\\/#website\"},\"primaryImageOfPage\":{\"@id\":\"https:\\\/\\\/travelsmartcampaign.org\\\/library\\\/umfrage-zum-klimaschutz-beschaftigte-in-deutschland-erwarten-von-unternehmen-klare-masnahmen-zur-reduzierung-von-geschaftsreisen\\\/#primaryimage\"},\"image\":{\"@id\":\"https:\\\/\\\/travelsmartcampaign.org\\\/library\\\/umfrage-zum-klimaschutz-beschaftigte-in-deutschland-erwarten-von-unternehmen-klare-masnahmen-zur-reduzierung-von-geschaftsreisen\\\/#primaryimage\"},\"thumbnailUrl\":\"https:\\\/\\\/travelsmartcampaign.org\\\/wp-content\\\/uploads\\\/pexels-andrea-piacquadio-935743-scaled.jpg\",\"datePublished\":\"2022-11-02T23:01:04+00:00\",\"breadcrumb\":{\"@id\":\"https:\\\/\\\/travelsmartcampaign.org\\\/library\\\/umfrage-zum-klimaschutz-beschaftigte-in-deutschland-erwarten-von-unternehmen-klare-masnahmen-zur-reduzierung-von-geschaftsreisen\\\/#breadcrumb\"},\"inLanguage\":\"pt-PT\",\"potentialAction\":[{\"@type\":\"ReadAction\",\"target\":[\"https:\\\/\\\/travelsmartcampaign.org\\\/library\\\/umfrage-zum-klimaschutz-beschaftigte-in-deutschland-erwarten-von-unternehmen-klare-masnahmen-zur-reduzierung-von-geschaftsreisen\\\/\"]}]},{\"@type\":\"ImageObject\",\"inLanguage\":\"pt-PT\",\"@id\":\"https:\\\/\\\/travelsmartcampaign.org\\\/library\\\/umfrage-zum-klimaschutz-beschaftigte-in-deutschland-erwarten-von-unternehmen-klare-masnahmen-zur-reduzierung-von-geschaftsreisen\\\/#primaryimage\",\"url\":\"https:\\\/\\\/travelsmartcampaign.org\\\/wp-content\\\/uploads\\\/pexels-andrea-piacquadio-935743-scaled.jpg\",\"contentUrl\":\"https:\\\/\\\/travelsmartcampaign.org\\\/wp-content\\\/uploads\\\/pexels-andrea-piacquadio-935743-scaled.jpg\",\"width\":2560,\"height\":1707},{\"@type\":\"BreadcrumbList\",\"@id\":\"https:\\\/\\\/travelsmartcampaign.org\\\/library\\\/umfrage-zum-klimaschutz-beschaftigte-in-deutschland-erwarten-von-unternehmen-klare-masnahmen-zur-reduzierung-von-geschaftsreisen\\\/#breadcrumb\",\"itemListElement\":[{\"@type\":\"ListItem\",\"position\":1,\"name\":\"Home\",\"item\":\"https:\\\/\\\/travelsmartcampaign.org\\\/\"},{\"@type\":\"ListItem\",\"position\":2,\"name\":\"Umfrage zum Klimaschutz: Besch\u00e4ftigte in Deutschland erwarten von Unternehmen klare Ma\u00dfnahmen zur Reduzierung von Gesch\u00e4ftsreisen\"}]},{\"@type\":\"WebSite\",\"@id\":\"https:\\\/\\\/travelsmartcampaign.org\\\/#website\",\"url\":\"https:\\\/\\\/travelsmartcampaign.org\\\/\",\"name\":\"Travel Smart\",\"description\":\"\",\"publisher\":{\"@id\":\"https:\\\/\\\/travelsmartcampaign.org\\\/#organization\"},\"potentialAction\":[{\"@type\":\"SearchAction\",\"target\":{\"@type\":\"EntryPoint\",\"urlTemplate\":\"https:\\\/\\\/travelsmartcampaign.org\\\/?s={search_term_string}\"},\"query-input\":{\"@type\":\"PropertyValueSpecification\",\"valueRequired\":true,\"valueName\":\"search_term_string\"}}],\"inLanguage\":\"pt-PT\"},{\"@type\":\"Organization\",\"@id\":\"https:\\\/\\\/travelsmartcampaign.org\\\/#organization\",\"name\":\"Travel Smart\",\"url\":\"https:\\\/\\\/travelsmartcampaign.org\\\/\",\"logo\":{\"@type\":\"ImageObject\",\"inLanguage\":\"pt-PT\",\"@id\":\"https:\\\/\\\/travelsmartcampaign.org\\\/#\\\/schema\\\/logo\\\/image\\\/\",\"url\":\"https:\\\/\\\/travelsmartcampaign.org\\\/wp-content\\\/uploads\\\/travel-smart-min.jpeg\",\"contentUrl\":\"https:\\\/\\\/travelsmartcampaign.org\\\/wp-content\\\/uploads\\\/travel-smart-min.jpeg\",\"width\":1200,\"height\":690,\"caption\":\"Travel Smart\"},\"image\":{\"@id\":\"https:\\\/\\\/travelsmartcampaign.org\\\/#\\\/schema\\\/logo\\\/image\\\/\"}}]}<\/script>\n<!-- \/ Yoast SEO plugin. -->","yoast_head_json":{"title":"Pesquisa sobre prote\u00e7\u00e3o clim\u00e1tica: os trabalhadores na Alemanha esperam que as empresas tomem medidas claras para reduzir as viagens de neg\u00f3cios - Campanha Travel Smart","robots":{"index":"index","follow":"follow","max-snippet":"max-snippet:-1","max-image-preview":"max-image-preview:large","max-video-preview":"max-video-preview:-1"},"canonical":"https:\/\/travelsmartcampaign.org\/pt\/biblioteca\/umfrage-zum-klimaschutz-beschaftigte-in-deutschland-erwarten-von-unternehmen-klare-masnahmen-zur-reduzierung-von-geschaftsreisen\/","og_locale":"pt_PT","og_type":"article","og_title":"Umfrage zum Klimaschutz: Besch\u00e4ftigte in Deutschland erwarten von Unternehmen klare Ma\u00dfnahmen zur Reduzierung von Gesch\u00e4ftsreisen - Travel Smart Campaign","og_description":"78 Prozent der deutschen Arbeitnehmer schreiben Unternehmen eine wichtige Rolle im Kampf gegen die Klimakrise zu \/ Klimasch\u00e4den des Flugverkehrs dreimal so gro\u00df wie bisher h\u00e4ufig bilanziert \/ Um gesch\u00e4ftliche Flugreisen zu reduzieren, sehen 69 Prozent Reduktionsziele und klimafreundlichere Reiserichtlinien als zentral an","og_url":"https:\/\/travelsmartcampaign.org\/pt\/biblioteca\/umfrage-zum-klimaschutz-beschaftigte-in-deutschland-erwarten-von-unternehmen-klare-masnahmen-zur-reduzierung-von-geschaftsreisen\/","og_site_name":"Travel Smart Campaign","og_image":[{"width":2560,"height":1707,"url":"https:\/\/travelsmartcampaign.org\/wp-content\/uploads\/pexels-andrea-piacquadio-935743-scaled.jpg","type":"image\/jpeg"}],"twitter_card":"summary_large_image","twitter_misc":{"Tempo estimado de leitura":"3 minutos"},"schema":{"@context":"https:\/\/schema.org","@graph":[{"@type":"WebPage","@id":"https:\/\/travelsmartcampaign.org\/library\/umfrage-zum-klimaschutz-beschaftigte-in-deutschland-erwarten-von-unternehmen-klare-masnahmen-zur-reduzierung-von-geschaftsreisen\/","url":"https:\/\/travelsmartcampaign.org\/library\/umfrage-zum-klimaschutz-beschaftigte-in-deutschland-erwarten-von-unternehmen-klare-masnahmen-zur-reduzierung-von-geschaftsreisen\/","name":"Pesquisa sobre prote\u00e7\u00e3o clim\u00e1tica: os trabalhadores na Alemanha esperam que as empresas tomem medidas claras para reduzir as viagens de neg\u00f3cios - Campanha Travel Smart","isPartOf":{"@id":"https:\/\/travelsmartcampaign.org\/#website"},"primaryImageOfPage":{"@id":"https:\/\/travelsmartcampaign.org\/library\/umfrage-zum-klimaschutz-beschaftigte-in-deutschland-erwarten-von-unternehmen-klare-masnahmen-zur-reduzierung-von-geschaftsreisen\/#primaryimage"},"image":{"@id":"https:\/\/travelsmartcampaign.org\/library\/umfrage-zum-klimaschutz-beschaftigte-in-deutschland-erwarten-von-unternehmen-klare-masnahmen-zur-reduzierung-von-geschaftsreisen\/#primaryimage"},"thumbnailUrl":"https:\/\/travelsmartcampaign.org\/wp-content\/uploads\/pexels-andrea-piacquadio-935743-scaled.jpg","datePublished":"2022-11-02T23:01:04+00:00","breadcrumb":{"@id":"https:\/\/travelsmartcampaign.org\/library\/umfrage-zum-klimaschutz-beschaftigte-in-deutschland-erwarten-von-unternehmen-klare-masnahmen-zur-reduzierung-von-geschaftsreisen\/#breadcrumb"},"inLanguage":"pt-PT","potentialAction":[{"@type":"ReadAction","target":["https:\/\/travelsmartcampaign.org\/library\/umfrage-zum-klimaschutz-beschaftigte-in-deutschland-erwarten-von-unternehmen-klare-masnahmen-zur-reduzierung-von-geschaftsreisen\/"]}]},{"@type":"ImageObject","inLanguage":"pt-PT","@id":"https:\/\/travelsmartcampaign.org\/library\/umfrage-zum-klimaschutz-beschaftigte-in-deutschland-erwarten-von-unternehmen-klare-masnahmen-zur-reduzierung-von-geschaftsreisen\/#primaryimage","url":"https:\/\/travelsmartcampaign.org\/wp-content\/uploads\/pexels-andrea-piacquadio-935743-scaled.jpg","contentUrl":"https:\/\/travelsmartcampaign.org\/wp-content\/uploads\/pexels-andrea-piacquadio-935743-scaled.jpg","width":2560,"height":1707},{"@type":"BreadcrumbList","@id":"https:\/\/travelsmartcampaign.org\/library\/umfrage-zum-klimaschutz-beschaftigte-in-deutschland-erwarten-von-unternehmen-klare-masnahmen-zur-reduzierung-von-geschaftsreisen\/#breadcrumb","itemListElement":[{"@type":"ListItem","position":1,"name":"Home","item":"https:\/\/travelsmartcampaign.org\/"},{"@type":"ListItem","position":2,"name":"Umfrage zum Klimaschutz: Besch\u00e4ftigte in Deutschland erwarten von Unternehmen klare Ma\u00dfnahmen zur Reduzierung von Gesch\u00e4ftsreisen"}]},{"@type":"WebSite","@id":"https:\/\/travelsmartcampaign.org\/#website","url":"https:\/\/travelsmartcampaign.org\/","name":"Viagem Inteligente","description":"","publisher":{"@id":"https:\/\/travelsmartcampaign.org\/#organization"},"potentialAction":[{"@type":"SearchAction","target":{"@type":"EntryPoint","urlTemplate":"https:\/\/travelsmartcampaign.org\/?s={search_term_string}"},"query-input":{"@type":"PropertyValueSpecification","valueRequired":true,"valueName":"search_term_string"}}],"inLanguage":"pt-PT"},{"@type":"Organization","@id":"https:\/\/travelsmartcampaign.org\/#organization","name":"Viagem Inteligente","url":"https:\/\/travelsmartcampaign.org\/","logo":{"@type":"ImageObject","inLanguage":"pt-PT","@id":"https:\/\/travelsmartcampaign.org\/#\/schema\/logo\/image\/","url":"https:\/\/travelsmartcampaign.org\/wp-content\/uploads\/travel-smart-min.jpeg","contentUrl":"https:\/\/travelsmartcampaign.org\/wp-content\/uploads\/travel-smart-min.jpeg","width":1200,"height":690,"caption":"Travel Smart"},"image":{"@id":"https:\/\/travelsmartcampaign.org\/#\/schema\/logo\/image\/"}}]}},"_links":{"self":[{"href":"https:\/\/travelsmartcampaign.org\/pt\/wp-json\/wp\/v2\/library\/3594","targetHints":{"allow":["GET"]}}],"collection":[{"href":"https:\/\/travelsmartcampaign.org\/pt\/wp-json\/wp\/v2\/library"}],"about":[{"href":"https:\/\/travelsmartcampaign.org\/pt\/wp-json\/wp\/v2\/types\/library"}],"version-history":[{"count":0,"href":"https:\/\/travelsmartcampaign.org\/pt\/wp-json\/wp\/v2\/library\/3594\/revisions"}],"wp:featuredmedia":[{"embeddable":true,"href":"https:\/\/travelsmartcampaign.org\/pt\/wp-json\/wp\/v2\/media\/3661"}],"wp:attachment":[{"href":"https:\/\/travelsmartcampaign.org\/pt\/wp-json\/wp\/v2\/media?parent=3594"}],"wp:term":[{"taxonomy":"topic","embeddable":true,"href":"https:\/\/travelsmartcampaign.org\/pt\/wp-json\/wp\/v2\/topic?post=3594"},{"taxonomy":"visibility","embeddable":true,"href":"https:\/\/travelsmartcampaign.org\/pt\/wp-json\/wp\/v2\/visibility?post=3594"},{"taxonomy":"post-country","embeddable":true,"href":"https:\/\/travelsmartcampaign.org\/pt\/wp-json\/wp\/v2\/post-country?post=3594"},{"taxonomy":"language","embeddable":true,"href":"https:\/\/travelsmartcampaign.org\/pt\/wp-json\/wp\/v2\/language?post=3594"},{"taxonomy":"category-post-type","embeddable":true,"href":"https:\/\/travelsmartcampaign.org\/pt\/wp-json\/wp\/v2\/category-post-type?post=3594"}],"curies":[{"name":"wp","href":"https:\/\/api.w.org\/{rel}","templated":true}]}}