{"id":3598,"date":"2022-11-06T00:01:07","date_gmt":"2022-11-05T23:01:07","guid":{"rendered":"http:\/\/travelsmartcampaign.org\/?post_type=library&#038;p=3598"},"modified":"2022-11-05T17:52:31","modified_gmt":"2022-11-05T16:52:31","slug":"a-maioria-dos-funcionarios-espera-que-os-altos-executivos-estabelecam-metas-corporativas-de-reducao-de-voos","status":"publish","type":"library","link":"https:\/\/travelsmartcampaign.org\/pt\/library\/a-maioria-dos-funcionarios-espera-que-os-altos-executivos-estabelecam-metas-corporativas-de-reducao-de-voos\/","title":{"rendered":"Novo estudo em 5 pa\u00edses chave vem confirmar que a maioria dos funcion\u00e1rios espera que os altos executivos estabele\u00e7am metas corporativas de redu\u00e7\u00e3o de voos"},"content":{"rendered":"<p><b>Tr\u00eas em cada cinco funcion\u00e1rios<\/b><span style=\"font-weight: 400;\"> de empresas que viajam de avi\u00e3o em trabalho <\/span><b>reduziram a quantidade de viagens como resultado da pandemia<\/b><span style=\"font-weight: 400;\">, demonstra um novo estudo no \u00e2mbito da campanha Viajar Responsavelmente (<\/span><i><span style=\"font-weight: 400;\">Viagem Inteligente<\/span><\/i><span style=\"font-weight: 400;\">), de que a ZERO faz parte.<\/span><\/p>\n<p><span style=\"font-weight: 400;\">Outra conclus\u00e3o demonstrada pelo estudo \u00e9 que a grande maioria dos funcion\u00e1rios das empresas <\/span><b>acreditamos que as suas entidades t\u00eam um papel importante a desempenhar na luta contra a crise clim\u00e1tica<\/b><span style=\"font-weight: 400;\"> \u2013 77% dos 2 500 funcion\u00e1rios entrevistados nos Estados Unidos (EUA), Reino Unido, Fran\u00e7a, Alemanha e Espanha s\u00e3o desta opini\u00e3o. Para se qualificarem para a pesquisa realizada, os entrevistados deveriam estar empregados em tempo integral, numa organiza\u00e7\u00e3o com pelo menos 50 funcion\u00e1rios e ter entre 18 e 74 anos.<\/span><\/p>\n<p><span style=\"font-weight: 400;\">A maioria dos inquiridos presumiu estar disposta a mudar os seus padr\u00f5es de viagem em prol da sustentabilidade, no par\u00e2metro ambiental, acreditando tamb\u00e9m que considera ter um papel importante na defini\u00e7\u00e3o das pol\u00edticas internacionais de viagens dos locais onde trabalham. Partilham ainda da opini\u00e3o de que <\/span><b>as empresas devem estabelecer metas corporativas de redu\u00e7\u00e3o de voos<\/b><span style=\"font-weight: 400;\"> (74% dos entrevistados), sendo isso um fator importante para reduzir as respectivas pegadas de carbono, um resultado comum a todos os pa\u00edses europeus.<\/span><\/p>\n<p><span style=\"font-weight: 400;\">A Federa\u00e7\u00e3o Europeia de Transportes e Ambiente (T&amp;E), que a ZERO integra e secunda, considera que os funcion\u00e1rios das empresas desejam um novo paradigma, em que as metas e pol\u00edticas corporativas devem ser <\/span><b>claros e aprovados com as expectativas dos funcion\u00e1rios<\/b><span style=\"font-weight: 400;\">, sendo que este \u00e9 um fator que j\u00e1 est\u00e1 ajudando as empresas a recrutar e reter talento.<\/span><\/p>\n<p><span style=\"font-weight: 400;\">Este estudo chega numa altura em que h\u00e1 uma sensa\u00e7\u00e3o crescente de que os n\u00edveis mais baixos de voos realizados vieram para ficar. Daqueles que disse voar no trabalho atualmente ou antes da pandemia, <\/span><b>63% viajam menos<\/b><span style=\"font-weight: 400;\"> como resultado da pandemia, 27% dizem que viajam com a mesma frequ\u00eancia e 11% admitem viagens mais agora.<\/span><\/p>\n<p><img loading=\"lazy\" decoding=\"async\" class=\"alignnone size-large wp-image-3694\" src=\"http:\/\/travelsmartcampaign.org\/wp-content\/uploads\/PT-Travel-Smart-Poll-Infographics-1-1024x576.png\" alt=\"\" width=\"800\" height=\"450\" srcset=\"https:\/\/travelsmartcampaign.org\/wp-content\/uploads\/PT-Travel-Smart-Poll-Infographics-1-1024x576.png 1024w, https:\/\/travelsmartcampaign.org\/wp-content\/uploads\/PT-Travel-Smart-Poll-Infographics-1-300x169.png 300w, https:\/\/travelsmartcampaign.org\/wp-content\/uploads\/PT-Travel-Smart-Poll-Infographics-1-768x432.png 768w, https:\/\/travelsmartcampaign.org\/wp-content\/uploads\/PT-Travel-Smart-Poll-Infographics-1-1536x864.png 1536w, https:\/\/travelsmartcampaign.org\/wp-content\/uploads\/PT-Travel-Smart-Poll-Infographics-1-18x10.png 18w, https:\/\/travelsmartcampaign.org\/wp-content\/uploads\/PT-Travel-Smart-Poll-Infographics-1.png 1920w\" sizes=\"auto, (max-width: 800px) 100vw, 800px\" \/><\/p>\n<p><span style=\"font-weight: 400;\">A pandemia mostrou a facilidade com que os funcion\u00e1rios podem reduzir os voos empresariais, recorrendo a alternativas de redu\u00e7\u00e3o de emiss\u00f5es de carbono. Quando questionados sobre sua prefer\u00eancia sobre como reduzir o impacto ambiental das viagens a\u00e9reas empresariais, os funcion\u00e1rios nesta pesquisa foram mais propensos a dizer que saber <\/span><b>Tecnologias e <\/b><b><i>Programas<\/i><\/b><b> de colabora\u00e7\u00e3o virtual<\/b><span style=\"font-weight: 400;\"> (53% dos entrevistados). <\/span><b>Voar com menos frequ\u00eancia<\/b><span style=\"font-weight: 400;\"> (36%) e <\/span><b>optar por outros meios de transporte<\/b><span style=\"font-weight: 400;\"> (32%) recebido cerca de um ter\u00e7o das pessoas interessadas.\u00a0<\/span><\/p>\n<p><span style=\"font-weight: 400;\">Antecipa-se que a mudan\u00e7a na forma de colabora\u00e7\u00e3o remota ter\u00e1 um grande impacto em termos de reuni\u00f5es internacionais empresariais. A grande maioria dos colaboradores inquiridos (72%) dizem que <\/span><b>desejo a viajar menos para reuni\u00f5es est\u00e3o internacionais<\/b><span style=\"font-weight: 400;\">, com 67% eles desejam a planear mais reuni\u00f5es locais por oposi\u00e7\u00e3o a reuni\u00f5es globais, e, portanto, evitando necessariamente voos de longo curso.<\/span><\/p>\n<p><span style=\"font-weight: 400;\">A Federa\u00e7\u00e3o de Transportes e Ambiente e a ZERO entende que a Confer\u00eancia das Partes das Na\u00e7\u00f5es Unidas, que se inicia no dia 6 de novembro no Egito, \u00e9 o momento ideal para os <\/span><b>l\u00edderes empresariais preocupados com o clima<\/b><span style=\"font-weight: 400;\">, ou\u00e7o o exemplo, examinando seus pr\u00f3prios h\u00e1bitos de voo. Devem aproveitar tamb\u00e9m o momento para se comprometerem a <\/span><b>diminuir o n\u00famero de viagens a\u00e9reas empresariais em pelo menos 50%<\/b><span style=\"font-weight: 400;\">, em rela\u00e7\u00e3o aos n\u00edveis pr\u00e9-pandemia.<\/span><\/p>\n<p style=\"text-align: center;\"><a href=\"http:\/\/travelsmartcampaign.org\/wp-content\/uploads\/Travel-Smart-Topline-101922_USPA.docx.pdf\">Baixe os resultados da Ipsos<\/a><\/p>\n<p><b>Notas aos editores:<\/b><\/p>\n<p><span style=\"font-weight: 400;\">A pesquisa foi realizada de forma online pela Ipsos, utilizando uma amostra de 2.506 adultos de cinco pa\u00edses \u2013 EUA, Reino Unido, Fran\u00e7a, Alemanha e Espanha. Para se qualificarem para a pesquisa, os entrevistados precisaram de estar empregados em per\u00edodo integral numa organiza\u00e7\u00e3o com pelo menos 50 funcion\u00e1rios e ter entre 18 e 74 anos. A amostra de funcion\u00e1rios foi ainda dividida para refletir apenas os funcion\u00e1rios que viajam de avi\u00e3o em trabalho. Os funcion\u00e1rios que viajam de avi\u00e3o em trabalho neste estudo referem-se \u00e0queles que dizem que voaram em trabalho antes do COVID ou que voam atualmente em trabalho. A amostra de funcion\u00e1rios que viajam de avi\u00e3o em trabalho foi de 1.279 pessoas. O trabalho de campo foi realizado entre 6 e 10 de outubro de 2022. Os pesos demogr\u00e1ficos foram aplicados ao n\u00edvel do pa\u00eds. A pesquisa tem um intervalo de repeti\u00e7\u00e3o de mais ou menos 2,4 pontos percentuais para todos os entrevistados. A pesquisa tamb\u00e9m tem um intervalo de repeti\u00e7\u00e3o de mais ou menos 3,4 pontos percentuais para os funcion\u00e1rios que viajam de avi\u00e3o em trabalho.<\/span><\/p>\n<p>&nbsp;<\/p>","protected":false},"excerpt":{"rendered":"<p>Tr\u00eas em cada cinco funcion\u00e1rios de empresas que viajam de avi\u00e3o em trabalho reduzem a quantidade de viagens como resultado da pandemia<\/p>","protected":false},"featured_media":3622,"template":"","topic":[],"visibility":[],"post-country":[34],"language":[40],"category-post-type":[28],"class_list":["post-3598","library","type-library","status-publish","has-post-thumbnail","hentry","post-country-portugal","language-portuguese","category-post-type-press-release"],"yoast_head":"<!-- This site is optimized with the Yoast SEO plugin v27.5 - https:\/\/yoast.com\/product\/yoast-seo-wordpress\/ -->\n<title>Novo estudo em 5 pa\u00edses chave vem confirmar que a maioria dos funcion\u00e1rios espera que os altos executivos estabele\u00e7am metas corporativas de redu\u00e7\u00e3o de voos - Travel Smart Campaign<\/title>\n<meta name=\"robots\" content=\"index, follow, max-snippet:-1, max-image-preview:large, max-video-preview:-1\" \/>\n<link rel=\"canonical\" href=\"https:\/\/travelsmartcampaign.org\/pt\/biblioteca\/a-maioria-dos-funcionarios-espera-que-os-altos-executivos-estabelecam-metas-corporativas-de-reducao-de-voos\/\" \/>\n<meta property=\"og:locale\" content=\"pt_PT\" \/>\n<meta property=\"og:type\" content=\"article\" \/>\n<meta property=\"og:title\" content=\"Novo estudo em 5 pa\u00edses chave vem confirmar que a maioria dos funcion\u00e1rios espera que os altos executivos estabele\u00e7am metas corporativas de redu\u00e7\u00e3o de voos - Travel Smart Campaign\" \/>\n<meta property=\"og:description\" content=\"Tr\u00eas em cada cinco funcion\u00e1rios de empresas que viajam de avi\u00e3o em trabalho reduziram a quantidade de viagens como resultado da pandemia\" \/>\n<meta property=\"og:url\" content=\"https:\/\/travelsmartcampaign.org\/pt\/biblioteca\/a-maioria-dos-funcionarios-espera-que-os-altos-executivos-estabelecam-metas-corporativas-de-reducao-de-voos\/\" \/>\n<meta property=\"og:site_name\" content=\"Travel Smart Campaign\" \/>\n<meta property=\"og:image\" content=\"https:\/\/travelsmartcampaign.org\/wp-content\/uploads\/pexels-tima-miroshnichenko-5725432-scaled.jpg\" \/>\n\t<meta property=\"og:image:width\" content=\"2560\" \/>\n\t<meta property=\"og:image:height\" content=\"1707\" \/>\n\t<meta property=\"og:image:type\" content=\"image\/jpeg\" \/>\n<meta name=\"twitter:card\" content=\"summary_large_image\" \/>\n<meta name=\"twitter:label1\" content=\"Tempo estimado de leitura\" \/>\n\t<meta name=\"twitter:data1\" content=\"4 minutos\" \/>\n<script type=\"application\/ld+json\" class=\"yoast-schema-graph\">{\"@context\":\"https:\\\/\\\/schema.org\",\"@graph\":[{\"@type\":\"WebPage\",\"@id\":\"https:\\\/\\\/travelsmartcampaign.org\\\/library\\\/a-maioria-dos-funcionarios-espera-que-os-altos-executivos-estabelecam-metas-corporativas-de-reducao-de-voos\\\/\",\"url\":\"https:\\\/\\\/travelsmartcampaign.org\\\/library\\\/a-maioria-dos-funcionarios-espera-que-os-altos-executivos-estabelecam-metas-corporativas-de-reducao-de-voos\\\/\",\"name\":\"Novo estudo em 5 pa\u00edses chave vem confirmar que a maioria dos funcion\u00e1rios espera que os altos executivos estabele\u00e7am metas corporativas de redu\u00e7\u00e3o de voos - Travel Smart Campaign\",\"isPartOf\":{\"@id\":\"https:\\\/\\\/travelsmartcampaign.org\\\/#website\"},\"primaryImageOfPage\":{\"@id\":\"https:\\\/\\\/travelsmartcampaign.org\\\/library\\\/a-maioria-dos-funcionarios-espera-que-os-altos-executivos-estabelecam-metas-corporativas-de-reducao-de-voos\\\/#primaryimage\"},\"image\":{\"@id\":\"https:\\\/\\\/travelsmartcampaign.org\\\/library\\\/a-maioria-dos-funcionarios-espera-que-os-altos-executivos-estabelecam-metas-corporativas-de-reducao-de-voos\\\/#primaryimage\"},\"thumbnailUrl\":\"https:\\\/\\\/travelsmartcampaign.org\\\/wp-content\\\/uploads\\\/pexels-tima-miroshnichenko-5725432-scaled.jpg\",\"datePublished\":\"2022-11-05T23:01:07+00:00\",\"breadcrumb\":{\"@id\":\"https:\\\/\\\/travelsmartcampaign.org\\\/library\\\/a-maioria-dos-funcionarios-espera-que-os-altos-executivos-estabelecam-metas-corporativas-de-reducao-de-voos\\\/#breadcrumb\"},\"inLanguage\":\"pt-PT\",\"potentialAction\":[{\"@type\":\"ReadAction\",\"target\":[\"https:\\\/\\\/travelsmartcampaign.org\\\/library\\\/a-maioria-dos-funcionarios-espera-que-os-altos-executivos-estabelecam-metas-corporativas-de-reducao-de-voos\\\/\"]}]},{\"@type\":\"ImageObject\",\"inLanguage\":\"pt-PT\",\"@id\":\"https:\\\/\\\/travelsmartcampaign.org\\\/library\\\/a-maioria-dos-funcionarios-espera-que-os-altos-executivos-estabelecam-metas-corporativas-de-reducao-de-voos\\\/#primaryimage\",\"url\":\"https:\\\/\\\/travelsmartcampaign.org\\\/wp-content\\\/uploads\\\/pexels-tima-miroshnichenko-5725432-scaled.jpg\",\"contentUrl\":\"https:\\\/\\\/travelsmartcampaign.org\\\/wp-content\\\/uploads\\\/pexels-tima-miroshnichenko-5725432-scaled.jpg\",\"width\":2560,\"height\":1707},{\"@type\":\"BreadcrumbList\",\"@id\":\"https:\\\/\\\/travelsmartcampaign.org\\\/library\\\/a-maioria-dos-funcionarios-espera-que-os-altos-executivos-estabelecam-metas-corporativas-de-reducao-de-voos\\\/#breadcrumb\",\"itemListElement\":[{\"@type\":\"ListItem\",\"position\":1,\"name\":\"Home\",\"item\":\"https:\\\/\\\/travelsmartcampaign.org\\\/\"},{\"@type\":\"ListItem\",\"position\":2,\"name\":\"Novo estudo em 5 pa\u00edses chave vem confirmar que a maioria dos funcion\u00e1rios espera que os altos executivos estabele\u00e7am metas corporativas de redu\u00e7\u00e3o de voos\"}]},{\"@type\":\"WebSite\",\"@id\":\"https:\\\/\\\/travelsmartcampaign.org\\\/#website\",\"url\":\"https:\\\/\\\/travelsmartcampaign.org\\\/\",\"name\":\"Travel Smart\",\"description\":\"\",\"publisher\":{\"@id\":\"https:\\\/\\\/travelsmartcampaign.org\\\/#organization\"},\"potentialAction\":[{\"@type\":\"SearchAction\",\"target\":{\"@type\":\"EntryPoint\",\"urlTemplate\":\"https:\\\/\\\/travelsmartcampaign.org\\\/?s={search_term_string}\"},\"query-input\":{\"@type\":\"PropertyValueSpecification\",\"valueRequired\":true,\"valueName\":\"search_term_string\"}}],\"inLanguage\":\"pt-PT\"},{\"@type\":\"Organization\",\"@id\":\"https:\\\/\\\/travelsmartcampaign.org\\\/#organization\",\"name\":\"Travel Smart\",\"url\":\"https:\\\/\\\/travelsmartcampaign.org\\\/\",\"logo\":{\"@type\":\"ImageObject\",\"inLanguage\":\"pt-PT\",\"@id\":\"https:\\\/\\\/travelsmartcampaign.org\\\/#\\\/schema\\\/logo\\\/image\\\/\",\"url\":\"https:\\\/\\\/travelsmartcampaign.org\\\/wp-content\\\/uploads\\\/travel-smart-min.jpeg\",\"contentUrl\":\"https:\\\/\\\/travelsmartcampaign.org\\\/wp-content\\\/uploads\\\/travel-smart-min.jpeg\",\"width\":1200,\"height\":690,\"caption\":\"Travel Smart\"},\"image\":{\"@id\":\"https:\\\/\\\/travelsmartcampaign.org\\\/#\\\/schema\\\/logo\\\/image\\\/\"}}]}<\/script>\n<!-- \/ Yoast SEO plugin. -->","yoast_head_json":{"title":"Novo estudo em 5 pa\u00edses chave vem confirmar que a maioria dos funcion\u00e1rios espera que os altos executivos estabele\u00e7am metas corporativas de redu\u00e7\u00e3o de voos - Campanha Travel Smart","robots":{"index":"index","follow":"follow","max-snippet":"max-snippet:-1","max-image-preview":"max-image-preview:large","max-video-preview":"max-video-preview:-1"},"canonical":"https:\/\/travelsmartcampaign.org\/pt\/biblioteca\/a-maioria-dos-funcionarios-espera-que-os-altos-executivos-estabelecam-metas-corporativas-de-reducao-de-voos\/","og_locale":"pt_PT","og_type":"article","og_title":"Novo estudo em 5 pa\u00edses chave vem confirmar que a maioria dos funcion\u00e1rios espera que os altos executivos estabele\u00e7am metas corporativas de redu\u00e7\u00e3o de voos - Travel Smart Campaign","og_description":"Tr\u00eas em cada cinco funcion\u00e1rios de empresas que viajam de avi\u00e3o em trabalho reduziram a quantidade de viagens como resultado da pandemia","og_url":"https:\/\/travelsmartcampaign.org\/pt\/biblioteca\/a-maioria-dos-funcionarios-espera-que-os-altos-executivos-estabelecam-metas-corporativas-de-reducao-de-voos\/","og_site_name":"Travel Smart Campaign","og_image":[{"width":2560,"height":1707,"url":"https:\/\/travelsmartcampaign.org\/wp-content\/uploads\/pexels-tima-miroshnichenko-5725432-scaled.jpg","type":"image\/jpeg"}],"twitter_card":"summary_large_image","twitter_misc":{"Tempo estimado de leitura":"4 minutos"},"schema":{"@context":"https:\/\/schema.org","@graph":[{"@type":"WebPage","@id":"https:\/\/travelsmartcampaign.org\/library\/a-maioria-dos-funcionarios-espera-que-os-altos-executivos-estabelecam-metas-corporativas-de-reducao-de-voos\/","url":"https:\/\/travelsmartcampaign.org\/library\/a-maioria-dos-funcionarios-espera-que-os-altos-executivos-estabelecam-metas-corporativas-de-reducao-de-voos\/","name":"Novo estudo em 5 pa\u00edses chave vem confirmar que a maioria dos funcion\u00e1rios espera que os altos executivos estabele\u00e7am metas corporativas de redu\u00e7\u00e3o de voos - Campanha Travel Smart","isPartOf":{"@id":"https:\/\/travelsmartcampaign.org\/#website"},"primaryImageOfPage":{"@id":"https:\/\/travelsmartcampaign.org\/library\/a-maioria-dos-funcionarios-espera-que-os-altos-executivos-estabelecam-metas-corporativas-de-reducao-de-voos\/#primaryimage"},"image":{"@id":"https:\/\/travelsmartcampaign.org\/library\/a-maioria-dos-funcionarios-espera-que-os-altos-executivos-estabelecam-metas-corporativas-de-reducao-de-voos\/#primaryimage"},"thumbnailUrl":"https:\/\/travelsmartcampaign.org\/wp-content\/uploads\/pexels-tima-miroshnichenko-5725432-scaled.jpg","datePublished":"2022-11-05T23:01:07+00:00","breadcrumb":{"@id":"https:\/\/travelsmartcampaign.org\/library\/a-maioria-dos-funcionarios-espera-que-os-altos-executivos-estabelecam-metas-corporativas-de-reducao-de-voos\/#breadcrumb"},"inLanguage":"pt-PT","potentialAction":[{"@type":"ReadAction","target":["https:\/\/travelsmartcampaign.org\/library\/a-maioria-dos-funcionarios-espera-que-os-altos-executivos-estabelecam-metas-corporativas-de-reducao-de-voos\/"]}]},{"@type":"ImageObject","inLanguage":"pt-PT","@id":"https:\/\/travelsmartcampaign.org\/library\/a-maioria-dos-funcionarios-espera-que-os-altos-executivos-estabelecam-metas-corporativas-de-reducao-de-voos\/#primaryimage","url":"https:\/\/travelsmartcampaign.org\/wp-content\/uploads\/pexels-tima-miroshnichenko-5725432-scaled.jpg","contentUrl":"https:\/\/travelsmartcampaign.org\/wp-content\/uploads\/pexels-tima-miroshnichenko-5725432-scaled.jpg","width":2560,"height":1707},{"@type":"BreadcrumbList","@id":"https:\/\/travelsmartcampaign.org\/library\/a-maioria-dos-funcionarios-espera-que-os-altos-executivos-estabelecam-metas-corporativas-de-reducao-de-voos\/#breadcrumb","itemListElement":[{"@type":"ListItem","position":1,"name":"Home","item":"https:\/\/travelsmartcampaign.org\/"},{"@type":"ListItem","position":2,"name":"Novo estudo em 5 pa\u00edses chave vem confirmar que a maioria dos funcion\u00e1rios espera que os altos executivos estabele\u00e7am metas corporativas de redu\u00e7\u00e3o de voos"}]},{"@type":"WebSite","@id":"https:\/\/travelsmartcampaign.org\/#website","url":"https:\/\/travelsmartcampaign.org\/","name":"Viagem Inteligente","description":"","publisher":{"@id":"https:\/\/travelsmartcampaign.org\/#organization"},"potentialAction":[{"@type":"SearchAction","target":{"@type":"EntryPoint","urlTemplate":"https:\/\/travelsmartcampaign.org\/?s={search_term_string}"},"query-input":{"@type":"PropertyValueSpecification","valueRequired":true,"valueName":"search_term_string"}}],"inLanguage":"pt-PT"},{"@type":"Organization","@id":"https:\/\/travelsmartcampaign.org\/#organization","name":"Viagem Inteligente","url":"https:\/\/travelsmartcampaign.org\/","logo":{"@type":"ImageObject","inLanguage":"pt-PT","@id":"https:\/\/travelsmartcampaign.org\/#\/schema\/logo\/image\/","url":"https:\/\/travelsmartcampaign.org\/wp-content\/uploads\/travel-smart-min.jpeg","contentUrl":"https:\/\/travelsmartcampaign.org\/wp-content\/uploads\/travel-smart-min.jpeg","width":1200,"height":690,"caption":"Travel Smart"},"image":{"@id":"https:\/\/travelsmartcampaign.org\/#\/schema\/logo\/image\/"}}]}},"_links":{"self":[{"href":"https:\/\/travelsmartcampaign.org\/pt\/wp-json\/wp\/v2\/library\/3598","targetHints":{"allow":["GET"]}}],"collection":[{"href":"https:\/\/travelsmartcampaign.org\/pt\/wp-json\/wp\/v2\/library"}],"about":[{"href":"https:\/\/travelsmartcampaign.org\/pt\/wp-json\/wp\/v2\/types\/library"}],"version-history":[{"count":0,"href":"https:\/\/travelsmartcampaign.org\/pt\/wp-json\/wp\/v2\/library\/3598\/revisions"}],"wp:featuredmedia":[{"embeddable":true,"href":"https:\/\/travelsmartcampaign.org\/pt\/wp-json\/wp\/v2\/media\/3622"}],"wp:attachment":[{"href":"https:\/\/travelsmartcampaign.org\/pt\/wp-json\/wp\/v2\/media?parent=3598"}],"wp:term":[{"taxonomy":"topic","embeddable":true,"href":"https:\/\/travelsmartcampaign.org\/pt\/wp-json\/wp\/v2\/topic?post=3598"},{"taxonomy":"visibility","embeddable":true,"href":"https:\/\/travelsmartcampaign.org\/pt\/wp-json\/wp\/v2\/visibility?post=3598"},{"taxonomy":"post-country","embeddable":true,"href":"https:\/\/travelsmartcampaign.org\/pt\/wp-json\/wp\/v2\/post-country?post=3598"},{"taxonomy":"language","embeddable":true,"href":"https:\/\/travelsmartcampaign.org\/pt\/wp-json\/wp\/v2\/language?post=3598"},{"taxonomy":"category-post-type","embeddable":true,"href":"https:\/\/travelsmartcampaign.org\/pt\/wp-json\/wp\/v2\/category-post-type?post=3598"}],"curies":[{"name":"wp","href":"https:\/\/api.w.org\/{rel}","templated":true}]}}