{"id":6539,"date":"2023-03-15T00:01:50","date_gmt":"2023-03-14T23:01:50","guid":{"rendered":"http:\/\/travelsmartcampaign.org\/?post_type=library&#038;p=6539"},"modified":"2023-03-15T10:26:18","modified_gmt":"2023-03-15T09:26:18","slug":"as-multinacionais-belgas-nao-propoem-planos-crediveis-relativos-a-reducao-das-emissoes-de-seus-vols-daffaires","status":"publish","type":"library","link":"https:\/\/travelsmartcampaign.org\/pt\/library\/les-multinationales-belges-ne-proposent-pas-de-plans-credibles-relatifs-a-la-reduction-des-emissions-de-leurs-vols-daffaires\/","title":{"rendered":"As multinacionais belgas n\u00e3o prop\u00f5em planos confi\u00e1veis relativos \u00e0 redu\u00e7\u00e3o das emiss\u00f5es de seus volumes de neg\u00f3cios"},"content":{"rendered":"<p><strong>Nenhuma empresa belga figurante na segunda edi\u00e7\u00e3o de um <a href=\"http:\/\/travelsmartcampaign.org\/pt\/ranking\/\">aula<\/a> nas viagens de neg\u00f3cios realizadas por\u00a0<\/strong><em><b>A campanha Travel Smart<\/b><\/em><strong>, n\u00e3o \u00e9 um objetivo fixo de redu\u00e7\u00e3o de emiss\u00f5es durante viagens de neg\u00f3cios. A maioria das empresas belgas n\u00e3o ultrapassa a \u201cparte imersa do iceberg\u201d das emiss\u00f5es \u201cn\u00e3o CO<\/strong><strong>2<\/strong><strong>\u201dassociado aos seus deslocamentos a\u00e9reos. Explica\u00e7\u00f5es.<\/strong><\/p>\n<p><img loading=\"lazy\" decoding=\"async\" class=\"alignnone size-large wp-image-6545\" src=\"http:\/\/travelsmartcampaign.org\/wp-content\/uploads\/Original_Infographic-2-Ranking-card-for-companies-11-1-1024x576.png\" alt=\"\" width=\"800\" height=\"450\" srcset=\"https:\/\/travelsmartcampaign.org\/wp-content\/uploads\/Original_Infographic-2-Ranking-card-for-companies-11-1-1024x576.png 1024w, https:\/\/travelsmartcampaign.org\/wp-content\/uploads\/Original_Infographic-2-Ranking-card-for-companies-11-1-300x169.png 300w, https:\/\/travelsmartcampaign.org\/wp-content\/uploads\/Original_Infographic-2-Ranking-card-for-companies-11-1-768x432.png 768w, https:\/\/travelsmartcampaign.org\/wp-content\/uploads\/Original_Infographic-2-Ranking-card-for-companies-11-1-1536x864.png 1536w, https:\/\/travelsmartcampaign.org\/wp-content\/uploads\/Original_Infographic-2-Ranking-card-for-companies-11-1-18x10.png 18w, https:\/\/travelsmartcampaign.org\/wp-content\/uploads\/Original_Infographic-2-Ranking-card-for-companies-11-1.png 1920w\" sizes=\"auto, (max-width: 800px) 100vw, 800px\" \/><\/p>\n<p>No n\u00edvel mundial, apenas 50 empresas nas 322 empresas tiveram um objetivo de redu\u00e7\u00e3o de emiss\u00f5es durante viagens de neg\u00f3cios. Parmi les empreendimentos que s\u00e3o fixos em um objetivo, apenas quatro entre eles obtiennent a \u201cnorma d&#039;or\u201d, \u00e9 o que declaram suas emiss\u00f5es ao longo do transporte a\u00e9reo e engajam-se no r\u00e9duire de 50 % ou plus, de hoje em 2025 ou avant. Il s&#039;agit de Novo Nordisk (ind\u00fastria farmac\u00eautica, Dinamarca), Swiss Re (finan\u00e7as, Su\u00ed\u00e7a), Fidelity International (finan\u00e7as, Royaume-Uni) et ABN Amro (finan\u00e7as, Pays-Bas).<\/p>\n<p>No seu bilan \u2013 realizado pela estreia foi \u2013 as declara\u00e7\u00f5es de emiss\u00f5es \u201cn\u00e3o CO2\u201d contidas nos volumes de neg\u00f3cios, a classe revelou que duas empresas belgas montaram a voz em declarar todas as emiss\u00f5es de g\u00e1s com efeito de serre associadas aos volumes d &#039;affaires: l&#039;entreprise pharmaceutique UCB et l&#039;entreprise technologique Barco NV, que montou o exemplo em inquilino conta do impacto total dos volumes em seus relacionamentos.<\/p>\n<p>Na verdade, o impacto clim\u00e1tico dos volumes de neg\u00f3cios n\u00e3o limita as emiss\u00f5es de CO2. Al\u00e9m do CO2, os motores do avi\u00e3o emitem outros gases \u2013 \u00f3xidos de azoto, di\u00f3xido de soufre e \u00e1gua \u2013 al\u00e9m de part\u00edculas (su\u00ednas). Estas emiss\u00f5es s\u00e3o comumente chamadas de emiss\u00f5es \u00abn\u00e3o CO2\u00bb, et\u00a0<a href=\"https:\/\/www.canopea.be\/?mailpoet_router&amp;endpoint=track&amp;action=click&amp;data=WyI5NzAxIiwiNzc0NTM1IiwiNDA3IiwiNGM0OTAyZGI0ZDIyIixmYWxzZV0\" data-saferedirecturl=\"https:\/\/www.google.com\/url?q=https:\/\/www.canopea.be?mailpoet_router%26endpoint%3Dtrack%26action%3Dclick%26data%3DWyI5NzAxIiwiNzc0NTM1IiwiNDA3IiwiNGM0OTAyZGI0ZDIyIixmYWxzZV0&amp;source=gmail&amp;ust=1678876078942000&amp;usg=AOvVaw1D-kn5JxnJV3LPfFciBtqA\">na estimativa<\/a>\u00a0que eles s\u00e3o respons\u00e1veis pelos dois n\u00edveis do d\u00e9ficit clim\u00e1tico total dos vols. No entanto, muitas empresas refletem o impacto total dos volumes de neg\u00f3cios e compensam os efeitos \u00abn\u00e3o CO2\u00bb.<\/p>\n<p>Marie Spaey, encarregada de miss\u00e3o Tourisme chez\u00a0<a href=\"https:\/\/www.canopea.be\/?mailpoet_router&amp;endpoint=track&amp;action=click&amp;data=WyI5NzAxIiwiNzc0NTM1IiwiNDA3IiwiZThmMDkyYzRlYTI2IixmYWxzZV0\" target=\"_blank\" rel=\"noopener\" data-saferedirecturl=\"https:\/\/www.google.com\/url?q=https:\/\/www.canopea.be?mailpoet_router%26endpoint%3Dtrack%26action%3Dclick%26data%3DWyI5NzAxIiwiNzc0NTM1IiwiNDA3IiwiZThmMDkyYzRlYTI2IixmYWxzZV0&amp;source=gmail&amp;ust=1678876078942000&amp;usg=AOvVaw2AqvLip28ijPGYxXA4ypvj\">Canop\u00e9ia<\/a>, declara: \u201c<em>As emiss\u00f5es devidas nas viagens de neg\u00f3cios s\u00e3o respons\u00e1veis por uma grande parte do impacto clim\u00e1tico de uma empresa. Na redu\u00e7\u00e3o, as empresas podem realmente progredir na luta contra o d\u00e9ficit clim\u00e1tico. No entanto, muitas empresas n\u00e3o t\u00eam ainda um conhecimento preciso do impacto clim\u00e1tico de suas viagens de neg\u00f3cios. Seuls, que os l\u00edderes da classe se alinharam com a ci\u00eancia, declararam as emiss\u00f5es al\u00e9m do CO<\/em><em>2<\/em><em>\u00a0\u2013 a parte imersa do iceberg do impacto total da avia\u00e7\u00e3o sobre o clima.<\/em>\u201d<\/p>\n<p>Volkswagen, KPMG e Johnson &amp; Johnson s\u00e3o os tr\u00eas principais criadores de classe\u00a0<em>Viagem Inteligente<\/em>, n\u00e3o h\u00e1 objetivos fixos de redu\u00e7\u00e3o de emiss\u00f5es durante viagens de neg\u00f3cios. Mais a an\u00e1lise mostra o que \u00e9 poss\u00edvel e necess\u00e1rio para fixar seus objetivos, como acontece com empresas de varejo e setores semelhantes como Deloitte e AstraZeneca.<\/p>\n<p><a href=\"http:\/\/travelsmartcampaign.org\/pt\/biblioteca\/briefing-inteligente-de-viagem-2023\/\">O estudo<\/a> mostre que si 10 % de empresas \u2013 os mais grandes medidores de classe \u2013 se fixam objetivos de redu\u00e7\u00e3o de 50 %, o que permite fazer a metade do caminho para atingir o objetivo mundial de -50 % de emiss\u00f5es li\u00e9es aux voyages d&#039; assuntos no avi\u00e3o de hoje em 2025. A redu\u00e7\u00e3o das emiss\u00f5es da avia\u00e7\u00e3o foi adiada mais crucial do que nunca, se n\u00f3s vamos limitar a recupera\u00e7\u00e3o clim\u00e1tica a 1,5\u00b0C.<\/p>\n<p>Para a cr\u00edtica da d\u00e9cada que nos separa de 2030, o melhor \u00e9 reduzir as emiss\u00f5es da avia\u00e7\u00e3o, \u00e9 menos importante que o avi\u00e3o, e o avan\u00e7o dos combust\u00edveis dur\u00e1veis e dos avi\u00f5es com emiss\u00f5es nulas n\u00e3o \u00e9 a hora atual \u00bb esperado em abril de 2030, ent\u00e3o \u00e9 claro que a compensa\u00e7\u00e3o n\u00e3o pode substituir a redu\u00e7\u00e3o das emiss\u00f5es.<\/p>\n<p>A campanha\u00a0<em>Viagem Inteligente<\/em>\u00a0convide as empresas a fixar seus objetivos ambiciosos para reduzir as emiss\u00f5es durante as viagens de neg\u00f3cios, a substituir o avi\u00e3o pelo trem quando for poss\u00edvel e a privilegiar a videoconfer\u00eancia para substituir os vols long-couriers.<\/p>\n<p>Marie Spaey conclui: \u00ab <em>Uma pol\u00edtica de viagens dur\u00e1veis, que integra notadamente o local de reuni\u00f5es on-line e os locais de reuni\u00e3o de proximidade, presente de\u00a0<a href=\"https:\/\/www.canopea.be\/?mailpoet_router&amp;endpoint=track&amp;action=click&amp;data=WyI5NzAxIiwiNzc0NTM1IiwiNDA3IiwiODQ3ZDE5MDJjYTc3IixmYWxzZV0\" data-saferedirecturl=\"https:\/\/www.google.com\/url?q=https:\/\/www.canopea.be?mailpoet_router%26endpoint%3Dtrack%26action%3Dclick%26data%3DWyI5NzAxIiwiNzc0NTM1IiwiNDA3IiwiODQ3ZDE5MDJjYTc3IixmYWxzZV0&amp;source=gmail&amp;ust=1678876078942000&amp;usg=AOvVaw0l50lRnppMDJhXeyc3bndt\">muitas vantagens para uma empresa<\/a>\u00a0: n\u00e3o apenas uma perda de carbono mais fraca, mas tamb\u00e9m um ganho de tempo, uma vantagem de bem-estar e uma redu\u00e7\u00e3o de custos<\/em>\u00a0\u00bb.<\/p>\n<p><strong>A prop\u00f3sito da campanha <\/strong><em><strong>Viagem Inteligente<\/strong><\/em><strong>\u00a0et du classement :<\/strong>\u00a0<a href=\"https:\/\/www.canopea.be\/?mailpoet_router&amp;endpoint=track&amp;action=click&amp;data=WyI5NzAxIiwiNzc0NTM1IiwiNDA3IiwiOGVjZjJjYmI3MmQyIixmYWxzZV0\" data-saferedirecturl=\"https:\/\/www.google.com\/url?q=https:\/\/www.canopea.be?mailpoet_router%26endpoint%3Dtrack%26action%3Dclick%26data%3DWyI5NzAxIiwiNzc0NTM1IiwiNDA3IiwiOGVjZjJjYmI3MmQyIixmYWxzZV0&amp;source=gmail&amp;ust=1678876078942000&amp;usg=AOvVaw0L_CWmQa5HJUbFMBbkB7J_\">Transport &amp; Environment<\/a>, em colabora\u00e7\u00e3o com uma coaliz\u00e3o de parceiros no plano internacional, lan\u00e7ou a campanha Travel Smart em 2022 com a edi\u00e7\u00e3o anual de uma classifica\u00e7\u00e3o de empresas sobre as pr\u00e1ticas dur\u00e1veis em mat\u00e9ria de viagens de neg\u00f3cios. A campanha \u00e9 dirigida a empresas, o objetivo \u00e9 que eles reduzam suas emiss\u00f5es durante as viagens de neg\u00f3cios de 50 % ou mais, de 2025 ou mais, por relacionamento com os n\u00edveis anteriores \u00e0 crise da Covid.<\/p>\n<p>Le\u00a0<em>Classifica\u00e7\u00e3o Travel Smart<\/em>\u00a0classe 322 empresas americanas, europ\u00e9ias e indianas com base em 10 indicadores relativos \u00e0s emiss\u00f5es de viagens a\u00e9reas, aos objetivos de redu\u00e7\u00e3o dessas emiss\u00f5es e relat\u00f3rios. Nos 17 pa\u00edses da classe, as empresas que viajam de pessoal para o avi\u00e3o s\u00e3o respons\u00e1veis por uma parte importante das viagens de neg\u00f3cios no mundo. A an\u00e1lise revelou de forma clara os esfor\u00e7os importantes que certas empresas internacionais ainda devem consentir para reduzir as emiss\u00f5es de suas viagens de neg\u00f3cios. As empresas podem atribuir uma nota de A, B, C ou D. Na edi\u00e7\u00e3o deste ano, 11 empresas obtiveram a nota A, 3 a nota B, e a maioria (212) arrecadou a nota C e 6 empresas ont vu la note D accol\u00e9e \u00e0 leur nom.<\/p>\n<p>Para acelerar a transi\u00e7\u00e3o em mat\u00e9ria de viagens de neg\u00f3cios, Canopea participa do desenvolvimento de uma Coaliz\u00e3o para viagens de neg\u00f3cios dur\u00e1veis na B\u00e9lgica, reunindo organiza\u00e7\u00f5es de vanguarda que se envolvem para minimizar o impacto ambiental e clim\u00e1tico de seus viagens de neg\u00f3cios. Na verdade, a maioria das organiza\u00e7\u00f5es engajadas nesta coaliz\u00e3o s\u00e3o universidades ou altas escolas, elas s\u00e3o exemplares e podem inspirar empresas por meio de suas pr\u00e1ticas. As federa\u00e7\u00f5es de empresas ou ag\u00eancias de viagem t\u00eam uma fun\u00e7\u00e3o de jogo. A Confedera\u00e7\u00e3o Belga de Viagens (f\u00e9d\u00e9ration de todas as associa\u00e7\u00f5es belgas ativas no setor de viagens), por exemplo, tem a import\u00e2ncia de acompanhar as ag\u00eancias de viagens para mudar progressivamente as pr\u00e1ticas para um melhor pr\u00eamio na conta do clima e de o ambiente durante as viagens de neg\u00f3cios.<\/p>\n<table style=\"font-weight: 400;\" width=\"100%\">\n<tbody>\n<tr>\n<td><\/td>\n<\/tr>\n<\/tbody>\n<\/table>","protected":false},"excerpt":{"rendered":"<p>Nenhuma empresa belga que figura na segunda edi\u00e7\u00e3o de uma classifica\u00e7\u00e3o sobre as viagens de neg\u00f3cios, realizada pela Campanha Travel Smart, fixou um objetivo de redu\u00e7\u00e3o das suas emiss\u00f5es relacionadas com as viagens de neg\u00f3cios.<\/p>","protected":false},"featured_media":3318,"template":"","topic":[],"visibility":[],"post-country":[30],"language":[38],"category-post-type":[28],"class_list":["post-6539","library","type-library","status-publish","has-post-thumbnail","hentry","post-country-belgium","language-french","category-post-type-press-release"],"yoast_head":"<!-- This site is optimized with the Yoast SEO plugin v27.5 - https:\/\/yoast.com\/product\/yoast-seo-wordpress\/ -->\n<title>Les multinationales belges ne proposent pas de plans cr\u00e9dibles relatifs \u00e0 la r\u00e9duction des \u00e9missions de leurs vols d&#039;affaires - Travel Smart Campaign<\/title>\n<meta name=\"robots\" content=\"index, follow, max-snippet:-1, max-image-preview:large, max-video-preview:-1\" \/>\n<link rel=\"canonical\" href=\"https:\/\/travelsmartcampaign.org\/pt\/biblioteca\/as-multinacionais-belgas-nao-propoem-planos-crediveis-relativos-a-reducao-das-emissoes-de-seus-vols-daffaires\/\" \/>\n<meta property=\"og:locale\" content=\"pt_PT\" \/>\n<meta property=\"og:type\" content=\"article\" \/>\n<meta property=\"og:title\" content=\"Les multinationales belges ne proposent pas de plans cr\u00e9dibles relatifs \u00e0 la r\u00e9duction des \u00e9missions de leurs vols d&#039;affaires - Travel Smart Campaign\" \/>\n<meta property=\"og:description\" content=\"Aucune entreprise belge figurant dans la deuxi\u00e8me \u00e9dition d&#039;un classement sur les voyages d&#039;affaires r\u00e9alis\u00e9 par The Travel Smart Campaign, n&#039;a fix\u00e9 d&#039;objectif de r\u00e9duction de ses \u00e9missions li\u00e9es aux voyages d&#039;affaires.\" \/>\n<meta property=\"og:url\" content=\"https:\/\/travelsmartcampaign.org\/pt\/biblioteca\/as-multinacionais-belgas-nao-propoem-planos-crediveis-relativos-a-reducao-das-emissoes-de-seus-vols-daffaires\/\" \/>\n<meta property=\"og:site_name\" content=\"Travel Smart Campaign\" \/>\n<meta property=\"article:modified_time\" content=\"2023-03-15T09:26:18+00:00\" \/>\n<meta property=\"og:image\" content=\"https:\/\/travelsmartcampaign.org\/wp-content\/uploads\/airplane-at-the-airport-scaled.jpg\" \/>\n\t<meta property=\"og:image:width\" content=\"2560\" \/>\n\t<meta property=\"og:image:height\" content=\"1707\" \/>\n\t<meta property=\"og:image:type\" content=\"image\/jpeg\" \/>\n<meta name=\"twitter:card\" content=\"summary_large_image\" \/>\n<meta name=\"twitter:label1\" content=\"Tempo estimado de leitura\" \/>\n\t<meta name=\"twitter:data1\" content=\"5 minutos\" \/>\n<script type=\"application\/ld+json\" class=\"yoast-schema-graph\">{\"@context\":\"https:\\\/\\\/schema.org\",\"@graph\":[{\"@type\":\"WebPage\",\"@id\":\"https:\\\/\\\/travelsmartcampaign.org\\\/nl\\\/bibliotheek\\\/belgische-multinationals-hebben-geen-geloofwaardige-plannen-voorgesteld-met-betrekking-tot-de-vermindering-van-de-uitstoot-van-hun-vols-zaken\\\/\",\"url\":\"https:\\\/\\\/travelsmartcampaign.org\\\/nl\\\/bibliotheek\\\/belgische-multinationals-hebben-geen-geloofwaardige-plannen-voorgesteld-met-betrekking-tot-de-vermindering-van-de-uitstoot-van-hun-vols-zaken\\\/\",\"name\":\"Les multinationales belges ne proposent pas de plans cr\u00e9dibles relatifs \u00e0 la r\u00e9duction des \u00e9missions de leurs vols d'affaires - Travel Smart Campaign\",\"isPartOf\":{\"@id\":\"https:\\\/\\\/travelsmartcampaign.org\\\/#website\"},\"primaryImageOfPage\":{\"@id\":\"https:\\\/\\\/travelsmartcampaign.org\\\/nl\\\/bibliotheek\\\/belgische-multinationals-hebben-geen-geloofwaardige-plannen-voorgesteld-met-betrekking-tot-de-vermindering-van-de-uitstoot-van-hun-vols-zaken\\\/#primaryimage\"},\"image\":{\"@id\":\"https:\\\/\\\/travelsmartcampaign.org\\\/nl\\\/bibliotheek\\\/belgische-multinationals-hebben-geen-geloofwaardige-plannen-voorgesteld-met-betrekking-tot-de-vermindering-van-de-uitstoot-van-hun-vols-zaken\\\/#primaryimage\"},\"thumbnailUrl\":\"https:\\\/\\\/travelsmartcampaign.org\\\/wp-content\\\/uploads\\\/airplane-at-the-airport-scaled.jpg\",\"datePublished\":\"2023-03-14T23:01:50+00:00\",\"dateModified\":\"2023-03-15T09:26:18+00:00\",\"breadcrumb\":{\"@id\":\"https:\\\/\\\/travelsmartcampaign.org\\\/nl\\\/bibliotheek\\\/belgische-multinationals-hebben-geen-geloofwaardige-plannen-voorgesteld-met-betrekking-tot-de-vermindering-van-de-uitstoot-van-hun-vols-zaken\\\/#breadcrumb\"},\"inLanguage\":\"pt-PT\",\"potentialAction\":[{\"@type\":\"ReadAction\",\"target\":[\"https:\\\/\\\/travelsmartcampaign.org\\\/nl\\\/bibliotheek\\\/belgische-multinationals-hebben-geen-geloofwaardige-plannen-voorgesteld-met-betrekking-tot-de-vermindering-van-de-uitstoot-van-hun-vols-zaken\\\/\"]}]},{\"@type\":\"ImageObject\",\"inLanguage\":\"pt-PT\",\"@id\":\"https:\\\/\\\/travelsmartcampaign.org\\\/nl\\\/bibliotheek\\\/belgische-multinationals-hebben-geen-geloofwaardige-plannen-voorgesteld-met-betrekking-tot-de-vermindering-van-de-uitstoot-van-hun-vols-zaken\\\/#primaryimage\",\"url\":\"https:\\\/\\\/travelsmartcampaign.org\\\/wp-content\\\/uploads\\\/airplane-at-the-airport-scaled.jpg\",\"contentUrl\":\"https:\\\/\\\/travelsmartcampaign.org\\\/wp-content\\\/uploads\\\/airplane-at-the-airport-scaled.jpg\",\"width\":2560,\"height\":1707,\"caption\":\"Airplane at the airport\"},{\"@type\":\"BreadcrumbList\",\"@id\":\"https:\\\/\\\/travelsmartcampaign.org\\\/nl\\\/bibliotheek\\\/belgische-multinationals-hebben-geen-geloofwaardige-plannen-voorgesteld-met-betrekking-tot-de-vermindering-van-de-uitstoot-van-hun-vols-zaken\\\/#breadcrumb\",\"itemListElement\":[{\"@type\":\"ListItem\",\"position\":1,\"name\":\"Home\",\"item\":\"https:\\\/\\\/travelsmartcampaign.org\\\/\"},{\"@type\":\"ListItem\",\"position\":2,\"name\":\"Les multinationales belges ne proposent pas de plans cr\u00e9dibles relatifs \u00e0 la r\u00e9duction des \u00e9missions de leurs vols d&#8217;affaires\"}]},{\"@type\":\"WebSite\",\"@id\":\"https:\\\/\\\/travelsmartcampaign.org\\\/#website\",\"url\":\"https:\\\/\\\/travelsmartcampaign.org\\\/\",\"name\":\"Travel Smart\",\"description\":\"\",\"publisher\":{\"@id\":\"https:\\\/\\\/travelsmartcampaign.org\\\/#organization\"},\"potentialAction\":[{\"@type\":\"SearchAction\",\"target\":{\"@type\":\"EntryPoint\",\"urlTemplate\":\"https:\\\/\\\/travelsmartcampaign.org\\\/?s={search_term_string}\"},\"query-input\":{\"@type\":\"PropertyValueSpecification\",\"valueRequired\":true,\"valueName\":\"search_term_string\"}}],\"inLanguage\":\"pt-PT\"},{\"@type\":\"Organization\",\"@id\":\"https:\\\/\\\/travelsmartcampaign.org\\\/#organization\",\"name\":\"Travel Smart\",\"url\":\"https:\\\/\\\/travelsmartcampaign.org\\\/\",\"logo\":{\"@type\":\"ImageObject\",\"inLanguage\":\"pt-PT\",\"@id\":\"https:\\\/\\\/travelsmartcampaign.org\\\/#\\\/schema\\\/logo\\\/image\\\/\",\"url\":\"https:\\\/\\\/travelsmartcampaign.org\\\/wp-content\\\/uploads\\\/travel-smart-min.jpeg\",\"contentUrl\":\"https:\\\/\\\/travelsmartcampaign.org\\\/wp-content\\\/uploads\\\/travel-smart-min.jpeg\",\"width\":1200,\"height\":690,\"caption\":\"Travel Smart\"},\"image\":{\"@id\":\"https:\\\/\\\/travelsmartcampaign.org\\\/#\\\/schema\\\/logo\\\/image\\\/\"}}]}<\/script>\n<!-- \/ Yoast SEO plugin. -->","yoast_head_json":{"title":"As multinacionais belgas n\u00e3o apresentam planos cred\u00edveis para a redu\u00e7\u00e3o das emiss\u00f5es dos seus voos de neg\u00f3cios - Campanha Travel Smart","robots":{"index":"index","follow":"follow","max-snippet":"max-snippet:-1","max-image-preview":"max-image-preview:large","max-video-preview":"max-video-preview:-1"},"canonical":"https:\/\/travelsmartcampaign.org\/pt\/biblioteca\/as-multinacionais-belgas-nao-propoem-planos-crediveis-relativos-a-reducao-das-emissoes-de-seus-vols-daffaires\/","og_locale":"pt_PT","og_type":"article","og_title":"Les multinationales belges ne proposent pas de plans cr\u00e9dibles relatifs \u00e0 la r\u00e9duction des \u00e9missions de leurs vols d'affaires - Travel Smart Campaign","og_description":"Aucune entreprise belge figurant dans la deuxi\u00e8me \u00e9dition d'un classement sur les voyages d'affaires r\u00e9alis\u00e9 par The Travel Smart Campaign, n'a fix\u00e9 d'objectif de r\u00e9duction de ses \u00e9missions li\u00e9es aux voyages d'affaires.","og_url":"https:\/\/travelsmartcampaign.org\/pt\/biblioteca\/as-multinacionais-belgas-nao-propoem-planos-crediveis-relativos-a-reducao-das-emissoes-de-seus-vols-daffaires\/","og_site_name":"Travel Smart Campaign","article_modified_time":"2023-03-15T09:26:18+00:00","og_image":[{"width":2560,"height":1707,"url":"https:\/\/travelsmartcampaign.org\/wp-content\/uploads\/airplane-at-the-airport-scaled.jpg","type":"image\/jpeg"}],"twitter_card":"summary_large_image","twitter_misc":{"Tempo estimado de leitura":"5 minutos"},"schema":{"@context":"https:\/\/schema.org","@graph":[{"@type":"WebPage","@id":"https:\/\/travelsmartcampaign.org\/nl\/bibliotheek\/belgische-multinationals-hebben-geen-geloofwaardige-plannen-voorgesteld-met-betrekking-tot-de-vermindering-van-de-uitstoot-van-hun-vols-zaken\/","url":"https:\/\/travelsmartcampaign.org\/nl\/bibliotheek\/belgische-multinationals-hebben-geen-geloofwaardige-plannen-voorgesteld-met-betrekking-tot-de-vermindering-van-de-uitstoot-van-hun-vols-zaken\/","name":"As multinacionais belgas n\u00e3o apresentam planos cred\u00edveis para a redu\u00e7\u00e3o das emiss\u00f5es dos seus voos de neg\u00f3cios - Campanha Travel Smart","isPartOf":{"@id":"https:\/\/travelsmartcampaign.org\/#website"},"primaryImageOfPage":{"@id":"https:\/\/travelsmartcampaign.org\/nl\/bibliotheek\/belgische-multinationals-hebben-geen-geloofwaardige-plannen-voorgesteld-met-betrekking-tot-de-vermindering-van-de-uitstoot-van-hun-vols-zaken\/#primaryimage"},"image":{"@id":"https:\/\/travelsmartcampaign.org\/nl\/bibliotheek\/belgische-multinationals-hebben-geen-geloofwaardige-plannen-voorgesteld-met-betrekking-tot-de-vermindering-van-de-uitstoot-van-hun-vols-zaken\/#primaryimage"},"thumbnailUrl":"https:\/\/travelsmartcampaign.org\/wp-content\/uploads\/airplane-at-the-airport-scaled.jpg","datePublished":"2023-03-14T23:01:50+00:00","dateModified":"2023-03-15T09:26:18+00:00","breadcrumb":{"@id":"https:\/\/travelsmartcampaign.org\/nl\/bibliotheek\/belgische-multinationals-hebben-geen-geloofwaardige-plannen-voorgesteld-met-betrekking-tot-de-vermindering-van-de-uitstoot-van-hun-vols-zaken\/#breadcrumb"},"inLanguage":"pt-PT","potentialAction":[{"@type":"ReadAction","target":["https:\/\/travelsmartcampaign.org\/nl\/bibliotheek\/belgische-multinationals-hebben-geen-geloofwaardige-plannen-voorgesteld-met-betrekking-tot-de-vermindering-van-de-uitstoot-van-hun-vols-zaken\/"]}]},{"@type":"ImageObject","inLanguage":"pt-PT","@id":"https:\/\/travelsmartcampaign.org\/nl\/bibliotheek\/belgische-multinationals-hebben-geen-geloofwaardige-plannen-voorgesteld-met-betrekking-tot-de-vermindering-van-de-uitstoot-van-hun-vols-zaken\/#primaryimage","url":"https:\/\/travelsmartcampaign.org\/wp-content\/uploads\/airplane-at-the-airport-scaled.jpg","contentUrl":"https:\/\/travelsmartcampaign.org\/wp-content\/uploads\/airplane-at-the-airport-scaled.jpg","width":2560,"height":1707,"caption":"Airplane at the airport"},{"@type":"BreadcrumbList","@id":"https:\/\/travelsmartcampaign.org\/nl\/bibliotheek\/belgische-multinationals-hebben-geen-geloofwaardige-plannen-voorgesteld-met-betrekking-tot-de-vermindering-van-de-uitstoot-van-hun-vols-zaken\/#breadcrumb","itemListElement":[{"@type":"ListItem","position":1,"name":"Home","item":"https:\/\/travelsmartcampaign.org\/"},{"@type":"ListItem","position":2,"name":"Les multinationales belges ne proposent pas de plans cr\u00e9dibles relatifs \u00e0 la r\u00e9duction des \u00e9missions de leurs vols d&#8217;affaires"}]},{"@type":"WebSite","@id":"https:\/\/travelsmartcampaign.org\/#website","url":"https:\/\/travelsmartcampaign.org\/","name":"Viagem Inteligente","description":"","publisher":{"@id":"https:\/\/travelsmartcampaign.org\/#organization"},"potentialAction":[{"@type":"SearchAction","target":{"@type":"EntryPoint","urlTemplate":"https:\/\/travelsmartcampaign.org\/?s={search_term_string}"},"query-input":{"@type":"PropertyValueSpecification","valueRequired":true,"valueName":"search_term_string"}}],"inLanguage":"pt-PT"},{"@type":"Organization","@id":"https:\/\/travelsmartcampaign.org\/#organization","name":"Viagem Inteligente","url":"https:\/\/travelsmartcampaign.org\/","logo":{"@type":"ImageObject","inLanguage":"pt-PT","@id":"https:\/\/travelsmartcampaign.org\/#\/schema\/logo\/image\/","url":"https:\/\/travelsmartcampaign.org\/wp-content\/uploads\/travel-smart-min.jpeg","contentUrl":"https:\/\/travelsmartcampaign.org\/wp-content\/uploads\/travel-smart-min.jpeg","width":1200,"height":690,"caption":"Travel Smart"},"image":{"@id":"https:\/\/travelsmartcampaign.org\/#\/schema\/logo\/image\/"}}]}},"_links":{"self":[{"href":"https:\/\/travelsmartcampaign.org\/pt\/wp-json\/wp\/v2\/library\/6539","targetHints":{"allow":["GET"]}}],"collection":[{"href":"https:\/\/travelsmartcampaign.org\/pt\/wp-json\/wp\/v2\/library"}],"about":[{"href":"https:\/\/travelsmartcampaign.org\/pt\/wp-json\/wp\/v2\/types\/library"}],"version-history":[{"count":0,"href":"https:\/\/travelsmartcampaign.org\/pt\/wp-json\/wp\/v2\/library\/6539\/revisions"}],"wp:featuredmedia":[{"embeddable":true,"href":"https:\/\/travelsmartcampaign.org\/pt\/wp-json\/wp\/v2\/media\/3318"}],"wp:attachment":[{"href":"https:\/\/travelsmartcampaign.org\/pt\/wp-json\/wp\/v2\/media?parent=6539"}],"wp:term":[{"taxonomy":"topic","embeddable":true,"href":"https:\/\/travelsmartcampaign.org\/pt\/wp-json\/wp\/v2\/topic?post=6539"},{"taxonomy":"visibility","embeddable":true,"href":"https:\/\/travelsmartcampaign.org\/pt\/wp-json\/wp\/v2\/visibility?post=6539"},{"taxonomy":"post-country","embeddable":true,"href":"https:\/\/travelsmartcampaign.org\/pt\/wp-json\/wp\/v2\/post-country?post=6539"},{"taxonomy":"language","embeddable":true,"href":"https:\/\/travelsmartcampaign.org\/pt\/wp-json\/wp\/v2\/language?post=6539"},{"taxonomy":"category-post-type","embeddable":true,"href":"https:\/\/travelsmartcampaign.org\/pt\/wp-json\/wp\/v2\/category-post-type?post=6539"}],"curies":[{"name":"wp","href":"https:\/\/api.w.org\/{rel}","templated":true}]}}