{"id":8942,"date":"2023-06-30T08:27:08","date_gmt":"2023-06-30T07:27:08","guid":{"rendered":"http:\/\/travelsmartcampaign.org\/?post_type=library&#038;p=8942"},"modified":"2023-07-04T13:58:15","modified_gmt":"2023-07-04T12:58:15","slug":"treinar-ou-aviao-o-que-os-funcionarios-realmente-querem","status":"publish","type":"library","link":"https:\/\/travelsmartcampaign.org\/pt\/library\/train-or-plane-what-do-employees-really-want\/","title":{"rendered":"Trem ou avi\u00e3o \u2013 O que os funcion\u00e1rios realmente desejam?"},"content":{"rendered":"<p><span style=\"font-weight: 400;\">\u201cEm vez de acordar \u00e0s 4 da manh\u00e3 para pegar um voo \u00e0s 7:30 para algum lugar, meus colegas e eu ficamos felizes em viajar de trem durante a noite. Voc\u00ea chega fresco e descansado\u201d. \u201cMinha prefer\u00eancia \u00e9 sempre o trem em vez do avi\u00e3o porque sinto que estou realmente no pa\u00eds e vivenciando-o.\u201d \u201cEu adoraria viajar de carro ou trem qualquer dia em vez de voar e emitir mais carbono.\u201d<\/span><\/p>\n<p><span style=\"font-weight: 400;\">Quem recusaria um novo come\u00e7o, vistas do campo e viagens de baixo carbono? Seu autor definitivamente n\u00e3o recusaria.\u00a0<\/span><\/p>\n<p><span style=\"font-weight: 400;\">Foi assim que os funcion\u00e1rios se sentiram quando entrevistados por dois artistas, Lola Perrin e Rob La Frenais, em trens pela Europa. Em uma viagem de campo que come\u00e7ou em Londres, passando por Bruxelas e indo para o F\u00f3rum Econ\u00f4mico Mundial em Davos, os viajantes estavam entusiasmados com viagens de trem para fins comerciais.\u00a0<\/span><\/p>\n<p><span style=\"font-weight: 400;\">Para ver se voc\u00ea se identifica com as experi\u00eancias dos funcion\u00e1rios registradas, confira o trailer <\/span><a href=\"https:\/\/youtu.be\/9blNE0ri9Co\"><span style=\"font-weight: 400;\">v\u00eddeo<\/span><\/a><\/p>\n<p><span style=\"font-weight: 400;\">Mas os funcion\u00e1rios sempre t\u00eam a op\u00e7\u00e3o de pegar um trem em vez de um avi\u00e3o para chegar a uma reuni\u00e3o? N\u00e3o \u00e9 t\u00e3o simples assim. Os funcion\u00e1rios t\u00eam que contar com custo e tempo. E, crucialmente, nem sempre foi uma escolha deles. Mas quando os funcion\u00e1rios s\u00e3o questionados sobre sua opini\u00e3o, o consenso parece claro.<\/span><\/p>\n<p><span style=\"font-weight: 400;\">A maioria dos funcion\u00e1rios entrevistados quer que a sua empresa estabele\u00e7a metas para reduzir o n\u00famero de voos<\/span><span style=\"font-weight: 400;\">. Ao mesmo tempo, eles est\u00e3o prontos para tomar medidas para reduzir os impactos de suas viagens. <\/span><b>\u00a0<\/b><span style=\"font-weight: 400;\">Isso inclui usar menos voos de neg\u00f3cios para reuni\u00f5es internas, planejar mais reuni\u00f5es locais do que globais ou usar um meio de transporte mais ecol\u00f3gico. Finalmente, uma grande maioria dos viajantes de neg\u00f3cios acredita que eles pr\u00f3prios desempenham um papel importante na mudan\u00e7a da pol\u00edtica de viagens de sua empresa.<\/span><\/p>\n<p><span style=\"font-weight: 400;\">O que isso significa? Os funcion\u00e1rios est\u00e3o dispostos a mudar seus h\u00e1bitos para diminuir a pegada de carbono de suas viagens. Simultaneamente, eles esperam que as equipes de lideran\u00e7a estabele\u00e7am metas em n\u00edvel de empresa para reduzir o n\u00famero de funcion\u00e1rios voando.\u00a0<\/span><\/p>\n<p><span style=\"font-weight: 400;\">Ent\u00e3o, h\u00e1 uma incompatibilidade entre as expectativas dos funcion\u00e1rios e a pr\u00e1tica atual? <\/span><a href=\"http:\/\/travelsmartcampaign.org\/pt\/biblioteca\/85-das-empresas-globais-nao-tem-planos-crediveis-para-reduzir-as-emissoes-dos-voos-corporativos\/\"><span style=\"font-weight: 400;\">Classifica\u00e7\u00e3o Travel Smart<\/span><\/a><span style=\"font-weight: 400;\"> mostra que muito poucas empresas definem metas para reduzir as emiss\u00f5es de voos corporativos. No entanto, os resultados da nossa pesquisa mostram que os funcion\u00e1rios esperam mais de sua lideran\u00e7a.\u00a0<\/span><\/p>\n<p><span style=\"font-weight: 400;\">Parece uma equa\u00e7\u00e3o simples de resolver: ao definir uma meta para reduzir as emiss\u00f5es de suas viagens corporativas e incentivar viagens de trem para viagens regionais, seus funcion\u00e1rios agradecer\u00e3o a voc\u00ea no longo prazo, voc\u00ea atender\u00e1 \u00e0s expectativas de seus investidores e, ao mesmo tempo, cumprir\u00e1 sua parcela de responsabilidade pelo planeta.\u00a0<\/span><\/p>\n<p><span style=\"font-weight: 400;\">E como funcion\u00e1rio, h\u00e1 diferentes passos que voc\u00ea pode tomar para impulsionar a mudan\u00e7a dentro da sua organiza\u00e7\u00e3o. Para cada viagem que voc\u00ea fizer, avalie a necessidade e o valor dela. Voc\u00ea pode atingir seus objetivos por meio de uma reuni\u00e3o virtual ou outra alternativa? Voc\u00ea tamb\u00e9m pode defender uma pol\u00edtica de viagens sustent\u00e1veis dentro da sua empresa, encorajando os tomadores de decis\u00e3o e colegas a apoiar a redu\u00e7\u00e3o de viagens a\u00e9reas e a mudan\u00e7a para modos de transporte mais ecol\u00f3gicos.\u00a0<\/span><\/p>\n<p>&nbsp;<\/p>","protected":false},"excerpt":{"rendered":"<p>Um inqu\u00e9rito realizado em oito pa\u00edses mostra que a maioria dos trabalhadores est\u00e1 disposta a viajar mais de comboio para trabalhar. Nossa visita de campo a Davos confirma isso. Mas os l\u00edderes empresariais est\u00e3o ouvindo?<\/p>","protected":false},"featured_media":8943,"template":"","topic":[],"visibility":[],"post-country":[26],"language":[27],"category-post-type":[43],"class_list":["post-8942","library","type-library","status-publish","has-post-thumbnail","hentry","post-country-global","language-english","category-post-type-opinion"],"yoast_head":"<!-- This site is optimized with the Yoast SEO plugin v27.5 - https:\/\/yoast.com\/product\/yoast-seo-wordpress\/ -->\n<title>Train or plane - What do employees really want? - Travel Smart Campaign<\/title>\n<meta name=\"robots\" content=\"index, follow, max-snippet:-1, max-image-preview:large, max-video-preview:-1\" \/>\n<link rel=\"canonical\" href=\"https:\/\/travelsmartcampaign.org\/pt\/biblioteca\/treinar-ou-aviao-o-que-os-funcionarios-realmente-querem\/\" \/>\n<meta property=\"og:locale\" content=\"pt_PT\" \/>\n<meta property=\"og:type\" content=\"article\" \/>\n<meta property=\"og:title\" content=\"Train or plane - What do employees really want? - Travel Smart Campaign\" \/>\n<meta property=\"og:description\" content=\"A survey conducted in eight countries shows that a majority of employees are willing to travel more by rail for work. Our field trip to Davos confirms this. But are business leaders listening?\" \/>\n<meta property=\"og:url\" content=\"https:\/\/travelsmartcampaign.org\/pt\/biblioteca\/treinar-ou-aviao-o-que-os-funcionarios-realmente-querem\/\" \/>\n<meta property=\"og:site_name\" content=\"Travel Smart Campaign\" \/>\n<meta property=\"article:modified_time\" content=\"2023-07-04T12:58:15+00:00\" \/>\n<meta property=\"og:image\" content=\"https:\/\/travelsmartcampaign.org\/wp-content\/uploads\/AdobeStock_381933401-scaled.jpeg\" \/>\n\t<meta property=\"og:image:width\" content=\"2560\" \/>\n\t<meta property=\"og:image:height\" content=\"1621\" \/>\n\t<meta property=\"og:image:type\" content=\"image\/jpeg\" \/>\n<meta name=\"twitter:card\" content=\"summary_large_image\" \/>\n<meta name=\"twitter:label1\" content=\"Tempo estimado de leitura\" \/>\n\t<meta name=\"twitter:data1\" content=\"3 minutos\" \/>\n<script type=\"application\/ld+json\" class=\"yoast-schema-graph\">{\"@context\":\"https:\\\/\\\/schema.org\",\"@graph\":[{\"@type\":\"WebPage\",\"@id\":\"https:\\\/\\\/travelsmartcampaign.org\\\/nl\\\/bibliotheek\\\/trein-of-vliegtuig-wat-willen-medewerkers-nou-echt\\\/\",\"url\":\"https:\\\/\\\/travelsmartcampaign.org\\\/nl\\\/bibliotheek\\\/trein-of-vliegtuig-wat-willen-medewerkers-nou-echt\\\/\",\"name\":\"Train or plane - What do employees really want? - Travel Smart Campaign\",\"isPartOf\":{\"@id\":\"https:\\\/\\\/travelsmartcampaign.org\\\/#website\"},\"primaryImageOfPage\":{\"@id\":\"https:\\\/\\\/travelsmartcampaign.org\\\/nl\\\/bibliotheek\\\/trein-of-vliegtuig-wat-willen-medewerkers-nou-echt\\\/#primaryimage\"},\"image\":{\"@id\":\"https:\\\/\\\/travelsmartcampaign.org\\\/nl\\\/bibliotheek\\\/trein-of-vliegtuig-wat-willen-medewerkers-nou-echt\\\/#primaryimage\"},\"thumbnailUrl\":\"https:\\\/\\\/travelsmartcampaign.org\\\/wp-content\\\/uploads\\\/AdobeStock_381933401-scaled.jpeg\",\"datePublished\":\"2023-06-30T07:27:08+00:00\",\"dateModified\":\"2023-07-04T12:58:15+00:00\",\"breadcrumb\":{\"@id\":\"https:\\\/\\\/travelsmartcampaign.org\\\/nl\\\/bibliotheek\\\/trein-of-vliegtuig-wat-willen-medewerkers-nou-echt\\\/#breadcrumb\"},\"inLanguage\":\"pt-PT\",\"potentialAction\":[{\"@type\":\"ReadAction\",\"target\":[\"https:\\\/\\\/travelsmartcampaign.org\\\/nl\\\/bibliotheek\\\/trein-of-vliegtuig-wat-willen-medewerkers-nou-echt\\\/\"]}]},{\"@type\":\"ImageObject\",\"inLanguage\":\"pt-PT\",\"@id\":\"https:\\\/\\\/travelsmartcampaign.org\\\/nl\\\/bibliotheek\\\/trein-of-vliegtuig-wat-willen-medewerkers-nou-echt\\\/#primaryimage\",\"url\":\"https:\\\/\\\/travelsmartcampaign.org\\\/wp-content\\\/uploads\\\/AdobeStock_381933401-scaled.jpeg\",\"contentUrl\":\"https:\\\/\\\/travelsmartcampaign.org\\\/wp-content\\\/uploads\\\/AdobeStock_381933401-scaled.jpeg\",\"width\":2560,\"height\":1621,\"caption\":\"Side view of positive ethnic female in casual outfit with smartphone working on laptop and smiling while resting on comfortable armchair near window of train\"},{\"@type\":\"BreadcrumbList\",\"@id\":\"https:\\\/\\\/travelsmartcampaign.org\\\/nl\\\/bibliotheek\\\/trein-of-vliegtuig-wat-willen-medewerkers-nou-echt\\\/#breadcrumb\",\"itemListElement\":[{\"@type\":\"ListItem\",\"position\":1,\"name\":\"Home\",\"item\":\"https:\\\/\\\/travelsmartcampaign.org\\\/\"},{\"@type\":\"ListItem\",\"position\":2,\"name\":\"Train or plane &#8211; What do employees really want?\"}]},{\"@type\":\"WebSite\",\"@id\":\"https:\\\/\\\/travelsmartcampaign.org\\\/#website\",\"url\":\"https:\\\/\\\/travelsmartcampaign.org\\\/\",\"name\":\"Travel Smart\",\"description\":\"\",\"publisher\":{\"@id\":\"https:\\\/\\\/travelsmartcampaign.org\\\/#organization\"},\"potentialAction\":[{\"@type\":\"SearchAction\",\"target\":{\"@type\":\"EntryPoint\",\"urlTemplate\":\"https:\\\/\\\/travelsmartcampaign.org\\\/?s={search_term_string}\"},\"query-input\":{\"@type\":\"PropertyValueSpecification\",\"valueRequired\":true,\"valueName\":\"search_term_string\"}}],\"inLanguage\":\"pt-PT\"},{\"@type\":\"Organization\",\"@id\":\"https:\\\/\\\/travelsmartcampaign.org\\\/#organization\",\"name\":\"Travel Smart\",\"url\":\"https:\\\/\\\/travelsmartcampaign.org\\\/\",\"logo\":{\"@type\":\"ImageObject\",\"inLanguage\":\"pt-PT\",\"@id\":\"https:\\\/\\\/travelsmartcampaign.org\\\/#\\\/schema\\\/logo\\\/image\\\/\",\"url\":\"https:\\\/\\\/travelsmartcampaign.org\\\/wp-content\\\/uploads\\\/travel-smart-min.jpeg\",\"contentUrl\":\"https:\\\/\\\/travelsmartcampaign.org\\\/wp-content\\\/uploads\\\/travel-smart-min.jpeg\",\"width\":1200,\"height\":690,\"caption\":\"Travel Smart\"},\"image\":{\"@id\":\"https:\\\/\\\/travelsmartcampaign.org\\\/#\\\/schema\\\/logo\\\/image\\\/\"}}]}<\/script>\n<!-- \/ Yoast SEO plugin. -->","yoast_head_json":{"title":"Comboio ou avi\u00e3o - O que os funcion\u00e1rios realmente querem? - Campanha Travel Smart","robots":{"index":"index","follow":"follow","max-snippet":"max-snippet:-1","max-image-preview":"max-image-preview:large","max-video-preview":"max-video-preview:-1"},"canonical":"https:\/\/travelsmartcampaign.org\/pt\/biblioteca\/treinar-ou-aviao-o-que-os-funcionarios-realmente-querem\/","og_locale":"pt_PT","og_type":"article","og_title":"Train or plane - What do employees really want? - Travel Smart Campaign","og_description":"A survey conducted in eight countries shows that a majority of employees are willing to travel more by rail for work. Our field trip to Davos confirms this. But are business leaders listening?","og_url":"https:\/\/travelsmartcampaign.org\/pt\/biblioteca\/treinar-ou-aviao-o-que-os-funcionarios-realmente-querem\/","og_site_name":"Travel Smart Campaign","article_modified_time":"2023-07-04T12:58:15+00:00","og_image":[{"width":2560,"height":1621,"url":"https:\/\/travelsmartcampaign.org\/wp-content\/uploads\/AdobeStock_381933401-scaled.jpeg","type":"image\/jpeg"}],"twitter_card":"summary_large_image","twitter_misc":{"Tempo estimado de leitura":"3 minutos"},"schema":{"@context":"https:\/\/schema.org","@graph":[{"@type":"WebPage","@id":"https:\/\/travelsmartcampaign.org\/nl\/bibliotheek\/trein-of-vliegtuig-wat-willen-medewerkers-nou-echt\/","url":"https:\/\/travelsmartcampaign.org\/nl\/bibliotheek\/trein-of-vliegtuig-wat-willen-medewerkers-nou-echt\/","name":"Comboio ou avi\u00e3o - O que os funcion\u00e1rios realmente querem? - Campanha Travel Smart","isPartOf":{"@id":"https:\/\/travelsmartcampaign.org\/#website"},"primaryImageOfPage":{"@id":"https:\/\/travelsmartcampaign.org\/nl\/bibliotheek\/trein-of-vliegtuig-wat-willen-medewerkers-nou-echt\/#primaryimage"},"image":{"@id":"https:\/\/travelsmartcampaign.org\/nl\/bibliotheek\/trein-of-vliegtuig-wat-willen-medewerkers-nou-echt\/#primaryimage"},"thumbnailUrl":"https:\/\/travelsmartcampaign.org\/wp-content\/uploads\/AdobeStock_381933401-scaled.jpeg","datePublished":"2023-06-30T07:27:08+00:00","dateModified":"2023-07-04T12:58:15+00:00","breadcrumb":{"@id":"https:\/\/travelsmartcampaign.org\/nl\/bibliotheek\/trein-of-vliegtuig-wat-willen-medewerkers-nou-echt\/#breadcrumb"},"inLanguage":"pt-PT","potentialAction":[{"@type":"ReadAction","target":["https:\/\/travelsmartcampaign.org\/nl\/bibliotheek\/trein-of-vliegtuig-wat-willen-medewerkers-nou-echt\/"]}]},{"@type":"ImageObject","inLanguage":"pt-PT","@id":"https:\/\/travelsmartcampaign.org\/nl\/bibliotheek\/trein-of-vliegtuig-wat-willen-medewerkers-nou-echt\/#primaryimage","url":"https:\/\/travelsmartcampaign.org\/wp-content\/uploads\/AdobeStock_381933401-scaled.jpeg","contentUrl":"https:\/\/travelsmartcampaign.org\/wp-content\/uploads\/AdobeStock_381933401-scaled.jpeg","width":2560,"height":1621,"caption":"Side view of positive ethnic female in casual outfit with smartphone working on laptop and smiling while resting on comfortable armchair near window of train"},{"@type":"BreadcrumbList","@id":"https:\/\/travelsmartcampaign.org\/nl\/bibliotheek\/trein-of-vliegtuig-wat-willen-medewerkers-nou-echt\/#breadcrumb","itemListElement":[{"@type":"ListItem","position":1,"name":"Home","item":"https:\/\/travelsmartcampaign.org\/"},{"@type":"ListItem","position":2,"name":"Train or plane &#8211; What do employees really want?"}]},{"@type":"WebSite","@id":"https:\/\/travelsmartcampaign.org\/#website","url":"https:\/\/travelsmartcampaign.org\/","name":"Viagem Inteligente","description":"","publisher":{"@id":"https:\/\/travelsmartcampaign.org\/#organization"},"potentialAction":[{"@type":"SearchAction","target":{"@type":"EntryPoint","urlTemplate":"https:\/\/travelsmartcampaign.org\/?s={search_term_string}"},"query-input":{"@type":"PropertyValueSpecification","valueRequired":true,"valueName":"search_term_string"}}],"inLanguage":"pt-PT"},{"@type":"Organization","@id":"https:\/\/travelsmartcampaign.org\/#organization","name":"Viagem Inteligente","url":"https:\/\/travelsmartcampaign.org\/","logo":{"@type":"ImageObject","inLanguage":"pt-PT","@id":"https:\/\/travelsmartcampaign.org\/#\/schema\/logo\/image\/","url":"https:\/\/travelsmartcampaign.org\/wp-content\/uploads\/travel-smart-min.jpeg","contentUrl":"https:\/\/travelsmartcampaign.org\/wp-content\/uploads\/travel-smart-min.jpeg","width":1200,"height":690,"caption":"Travel Smart"},"image":{"@id":"https:\/\/travelsmartcampaign.org\/#\/schema\/logo\/image\/"}}]}},"_links":{"self":[{"href":"https:\/\/travelsmartcampaign.org\/pt\/wp-json\/wp\/v2\/library\/8942","targetHints":{"allow":["GET"]}}],"collection":[{"href":"https:\/\/travelsmartcampaign.org\/pt\/wp-json\/wp\/v2\/library"}],"about":[{"href":"https:\/\/travelsmartcampaign.org\/pt\/wp-json\/wp\/v2\/types\/library"}],"version-history":[{"count":0,"href":"https:\/\/travelsmartcampaign.org\/pt\/wp-json\/wp\/v2\/library\/8942\/revisions"}],"wp:featuredmedia":[{"embeddable":true,"href":"https:\/\/travelsmartcampaign.org\/pt\/wp-json\/wp\/v2\/media\/8943"}],"wp:attachment":[{"href":"https:\/\/travelsmartcampaign.org\/pt\/wp-json\/wp\/v2\/media?parent=8942"}],"wp:term":[{"taxonomy":"topic","embeddable":true,"href":"https:\/\/travelsmartcampaign.org\/pt\/wp-json\/wp\/v2\/topic?post=8942"},{"taxonomy":"visibility","embeddable":true,"href":"https:\/\/travelsmartcampaign.org\/pt\/wp-json\/wp\/v2\/visibility?post=8942"},{"taxonomy":"post-country","embeddable":true,"href":"https:\/\/travelsmartcampaign.org\/pt\/wp-json\/wp\/v2\/post-country?post=8942"},{"taxonomy":"language","embeddable":true,"href":"https:\/\/travelsmartcampaign.org\/pt\/wp-json\/wp\/v2\/language?post=8942"},{"taxonomy":"category-post-type","embeddable":true,"href":"https:\/\/travelsmartcampaign.org\/pt\/wp-json\/wp\/v2\/category-post-type?post=8942"}],"curies":[{"name":"wp","href":"https:\/\/api.w.org\/{rel}","templated":true}]}}