{"id":9004,"date":"2023-07-04T15:46:38","date_gmt":"2023-07-04T14:46:38","guid":{"rendered":"http:\/\/travelsmartcampaign.org\/?post_type=library&#038;p=9004"},"modified":"2024-12-16T18:05:34","modified_gmt":"2024-12-16T17:05:34","slug":"viagens-de-negocios-voler-moins-travailler-mieux","status":"publish","type":"library","link":"https:\/\/travelsmartcampaign.org\/pt\/library\/voyages-daffaires-voler-moins-travailler-mieux\/","title":{"rendered":"Viagens de neg\u00f3cios: voler moins, travailler mieux"},"content":{"rendered":"<p><b>Uma nova sondagem mostrou que, na B\u00e9lgica, parmi as pessoas que viajam atualmente para assuntos, al\u00e9m de tr\u00eas sur cinq prennent menos o avi\u00e3o antes da pandemia, com v\u00e1rios efeitos positivos no plano profissional, como no plano privado.<\/b><\/p>\n<p><span style=\"font-weight: 400;\">Qual \u00e9 o impacto da pandemia nas mudan\u00e7as de neg\u00f3cios no avi\u00e3o? As evolu\u00e7\u00f5es observadas s\u00e3o ben\u00e9ficas ou n\u00e3o? O que pensam os empregados.es? Que recommandent-ils.elles aux entreprises ? Para saber, a federa\u00e7\u00e3o europeia Transport &amp; Environment (T&amp;E), n\u00e3o Canopea \u00e9 membro, encarregada Ipsos de realizar uma sondagem nos pa\u00edses mais europeus, n\u00e3o na B\u00e9lgica. Para participar da pesquisa, as pessoas interrogadas devem ser empregadas tempor\u00e1rias em uma organiza\u00e7\u00e3o que paga menos de 50 sal\u00e1rios e tem entre 18 e 74 anos.<\/span><\/p>\n<p><span style=\"font-weight: 400;\">A maioria dos adultos que trabalham em grandes empresas n\u00e3o viajam por raz\u00f5es profissionais. Parmi ceux qui sont consid\u00e9r\u00e9s comome des voyageurs d&#039;affaires (ayant voyag\u00e9 avant la pand\u00e9mie de COVID or voyageant actuellement), a maioria dos viajantes menos em avi\u00e3o que antes da pand\u00e9mie de COVID (62% des voyageurs d&#039;affaires, <\/span><b>figura 1<\/b><span style=\"font-weight: 400;\">).<\/span><\/p>\n<p><span style=\"font-weight: 400;\">Esta diminui\u00e7\u00e3o de recursos para o avi\u00e3o, dependendo dos funcion\u00e1rios em quest\u00e3o, produz impactos positivos sobre o equil\u00edbrio da vida privada\/vida profissional (64%), sobre sua sa\u00fade (60%), sobre sua produtividade (58%), sobre sua motiva\u00e7\u00e3o no trabalho (56%) \u2013 e sua empresa ecol\u00f3gica (66%).<\/span><\/p>\n<p><b>A op\u00e7\u00e3o preferida de Employ\u00e9.es: altera\u00e7\u00f5es de comportamento<\/b><\/p>\n<p><span style=\"font-weight: 400;\">A pesquisa revelou que a maioria das pessoas interrogadas estima que as empresas desempenham um papel importante na luta contra a mudan\u00e7a clim\u00e1tica, fixando os objetivos e adotando pol\u00edticas que visam reduzir os n\u00edveis de utiliza\u00e7\u00e3o do avi\u00e3o para deslocamentos profissionais.<\/span><\/p>\n<p><span style=\"font-weight: 400;\">Diante de uma s\u00e9rie de op\u00e7\u00f5es destinadas a reduzir o impacto ambiental das viagens de avi\u00e3o, os adultos empregados nas grandes empresas escolhem preferir c\u00e9lulas relacionadas \u00e0s mudan\u00e7as de comportamento, muitas vezes centradas na tecnologia (utiliza\u00e7\u00e3o de combust\u00edveis \u00abdur\u00e1veis\u00bb para descarbonizar os volumes) ou para compensa\u00e7\u00e3o de carbono (<\/span><b>Figura 2<\/b><span style=\"font-weight: 400;\">).<\/span><\/p>\n<p><span style=\"font-weight: 400;\">Finalmente, apenas um quarto entre eu estimava que os funcion\u00e1rios desempenhassem um papel extremo ou muito importante quando tentavam modificar a pol\u00edtica de viagem de uma empresa. La balle est donc clairement no camp des Employeurs\u2026<\/span><\/p>\n<p>figura 1<\/p>\n<p><img loading=\"lazy\" decoding=\"async\" class=\"alignnone size-large wp-image-9005\" src=\"http:\/\/travelsmartcampaign.org\/wp-content\/uploads\/visual-1-FR-1024x576.png\" alt=\"\" width=\"800\" height=\"450\" srcset=\"https:\/\/travelsmartcampaign.org\/wp-content\/uploads\/visual-1-FR-1024x576.png 1024w, https:\/\/travelsmartcampaign.org\/wp-content\/uploads\/visual-1-FR-300x169.png 300w, https:\/\/travelsmartcampaign.org\/wp-content\/uploads\/visual-1-FR-768x432.png 768w, https:\/\/travelsmartcampaign.org\/wp-content\/uploads\/visual-1-FR-1536x864.png 1536w, https:\/\/travelsmartcampaign.org\/wp-content\/uploads\/visual-1-FR-18x10.png 18w, https:\/\/travelsmartcampaign.org\/wp-content\/uploads\/visual-1-FR.png 1920w\" sizes=\"auto, (max-width: 800px) 100vw, 800px\" \/><\/p>\n<p>&nbsp;<\/p>\n<p>Figura 2<\/p>\n<p><img loading=\"lazy\" decoding=\"async\" class=\"alignnone size-large wp-image-9006\" src=\"http:\/\/travelsmartcampaign.org\/wp-content\/uploads\/visual-3-FR-1024x576.png\" alt=\"\" width=\"800\" height=\"450\" srcset=\"https:\/\/travelsmartcampaign.org\/wp-content\/uploads\/visual-3-FR-1024x576.png 1024w, https:\/\/travelsmartcampaign.org\/wp-content\/uploads\/visual-3-FR-300x169.png 300w, https:\/\/travelsmartcampaign.org\/wp-content\/uploads\/visual-3-FR-768x432.png 768w, https:\/\/travelsmartcampaign.org\/wp-content\/uploads\/visual-3-FR-1536x864.png 1536w, https:\/\/travelsmartcampaign.org\/wp-content\/uploads\/visual-3-FR-18x10.png 18w, https:\/\/travelsmartcampaign.org\/wp-content\/uploads\/visual-3-FR.png 1920w\" sizes=\"auto, (max-width: 800px) 100vw, 800px\" \/><\/p>","protected":false},"excerpt":{"rendered":"<p>Un nouveau sondage montre que, en Belgique, parmi les personnes qui voyagent actuellement pour affaires, plus de trois sur cinq prennent moins l&#8217;avion qu&#8217;avant la pand\u00e9mie, avec de nombreux effets positifs sur le plan professionnel comme sur le plan priv\u00e9. Quel est l\u2019impact de la pand\u00e9mie sur les d\u00e9placements d\u2019affaires en avion? Les \u00e9volutions observ\u00e9es [&hellip;]<\/p>\n","protected":false},"featured_media":8995,"template":"","topic":[],"visibility":[55],"post-country":[30],"language":[38],"category-post-type":[232],"class_list":["post-9004","library","type-library","status-publish","has-post-thumbnail","hentry","visibility-open","post-country-belgium","language-french","category-post-type-survey"],"yoast_head":"<!-- This site is optimized with the Yoast SEO plugin v27.5 - https:\/\/yoast.com\/product\/yoast-seo-wordpress\/ -->\n<title>Voyages d\u2019affaires: voler moins, travailler mieux - Travel Smart Campaign<\/title>\n<meta name=\"robots\" content=\"index, follow, max-snippet:-1, max-image-preview:large, max-video-preview:-1\" \/>\n<link rel=\"canonical\" href=\"https:\/\/travelsmartcampaign.org\/pt\/biblioteca\/viagens-de-negocios-voler-moins-travailler-mieux\/\" \/>\n<meta property=\"og:locale\" content=\"pt_PT\" \/>\n<meta property=\"og:type\" content=\"article\" \/>\n<meta property=\"og:title\" content=\"Voyages d\u2019affaires: voler moins, travailler mieux - Travel Smart Campaign\" \/>\n<meta property=\"og:description\" content=\"Un nouveau sondage montre que, en Belgique, parmi les personnes qui voyagent actuellement pour affaires, plus de trois sur cinq prennent moins l&#8217;avion qu&#8217;avant la pand\u00e9mie, avec de nombreux effets positifs sur le plan professionnel comme sur le plan priv\u00e9. Quel est l\u2019impact de la pand\u00e9mie sur les d\u00e9placements d\u2019affaires en avion? Les \u00e9volutions observ\u00e9es [&hellip;]\" \/>\n<meta property=\"og:url\" content=\"https:\/\/travelsmartcampaign.org\/pt\/biblioteca\/viagens-de-negocios-voler-moins-travailler-mieux\/\" \/>\n<meta property=\"og:site_name\" content=\"Travel Smart Campaign\" \/>\n<meta property=\"article:modified_time\" content=\"2024-12-16T17:05:34+00:00\" \/>\n<meta property=\"og:image\" content=\"https:\/\/travelsmartcampaign.org\/wp-content\/uploads\/pexels-nappy-1058959-scaled.jpg\" \/>\n\t<meta property=\"og:image:width\" content=\"2560\" \/>\n\t<meta property=\"og:image:height\" content=\"1707\" \/>\n\t<meta property=\"og:image:type\" content=\"image\/jpeg\" \/>\n<meta name=\"twitter:card\" content=\"summary_large_image\" \/>\n<meta name=\"twitter:label1\" content=\"Tempo estimado de leitura\" \/>\n\t<meta name=\"twitter:data1\" content=\"3 minutos\" \/>\n<script type=\"application\/ld+json\" class=\"yoast-schema-graph\">{\"@context\":\"https:\\\/\\\/schema.org\",\"@graph\":[{\"@type\":\"WebPage\",\"@id\":\"https:\\\/\\\/travelsmartcampaign.org\\\/library\\\/voyages-daffaires-voler-moins-travailler-mieux\\\/\",\"url\":\"https:\\\/\\\/travelsmartcampaign.org\\\/library\\\/voyages-daffaires-voler-moins-travailler-mieux\\\/\",\"name\":\"Voyages d\u2019affaires: voler moins, travailler mieux - Travel Smart Campaign\",\"isPartOf\":{\"@id\":\"https:\\\/\\\/travelsmartcampaign.org\\\/#website\"},\"primaryImageOfPage\":{\"@id\":\"https:\\\/\\\/travelsmartcampaign.org\\\/library\\\/voyages-daffaires-voler-moins-travailler-mieux\\\/#primaryimage\"},\"image\":{\"@id\":\"https:\\\/\\\/travelsmartcampaign.org\\\/library\\\/voyages-daffaires-voler-moins-travailler-mieux\\\/#primaryimage\"},\"thumbnailUrl\":\"https:\\\/\\\/travelsmartcampaign.org\\\/wp-content\\\/uploads\\\/pexels-nappy-1058959-scaled.jpg\",\"datePublished\":\"2023-07-04T14:46:38+00:00\",\"dateModified\":\"2024-12-16T17:05:34+00:00\",\"breadcrumb\":{\"@id\":\"https:\\\/\\\/travelsmartcampaign.org\\\/library\\\/voyages-daffaires-voler-moins-travailler-mieux\\\/#breadcrumb\"},\"inLanguage\":\"pt-PT\",\"potentialAction\":[{\"@type\":\"ReadAction\",\"target\":[\"https:\\\/\\\/travelsmartcampaign.org\\\/library\\\/voyages-daffaires-voler-moins-travailler-mieux\\\/\"]}]},{\"@type\":\"ImageObject\",\"inLanguage\":\"pt-PT\",\"@id\":\"https:\\\/\\\/travelsmartcampaign.org\\\/library\\\/voyages-daffaires-voler-moins-travailler-mieux\\\/#primaryimage\",\"url\":\"https:\\\/\\\/travelsmartcampaign.org\\\/wp-content\\\/uploads\\\/pexels-nappy-1058959-scaled.jpg\",\"contentUrl\":\"https:\\\/\\\/travelsmartcampaign.org\\\/wp-content\\\/uploads\\\/pexels-nappy-1058959-scaled.jpg\",\"width\":2560,\"height\":1707},{\"@type\":\"BreadcrumbList\",\"@id\":\"https:\\\/\\\/travelsmartcampaign.org\\\/library\\\/voyages-daffaires-voler-moins-travailler-mieux\\\/#breadcrumb\",\"itemListElement\":[{\"@type\":\"ListItem\",\"position\":1,\"name\":\"Home\",\"item\":\"https:\\\/\\\/travelsmartcampaign.org\\\/\"},{\"@type\":\"ListItem\",\"position\":2,\"name\":\"Voyages d\u2019affaires: voler moins, travailler mieux\"}]},{\"@type\":\"WebSite\",\"@id\":\"https:\\\/\\\/travelsmartcampaign.org\\\/#website\",\"url\":\"https:\\\/\\\/travelsmartcampaign.org\\\/\",\"name\":\"Travel Smart\",\"description\":\"\",\"publisher\":{\"@id\":\"https:\\\/\\\/travelsmartcampaign.org\\\/#organization\"},\"potentialAction\":[{\"@type\":\"SearchAction\",\"target\":{\"@type\":\"EntryPoint\",\"urlTemplate\":\"https:\\\/\\\/travelsmartcampaign.org\\\/?s={search_term_string}\"},\"query-input\":{\"@type\":\"PropertyValueSpecification\",\"valueRequired\":true,\"valueName\":\"search_term_string\"}}],\"inLanguage\":\"pt-PT\"},{\"@type\":\"Organization\",\"@id\":\"https:\\\/\\\/travelsmartcampaign.org\\\/#organization\",\"name\":\"Travel Smart\",\"url\":\"https:\\\/\\\/travelsmartcampaign.org\\\/\",\"logo\":{\"@type\":\"ImageObject\",\"inLanguage\":\"pt-PT\",\"@id\":\"https:\\\/\\\/travelsmartcampaign.org\\\/#\\\/schema\\\/logo\\\/image\\\/\",\"url\":\"https:\\\/\\\/travelsmartcampaign.org\\\/wp-content\\\/uploads\\\/travel-smart-min.jpeg\",\"contentUrl\":\"https:\\\/\\\/travelsmartcampaign.org\\\/wp-content\\\/uploads\\\/travel-smart-min.jpeg\",\"width\":1200,\"height\":690,\"caption\":\"Travel Smart\"},\"image\":{\"@id\":\"https:\\\/\\\/travelsmartcampaign.org\\\/#\\\/schema\\\/logo\\\/image\\\/\"}}]}<\/script>\n<!-- \/ Yoast SEO plugin. -->","yoast_head_json":{"title":"Viagens de neg\u00f3cios: voar menos, trabalhar melhor - Campanha Travel Smart","robots":{"index":"index","follow":"follow","max-snippet":"max-snippet:-1","max-image-preview":"max-image-preview:large","max-video-preview":"max-video-preview:-1"},"canonical":"https:\/\/travelsmartcampaign.org\/pt\/biblioteca\/viagens-de-negocios-voler-moins-travailler-mieux\/","og_locale":"pt_PT","og_type":"article","og_title":"Voyages d\u2019affaires: voler moins, travailler mieux - Travel Smart Campaign","og_description":"Un nouveau sondage montre que, en Belgique, parmi les personnes qui voyagent actuellement pour affaires, plus de trois sur cinq prennent moins l&#8217;avion qu&#8217;avant la pand\u00e9mie, avec de nombreux effets positifs sur le plan professionnel comme sur le plan priv\u00e9. Quel est l\u2019impact de la pand\u00e9mie sur les d\u00e9placements d\u2019affaires en avion? Les \u00e9volutions observ\u00e9es [&hellip;]","og_url":"https:\/\/travelsmartcampaign.org\/pt\/biblioteca\/viagens-de-negocios-voler-moins-travailler-mieux\/","og_site_name":"Travel Smart Campaign","article_modified_time":"2024-12-16T17:05:34+00:00","og_image":[{"width":2560,"height":1707,"url":"https:\/\/travelsmartcampaign.org\/wp-content\/uploads\/pexels-nappy-1058959-scaled.jpg","type":"image\/jpeg"}],"twitter_card":"summary_large_image","twitter_misc":{"Tempo estimado de leitura":"3 minutos"},"schema":{"@context":"https:\/\/schema.org","@graph":[{"@type":"WebPage","@id":"https:\/\/travelsmartcampaign.org\/library\/voyages-daffaires-voler-moins-travailler-mieux\/","url":"https:\/\/travelsmartcampaign.org\/library\/voyages-daffaires-voler-moins-travailler-mieux\/","name":"Viagens de neg\u00f3cios: voar menos, trabalhar melhor - Campanha Travel Smart","isPartOf":{"@id":"https:\/\/travelsmartcampaign.org\/#website"},"primaryImageOfPage":{"@id":"https:\/\/travelsmartcampaign.org\/library\/voyages-daffaires-voler-moins-travailler-mieux\/#primaryimage"},"image":{"@id":"https:\/\/travelsmartcampaign.org\/library\/voyages-daffaires-voler-moins-travailler-mieux\/#primaryimage"},"thumbnailUrl":"https:\/\/travelsmartcampaign.org\/wp-content\/uploads\/pexels-nappy-1058959-scaled.jpg","datePublished":"2023-07-04T14:46:38+00:00","dateModified":"2024-12-16T17:05:34+00:00","breadcrumb":{"@id":"https:\/\/travelsmartcampaign.org\/library\/voyages-daffaires-voler-moins-travailler-mieux\/#breadcrumb"},"inLanguage":"pt-PT","potentialAction":[{"@type":"ReadAction","target":["https:\/\/travelsmartcampaign.org\/library\/voyages-daffaires-voler-moins-travailler-mieux\/"]}]},{"@type":"ImageObject","inLanguage":"pt-PT","@id":"https:\/\/travelsmartcampaign.org\/library\/voyages-daffaires-voler-moins-travailler-mieux\/#primaryimage","url":"https:\/\/travelsmartcampaign.org\/wp-content\/uploads\/pexels-nappy-1058959-scaled.jpg","contentUrl":"https:\/\/travelsmartcampaign.org\/wp-content\/uploads\/pexels-nappy-1058959-scaled.jpg","width":2560,"height":1707},{"@type":"BreadcrumbList","@id":"https:\/\/travelsmartcampaign.org\/library\/voyages-daffaires-voler-moins-travailler-mieux\/#breadcrumb","itemListElement":[{"@type":"ListItem","position":1,"name":"Home","item":"https:\/\/travelsmartcampaign.org\/"},{"@type":"ListItem","position":2,"name":"Voyages d\u2019affaires: voler moins, travailler mieux"}]},{"@type":"WebSite","@id":"https:\/\/travelsmartcampaign.org\/#website","url":"https:\/\/travelsmartcampaign.org\/","name":"Viagem Inteligente","description":"","publisher":{"@id":"https:\/\/travelsmartcampaign.org\/#organization"},"potentialAction":[{"@type":"SearchAction","target":{"@type":"EntryPoint","urlTemplate":"https:\/\/travelsmartcampaign.org\/?s={search_term_string}"},"query-input":{"@type":"PropertyValueSpecification","valueRequired":true,"valueName":"search_term_string"}}],"inLanguage":"pt-PT"},{"@type":"Organization","@id":"https:\/\/travelsmartcampaign.org\/#organization","name":"Viagem Inteligente","url":"https:\/\/travelsmartcampaign.org\/","logo":{"@type":"ImageObject","inLanguage":"pt-PT","@id":"https:\/\/travelsmartcampaign.org\/#\/schema\/logo\/image\/","url":"https:\/\/travelsmartcampaign.org\/wp-content\/uploads\/travel-smart-min.jpeg","contentUrl":"https:\/\/travelsmartcampaign.org\/wp-content\/uploads\/travel-smart-min.jpeg","width":1200,"height":690,"caption":"Travel Smart"},"image":{"@id":"https:\/\/travelsmartcampaign.org\/#\/schema\/logo\/image\/"}}]}},"_links":{"self":[{"href":"https:\/\/travelsmartcampaign.org\/pt\/wp-json\/wp\/v2\/library\/9004","targetHints":{"allow":["GET"]}}],"collection":[{"href":"https:\/\/travelsmartcampaign.org\/pt\/wp-json\/wp\/v2\/library"}],"about":[{"href":"https:\/\/travelsmartcampaign.org\/pt\/wp-json\/wp\/v2\/types\/library"}],"version-history":[{"count":0,"href":"https:\/\/travelsmartcampaign.org\/pt\/wp-json\/wp\/v2\/library\/9004\/revisions"}],"wp:featuredmedia":[{"embeddable":true,"href":"https:\/\/travelsmartcampaign.org\/pt\/wp-json\/wp\/v2\/media\/8995"}],"wp:attachment":[{"href":"https:\/\/travelsmartcampaign.org\/pt\/wp-json\/wp\/v2\/media?parent=9004"}],"wp:term":[{"taxonomy":"topic","embeddable":true,"href":"https:\/\/travelsmartcampaign.org\/pt\/wp-json\/wp\/v2\/topic?post=9004"},{"taxonomy":"visibility","embeddable":true,"href":"https:\/\/travelsmartcampaign.org\/pt\/wp-json\/wp\/v2\/visibility?post=9004"},{"taxonomy":"post-country","embeddable":true,"href":"https:\/\/travelsmartcampaign.org\/pt\/wp-json\/wp\/v2\/post-country?post=9004"},{"taxonomy":"language","embeddable":true,"href":"https:\/\/travelsmartcampaign.org\/pt\/wp-json\/wp\/v2\/language?post=9004"},{"taxonomy":"category-post-type","embeddable":true,"href":"https:\/\/travelsmartcampaign.org\/pt\/wp-json\/wp\/v2\/category-post-type?post=9004"}],"curies":[{"name":"wp","href":"https:\/\/api.w.org\/{rel}","templated":true}]}}