{"id":9008,"date":"2023-07-04T16:06:32","date_gmt":"2023-07-04T15:06:32","guid":{"rendered":"http:\/\/travelsmartcampaign.org\/?post_type=library&#038;p=9008"},"modified":"2024-12-16T18:02:57","modified_gmt":"2024-12-16T17:02:57","slug":"nas-empresas-suicas-em-veut-moins-prendre-lavion","status":"publish","type":"library","link":"https:\/\/travelsmartcampaign.org\/pt\/library\/dans-les-entreprises-suisses-on-veut-moins-prendre-lavion\/","title":{"rendered":"Dans les entreprises suisses, on veut moins prendre l&#039;avion"},"content":{"rendered":"<div class=\"beside-right hf-grid hf-margin-bottom-xl\">\n<div class=\"col-8_xs-12\">\n<p class=\"teaser-text\">De acordo com uma nova pesquisa, tr\u00eas quartos de funcion\u00e1rios de grandes empresas su\u00ed\u00e7as t\u00eam muitos volumes de neg\u00f3cios para proteger o clima. Este resultado \u00e9 confort\u00e1vel para a Associa\u00e7\u00e3o ATE de transporte e meio ambiente em seu engajamento. A redu\u00e7\u00e3o dos volumes de neg\u00f3cios \u00e9 uma maneira simples de reduzir rapidamente as emiss\u00f5es de g\u00e1s com efeito de serre, contribuindo tamb\u00e9m para atingir o objetivo de zero emiss\u00f5es l\u00edquidas. Esta sondagem foi realizada no quadro da campanha \u00abTravel Smart\u00bb da organiza\u00e7\u00e3o Transport &amp; Environment, n\u00e3o o ATE \u00e9 membro.<\/p>\n<\/div>\n<\/div>\n<div class=\"beside-left hf-grid\">\n<div class=\"col-12\">\n<div class=\"ce-bodytext\">\n<p>A sondagem revelou que perto de dois n\u00edveis de pessoal de grandes empresas su\u00ed\u00e7as efetuava volumes de neg\u00f3cios. Mais la tendance est \u00e0 la baisse : parmi celles et ceux qui voyagent pour les affaires, 59% disent menos prendre l&#039;avion depuis la pand\u00e9mie du COVID.<\/p>\n<p>Outra constata\u00e7\u00e3o: tr\u00eas quartos de pessoas sondadas estimam que reduzir o n\u00famero de volumes de neg\u00f3cios \u00e9 um fator importante para melhorar o carbono das empresas. A maioria quer que as empresas fixem objetivos na mat\u00e9ria.<\/p>\n<p>Para Yves Chatton, encarregado de projetos de Pol\u00edtica de Transportes na ATE, \u201cesta sondagem mostrou claramente que uma redu\u00e7\u00e3o dos volumes de neg\u00f3cios \u00e9 desejada pelo pessoal. As empresas devem responder a esta aten\u00e7\u00e3o e fixar os objetivos. A pandemia aumentou em que as empresas podem ser ainda mais eficazes em menos de um avi\u00e3o. \u00c9 ben\u00e9fico tanto para a prote\u00e7\u00e3o do clima quanto para a qualidade de vida de seu pessoal.\u00bb Despeje-os\u00a0<a class=\"external-link\" href=\"https:\/\/www.europeentrain.ch\/\" target=\"_blank\" rel=\"noopener noreferrer\">destinos europeus<\/a>\u00a0em particular, o trem se imp\u00f5e como uma alternativa que respeita o clima. Uma transfer\u00eancia de telefone contribuiu para atingir o objetivo de emiss\u00e3o zero inscrito na lei clim\u00e1tica que foi aprovada pela popula\u00e7\u00e3o.<\/p>\n<p>60%, o pessoal interrogado pensa que tem uma grande influ\u00eancia na pol\u00edtica de viagem de sua empresa. Estes resultados correspondem a outros pa\u00edses europeus interrogados no ano passado no quadro da campanha internacional \u00abTravel Smart\u00bb. Celle-ci exige que as empresas se envolvam na publica\u00e7\u00e3o de seus volumes de neg\u00f3cios de pelo menos 50 % para relat\u00f3rio em 2019 de 2025 ou mais tarde.<\/p>\n<p>Esta sondagem realizada pela sociedade Ipsos interrogou 500 pessoas que trabalham em empresas su\u00ed\u00e7as que t\u00eam menos de 50 sal\u00e1rios. Os resultados completos da sondagem podem ser consultados\u00a0<a class=\"download-link\" href=\"https:\/\/www.ate.ch\/fileadmin\/user_upload\/65_medien\/Travel_Smart_Topline_-_Switzerland_with_summary.pdf\" target=\"_blank\" rel=\"noopener\">aqui<\/a>.<\/p>\n<\/div>\n<div class=\"hf-margin-top-l news-contact\">\n<p>\u2013 Yves Chatton, encarregado de projetos de pol\u00edtica de transportes, 031 328 58 64<\/p>\n<p>\u2013 Servi\u00e7o m\u00e9dias ATE, 079 708 05 36, medias@ate.ch<\/p>\n<\/div>\n<\/div>\n<\/div>","protected":false},"excerpt":{"rendered":"<p>Selon un nouveau sondage, trois quarts du personnel des grandes entreprises suisses veulent moins de vols d\u2019affaires pour prot\u00e9ger le climat. Ce r\u00e9sultat conforte l\u2019ATE Association transports et environnement dans son engagement. La r\u00e9duction des vols d\u2019affaires est un moyen simple de couper rapidement les \u00e9missions de gaz \u00e0 effet de serre, contribuant ainsi \u00e0 [&hellip;]<\/p>\n","protected":false},"featured_media":8851,"template":"","topic":[],"visibility":[55],"post-country":[36],"language":[38],"category-post-type":[232],"class_list":["post-9008","library","type-library","status-publish","has-post-thumbnail","hentry","visibility-open","post-country-switzerland","language-french","category-post-type-survey"],"yoast_head":"<!-- This site is optimized with the Yoast SEO plugin v27.5 - https:\/\/yoast.com\/product\/yoast-seo-wordpress\/ -->\n<title>Dans les entreprises suisses, on veut moins prendre l&#039;avion - Travel Smart Campaign<\/title>\n<meta name=\"robots\" content=\"index, follow, max-snippet:-1, max-image-preview:large, max-video-preview:-1\" \/>\n<link rel=\"canonical\" href=\"https:\/\/travelsmartcampaign.org\/pt\/biblioteca\/nas-empresas-suicas-em-veut-moins-prendre-lavion\/\" \/>\n<meta property=\"og:locale\" content=\"pt_PT\" \/>\n<meta property=\"og:type\" content=\"article\" \/>\n<meta property=\"og:title\" content=\"Dans les entreprises suisses, on veut moins prendre l&#039;avion - Travel Smart Campaign\" \/>\n<meta property=\"og:description\" content=\"Selon un nouveau sondage, trois quarts du personnel des grandes entreprises suisses veulent moins de vols d\u2019affaires pour prot\u00e9ger le climat. Ce r\u00e9sultat conforte l\u2019ATE Association transports et environnement dans son engagement. La r\u00e9duction des vols d\u2019affaires est un moyen simple de couper rapidement les \u00e9missions de gaz \u00e0 effet de serre, contribuant ainsi \u00e0 [&hellip;]\" \/>\n<meta property=\"og:url\" content=\"https:\/\/travelsmartcampaign.org\/pt\/biblioteca\/nas-empresas-suicas-em-veut-moins-prendre-lavion\/\" \/>\n<meta property=\"og:site_name\" content=\"Travel Smart Campaign\" \/>\n<meta property=\"article:modified_time\" content=\"2024-12-16T17:02:57+00:00\" \/>\n<meta property=\"og:image\" content=\"https:\/\/travelsmartcampaign.org\/wp-content\/uploads\/pexels-thirdman-5256692-scaled.jpg\" \/>\n\t<meta property=\"og:image:width\" content=\"1707\" \/>\n\t<meta property=\"og:image:height\" content=\"2560\" \/>\n\t<meta property=\"og:image:type\" content=\"image\/jpeg\" \/>\n<meta name=\"twitter:card\" content=\"summary_large_image\" \/>\n<meta name=\"twitter:label1\" content=\"Tempo estimado de leitura\" \/>\n\t<meta name=\"twitter:data1\" content=\"2 minutos\" \/>\n<script type=\"application\/ld+json\" class=\"yoast-schema-graph\">{\"@context\":\"https:\\\/\\\/schema.org\",\"@graph\":[{\"@type\":\"WebPage\",\"@id\":\"https:\\\/\\\/travelsmartcampaign.org\\\/library\\\/dans-les-entreprises-suisses-on-veut-moins-prendre-lavion\\\/\",\"url\":\"https:\\\/\\\/travelsmartcampaign.org\\\/library\\\/dans-les-entreprises-suisses-on-veut-moins-prendre-lavion\\\/\",\"name\":\"Dans les entreprises suisses, on veut moins prendre l'avion - Travel Smart Campaign\",\"isPartOf\":{\"@id\":\"https:\\\/\\\/travelsmartcampaign.org\\\/#website\"},\"primaryImageOfPage\":{\"@id\":\"https:\\\/\\\/travelsmartcampaign.org\\\/library\\\/dans-les-entreprises-suisses-on-veut-moins-prendre-lavion\\\/#primaryimage\"},\"image\":{\"@id\":\"https:\\\/\\\/travelsmartcampaign.org\\\/library\\\/dans-les-entreprises-suisses-on-veut-moins-prendre-lavion\\\/#primaryimage\"},\"thumbnailUrl\":\"https:\\\/\\\/travelsmartcampaign.org\\\/wp-content\\\/uploads\\\/pexels-thirdman-5256692-scaled.jpg\",\"datePublished\":\"2023-07-04T15:06:32+00:00\",\"dateModified\":\"2024-12-16T17:02:57+00:00\",\"breadcrumb\":{\"@id\":\"https:\\\/\\\/travelsmartcampaign.org\\\/library\\\/dans-les-entreprises-suisses-on-veut-moins-prendre-lavion\\\/#breadcrumb\"},\"inLanguage\":\"pt-PT\",\"potentialAction\":[{\"@type\":\"ReadAction\",\"target\":[\"https:\\\/\\\/travelsmartcampaign.org\\\/library\\\/dans-les-entreprises-suisses-on-veut-moins-prendre-lavion\\\/\"]}]},{\"@type\":\"ImageObject\",\"inLanguage\":\"pt-PT\",\"@id\":\"https:\\\/\\\/travelsmartcampaign.org\\\/library\\\/dans-les-entreprises-suisses-on-veut-moins-prendre-lavion\\\/#primaryimage\",\"url\":\"https:\\\/\\\/travelsmartcampaign.org\\\/wp-content\\\/uploads\\\/pexels-thirdman-5256692-scaled.jpg\",\"contentUrl\":\"https:\\\/\\\/travelsmartcampaign.org\\\/wp-content\\\/uploads\\\/pexels-thirdman-5256692-scaled.jpg\",\"width\":1707,\"height\":2560},{\"@type\":\"BreadcrumbList\",\"@id\":\"https:\\\/\\\/travelsmartcampaign.org\\\/library\\\/dans-les-entreprises-suisses-on-veut-moins-prendre-lavion\\\/#breadcrumb\",\"itemListElement\":[{\"@type\":\"ListItem\",\"position\":1,\"name\":\"Home\",\"item\":\"https:\\\/\\\/travelsmartcampaign.org\\\/\"},{\"@type\":\"ListItem\",\"position\":2,\"name\":\"Dans les entreprises suisses, on veut moins prendre l&#8217;avion\"}]},{\"@type\":\"WebSite\",\"@id\":\"https:\\\/\\\/travelsmartcampaign.org\\\/#website\",\"url\":\"https:\\\/\\\/travelsmartcampaign.org\\\/\",\"name\":\"Travel Smart\",\"description\":\"\",\"publisher\":{\"@id\":\"https:\\\/\\\/travelsmartcampaign.org\\\/#organization\"},\"potentialAction\":[{\"@type\":\"SearchAction\",\"target\":{\"@type\":\"EntryPoint\",\"urlTemplate\":\"https:\\\/\\\/travelsmartcampaign.org\\\/?s={search_term_string}\"},\"query-input\":{\"@type\":\"PropertyValueSpecification\",\"valueRequired\":true,\"valueName\":\"search_term_string\"}}],\"inLanguage\":\"pt-PT\"},{\"@type\":\"Organization\",\"@id\":\"https:\\\/\\\/travelsmartcampaign.org\\\/#organization\",\"name\":\"Travel Smart\",\"url\":\"https:\\\/\\\/travelsmartcampaign.org\\\/\",\"logo\":{\"@type\":\"ImageObject\",\"inLanguage\":\"pt-PT\",\"@id\":\"https:\\\/\\\/travelsmartcampaign.org\\\/#\\\/schema\\\/logo\\\/image\\\/\",\"url\":\"https:\\\/\\\/travelsmartcampaign.org\\\/wp-content\\\/uploads\\\/travel-smart-min.jpeg\",\"contentUrl\":\"https:\\\/\\\/travelsmartcampaign.org\\\/wp-content\\\/uploads\\\/travel-smart-min.jpeg\",\"width\":1200,\"height\":690,\"caption\":\"Travel Smart\"},\"image\":{\"@id\":\"https:\\\/\\\/travelsmartcampaign.org\\\/#\\\/schema\\\/logo\\\/image\\\/\"}}]}<\/script>\n<!-- \/ Yoast SEO plugin. -->","yoast_head_json":{"title":"Nas empresas su\u00ed\u00e7as, quer-se voar menos - Campanha Travel Smart","robots":{"index":"index","follow":"follow","max-snippet":"max-snippet:-1","max-image-preview":"max-image-preview:large","max-video-preview":"max-video-preview:-1"},"canonical":"https:\/\/travelsmartcampaign.org\/pt\/biblioteca\/nas-empresas-suicas-em-veut-moins-prendre-lavion\/","og_locale":"pt_PT","og_type":"article","og_title":"Dans les entreprises suisses, on veut moins prendre l'avion - Travel Smart Campaign","og_description":"Selon un nouveau sondage, trois quarts du personnel des grandes entreprises suisses veulent moins de vols d\u2019affaires pour prot\u00e9ger le climat. Ce r\u00e9sultat conforte l\u2019ATE Association transports et environnement dans son engagement. La r\u00e9duction des vols d\u2019affaires est un moyen simple de couper rapidement les \u00e9missions de gaz \u00e0 effet de serre, contribuant ainsi \u00e0 [&hellip;]","og_url":"https:\/\/travelsmartcampaign.org\/pt\/biblioteca\/nas-empresas-suicas-em-veut-moins-prendre-lavion\/","og_site_name":"Travel Smart Campaign","article_modified_time":"2024-12-16T17:02:57+00:00","og_image":[{"width":1707,"height":2560,"url":"https:\/\/travelsmartcampaign.org\/wp-content\/uploads\/pexels-thirdman-5256692-scaled.jpg","type":"image\/jpeg"}],"twitter_card":"summary_large_image","twitter_misc":{"Tempo estimado de leitura":"2 minutos"},"schema":{"@context":"https:\/\/schema.org","@graph":[{"@type":"WebPage","@id":"https:\/\/travelsmartcampaign.org\/library\/dans-les-entreprises-suisses-on-veut-moins-prendre-lavion\/","url":"https:\/\/travelsmartcampaign.org\/library\/dans-les-entreprises-suisses-on-veut-moins-prendre-lavion\/","name":"Nas empresas su\u00ed\u00e7as, quer-se voar menos - Campanha Travel Smart","isPartOf":{"@id":"https:\/\/travelsmartcampaign.org\/#website"},"primaryImageOfPage":{"@id":"https:\/\/travelsmartcampaign.org\/library\/dans-les-entreprises-suisses-on-veut-moins-prendre-lavion\/#primaryimage"},"image":{"@id":"https:\/\/travelsmartcampaign.org\/library\/dans-les-entreprises-suisses-on-veut-moins-prendre-lavion\/#primaryimage"},"thumbnailUrl":"https:\/\/travelsmartcampaign.org\/wp-content\/uploads\/pexels-thirdman-5256692-scaled.jpg","datePublished":"2023-07-04T15:06:32+00:00","dateModified":"2024-12-16T17:02:57+00:00","breadcrumb":{"@id":"https:\/\/travelsmartcampaign.org\/library\/dans-les-entreprises-suisses-on-veut-moins-prendre-lavion\/#breadcrumb"},"inLanguage":"pt-PT","potentialAction":[{"@type":"ReadAction","target":["https:\/\/travelsmartcampaign.org\/library\/dans-les-entreprises-suisses-on-veut-moins-prendre-lavion\/"]}]},{"@type":"ImageObject","inLanguage":"pt-PT","@id":"https:\/\/travelsmartcampaign.org\/library\/dans-les-entreprises-suisses-on-veut-moins-prendre-lavion\/#primaryimage","url":"https:\/\/travelsmartcampaign.org\/wp-content\/uploads\/pexels-thirdman-5256692-scaled.jpg","contentUrl":"https:\/\/travelsmartcampaign.org\/wp-content\/uploads\/pexels-thirdman-5256692-scaled.jpg","width":1707,"height":2560},{"@type":"BreadcrumbList","@id":"https:\/\/travelsmartcampaign.org\/library\/dans-les-entreprises-suisses-on-veut-moins-prendre-lavion\/#breadcrumb","itemListElement":[{"@type":"ListItem","position":1,"name":"Home","item":"https:\/\/travelsmartcampaign.org\/"},{"@type":"ListItem","position":2,"name":"Dans les entreprises suisses, on veut moins prendre l&#8217;avion"}]},{"@type":"WebSite","@id":"https:\/\/travelsmartcampaign.org\/#website","url":"https:\/\/travelsmartcampaign.org\/","name":"Viagem Inteligente","description":"","publisher":{"@id":"https:\/\/travelsmartcampaign.org\/#organization"},"potentialAction":[{"@type":"SearchAction","target":{"@type":"EntryPoint","urlTemplate":"https:\/\/travelsmartcampaign.org\/?s={search_term_string}"},"query-input":{"@type":"PropertyValueSpecification","valueRequired":true,"valueName":"search_term_string"}}],"inLanguage":"pt-PT"},{"@type":"Organization","@id":"https:\/\/travelsmartcampaign.org\/#organization","name":"Viagem Inteligente","url":"https:\/\/travelsmartcampaign.org\/","logo":{"@type":"ImageObject","inLanguage":"pt-PT","@id":"https:\/\/travelsmartcampaign.org\/#\/schema\/logo\/image\/","url":"https:\/\/travelsmartcampaign.org\/wp-content\/uploads\/travel-smart-min.jpeg","contentUrl":"https:\/\/travelsmartcampaign.org\/wp-content\/uploads\/travel-smart-min.jpeg","width":1200,"height":690,"caption":"Travel Smart"},"image":{"@id":"https:\/\/travelsmartcampaign.org\/#\/schema\/logo\/image\/"}}]}},"_links":{"self":[{"href":"https:\/\/travelsmartcampaign.org\/pt\/wp-json\/wp\/v2\/library\/9008","targetHints":{"allow":["GET"]}}],"collection":[{"href":"https:\/\/travelsmartcampaign.org\/pt\/wp-json\/wp\/v2\/library"}],"about":[{"href":"https:\/\/travelsmartcampaign.org\/pt\/wp-json\/wp\/v2\/types\/library"}],"version-history":[{"count":0,"href":"https:\/\/travelsmartcampaign.org\/pt\/wp-json\/wp\/v2\/library\/9008\/revisions"}],"wp:featuredmedia":[{"embeddable":true,"href":"https:\/\/travelsmartcampaign.org\/pt\/wp-json\/wp\/v2\/media\/8851"}],"wp:attachment":[{"href":"https:\/\/travelsmartcampaign.org\/pt\/wp-json\/wp\/v2\/media?parent=9008"}],"wp:term":[{"taxonomy":"topic","embeddable":true,"href":"https:\/\/travelsmartcampaign.org\/pt\/wp-json\/wp\/v2\/topic?post=9008"},{"taxonomy":"visibility","embeddable":true,"href":"https:\/\/travelsmartcampaign.org\/pt\/wp-json\/wp\/v2\/visibility?post=9008"},{"taxonomy":"post-country","embeddable":true,"href":"https:\/\/travelsmartcampaign.org\/pt\/wp-json\/wp\/v2\/post-country?post=9008"},{"taxonomy":"language","embeddable":true,"href":"https:\/\/travelsmartcampaign.org\/pt\/wp-json\/wp\/v2\/language?post=9008"},{"taxonomy":"category-post-type","embeddable":true,"href":"https:\/\/travelsmartcampaign.org\/pt\/wp-json\/wp\/v2\/category-post-type?post=9008"}],"curies":[{"name":"wp","href":"https:\/\/api.w.org\/{rel}","templated":true}]}}